{"id":12986,"date":"2024-11-14T14:56:35","date_gmt":"2024-11-14T13:56:35","guid":{"rendered":"https:\/\/auren.com\/ar\/new\/16a-conferencia-internacional-de-auren\/"},"modified":"2024-11-14T14:56:35","modified_gmt":"2024-11-14T13:56:35","slug":"16a-conferencia-internacional-de-auren","status":"publish","type":"new","link":"https:\/\/auren.com\/ar\/noticias\/16a-conferencia-internacional-de-auren\/","title":{"rendered":"16\u00aa Conferencia Internacional de Auren"},"content":{"rendered":"<p>El pasado 5 y 6 de Noviembre compartimos la 18\u00b0 Convenci\u00f3n Internacional de Auren en Londres con la presencia de los socios internacionales de las diferentes oficinas en el mundo, intercambiando las \u00faltimas experiencias, oportunidades de networking y tendencias del mercado.<\/p>\n<p>La agenda del evento incluy\u00f3 las \u00faltimas actualizaciones globales, un repaso a la evoluci\u00f3n de cada pa\u00eds as\u00ed como la sostenibilidad como parte de la estrategia de futuro. El programa tambi\u00e9n incluy\u00f3 el an{alisis de las novedades en tecnolog\u00eda e indicadores econ\u00f3micos que reflejan el dinamismo, crecimiento y potencial de nuestra firma.<\/p>\n<p>A trav\u00e9s de exposiciones, sesiones y talleres conectamos con colegas y l\u00edderes de la industria de todo el mundo, ampliando nuevos horizontes y reforzando nuestro enfoque global. <\/p>\n<p><a href=\"https:\/\/www.linkedin.com\/feed\/hashtag\/?keywords=convenci%C3%B3ninternacionalauren&amp;highlightedUpdateUrns=urn%3Ali%3Aactivity%3A7261750752568610816\">#Convenci\u00f3nInternacionalAuren<\/a> <\/p>\n<figure class=\"wp-block-image size-large\"><img decoding=\"async\" width=\"1024\" height=\"942\" data-src=\"https:\/\/auren.com\/ar\/wp-content\/uploads\/migration\/2024\/11\/Convencion-Internacional-Auren-3-2-1024x942.jpeg\" alt=\"\" class=\"wp-image-21499 lazyload\" data-srcset=\"https:\/\/auren.com\/ar\/wp-content\/uploads\/migration\/2024\/11\/Convencion-Internacional-Auren-3-2-1024x942.jpeg 1024w, https:\/\/auren.com\/ar\/wp-content\/uploads\/migration\/2024\/11\/Convencion-Internacional-Auren-3-2-300x276.jpeg 300w, https:\/\/auren.com\/ar\/wp-content\/uploads\/migration\/2024\/11\/Convencion-Internacional-Auren-3-2-768x707.jpeg 768w, https:\/\/auren.com\/ar\/wp-content\/uploads\/migration\/2024\/11\/Convencion-Internacional-Auren-3-2.jpeg 1199w\" data-sizes=\"auto, (max-width: 1024px) 100vw, 1024px\" src=\"data:image\/svg+xml;base64,PHN2ZyB3aWR0aD0iMSIgaGVpZ2h0PSIxIiB4bWxucz0iaHR0cDovL3d3dy53My5vcmcvMjAwMC9zdmciPjwvc3ZnPg==\" style=\"--smush-placeholder-width: 1024px; --smush-placeholder-aspect-ratio: 1024\/942;\" \/><\/figure>\n<figure class=\"wp-block-image size-large\"><img decoding=\"async\" width=\"1024\" height=\"768\" data-src=\"https:\/\/auren.com\/ar\/wp-content\/uploads\/migration\/2024\/11\/WhatsApp-Image-2024-11-08-at-15.33.53-1024x768.jpeg\" alt=\"\" class=\"wp-image-21493 lazyload\" data-srcset=\"https:\/\/auren.com\/ar\/wp-content\/uploads\/migration\/2024\/11\/WhatsApp-Image-2024-11-08-at-15.33.53-1024x768.jpeg 1024w, https:\/\/auren.com\/ar\/wp-content\/uploads\/migration\/2024\/11\/WhatsApp-Image-2024-11-08-at-15.33.53-300x225.jpeg 300w, https:\/\/auren.com\/ar\/wp-content\/uploads\/migration\/2024\/11\/WhatsApp-Image-2024-11-08-at-15.33.53-768x576.jpeg 768w, https:\/\/auren.com\/ar\/wp-content\/uploads\/migration\/2024\/11\/WhatsApp-Image-2024-11-08-at-15.33.53-1536x1152.jpeg 1536w, https:\/\/auren.com\/ar\/wp-content\/uploads\/migration\/2024\/11\/WhatsApp-Image-2024-11-08-at-15.33.53.jpeg 1600w\" data-sizes=\"auto, (max-width: 1024px) 100vw, 1024px\" src=\"data:image\/svg+xml;base64,PHN2ZyB3aWR0aD0iMSIgaGVpZ2h0PSIxIiB4bWxucz0iaHR0cDovL3d3dy53My5vcmcvMjAwMC9zdmciPjwvc3ZnPg==\" style=\"--smush-placeholder-width: 1024px; --smush-placeholder-aspect-ratio: 1024\/768;\" \/><\/figure>\n<figure class=\"wp-block-image size-large\"><img decoding=\"async\" width=\"1024\" height=\"768\" data-src=\"https:\/\/auren.com\/ar\/wp-content\/uploads\/migration\/2024\/11\/Convencion-Internacional-Auren-4-1024x768.jpeg\" alt=\"\" class=\"wp-image-21497 lazyload\" data-srcset=\"https:\/\/auren.com\/ar\/wp-content\/uploads\/migration\/2024\/11\/Convencion-Internacional-Auren-4-1024x768.jpeg 1024w, https:\/\/auren.com\/ar\/wp-content\/uploads\/migration\/2024\/11\/Convencion-Internacional-Auren-4-300x225.jpeg 300w, https:\/\/auren.com\/ar\/wp-content\/uploads\/migration\/2024\/11\/Convencion-Internacional-Auren-4-768x576.jpeg 768w, https:\/\/auren.com\/ar\/wp-content\/uploads\/migration\/2024\/11\/Convencion-Internacional-Auren-4-1536x1152.jpeg 1536w, https:\/\/auren.com\/ar\/wp-content\/uploads\/migration\/2024\/11\/Convencion-Internacional-Auren-4.jpeg 1600w\" data-sizes=\"auto, (max-width: 1024px) 100vw, 1024px\" src=\"data:image\/svg+xml;base64,PHN2ZyB3aWR0aD0iMSIgaGVpZ2h0PSIxIiB4bWxucz0iaHR0cDovL3d3dy53My5vcmcvMjAwMC9zdmciPjwvc3ZnPg==\" style=\"--smush-placeholder-width: 1024px; --smush-placeholder-aspect-ratio: 1024\/768;\" \/><\/figure>\n<p><!-- AddThis Advanced Settings generic via filter on the_content --><!-- AddThis Share Buttons generic via filter on the_content --><\/p>\n","protected":false},"excerpt":{"rendered":"<p>El pasado 5 y 6 de Noviembre compartimos la 18\u00b0 Convenci\u00f3n Internacional de Auren en Londres con la presencia de los socios internacionales de las diferentes oficinas en el mundo, [&hellip;]<\/p>\n","protected":false},"featured_media":13002,"template":"","meta":{"_acf_changed":false,"footnotes":""},"new-category":[],"class_list":["post-12986","new","type-new","status-publish","has-post-thumbnail","hentry"],"acf":[],"yoast_head":"<!-- This site is optimized with the Yoast SEO plugin v27.4 - https:\/\/yoast.com\/product\/yoast-seo-wordpress\/ -->\n<title>16\u00aa Conferencia Internacional de Auren - Auren Argentina<\/title>\n<meta name=\"description\" content=\"El pasado 5 y 6 de Noviembre compartimos la 18\u00b0 Convenci\u00f3n Internacional de Auren en Londres con la presencia de los socios internacionales.\" \/>\n<meta name=\"robots\" content=\"index, follow, max-snippet:-1, max-image-preview:large, max-video-preview:-1\" \/>\n<link rel=\"canonical\" href=\"https:\/\/auren.com\/ar\/noticias\/16a-conferencia-internacional-de-auren\/\" \/>\n<meta property=\"og:locale\" content=\"es_ES\" \/>\n<meta property=\"og:type\" content=\"article\" \/>\n<meta property=\"og:title\" content=\"16\u00aa Conferencia Internacional de Auren - Auren Argentina\" \/>\n<meta property=\"og:description\" content=\"El pasado 5 y 6 de Noviembre compartimos la 18\u00b0 Convenci\u00f3n Internacional de Auren en Londres con la presencia de los socios internacionales.\" \/>\n<meta property=\"og:url\" content=\"https:\/\/auren.com\/ar\/noticias\/16a-conferencia-internacional-de-auren\/\" \/>\n<meta property=\"og:site_name\" content=\"Auren Argentina\" \/>\n<meta property=\"article:publisher\" content=\"https:\/\/www.facebook.com\/AurenArg\/\" \/>\n<meta property=\"og:image\" content=\"https:\/\/auren.com\/ar\/wp-content\/uploads\/2024\/11\/Convencion-Internacional-Auren-2-4.jpeg\" \/>\n\t<meta property=\"og:image:width\" content=\"1600\" \/>\n\t<meta property=\"og:image:height\" content=\"1200\" \/>\n\t<meta property=\"og:image:type\" content=\"image\/jpeg\" \/>\n<meta name=\"twitter:card\" content=\"summary_large_image\" \/>\n<meta name=\"twitter:site\" content=\"@AUREN_Argentina\" \/>\n<meta name=\"twitter:label1\" content=\"Tiempo de lectura\" \/>\n\t<meta name=\"twitter:data1\" content=\"1 minuto\" \/>\n<script type=\"application\/ld+json\" class=\"yoast-schema-graph\">{\"@context\":\"https:\\\/\\\/schema.org\",\"@graph\":[{\"@type\":\"WebPage\",\"@id\":\"https:\\\/\\\/auren.com\\\/ar\\\/noticias\\\/16a-conferencia-internacional-de-auren\\\/\",\"url\":\"https:\\\/\\\/auren.com\\\/ar\\\/noticias\\\/16a-conferencia-internacional-de-auren\\\/\",\"name\":\"16\u00aa Conferencia Internacional de Auren - Auren Argentina\",\"isPartOf\":{\"@id\":\"https:\\\/\\\/auren.com\\\/ar\\\/#website\"},\"primaryImageOfPage\":{\"@id\":\"https:\\\/\\\/auren.com\\\/ar\\\/noticias\\\/16a-conferencia-internacional-de-auren\\\/#primaryimage\"},\"image\":{\"@id\":\"https:\\\/\\\/auren.com\\\/ar\\\/noticias\\\/16a-conferencia-internacional-de-auren\\\/#primaryimage\"},\"thumbnailUrl\":\"https:\\\/\\\/auren.com\\\/ar\\\/wp-content\\\/uploads\\\/2024\\\/11\\\/Convencion-Internacional-Auren-2-4.jpeg\",\"datePublished\":\"2024-11-14T13:56:35+00:00\",\"description\":\"El pasado 5 y 6 de Noviembre compartimos la 18\u00b0 Convenci\u00f3n Internacional de Auren en Londres con la presencia de los socios internacionales.\",\"breadcrumb\":{\"@id\":\"https:\\\/\\\/auren.com\\\/ar\\\/noticias\\\/16a-conferencia-internacional-de-auren\\\/#breadcrumb\"},\"inLanguage\":\"es\",\"potentialAction\":[{\"@type\":\"ReadAction\",\"target\":[\"https:\\\/\\\/auren.com\\\/ar\\\/noticias\\\/16a-conferencia-internacional-de-auren\\\/\"]}]},{\"@type\":\"ImageObject\",\"inLanguage\":\"es\",\"@id\":\"https:\\\/\\\/auren.com\\\/ar\\\/noticias\\\/16a-conferencia-internacional-de-auren\\\/#primaryimage\",\"url\":\"https:\\\/\\\/auren.com\\\/ar\\\/wp-content\\\/uploads\\\/2024\\\/11\\\/Convencion-Internacional-Auren-2-4.jpeg\",\"contentUrl\":\"https:\\\/\\\/auren.com\\\/ar\\\/wp-content\\\/uploads\\\/2024\\\/11\\\/Convencion-Internacional-Auren-2-4.jpeg\",\"width\":1600,\"height\":1200},{\"@type\":\"BreadcrumbList\",\"@id\":\"https:\\\/\\\/auren.com\\\/ar\\\/noticias\\\/16a-conferencia-internacional-de-auren\\\/#breadcrumb\",\"itemListElement\":[{\"@type\":\"ListItem\",\"position\":1,\"name\":\"Portada\",\"item\":\"https:\\\/\\\/auren.com\\\/ar\\\/\"},{\"@type\":\"ListItem\",\"position\":2,\"name\":\"16\u00aa Conferencia Internacional de Auren\"}]},{\"@type\":\"WebSite\",\"@id\":\"https:\\\/\\\/auren.com\\\/ar\\\/#website\",\"url\":\"https:\\\/\\\/auren.com\\\/ar\\\/\",\"name\":\"Auren Argentina\",\"description\":\"\",\"publisher\":{\"@id\":\"https:\\\/\\\/auren.com\\\/ar\\\/#organization\"},\"potentialAction\":[{\"@type\":\"SearchAction\",\"target\":{\"@type\":\"EntryPoint\",\"urlTemplate\":\"https:\\\/\\\/auren.com\\\/ar\\\/?s={search_term_string}\"},\"query-input\":{\"@type\":\"PropertyValueSpecification\",\"valueRequired\":true,\"valueName\":\"search_term_string\"}}],\"inLanguage\":\"es\"},{\"@type\":\"Organization\",\"@id\":\"https:\\\/\\\/auren.com\\\/ar\\\/#organization\",\"name\":\"Auren Argentina\",\"url\":\"https:\\\/\\\/auren.com\\\/ar\\\/\",\"logo\":{\"@type\":\"ImageObject\",\"inLanguage\":\"es\",\"@id\":\"https:\\\/\\\/auren.com\\\/ar\\\/#\\\/schema\\\/logo\\\/image\\\/\",\"url\":\"https:\\\/\\\/auren.com\\\/ar\\\/wp-content\\\/uploads\\\/2025\\\/01\\\/cropped-cropped-favicon-Auren.png\",\"contentUrl\":\"https:\\\/\\\/auren.com\\\/ar\\\/wp-content\\\/uploads\\\/2025\\\/01\\\/cropped-cropped-favicon-Auren.png\",\"width\":512,\"height\":512,\"caption\":\"Auren Argentina\"},\"image\":{\"@id\":\"https:\\\/\\\/auren.com\\\/ar\\\/#\\\/schema\\\/logo\\\/image\\\/\"},\"sameAs\":[\"https:\\\/\\\/www.facebook.com\\\/AurenArg\\\/\",\"https:\\\/\\\/x.com\\\/AUREN_Argentina\",\"https:\\\/\\\/www.linkedin.com\\\/company\\\/aurenargentina\",\"https:\\\/\\\/www.youtube.com\\\/channel\\\/UCSCseiHMECB0uMBGF9wtjSw\",\"https:\\\/\\\/www.instagram.com\\\/aurenargentina\\\/\"]}]}<\/script>\n<!-- \/ Yoast SEO plugin. -->","yoast_head_json":{"title":"16\u00aa Conferencia Internacional de Auren - Auren Argentina","description":"El pasado 5 y 6 de Noviembre compartimos la 18\u00b0 Convenci\u00f3n Internacional de Auren en Londres con la presencia de los socios internacionales.","robots":{"index":"index","follow":"follow","max-snippet":"max-snippet:-1","max-image-preview":"max-image-preview:large","max-video-preview":"max-video-preview:-1"},"canonical":"https:\/\/auren.com\/ar\/noticias\/16a-conferencia-internacional-de-auren\/","og_locale":"es_ES","og_type":"article","og_title":"16\u00aa Conferencia Internacional de Auren - Auren Argentina","og_description":"El pasado 5 y 6 de Noviembre compartimos la 18\u00b0 Convenci\u00f3n Internacional de Auren en Londres con la presencia de los socios internacionales.","og_url":"https:\/\/auren.com\/ar\/noticias\/16a-conferencia-internacional-de-auren\/","og_site_name":"Auren Argentina","article_publisher":"https:\/\/www.facebook.com\/AurenArg\/","og_image":[{"width":1600,"height":1200,"url":"https:\/\/auren.com\/ar\/wp-content\/uploads\/2024\/11\/Convencion-Internacional-Auren-2-4.jpeg","type":"image\/jpeg"}],"twitter_card":"summary_large_image","twitter_site":"@AUREN_Argentina","twitter_misc":{"Tiempo de lectura":"1 minuto"},"schema":{"@context":"https:\/\/schema.org","@graph":[{"@type":"WebPage","@id":"https:\/\/auren.com\/ar\/noticias\/16a-conferencia-internacional-de-auren\/","url":"https:\/\/auren.com\/ar\/noticias\/16a-conferencia-internacional-de-auren\/","name":"16\u00aa Conferencia Internacional de Auren - Auren Argentina","isPartOf":{"@id":"https:\/\/auren.com\/ar\/#website"},"primaryImageOfPage":{"@id":"https:\/\/auren.com\/ar\/noticias\/16a-conferencia-internacional-de-auren\/#primaryimage"},"image":{"@id":"https:\/\/auren.com\/ar\/noticias\/16a-conferencia-internacional-de-auren\/#primaryimage"},"thumbnailUrl":"https:\/\/auren.com\/ar\/wp-content\/uploads\/2024\/11\/Convencion-Internacional-Auren-2-4.jpeg","datePublished":"2024-11-14T13:56:35+00:00","description":"El pasado 5 y 6 de Noviembre compartimos la 18\u00b0 Convenci\u00f3n Internacional de Auren en Londres con la presencia de los socios internacionales.","breadcrumb":{"@id":"https:\/\/auren.com\/ar\/noticias\/16a-conferencia-internacional-de-auren\/#breadcrumb"},"inLanguage":"es","potentialAction":[{"@type":"ReadAction","target":["https:\/\/auren.com\/ar\/noticias\/16a-conferencia-internacional-de-auren\/"]}]},{"@type":"ImageObject","inLanguage":"es","@id":"https:\/\/auren.com\/ar\/noticias\/16a-conferencia-internacional-de-auren\/#primaryimage","url":"https:\/\/auren.com\/ar\/wp-content\/uploads\/2024\/11\/Convencion-Internacional-Auren-2-4.jpeg","contentUrl":"https:\/\/auren.com\/ar\/wp-content\/uploads\/2024\/11\/Convencion-Internacional-Auren-2-4.jpeg","width":1600,"height":1200},{"@type":"BreadcrumbList","@id":"https:\/\/auren.com\/ar\/noticias\/16a-conferencia-internacional-de-auren\/#breadcrumb","itemListElement":[{"@type":"ListItem","position":1,"name":"Portada","item":"https:\/\/auren.com\/ar\/"},{"@type":"ListItem","position":2,"name":"16\u00aa Conferencia Internacional de Auren"}]},{"@type":"WebSite","@id":"https:\/\/auren.com\/ar\/#website","url":"https:\/\/auren.com\/ar\/","name":"Auren Argentina","description":"","publisher":{"@id":"https:\/\/auren.com\/ar\/#organization"},"potentialAction":[{"@type":"SearchAction","target":{"@type":"EntryPoint","urlTemplate":"https:\/\/auren.com\/ar\/?s={search_term_string}"},"query-input":{"@type":"PropertyValueSpecification","valueRequired":true,"valueName":"search_term_string"}}],"inLanguage":"es"},{"@type":"Organization","@id":"https:\/\/auren.com\/ar\/#organization","name":"Auren Argentina","url":"https:\/\/auren.com\/ar\/","logo":{"@type":"ImageObject","inLanguage":"es","@id":"https:\/\/auren.com\/ar\/#\/schema\/logo\/image\/","url":"https:\/\/auren.com\/ar\/wp-content\/uploads\/2025\/01\/cropped-cropped-favicon-Auren.png","contentUrl":"https:\/\/auren.com\/ar\/wp-content\/uploads\/2025\/01\/cropped-cropped-favicon-Auren.png","width":512,"height":512,"caption":"Auren Argentina"},"image":{"@id":"https:\/\/auren.com\/ar\/#\/schema\/logo\/image\/"},"sameAs":["https:\/\/www.facebook.com\/AurenArg\/","https:\/\/x.com\/AUREN_Argentina","https:\/\/www.linkedin.com\/company\/aurenargentina","https:\/\/www.youtube.com\/channel\/UCSCseiHMECB0uMBGF9wtjSw","https:\/\/www.instagram.com\/aurenargentina\/"]}]}},"_links":{"self":[{"href":"https:\/\/auren.com\/ar\/wp-json\/wp\/v2\/new\/12986","targetHints":{"allow":["GET"]}}],"collection":[{"href":"https:\/\/auren.com\/ar\/wp-json\/wp\/v2\/new"}],"about":[{"href":"https:\/\/auren.com\/ar\/wp-json\/wp\/v2\/types\/new"}],"version-history":[{"count":0,"href":"https:\/\/auren.com\/ar\/wp-json\/wp\/v2\/new\/12986\/revisions"}],"wp:featuredmedia":[{"embeddable":true,"href":"https:\/\/auren.com\/ar\/wp-json\/wp\/v2\/media\/13002"}],"wp:attachment":[{"href":"https:\/\/auren.com\/ar\/wp-json\/wp\/v2\/media?parent=12986"}],"wp:term":[{"taxonomy":"new-category","embeddable":true,"href":"https:\/\/auren.com\/ar\/wp-json\/wp\/v2\/new-category?post=12986"}],"curies":[{"name":"wp","href":"https:\/\/api.w.org\/{rel}","templated":true}]}}