{"id":13021,"date":"2024-10-23T09:18:15","date_gmt":"2024-10-23T07:18:15","guid":{"rendered":"https:\/\/auren.com\/ar\/new\/prensa-chau-afip-tributaristas-avalan-recorte-de-gastos-aunque-cambio-en-organismo-sea-cosmetico-ambito-22-10-2024\/"},"modified":"2024-10-23T09:18:15","modified_gmt":"2024-10-23T07:18:15","slug":"prensa-chau-afip-tributaristas-avalan-recorte-de-gastos-aunque-cambio-en-organismo-sea-cosmetico-ambito-22-10-2024","status":"publish","type":"new","link":"https:\/\/auren.com\/ar\/noticias\/prensa-chau-afip-tributaristas-avalan-recorte-de-gastos-aunque-cambio-en-organismo-sea-cosmetico-ambito-22-10-2024\/","title":{"rendered":"Prensa | Chau AFIP: tributaristas avalan recorte de gastos, aunque cambio en organismo sea \u00abcosm\u00e9tico\u00bb (\u00c1mbito 22.10.2024)"},"content":{"rendered":"<h2 class=\"wp-block-heading\">Los profesionales contables cuestionan la cantidad de personas que trabaja en el ente recaudador, que va a cambiar de nombre por el de ARCA. Dicen que est\u00e1 sobredimensionado.<\/h2>\n<p>Como ya ha ocurrido con otras medidas importantes, en el caso de la disoluci\u00f3n de la Administraci\u00f3n Federal de Ingresos P\u00fablicos\u00a0<a href=\"https:\/\/www.ambito.com\/informacion-general\/chau-afip-tengo-que-pagar-la-cuota-del-monotributo-octubre-2024-n6073105\" target=\"_blank\" rel=\"noreferrer noopener\">(AFIP)<\/a><strong>\u00a0el Gobierno prefiri\u00f3 anunciar antes su decisi\u00f3n para la opini\u00f3n p\u00fablica<\/strong>, y luego publicar el decreto que formalice los cambios. Un d\u00eda despu\u00e9s de que el vocero presidencial Manuel Adorni comunicara a la prensa la decisi\u00f3n del presidente Javier Milei,\u00a0<a href=\"https:\/\/www.ambito.com\/politica\/federico-sturzenegger-explico-como-funcionara-arca-lanuevaafip-n6073072\" target=\"_blank\" rel=\"noreferrer noopener\">se desconoce cu\u00e1l va a ser el alcance.<\/a>\u00a0De todas formas, las reacciones no se hicieron esperar, y los tributaristas dieron su aval al recorte de gastos y de personal en el organismo.<\/p>\n<p>El Gobierno tiene que emitir un decreto que anule una norma de igual rango de 1996 que cre\u00f3 la AFIP y a su vez, crear la Agencia de Recaudaci\u00f3n y Control Aduanero (ARCA). No obstante,\u00a0<strong>tributaristas y abogados consultados por \u00c1mbito coincidieron en un aspecto fundamental de lo anunciado hasta ahora: que es necesaria una reducci\u00f3n del personal.<\/strong><\/p>\n<p>(&#8230;)<\/p>\n<p><strong>Disoluci\u00f3n de la AFIP: para los analistas hay privilegios<\/strong><\/p>\n<p>(&#8230;)<\/p>\n<p>Por su lado,\u00a0<strong><a href=\"https:\/\/www.linkedin.com\/in\/gabrielhermida\/\">Gabriel Hermida<\/a>,<\/strong>\u00a0Socio de <a href=\"https:\/\/auren.com\/ar\/servicios\/tax-legal\/impuestos\/\">Impuestos<\/a> de <a href=\"https:\/\/auren.com\/ar\/\">Auren<\/a> opin\u00f3 que el anuncio est\u00e1\u00a0<strong>\u201ccircunscripto a la pol\u00edtica del presidente Javier Milei de seguir bajando el gasto p\u00fablico\u201d<\/strong>. \u201cEl Gobierno est\u00e1 \u2018peinando\u2019 en todos lados para definir cu\u00e1l es la cantidad de gente necesaria\u201d, agreg\u00f3. Hermida sostiene que por lo que se anunci\u00f3 hasta ahora es\u00a0<strong>\u201cun cambio cosm\u00e9tico\u201d\u00a0<\/strong>que se limitar\u00eda al nombre. \u201cSe busca eliminar algo m\u00e1s de de direcciones y jefaturas.\u00a0<strong>Es un plan que estaba desde hace un tiempo largo sobre la mesa y lo que hab\u00eda que encontrar era el momento para ejecutarlo\u201d<\/strong>, profundiz\u00f3. El profesional sostuvo que \u201cdesde el punto de vista de lo cotidiano, no cambia demasiado, sea AFIP, ARCA o c\u00f3mo se llame\u201d.<\/p>\n<p>Leer la nota completa en <a href=\"https:\/\/www.ambito.com\/economia\/chau-afip-tributaristas-avalan-recorte-gastos-aunque-cambio-organismo-sea-cosmetico-n6073249\">\u00c1mbito<\/a><\/p>\n<p><!-- AddThis Advanced Settings generic via filter on the_content --><!-- AddThis Share Buttons generic via filter on the_content --><\/p>\n","protected":false},"excerpt":{"rendered":"<p>Los profesionales contables cuestionan la cantidad de personas que trabaja en el ente recaudador, que va a cambiar de nombre por el de ARCA. Dicen que est\u00e1 sobredimensionado. Como ya [&hellip;]<\/p>\n","protected":false},"featured_media":13022,"template":"","meta":{"_acf_changed":false,"footnotes":""},"new-category":[],"class_list":["post-13021","new","type-new","status-publish","has-post-thumbnail","hentry"],"acf":[],"yoast_head":"<!-- This site is optimized with the Yoast SEO plugin v27.4 - https:\/\/yoast.com\/product\/yoast-seo-wordpress\/ -->\n<title>Prensa | Chau AFIP: tributaristas avalan recorte de gastos, aunque cambio en organismo sea &quot;cosm\u00e9tico&quot; (\u00c1mbito 22.10.2024) - Auren Argentina<\/title>\n<meta name=\"description\" content=\"Gabriel Hermida, Socio de Impuestos de Auren opina sobre la disoluci\u00f3n de la AFIP anunciada por el Gobierno y si hay privilegios.\" \/>\n<meta name=\"robots\" content=\"index, follow, max-snippet:-1, max-image-preview:large, max-video-preview:-1\" \/>\n<link rel=\"canonical\" href=\"https:\/\/auren.com\/ar\/noticias\/prensa-chau-afip-tributaristas-avalan-recorte-de-gastos-aunque-cambio-en-organismo-sea-cosmetico-ambito-22-10-2024\/\" \/>\n<meta property=\"og:locale\" content=\"es_ES\" \/>\n<meta property=\"og:type\" content=\"article\" \/>\n<meta property=\"og:title\" content=\"Prensa | Chau AFIP: tributaristas avalan recorte de gastos, aunque cambio en organismo sea &quot;cosm\u00e9tico&quot; (\u00c1mbito 22.10.2024) - Auren Argentina\" \/>\n<meta property=\"og:description\" content=\"Gabriel Hermida, Socio de Impuestos de Auren opina sobre la disoluci\u00f3n de la AFIP anunciada por el Gobierno y si hay privilegios.\" \/>\n<meta property=\"og:url\" content=\"https:\/\/auren.com\/ar\/noticias\/prensa-chau-afip-tributaristas-avalan-recorte-de-gastos-aunque-cambio-en-organismo-sea-cosmetico-ambito-22-10-2024\/\" \/>\n<meta property=\"og:site_name\" content=\"Auren Argentina\" \/>\n<meta property=\"article:publisher\" content=\"https:\/\/www.facebook.com\/AurenArg\/\" \/>\n<meta property=\"og:image\" content=\"https:\/\/auren.com\/ar\/wp-content\/uploads\/2024\/10\/FOTO-1-4.png\" \/>\n\t<meta property=\"og:image:width\" content=\"455\" \/>\n\t<meta property=\"og:image:height\" content=\"329\" \/>\n\t<meta property=\"og:image:type\" content=\"image\/png\" \/>\n<meta name=\"twitter:card\" content=\"summary_large_image\" \/>\n<meta name=\"twitter:site\" content=\"@AUREN_Argentina\" \/>\n<meta name=\"twitter:label1\" content=\"Tiempo de lectura\" \/>\n\t<meta name=\"twitter:data1\" content=\"2 minutos\" \/>\n<script type=\"application\/ld+json\" class=\"yoast-schema-graph\">{\"@context\":\"https:\\\/\\\/schema.org\",\"@graph\":[{\"@type\":\"WebPage\",\"@id\":\"https:\\\/\\\/auren.com\\\/ar\\\/noticias\\\/prensa-chau-afip-tributaristas-avalan-recorte-de-gastos-aunque-cambio-en-organismo-sea-cosmetico-ambito-22-10-2024\\\/\",\"url\":\"https:\\\/\\\/auren.com\\\/ar\\\/noticias\\\/prensa-chau-afip-tributaristas-avalan-recorte-de-gastos-aunque-cambio-en-organismo-sea-cosmetico-ambito-22-10-2024\\\/\",\"name\":\"Prensa | Chau AFIP: tributaristas avalan recorte de gastos, aunque cambio en organismo sea \\\"cosm\u00e9tico\\\" (\u00c1mbito 22.10.2024) - Auren Argentina\",\"isPartOf\":{\"@id\":\"https:\\\/\\\/auren.com\\\/ar\\\/#website\"},\"primaryImageOfPage\":{\"@id\":\"https:\\\/\\\/auren.com\\\/ar\\\/noticias\\\/prensa-chau-afip-tributaristas-avalan-recorte-de-gastos-aunque-cambio-en-organismo-sea-cosmetico-ambito-22-10-2024\\\/#primaryimage\"},\"image\":{\"@id\":\"https:\\\/\\\/auren.com\\\/ar\\\/noticias\\\/prensa-chau-afip-tributaristas-avalan-recorte-de-gastos-aunque-cambio-en-organismo-sea-cosmetico-ambito-22-10-2024\\\/#primaryimage\"},\"thumbnailUrl\":\"https:\\\/\\\/auren.com\\\/ar\\\/wp-content\\\/uploads\\\/2024\\\/10\\\/FOTO-1-4.png\",\"datePublished\":\"2024-10-23T07:18:15+00:00\",\"description\":\"Gabriel Hermida, Socio de Impuestos de Auren opina sobre la disoluci\u00f3n de la AFIP anunciada por el Gobierno y si hay privilegios.\",\"breadcrumb\":{\"@id\":\"https:\\\/\\\/auren.com\\\/ar\\\/noticias\\\/prensa-chau-afip-tributaristas-avalan-recorte-de-gastos-aunque-cambio-en-organismo-sea-cosmetico-ambito-22-10-2024\\\/#breadcrumb\"},\"inLanguage\":\"es\",\"potentialAction\":[{\"@type\":\"ReadAction\",\"target\":[\"https:\\\/\\\/auren.com\\\/ar\\\/noticias\\\/prensa-chau-afip-tributaristas-avalan-recorte-de-gastos-aunque-cambio-en-organismo-sea-cosmetico-ambito-22-10-2024\\\/\"]}]},{\"@type\":\"ImageObject\",\"inLanguage\":\"es\",\"@id\":\"https:\\\/\\\/auren.com\\\/ar\\\/noticias\\\/prensa-chau-afip-tributaristas-avalan-recorte-de-gastos-aunque-cambio-en-organismo-sea-cosmetico-ambito-22-10-2024\\\/#primaryimage\",\"url\":\"https:\\\/\\\/auren.com\\\/ar\\\/wp-content\\\/uploads\\\/2024\\\/10\\\/FOTO-1-4.png\",\"contentUrl\":\"https:\\\/\\\/auren.com\\\/ar\\\/wp-content\\\/uploads\\\/2024\\\/10\\\/FOTO-1-4.png\",\"width\":455,\"height\":329},{\"@type\":\"BreadcrumbList\",\"@id\":\"https:\\\/\\\/auren.com\\\/ar\\\/noticias\\\/prensa-chau-afip-tributaristas-avalan-recorte-de-gastos-aunque-cambio-en-organismo-sea-cosmetico-ambito-22-10-2024\\\/#breadcrumb\",\"itemListElement\":[{\"@type\":\"ListItem\",\"position\":1,\"name\":\"Portada\",\"item\":\"https:\\\/\\\/auren.com\\\/ar\\\/\"},{\"@type\":\"ListItem\",\"position\":2,\"name\":\"Prensa | Chau AFIP: tributaristas avalan recorte de gastos, aunque cambio en organismo sea \u00abcosm\u00e9tico\u00bb (\u00c1mbito 22.10.2024)\"}]},{\"@type\":\"WebSite\",\"@id\":\"https:\\\/\\\/auren.com\\\/ar\\\/#website\",\"url\":\"https:\\\/\\\/auren.com\\\/ar\\\/\",\"name\":\"Auren Argentina\",\"description\":\"\",\"publisher\":{\"@id\":\"https:\\\/\\\/auren.com\\\/ar\\\/#organization\"},\"potentialAction\":[{\"@type\":\"SearchAction\",\"target\":{\"@type\":\"EntryPoint\",\"urlTemplate\":\"https:\\\/\\\/auren.com\\\/ar\\\/?s={search_term_string}\"},\"query-input\":{\"@type\":\"PropertyValueSpecification\",\"valueRequired\":true,\"valueName\":\"search_term_string\"}}],\"inLanguage\":\"es\"},{\"@type\":\"Organization\",\"@id\":\"https:\\\/\\\/auren.com\\\/ar\\\/#organization\",\"name\":\"Auren Argentina\",\"url\":\"https:\\\/\\\/auren.com\\\/ar\\\/\",\"logo\":{\"@type\":\"ImageObject\",\"inLanguage\":\"es\",\"@id\":\"https:\\\/\\\/auren.com\\\/ar\\\/#\\\/schema\\\/logo\\\/image\\\/\",\"url\":\"https:\\\/\\\/auren.com\\\/ar\\\/wp-content\\\/uploads\\\/2025\\\/01\\\/cropped-cropped-favicon-Auren.png\",\"contentUrl\":\"https:\\\/\\\/auren.com\\\/ar\\\/wp-content\\\/uploads\\\/2025\\\/01\\\/cropped-cropped-favicon-Auren.png\",\"width\":512,\"height\":512,\"caption\":\"Auren Argentina\"},\"image\":{\"@id\":\"https:\\\/\\\/auren.com\\\/ar\\\/#\\\/schema\\\/logo\\\/image\\\/\"},\"sameAs\":[\"https:\\\/\\\/www.facebook.com\\\/AurenArg\\\/\",\"https:\\\/\\\/x.com\\\/AUREN_Argentina\",\"https:\\\/\\\/www.linkedin.com\\\/company\\\/aurenargentina\",\"https:\\\/\\\/www.youtube.com\\\/channel\\\/UCSCseiHMECB0uMBGF9wtjSw\",\"https:\\\/\\\/www.instagram.com\\\/aurenargentina\\\/\"]}]}<\/script>\n<!-- \/ Yoast SEO plugin. -->","yoast_head_json":{"title":"Prensa | Chau AFIP: tributaristas avalan recorte de gastos, aunque cambio en organismo sea \"cosm\u00e9tico\" (\u00c1mbito 22.10.2024) - Auren Argentina","description":"Gabriel Hermida, Socio de Impuestos de Auren opina sobre la disoluci\u00f3n de la AFIP anunciada por el Gobierno y si hay privilegios.","robots":{"index":"index","follow":"follow","max-snippet":"max-snippet:-1","max-image-preview":"max-image-preview:large","max-video-preview":"max-video-preview:-1"},"canonical":"https:\/\/auren.com\/ar\/noticias\/prensa-chau-afip-tributaristas-avalan-recorte-de-gastos-aunque-cambio-en-organismo-sea-cosmetico-ambito-22-10-2024\/","og_locale":"es_ES","og_type":"article","og_title":"Prensa | Chau AFIP: tributaristas avalan recorte de gastos, aunque cambio en organismo sea \"cosm\u00e9tico\" (\u00c1mbito 22.10.2024) - Auren Argentina","og_description":"Gabriel Hermida, Socio de Impuestos de Auren opina sobre la disoluci\u00f3n de la AFIP anunciada por el Gobierno y si hay privilegios.","og_url":"https:\/\/auren.com\/ar\/noticias\/prensa-chau-afip-tributaristas-avalan-recorte-de-gastos-aunque-cambio-en-organismo-sea-cosmetico-ambito-22-10-2024\/","og_site_name":"Auren Argentina","article_publisher":"https:\/\/www.facebook.com\/AurenArg\/","og_image":[{"width":455,"height":329,"url":"https:\/\/auren.com\/ar\/wp-content\/uploads\/2024\/10\/FOTO-1-4.png","type":"image\/png"}],"twitter_card":"summary_large_image","twitter_site":"@AUREN_Argentina","twitter_misc":{"Tiempo de lectura":"2 minutos"},"schema":{"@context":"https:\/\/schema.org","@graph":[{"@type":"WebPage","@id":"https:\/\/auren.com\/ar\/noticias\/prensa-chau-afip-tributaristas-avalan-recorte-de-gastos-aunque-cambio-en-organismo-sea-cosmetico-ambito-22-10-2024\/","url":"https:\/\/auren.com\/ar\/noticias\/prensa-chau-afip-tributaristas-avalan-recorte-de-gastos-aunque-cambio-en-organismo-sea-cosmetico-ambito-22-10-2024\/","name":"Prensa | Chau AFIP: tributaristas avalan recorte de gastos, aunque cambio en organismo sea \"cosm\u00e9tico\" (\u00c1mbito 22.10.2024) - Auren Argentina","isPartOf":{"@id":"https:\/\/auren.com\/ar\/#website"},"primaryImageOfPage":{"@id":"https:\/\/auren.com\/ar\/noticias\/prensa-chau-afip-tributaristas-avalan-recorte-de-gastos-aunque-cambio-en-organismo-sea-cosmetico-ambito-22-10-2024\/#primaryimage"},"image":{"@id":"https:\/\/auren.com\/ar\/noticias\/prensa-chau-afip-tributaristas-avalan-recorte-de-gastos-aunque-cambio-en-organismo-sea-cosmetico-ambito-22-10-2024\/#primaryimage"},"thumbnailUrl":"https:\/\/auren.com\/ar\/wp-content\/uploads\/2024\/10\/FOTO-1-4.png","datePublished":"2024-10-23T07:18:15+00:00","description":"Gabriel Hermida, Socio de Impuestos de Auren opina sobre la disoluci\u00f3n de la AFIP anunciada por el Gobierno y si hay privilegios.","breadcrumb":{"@id":"https:\/\/auren.com\/ar\/noticias\/prensa-chau-afip-tributaristas-avalan-recorte-de-gastos-aunque-cambio-en-organismo-sea-cosmetico-ambito-22-10-2024\/#breadcrumb"},"inLanguage":"es","potentialAction":[{"@type":"ReadAction","target":["https:\/\/auren.com\/ar\/noticias\/prensa-chau-afip-tributaristas-avalan-recorte-de-gastos-aunque-cambio-en-organismo-sea-cosmetico-ambito-22-10-2024\/"]}]},{"@type":"ImageObject","inLanguage":"es","@id":"https:\/\/auren.com\/ar\/noticias\/prensa-chau-afip-tributaristas-avalan-recorte-de-gastos-aunque-cambio-en-organismo-sea-cosmetico-ambito-22-10-2024\/#primaryimage","url":"https:\/\/auren.com\/ar\/wp-content\/uploads\/2024\/10\/FOTO-1-4.png","contentUrl":"https:\/\/auren.com\/ar\/wp-content\/uploads\/2024\/10\/FOTO-1-4.png","width":455,"height":329},{"@type":"BreadcrumbList","@id":"https:\/\/auren.com\/ar\/noticias\/prensa-chau-afip-tributaristas-avalan-recorte-de-gastos-aunque-cambio-en-organismo-sea-cosmetico-ambito-22-10-2024\/#breadcrumb","itemListElement":[{"@type":"ListItem","position":1,"name":"Portada","item":"https:\/\/auren.com\/ar\/"},{"@type":"ListItem","position":2,"name":"Prensa | Chau AFIP: tributaristas avalan recorte de gastos, aunque cambio en organismo sea \u00abcosm\u00e9tico\u00bb (\u00c1mbito 22.10.2024)"}]},{"@type":"WebSite","@id":"https:\/\/auren.com\/ar\/#website","url":"https:\/\/auren.com\/ar\/","name":"Auren Argentina","description":"","publisher":{"@id":"https:\/\/auren.com\/ar\/#organization"},"potentialAction":[{"@type":"SearchAction","target":{"@type":"EntryPoint","urlTemplate":"https:\/\/auren.com\/ar\/?s={search_term_string}"},"query-input":{"@type":"PropertyValueSpecification","valueRequired":true,"valueName":"search_term_string"}}],"inLanguage":"es"},{"@type":"Organization","@id":"https:\/\/auren.com\/ar\/#organization","name":"Auren Argentina","url":"https:\/\/auren.com\/ar\/","logo":{"@type":"ImageObject","inLanguage":"es","@id":"https:\/\/auren.com\/ar\/#\/schema\/logo\/image\/","url":"https:\/\/auren.com\/ar\/wp-content\/uploads\/2025\/01\/cropped-cropped-favicon-Auren.png","contentUrl":"https:\/\/auren.com\/ar\/wp-content\/uploads\/2025\/01\/cropped-cropped-favicon-Auren.png","width":512,"height":512,"caption":"Auren Argentina"},"image":{"@id":"https:\/\/auren.com\/ar\/#\/schema\/logo\/image\/"},"sameAs":["https:\/\/www.facebook.com\/AurenArg\/","https:\/\/x.com\/AUREN_Argentina","https:\/\/www.linkedin.com\/company\/aurenargentina","https:\/\/www.youtube.com\/channel\/UCSCseiHMECB0uMBGF9wtjSw","https:\/\/www.instagram.com\/aurenargentina\/"]}]}},"_links":{"self":[{"href":"https:\/\/auren.com\/ar\/wp-json\/wp\/v2\/new\/13021","targetHints":{"allow":["GET"]}}],"collection":[{"href":"https:\/\/auren.com\/ar\/wp-json\/wp\/v2\/new"}],"about":[{"href":"https:\/\/auren.com\/ar\/wp-json\/wp\/v2\/types\/new"}],"version-history":[{"count":0,"href":"https:\/\/auren.com\/ar\/wp-json\/wp\/v2\/new\/13021\/revisions"}],"wp:featuredmedia":[{"embeddable":true,"href":"https:\/\/auren.com\/ar\/wp-json\/wp\/v2\/media\/13022"}],"wp:attachment":[{"href":"https:\/\/auren.com\/ar\/wp-json\/wp\/v2\/media?parent=13021"}],"wp:term":[{"taxonomy":"new-category","embeddable":true,"href":"https:\/\/auren.com\/ar\/wp-json\/wp\/v2\/new-category?post=13021"}],"curies":[{"name":"wp","href":"https:\/\/api.w.org\/{rel}","templated":true}]}}