{"id":13025,"date":"2024-10-22T12:52:52","date_gmt":"2024-10-22T10:52:52","guid":{"rendered":"https:\/\/auren.com\/ar\/new\/auren-reconocida-como-empresa-comprometida-con-la-educacion\/"},"modified":"2024-10-22T12:52:52","modified_gmt":"2024-10-22T10:52:52","slug":"auren-reconocida-como-empresa-comprometida-con-la-educacion","status":"publish","type":"new","link":"https:\/\/auren.com\/ar\/noticias\/auren-reconocida-como-empresa-comprometida-con-la-educacion\/","title":{"rendered":"Auren reconocida como \u00abEmpresa comprometida con la Educaci\u00f3n\u00bb"},"content":{"rendered":"<p><a href=\"https:\/\/auren.com\/ar\/\">Auren Argentina<\/a> recibi\u00f3 el el reconocimiento como \u00abEmpresa comprometida con la Educaci\u00f3n\u00bb brindado por el <a href=\"https:\/\/www.linkedin.com\/company\/consejocaba\/\">Consejo Profesional de Ciencias Econ\u00f3micas de la Ciudad Aut\u00f3noma de Buenos Aires<\/a> y el Ministerio de Educaci\u00f3n del <a href=\"https:\/\/www.linkedin.com\/company\/gobierno-de-la-ciudad-de-buenos-aires\/\">Gobierno de la Ciudad de Buenos Aires<\/a>.<\/p>\n<p>El equipo  con de Gesti\u00f3n del Talento formado por <a href=\"https:\/\/www.linkedin.com\/in\/ACoAADBGqdwBUKFS1QdZKd_ermL-bvPX_kJVteY\"><\/a><a href=\"https:\/\/www.linkedin.com\/in\/maria-soledad-grande-novoa-9102b51a7\/\">Maria Soledad Grande Novoa<\/a>, <a href=\"https:\/\/www.linkedin.com\/in\/ACoAAC9kVBsBWidYLB-zTqWoRGGeADgXSOwWM7g\"><\/a><a href=\"https:\/\/www.linkedin.com\/in\/julieta-campos-9633411a2\/\">Julieta Campos<\/a> y <a href=\"https:\/\/www.linkedin.com\/in\/ACoAADcRWrcBkWtRuk7UQNDxTksSfjqruq_n7A0\"><\/a><a href=\"https:\/\/www.linkedin.com\/in\/macarenacaputo\/\">Macarena Caputo<\/a> junto a <a href=\"https:\/\/www.linkedin.com\/in\/ACoAABnLPwAB2Ep1TXUIZbwQmf09WMcURy0i1Sw\"><\/a><a href=\"https:\/\/www.linkedin.com\/in\/guillermopablocantero\/\">Guillermo Pablo Cantero<\/a> &#8211; Gerente del \u00e1rea de <a href=\"https:\/\/auren.com\/ar\/servicios\/auditoria\/\">Auditor\u00eda<\/a> estuvieron presente en la entrega de los Diplomas Acap 2024.<\/p>\n<p>Reforzamos nuestro compromiso con la educaci\u00f3n y los j\u00f3venes talentos, impulsando a m\u00e1s estudiantes a seguir aprendiendo!<\/p>\n<p>Gracias tambi\u00e9n a todos los talentos de Auren que brindaron las pr\u00e1cticas educativas ACAP 2024 compartiendo sus conocimientos y experiencia a los futuros profesionales. <\/p>\n<\/p>\n<figure class=\"wp-block-image size-large\"><img decoding=\"async\" width=\"1024\" height=\"676\" data-src=\"https:\/\/auren.com\/ar\/wp-content\/uploads\/migration\/2024\/10\/FOTO-1024x676.png\" alt=\"\" class=\"wp-image-21424 lazyload\" data-srcset=\"https:\/\/auren.com\/ar\/wp-content\/uploads\/migration\/2024\/10\/FOTO-1024x676.png 1024w, https:\/\/auren.com\/ar\/wp-content\/uploads\/migration\/2024\/10\/FOTO-300x198.png 300w, https:\/\/auren.com\/ar\/wp-content\/uploads\/migration\/2024\/10\/FOTO-768x507.png 768w, https:\/\/auren.com\/ar\/wp-content\/uploads\/migration\/2024\/10\/FOTO.png 1107w\" data-sizes=\"auto, (max-width: 1024px) 100vw, 1024px\" src=\"data:image\/svg+xml;base64,PHN2ZyB3aWR0aD0iMSIgaGVpZ2h0PSIxIiB4bWxucz0iaHR0cDovL3d3dy53My5vcmcvMjAwMC9zdmciPjwvc3ZnPg==\" style=\"--smush-placeholder-width: 1024px; --smush-placeholder-aspect-ratio: 1024\/676;\" \/><\/figure>\n<p><\/p>\n<p><!-- AddThis Advanced Settings generic via filter on the_content --><!-- AddThis Share Buttons generic via filter on the_content --><\/p>\n","protected":false},"excerpt":{"rendered":"<p>Auren Argentina recibi\u00f3 el el reconocimiento como \u00abEmpresa comprometida con la Educaci\u00f3n\u00bb brindado por el Consejo Profesional de Ciencias Econ\u00f3micas de la Ciudad Aut\u00f3noma de Buenos Aires y el Ministerio [&hellip;]<\/p>\n","protected":false},"featured_media":13026,"template":"","meta":{"_acf_changed":false,"footnotes":""},"new-category":[],"class_list":["post-13025","new","type-new","status-publish","has-post-thumbnail","hentry"],"acf":[],"yoast_head":"<!-- This site is optimized with the Yoast SEO plugin v27.4 - https:\/\/yoast.com\/product\/yoast-seo-wordpress\/ -->\n<title>Auren reconocida como &quot;Empresa comprometida con la Educaci\u00f3n&quot; - Auren Argentina<\/title>\n<meta name=\"description\" content=\"Auren fue reconocida como empresa comprometida con la educaci\u00f3n por el Consejo de Ciencias Econ\u00f3micas en las pr\u00e1cticas ACAP 2024.\" \/>\n<meta name=\"robots\" content=\"index, follow, max-snippet:-1, max-image-preview:large, max-video-preview:-1\" \/>\n<link rel=\"canonical\" href=\"https:\/\/auren.com\/ar\/noticias\/auren-reconocida-como-empresa-comprometida-con-la-educacion\/\" \/>\n<meta property=\"og:locale\" content=\"es_ES\" \/>\n<meta property=\"og:type\" content=\"article\" \/>\n<meta property=\"og:title\" content=\"Auren reconocida como &quot;Empresa comprometida con la Educaci\u00f3n&quot; - Auren Argentina\" \/>\n<meta property=\"og:description\" content=\"Auren fue reconocida como empresa comprometida con la educaci\u00f3n por el Consejo de Ciencias Econ\u00f3micas en las pr\u00e1cticas ACAP 2024.\" \/>\n<meta property=\"og:url\" content=\"https:\/\/auren.com\/ar\/noticias\/auren-reconocida-como-empresa-comprometida-con-la-educacion\/\" \/>\n<meta property=\"og:site_name\" content=\"Auren Argentina\" \/>\n<meta property=\"article:publisher\" content=\"https:\/\/www.facebook.com\/AurenArg\/\" \/>\n<meta property=\"og:image\" content=\"https:\/\/auren.com\/ar\/wp-content\/uploads\/2024\/10\/ACAP-4.jpg\" \/>\n\t<meta property=\"og:image:width\" content=\"781\" \/>\n\t<meta property=\"og:image:height\" content=\"563\" \/>\n\t<meta property=\"og:image:type\" content=\"image\/jpeg\" \/>\n<meta name=\"twitter:card\" content=\"summary_large_image\" \/>\n<meta name=\"twitter:site\" content=\"@AUREN_Argentina\" \/>\n<meta name=\"twitter:label1\" content=\"Tiempo de lectura\" \/>\n\t<meta name=\"twitter:data1\" content=\"1 minuto\" \/>\n<script type=\"application\/ld+json\" class=\"yoast-schema-graph\">{\"@context\":\"https:\\\/\\\/schema.org\",\"@graph\":[{\"@type\":\"WebPage\",\"@id\":\"https:\\\/\\\/auren.com\\\/ar\\\/noticias\\\/auren-reconocida-como-empresa-comprometida-con-la-educacion\\\/\",\"url\":\"https:\\\/\\\/auren.com\\\/ar\\\/noticias\\\/auren-reconocida-como-empresa-comprometida-con-la-educacion\\\/\",\"name\":\"Auren reconocida como \\\"Empresa comprometida con la Educaci\u00f3n\\\" - Auren Argentina\",\"isPartOf\":{\"@id\":\"https:\\\/\\\/auren.com\\\/ar\\\/#website\"},\"primaryImageOfPage\":{\"@id\":\"https:\\\/\\\/auren.com\\\/ar\\\/noticias\\\/auren-reconocida-como-empresa-comprometida-con-la-educacion\\\/#primaryimage\"},\"image\":{\"@id\":\"https:\\\/\\\/auren.com\\\/ar\\\/noticias\\\/auren-reconocida-como-empresa-comprometida-con-la-educacion\\\/#primaryimage\"},\"thumbnailUrl\":\"https:\\\/\\\/auren.com\\\/ar\\\/wp-content\\\/uploads\\\/2024\\\/10\\\/ACAP-4.jpg\",\"datePublished\":\"2024-10-22T10:52:52+00:00\",\"description\":\"Auren fue reconocida como empresa comprometida con la educaci\u00f3n por el Consejo de Ciencias Econ\u00f3micas en las pr\u00e1cticas ACAP 2024.\",\"breadcrumb\":{\"@id\":\"https:\\\/\\\/auren.com\\\/ar\\\/noticias\\\/auren-reconocida-como-empresa-comprometida-con-la-educacion\\\/#breadcrumb\"},\"inLanguage\":\"es\",\"potentialAction\":[{\"@type\":\"ReadAction\",\"target\":[\"https:\\\/\\\/auren.com\\\/ar\\\/noticias\\\/auren-reconocida-como-empresa-comprometida-con-la-educacion\\\/\"]}]},{\"@type\":\"ImageObject\",\"inLanguage\":\"es\",\"@id\":\"https:\\\/\\\/auren.com\\\/ar\\\/noticias\\\/auren-reconocida-como-empresa-comprometida-con-la-educacion\\\/#primaryimage\",\"url\":\"https:\\\/\\\/auren.com\\\/ar\\\/wp-content\\\/uploads\\\/2024\\\/10\\\/ACAP-4.jpg\",\"contentUrl\":\"https:\\\/\\\/auren.com\\\/ar\\\/wp-content\\\/uploads\\\/2024\\\/10\\\/ACAP-4.jpg\",\"width\":781,\"height\":563},{\"@type\":\"BreadcrumbList\",\"@id\":\"https:\\\/\\\/auren.com\\\/ar\\\/noticias\\\/auren-reconocida-como-empresa-comprometida-con-la-educacion\\\/#breadcrumb\",\"itemListElement\":[{\"@type\":\"ListItem\",\"position\":1,\"name\":\"Portada\",\"item\":\"https:\\\/\\\/auren.com\\\/ar\\\/\"},{\"@type\":\"ListItem\",\"position\":2,\"name\":\"Auren reconocida como \u00abEmpresa comprometida con la Educaci\u00f3n\u00bb\"}]},{\"@type\":\"WebSite\",\"@id\":\"https:\\\/\\\/auren.com\\\/ar\\\/#website\",\"url\":\"https:\\\/\\\/auren.com\\\/ar\\\/\",\"name\":\"Auren Argentina\",\"description\":\"\",\"publisher\":{\"@id\":\"https:\\\/\\\/auren.com\\\/ar\\\/#organization\"},\"potentialAction\":[{\"@type\":\"SearchAction\",\"target\":{\"@type\":\"EntryPoint\",\"urlTemplate\":\"https:\\\/\\\/auren.com\\\/ar\\\/?s={search_term_string}\"},\"query-input\":{\"@type\":\"PropertyValueSpecification\",\"valueRequired\":true,\"valueName\":\"search_term_string\"}}],\"inLanguage\":\"es\"},{\"@type\":\"Organization\",\"@id\":\"https:\\\/\\\/auren.com\\\/ar\\\/#organization\",\"name\":\"Auren Argentina\",\"url\":\"https:\\\/\\\/auren.com\\\/ar\\\/\",\"logo\":{\"@type\":\"ImageObject\",\"inLanguage\":\"es\",\"@id\":\"https:\\\/\\\/auren.com\\\/ar\\\/#\\\/schema\\\/logo\\\/image\\\/\",\"url\":\"https:\\\/\\\/auren.com\\\/ar\\\/wp-content\\\/uploads\\\/2025\\\/01\\\/cropped-cropped-favicon-Auren.png\",\"contentUrl\":\"https:\\\/\\\/auren.com\\\/ar\\\/wp-content\\\/uploads\\\/2025\\\/01\\\/cropped-cropped-favicon-Auren.png\",\"width\":512,\"height\":512,\"caption\":\"Auren Argentina\"},\"image\":{\"@id\":\"https:\\\/\\\/auren.com\\\/ar\\\/#\\\/schema\\\/logo\\\/image\\\/\"},\"sameAs\":[\"https:\\\/\\\/www.facebook.com\\\/AurenArg\\\/\",\"https:\\\/\\\/x.com\\\/AUREN_Argentina\",\"https:\\\/\\\/www.linkedin.com\\\/company\\\/aurenargentina\",\"https:\\\/\\\/www.youtube.com\\\/channel\\\/UCSCseiHMECB0uMBGF9wtjSw\",\"https:\\\/\\\/www.instagram.com\\\/aurenargentina\\\/\"]}]}<\/script>\n<!-- \/ Yoast SEO plugin. -->","yoast_head_json":{"title":"Auren reconocida como \"Empresa comprometida con la Educaci\u00f3n\" - Auren Argentina","description":"Auren fue reconocida como empresa comprometida con la educaci\u00f3n por el Consejo de Ciencias Econ\u00f3micas en las pr\u00e1cticas ACAP 2024.","robots":{"index":"index","follow":"follow","max-snippet":"max-snippet:-1","max-image-preview":"max-image-preview:large","max-video-preview":"max-video-preview:-1"},"canonical":"https:\/\/auren.com\/ar\/noticias\/auren-reconocida-como-empresa-comprometida-con-la-educacion\/","og_locale":"es_ES","og_type":"article","og_title":"Auren reconocida como \"Empresa comprometida con la Educaci\u00f3n\" - Auren Argentina","og_description":"Auren fue reconocida como empresa comprometida con la educaci\u00f3n por el Consejo de Ciencias Econ\u00f3micas en las pr\u00e1cticas ACAP 2024.","og_url":"https:\/\/auren.com\/ar\/noticias\/auren-reconocida-como-empresa-comprometida-con-la-educacion\/","og_site_name":"Auren Argentina","article_publisher":"https:\/\/www.facebook.com\/AurenArg\/","og_image":[{"width":781,"height":563,"url":"https:\/\/auren.com\/ar\/wp-content\/uploads\/2024\/10\/ACAP-4.jpg","type":"image\/jpeg"}],"twitter_card":"summary_large_image","twitter_site":"@AUREN_Argentina","twitter_misc":{"Tiempo de lectura":"1 minuto"},"schema":{"@context":"https:\/\/schema.org","@graph":[{"@type":"WebPage","@id":"https:\/\/auren.com\/ar\/noticias\/auren-reconocida-como-empresa-comprometida-con-la-educacion\/","url":"https:\/\/auren.com\/ar\/noticias\/auren-reconocida-como-empresa-comprometida-con-la-educacion\/","name":"Auren reconocida como \"Empresa comprometida con la Educaci\u00f3n\" - Auren Argentina","isPartOf":{"@id":"https:\/\/auren.com\/ar\/#website"},"primaryImageOfPage":{"@id":"https:\/\/auren.com\/ar\/noticias\/auren-reconocida-como-empresa-comprometida-con-la-educacion\/#primaryimage"},"image":{"@id":"https:\/\/auren.com\/ar\/noticias\/auren-reconocida-como-empresa-comprometida-con-la-educacion\/#primaryimage"},"thumbnailUrl":"https:\/\/auren.com\/ar\/wp-content\/uploads\/2024\/10\/ACAP-4.jpg","datePublished":"2024-10-22T10:52:52+00:00","description":"Auren fue reconocida como empresa comprometida con la educaci\u00f3n por el Consejo de Ciencias Econ\u00f3micas en las pr\u00e1cticas ACAP 2024.","breadcrumb":{"@id":"https:\/\/auren.com\/ar\/noticias\/auren-reconocida-como-empresa-comprometida-con-la-educacion\/#breadcrumb"},"inLanguage":"es","potentialAction":[{"@type":"ReadAction","target":["https:\/\/auren.com\/ar\/noticias\/auren-reconocida-como-empresa-comprometida-con-la-educacion\/"]}]},{"@type":"ImageObject","inLanguage":"es","@id":"https:\/\/auren.com\/ar\/noticias\/auren-reconocida-como-empresa-comprometida-con-la-educacion\/#primaryimage","url":"https:\/\/auren.com\/ar\/wp-content\/uploads\/2024\/10\/ACAP-4.jpg","contentUrl":"https:\/\/auren.com\/ar\/wp-content\/uploads\/2024\/10\/ACAP-4.jpg","width":781,"height":563},{"@type":"BreadcrumbList","@id":"https:\/\/auren.com\/ar\/noticias\/auren-reconocida-como-empresa-comprometida-con-la-educacion\/#breadcrumb","itemListElement":[{"@type":"ListItem","position":1,"name":"Portada","item":"https:\/\/auren.com\/ar\/"},{"@type":"ListItem","position":2,"name":"Auren reconocida como \u00abEmpresa comprometida con la Educaci\u00f3n\u00bb"}]},{"@type":"WebSite","@id":"https:\/\/auren.com\/ar\/#website","url":"https:\/\/auren.com\/ar\/","name":"Auren Argentina","description":"","publisher":{"@id":"https:\/\/auren.com\/ar\/#organization"},"potentialAction":[{"@type":"SearchAction","target":{"@type":"EntryPoint","urlTemplate":"https:\/\/auren.com\/ar\/?s={search_term_string}"},"query-input":{"@type":"PropertyValueSpecification","valueRequired":true,"valueName":"search_term_string"}}],"inLanguage":"es"},{"@type":"Organization","@id":"https:\/\/auren.com\/ar\/#organization","name":"Auren Argentina","url":"https:\/\/auren.com\/ar\/","logo":{"@type":"ImageObject","inLanguage":"es","@id":"https:\/\/auren.com\/ar\/#\/schema\/logo\/image\/","url":"https:\/\/auren.com\/ar\/wp-content\/uploads\/2025\/01\/cropped-cropped-favicon-Auren.png","contentUrl":"https:\/\/auren.com\/ar\/wp-content\/uploads\/2025\/01\/cropped-cropped-favicon-Auren.png","width":512,"height":512,"caption":"Auren Argentina"},"image":{"@id":"https:\/\/auren.com\/ar\/#\/schema\/logo\/image\/"},"sameAs":["https:\/\/www.facebook.com\/AurenArg\/","https:\/\/x.com\/AUREN_Argentina","https:\/\/www.linkedin.com\/company\/aurenargentina","https:\/\/www.youtube.com\/channel\/UCSCseiHMECB0uMBGF9wtjSw","https:\/\/www.instagram.com\/aurenargentina\/"]}]}},"_links":{"self":[{"href":"https:\/\/auren.com\/ar\/wp-json\/wp\/v2\/new\/13025","targetHints":{"allow":["GET"]}}],"collection":[{"href":"https:\/\/auren.com\/ar\/wp-json\/wp\/v2\/new"}],"about":[{"href":"https:\/\/auren.com\/ar\/wp-json\/wp\/v2\/types\/new"}],"version-history":[{"count":0,"href":"https:\/\/auren.com\/ar\/wp-json\/wp\/v2\/new\/13025\/revisions"}],"wp:featuredmedia":[{"embeddable":true,"href":"https:\/\/auren.com\/ar\/wp-json\/wp\/v2\/media\/13026"}],"wp:attachment":[{"href":"https:\/\/auren.com\/ar\/wp-json\/wp\/v2\/media?parent=13025"}],"wp:term":[{"taxonomy":"new-category","embeddable":true,"href":"https:\/\/auren.com\/ar\/wp-json\/wp\/v2\/new-category?post=13025"}],"curies":[{"name":"wp","href":"https:\/\/api.w.org\/{rel}","templated":true}]}}