{"id":13032,"date":"2024-10-17T14:33:59","date_gmt":"2024-10-17T12:33:59","guid":{"rendered":"https:\/\/auren.com\/ar\/new\/evento-auren-participo-de-las-jornadas-de-empleo-e-insercion-profesional\/"},"modified":"2024-10-17T14:33:59","modified_gmt":"2024-10-17T12:33:59","slug":"evento-auren-participo-de-las-jornadas-de-empleo-e-insercion-profesional","status":"publish","type":"new","link":"https:\/\/auren.com\/ar\/noticias\/evento-auren-participo-de-las-jornadas-de-empleo-e-insercion-profesional\/","title":{"rendered":"Evento | Auren particip\u00f3 de las Jornadas de Empleo e Inserci\u00f3n Profesional"},"content":{"rendered":"<p>Los pasados 8 y 9 de Octubre, con la participaci\u00f3n de m\u00e1s de 4.800 estudiantes y profesionales de la <a href=\"https:\/\/www.unc.edu.ar\/\">Universidad Nacional de C\u00f3rdoba<\/a>  y m\u00e1s de 40 empresas locales, regionales e internacionales, se llevaron a cabo las <strong>Jornadas de Empleo e Inserci\u00f3n Profesional<\/strong>  <\/p>\n<p>Bajo el lema\u00a0\u00abConectando talentos para transformar comunidades\u00bb,\u00a0se desarrollaron conferencias, talleres, sorteos, exposiciones de empresas y b\u00fasquedas laborales activas.<\/p>\n<p><a href=\"https:\/\/www.linkedin.com\/in\/pablo-centeno-9a2b0117\/\">Pablo Centeno<\/a>, Socio de la oficinas de <a href=\"https:\/\/auren.com\/ar\/\">Auren Argentina<\/a> en C\u00f3rdoba acompa\u00f1ado por <a href=\"https:\/\/www.linkedin.com\/in\/gast%C3%B3n-lippi\/\">Gast\u00f3n Lippi <\/a>particip\u00f3 de la exposici\u00f3n de las empresas, compartiendo sus conocimientos y experiencias en el mercado de empleo.<\/p>\n<figure class=\"wp-block-image size-large\"><img decoding=\"async\" width=\"1024\" height=\"683\" data-src=\"https:\/\/auren.com\/ar\/wp-content\/uploads\/migration\/2024\/10\/DSC_0518-1-1024x683.jpg\" alt=\"\" class=\"wp-image-21414 lazyload\" data-srcset=\"https:\/\/auren.com\/ar\/wp-content\/uploads\/migration\/2024\/10\/DSC_0518-1-1024x683.jpg 1024w, https:\/\/auren.com\/ar\/wp-content\/uploads\/migration\/2024\/10\/DSC_0518-1-300x200.jpg 300w, https:\/\/auren.com\/ar\/wp-content\/uploads\/migration\/2024\/10\/DSC_0518-1-768x512.jpg 768w, https:\/\/auren.com\/ar\/wp-content\/uploads\/migration\/2024\/10\/DSC_0518-1-1536x1024.jpg 1536w, https:\/\/auren.com\/ar\/wp-content\/uploads\/migration\/2024\/10\/DSC_0518-1-2048x1365.jpg 2048w\" data-sizes=\"auto, (max-width: 1024px) 100vw, 1024px\" src=\"data:image\/svg+xml;base64,PHN2ZyB3aWR0aD0iMSIgaGVpZ2h0PSIxIiB4bWxucz0iaHR0cDovL3d3dy53My5vcmcvMjAwMC9zdmciPjwvc3ZnPg==\" style=\"--smush-placeholder-width: 1024px; --smush-placeholder-aspect-ratio: 1024\/683;\" \/><\/figure>\n<figure class=\"wp-block-image size-large\"><img decoding=\"async\" width=\"1024\" height=\"683\" data-src=\"https:\/\/auren.com\/ar\/wp-content\/uploads\/migration\/2024\/10\/DSC_0519-1-1024x683.jpg\" alt=\"\" class=\"wp-image-21411 lazyload\" data-srcset=\"https:\/\/auren.com\/ar\/wp-content\/uploads\/migration\/2024\/10\/DSC_0519-1-1024x683.jpg 1024w, https:\/\/auren.com\/ar\/wp-content\/uploads\/migration\/2024\/10\/DSC_0519-1-300x200.jpg 300w, https:\/\/auren.com\/ar\/wp-content\/uploads\/migration\/2024\/10\/DSC_0519-1-768x512.jpg 768w, https:\/\/auren.com\/ar\/wp-content\/uploads\/migration\/2024\/10\/DSC_0519-1-1536x1024.jpg 1536w, https:\/\/auren.com\/ar\/wp-content\/uploads\/migration\/2024\/10\/DSC_0519-1-2048x1365.jpg 2048w\" data-sizes=\"auto, (max-width: 1024px) 100vw, 1024px\" src=\"data:image\/svg+xml;base64,PHN2ZyB3aWR0aD0iMSIgaGVpZ2h0PSIxIiB4bWxucz0iaHR0cDovL3d3dy53My5vcmcvMjAwMC9zdmciPjwvc3ZnPg==\" style=\"--smush-placeholder-width: 1024px; --smush-placeholder-aspect-ratio: 1024\/683;\" \/><\/figure>\n<\/p>\n<p><!-- AddThis Advanced Settings generic via filter on the_content --><!-- AddThis Share Buttons generic via filter on the_content --><\/p>\n","protected":false},"excerpt":{"rendered":"<p>Los pasados 8 y 9 de Octubre, con la participaci\u00f3n de m\u00e1s de 4.800 estudiantes y profesionales de la Universidad Nacional de C\u00f3rdoba y m\u00e1s de 40 empresas locales, regionales [&hellip;]<\/p>\n","protected":false},"featured_media":0,"template":"","meta":{"_acf_changed":false,"footnotes":""},"new-category":[],"class_list":["post-13032","new","type-new","status-publish","hentry"],"acf":[],"yoast_head":"<!-- This site is optimized with the Yoast SEO plugin v27.4 - https:\/\/yoast.com\/product\/yoast-seo-wordpress\/ -->\n<title>Evento | Auren particip\u00f3 de las Jornadas de Empleo e Inserci\u00f3n Profesional - Auren Argentina<\/title>\n<meta name=\"description\" content=\"Auren particip\u00f3 de las Jornadas de Empleo e Inserci\u00f3n Preofesional organizadas por la Universidad Nacional de C\u00f3rdoba.\" \/>\n<meta name=\"robots\" content=\"index, follow, max-snippet:-1, max-image-preview:large, max-video-preview:-1\" \/>\n<link rel=\"canonical\" href=\"https:\/\/auren.com\/ar\/noticias\/evento-auren-participo-de-las-jornadas-de-empleo-e-insercion-profesional\/\" \/>\n<meta property=\"og:locale\" content=\"es_ES\" \/>\n<meta property=\"og:type\" content=\"article\" \/>\n<meta property=\"og:title\" content=\"Evento | Auren particip\u00f3 de las Jornadas de Empleo e Inserci\u00f3n Profesional - Auren Argentina\" \/>\n<meta property=\"og:description\" content=\"Auren particip\u00f3 de las Jornadas de Empleo e Inserci\u00f3n Preofesional organizadas por la Universidad Nacional de C\u00f3rdoba.\" \/>\n<meta property=\"og:url\" content=\"https:\/\/auren.com\/ar\/noticias\/evento-auren-participo-de-las-jornadas-de-empleo-e-insercion-profesional\/\" \/>\n<meta property=\"og:site_name\" content=\"Auren Argentina\" \/>\n<meta property=\"article:publisher\" content=\"https:\/\/www.facebook.com\/AurenArg\/\" \/>\n<meta name=\"twitter:card\" content=\"summary_large_image\" \/>\n<meta name=\"twitter:site\" content=\"@AUREN_Argentina\" \/>\n<meta name=\"twitter:label1\" content=\"Tiempo de lectura\" \/>\n\t<meta name=\"twitter:data1\" content=\"1 minuto\" \/>\n<script type=\"application\/ld+json\" class=\"yoast-schema-graph\">{\"@context\":\"https:\\\/\\\/schema.org\",\"@graph\":[{\"@type\":\"WebPage\",\"@id\":\"https:\\\/\\\/auren.com\\\/ar\\\/noticias\\\/evento-auren-participo-de-las-jornadas-de-empleo-e-insercion-profesional\\\/\",\"url\":\"https:\\\/\\\/auren.com\\\/ar\\\/noticias\\\/evento-auren-participo-de-las-jornadas-de-empleo-e-insercion-profesional\\\/\",\"name\":\"Evento | Auren particip\u00f3 de las Jornadas de Empleo e Inserci\u00f3n Profesional - Auren Argentina\",\"isPartOf\":{\"@id\":\"https:\\\/\\\/auren.com\\\/ar\\\/#website\"},\"primaryImageOfPage\":{\"@id\":\"https:\\\/\\\/auren.com\\\/ar\\\/noticias\\\/evento-auren-participo-de-las-jornadas-de-empleo-e-insercion-profesional\\\/#primaryimage\"},\"image\":{\"@id\":\"https:\\\/\\\/auren.com\\\/ar\\\/noticias\\\/evento-auren-participo-de-las-jornadas-de-empleo-e-insercion-profesional\\\/#primaryimage\"},\"thumbnailUrl\":\"https:\\\/\\\/auren.com\\\/ar\\\/wp-content\\\/uploads\\\/migration\\\/2024\\\/10\\\/DSC_0518-1-1024x683.jpg\",\"datePublished\":\"2024-10-17T12:33:59+00:00\",\"description\":\"Auren particip\u00f3 de las Jornadas de Empleo e Inserci\u00f3n Preofesional organizadas por la Universidad Nacional de C\u00f3rdoba.\",\"breadcrumb\":{\"@id\":\"https:\\\/\\\/auren.com\\\/ar\\\/noticias\\\/evento-auren-participo-de-las-jornadas-de-empleo-e-insercion-profesional\\\/#breadcrumb\"},\"inLanguage\":\"es\",\"potentialAction\":[{\"@type\":\"ReadAction\",\"target\":[\"https:\\\/\\\/auren.com\\\/ar\\\/noticias\\\/evento-auren-participo-de-las-jornadas-de-empleo-e-insercion-profesional\\\/\"]}]},{\"@type\":\"ImageObject\",\"inLanguage\":\"es\",\"@id\":\"https:\\\/\\\/auren.com\\\/ar\\\/noticias\\\/evento-auren-participo-de-las-jornadas-de-empleo-e-insercion-profesional\\\/#primaryimage\",\"url\":\"\",\"contentUrl\":\"\"},{\"@type\":\"BreadcrumbList\",\"@id\":\"https:\\\/\\\/auren.com\\\/ar\\\/noticias\\\/evento-auren-participo-de-las-jornadas-de-empleo-e-insercion-profesional\\\/#breadcrumb\",\"itemListElement\":[{\"@type\":\"ListItem\",\"position\":1,\"name\":\"Portada\",\"item\":\"https:\\\/\\\/auren.com\\\/ar\\\/\"},{\"@type\":\"ListItem\",\"position\":2,\"name\":\"Evento | Auren particip\u00f3 de las Jornadas de Empleo e Inserci\u00f3n Profesional\"}]},{\"@type\":\"WebSite\",\"@id\":\"https:\\\/\\\/auren.com\\\/ar\\\/#website\",\"url\":\"https:\\\/\\\/auren.com\\\/ar\\\/\",\"name\":\"Auren Argentina\",\"description\":\"\",\"publisher\":{\"@id\":\"https:\\\/\\\/auren.com\\\/ar\\\/#organization\"},\"potentialAction\":[{\"@type\":\"SearchAction\",\"target\":{\"@type\":\"EntryPoint\",\"urlTemplate\":\"https:\\\/\\\/auren.com\\\/ar\\\/?s={search_term_string}\"},\"query-input\":{\"@type\":\"PropertyValueSpecification\",\"valueRequired\":true,\"valueName\":\"search_term_string\"}}],\"inLanguage\":\"es\"},{\"@type\":\"Organization\",\"@id\":\"https:\\\/\\\/auren.com\\\/ar\\\/#organization\",\"name\":\"Auren Argentina\",\"url\":\"https:\\\/\\\/auren.com\\\/ar\\\/\",\"logo\":{\"@type\":\"ImageObject\",\"inLanguage\":\"es\",\"@id\":\"https:\\\/\\\/auren.com\\\/ar\\\/#\\\/schema\\\/logo\\\/image\\\/\",\"url\":\"https:\\\/\\\/auren.com\\\/ar\\\/wp-content\\\/uploads\\\/2025\\\/01\\\/cropped-cropped-favicon-Auren.png\",\"contentUrl\":\"https:\\\/\\\/auren.com\\\/ar\\\/wp-content\\\/uploads\\\/2025\\\/01\\\/cropped-cropped-favicon-Auren.png\",\"width\":512,\"height\":512,\"caption\":\"Auren Argentina\"},\"image\":{\"@id\":\"https:\\\/\\\/auren.com\\\/ar\\\/#\\\/schema\\\/logo\\\/image\\\/\"},\"sameAs\":[\"https:\\\/\\\/www.facebook.com\\\/AurenArg\\\/\",\"https:\\\/\\\/x.com\\\/AUREN_Argentina\",\"https:\\\/\\\/www.linkedin.com\\\/company\\\/aurenargentina\",\"https:\\\/\\\/www.youtube.com\\\/channel\\\/UCSCseiHMECB0uMBGF9wtjSw\",\"https:\\\/\\\/www.instagram.com\\\/aurenargentina\\\/\"]}]}<\/script>\n<!-- \/ Yoast SEO plugin. -->","yoast_head_json":{"title":"Evento | Auren particip\u00f3 de las Jornadas de Empleo e Inserci\u00f3n Profesional - Auren Argentina","description":"Auren particip\u00f3 de las Jornadas de Empleo e Inserci\u00f3n Preofesional organizadas por la Universidad Nacional de C\u00f3rdoba.","robots":{"index":"index","follow":"follow","max-snippet":"max-snippet:-1","max-image-preview":"max-image-preview:large","max-video-preview":"max-video-preview:-1"},"canonical":"https:\/\/auren.com\/ar\/noticias\/evento-auren-participo-de-las-jornadas-de-empleo-e-insercion-profesional\/","og_locale":"es_ES","og_type":"article","og_title":"Evento | Auren particip\u00f3 de las Jornadas de Empleo e Inserci\u00f3n Profesional - Auren Argentina","og_description":"Auren particip\u00f3 de las Jornadas de Empleo e Inserci\u00f3n Preofesional organizadas por la Universidad Nacional de C\u00f3rdoba.","og_url":"https:\/\/auren.com\/ar\/noticias\/evento-auren-participo-de-las-jornadas-de-empleo-e-insercion-profesional\/","og_site_name":"Auren Argentina","article_publisher":"https:\/\/www.facebook.com\/AurenArg\/","twitter_card":"summary_large_image","twitter_site":"@AUREN_Argentina","twitter_misc":{"Tiempo de lectura":"1 minuto"},"schema":{"@context":"https:\/\/schema.org","@graph":[{"@type":"WebPage","@id":"https:\/\/auren.com\/ar\/noticias\/evento-auren-participo-de-las-jornadas-de-empleo-e-insercion-profesional\/","url":"https:\/\/auren.com\/ar\/noticias\/evento-auren-participo-de-las-jornadas-de-empleo-e-insercion-profesional\/","name":"Evento | Auren particip\u00f3 de las Jornadas de Empleo e Inserci\u00f3n Profesional - Auren Argentina","isPartOf":{"@id":"https:\/\/auren.com\/ar\/#website"},"primaryImageOfPage":{"@id":"https:\/\/auren.com\/ar\/noticias\/evento-auren-participo-de-las-jornadas-de-empleo-e-insercion-profesional\/#primaryimage"},"image":{"@id":"https:\/\/auren.com\/ar\/noticias\/evento-auren-participo-de-las-jornadas-de-empleo-e-insercion-profesional\/#primaryimage"},"thumbnailUrl":"https:\/\/auren.com\/ar\/wp-content\/uploads\/migration\/2024\/10\/DSC_0518-1-1024x683.jpg","datePublished":"2024-10-17T12:33:59+00:00","description":"Auren particip\u00f3 de las Jornadas de Empleo e Inserci\u00f3n Preofesional organizadas por la Universidad Nacional de C\u00f3rdoba.","breadcrumb":{"@id":"https:\/\/auren.com\/ar\/noticias\/evento-auren-participo-de-las-jornadas-de-empleo-e-insercion-profesional\/#breadcrumb"},"inLanguage":"es","potentialAction":[{"@type":"ReadAction","target":["https:\/\/auren.com\/ar\/noticias\/evento-auren-participo-de-las-jornadas-de-empleo-e-insercion-profesional\/"]}]},{"@type":"ImageObject","inLanguage":"es","@id":"https:\/\/auren.com\/ar\/noticias\/evento-auren-participo-de-las-jornadas-de-empleo-e-insercion-profesional\/#primaryimage","url":"","contentUrl":""},{"@type":"BreadcrumbList","@id":"https:\/\/auren.com\/ar\/noticias\/evento-auren-participo-de-las-jornadas-de-empleo-e-insercion-profesional\/#breadcrumb","itemListElement":[{"@type":"ListItem","position":1,"name":"Portada","item":"https:\/\/auren.com\/ar\/"},{"@type":"ListItem","position":2,"name":"Evento | Auren particip\u00f3 de las Jornadas de Empleo e Inserci\u00f3n Profesional"}]},{"@type":"WebSite","@id":"https:\/\/auren.com\/ar\/#website","url":"https:\/\/auren.com\/ar\/","name":"Auren Argentina","description":"","publisher":{"@id":"https:\/\/auren.com\/ar\/#organization"},"potentialAction":[{"@type":"SearchAction","target":{"@type":"EntryPoint","urlTemplate":"https:\/\/auren.com\/ar\/?s={search_term_string}"},"query-input":{"@type":"PropertyValueSpecification","valueRequired":true,"valueName":"search_term_string"}}],"inLanguage":"es"},{"@type":"Organization","@id":"https:\/\/auren.com\/ar\/#organization","name":"Auren Argentina","url":"https:\/\/auren.com\/ar\/","logo":{"@type":"ImageObject","inLanguage":"es","@id":"https:\/\/auren.com\/ar\/#\/schema\/logo\/image\/","url":"https:\/\/auren.com\/ar\/wp-content\/uploads\/2025\/01\/cropped-cropped-favicon-Auren.png","contentUrl":"https:\/\/auren.com\/ar\/wp-content\/uploads\/2025\/01\/cropped-cropped-favicon-Auren.png","width":512,"height":512,"caption":"Auren Argentina"},"image":{"@id":"https:\/\/auren.com\/ar\/#\/schema\/logo\/image\/"},"sameAs":["https:\/\/www.facebook.com\/AurenArg\/","https:\/\/x.com\/AUREN_Argentina","https:\/\/www.linkedin.com\/company\/aurenargentina","https:\/\/www.youtube.com\/channel\/UCSCseiHMECB0uMBGF9wtjSw","https:\/\/www.instagram.com\/aurenargentina\/"]}]}},"_links":{"self":[{"href":"https:\/\/auren.com\/ar\/wp-json\/wp\/v2\/new\/13032","targetHints":{"allow":["GET"]}}],"collection":[{"href":"https:\/\/auren.com\/ar\/wp-json\/wp\/v2\/new"}],"about":[{"href":"https:\/\/auren.com\/ar\/wp-json\/wp\/v2\/types\/new"}],"version-history":[{"count":0,"href":"https:\/\/auren.com\/ar\/wp-json\/wp\/v2\/new\/13032\/revisions"}],"wp:attachment":[{"href":"https:\/\/auren.com\/ar\/wp-json\/wp\/v2\/media?parent=13032"}],"wp:term":[{"taxonomy":"new-category","embeddable":true,"href":"https:\/\/auren.com\/ar\/wp-json\/wp\/v2\/new-category?post=13032"}],"curies":[{"name":"wp","href":"https:\/\/api.w.org\/{rel}","templated":true}]}}