{"id":13043,"date":"2024-10-04T10:20:34","date_gmt":"2024-10-04T08:20:34","guid":{"rendered":"https:\/\/auren.com\/ar\/new\/prensa-blanqueo-la-afip-recibio-los-primeros-datos-de-informacion-financiera-de-estados-unidos-iprofesional-1-10-2024\/"},"modified":"2024-10-04T10:20:34","modified_gmt":"2024-10-04T08:20:34","slug":"prensa-blanqueo-la-afip-recibio-los-primeros-datos-de-informacion-financiera-de-estados-unidos-iprofesional-1-10-2024","status":"publish","type":"new","link":"https:\/\/auren.com\/ar\/noticias\/prensa-blanqueo-la-afip-recibio-los-primeros-datos-de-informacion-financiera-de-estados-unidos-iprofesional-1-10-2024\/","title":{"rendered":"Prensa| Blanqueo: la AFIP recibi\u00f3 los primeros datos de informaci\u00f3n financiera de Estados Unidos (iProfesional 1.10.2024)"},"content":{"rendered":"<p>Este lunes 30 de septiembre entr\u00f3 en vigencia el intercambio de informaci\u00f3n bajo el Acuerdo FATCA, mediante el cual\u00a0<a href=\"https:\/\/www.iprofesional.com\/impuestos\/412223-blanqueo-afip-claves-acuerdo-argentina-estados-unidos\" target=\"_blank\" rel=\"noreferrer noopener\">Argentina y Estados Unidos se comprometen a intercambiar informaci\u00f3n financiera<\/a>\u00a0de manera autom\u00e1tica.<\/p>\n<p>Este acuerdo permite que ambos pa\u00edses\u00a0<a href=\"https:\/\/www.iprofesional.com\/economia\/412796-blanqueo-capitales-afip-recibe-informacion-sobre-cuentas-argentinos-estados-unidos\" target=\"_blank\" rel=\"noreferrer noopener\">compartan informaci\u00f3n sobre las cuentas financieras<\/a>\u00a0de residentes argentinos en EE.UU. y, de manera rec\u00edproca, sobre las cuentas de ciudadanos o residentes estadounidenses en Argentina. Los datos a intercambiar\u00a0<strong>incluyen las cuentas existentes al 31 de diciembre de 2023<\/strong>.<\/p>\n<p>En este contexto, la Administraci\u00f3n Federal de Ingresos P\u00fablicos (AFIP) recibi\u00f3 la primera tanda de datos sobre cuentas financieras de contribuyentes argentinos en los Estados Unidos. El acuerdo fue suscripto con el ex embajador de los Estados Unidos en la Argentina, Noah Mamet, en diciembre de 2016, durante la gesti\u00f3n del ex titular de la AFIP, Alberto Abad y el ex ministro de Hacienda y Finanzas P\u00fablicas, Alfonso Prat-Gay, entonces presidencia del Mauricio Macri.<\/p>\n<p>De la misma manera, la entidad que conduce hoy Florencia Misrahi envi\u00f3 lo propio referido a ciudadanos norteamericanos con cuentas financieras en la&nbsp; Argentina.<\/p>\n<p>Dicha reciprocidad de informaci\u00f3n se produce \u00fanicamente cuando los Estados participantes cumplen con todas las condiciones de seguridad e infraestructura necesarias para garantizar la confidencialidad de la informaci\u00f3n.&nbsp;<\/p>\n<h2 class=\"wp-block-heading\">C\u00f3mo saber cu\u00e1ndo la AFIP tiene datos de cuentas de argentinos en Estados Unidos<\/h2>\n<p>Si sabe que tiene una cuenta a diciembre del 2023 en Estados Unidos sin declarar, y esa cuenta l\u00f3gicamente lleg\u00f3 ahora en estos\u00a0<a href=\"https:\/\/www.iprofesional.com\/impuestos\/401942-cuando-eeuu-informara-cuentas-bancarias-de-argentinos-por-fatca\" target=\"_blank\" rel=\"noreferrer noopener\">datos autom\u00e1ticos por FATCA<\/a>, el contribuyente debe ingresar al blanqueo.\u00a0<strong>Tambi\u00e9n si el titular sabe que esa cuenta tuvo m\u00e1s de 10 d\u00f3lares de intereses o de dividendos<\/strong>, por eso est\u00e1 informado, asegura<a href=\"https:\/\/www.linkedin.com\/in\/gabrielhermida\/\"> Gabriel Hermida<\/a>, socio de <a href=\"https:\/\/auren.com\/ar\/servicios\/tax-legal\/\">Impuestos<\/a> de <a href=\"https:\/\/auren.com\/ar\/\">Auren<\/a>.<\/p>\n<p>Leer la nota completa en <a href=\"https:\/\/www.iprofesional.com\/impuestos\/414507-la-afip-realizo-el-primer-intercambio-de-informacion-financiera-con-ee-uu-\">iProfesional<\/a><\/p>\n<p><!-- AddThis Advanced Settings generic via filter on the_content --><!-- AddThis Share Buttons generic via filter on the_content --><\/p>\n","protected":false},"excerpt":{"rendered":"<p>Este lunes 30 de septiembre entr\u00f3 en vigencia el intercambio de informaci\u00f3n bajo el Acuerdo FATCA, mediante el cual\u00a0Argentina y Estados Unidos se comprometen a intercambiar informaci\u00f3n financiera\u00a0de manera autom\u00e1tica. [&hellip;]<\/p>\n","protected":false},"featured_media":13044,"template":"","meta":{"_acf_changed":false,"footnotes":""},"new-category":[],"class_list":["post-13043","new","type-new","status-publish","has-post-thumbnail","hentry"],"acf":[],"yoast_head":"<!-- This site is optimized with the Yoast SEO plugin v27.4 - https:\/\/yoast.com\/product\/yoast-seo-wordpress\/ -->\n<title>Prensa| Blanqueo: la AFIP recibi\u00f3 los primeros datos de informaci\u00f3n financiera de Estados Unidos (iProfesional 1.10.2024) - Auren Argentina<\/title>\n<meta name=\"description\" content=\"Blanqueo.\u00a0Argentina y Estados Unidos se comprometen a intercambiar informaci\u00f3n financiera\u00a0de manera autom\u00e1tica.\" \/>\n<meta name=\"robots\" content=\"index, follow, max-snippet:-1, max-image-preview:large, max-video-preview:-1\" \/>\n<link rel=\"canonical\" href=\"https:\/\/auren.com\/ar\/noticias\/prensa-blanqueo-la-afip-recibio-los-primeros-datos-de-informacion-financiera-de-estados-unidos-iprofesional-1-10-2024\/\" \/>\n<meta property=\"og:locale\" content=\"es_ES\" \/>\n<meta property=\"og:type\" content=\"article\" \/>\n<meta property=\"og:title\" content=\"Prensa| Blanqueo: la AFIP recibi\u00f3 los primeros datos de informaci\u00f3n financiera de Estados Unidos (iProfesional 1.10.2024) - Auren Argentina\" \/>\n<meta property=\"og:description\" content=\"Blanqueo.\u00a0Argentina y Estados Unidos se comprometen a intercambiar informaci\u00f3n financiera\u00a0de manera autom\u00e1tica.\" \/>\n<meta property=\"og:url\" content=\"https:\/\/auren.com\/ar\/noticias\/prensa-blanqueo-la-afip-recibio-los-primeros-datos-de-informacion-financiera-de-estados-unidos-iprofesional-1-10-2024\/\" \/>\n<meta property=\"og:site_name\" content=\"Auren Argentina\" \/>\n<meta property=\"article:publisher\" content=\"https:\/\/www.facebook.com\/AurenArg\/\" \/>\n<meta property=\"og:image\" content=\"https:\/\/auren.com\/ar\/wp-content\/uploads\/2024\/10\/IMAGEN-1-4.png\" \/>\n\t<meta property=\"og:image:width\" content=\"477\" \/>\n\t<meta property=\"og:image:height\" content=\"375\" \/>\n\t<meta property=\"og:image:type\" content=\"image\/png\" \/>\n<meta name=\"twitter:card\" content=\"summary_large_image\" \/>\n<meta name=\"twitter:site\" content=\"@AUREN_Argentina\" \/>\n<meta name=\"twitter:label1\" content=\"Tiempo de lectura\" \/>\n\t<meta name=\"twitter:data1\" content=\"2 minutos\" \/>\n<script type=\"application\/ld+json\" class=\"yoast-schema-graph\">{\"@context\":\"https:\\\/\\\/schema.org\",\"@graph\":[{\"@type\":\"WebPage\",\"@id\":\"https:\\\/\\\/auren.com\\\/ar\\\/noticias\\\/prensa-blanqueo-la-afip-recibio-los-primeros-datos-de-informacion-financiera-de-estados-unidos-iprofesional-1-10-2024\\\/\",\"url\":\"https:\\\/\\\/auren.com\\\/ar\\\/noticias\\\/prensa-blanqueo-la-afip-recibio-los-primeros-datos-de-informacion-financiera-de-estados-unidos-iprofesional-1-10-2024\\\/\",\"name\":\"Prensa| Blanqueo: la AFIP recibi\u00f3 los primeros datos de informaci\u00f3n financiera de Estados Unidos (iProfesional 1.10.2024) - Auren Argentina\",\"isPartOf\":{\"@id\":\"https:\\\/\\\/auren.com\\\/ar\\\/#website\"},\"primaryImageOfPage\":{\"@id\":\"https:\\\/\\\/auren.com\\\/ar\\\/noticias\\\/prensa-blanqueo-la-afip-recibio-los-primeros-datos-de-informacion-financiera-de-estados-unidos-iprofesional-1-10-2024\\\/#primaryimage\"},\"image\":{\"@id\":\"https:\\\/\\\/auren.com\\\/ar\\\/noticias\\\/prensa-blanqueo-la-afip-recibio-los-primeros-datos-de-informacion-financiera-de-estados-unidos-iprofesional-1-10-2024\\\/#primaryimage\"},\"thumbnailUrl\":\"https:\\\/\\\/auren.com\\\/ar\\\/wp-content\\\/uploads\\\/2024\\\/10\\\/IMAGEN-1-4.png\",\"datePublished\":\"2024-10-04T08:20:34+00:00\",\"description\":\"Blanqueo.\u00a0Argentina y Estados Unidos se comprometen a intercambiar informaci\u00f3n financiera\u00a0de manera autom\u00e1tica.\",\"breadcrumb\":{\"@id\":\"https:\\\/\\\/auren.com\\\/ar\\\/noticias\\\/prensa-blanqueo-la-afip-recibio-los-primeros-datos-de-informacion-financiera-de-estados-unidos-iprofesional-1-10-2024\\\/#breadcrumb\"},\"inLanguage\":\"es\",\"potentialAction\":[{\"@type\":\"ReadAction\",\"target\":[\"https:\\\/\\\/auren.com\\\/ar\\\/noticias\\\/prensa-blanqueo-la-afip-recibio-los-primeros-datos-de-informacion-financiera-de-estados-unidos-iprofesional-1-10-2024\\\/\"]}]},{\"@type\":\"ImageObject\",\"inLanguage\":\"es\",\"@id\":\"https:\\\/\\\/auren.com\\\/ar\\\/noticias\\\/prensa-blanqueo-la-afip-recibio-los-primeros-datos-de-informacion-financiera-de-estados-unidos-iprofesional-1-10-2024\\\/#primaryimage\",\"url\":\"https:\\\/\\\/auren.com\\\/ar\\\/wp-content\\\/uploads\\\/2024\\\/10\\\/IMAGEN-1-4.png\",\"contentUrl\":\"https:\\\/\\\/auren.com\\\/ar\\\/wp-content\\\/uploads\\\/2024\\\/10\\\/IMAGEN-1-4.png\",\"width\":477,\"height\":375},{\"@type\":\"BreadcrumbList\",\"@id\":\"https:\\\/\\\/auren.com\\\/ar\\\/noticias\\\/prensa-blanqueo-la-afip-recibio-los-primeros-datos-de-informacion-financiera-de-estados-unidos-iprofesional-1-10-2024\\\/#breadcrumb\",\"itemListElement\":[{\"@type\":\"ListItem\",\"position\":1,\"name\":\"Portada\",\"item\":\"https:\\\/\\\/auren.com\\\/ar\\\/\"},{\"@type\":\"ListItem\",\"position\":2,\"name\":\"Prensa| Blanqueo: la AFIP recibi\u00f3 los primeros datos de informaci\u00f3n financiera de Estados Unidos (iProfesional 1.10.2024)\"}]},{\"@type\":\"WebSite\",\"@id\":\"https:\\\/\\\/auren.com\\\/ar\\\/#website\",\"url\":\"https:\\\/\\\/auren.com\\\/ar\\\/\",\"name\":\"Auren Argentina\",\"description\":\"\",\"publisher\":{\"@id\":\"https:\\\/\\\/auren.com\\\/ar\\\/#organization\"},\"potentialAction\":[{\"@type\":\"SearchAction\",\"target\":{\"@type\":\"EntryPoint\",\"urlTemplate\":\"https:\\\/\\\/auren.com\\\/ar\\\/?s={search_term_string}\"},\"query-input\":{\"@type\":\"PropertyValueSpecification\",\"valueRequired\":true,\"valueName\":\"search_term_string\"}}],\"inLanguage\":\"es\"},{\"@type\":\"Organization\",\"@id\":\"https:\\\/\\\/auren.com\\\/ar\\\/#organization\",\"name\":\"Auren Argentina\",\"url\":\"https:\\\/\\\/auren.com\\\/ar\\\/\",\"logo\":{\"@type\":\"ImageObject\",\"inLanguage\":\"es\",\"@id\":\"https:\\\/\\\/auren.com\\\/ar\\\/#\\\/schema\\\/logo\\\/image\\\/\",\"url\":\"https:\\\/\\\/auren.com\\\/ar\\\/wp-content\\\/uploads\\\/2025\\\/01\\\/cropped-cropped-favicon-Auren.png\",\"contentUrl\":\"https:\\\/\\\/auren.com\\\/ar\\\/wp-content\\\/uploads\\\/2025\\\/01\\\/cropped-cropped-favicon-Auren.png\",\"width\":512,\"height\":512,\"caption\":\"Auren Argentina\"},\"image\":{\"@id\":\"https:\\\/\\\/auren.com\\\/ar\\\/#\\\/schema\\\/logo\\\/image\\\/\"},\"sameAs\":[\"https:\\\/\\\/www.facebook.com\\\/AurenArg\\\/\",\"https:\\\/\\\/x.com\\\/AUREN_Argentina\",\"https:\\\/\\\/www.linkedin.com\\\/company\\\/aurenargentina\",\"https:\\\/\\\/www.youtube.com\\\/channel\\\/UCSCseiHMECB0uMBGF9wtjSw\",\"https:\\\/\\\/www.instagram.com\\\/aurenargentina\\\/\"]}]}<\/script>\n<!-- \/ Yoast SEO plugin. -->","yoast_head_json":{"title":"Prensa| Blanqueo: la AFIP recibi\u00f3 los primeros datos de informaci\u00f3n financiera de Estados Unidos (iProfesional 1.10.2024) - Auren Argentina","description":"Blanqueo.\u00a0Argentina y Estados Unidos se comprometen a intercambiar informaci\u00f3n financiera\u00a0de manera autom\u00e1tica.","robots":{"index":"index","follow":"follow","max-snippet":"max-snippet:-1","max-image-preview":"max-image-preview:large","max-video-preview":"max-video-preview:-1"},"canonical":"https:\/\/auren.com\/ar\/noticias\/prensa-blanqueo-la-afip-recibio-los-primeros-datos-de-informacion-financiera-de-estados-unidos-iprofesional-1-10-2024\/","og_locale":"es_ES","og_type":"article","og_title":"Prensa| Blanqueo: la AFIP recibi\u00f3 los primeros datos de informaci\u00f3n financiera de Estados Unidos (iProfesional 1.10.2024) - Auren Argentina","og_description":"Blanqueo.\u00a0Argentina y Estados Unidos se comprometen a intercambiar informaci\u00f3n financiera\u00a0de manera autom\u00e1tica.","og_url":"https:\/\/auren.com\/ar\/noticias\/prensa-blanqueo-la-afip-recibio-los-primeros-datos-de-informacion-financiera-de-estados-unidos-iprofesional-1-10-2024\/","og_site_name":"Auren Argentina","article_publisher":"https:\/\/www.facebook.com\/AurenArg\/","og_image":[{"width":477,"height":375,"url":"https:\/\/auren.com\/ar\/wp-content\/uploads\/2024\/10\/IMAGEN-1-4.png","type":"image\/png"}],"twitter_card":"summary_large_image","twitter_site":"@AUREN_Argentina","twitter_misc":{"Tiempo de lectura":"2 minutos"},"schema":{"@context":"https:\/\/schema.org","@graph":[{"@type":"WebPage","@id":"https:\/\/auren.com\/ar\/noticias\/prensa-blanqueo-la-afip-recibio-los-primeros-datos-de-informacion-financiera-de-estados-unidos-iprofesional-1-10-2024\/","url":"https:\/\/auren.com\/ar\/noticias\/prensa-blanqueo-la-afip-recibio-los-primeros-datos-de-informacion-financiera-de-estados-unidos-iprofesional-1-10-2024\/","name":"Prensa| Blanqueo: la AFIP recibi\u00f3 los primeros datos de informaci\u00f3n financiera de Estados Unidos (iProfesional 1.10.2024) - Auren Argentina","isPartOf":{"@id":"https:\/\/auren.com\/ar\/#website"},"primaryImageOfPage":{"@id":"https:\/\/auren.com\/ar\/noticias\/prensa-blanqueo-la-afip-recibio-los-primeros-datos-de-informacion-financiera-de-estados-unidos-iprofesional-1-10-2024\/#primaryimage"},"image":{"@id":"https:\/\/auren.com\/ar\/noticias\/prensa-blanqueo-la-afip-recibio-los-primeros-datos-de-informacion-financiera-de-estados-unidos-iprofesional-1-10-2024\/#primaryimage"},"thumbnailUrl":"https:\/\/auren.com\/ar\/wp-content\/uploads\/2024\/10\/IMAGEN-1-4.png","datePublished":"2024-10-04T08:20:34+00:00","description":"Blanqueo.\u00a0Argentina y Estados Unidos se comprometen a intercambiar informaci\u00f3n financiera\u00a0de manera autom\u00e1tica.","breadcrumb":{"@id":"https:\/\/auren.com\/ar\/noticias\/prensa-blanqueo-la-afip-recibio-los-primeros-datos-de-informacion-financiera-de-estados-unidos-iprofesional-1-10-2024\/#breadcrumb"},"inLanguage":"es","potentialAction":[{"@type":"ReadAction","target":["https:\/\/auren.com\/ar\/noticias\/prensa-blanqueo-la-afip-recibio-los-primeros-datos-de-informacion-financiera-de-estados-unidos-iprofesional-1-10-2024\/"]}]},{"@type":"ImageObject","inLanguage":"es","@id":"https:\/\/auren.com\/ar\/noticias\/prensa-blanqueo-la-afip-recibio-los-primeros-datos-de-informacion-financiera-de-estados-unidos-iprofesional-1-10-2024\/#primaryimage","url":"https:\/\/auren.com\/ar\/wp-content\/uploads\/2024\/10\/IMAGEN-1-4.png","contentUrl":"https:\/\/auren.com\/ar\/wp-content\/uploads\/2024\/10\/IMAGEN-1-4.png","width":477,"height":375},{"@type":"BreadcrumbList","@id":"https:\/\/auren.com\/ar\/noticias\/prensa-blanqueo-la-afip-recibio-los-primeros-datos-de-informacion-financiera-de-estados-unidos-iprofesional-1-10-2024\/#breadcrumb","itemListElement":[{"@type":"ListItem","position":1,"name":"Portada","item":"https:\/\/auren.com\/ar\/"},{"@type":"ListItem","position":2,"name":"Prensa| Blanqueo: la AFIP recibi\u00f3 los primeros datos de informaci\u00f3n financiera de Estados Unidos (iProfesional 1.10.2024)"}]},{"@type":"WebSite","@id":"https:\/\/auren.com\/ar\/#website","url":"https:\/\/auren.com\/ar\/","name":"Auren Argentina","description":"","publisher":{"@id":"https:\/\/auren.com\/ar\/#organization"},"potentialAction":[{"@type":"SearchAction","target":{"@type":"EntryPoint","urlTemplate":"https:\/\/auren.com\/ar\/?s={search_term_string}"},"query-input":{"@type":"PropertyValueSpecification","valueRequired":true,"valueName":"search_term_string"}}],"inLanguage":"es"},{"@type":"Organization","@id":"https:\/\/auren.com\/ar\/#organization","name":"Auren Argentina","url":"https:\/\/auren.com\/ar\/","logo":{"@type":"ImageObject","inLanguage":"es","@id":"https:\/\/auren.com\/ar\/#\/schema\/logo\/image\/","url":"https:\/\/auren.com\/ar\/wp-content\/uploads\/2025\/01\/cropped-cropped-favicon-Auren.png","contentUrl":"https:\/\/auren.com\/ar\/wp-content\/uploads\/2025\/01\/cropped-cropped-favicon-Auren.png","width":512,"height":512,"caption":"Auren Argentina"},"image":{"@id":"https:\/\/auren.com\/ar\/#\/schema\/logo\/image\/"},"sameAs":["https:\/\/www.facebook.com\/AurenArg\/","https:\/\/x.com\/AUREN_Argentina","https:\/\/www.linkedin.com\/company\/aurenargentina","https:\/\/www.youtube.com\/channel\/UCSCseiHMECB0uMBGF9wtjSw","https:\/\/www.instagram.com\/aurenargentina\/"]}]}},"_links":{"self":[{"href":"https:\/\/auren.com\/ar\/wp-json\/wp\/v2\/new\/13043","targetHints":{"allow":["GET"]}}],"collection":[{"href":"https:\/\/auren.com\/ar\/wp-json\/wp\/v2\/new"}],"about":[{"href":"https:\/\/auren.com\/ar\/wp-json\/wp\/v2\/types\/new"}],"version-history":[{"count":0,"href":"https:\/\/auren.com\/ar\/wp-json\/wp\/v2\/new\/13043\/revisions"}],"wp:featuredmedia":[{"embeddable":true,"href":"https:\/\/auren.com\/ar\/wp-json\/wp\/v2\/media\/13044"}],"wp:attachment":[{"href":"https:\/\/auren.com\/ar\/wp-json\/wp\/v2\/media?parent=13043"}],"wp:term":[{"taxonomy":"new-category","embeddable":true,"href":"https:\/\/auren.com\/ar\/wp-json\/wp\/v2\/new-category?post=13043"}],"curies":[{"name":"wp","href":"https:\/\/api.w.org\/{rel}","templated":true}]}}