{"id":13054,"date":"2024-09-26T11:02:59","date_gmt":"2024-09-26T09:02:59","guid":{"rendered":"https:\/\/auren.com\/ar\/new\/prensa-polemica-por-kits-bienvenida-son-de-la-empresa-o-del-empleado-cuando-renuncia-iproup-24-09-2024\/"},"modified":"2024-09-26T11:02:59","modified_gmt":"2024-09-26T09:02:59","slug":"prensa-polemica-por-kits-bienvenida-son-de-la-empresa-o-del-empleado-cuando-renuncia-iproup-24-09-2024","status":"publish","type":"new","link":"https:\/\/auren.com\/ar\/noticias\/prensa-polemica-por-kits-bienvenida-son-de-la-empresa-o-del-empleado-cuando-renuncia-iproup-24-09-2024\/","title":{"rendered":"Prensa| Pol\u00e9mica por kits bienvenida: \u00bfSon de la empresa o del empleado cuando renuncia? (iProUp 24.09.2024)"},"content":{"rendered":"<p>Una consultora fue tendencia en X por haber pedido a un colaborador que devolviera el paquete de onboarding al renunciar. Pros y contras de estas acciones.<\/p>\n<p>\u00abMe voy de Accenture despu\u00e9s de casi 4 a\u00f1os y&nbsp;<strong>tengo que devolver la mochila porque si no me la descuentan de la liquidaci\u00f3n final<\/strong>\u00ab, sentenci\u00f3 @DerMandelbaum en X, la red social antes conocida como Twitter.<\/p>\n<p>Y no solo es la mochila, es todo lo que incluye el&nbsp;<strong><em>merch<\/em>&nbsp;<\/strong>(auriculares, mouse, y s\u00ed, la taza tambi\u00e9n) y, por supuesto, la&nbsp;<strong>notebook<\/strong>&nbsp;si es que le dieron una al colaborador.<\/p>\n<p>Si bien la empresa fue\u00a0<em>escrachada<\/em>\u00a0en redes sociales, no es la \u00fanica que tiene esta pr\u00e1ctica.<\/p>\n<p>(&#8230;)<\/p>\n<p><strong>Kit de bienvenida: cu\u00e1l es el costo de reclamar la mochila y la notebook<\/strong><\/p>\n<p>Con acciones como la de pedir de vuelta la mochila de los colaboradores cuando dejan la empresa se puede&nbsp;<strong>perder mucho m\u00e1s de lo que se ahorra<\/strong>. \u00abCuesta mucho revertir el&nbsp;<strong>da\u00f1o que genera en la marca empleadora<\/strong>\u00ab, dice Gayol.<\/p>\n<p>\u00abHay que comprender que hoy&nbsp;<strong>no solo elegimos a los empleados, sino que ellos nos analizan<\/strong>, nos exploran y nos eligen o no. Esto est\u00e1 relacionado por una cuesti\u00f3n de compartir o no mismos valores, sentirse o no identificados con procesos y pol\u00edticas\u00bb, completa.<\/p>\n<p><a href=\"https:\/\/www.linkedin.com\/in\/sebastian-maciarello\/\">Sebasti\u00e1n Maciarello<\/a>, gerente de <a href=\"https:\/\/www.auren.com.ar\/bpotercerizacion\/\">BPO<\/a> y Selecci\u00f3n de <a href=\"https:\/\/auren.com\/ar\/\">Auren Argentina<\/a>, resalta a\u00a0<strong>iProUP<\/strong>\u00a0que \u00abestas acciones, aunque aparentemente peque\u00f1as, pueden\u00a0<strong>minar la confianza y el sentido de pertenencia<\/strong>, pues los empleados interpretan estos gestos como una\u00a0<strong>falta de aprecio por su tiempo y contribuci\u00f3n<\/strong>\u00a0a la organizaci\u00f3n\u00bb.<\/p>\n<p>Adem\u00e1s, el eco que \u00abestos\u00a0<strong>incidentes pueden generar en redes sociales y plataformas de evaluaci\u00f3n laboral<\/strong>\u00a0amplifica el impacto, afectando la\u00a0<a href=\"https:\/\/www.iproup.com\/innovacion\/39123-captacion-de-talento-it-el-gran-desafio-local-y-regional\" target=\"_blank\" rel=\"noreferrer noopener\">capacidad de la empresa para atraer nuevo talento<\/a>\u00ab, suma Maciarello.<\/p>\n<p>Leer la nota completa en <a href=\"https:\/\/www.iproup.com\/empleo\/50192-notebook-trabajo-pertenece-empresa-empleado-onboarding\">iProUp<\/a><\/p>\n<p><!-- AddThis Advanced Settings generic via filter on the_content --><!-- AddThis Share Buttons generic via filter on the_content --><\/p>\n","protected":false},"excerpt":{"rendered":"<p>Una consultora fue tendencia en X por haber pedido a un colaborador que devolviera el paquete de onboarding al renunciar. Pros y contras de estas acciones. \u00abMe voy de Accenture [&hellip;]<\/p>\n","protected":false},"featured_media":13055,"template":"","meta":{"_acf_changed":false,"footnotes":""},"new-category":[],"class_list":["post-13054","new","type-new","status-publish","has-post-thumbnail","hentry"],"acf":[],"yoast_head":"<!-- This site is optimized with the Yoast SEO plugin v27.4 - https:\/\/yoast.com\/product\/yoast-seo-wordpress\/ -->\n<title>Prensa| Pol\u00e9mica por kits bienvenida: \u00bfSon de la empresa o del empleado cuando renuncia? (iProUp 24.09.2024) - Auren Argentina<\/title>\n<meta name=\"description\" content=\"Pol\u00e9mica por kits bienvenida: \u00bfla mochila y la notebook son de la empresa o del empleado cuando renuncia? Beneficios de la marca empleadora\" \/>\n<meta name=\"robots\" content=\"index, follow, max-snippet:-1, max-image-preview:large, max-video-preview:-1\" \/>\n<link rel=\"canonical\" href=\"https:\/\/auren.com\/ar\/noticias\/prensa-polemica-por-kits-bienvenida-son-de-la-empresa-o-del-empleado-cuando-renuncia-iproup-24-09-2024\/\" \/>\n<meta property=\"og:locale\" content=\"es_ES\" \/>\n<meta property=\"og:type\" content=\"article\" \/>\n<meta property=\"og:title\" content=\"Prensa| Pol\u00e9mica por kits bienvenida: \u00bfSon de la empresa o del empleado cuando renuncia? (iProUp 24.09.2024) - Auren Argentina\" \/>\n<meta property=\"og:description\" content=\"Pol\u00e9mica por kits bienvenida: \u00bfla mochila y la notebook son de la empresa o del empleado cuando renuncia? Beneficios de la marca empleadora\" \/>\n<meta property=\"og:url\" content=\"https:\/\/auren.com\/ar\/noticias\/prensa-polemica-por-kits-bienvenida-son-de-la-empresa-o-del-empleado-cuando-renuncia-iproup-24-09-2024\/\" \/>\n<meta property=\"og:site_name\" content=\"Auren Argentina\" \/>\n<meta property=\"article:publisher\" content=\"https:\/\/www.facebook.com\/AurenArg\/\" \/>\n<meta property=\"og:image\" content=\"https:\/\/auren.com\/ar\/wp-content\/uploads\/2024\/09\/40218_square-4.jpg\" \/>\n\t<meta property=\"og:image:width\" content=\"1080\" \/>\n\t<meta property=\"og:image:height\" content=\"1080\" \/>\n\t<meta property=\"og:image:type\" content=\"image\/jpeg\" \/>\n<meta name=\"twitter:card\" content=\"summary_large_image\" \/>\n<meta name=\"twitter:site\" content=\"@AUREN_Argentina\" \/>\n<meta name=\"twitter:label1\" content=\"Tiempo de lectura\" \/>\n\t<meta name=\"twitter:data1\" content=\"2 minutos\" \/>\n<script type=\"application\/ld+json\" class=\"yoast-schema-graph\">{\"@context\":\"https:\\\/\\\/schema.org\",\"@graph\":[{\"@type\":\"WebPage\",\"@id\":\"https:\\\/\\\/auren.com\\\/ar\\\/noticias\\\/prensa-polemica-por-kits-bienvenida-son-de-la-empresa-o-del-empleado-cuando-renuncia-iproup-24-09-2024\\\/\",\"url\":\"https:\\\/\\\/auren.com\\\/ar\\\/noticias\\\/prensa-polemica-por-kits-bienvenida-son-de-la-empresa-o-del-empleado-cuando-renuncia-iproup-24-09-2024\\\/\",\"name\":\"Prensa| Pol\u00e9mica por kits bienvenida: \u00bfSon de la empresa o del empleado cuando renuncia? (iProUp 24.09.2024) - Auren Argentina\",\"isPartOf\":{\"@id\":\"https:\\\/\\\/auren.com\\\/ar\\\/#website\"},\"primaryImageOfPage\":{\"@id\":\"https:\\\/\\\/auren.com\\\/ar\\\/noticias\\\/prensa-polemica-por-kits-bienvenida-son-de-la-empresa-o-del-empleado-cuando-renuncia-iproup-24-09-2024\\\/#primaryimage\"},\"image\":{\"@id\":\"https:\\\/\\\/auren.com\\\/ar\\\/noticias\\\/prensa-polemica-por-kits-bienvenida-son-de-la-empresa-o-del-empleado-cuando-renuncia-iproup-24-09-2024\\\/#primaryimage\"},\"thumbnailUrl\":\"https:\\\/\\\/auren.com\\\/ar\\\/wp-content\\\/uploads\\\/2024\\\/09\\\/40218_square-4.jpg\",\"datePublished\":\"2024-09-26T09:02:59+00:00\",\"description\":\"Pol\u00e9mica por kits bienvenida: \u00bfla mochila y la notebook son de la empresa o del empleado cuando renuncia? Beneficios de la marca empleadora\",\"breadcrumb\":{\"@id\":\"https:\\\/\\\/auren.com\\\/ar\\\/noticias\\\/prensa-polemica-por-kits-bienvenida-son-de-la-empresa-o-del-empleado-cuando-renuncia-iproup-24-09-2024\\\/#breadcrumb\"},\"inLanguage\":\"es\",\"potentialAction\":[{\"@type\":\"ReadAction\",\"target\":[\"https:\\\/\\\/auren.com\\\/ar\\\/noticias\\\/prensa-polemica-por-kits-bienvenida-son-de-la-empresa-o-del-empleado-cuando-renuncia-iproup-24-09-2024\\\/\"]}]},{\"@type\":\"ImageObject\",\"inLanguage\":\"es\",\"@id\":\"https:\\\/\\\/auren.com\\\/ar\\\/noticias\\\/prensa-polemica-por-kits-bienvenida-son-de-la-empresa-o-del-empleado-cuando-renuncia-iproup-24-09-2024\\\/#primaryimage\",\"url\":\"https:\\\/\\\/auren.com\\\/ar\\\/wp-content\\\/uploads\\\/2024\\\/09\\\/40218_square-4.jpg\",\"contentUrl\":\"https:\\\/\\\/auren.com\\\/ar\\\/wp-content\\\/uploads\\\/2024\\\/09\\\/40218_square-4.jpg\",\"width\":1080,\"height\":1080},{\"@type\":\"BreadcrumbList\",\"@id\":\"https:\\\/\\\/auren.com\\\/ar\\\/noticias\\\/prensa-polemica-por-kits-bienvenida-son-de-la-empresa-o-del-empleado-cuando-renuncia-iproup-24-09-2024\\\/#breadcrumb\",\"itemListElement\":[{\"@type\":\"ListItem\",\"position\":1,\"name\":\"Portada\",\"item\":\"https:\\\/\\\/auren.com\\\/ar\\\/\"},{\"@type\":\"ListItem\",\"position\":2,\"name\":\"Prensa| Pol\u00e9mica por kits bienvenida: \u00bfSon de la empresa o del empleado cuando renuncia? (iProUp 24.09.2024)\"}]},{\"@type\":\"WebSite\",\"@id\":\"https:\\\/\\\/auren.com\\\/ar\\\/#website\",\"url\":\"https:\\\/\\\/auren.com\\\/ar\\\/\",\"name\":\"Auren Argentina\",\"description\":\"\",\"publisher\":{\"@id\":\"https:\\\/\\\/auren.com\\\/ar\\\/#organization\"},\"potentialAction\":[{\"@type\":\"SearchAction\",\"target\":{\"@type\":\"EntryPoint\",\"urlTemplate\":\"https:\\\/\\\/auren.com\\\/ar\\\/?s={search_term_string}\"},\"query-input\":{\"@type\":\"PropertyValueSpecification\",\"valueRequired\":true,\"valueName\":\"search_term_string\"}}],\"inLanguage\":\"es\"},{\"@type\":\"Organization\",\"@id\":\"https:\\\/\\\/auren.com\\\/ar\\\/#organization\",\"name\":\"Auren Argentina\",\"url\":\"https:\\\/\\\/auren.com\\\/ar\\\/\",\"logo\":{\"@type\":\"ImageObject\",\"inLanguage\":\"es\",\"@id\":\"https:\\\/\\\/auren.com\\\/ar\\\/#\\\/schema\\\/logo\\\/image\\\/\",\"url\":\"https:\\\/\\\/auren.com\\\/ar\\\/wp-content\\\/uploads\\\/2025\\\/01\\\/cropped-cropped-favicon-Auren.png\",\"contentUrl\":\"https:\\\/\\\/auren.com\\\/ar\\\/wp-content\\\/uploads\\\/2025\\\/01\\\/cropped-cropped-favicon-Auren.png\",\"width\":512,\"height\":512,\"caption\":\"Auren Argentina\"},\"image\":{\"@id\":\"https:\\\/\\\/auren.com\\\/ar\\\/#\\\/schema\\\/logo\\\/image\\\/\"},\"sameAs\":[\"https:\\\/\\\/www.facebook.com\\\/AurenArg\\\/\",\"https:\\\/\\\/x.com\\\/AUREN_Argentina\",\"https:\\\/\\\/www.linkedin.com\\\/company\\\/aurenargentina\",\"https:\\\/\\\/www.youtube.com\\\/channel\\\/UCSCseiHMECB0uMBGF9wtjSw\",\"https:\\\/\\\/www.instagram.com\\\/aurenargentina\\\/\"]}]}<\/script>\n<!-- \/ Yoast SEO plugin. -->","yoast_head_json":{"title":"Prensa| Pol\u00e9mica por kits bienvenida: \u00bfSon de la empresa o del empleado cuando renuncia? (iProUp 24.09.2024) - Auren Argentina","description":"Pol\u00e9mica por kits bienvenida: \u00bfla mochila y la notebook son de la empresa o del empleado cuando renuncia? Beneficios de la marca empleadora","robots":{"index":"index","follow":"follow","max-snippet":"max-snippet:-1","max-image-preview":"max-image-preview:large","max-video-preview":"max-video-preview:-1"},"canonical":"https:\/\/auren.com\/ar\/noticias\/prensa-polemica-por-kits-bienvenida-son-de-la-empresa-o-del-empleado-cuando-renuncia-iproup-24-09-2024\/","og_locale":"es_ES","og_type":"article","og_title":"Prensa| Pol\u00e9mica por kits bienvenida: \u00bfSon de la empresa o del empleado cuando renuncia? (iProUp 24.09.2024) - Auren Argentina","og_description":"Pol\u00e9mica por kits bienvenida: \u00bfla mochila y la notebook son de la empresa o del empleado cuando renuncia? Beneficios de la marca empleadora","og_url":"https:\/\/auren.com\/ar\/noticias\/prensa-polemica-por-kits-bienvenida-son-de-la-empresa-o-del-empleado-cuando-renuncia-iproup-24-09-2024\/","og_site_name":"Auren Argentina","article_publisher":"https:\/\/www.facebook.com\/AurenArg\/","og_image":[{"width":1080,"height":1080,"url":"https:\/\/auren.com\/ar\/wp-content\/uploads\/2024\/09\/40218_square-4.jpg","type":"image\/jpeg"}],"twitter_card":"summary_large_image","twitter_site":"@AUREN_Argentina","twitter_misc":{"Tiempo de lectura":"2 minutos"},"schema":{"@context":"https:\/\/schema.org","@graph":[{"@type":"WebPage","@id":"https:\/\/auren.com\/ar\/noticias\/prensa-polemica-por-kits-bienvenida-son-de-la-empresa-o-del-empleado-cuando-renuncia-iproup-24-09-2024\/","url":"https:\/\/auren.com\/ar\/noticias\/prensa-polemica-por-kits-bienvenida-son-de-la-empresa-o-del-empleado-cuando-renuncia-iproup-24-09-2024\/","name":"Prensa| Pol\u00e9mica por kits bienvenida: \u00bfSon de la empresa o del empleado cuando renuncia? (iProUp 24.09.2024) - Auren Argentina","isPartOf":{"@id":"https:\/\/auren.com\/ar\/#website"},"primaryImageOfPage":{"@id":"https:\/\/auren.com\/ar\/noticias\/prensa-polemica-por-kits-bienvenida-son-de-la-empresa-o-del-empleado-cuando-renuncia-iproup-24-09-2024\/#primaryimage"},"image":{"@id":"https:\/\/auren.com\/ar\/noticias\/prensa-polemica-por-kits-bienvenida-son-de-la-empresa-o-del-empleado-cuando-renuncia-iproup-24-09-2024\/#primaryimage"},"thumbnailUrl":"https:\/\/auren.com\/ar\/wp-content\/uploads\/2024\/09\/40218_square-4.jpg","datePublished":"2024-09-26T09:02:59+00:00","description":"Pol\u00e9mica por kits bienvenida: \u00bfla mochila y la notebook son de la empresa o del empleado cuando renuncia? Beneficios de la marca empleadora","breadcrumb":{"@id":"https:\/\/auren.com\/ar\/noticias\/prensa-polemica-por-kits-bienvenida-son-de-la-empresa-o-del-empleado-cuando-renuncia-iproup-24-09-2024\/#breadcrumb"},"inLanguage":"es","potentialAction":[{"@type":"ReadAction","target":["https:\/\/auren.com\/ar\/noticias\/prensa-polemica-por-kits-bienvenida-son-de-la-empresa-o-del-empleado-cuando-renuncia-iproup-24-09-2024\/"]}]},{"@type":"ImageObject","inLanguage":"es","@id":"https:\/\/auren.com\/ar\/noticias\/prensa-polemica-por-kits-bienvenida-son-de-la-empresa-o-del-empleado-cuando-renuncia-iproup-24-09-2024\/#primaryimage","url":"https:\/\/auren.com\/ar\/wp-content\/uploads\/2024\/09\/40218_square-4.jpg","contentUrl":"https:\/\/auren.com\/ar\/wp-content\/uploads\/2024\/09\/40218_square-4.jpg","width":1080,"height":1080},{"@type":"BreadcrumbList","@id":"https:\/\/auren.com\/ar\/noticias\/prensa-polemica-por-kits-bienvenida-son-de-la-empresa-o-del-empleado-cuando-renuncia-iproup-24-09-2024\/#breadcrumb","itemListElement":[{"@type":"ListItem","position":1,"name":"Portada","item":"https:\/\/auren.com\/ar\/"},{"@type":"ListItem","position":2,"name":"Prensa| Pol\u00e9mica por kits bienvenida: \u00bfSon de la empresa o del empleado cuando renuncia? (iProUp 24.09.2024)"}]},{"@type":"WebSite","@id":"https:\/\/auren.com\/ar\/#website","url":"https:\/\/auren.com\/ar\/","name":"Auren Argentina","description":"","publisher":{"@id":"https:\/\/auren.com\/ar\/#organization"},"potentialAction":[{"@type":"SearchAction","target":{"@type":"EntryPoint","urlTemplate":"https:\/\/auren.com\/ar\/?s={search_term_string}"},"query-input":{"@type":"PropertyValueSpecification","valueRequired":true,"valueName":"search_term_string"}}],"inLanguage":"es"},{"@type":"Organization","@id":"https:\/\/auren.com\/ar\/#organization","name":"Auren Argentina","url":"https:\/\/auren.com\/ar\/","logo":{"@type":"ImageObject","inLanguage":"es","@id":"https:\/\/auren.com\/ar\/#\/schema\/logo\/image\/","url":"https:\/\/auren.com\/ar\/wp-content\/uploads\/2025\/01\/cropped-cropped-favicon-Auren.png","contentUrl":"https:\/\/auren.com\/ar\/wp-content\/uploads\/2025\/01\/cropped-cropped-favicon-Auren.png","width":512,"height":512,"caption":"Auren Argentina"},"image":{"@id":"https:\/\/auren.com\/ar\/#\/schema\/logo\/image\/"},"sameAs":["https:\/\/www.facebook.com\/AurenArg\/","https:\/\/x.com\/AUREN_Argentina","https:\/\/www.linkedin.com\/company\/aurenargentina","https:\/\/www.youtube.com\/channel\/UCSCseiHMECB0uMBGF9wtjSw","https:\/\/www.instagram.com\/aurenargentina\/"]}]}},"_links":{"self":[{"href":"https:\/\/auren.com\/ar\/wp-json\/wp\/v2\/new\/13054","targetHints":{"allow":["GET"]}}],"collection":[{"href":"https:\/\/auren.com\/ar\/wp-json\/wp\/v2\/new"}],"about":[{"href":"https:\/\/auren.com\/ar\/wp-json\/wp\/v2\/types\/new"}],"version-history":[{"count":0,"href":"https:\/\/auren.com\/ar\/wp-json\/wp\/v2\/new\/13054\/revisions"}],"wp:featuredmedia":[{"embeddable":true,"href":"https:\/\/auren.com\/ar\/wp-json\/wp\/v2\/media\/13055"}],"wp:attachment":[{"href":"https:\/\/auren.com\/ar\/wp-json\/wp\/v2\/media?parent=13054"}],"wp:term":[{"taxonomy":"new-category","embeddable":true,"href":"https:\/\/auren.com\/ar\/wp-json\/wp\/v2\/new-category?post=13054"}],"curies":[{"name":"wp","href":"https:\/\/api.w.org\/{rel}","templated":true}]}}