{"id":13058,"date":"2024-09-26T10:49:44","date_gmt":"2024-09-26T08:49:44","guid":{"rendered":"https:\/\/auren.com\/ar\/new\/prensa-conoce-en-que-capacitarte-si-queres-ser-un-ceo-iproup-21-9-2024\/"},"modified":"2024-09-26T10:49:44","modified_gmt":"2024-09-26T08:49:44","slug":"prensa-conoce-en-que-capacitarte-si-queres-ser-un-ceo-iproup-21-9-2024","status":"publish","type":"new","link":"https:\/\/auren.com\/ar\/noticias\/prensa-conoce-en-que-capacitarte-si-queres-ser-un-ceo-iproup-21-9-2024\/","title":{"rendered":"Prensa| Conoc\u00e9 en qu\u00e9 capacitarte si quer\u00e9s ser un Ceo (iProUp 21.9.2024)"},"content":{"rendered":"<p>Son los l\u00edderes de las empresas, pero eso no significa que dejen de formarse. Qu\u00e9 tipo de habilidades necesitan sumar y c\u00f3mo lo hacen.<\/p>\n<p>Su principal&nbsp;<strong>misi\u00f3n es agregarle valor a la empresa<\/strong>, pero en medio de un mercado laboral cambiando aceleradamente, y con una recesi\u00f3n que va dejando su huella, los&nbsp;<a href=\"https:\/\/www.iproup.com\/empleo\/46242-profesionales-liderazgo-claves-crecer-empleo\" target=\"_blank\" rel=\"noreferrer noopener\"><strong>CEO hoy ven complicada su tarea<\/strong><\/a>. Por eso, cada d\u00eda son m\u00e1s los que demandan capacitaci\u00f3n para su rol, pero, \u00bfqu\u00e9 es lo que necesitan aprender?<\/p>\n<h2 class=\"wp-block-heading\">\u00bfQu\u00e9 hace un CEO?<\/h2>\n<p>El mayor desaf\u00edo para estos ejecutivos implica el\u00a0<strong>pivotar entre tres temporalidades distintas<\/strong>. \u00abAsegurar el hoy, marcar el rumbo hacia el futuro inmediato y vislumbrar las\u00a0<strong>oportunidades del futuro<\/strong>\u00ab, se\u00f1ala a\u00a0<strong>iProUP<\/strong>\u00a0Carolina Laudani, Senior Director de Integralis Consulting.\u00a0<\/p>\n<p>Entonces, las habilidades necesarias para asegurar los resultados hoy son muy distintas. \u00abPor lo que es muy habitual encontrar&nbsp;<strong>CEO excelentes en el manejo de una o dos de las temporalidades<\/strong>, pero es muy dif\u00edcil en el manejo de los tres\u00bb, advierte la l\u00edder.&nbsp;<\/p>\n<p>A esto hay que sumar las nuevas tecnolog\u00edas. \u00abDeben enfocarse en habilidades como el&nbsp;<strong>uso estrat\u00e9gico de la inteligencia artificial y el an\u00e1lisis de datos<\/strong>&nbsp;para tomar decisiones informadas. Las habilidades en&nbsp;<strong>liderazgo adaptativo se vuelven cruciales<\/strong>\u00ab, detalla a&nbsp;<strong>iProUP<\/strong>&nbsp;Fer Niizawa, coach ejecutivo de CEOs y Chief of Public Affairs de PDA.<\/p>\n<p>Por su parte, Mariela Zoppi, directora ejecutiva de la Escuela de Innovaci\u00f3n del ITBA, a\u00f1ade que \u00ablos altos mandos deben prestar atenci\u00f3n a tem\u00e1ticas que les permitan pensar estrat\u00e9gicamente en el negocio, como\u00a0<strong>metodolog\u00edas de\u00a0<em>future thinking<\/em><\/strong>. Deben entender conceptualmente las nuevas tecnolog\u00edas para aplicarlas en sus procesos productivos y administrativos\u00bb.<\/p>\n<p>Una alternativa que algunos valoran y utilizan es el<strong>\u00a0<em>coaching\u00a0<\/em>con ex CEO<\/strong>. \u00abValoran mucho a quienes han pasado por situaciones similares en compa\u00f1\u00edas similares y hoy, desde otro lugar, pueden\u00a0<strong>ayudar a quienes est\u00e1n dando sus primeros pasos<\/strong>\u00ab, resalta <a href=\"https:\/\/www.linkedin.com\/in\/salernoluis\/\">Luis Salerno<\/a>, socio de <a href=\"https:\/\/www.auren.com.ar\/bpotercerizacion\/\">BPO<\/a> de <a href=\"https:\/\/auren.com\/ar\/\">Auren Argentina<\/a>.<\/p>\n<p>Leer la nota completa en <a href=\"https:\/\/www.iproup.com\/finanzas\/50152-conoce-en-que-capacitarte-si-queres-ser-un-ceo-que-gane-mas-de-20-millones-de-pesos\">iProUp<\/a><\/p>\n<p><!-- AddThis Advanced Settings generic via filter on the_content --><!-- AddThis Share Buttons generic via filter on the_content --><\/p>\n","protected":false},"excerpt":{"rendered":"<p>Son los l\u00edderes de las empresas, pero eso no significa que dejen de formarse. Qu\u00e9 tipo de habilidades necesitan sumar y c\u00f3mo lo hacen. Su principal&nbsp;misi\u00f3n es agregarle valor a [&hellip;]<\/p>\n","protected":false},"featured_media":13059,"template":"","meta":{"_acf_changed":false,"footnotes":""},"new-category":[],"class_list":["post-13058","new","type-new","status-publish","has-post-thumbnail","hentry"],"acf":[],"yoast_head":"<!-- This site is optimized with the Yoast SEO plugin v27.4 - https:\/\/yoast.com\/product\/yoast-seo-wordpress\/ -->\n<title>Prensa| Conoc\u00e9 en qu\u00e9 capacitarte si quer\u00e9s ser un Ceo (iProUp 21.9.2024) - Auren Argentina<\/title>\n<meta name=\"description\" content=\"Los Ceos son los l\u00edderes de las empresas, pero tienen que formarse. Qu\u00e9 tipo de habilidades necesitan sumar y c\u00f3mo lo hacen.\" \/>\n<meta name=\"robots\" content=\"index, follow, max-snippet:-1, max-image-preview:large, max-video-preview:-1\" \/>\n<link rel=\"canonical\" href=\"https:\/\/auren.com\/ar\/noticias\/prensa-conoce-en-que-capacitarte-si-queres-ser-un-ceo-iproup-21-9-2024\/\" \/>\n<meta property=\"og:locale\" content=\"es_ES\" \/>\n<meta property=\"og:type\" content=\"article\" \/>\n<meta property=\"og:title\" content=\"Prensa| Conoc\u00e9 en qu\u00e9 capacitarte si quer\u00e9s ser un Ceo (iProUp 21.9.2024) - Auren Argentina\" \/>\n<meta property=\"og:description\" content=\"Los Ceos son los l\u00edderes de las empresas, pero tienen que formarse. Qu\u00e9 tipo de habilidades necesitan sumar y c\u00f3mo lo hacen.\" \/>\n<meta property=\"og:url\" content=\"https:\/\/auren.com\/ar\/noticias\/prensa-conoce-en-que-capacitarte-si-queres-ser-un-ceo-iproup-21-9-2024\/\" \/>\n<meta property=\"og:site_name\" content=\"Auren Argentina\" \/>\n<meta property=\"article:publisher\" content=\"https:\/\/www.facebook.com\/AurenArg\/\" \/>\n<meta property=\"og:image\" content=\"https:\/\/auren.com\/ar\/wp-content\/uploads\/2024\/09\/32133_square-4.jpg\" \/>\n\t<meta property=\"og:image:width\" content=\"494\" \/>\n\t<meta property=\"og:image:height\" content=\"495\" \/>\n\t<meta property=\"og:image:type\" content=\"image\/jpeg\" \/>\n<meta name=\"twitter:card\" content=\"summary_large_image\" \/>\n<meta name=\"twitter:site\" content=\"@AUREN_Argentina\" \/>\n<meta name=\"twitter:label1\" content=\"Tiempo de lectura\" \/>\n\t<meta name=\"twitter:data1\" content=\"2 minutos\" \/>\n<script type=\"application\/ld+json\" class=\"yoast-schema-graph\">{\"@context\":\"https:\\\/\\\/schema.org\",\"@graph\":[{\"@type\":\"WebPage\",\"@id\":\"https:\\\/\\\/auren.com\\\/ar\\\/noticias\\\/prensa-conoce-en-que-capacitarte-si-queres-ser-un-ceo-iproup-21-9-2024\\\/\",\"url\":\"https:\\\/\\\/auren.com\\\/ar\\\/noticias\\\/prensa-conoce-en-que-capacitarte-si-queres-ser-un-ceo-iproup-21-9-2024\\\/\",\"name\":\"Prensa| Conoc\u00e9 en qu\u00e9 capacitarte si quer\u00e9s ser un Ceo (iProUp 21.9.2024) - Auren Argentina\",\"isPartOf\":{\"@id\":\"https:\\\/\\\/auren.com\\\/ar\\\/#website\"},\"primaryImageOfPage\":{\"@id\":\"https:\\\/\\\/auren.com\\\/ar\\\/noticias\\\/prensa-conoce-en-que-capacitarte-si-queres-ser-un-ceo-iproup-21-9-2024\\\/#primaryimage\"},\"image\":{\"@id\":\"https:\\\/\\\/auren.com\\\/ar\\\/noticias\\\/prensa-conoce-en-que-capacitarte-si-queres-ser-un-ceo-iproup-21-9-2024\\\/#primaryimage\"},\"thumbnailUrl\":\"https:\\\/\\\/auren.com\\\/ar\\\/wp-content\\\/uploads\\\/2024\\\/09\\\/32133_square-4.jpg\",\"datePublished\":\"2024-09-26T08:49:44+00:00\",\"description\":\"Los Ceos son los l\u00edderes de las empresas, pero tienen que formarse. Qu\u00e9 tipo de habilidades necesitan sumar y c\u00f3mo lo hacen.\",\"breadcrumb\":{\"@id\":\"https:\\\/\\\/auren.com\\\/ar\\\/noticias\\\/prensa-conoce-en-que-capacitarte-si-queres-ser-un-ceo-iproup-21-9-2024\\\/#breadcrumb\"},\"inLanguage\":\"es\",\"potentialAction\":[{\"@type\":\"ReadAction\",\"target\":[\"https:\\\/\\\/auren.com\\\/ar\\\/noticias\\\/prensa-conoce-en-que-capacitarte-si-queres-ser-un-ceo-iproup-21-9-2024\\\/\"]}]},{\"@type\":\"ImageObject\",\"inLanguage\":\"es\",\"@id\":\"https:\\\/\\\/auren.com\\\/ar\\\/noticias\\\/prensa-conoce-en-que-capacitarte-si-queres-ser-un-ceo-iproup-21-9-2024\\\/#primaryimage\",\"url\":\"https:\\\/\\\/auren.com\\\/ar\\\/wp-content\\\/uploads\\\/2024\\\/09\\\/32133_square-4.jpg\",\"contentUrl\":\"https:\\\/\\\/auren.com\\\/ar\\\/wp-content\\\/uploads\\\/2024\\\/09\\\/32133_square-4.jpg\",\"width\":494,\"height\":495},{\"@type\":\"BreadcrumbList\",\"@id\":\"https:\\\/\\\/auren.com\\\/ar\\\/noticias\\\/prensa-conoce-en-que-capacitarte-si-queres-ser-un-ceo-iproup-21-9-2024\\\/#breadcrumb\",\"itemListElement\":[{\"@type\":\"ListItem\",\"position\":1,\"name\":\"Portada\",\"item\":\"https:\\\/\\\/auren.com\\\/ar\\\/\"},{\"@type\":\"ListItem\",\"position\":2,\"name\":\"Prensa| Conoc\u00e9 en qu\u00e9 capacitarte si quer\u00e9s ser un Ceo (iProUp 21.9.2024)\"}]},{\"@type\":\"WebSite\",\"@id\":\"https:\\\/\\\/auren.com\\\/ar\\\/#website\",\"url\":\"https:\\\/\\\/auren.com\\\/ar\\\/\",\"name\":\"Auren Argentina\",\"description\":\"\",\"publisher\":{\"@id\":\"https:\\\/\\\/auren.com\\\/ar\\\/#organization\"},\"potentialAction\":[{\"@type\":\"SearchAction\",\"target\":{\"@type\":\"EntryPoint\",\"urlTemplate\":\"https:\\\/\\\/auren.com\\\/ar\\\/?s={search_term_string}\"},\"query-input\":{\"@type\":\"PropertyValueSpecification\",\"valueRequired\":true,\"valueName\":\"search_term_string\"}}],\"inLanguage\":\"es\"},{\"@type\":\"Organization\",\"@id\":\"https:\\\/\\\/auren.com\\\/ar\\\/#organization\",\"name\":\"Auren Argentina\",\"url\":\"https:\\\/\\\/auren.com\\\/ar\\\/\",\"logo\":{\"@type\":\"ImageObject\",\"inLanguage\":\"es\",\"@id\":\"https:\\\/\\\/auren.com\\\/ar\\\/#\\\/schema\\\/logo\\\/image\\\/\",\"url\":\"https:\\\/\\\/auren.com\\\/ar\\\/wp-content\\\/uploads\\\/2025\\\/01\\\/cropped-cropped-favicon-Auren.png\",\"contentUrl\":\"https:\\\/\\\/auren.com\\\/ar\\\/wp-content\\\/uploads\\\/2025\\\/01\\\/cropped-cropped-favicon-Auren.png\",\"width\":512,\"height\":512,\"caption\":\"Auren Argentina\"},\"image\":{\"@id\":\"https:\\\/\\\/auren.com\\\/ar\\\/#\\\/schema\\\/logo\\\/image\\\/\"},\"sameAs\":[\"https:\\\/\\\/www.facebook.com\\\/AurenArg\\\/\",\"https:\\\/\\\/x.com\\\/AUREN_Argentina\",\"https:\\\/\\\/www.linkedin.com\\\/company\\\/aurenargentina\",\"https:\\\/\\\/www.youtube.com\\\/channel\\\/UCSCseiHMECB0uMBGF9wtjSw\",\"https:\\\/\\\/www.instagram.com\\\/aurenargentina\\\/\"]}]}<\/script>\n<!-- \/ Yoast SEO plugin. -->","yoast_head_json":{"title":"Prensa| Conoc\u00e9 en qu\u00e9 capacitarte si quer\u00e9s ser un Ceo (iProUp 21.9.2024) - Auren Argentina","description":"Los Ceos son los l\u00edderes de las empresas, pero tienen que formarse. Qu\u00e9 tipo de habilidades necesitan sumar y c\u00f3mo lo hacen.","robots":{"index":"index","follow":"follow","max-snippet":"max-snippet:-1","max-image-preview":"max-image-preview:large","max-video-preview":"max-video-preview:-1"},"canonical":"https:\/\/auren.com\/ar\/noticias\/prensa-conoce-en-que-capacitarte-si-queres-ser-un-ceo-iproup-21-9-2024\/","og_locale":"es_ES","og_type":"article","og_title":"Prensa| Conoc\u00e9 en qu\u00e9 capacitarte si quer\u00e9s ser un Ceo (iProUp 21.9.2024) - Auren Argentina","og_description":"Los Ceos son los l\u00edderes de las empresas, pero tienen que formarse. Qu\u00e9 tipo de habilidades necesitan sumar y c\u00f3mo lo hacen.","og_url":"https:\/\/auren.com\/ar\/noticias\/prensa-conoce-en-que-capacitarte-si-queres-ser-un-ceo-iproup-21-9-2024\/","og_site_name":"Auren Argentina","article_publisher":"https:\/\/www.facebook.com\/AurenArg\/","og_image":[{"width":494,"height":495,"url":"https:\/\/auren.com\/ar\/wp-content\/uploads\/2024\/09\/32133_square-4.jpg","type":"image\/jpeg"}],"twitter_card":"summary_large_image","twitter_site":"@AUREN_Argentina","twitter_misc":{"Tiempo de lectura":"2 minutos"},"schema":{"@context":"https:\/\/schema.org","@graph":[{"@type":"WebPage","@id":"https:\/\/auren.com\/ar\/noticias\/prensa-conoce-en-que-capacitarte-si-queres-ser-un-ceo-iproup-21-9-2024\/","url":"https:\/\/auren.com\/ar\/noticias\/prensa-conoce-en-que-capacitarte-si-queres-ser-un-ceo-iproup-21-9-2024\/","name":"Prensa| Conoc\u00e9 en qu\u00e9 capacitarte si quer\u00e9s ser un Ceo (iProUp 21.9.2024) - Auren Argentina","isPartOf":{"@id":"https:\/\/auren.com\/ar\/#website"},"primaryImageOfPage":{"@id":"https:\/\/auren.com\/ar\/noticias\/prensa-conoce-en-que-capacitarte-si-queres-ser-un-ceo-iproup-21-9-2024\/#primaryimage"},"image":{"@id":"https:\/\/auren.com\/ar\/noticias\/prensa-conoce-en-que-capacitarte-si-queres-ser-un-ceo-iproup-21-9-2024\/#primaryimage"},"thumbnailUrl":"https:\/\/auren.com\/ar\/wp-content\/uploads\/2024\/09\/32133_square-4.jpg","datePublished":"2024-09-26T08:49:44+00:00","description":"Los Ceos son los l\u00edderes de las empresas, pero tienen que formarse. Qu\u00e9 tipo de habilidades necesitan sumar y c\u00f3mo lo hacen.","breadcrumb":{"@id":"https:\/\/auren.com\/ar\/noticias\/prensa-conoce-en-que-capacitarte-si-queres-ser-un-ceo-iproup-21-9-2024\/#breadcrumb"},"inLanguage":"es","potentialAction":[{"@type":"ReadAction","target":["https:\/\/auren.com\/ar\/noticias\/prensa-conoce-en-que-capacitarte-si-queres-ser-un-ceo-iproup-21-9-2024\/"]}]},{"@type":"ImageObject","inLanguage":"es","@id":"https:\/\/auren.com\/ar\/noticias\/prensa-conoce-en-que-capacitarte-si-queres-ser-un-ceo-iproup-21-9-2024\/#primaryimage","url":"https:\/\/auren.com\/ar\/wp-content\/uploads\/2024\/09\/32133_square-4.jpg","contentUrl":"https:\/\/auren.com\/ar\/wp-content\/uploads\/2024\/09\/32133_square-4.jpg","width":494,"height":495},{"@type":"BreadcrumbList","@id":"https:\/\/auren.com\/ar\/noticias\/prensa-conoce-en-que-capacitarte-si-queres-ser-un-ceo-iproup-21-9-2024\/#breadcrumb","itemListElement":[{"@type":"ListItem","position":1,"name":"Portada","item":"https:\/\/auren.com\/ar\/"},{"@type":"ListItem","position":2,"name":"Prensa| Conoc\u00e9 en qu\u00e9 capacitarte si quer\u00e9s ser un Ceo (iProUp 21.9.2024)"}]},{"@type":"WebSite","@id":"https:\/\/auren.com\/ar\/#website","url":"https:\/\/auren.com\/ar\/","name":"Auren Argentina","description":"","publisher":{"@id":"https:\/\/auren.com\/ar\/#organization"},"potentialAction":[{"@type":"SearchAction","target":{"@type":"EntryPoint","urlTemplate":"https:\/\/auren.com\/ar\/?s={search_term_string}"},"query-input":{"@type":"PropertyValueSpecification","valueRequired":true,"valueName":"search_term_string"}}],"inLanguage":"es"},{"@type":"Organization","@id":"https:\/\/auren.com\/ar\/#organization","name":"Auren Argentina","url":"https:\/\/auren.com\/ar\/","logo":{"@type":"ImageObject","inLanguage":"es","@id":"https:\/\/auren.com\/ar\/#\/schema\/logo\/image\/","url":"https:\/\/auren.com\/ar\/wp-content\/uploads\/2025\/01\/cropped-cropped-favicon-Auren.png","contentUrl":"https:\/\/auren.com\/ar\/wp-content\/uploads\/2025\/01\/cropped-cropped-favicon-Auren.png","width":512,"height":512,"caption":"Auren Argentina"},"image":{"@id":"https:\/\/auren.com\/ar\/#\/schema\/logo\/image\/"},"sameAs":["https:\/\/www.facebook.com\/AurenArg\/","https:\/\/x.com\/AUREN_Argentina","https:\/\/www.linkedin.com\/company\/aurenargentina","https:\/\/www.youtube.com\/channel\/UCSCseiHMECB0uMBGF9wtjSw","https:\/\/www.instagram.com\/aurenargentina\/"]}]}},"_links":{"self":[{"href":"https:\/\/auren.com\/ar\/wp-json\/wp\/v2\/new\/13058","targetHints":{"allow":["GET"]}}],"collection":[{"href":"https:\/\/auren.com\/ar\/wp-json\/wp\/v2\/new"}],"about":[{"href":"https:\/\/auren.com\/ar\/wp-json\/wp\/v2\/types\/new"}],"version-history":[{"count":0,"href":"https:\/\/auren.com\/ar\/wp-json\/wp\/v2\/new\/13058\/revisions"}],"wp:featuredmedia":[{"embeddable":true,"href":"https:\/\/auren.com\/ar\/wp-json\/wp\/v2\/media\/13059"}],"wp:attachment":[{"href":"https:\/\/auren.com\/ar\/wp-json\/wp\/v2\/media?parent=13058"}],"wp:term":[{"taxonomy":"new-category","embeddable":true,"href":"https:\/\/auren.com\/ar\/wp-json\/wp\/v2\/new-category?post=13058"}],"curies":[{"name":"wp","href":"https:\/\/api.w.org\/{rel}","templated":true}]}}