{"id":13066,"date":"2024-09-16T11:33:00","date_gmt":"2024-09-16T09:33:00","guid":{"rendered":"https:\/\/auren.com\/ar\/new\/prensa-que-opinan-los-empresarios-sobre-el-impacto-que-tendra-el-blanqueo-en-la-economia-los-andes-13-9-2024\/"},"modified":"2024-09-16T11:33:00","modified_gmt":"2024-09-16T09:33:00","slug":"prensa-que-opinan-los-empresarios-sobre-el-impacto-que-tendra-el-blanqueo-en-la-economia-los-andes-13-9-2024","status":"publish","type":"new","link":"https:\/\/auren.com\/ar\/noticias\/prensa-que-opinan-los-empresarios-sobre-el-impacto-que-tendra-el-blanqueo-en-la-economia-los-andes-13-9-2024\/","title":{"rendered":"Prensa | Qu\u00e9 opinan los empresarios sobre el impacto que tendr\u00e1 el blanqueo en la econom\u00eda (Los Andes 13.9.2024)"},"content":{"rendered":"<h2 class=\"wp-block-heading\">A d\u00edas que se cumpla el plazo de la primera etapa, una consultora de finanzas realiz\u00f3 una encuesta de la que participaron 250 directivos de empresas y accionistas.<\/h2>\n<p><strong>M\u00e1s del 65% de los empresarios argentinos aprueba la iniciativa del\u00a0<\/strong><a href=\"https:\/\/www.losandes.com.ar\/economia\/blanqueo-de-capitales-cuanto-espera-recaudar-el-gobierno-y-a-que-argentinos-apunta\/\" target=\"_blank\" rel=\"noreferrer noopener\"><strong>blanqueo de capitales<\/strong><\/a>, mientras cerca del 22% desconf\u00eda y expresa una mirada negativa, y solo el 13% no sabe\/no contesta. Sin embargo, la decisi\u00f3n de adherirse se divide casi en partes iguales: el 43% afirma que se sumar\u00e1 a la propuesta, pero el 40% rechaza la posibilidad de adherirse. Un 17% a\u00fan no lo ha definido.<\/p>\n<p>A d\u00edas de que se cumpla el plazo de esta primera etapa del<a href=\"https:\/\/www.losandes.com.ar\/politica\/cornejo-busca-adherir-al-blanqueo-que-promovio-milei-pero-puso-una-condicion-para-los-mendocinos-morosos\/\" target=\"_blank\" rel=\"noreferrer noopener\"><strong>\u00a0blanqueo\u00a0<\/strong><\/a>de capitales, la consultora de finanzas <a href=\"https:\/\/auren.com\/ar\/\">Auren Argentina<\/a> realiz\u00f3 una encuesta para conocer la mirada de los empresarios sobre esta propuesta y c\u00f3mo impactar\u00e1 en la econom\u00eda del pa\u00eds.<\/p>\n<p>Los resultados reflejan la opini\u00f3n de<strong>\u00a0250 consultados<\/strong>, de los que el 33% son accionistas\/socios\/propietarios, m\u00e1s del 26% directores y gerentes, un 13% presidentes\/CEOs de empresas medianas y grandes de diversos rubros: m\u00e1s del 32% de servicios, 15% de agronegocios, un 8,7% de manufactura\/industria, de tecnolog\u00eda, de real estate\/construcci\u00f3n, y banca y seguros, adem\u00e1s de turismo, retail, entre otros.<\/p>\n<p><strong>M\u00e1s del 65% de los empresarios argentinos aprueba la iniciativa del\u00a0<\/strong><a href=\"https:\/\/www.losandes.com.ar\/economia\/blanqueo-de-capitales-cuanto-espera-recaudar-el-gobierno-y-a-que-argentinos-apunta\/\" target=\"_blank\" rel=\"noreferrer noopener\"><strong>blanqueo de capitales<\/strong><\/a>, mientras cerca del 22% desconf\u00eda y expresa una mirada negativa, y solo el 13% no sabe\/no contesta. Sin embargo, la decisi\u00f3n de adherirse se divide casi en partes iguales: el 43% afirma que se sumar\u00e1 a la propuesta, pero el 40% rechaza la posibilidad de adherirse. Un 17% a\u00fan no lo ha definido.<\/p>\n<p>En cuanto a las\u00a0<strong>condiciones propuestas en el r\u00e9gimen<\/strong>, el 50% manifiesta estar de acuerdo, solo un 13% expresa que no, y un poco m\u00e1s del 28% pone en duda varias de las condiciones expresadas. En tanto, cerca del 80% de los encuestados considera que podr\u00eda estar mejor informada y ejecutada la comunicaci\u00f3n del Gobierno hacia el contribuyente sobre la instrumentaci\u00f3n y plazos vigentes. Las opiniones tambi\u00e9n hacen foco a la\u00a0<strong>desconfianza e intranquilidad<\/strong>, consecuencia de promesas incumplidas y modificaciones inesperadas en\u00a0<strong>propuestas de blanqueos anteriores<\/strong>.<\/p>\n<p>Leer la nota completa en <a href=\"https:\/\/www.losandes.com.ar\/economia\/que-opinan-los-empresarios-sobre-el-impacto-que-tendra-el-blanqueo-en-la-economia\/\">Los Andes<\/a><\/p>\n<p><a href=\"https:\/\/www.losandes.com.ar\/autor\/economiaLA\/\"><\/a><a href=\"https:\/\/www.losandes.com.ar\/autor\/economiaLA\/\"><\/a><\/p>\n<p><!-- AddThis Advanced Settings generic via filter on the_content --><!-- AddThis Share Buttons generic via filter on the_content --><\/p>\n","protected":false},"excerpt":{"rendered":"<p>A d\u00edas que se cumpla el plazo de la primera etapa, una consultora de finanzas realiz\u00f3 una encuesta de la que participaron 250 directivos de empresas y accionistas. M\u00e1s del [&hellip;]<\/p>\n","protected":false},"featured_media":13067,"template":"","meta":{"_acf_changed":false,"footnotes":""},"new-category":[],"class_list":["post-13066","new","type-new","status-publish","has-post-thumbnail","hentry"],"acf":[],"yoast_head":"<!-- This site is optimized with the Yoast SEO plugin v27.5 - https:\/\/yoast.com\/product\/yoast-seo-wordpress\/ -->\n<title>Prensa | Qu\u00e9 opinan los empresarios sobre el impacto que tendr\u00e1 el blanqueo en la econom\u00eda (Los Andes 13.9.2024) - Auren Argentina<\/title>\n<meta name=\"description\" content=\"Los empresarios opinan sobre el blanqueo y las condiciones propuestas en el r\u00e9gimen por el Gobierno Nacional.\" \/>\n<meta name=\"robots\" content=\"index, follow, max-snippet:-1, max-image-preview:large, max-video-preview:-1\" \/>\n<link rel=\"canonical\" href=\"https:\/\/auren.com\/ar\/noticias\/prensa-que-opinan-los-empresarios-sobre-el-impacto-que-tendra-el-blanqueo-en-la-economia-los-andes-13-9-2024\/\" \/>\n<meta property=\"og:locale\" content=\"es_ES\" \/>\n<meta property=\"og:type\" content=\"article\" \/>\n<meta property=\"og:title\" content=\"Prensa | Qu\u00e9 opinan los empresarios sobre el impacto que tendr\u00e1 el blanqueo en la econom\u00eda (Los Andes 13.9.2024) - Auren Argentina\" \/>\n<meta property=\"og:description\" content=\"Los empresarios opinan sobre el blanqueo y las condiciones propuestas en el r\u00e9gimen por el Gobierno Nacional.\" \/>\n<meta property=\"og:url\" content=\"https:\/\/auren.com\/ar\/noticias\/prensa-que-opinan-los-empresarios-sobre-el-impacto-que-tendra-el-blanqueo-en-la-economia-los-andes-13-9-2024\/\" \/>\n<meta property=\"og:site_name\" content=\"Auren Argentina\" \/>\n<meta property=\"article:publisher\" content=\"https:\/\/www.facebook.com\/AurenArg\/\" \/>\n<meta property=\"og:image\" content=\"https:\/\/auren.com\/ar\/wp-content\/uploads\/2024\/09\/IMAGEN-3-4.png\" \/>\n\t<meta property=\"og:image:width\" content=\"962\" \/>\n\t<meta property=\"og:image:height\" content=\"638\" \/>\n\t<meta property=\"og:image:type\" content=\"image\/png\" \/>\n<meta name=\"twitter:card\" content=\"summary_large_image\" \/>\n<meta name=\"twitter:site\" content=\"@AUREN_Argentina\" \/>\n<meta name=\"twitter:label1\" content=\"Tiempo de lectura\" \/>\n\t<meta name=\"twitter:data1\" content=\"2 minutos\" \/>\n<script type=\"application\/ld+json\" class=\"yoast-schema-graph\">{\"@context\":\"https:\\\/\\\/schema.org\",\"@graph\":[{\"@type\":\"WebPage\",\"@id\":\"https:\\\/\\\/auren.com\\\/ar\\\/noticias\\\/prensa-que-opinan-los-empresarios-sobre-el-impacto-que-tendra-el-blanqueo-en-la-economia-los-andes-13-9-2024\\\/\",\"url\":\"https:\\\/\\\/auren.com\\\/ar\\\/noticias\\\/prensa-que-opinan-los-empresarios-sobre-el-impacto-que-tendra-el-blanqueo-en-la-economia-los-andes-13-9-2024\\\/\",\"name\":\"Prensa | Qu\u00e9 opinan los empresarios sobre el impacto que tendr\u00e1 el blanqueo en la econom\u00eda (Los Andes 13.9.2024) - Auren Argentina\",\"isPartOf\":{\"@id\":\"https:\\\/\\\/auren.com\\\/ar\\\/#website\"},\"primaryImageOfPage\":{\"@id\":\"https:\\\/\\\/auren.com\\\/ar\\\/noticias\\\/prensa-que-opinan-los-empresarios-sobre-el-impacto-que-tendra-el-blanqueo-en-la-economia-los-andes-13-9-2024\\\/#primaryimage\"},\"image\":{\"@id\":\"https:\\\/\\\/auren.com\\\/ar\\\/noticias\\\/prensa-que-opinan-los-empresarios-sobre-el-impacto-que-tendra-el-blanqueo-en-la-economia-los-andes-13-9-2024\\\/#primaryimage\"},\"thumbnailUrl\":\"https:\\\/\\\/auren.com\\\/ar\\\/wp-content\\\/uploads\\\/2024\\\/09\\\/IMAGEN-3-4.png\",\"datePublished\":\"2024-09-16T09:33:00+00:00\",\"description\":\"Los empresarios opinan sobre el blanqueo y las condiciones propuestas en el r\u00e9gimen por el Gobierno Nacional.\",\"breadcrumb\":{\"@id\":\"https:\\\/\\\/auren.com\\\/ar\\\/noticias\\\/prensa-que-opinan-los-empresarios-sobre-el-impacto-que-tendra-el-blanqueo-en-la-economia-los-andes-13-9-2024\\\/#breadcrumb\"},\"inLanguage\":\"es\",\"potentialAction\":[{\"@type\":\"ReadAction\",\"target\":[\"https:\\\/\\\/auren.com\\\/ar\\\/noticias\\\/prensa-que-opinan-los-empresarios-sobre-el-impacto-que-tendra-el-blanqueo-en-la-economia-los-andes-13-9-2024\\\/\"]}]},{\"@type\":\"ImageObject\",\"inLanguage\":\"es\",\"@id\":\"https:\\\/\\\/auren.com\\\/ar\\\/noticias\\\/prensa-que-opinan-los-empresarios-sobre-el-impacto-que-tendra-el-blanqueo-en-la-economia-los-andes-13-9-2024\\\/#primaryimage\",\"url\":\"https:\\\/\\\/auren.com\\\/ar\\\/wp-content\\\/uploads\\\/2024\\\/09\\\/IMAGEN-3-4.png\",\"contentUrl\":\"https:\\\/\\\/auren.com\\\/ar\\\/wp-content\\\/uploads\\\/2024\\\/09\\\/IMAGEN-3-4.png\",\"width\":962,\"height\":638},{\"@type\":\"BreadcrumbList\",\"@id\":\"https:\\\/\\\/auren.com\\\/ar\\\/noticias\\\/prensa-que-opinan-los-empresarios-sobre-el-impacto-que-tendra-el-blanqueo-en-la-economia-los-andes-13-9-2024\\\/#breadcrumb\",\"itemListElement\":[{\"@type\":\"ListItem\",\"position\":1,\"name\":\"Portada\",\"item\":\"https:\\\/\\\/auren.com\\\/ar\\\/\"},{\"@type\":\"ListItem\",\"position\":2,\"name\":\"Prensa | Qu\u00e9 opinan los empresarios sobre el impacto que tendr\u00e1 el blanqueo en la econom\u00eda (Los Andes 13.9.2024)\"}]},{\"@type\":\"WebSite\",\"@id\":\"https:\\\/\\\/auren.com\\\/ar\\\/#website\",\"url\":\"https:\\\/\\\/auren.com\\\/ar\\\/\",\"name\":\"Auren Argentina\",\"description\":\"\",\"publisher\":{\"@id\":\"https:\\\/\\\/auren.com\\\/ar\\\/#organization\"},\"potentialAction\":[{\"@type\":\"SearchAction\",\"target\":{\"@type\":\"EntryPoint\",\"urlTemplate\":\"https:\\\/\\\/auren.com\\\/ar\\\/?s={search_term_string}\"},\"query-input\":{\"@type\":\"PropertyValueSpecification\",\"valueRequired\":true,\"valueName\":\"search_term_string\"}}],\"inLanguage\":\"es\"},{\"@type\":\"Organization\",\"@id\":\"https:\\\/\\\/auren.com\\\/ar\\\/#organization\",\"name\":\"Auren Argentina\",\"url\":\"https:\\\/\\\/auren.com\\\/ar\\\/\",\"logo\":{\"@type\":\"ImageObject\",\"inLanguage\":\"es\",\"@id\":\"https:\\\/\\\/auren.com\\\/ar\\\/#\\\/schema\\\/logo\\\/image\\\/\",\"url\":\"https:\\\/\\\/auren.com\\\/ar\\\/wp-content\\\/uploads\\\/2025\\\/01\\\/cropped-cropped-favicon-Auren.png\",\"contentUrl\":\"https:\\\/\\\/auren.com\\\/ar\\\/wp-content\\\/uploads\\\/2025\\\/01\\\/cropped-cropped-favicon-Auren.png\",\"width\":512,\"height\":512,\"caption\":\"Auren Argentina\"},\"image\":{\"@id\":\"https:\\\/\\\/auren.com\\\/ar\\\/#\\\/schema\\\/logo\\\/image\\\/\"},\"sameAs\":[\"https:\\\/\\\/www.facebook.com\\\/AurenArg\\\/\",\"https:\\\/\\\/x.com\\\/AUREN_Argentina\",\"https:\\\/\\\/www.linkedin.com\\\/company\\\/aurenargentina\",\"https:\\\/\\\/www.youtube.com\\\/channel\\\/UCSCseiHMECB0uMBGF9wtjSw\",\"https:\\\/\\\/www.instagram.com\\\/aurenargentina\\\/\"]}]}<\/script>\n<!-- \/ Yoast SEO plugin. -->","yoast_head_json":{"title":"Prensa | Qu\u00e9 opinan los empresarios sobre el impacto que tendr\u00e1 el blanqueo en la econom\u00eda (Los Andes 13.9.2024) - Auren Argentina","description":"Los empresarios opinan sobre el blanqueo y las condiciones propuestas en el r\u00e9gimen por el Gobierno Nacional.","robots":{"index":"index","follow":"follow","max-snippet":"max-snippet:-1","max-image-preview":"max-image-preview:large","max-video-preview":"max-video-preview:-1"},"canonical":"https:\/\/auren.com\/ar\/noticias\/prensa-que-opinan-los-empresarios-sobre-el-impacto-que-tendra-el-blanqueo-en-la-economia-los-andes-13-9-2024\/","og_locale":"es_ES","og_type":"article","og_title":"Prensa | Qu\u00e9 opinan los empresarios sobre el impacto que tendr\u00e1 el blanqueo en la econom\u00eda (Los Andes 13.9.2024) - Auren Argentina","og_description":"Los empresarios opinan sobre el blanqueo y las condiciones propuestas en el r\u00e9gimen por el Gobierno Nacional.","og_url":"https:\/\/auren.com\/ar\/noticias\/prensa-que-opinan-los-empresarios-sobre-el-impacto-que-tendra-el-blanqueo-en-la-economia-los-andes-13-9-2024\/","og_site_name":"Auren Argentina","article_publisher":"https:\/\/www.facebook.com\/AurenArg\/","og_image":[{"width":962,"height":638,"url":"https:\/\/auren.com\/ar\/wp-content\/uploads\/2024\/09\/IMAGEN-3-4.png","type":"image\/png"}],"twitter_card":"summary_large_image","twitter_site":"@AUREN_Argentina","twitter_misc":{"Tiempo de lectura":"2 minutos"},"schema":{"@context":"https:\/\/schema.org","@graph":[{"@type":"WebPage","@id":"https:\/\/auren.com\/ar\/noticias\/prensa-que-opinan-los-empresarios-sobre-el-impacto-que-tendra-el-blanqueo-en-la-economia-los-andes-13-9-2024\/","url":"https:\/\/auren.com\/ar\/noticias\/prensa-que-opinan-los-empresarios-sobre-el-impacto-que-tendra-el-blanqueo-en-la-economia-los-andes-13-9-2024\/","name":"Prensa | Qu\u00e9 opinan los empresarios sobre el impacto que tendr\u00e1 el blanqueo en la econom\u00eda (Los Andes 13.9.2024) - Auren Argentina","isPartOf":{"@id":"https:\/\/auren.com\/ar\/#website"},"primaryImageOfPage":{"@id":"https:\/\/auren.com\/ar\/noticias\/prensa-que-opinan-los-empresarios-sobre-el-impacto-que-tendra-el-blanqueo-en-la-economia-los-andes-13-9-2024\/#primaryimage"},"image":{"@id":"https:\/\/auren.com\/ar\/noticias\/prensa-que-opinan-los-empresarios-sobre-el-impacto-que-tendra-el-blanqueo-en-la-economia-los-andes-13-9-2024\/#primaryimage"},"thumbnailUrl":"https:\/\/auren.com\/ar\/wp-content\/uploads\/2024\/09\/IMAGEN-3-4.png","datePublished":"2024-09-16T09:33:00+00:00","description":"Los empresarios opinan sobre el blanqueo y las condiciones propuestas en el r\u00e9gimen por el Gobierno Nacional.","breadcrumb":{"@id":"https:\/\/auren.com\/ar\/noticias\/prensa-que-opinan-los-empresarios-sobre-el-impacto-que-tendra-el-blanqueo-en-la-economia-los-andes-13-9-2024\/#breadcrumb"},"inLanguage":"es","potentialAction":[{"@type":"ReadAction","target":["https:\/\/auren.com\/ar\/noticias\/prensa-que-opinan-los-empresarios-sobre-el-impacto-que-tendra-el-blanqueo-en-la-economia-los-andes-13-9-2024\/"]}]},{"@type":"ImageObject","inLanguage":"es","@id":"https:\/\/auren.com\/ar\/noticias\/prensa-que-opinan-los-empresarios-sobre-el-impacto-que-tendra-el-blanqueo-en-la-economia-los-andes-13-9-2024\/#primaryimage","url":"https:\/\/auren.com\/ar\/wp-content\/uploads\/2024\/09\/IMAGEN-3-4.png","contentUrl":"https:\/\/auren.com\/ar\/wp-content\/uploads\/2024\/09\/IMAGEN-3-4.png","width":962,"height":638},{"@type":"BreadcrumbList","@id":"https:\/\/auren.com\/ar\/noticias\/prensa-que-opinan-los-empresarios-sobre-el-impacto-que-tendra-el-blanqueo-en-la-economia-los-andes-13-9-2024\/#breadcrumb","itemListElement":[{"@type":"ListItem","position":1,"name":"Portada","item":"https:\/\/auren.com\/ar\/"},{"@type":"ListItem","position":2,"name":"Prensa | Qu\u00e9 opinan los empresarios sobre el impacto que tendr\u00e1 el blanqueo en la econom\u00eda (Los Andes 13.9.2024)"}]},{"@type":"WebSite","@id":"https:\/\/auren.com\/ar\/#website","url":"https:\/\/auren.com\/ar\/","name":"Auren Argentina","description":"","publisher":{"@id":"https:\/\/auren.com\/ar\/#organization"},"potentialAction":[{"@type":"SearchAction","target":{"@type":"EntryPoint","urlTemplate":"https:\/\/auren.com\/ar\/?s={search_term_string}"},"query-input":{"@type":"PropertyValueSpecification","valueRequired":true,"valueName":"search_term_string"}}],"inLanguage":"es"},{"@type":"Organization","@id":"https:\/\/auren.com\/ar\/#organization","name":"Auren Argentina","url":"https:\/\/auren.com\/ar\/","logo":{"@type":"ImageObject","inLanguage":"es","@id":"https:\/\/auren.com\/ar\/#\/schema\/logo\/image\/","url":"https:\/\/auren.com\/ar\/wp-content\/uploads\/2025\/01\/cropped-cropped-favicon-Auren.png","contentUrl":"https:\/\/auren.com\/ar\/wp-content\/uploads\/2025\/01\/cropped-cropped-favicon-Auren.png","width":512,"height":512,"caption":"Auren Argentina"},"image":{"@id":"https:\/\/auren.com\/ar\/#\/schema\/logo\/image\/"},"sameAs":["https:\/\/www.facebook.com\/AurenArg\/","https:\/\/x.com\/AUREN_Argentina","https:\/\/www.linkedin.com\/company\/aurenargentina","https:\/\/www.youtube.com\/channel\/UCSCseiHMECB0uMBGF9wtjSw","https:\/\/www.instagram.com\/aurenargentina\/"]}]}},"_links":{"self":[{"href":"https:\/\/auren.com\/ar\/wp-json\/wp\/v2\/new\/13066","targetHints":{"allow":["GET"]}}],"collection":[{"href":"https:\/\/auren.com\/ar\/wp-json\/wp\/v2\/new"}],"about":[{"href":"https:\/\/auren.com\/ar\/wp-json\/wp\/v2\/types\/new"}],"version-history":[{"count":0,"href":"https:\/\/auren.com\/ar\/wp-json\/wp\/v2\/new\/13066\/revisions"}],"wp:featuredmedia":[{"embeddable":true,"href":"https:\/\/auren.com\/ar\/wp-json\/wp\/v2\/media\/13067"}],"wp:attachment":[{"href":"https:\/\/auren.com\/ar\/wp-json\/wp\/v2\/media?parent=13066"}],"wp:term":[{"taxonomy":"new-category","embeddable":true,"href":"https:\/\/auren.com\/ar\/wp-json\/wp\/v2\/new-category?post=13066"}],"curies":[{"name":"wp","href":"https:\/\/api.w.org\/{rel}","templated":true}]}}