{"id":13070,"date":"2024-09-16T11:24:11","date_gmt":"2024-09-16T09:24:11","guid":{"rendered":"https:\/\/auren.com\/ar\/new\/prensa-la-mayoria-de-los-empresarios-dice-que-va-a-entrar-al-blanqueo-lm-neuquen-12-9-2024\/"},"modified":"2024-09-16T11:24:11","modified_gmt":"2024-09-16T09:24:11","slug":"prensa-la-mayoria-de-los-empresarios-dice-que-va-a-entrar-al-blanqueo-lm-neuquen-12-9-2024","status":"publish","type":"new","link":"https:\/\/auren.com\/ar\/noticias\/prensa-la-mayoria-de-los-empresarios-dice-que-va-a-entrar-al-blanqueo-lm-neuquen-12-9-2024\/","title":{"rendered":"Prensa| La mayor\u00eda de los empresarios dice que va a entrar al blanqueo (LM Neuqu\u00e9n 12.9.2024)"},"content":{"rendered":"<h2 class=\"wp-block-heading\">Se trata de un relevamiento del estudio contable Auren. A pesar de la desconfianza, el plan de exteriorizaci\u00f3n tiene buena aceptaci\u00f3n.<\/h2>\n<p>\u00abM\u00e1s del 65% de los empresarios aprueba la\u00a0<strong>iniciativa del blanqueo<\/strong>. Mientras cerca del 22% desconf\u00eda y expresa una mirada negativa, solo el 13% no sabe\/no contesta\u00bb, se\u00f1ala el estudio\u00a0<strong>contable <a href=\"https:\/\/auren.com\/ar\/\">Auren<\/a>,<\/strong>\u00a0que asesora a empresas en temas contables.<\/p>\n<p>El reporte indica que \u00abla&nbsp;<strong>decisi\u00f3n de adherirse al blanqueo se divide casi en partes iguales, ya que el 43% afirma que se sumar\u00e1 a la propuesta, mientras el 40% rechaza<\/strong>&nbsp;la posibilidad de adherirse y un 17% a\u00fan no lo ha definido\u00bb<\/p>\n<p>Los resultados reflejan l<strong>a opini\u00f3n de 250 empresarios, de los cuales el 33% son accionistas o socios,&nbsp;<\/strong>m\u00e1s del 26% directores y gerentes, un 13%, presidente o CEOS de empresas medianas y grandes de diversos rubros.<\/p>\n<p><strong>M\u00e1s del 32% son empresas de servicios, 15% de agronegocios y un 8,7% de manufactura<\/strong>, industria, de tecnolog\u00eda, de Real Estate y Construcci\u00f3n y Banca y Seguros, adem\u00e1s de Turismo, Retail, entre otros.<\/p>\n<p>Por otro lado, fr<strong>ente al punto de vista sobre las condiciones propuestas en este r\u00e9gimen de blanqueo, el 50% manifiesta estar de acuerdo,<\/strong>&nbsp;solo un 13% expresa que no, y un poco m\u00e1s del 28% pone en duda varias de las condiciones expresadas.<\/p>\n<p>En tanto,<strong>&nbsp;cerca del 80% de los encuestados considera que podr\u00eda estar mejor informada<\/strong>&nbsp;y ejecutada la comunicaci\u00f3n del gobierno hacia el contribuyente sobre la instrumentaci\u00f3n y plazos vigente del r\u00e9gimen de blanqueo.<\/p>\n<p>Las opiniones tambi\u00e9n hacen foco a la desconfianza e intranquilidad, consecuencia de promesas incumplidas y modificaciones inesperadas en propuestas de blanqueos anteriores.<\/p>\n<p>El reporte se\u00f1ala que \u00abcon m\u00e1s del 65%, la confianza en la estabilidad jur\u00eddica y fiscal es considerada uno de los\u00a0<strong>factores fundamentales para que los contribuyentes se adhieran al blanqueo\u00bb<\/strong>.<\/p>\n<p>Leer la nota completa en <a href=\"https:\/\/www.lmneuquen.com\/pais\/la-mayoria-los-empresarios-dice-que-va-entrar-al-blanqueo-n1142170\">LM Neuqu\u00e9n<\/a> <\/p>\n<p><a href=\"https:\/\/www.facebook.com\/sharer\/sharer.php?u=https%3A%2F%2Fwww.lmneuquen.com%2Fc1142170\" target=\"_blank\" rel=\"noreferrer noopener\"><\/a><\/p>\n<p><!-- AddThis Advanced Settings generic via filter on the_content --><!-- AddThis Share Buttons generic via filter on the_content --><\/p>\n","protected":false},"excerpt":{"rendered":"<p>Se trata de un relevamiento del estudio contable Auren. A pesar de la desconfianza, el plan de exteriorizaci\u00f3n tiene buena aceptaci\u00f3n. \u00abM\u00e1s del 65% de los empresarios aprueba la\u00a0iniciativa del [&hellip;]<\/p>\n","protected":false},"featured_media":13071,"template":"","meta":{"_acf_changed":false,"footnotes":""},"new-category":[],"class_list":["post-13070","new","type-new","status-publish","has-post-thumbnail","hentry"],"acf":[],"yoast_head":"<!-- This site is optimized with the Yoast SEO plugin v27.5 - https:\/\/yoast.com\/product\/yoast-seo-wordpress\/ -->\n<title>Prensa| La mayor\u00eda de los empresarios dice que va a entrar al blanqueo (LM Neuqu\u00e9n 12.9.2024) - Auren Argentina<\/title>\n<meta name=\"description\" content=\"M\u00e1s del 65% de los empresarios aprueba la\u00a0iniciativa del blanqueo. Cerca del 22% desconf\u00eda y expresa una mirada negativa, solo el 13% no sabe\" \/>\n<meta name=\"robots\" content=\"index, follow, max-snippet:-1, max-image-preview:large, max-video-preview:-1\" \/>\n<link rel=\"canonical\" href=\"https:\/\/auren.com\/ar\/noticias\/prensa-la-mayoria-de-los-empresarios-dice-que-va-a-entrar-al-blanqueo-lm-neuquen-12-9-2024\/\" \/>\n<meta property=\"og:locale\" content=\"es_ES\" \/>\n<meta property=\"og:type\" content=\"article\" \/>\n<meta property=\"og:title\" content=\"Prensa| La mayor\u00eda de los empresarios dice que va a entrar al blanqueo (LM Neuqu\u00e9n 12.9.2024) - Auren Argentina\" \/>\n<meta property=\"og:description\" content=\"M\u00e1s del 65% de los empresarios aprueba la\u00a0iniciativa del blanqueo. Cerca del 22% desconf\u00eda y expresa una mirada negativa, solo el 13% no sabe\" \/>\n<meta property=\"og:url\" content=\"https:\/\/auren.com\/ar\/noticias\/prensa-la-mayoria-de-los-empresarios-dice-que-va-a-entrar-al-blanqueo-lm-neuquen-12-9-2024\/\" \/>\n<meta property=\"og:site_name\" content=\"Auren Argentina\" \/>\n<meta property=\"article:publisher\" content=\"https:\/\/www.facebook.com\/AurenArg\/\" \/>\n<meta property=\"og:image\" content=\"https:\/\/auren.com\/ar\/wp-content\/uploads\/2024\/09\/IMAGEN-2-4.png\" \/>\n\t<meta property=\"og:image:width\" content=\"705\" \/>\n\t<meta property=\"og:image:height\" content=\"431\" \/>\n\t<meta property=\"og:image:type\" content=\"image\/png\" \/>\n<meta name=\"twitter:card\" content=\"summary_large_image\" \/>\n<meta name=\"twitter:site\" content=\"@AUREN_Argentina\" \/>\n<meta name=\"twitter:label1\" content=\"Tiempo de lectura\" \/>\n\t<meta name=\"twitter:data1\" content=\"2 minutos\" \/>\n<script type=\"application\/ld+json\" class=\"yoast-schema-graph\">{\"@context\":\"https:\\\/\\\/schema.org\",\"@graph\":[{\"@type\":\"WebPage\",\"@id\":\"https:\\\/\\\/auren.com\\\/ar\\\/noticias\\\/prensa-la-mayoria-de-los-empresarios-dice-que-va-a-entrar-al-blanqueo-lm-neuquen-12-9-2024\\\/\",\"url\":\"https:\\\/\\\/auren.com\\\/ar\\\/noticias\\\/prensa-la-mayoria-de-los-empresarios-dice-que-va-a-entrar-al-blanqueo-lm-neuquen-12-9-2024\\\/\",\"name\":\"Prensa| La mayor\u00eda de los empresarios dice que va a entrar al blanqueo (LM Neuqu\u00e9n 12.9.2024) - Auren Argentina\",\"isPartOf\":{\"@id\":\"https:\\\/\\\/auren.com\\\/ar\\\/#website\"},\"primaryImageOfPage\":{\"@id\":\"https:\\\/\\\/auren.com\\\/ar\\\/noticias\\\/prensa-la-mayoria-de-los-empresarios-dice-que-va-a-entrar-al-blanqueo-lm-neuquen-12-9-2024\\\/#primaryimage\"},\"image\":{\"@id\":\"https:\\\/\\\/auren.com\\\/ar\\\/noticias\\\/prensa-la-mayoria-de-los-empresarios-dice-que-va-a-entrar-al-blanqueo-lm-neuquen-12-9-2024\\\/#primaryimage\"},\"thumbnailUrl\":\"https:\\\/\\\/auren.com\\\/ar\\\/wp-content\\\/uploads\\\/2024\\\/09\\\/IMAGEN-2-4.png\",\"datePublished\":\"2024-09-16T09:24:11+00:00\",\"description\":\"M\u00e1s del 65% de los empresarios aprueba la\u00a0iniciativa del blanqueo. Cerca del 22% desconf\u00eda y expresa una mirada negativa, solo el 13% no sabe\",\"breadcrumb\":{\"@id\":\"https:\\\/\\\/auren.com\\\/ar\\\/noticias\\\/prensa-la-mayoria-de-los-empresarios-dice-que-va-a-entrar-al-blanqueo-lm-neuquen-12-9-2024\\\/#breadcrumb\"},\"inLanguage\":\"es\",\"potentialAction\":[{\"@type\":\"ReadAction\",\"target\":[\"https:\\\/\\\/auren.com\\\/ar\\\/noticias\\\/prensa-la-mayoria-de-los-empresarios-dice-que-va-a-entrar-al-blanqueo-lm-neuquen-12-9-2024\\\/\"]}]},{\"@type\":\"ImageObject\",\"inLanguage\":\"es\",\"@id\":\"https:\\\/\\\/auren.com\\\/ar\\\/noticias\\\/prensa-la-mayoria-de-los-empresarios-dice-que-va-a-entrar-al-blanqueo-lm-neuquen-12-9-2024\\\/#primaryimage\",\"url\":\"https:\\\/\\\/auren.com\\\/ar\\\/wp-content\\\/uploads\\\/2024\\\/09\\\/IMAGEN-2-4.png\",\"contentUrl\":\"https:\\\/\\\/auren.com\\\/ar\\\/wp-content\\\/uploads\\\/2024\\\/09\\\/IMAGEN-2-4.png\",\"width\":705,\"height\":431},{\"@type\":\"BreadcrumbList\",\"@id\":\"https:\\\/\\\/auren.com\\\/ar\\\/noticias\\\/prensa-la-mayoria-de-los-empresarios-dice-que-va-a-entrar-al-blanqueo-lm-neuquen-12-9-2024\\\/#breadcrumb\",\"itemListElement\":[{\"@type\":\"ListItem\",\"position\":1,\"name\":\"Portada\",\"item\":\"https:\\\/\\\/auren.com\\\/ar\\\/\"},{\"@type\":\"ListItem\",\"position\":2,\"name\":\"Prensa| La mayor\u00eda de los empresarios dice que va a entrar al blanqueo (LM Neuqu\u00e9n 12.9.2024)\"}]},{\"@type\":\"WebSite\",\"@id\":\"https:\\\/\\\/auren.com\\\/ar\\\/#website\",\"url\":\"https:\\\/\\\/auren.com\\\/ar\\\/\",\"name\":\"Auren Argentina\",\"description\":\"\",\"publisher\":{\"@id\":\"https:\\\/\\\/auren.com\\\/ar\\\/#organization\"},\"potentialAction\":[{\"@type\":\"SearchAction\",\"target\":{\"@type\":\"EntryPoint\",\"urlTemplate\":\"https:\\\/\\\/auren.com\\\/ar\\\/?s={search_term_string}\"},\"query-input\":{\"@type\":\"PropertyValueSpecification\",\"valueRequired\":true,\"valueName\":\"search_term_string\"}}],\"inLanguage\":\"es\"},{\"@type\":\"Organization\",\"@id\":\"https:\\\/\\\/auren.com\\\/ar\\\/#organization\",\"name\":\"Auren Argentina\",\"url\":\"https:\\\/\\\/auren.com\\\/ar\\\/\",\"logo\":{\"@type\":\"ImageObject\",\"inLanguage\":\"es\",\"@id\":\"https:\\\/\\\/auren.com\\\/ar\\\/#\\\/schema\\\/logo\\\/image\\\/\",\"url\":\"https:\\\/\\\/auren.com\\\/ar\\\/wp-content\\\/uploads\\\/2025\\\/01\\\/cropped-cropped-favicon-Auren.png\",\"contentUrl\":\"https:\\\/\\\/auren.com\\\/ar\\\/wp-content\\\/uploads\\\/2025\\\/01\\\/cropped-cropped-favicon-Auren.png\",\"width\":512,\"height\":512,\"caption\":\"Auren Argentina\"},\"image\":{\"@id\":\"https:\\\/\\\/auren.com\\\/ar\\\/#\\\/schema\\\/logo\\\/image\\\/\"},\"sameAs\":[\"https:\\\/\\\/www.facebook.com\\\/AurenArg\\\/\",\"https:\\\/\\\/x.com\\\/AUREN_Argentina\",\"https:\\\/\\\/www.linkedin.com\\\/company\\\/aurenargentina\",\"https:\\\/\\\/www.youtube.com\\\/channel\\\/UCSCseiHMECB0uMBGF9wtjSw\",\"https:\\\/\\\/www.instagram.com\\\/aurenargentina\\\/\"]}]}<\/script>\n<!-- \/ Yoast SEO plugin. -->","yoast_head_json":{"title":"Prensa| La mayor\u00eda de los empresarios dice que va a entrar al blanqueo (LM Neuqu\u00e9n 12.9.2024) - Auren Argentina","description":"M\u00e1s del 65% de los empresarios aprueba la\u00a0iniciativa del blanqueo. Cerca del 22% desconf\u00eda y expresa una mirada negativa, solo el 13% no sabe","robots":{"index":"index","follow":"follow","max-snippet":"max-snippet:-1","max-image-preview":"max-image-preview:large","max-video-preview":"max-video-preview:-1"},"canonical":"https:\/\/auren.com\/ar\/noticias\/prensa-la-mayoria-de-los-empresarios-dice-que-va-a-entrar-al-blanqueo-lm-neuquen-12-9-2024\/","og_locale":"es_ES","og_type":"article","og_title":"Prensa| La mayor\u00eda de los empresarios dice que va a entrar al blanqueo (LM Neuqu\u00e9n 12.9.2024) - Auren Argentina","og_description":"M\u00e1s del 65% de los empresarios aprueba la\u00a0iniciativa del blanqueo. Cerca del 22% desconf\u00eda y expresa una mirada negativa, solo el 13% no sabe","og_url":"https:\/\/auren.com\/ar\/noticias\/prensa-la-mayoria-de-los-empresarios-dice-que-va-a-entrar-al-blanqueo-lm-neuquen-12-9-2024\/","og_site_name":"Auren Argentina","article_publisher":"https:\/\/www.facebook.com\/AurenArg\/","og_image":[{"width":705,"height":431,"url":"https:\/\/auren.com\/ar\/wp-content\/uploads\/2024\/09\/IMAGEN-2-4.png","type":"image\/png"}],"twitter_card":"summary_large_image","twitter_site":"@AUREN_Argentina","twitter_misc":{"Tiempo de lectura":"2 minutos"},"schema":{"@context":"https:\/\/schema.org","@graph":[{"@type":"WebPage","@id":"https:\/\/auren.com\/ar\/noticias\/prensa-la-mayoria-de-los-empresarios-dice-que-va-a-entrar-al-blanqueo-lm-neuquen-12-9-2024\/","url":"https:\/\/auren.com\/ar\/noticias\/prensa-la-mayoria-de-los-empresarios-dice-que-va-a-entrar-al-blanqueo-lm-neuquen-12-9-2024\/","name":"Prensa| La mayor\u00eda de los empresarios dice que va a entrar al blanqueo (LM Neuqu\u00e9n 12.9.2024) - Auren Argentina","isPartOf":{"@id":"https:\/\/auren.com\/ar\/#website"},"primaryImageOfPage":{"@id":"https:\/\/auren.com\/ar\/noticias\/prensa-la-mayoria-de-los-empresarios-dice-que-va-a-entrar-al-blanqueo-lm-neuquen-12-9-2024\/#primaryimage"},"image":{"@id":"https:\/\/auren.com\/ar\/noticias\/prensa-la-mayoria-de-los-empresarios-dice-que-va-a-entrar-al-blanqueo-lm-neuquen-12-9-2024\/#primaryimage"},"thumbnailUrl":"https:\/\/auren.com\/ar\/wp-content\/uploads\/2024\/09\/IMAGEN-2-4.png","datePublished":"2024-09-16T09:24:11+00:00","description":"M\u00e1s del 65% de los empresarios aprueba la\u00a0iniciativa del blanqueo. Cerca del 22% desconf\u00eda y expresa una mirada negativa, solo el 13% no sabe","breadcrumb":{"@id":"https:\/\/auren.com\/ar\/noticias\/prensa-la-mayoria-de-los-empresarios-dice-que-va-a-entrar-al-blanqueo-lm-neuquen-12-9-2024\/#breadcrumb"},"inLanguage":"es","potentialAction":[{"@type":"ReadAction","target":["https:\/\/auren.com\/ar\/noticias\/prensa-la-mayoria-de-los-empresarios-dice-que-va-a-entrar-al-blanqueo-lm-neuquen-12-9-2024\/"]}]},{"@type":"ImageObject","inLanguage":"es","@id":"https:\/\/auren.com\/ar\/noticias\/prensa-la-mayoria-de-los-empresarios-dice-que-va-a-entrar-al-blanqueo-lm-neuquen-12-9-2024\/#primaryimage","url":"https:\/\/auren.com\/ar\/wp-content\/uploads\/2024\/09\/IMAGEN-2-4.png","contentUrl":"https:\/\/auren.com\/ar\/wp-content\/uploads\/2024\/09\/IMAGEN-2-4.png","width":705,"height":431},{"@type":"BreadcrumbList","@id":"https:\/\/auren.com\/ar\/noticias\/prensa-la-mayoria-de-los-empresarios-dice-que-va-a-entrar-al-blanqueo-lm-neuquen-12-9-2024\/#breadcrumb","itemListElement":[{"@type":"ListItem","position":1,"name":"Portada","item":"https:\/\/auren.com\/ar\/"},{"@type":"ListItem","position":2,"name":"Prensa| La mayor\u00eda de los empresarios dice que va a entrar al blanqueo (LM Neuqu\u00e9n 12.9.2024)"}]},{"@type":"WebSite","@id":"https:\/\/auren.com\/ar\/#website","url":"https:\/\/auren.com\/ar\/","name":"Auren Argentina","description":"","publisher":{"@id":"https:\/\/auren.com\/ar\/#organization"},"potentialAction":[{"@type":"SearchAction","target":{"@type":"EntryPoint","urlTemplate":"https:\/\/auren.com\/ar\/?s={search_term_string}"},"query-input":{"@type":"PropertyValueSpecification","valueRequired":true,"valueName":"search_term_string"}}],"inLanguage":"es"},{"@type":"Organization","@id":"https:\/\/auren.com\/ar\/#organization","name":"Auren Argentina","url":"https:\/\/auren.com\/ar\/","logo":{"@type":"ImageObject","inLanguage":"es","@id":"https:\/\/auren.com\/ar\/#\/schema\/logo\/image\/","url":"https:\/\/auren.com\/ar\/wp-content\/uploads\/2025\/01\/cropped-cropped-favicon-Auren.png","contentUrl":"https:\/\/auren.com\/ar\/wp-content\/uploads\/2025\/01\/cropped-cropped-favicon-Auren.png","width":512,"height":512,"caption":"Auren Argentina"},"image":{"@id":"https:\/\/auren.com\/ar\/#\/schema\/logo\/image\/"},"sameAs":["https:\/\/www.facebook.com\/AurenArg\/","https:\/\/x.com\/AUREN_Argentina","https:\/\/www.linkedin.com\/company\/aurenargentina","https:\/\/www.youtube.com\/channel\/UCSCseiHMECB0uMBGF9wtjSw","https:\/\/www.instagram.com\/aurenargentina\/"]}]}},"_links":{"self":[{"href":"https:\/\/auren.com\/ar\/wp-json\/wp\/v2\/new\/13070","targetHints":{"allow":["GET"]}}],"collection":[{"href":"https:\/\/auren.com\/ar\/wp-json\/wp\/v2\/new"}],"about":[{"href":"https:\/\/auren.com\/ar\/wp-json\/wp\/v2\/types\/new"}],"version-history":[{"count":0,"href":"https:\/\/auren.com\/ar\/wp-json\/wp\/v2\/new\/13070\/revisions"}],"wp:featuredmedia":[{"embeddable":true,"href":"https:\/\/auren.com\/ar\/wp-json\/wp\/v2\/media\/13071"}],"wp:attachment":[{"href":"https:\/\/auren.com\/ar\/wp-json\/wp\/v2\/media?parent=13070"}],"wp:term":[{"taxonomy":"new-category","embeddable":true,"href":"https:\/\/auren.com\/ar\/wp-json\/wp\/v2\/new-category?post=13070"}],"curies":[{"name":"wp","href":"https:\/\/api.w.org\/{rel}","templated":true}]}}