{"id":13074,"date":"2024-09-12T10:14:37","date_gmt":"2024-09-12T08:14:37","guid":{"rendered":"https:\/\/auren.com\/ar\/new\/prensa-los-empresarios-aprueban-el-blanqueo-y-miden-que-tendra-impacto-positivo-en-la-economia-perfil-12-09-2024\/"},"modified":"2024-09-12T10:14:37","modified_gmt":"2024-09-12T08:14:37","slug":"prensa-los-empresarios-aprueban-el-blanqueo-y-miden-que-tendra-impacto-positivo-en-la-economia-perfil-12-09-2024","status":"publish","type":"new","link":"https:\/\/auren.com\/ar\/noticias\/prensa-los-empresarios-aprueban-el-blanqueo-y-miden-que-tendra-impacto-positivo-en-la-economia-perfil-12-09-2024\/","title":{"rendered":"Prensa | Los empresarios aprueban el blanqueo y miden que tendr\u00e1 impacto positivo en la econom\u00eda (Perfil, 12.09.2024)"},"content":{"rendered":"<h2 class=\"wp-block-heading\">Auren Argentina realiz\u00f3 una encuesta a 250 empresarios para conocer su mirada sobre esta propuesta y conocer su postura respecto de c\u00f3mo impactar\u00e1 en la econom\u00eda del pa\u00eds.<\/h2>\n<p><a href=\"https:\/\/www.linkedin.com\/in\/gabrielhermida\/\">Gabriel Hermida<\/a> *<\/p>\n<p>A d\u00edas que se cumpla el plazo de esta\u00a0<a href=\"https:\/\/www.perfil.com\/noticias\/canal-e\/blanqueo-de-capitales-cuales-son-las-nuevas-modificaciones-del-gobierno.phtml\" target=\"_blank\" rel=\"noreferrer noopener\">primera etapa del blanqueo de capitales\u00a0<\/a>promovido por el Gobierno\u00a0Nacional a trav\u00e9s de la Ley N\u00b0 27260, desde\u00a0<em>Auren Argentina\u00a0<\/em>realizamos una encuesta para conocer la\u00a0<a href=\"https:\/\/www.perfil.com\/noticias\/canal-e\/carlos-burgueno-el-blanqueo-esta-funcionando-mejor-de-lo-esperado.phtml\" target=\"_blank\" rel=\"noreferrer noopener\">mirada de los empresarios sobre esta propuesta y c\u00f3mo impactar\u00e1 en la econom\u00eda del pa\u00eds.<\/a><\/p>\n<p>Los resultados reflejan la opini\u00f3n d<strong>e 250 empresarios<\/strong>, de los cuales el 33% son accionistas\/socios\/propietarios, m\u00e1s del 26% directores y gerentes, un 13% Presidente\/ Ceos de empresas medianas y grandes de diversos rubros: m\u00e1s del 32% de servicios, 15% de agronegocios, un 8,7% de manufactura\/industria, de tecnolog\u00eda, de Real Estate\/ Construcci\u00f3n y Banca y Seguros, adem\u00e1s de Turismo, Retail, entre otros.<\/p>\n<p><strong>M\u00e1s del 65% de los empresarios aprueba la iniciativa del blanqueo.<\/strong>&nbsp;Mientras cerca del 22% desconf\u00eda y expresa una mirada negativa, s\u00f3lo el 13% no sabe\/no contesta.<\/p>\n<p>Sin embargo<strong>, la decisi\u00f3n de adherirse al blanqueo se divide casi en partes iguales. El 43% afirma que se sumar\u00e1 a la propuesta, mientras el 40% rechaza la posibilidad de adherirse<\/strong>. A\u00fan un 17% no lo ha definido.<\/p>\n<p>Por otro lado, frente al punto de vista sobre las&nbsp;<strong>condiciones propuestas en este r\u00e9gimen de blanqueo<\/strong>,&nbsp;<strong>el 50% manifiesta estar de acuerdo, solo un 13% expresa que no<\/strong>, y un poco m\u00e1s del 28% pone en duda varias de las condiciones expresadas.<\/p>\n<h2 class=\"wp-block-heading\"><strong>El blanqueo, falto de informaci\u00f3n<\/strong><\/h2>\n<p>En tanto<strong>, cerca del 80% de los encuestados considera que podr\u00eda estar mejor informada y ejecutada la comunicaci\u00f3n del gobierno hacia el contribuyente sobre la instrumentaci\u00f3n y plazos vigente del r\u00e9gimen de blanqueo.<\/strong><\/p>\n<p>Las opiniones tambi\u00e9n hacen foco a la desconfianza e intranquilidad, consecuencia de promesas incumplidas y modificaciones inesperadas en propuestas de blanqueos anteriores.<\/p>\n<p>Con<strong>&nbsp;m\u00e1s del 65% la confianza en la estabilidad jur\u00eddica y fiscal es considerada uno de los factores fundamentales para que los contribuyentes se adhieran al blanqueo<\/strong>. Luego con un 35% continua la necesitan de contar con mayor transparencia y claridad en la normativa, mayores plazos exigen un 15% y mayores incentivos m\u00e1s de un 10%. Tambi\u00e9n los encuestados mencionan en un 10% \u201cotros\u201d como mayor rigidez, necesidad de adhesi\u00f3n provincial y mayor avance en disminuci\u00f3n en la carga fiscal.<\/p>\n<p>Frente a la consulta del&nbsp;<strong>impacto que tendr\u00e1 sobre la econom\u00eda del pa\u00eds<\/strong>, la mirada es un poco alentadora. M\u00e1s del 56,5% apuesta a que el impacto ser\u00e1 positivo para la Argentina, el 30,5% tiene una mirada negativa y el 13% restante no sabe\/no contenta.<\/p>\n<p>Frente a la reglamentaci\u00f3n del blanqueo, consultamos a los empresarios c\u00f3mo se informan al respecto.<\/p>\n<p><strong>El 56,5% de los casos manifest\u00f3 conocer sobre las condiciones y requisitos del blanqueo a trav\u00e9s de sus contadores\/consultoras asesoras, el 32,6% a trav\u00e9s de los medios de comunicaci\u00f3n<\/strong>, cerca del 24% en internet, alrededor del 20% asisten a eventos y se informan a trav\u00e9s de videos y contenido de las redes sociales. Apenas un 4% declara no estar informado.<\/p>\n<p><em>*\u00a0Socio de Impuestos de <a href=\"https:\/\/auren.com\/ar\/\">Auren Argentina<\/a><\/em><\/p>\n<p>Leer nota completa en <a href=\"https:\/\/www.perfil.com\/noticias\/economia\/los-empresarios-aprueban-el-nuevo-blanqueo-y-miden-como-positivo-su-impacto-en-la-economia.phtml\">Perfil<\/a><\/p>\n<p><!-- AddThis Advanced Settings generic via filter on the_content --><!-- AddThis Share Buttons generic via filter on the_content --><\/p>\n","protected":false},"excerpt":{"rendered":"<p>Auren Argentina realiz\u00f3 una encuesta a 250 empresarios para conocer su mirada sobre esta propuesta y conocer su postura respecto de c\u00f3mo impactar\u00e1 en la econom\u00eda del pa\u00eds. Gabriel Hermida [&hellip;]<\/p>\n","protected":false},"featured_media":13075,"template":"","meta":{"_acf_changed":false,"footnotes":""},"new-category":[],"class_list":["post-13074","new","type-new","status-publish","has-post-thumbnail","hentry"],"acf":[],"yoast_head":"<!-- This site is optimized with the Yoast SEO plugin v27.5 - https:\/\/yoast.com\/product\/yoast-seo-wordpress\/ -->\n<title>Prensa | Los empresarios aprueban el blanqueo y miden que tendr\u00e1 impacto positivo en la econom\u00eda (Perfil, 12.09.2024) - Auren Argentina<\/title>\n<meta name=\"description\" content=\"Auren Argentina realiz\u00f3 una encuesta para conocer su postura respecto de c\u00f3mo impactar\u00e1 en la econom\u00eda del pa\u00eds.\" \/>\n<meta name=\"robots\" content=\"index, follow, max-snippet:-1, max-image-preview:large, max-video-preview:-1\" \/>\n<link rel=\"canonical\" href=\"https:\/\/auren.com\/ar\/noticias\/prensa-los-empresarios-aprueban-el-blanqueo-y-miden-que-tendra-impacto-positivo-en-la-economia-perfil-12-09-2024\/\" \/>\n<meta property=\"og:locale\" content=\"es_ES\" \/>\n<meta property=\"og:type\" content=\"article\" \/>\n<meta property=\"og:title\" content=\"Prensa | Los empresarios aprueban el blanqueo y miden que tendr\u00e1 impacto positivo en la econom\u00eda (Perfil, 12.09.2024) - Auren Argentina\" \/>\n<meta property=\"og:description\" content=\"Auren Argentina realiz\u00f3 una encuesta para conocer su postura respecto de c\u00f3mo impactar\u00e1 en la econom\u00eda del pa\u00eds.\" \/>\n<meta property=\"og:url\" content=\"https:\/\/auren.com\/ar\/noticias\/prensa-los-empresarios-aprueban-el-blanqueo-y-miden-que-tendra-impacto-positivo-en-la-economia-perfil-12-09-2024\/\" \/>\n<meta property=\"og:site_name\" content=\"Auren Argentina\" \/>\n<meta property=\"article:publisher\" content=\"https:\/\/www.facebook.com\/AurenArg\/\" \/>\n<meta property=\"og:image\" content=\"https:\/\/auren.com\/ar\/wp-content\/uploads\/2024\/09\/IMAGEN-1-4.png\" \/>\n\t<meta property=\"og:image:width\" content=\"529\" \/>\n\t<meta property=\"og:image:height\" content=\"408\" \/>\n\t<meta property=\"og:image:type\" content=\"image\/png\" \/>\n<meta name=\"twitter:card\" content=\"summary_large_image\" \/>\n<meta name=\"twitter:site\" content=\"@AUREN_Argentina\" \/>\n<meta name=\"twitter:label1\" content=\"Tiempo de lectura\" \/>\n\t<meta name=\"twitter:data1\" content=\"3 minutos\" \/>\n<script type=\"application\/ld+json\" class=\"yoast-schema-graph\">{\"@context\":\"https:\\\/\\\/schema.org\",\"@graph\":[{\"@type\":\"WebPage\",\"@id\":\"https:\\\/\\\/auren.com\\\/ar\\\/noticias\\\/prensa-los-empresarios-aprueban-el-blanqueo-y-miden-que-tendra-impacto-positivo-en-la-economia-perfil-12-09-2024\\\/\",\"url\":\"https:\\\/\\\/auren.com\\\/ar\\\/noticias\\\/prensa-los-empresarios-aprueban-el-blanqueo-y-miden-que-tendra-impacto-positivo-en-la-economia-perfil-12-09-2024\\\/\",\"name\":\"Prensa | Los empresarios aprueban el blanqueo y miden que tendr\u00e1 impacto positivo en la econom\u00eda (Perfil, 12.09.2024) - Auren Argentina\",\"isPartOf\":{\"@id\":\"https:\\\/\\\/auren.com\\\/ar\\\/#website\"},\"primaryImageOfPage\":{\"@id\":\"https:\\\/\\\/auren.com\\\/ar\\\/noticias\\\/prensa-los-empresarios-aprueban-el-blanqueo-y-miden-que-tendra-impacto-positivo-en-la-economia-perfil-12-09-2024\\\/#primaryimage\"},\"image\":{\"@id\":\"https:\\\/\\\/auren.com\\\/ar\\\/noticias\\\/prensa-los-empresarios-aprueban-el-blanqueo-y-miden-que-tendra-impacto-positivo-en-la-economia-perfil-12-09-2024\\\/#primaryimage\"},\"thumbnailUrl\":\"https:\\\/\\\/auren.com\\\/ar\\\/wp-content\\\/uploads\\\/2024\\\/09\\\/IMAGEN-1-4.png\",\"datePublished\":\"2024-09-12T08:14:37+00:00\",\"description\":\"Auren Argentina realiz\u00f3 una encuesta para conocer su postura respecto de c\u00f3mo impactar\u00e1 en la econom\u00eda del pa\u00eds.\",\"breadcrumb\":{\"@id\":\"https:\\\/\\\/auren.com\\\/ar\\\/noticias\\\/prensa-los-empresarios-aprueban-el-blanqueo-y-miden-que-tendra-impacto-positivo-en-la-economia-perfil-12-09-2024\\\/#breadcrumb\"},\"inLanguage\":\"es\",\"potentialAction\":[{\"@type\":\"ReadAction\",\"target\":[\"https:\\\/\\\/auren.com\\\/ar\\\/noticias\\\/prensa-los-empresarios-aprueban-el-blanqueo-y-miden-que-tendra-impacto-positivo-en-la-economia-perfil-12-09-2024\\\/\"]}]},{\"@type\":\"ImageObject\",\"inLanguage\":\"es\",\"@id\":\"https:\\\/\\\/auren.com\\\/ar\\\/noticias\\\/prensa-los-empresarios-aprueban-el-blanqueo-y-miden-que-tendra-impacto-positivo-en-la-economia-perfil-12-09-2024\\\/#primaryimage\",\"url\":\"https:\\\/\\\/auren.com\\\/ar\\\/wp-content\\\/uploads\\\/2024\\\/09\\\/IMAGEN-1-4.png\",\"contentUrl\":\"https:\\\/\\\/auren.com\\\/ar\\\/wp-content\\\/uploads\\\/2024\\\/09\\\/IMAGEN-1-4.png\",\"width\":529,\"height\":408},{\"@type\":\"BreadcrumbList\",\"@id\":\"https:\\\/\\\/auren.com\\\/ar\\\/noticias\\\/prensa-los-empresarios-aprueban-el-blanqueo-y-miden-que-tendra-impacto-positivo-en-la-economia-perfil-12-09-2024\\\/#breadcrumb\",\"itemListElement\":[{\"@type\":\"ListItem\",\"position\":1,\"name\":\"Portada\",\"item\":\"https:\\\/\\\/auren.com\\\/ar\\\/\"},{\"@type\":\"ListItem\",\"position\":2,\"name\":\"Prensa | Los empresarios aprueban el blanqueo y miden que tendr\u00e1 impacto positivo en la econom\u00eda (Perfil, 12.09.2024)\"}]},{\"@type\":\"WebSite\",\"@id\":\"https:\\\/\\\/auren.com\\\/ar\\\/#website\",\"url\":\"https:\\\/\\\/auren.com\\\/ar\\\/\",\"name\":\"Auren Argentina\",\"description\":\"\",\"publisher\":{\"@id\":\"https:\\\/\\\/auren.com\\\/ar\\\/#organization\"},\"potentialAction\":[{\"@type\":\"SearchAction\",\"target\":{\"@type\":\"EntryPoint\",\"urlTemplate\":\"https:\\\/\\\/auren.com\\\/ar\\\/?s={search_term_string}\"},\"query-input\":{\"@type\":\"PropertyValueSpecification\",\"valueRequired\":true,\"valueName\":\"search_term_string\"}}],\"inLanguage\":\"es\"},{\"@type\":\"Organization\",\"@id\":\"https:\\\/\\\/auren.com\\\/ar\\\/#organization\",\"name\":\"Auren Argentina\",\"url\":\"https:\\\/\\\/auren.com\\\/ar\\\/\",\"logo\":{\"@type\":\"ImageObject\",\"inLanguage\":\"es\",\"@id\":\"https:\\\/\\\/auren.com\\\/ar\\\/#\\\/schema\\\/logo\\\/image\\\/\",\"url\":\"https:\\\/\\\/auren.com\\\/ar\\\/wp-content\\\/uploads\\\/2025\\\/01\\\/cropped-cropped-favicon-Auren.png\",\"contentUrl\":\"https:\\\/\\\/auren.com\\\/ar\\\/wp-content\\\/uploads\\\/2025\\\/01\\\/cropped-cropped-favicon-Auren.png\",\"width\":512,\"height\":512,\"caption\":\"Auren Argentina\"},\"image\":{\"@id\":\"https:\\\/\\\/auren.com\\\/ar\\\/#\\\/schema\\\/logo\\\/image\\\/\"},\"sameAs\":[\"https:\\\/\\\/www.facebook.com\\\/AurenArg\\\/\",\"https:\\\/\\\/x.com\\\/AUREN_Argentina\",\"https:\\\/\\\/www.linkedin.com\\\/company\\\/aurenargentina\",\"https:\\\/\\\/www.youtube.com\\\/channel\\\/UCSCseiHMECB0uMBGF9wtjSw\",\"https:\\\/\\\/www.instagram.com\\\/aurenargentina\\\/\"]}]}<\/script>\n<!-- \/ Yoast SEO plugin. -->","yoast_head_json":{"title":"Prensa | Los empresarios aprueban el blanqueo y miden que tendr\u00e1 impacto positivo en la econom\u00eda (Perfil, 12.09.2024) - Auren Argentina","description":"Auren Argentina realiz\u00f3 una encuesta para conocer su postura respecto de c\u00f3mo impactar\u00e1 en la econom\u00eda del pa\u00eds.","robots":{"index":"index","follow":"follow","max-snippet":"max-snippet:-1","max-image-preview":"max-image-preview:large","max-video-preview":"max-video-preview:-1"},"canonical":"https:\/\/auren.com\/ar\/noticias\/prensa-los-empresarios-aprueban-el-blanqueo-y-miden-que-tendra-impacto-positivo-en-la-economia-perfil-12-09-2024\/","og_locale":"es_ES","og_type":"article","og_title":"Prensa | Los empresarios aprueban el blanqueo y miden que tendr\u00e1 impacto positivo en la econom\u00eda (Perfil, 12.09.2024) - Auren Argentina","og_description":"Auren Argentina realiz\u00f3 una encuesta para conocer su postura respecto de c\u00f3mo impactar\u00e1 en la econom\u00eda del pa\u00eds.","og_url":"https:\/\/auren.com\/ar\/noticias\/prensa-los-empresarios-aprueban-el-blanqueo-y-miden-que-tendra-impacto-positivo-en-la-economia-perfil-12-09-2024\/","og_site_name":"Auren Argentina","article_publisher":"https:\/\/www.facebook.com\/AurenArg\/","og_image":[{"width":529,"height":408,"url":"https:\/\/auren.com\/ar\/wp-content\/uploads\/2024\/09\/IMAGEN-1-4.png","type":"image\/png"}],"twitter_card":"summary_large_image","twitter_site":"@AUREN_Argentina","twitter_misc":{"Tiempo de lectura":"3 minutos"},"schema":{"@context":"https:\/\/schema.org","@graph":[{"@type":"WebPage","@id":"https:\/\/auren.com\/ar\/noticias\/prensa-los-empresarios-aprueban-el-blanqueo-y-miden-que-tendra-impacto-positivo-en-la-economia-perfil-12-09-2024\/","url":"https:\/\/auren.com\/ar\/noticias\/prensa-los-empresarios-aprueban-el-blanqueo-y-miden-que-tendra-impacto-positivo-en-la-economia-perfil-12-09-2024\/","name":"Prensa | Los empresarios aprueban el blanqueo y miden que tendr\u00e1 impacto positivo en la econom\u00eda (Perfil, 12.09.2024) - Auren Argentina","isPartOf":{"@id":"https:\/\/auren.com\/ar\/#website"},"primaryImageOfPage":{"@id":"https:\/\/auren.com\/ar\/noticias\/prensa-los-empresarios-aprueban-el-blanqueo-y-miden-que-tendra-impacto-positivo-en-la-economia-perfil-12-09-2024\/#primaryimage"},"image":{"@id":"https:\/\/auren.com\/ar\/noticias\/prensa-los-empresarios-aprueban-el-blanqueo-y-miden-que-tendra-impacto-positivo-en-la-economia-perfil-12-09-2024\/#primaryimage"},"thumbnailUrl":"https:\/\/auren.com\/ar\/wp-content\/uploads\/2024\/09\/IMAGEN-1-4.png","datePublished":"2024-09-12T08:14:37+00:00","description":"Auren Argentina realiz\u00f3 una encuesta para conocer su postura respecto de c\u00f3mo impactar\u00e1 en la econom\u00eda del pa\u00eds.","breadcrumb":{"@id":"https:\/\/auren.com\/ar\/noticias\/prensa-los-empresarios-aprueban-el-blanqueo-y-miden-que-tendra-impacto-positivo-en-la-economia-perfil-12-09-2024\/#breadcrumb"},"inLanguage":"es","potentialAction":[{"@type":"ReadAction","target":["https:\/\/auren.com\/ar\/noticias\/prensa-los-empresarios-aprueban-el-blanqueo-y-miden-que-tendra-impacto-positivo-en-la-economia-perfil-12-09-2024\/"]}]},{"@type":"ImageObject","inLanguage":"es","@id":"https:\/\/auren.com\/ar\/noticias\/prensa-los-empresarios-aprueban-el-blanqueo-y-miden-que-tendra-impacto-positivo-en-la-economia-perfil-12-09-2024\/#primaryimage","url":"https:\/\/auren.com\/ar\/wp-content\/uploads\/2024\/09\/IMAGEN-1-4.png","contentUrl":"https:\/\/auren.com\/ar\/wp-content\/uploads\/2024\/09\/IMAGEN-1-4.png","width":529,"height":408},{"@type":"BreadcrumbList","@id":"https:\/\/auren.com\/ar\/noticias\/prensa-los-empresarios-aprueban-el-blanqueo-y-miden-que-tendra-impacto-positivo-en-la-economia-perfil-12-09-2024\/#breadcrumb","itemListElement":[{"@type":"ListItem","position":1,"name":"Portada","item":"https:\/\/auren.com\/ar\/"},{"@type":"ListItem","position":2,"name":"Prensa | Los empresarios aprueban el blanqueo y miden que tendr\u00e1 impacto positivo en la econom\u00eda (Perfil, 12.09.2024)"}]},{"@type":"WebSite","@id":"https:\/\/auren.com\/ar\/#website","url":"https:\/\/auren.com\/ar\/","name":"Auren Argentina","description":"","publisher":{"@id":"https:\/\/auren.com\/ar\/#organization"},"potentialAction":[{"@type":"SearchAction","target":{"@type":"EntryPoint","urlTemplate":"https:\/\/auren.com\/ar\/?s={search_term_string}"},"query-input":{"@type":"PropertyValueSpecification","valueRequired":true,"valueName":"search_term_string"}}],"inLanguage":"es"},{"@type":"Organization","@id":"https:\/\/auren.com\/ar\/#organization","name":"Auren Argentina","url":"https:\/\/auren.com\/ar\/","logo":{"@type":"ImageObject","inLanguage":"es","@id":"https:\/\/auren.com\/ar\/#\/schema\/logo\/image\/","url":"https:\/\/auren.com\/ar\/wp-content\/uploads\/2025\/01\/cropped-cropped-favicon-Auren.png","contentUrl":"https:\/\/auren.com\/ar\/wp-content\/uploads\/2025\/01\/cropped-cropped-favicon-Auren.png","width":512,"height":512,"caption":"Auren Argentina"},"image":{"@id":"https:\/\/auren.com\/ar\/#\/schema\/logo\/image\/"},"sameAs":["https:\/\/www.facebook.com\/AurenArg\/","https:\/\/x.com\/AUREN_Argentina","https:\/\/www.linkedin.com\/company\/aurenargentina","https:\/\/www.youtube.com\/channel\/UCSCseiHMECB0uMBGF9wtjSw","https:\/\/www.instagram.com\/aurenargentina\/"]}]}},"_links":{"self":[{"href":"https:\/\/auren.com\/ar\/wp-json\/wp\/v2\/new\/13074","targetHints":{"allow":["GET"]}}],"collection":[{"href":"https:\/\/auren.com\/ar\/wp-json\/wp\/v2\/new"}],"about":[{"href":"https:\/\/auren.com\/ar\/wp-json\/wp\/v2\/types\/new"}],"version-history":[{"count":0,"href":"https:\/\/auren.com\/ar\/wp-json\/wp\/v2\/new\/13074\/revisions"}],"wp:featuredmedia":[{"embeddable":true,"href":"https:\/\/auren.com\/ar\/wp-json\/wp\/v2\/media\/13075"}],"wp:attachment":[{"href":"https:\/\/auren.com\/ar\/wp-json\/wp\/v2\/media?parent=13074"}],"wp:term":[{"taxonomy":"new-category","embeddable":true,"href":"https:\/\/auren.com\/ar\/wp-json\/wp\/v2\/new-category?post=13074"}],"curies":[{"name":"wp","href":"https:\/\/api.w.org\/{rel}","templated":true}]}}