{"id":13078,"date":"2024-09-10T13:49:35","date_gmt":"2024-09-10T11:49:35","guid":{"rendered":"https:\/\/auren.com\/ar\/new\/prensa-un-iman-para-el-talento-el-cronista-10-9-2024\/"},"modified":"2024-09-10T13:49:35","modified_gmt":"2024-09-10T11:49:35","slug":"prensa-un-iman-para-el-talento-el-cronista-10-9-2024","status":"publish","type":"new","link":"https:\/\/auren.com\/ar\/noticias\/prensa-un-iman-para-el-talento-el-cronista-10-9-2024\/","title":{"rendered":"Prensa | Un im\u00e1n para el talento (El Cronista, 10.9.2024)"},"content":{"rendered":"<p>Aunque viejo, el refr\u00e1n que dice que\u00bbuno entra a un trabajo por la empresa, pero renuncia por un mal jefe\u00bb sigue vigente. Los talentos hoy eligen los ambientes laborales en los que pueden desarrollarse laboral y personalmente, y para esto es necesario contar con un l\u00edder positivo. Por eso las empresas se esfuerzan por formarlos en este sentido, porque, adem\u00e1s, esto refuerza la marca empleadora.<\/p>\n<p>\u00abQue los ejecutivos sean buenos l\u00edderes es fundamental para que una empresa sea y se mantenga atractiva. Hoy un buen l\u00edder es aquel que logra que las personas se desarrollen dentro de la organizaci\u00f3n. Ese desarrollo puede estar dado tanto por crecimiento jer\u00e1rquico como por crecimiento personal\u00bb, define Federico Carrera, co-founder y COO de High Flow.<\/p>\n<p>(&#8230;)<\/p>\n<p>Por \u00faltimo,\u00bbel mejor marketing para la marca empleadora son los propios empleados hablando en el mercado. De esta manera el liderazgo de la compa\u00f1\u00eda es clave, porque logra espacios de trabajo adecuados, que potencian a sus colaboradores, y estos mismos terminan siendo los embajadores de marca\u00bb, concluye <a href=\"https:\/\/www.linkedin.com\/in\/salernoluis\/\">Luis Salerno,<\/a> socio de <a href=\"https:\/\/www.auren.com.ar\/bpotercerizacion\/\">BPO<\/a> de <a href=\"https:\/\/auren.com\/ar\/\">Auren Argentina<\/a>.<\/p>\n<p>Leer la nota completa en <a href=\"https:\/\/www.cronista.com\/un-iman-para-el-talento\">El Cronista<\/a><\/p>\n<\/p>\n<p><!-- AddThis Advanced Settings generic via filter on the_content --><!-- AddThis Share Buttons generic via filter on the_content --><\/p>\n","protected":false},"excerpt":{"rendered":"<p>Aunque viejo, el refr\u00e1n que dice que\u00bbuno entra a un trabajo por la empresa, pero renuncia por un mal jefe\u00bb sigue vigente. Los talentos hoy eligen los ambientes laborales en [&hellip;]<\/p>\n","protected":false},"featured_media":13079,"template":"","meta":{"_acf_changed":false,"footnotes":""},"new-category":[],"class_list":["post-13078","new","type-new","status-publish","has-post-thumbnail","hentry"],"acf":[],"yoast_head":"<!-- This site is optimized with the Yoast SEO plugin v27.5 - https:\/\/yoast.com\/product\/yoast-seo-wordpress\/ -->\n<title>Prensa | Un im\u00e1n para el talento (El Cronista, 10.9.2024) - Auren Argentina<\/title>\n<meta name=\"description\" content=\"Los talentos hoy eligen los ambientes laborales en los que pueden desarrollarse laboral y personalmente. Necesitan con un l\u00edder positivo.\" \/>\n<meta name=\"robots\" content=\"index, follow, max-snippet:-1, max-image-preview:large, max-video-preview:-1\" \/>\n<link rel=\"canonical\" href=\"https:\/\/auren.com\/ar\/noticias\/prensa-un-iman-para-el-talento-el-cronista-10-9-2024\/\" \/>\n<meta property=\"og:locale\" content=\"es_ES\" \/>\n<meta property=\"og:type\" content=\"article\" \/>\n<meta property=\"og:title\" content=\"Prensa | Un im\u00e1n para el talento (El Cronista, 10.9.2024) - Auren Argentina\" \/>\n<meta property=\"og:description\" content=\"Los talentos hoy eligen los ambientes laborales en los que pueden desarrollarse laboral y personalmente. Necesitan con un l\u00edder positivo.\" \/>\n<meta property=\"og:url\" content=\"https:\/\/auren.com\/ar\/noticias\/prensa-un-iman-para-el-talento-el-cronista-10-9-2024\/\" \/>\n<meta property=\"og:site_name\" content=\"Auren Argentina\" \/>\n<meta property=\"article:publisher\" content=\"https:\/\/www.facebook.com\/AurenArg\/\" \/>\n<meta property=\"og:image\" content=\"https:\/\/auren.com\/ar\/wp-content\/uploads\/2024\/09\/IMAGEN-8.png\" \/>\n\t<meta property=\"og:image:width\" content=\"731\" \/>\n\t<meta property=\"og:image:height\" content=\"480\" \/>\n\t<meta property=\"og:image:type\" content=\"image\/png\" \/>\n<meta name=\"twitter:card\" content=\"summary_large_image\" \/>\n<meta name=\"twitter:site\" content=\"@AUREN_Argentina\" \/>\n<meta name=\"twitter:label1\" content=\"Tiempo de lectura\" \/>\n\t<meta name=\"twitter:data1\" content=\"1 minuto\" \/>\n<script type=\"application\/ld+json\" class=\"yoast-schema-graph\">{\"@context\":\"https:\\\/\\\/schema.org\",\"@graph\":[{\"@type\":\"WebPage\",\"@id\":\"https:\\\/\\\/auren.com\\\/ar\\\/noticias\\\/prensa-un-iman-para-el-talento-el-cronista-10-9-2024\\\/\",\"url\":\"https:\\\/\\\/auren.com\\\/ar\\\/noticias\\\/prensa-un-iman-para-el-talento-el-cronista-10-9-2024\\\/\",\"name\":\"Prensa | Un im\u00e1n para el talento (El Cronista, 10.9.2024) - Auren Argentina\",\"isPartOf\":{\"@id\":\"https:\\\/\\\/auren.com\\\/ar\\\/#website\"},\"primaryImageOfPage\":{\"@id\":\"https:\\\/\\\/auren.com\\\/ar\\\/noticias\\\/prensa-un-iman-para-el-talento-el-cronista-10-9-2024\\\/#primaryimage\"},\"image\":{\"@id\":\"https:\\\/\\\/auren.com\\\/ar\\\/noticias\\\/prensa-un-iman-para-el-talento-el-cronista-10-9-2024\\\/#primaryimage\"},\"thumbnailUrl\":\"https:\\\/\\\/auren.com\\\/ar\\\/wp-content\\\/uploads\\\/2024\\\/09\\\/IMAGEN-8.png\",\"datePublished\":\"2024-09-10T11:49:35+00:00\",\"description\":\"Los talentos hoy eligen los ambientes laborales en los que pueden desarrollarse laboral y personalmente. Necesitan con un l\u00edder positivo.\",\"breadcrumb\":{\"@id\":\"https:\\\/\\\/auren.com\\\/ar\\\/noticias\\\/prensa-un-iman-para-el-talento-el-cronista-10-9-2024\\\/#breadcrumb\"},\"inLanguage\":\"es\",\"potentialAction\":[{\"@type\":\"ReadAction\",\"target\":[\"https:\\\/\\\/auren.com\\\/ar\\\/noticias\\\/prensa-un-iman-para-el-talento-el-cronista-10-9-2024\\\/\"]}]},{\"@type\":\"ImageObject\",\"inLanguage\":\"es\",\"@id\":\"https:\\\/\\\/auren.com\\\/ar\\\/noticias\\\/prensa-un-iman-para-el-talento-el-cronista-10-9-2024\\\/#primaryimage\",\"url\":\"https:\\\/\\\/auren.com\\\/ar\\\/wp-content\\\/uploads\\\/2024\\\/09\\\/IMAGEN-8.png\",\"contentUrl\":\"https:\\\/\\\/auren.com\\\/ar\\\/wp-content\\\/uploads\\\/2024\\\/09\\\/IMAGEN-8.png\",\"width\":731,\"height\":480},{\"@type\":\"BreadcrumbList\",\"@id\":\"https:\\\/\\\/auren.com\\\/ar\\\/noticias\\\/prensa-un-iman-para-el-talento-el-cronista-10-9-2024\\\/#breadcrumb\",\"itemListElement\":[{\"@type\":\"ListItem\",\"position\":1,\"name\":\"Portada\",\"item\":\"https:\\\/\\\/auren.com\\\/ar\\\/\"},{\"@type\":\"ListItem\",\"position\":2,\"name\":\"Prensa | Un im\u00e1n para el talento (El Cronista, 10.9.2024)\"}]},{\"@type\":\"WebSite\",\"@id\":\"https:\\\/\\\/auren.com\\\/ar\\\/#website\",\"url\":\"https:\\\/\\\/auren.com\\\/ar\\\/\",\"name\":\"Auren Argentina\",\"description\":\"\",\"publisher\":{\"@id\":\"https:\\\/\\\/auren.com\\\/ar\\\/#organization\"},\"potentialAction\":[{\"@type\":\"SearchAction\",\"target\":{\"@type\":\"EntryPoint\",\"urlTemplate\":\"https:\\\/\\\/auren.com\\\/ar\\\/?s={search_term_string}\"},\"query-input\":{\"@type\":\"PropertyValueSpecification\",\"valueRequired\":true,\"valueName\":\"search_term_string\"}}],\"inLanguage\":\"es\"},{\"@type\":\"Organization\",\"@id\":\"https:\\\/\\\/auren.com\\\/ar\\\/#organization\",\"name\":\"Auren Argentina\",\"url\":\"https:\\\/\\\/auren.com\\\/ar\\\/\",\"logo\":{\"@type\":\"ImageObject\",\"inLanguage\":\"es\",\"@id\":\"https:\\\/\\\/auren.com\\\/ar\\\/#\\\/schema\\\/logo\\\/image\\\/\",\"url\":\"https:\\\/\\\/auren.com\\\/ar\\\/wp-content\\\/uploads\\\/2025\\\/01\\\/cropped-cropped-favicon-Auren.png\",\"contentUrl\":\"https:\\\/\\\/auren.com\\\/ar\\\/wp-content\\\/uploads\\\/2025\\\/01\\\/cropped-cropped-favicon-Auren.png\",\"width\":512,\"height\":512,\"caption\":\"Auren Argentina\"},\"image\":{\"@id\":\"https:\\\/\\\/auren.com\\\/ar\\\/#\\\/schema\\\/logo\\\/image\\\/\"},\"sameAs\":[\"https:\\\/\\\/www.facebook.com\\\/AurenArg\\\/\",\"https:\\\/\\\/x.com\\\/AUREN_Argentina\",\"https:\\\/\\\/www.linkedin.com\\\/company\\\/aurenargentina\",\"https:\\\/\\\/www.youtube.com\\\/channel\\\/UCSCseiHMECB0uMBGF9wtjSw\",\"https:\\\/\\\/www.instagram.com\\\/aurenargentina\\\/\"]}]}<\/script>\n<!-- \/ Yoast SEO plugin. -->","yoast_head_json":{"title":"Prensa | Un im\u00e1n para el talento (El Cronista, 10.9.2024) - Auren Argentina","description":"Los talentos hoy eligen los ambientes laborales en los que pueden desarrollarse laboral y personalmente. Necesitan con un l\u00edder positivo.","robots":{"index":"index","follow":"follow","max-snippet":"max-snippet:-1","max-image-preview":"max-image-preview:large","max-video-preview":"max-video-preview:-1"},"canonical":"https:\/\/auren.com\/ar\/noticias\/prensa-un-iman-para-el-talento-el-cronista-10-9-2024\/","og_locale":"es_ES","og_type":"article","og_title":"Prensa | Un im\u00e1n para el talento (El Cronista, 10.9.2024) - Auren Argentina","og_description":"Los talentos hoy eligen los ambientes laborales en los que pueden desarrollarse laboral y personalmente. Necesitan con un l\u00edder positivo.","og_url":"https:\/\/auren.com\/ar\/noticias\/prensa-un-iman-para-el-talento-el-cronista-10-9-2024\/","og_site_name":"Auren Argentina","article_publisher":"https:\/\/www.facebook.com\/AurenArg\/","og_image":[{"width":731,"height":480,"url":"https:\/\/auren.com\/ar\/wp-content\/uploads\/2024\/09\/IMAGEN-8.png","type":"image\/png"}],"twitter_card":"summary_large_image","twitter_site":"@AUREN_Argentina","twitter_misc":{"Tiempo de lectura":"1 minuto"},"schema":{"@context":"https:\/\/schema.org","@graph":[{"@type":"WebPage","@id":"https:\/\/auren.com\/ar\/noticias\/prensa-un-iman-para-el-talento-el-cronista-10-9-2024\/","url":"https:\/\/auren.com\/ar\/noticias\/prensa-un-iman-para-el-talento-el-cronista-10-9-2024\/","name":"Prensa | Un im\u00e1n para el talento (El Cronista, 10.9.2024) - Auren Argentina","isPartOf":{"@id":"https:\/\/auren.com\/ar\/#website"},"primaryImageOfPage":{"@id":"https:\/\/auren.com\/ar\/noticias\/prensa-un-iman-para-el-talento-el-cronista-10-9-2024\/#primaryimage"},"image":{"@id":"https:\/\/auren.com\/ar\/noticias\/prensa-un-iman-para-el-talento-el-cronista-10-9-2024\/#primaryimage"},"thumbnailUrl":"https:\/\/auren.com\/ar\/wp-content\/uploads\/2024\/09\/IMAGEN-8.png","datePublished":"2024-09-10T11:49:35+00:00","description":"Los talentos hoy eligen los ambientes laborales en los que pueden desarrollarse laboral y personalmente. Necesitan con un l\u00edder positivo.","breadcrumb":{"@id":"https:\/\/auren.com\/ar\/noticias\/prensa-un-iman-para-el-talento-el-cronista-10-9-2024\/#breadcrumb"},"inLanguage":"es","potentialAction":[{"@type":"ReadAction","target":["https:\/\/auren.com\/ar\/noticias\/prensa-un-iman-para-el-talento-el-cronista-10-9-2024\/"]}]},{"@type":"ImageObject","inLanguage":"es","@id":"https:\/\/auren.com\/ar\/noticias\/prensa-un-iman-para-el-talento-el-cronista-10-9-2024\/#primaryimage","url":"https:\/\/auren.com\/ar\/wp-content\/uploads\/2024\/09\/IMAGEN-8.png","contentUrl":"https:\/\/auren.com\/ar\/wp-content\/uploads\/2024\/09\/IMAGEN-8.png","width":731,"height":480},{"@type":"BreadcrumbList","@id":"https:\/\/auren.com\/ar\/noticias\/prensa-un-iman-para-el-talento-el-cronista-10-9-2024\/#breadcrumb","itemListElement":[{"@type":"ListItem","position":1,"name":"Portada","item":"https:\/\/auren.com\/ar\/"},{"@type":"ListItem","position":2,"name":"Prensa | Un im\u00e1n para el talento (El Cronista, 10.9.2024)"}]},{"@type":"WebSite","@id":"https:\/\/auren.com\/ar\/#website","url":"https:\/\/auren.com\/ar\/","name":"Auren Argentina","description":"","publisher":{"@id":"https:\/\/auren.com\/ar\/#organization"},"potentialAction":[{"@type":"SearchAction","target":{"@type":"EntryPoint","urlTemplate":"https:\/\/auren.com\/ar\/?s={search_term_string}"},"query-input":{"@type":"PropertyValueSpecification","valueRequired":true,"valueName":"search_term_string"}}],"inLanguage":"es"},{"@type":"Organization","@id":"https:\/\/auren.com\/ar\/#organization","name":"Auren Argentina","url":"https:\/\/auren.com\/ar\/","logo":{"@type":"ImageObject","inLanguage":"es","@id":"https:\/\/auren.com\/ar\/#\/schema\/logo\/image\/","url":"https:\/\/auren.com\/ar\/wp-content\/uploads\/2025\/01\/cropped-cropped-favicon-Auren.png","contentUrl":"https:\/\/auren.com\/ar\/wp-content\/uploads\/2025\/01\/cropped-cropped-favicon-Auren.png","width":512,"height":512,"caption":"Auren Argentina"},"image":{"@id":"https:\/\/auren.com\/ar\/#\/schema\/logo\/image\/"},"sameAs":["https:\/\/www.facebook.com\/AurenArg\/","https:\/\/x.com\/AUREN_Argentina","https:\/\/www.linkedin.com\/company\/aurenargentina","https:\/\/www.youtube.com\/channel\/UCSCseiHMECB0uMBGF9wtjSw","https:\/\/www.instagram.com\/aurenargentina\/"]}]}},"_links":{"self":[{"href":"https:\/\/auren.com\/ar\/wp-json\/wp\/v2\/new\/13078","targetHints":{"allow":["GET"]}}],"collection":[{"href":"https:\/\/auren.com\/ar\/wp-json\/wp\/v2\/new"}],"about":[{"href":"https:\/\/auren.com\/ar\/wp-json\/wp\/v2\/types\/new"}],"version-history":[{"count":0,"href":"https:\/\/auren.com\/ar\/wp-json\/wp\/v2\/new\/13078\/revisions"}],"wp:featuredmedia":[{"embeddable":true,"href":"https:\/\/auren.com\/ar\/wp-json\/wp\/v2\/media\/13079"}],"wp:attachment":[{"href":"https:\/\/auren.com\/ar\/wp-json\/wp\/v2\/media?parent=13078"}],"wp:term":[{"taxonomy":"new-category","embeddable":true,"href":"https:\/\/auren.com\/ar\/wp-json\/wp\/v2\/new-category?post=13078"}],"curies":[{"name":"wp","href":"https:\/\/api.w.org\/{rel}","templated":true}]}}