{"id":13086,"date":"2024-08-21T13:42:37","date_gmt":"2024-08-21T11:42:37","guid":{"rendered":"https:\/\/auren.com\/ar\/new\/prensa-impuesto-sobre-los-bienes-personales-afip-prorroga-el-vencimiento-para-las-pymes-iprofesional-21-8-2024\/"},"modified":"2024-08-21T13:42:37","modified_gmt":"2024-08-21T11:42:37","slug":"prensa-impuesto-sobre-los-bienes-personales-afip-prorroga-el-vencimiento-para-las-pymes-iprofesional-21-8-2024","status":"publish","type":"new","link":"https:\/\/auren.com\/ar\/noticias\/prensa-impuesto-sobre-los-bienes-personales-afip-prorroga-el-vencimiento-para-las-pymes-iprofesional-21-8-2024\/","title":{"rendered":"Prensa | Impuesto sobre los Bienes Personales: AFIP prorroga el vencimiento para las pymes (iProfesional 21.8.2024)"},"content":{"rendered":"<h2 class=\"wp-block-heading\">Las pymes tendr\u00e1n dos semanas extras para la presentaci\u00f3n del Impuesto sobre los Bienes Personales responsables sustitutos, con beneficio para cumplidores.<\/h2>\n<p>La\u00a0<strong>AFIP prorrog\u00f3 por dos semanas el vencimiento de la presentaci\u00f3n y pago del Impuesto sobre los Bienes Personales para las pymes<\/strong>, en car\u00e1cter de responsables sustitutos, al tiempo que oficializ\u00f3 el aplicativo con la posibilidad de aplicar a la\u00a0<a href=\"https:\/\/www.iprofesional.com\/impuestos\/410711-impuesto-bienes-personales-nuevo-aplicativo-responsable-sustituto\" target=\"_blank\" rel=\"noreferrer noopener\">tasa reducida por contribuyentes cumplidores<\/a>.<\/p>\n<p>(&#8230;)<\/p>\n<h2 class=\"wp-block-heading\">Cu\u00e1les son las al\u00edcuotas del Impuesto sobre los Bienes Personales para 2023<\/h2>\n<p><a href=\"https:\/\/www.iprofesional.com\/impuestos\/410483-como-quedo-el-nuevo-impuesto-a-los-bienes-personales-tras-el-pacto-fiscal\" target=\"_blank\" rel=\"noreferrer noopener\">Para el per\u00edodo fiscal 2023<\/a>, que se declarar\u00e1 este mes,&nbsp;el paquete fiscal sube el m\u00ednimo no imponible del Impuesto sobre los Bienes Personales a $100 millones, y el de la casa habitaci\u00f3n a $350 millones, expresa Fernando L\u00f3pez Chiesa, del estudio Lisicki, Litvin &amp; Asoc.<\/p>\n<p>Asimismo, se modifican las tasas,&nbsp;<strong>eliminando la diferencia para bienes en el exterior, y fijando una al\u00edcuota \u00fanica en una escala que va de 0,5% a 1,5%<\/strong>, describe.<\/p>\n<p>En el r\u00e9gimen general\u00a0<strong>se modifican las al\u00edcuotas de los per\u00edodos fiscales 2023 en adelante<\/strong>, sin distinguir si los bienes est\u00e1n ubicados en el pa\u00eds o el exterior, quedando la al\u00edcuota m\u00e1xima como indica a continuaci\u00f3n <a href=\"https:\/\/www.linkedin.com\/in\/edgardostampone\/\">Edgardo Stampone<\/a>, socio de <a href=\"https:\/\/www.auren.site\/impuestos\">Impuestos <\/a>de <a href=\"https:\/\/auren.com\/ar\/\">Auren<\/a>:<\/p>\n<ul>\n<li>Para el a\u00f1o 2023: 1,5%.<\/li>\n<li>En el a\u00f1o 2024: 1,25%.<\/li>\n<li>El a\u00f1o 2025 corresponder\u00e1: 1%.<\/li>\n<li>Para el a\u00f1o 2026: 0,75%.<\/li>\n<li>Y la tasa correspondiente para 2027: 0,25%.<\/li>\n<\/ul>\n<p>Leer la nota completa en <a href=\"https:\/\/www.iprofesional.com\/impuestos\/410789-afip-impuesto-bienes-personales-prorroga-para-pymes\">iProfesional <\/a><\/p>\n<\/p>\n<p><!-- AddThis Advanced Settings generic via filter on the_content --><!-- AddThis Share Buttons generic via filter on the_content --><\/p>\n","protected":false},"excerpt":{"rendered":"<p>Las pymes tendr\u00e1n dos semanas extras para la presentaci\u00f3n del Impuesto sobre los Bienes Personales responsables sustitutos, con beneficio para cumplidores. La\u00a0AFIP prorrog\u00f3 por dos semanas el vencimiento de la [&hellip;]<\/p>\n","protected":false},"featured_media":13087,"template":"","meta":{"_acf_changed":false,"footnotes":""},"new-category":[],"class_list":["post-13086","new","type-new","status-publish","has-post-thumbnail","hentry"],"acf":[],"yoast_head":"<!-- This site is optimized with the Yoast SEO plugin v27.5 - https:\/\/yoast.com\/product\/yoast-seo-wordpress\/ -->\n<title>Prensa | Impuesto sobre los Bienes Personales: AFIP prorroga el vencimiento para las pymes (iProfesional 21.8.2024) - Auren Argentina<\/title>\n<meta name=\"description\" content=\"Las pymes tendr\u00e1n dos semanas extras para la presentaci\u00f3n del Impuesto sobre los Bienes Personales con beneficio para cumplidores.\" \/>\n<meta name=\"robots\" content=\"index, follow, max-snippet:-1, max-image-preview:large, max-video-preview:-1\" \/>\n<link rel=\"canonical\" href=\"https:\/\/auren.com\/ar\/noticias\/prensa-impuesto-sobre-los-bienes-personales-afip-prorroga-el-vencimiento-para-las-pymes-iprofesional-21-8-2024\/\" \/>\n<meta property=\"og:locale\" content=\"es_ES\" \/>\n<meta property=\"og:type\" content=\"article\" \/>\n<meta property=\"og:title\" content=\"Prensa | Impuesto sobre los Bienes Personales: AFIP prorroga el vencimiento para las pymes (iProfesional 21.8.2024) - Auren Argentina\" \/>\n<meta property=\"og:description\" content=\"Las pymes tendr\u00e1n dos semanas extras para la presentaci\u00f3n del Impuesto sobre los Bienes Personales con beneficio para cumplidores.\" \/>\n<meta property=\"og:url\" content=\"https:\/\/auren.com\/ar\/noticias\/prensa-impuesto-sobre-los-bienes-personales-afip-prorroga-el-vencimiento-para-las-pymes-iprofesional-21-8-2024\/\" \/>\n<meta property=\"og:site_name\" content=\"Auren Argentina\" \/>\n<meta property=\"article:publisher\" content=\"https:\/\/www.facebook.com\/AurenArg\/\" \/>\n<meta property=\"og:image\" content=\"https:\/\/auren.com\/ar\/wp-content\/uploads\/2024\/08\/IMAGEN-2-4.png\" \/>\n\t<meta property=\"og:image:width\" content=\"537\" \/>\n\t<meta property=\"og:image:height\" content=\"404\" \/>\n\t<meta property=\"og:image:type\" content=\"image\/png\" \/>\n<meta name=\"twitter:card\" content=\"summary_large_image\" \/>\n<meta name=\"twitter:site\" content=\"@AUREN_Argentina\" \/>\n<meta name=\"twitter:label1\" content=\"Tiempo de lectura\" \/>\n\t<meta name=\"twitter:data1\" content=\"1 minuto\" \/>\n<script type=\"application\/ld+json\" class=\"yoast-schema-graph\">{\"@context\":\"https:\\\/\\\/schema.org\",\"@graph\":[{\"@type\":\"WebPage\",\"@id\":\"https:\\\/\\\/auren.com\\\/ar\\\/noticias\\\/prensa-impuesto-sobre-los-bienes-personales-afip-prorroga-el-vencimiento-para-las-pymes-iprofesional-21-8-2024\\\/\",\"url\":\"https:\\\/\\\/auren.com\\\/ar\\\/noticias\\\/prensa-impuesto-sobre-los-bienes-personales-afip-prorroga-el-vencimiento-para-las-pymes-iprofesional-21-8-2024\\\/\",\"name\":\"Prensa | Impuesto sobre los Bienes Personales: AFIP prorroga el vencimiento para las pymes (iProfesional 21.8.2024) - Auren Argentina\",\"isPartOf\":{\"@id\":\"https:\\\/\\\/auren.com\\\/ar\\\/#website\"},\"primaryImageOfPage\":{\"@id\":\"https:\\\/\\\/auren.com\\\/ar\\\/noticias\\\/prensa-impuesto-sobre-los-bienes-personales-afip-prorroga-el-vencimiento-para-las-pymes-iprofesional-21-8-2024\\\/#primaryimage\"},\"image\":{\"@id\":\"https:\\\/\\\/auren.com\\\/ar\\\/noticias\\\/prensa-impuesto-sobre-los-bienes-personales-afip-prorroga-el-vencimiento-para-las-pymes-iprofesional-21-8-2024\\\/#primaryimage\"},\"thumbnailUrl\":\"https:\\\/\\\/auren.com\\\/ar\\\/wp-content\\\/uploads\\\/2024\\\/08\\\/IMAGEN-2-4.png\",\"datePublished\":\"2024-08-21T11:42:37+00:00\",\"description\":\"Las pymes tendr\u00e1n dos semanas extras para la presentaci\u00f3n del Impuesto sobre los Bienes Personales con beneficio para cumplidores.\",\"breadcrumb\":{\"@id\":\"https:\\\/\\\/auren.com\\\/ar\\\/noticias\\\/prensa-impuesto-sobre-los-bienes-personales-afip-prorroga-el-vencimiento-para-las-pymes-iprofesional-21-8-2024\\\/#breadcrumb\"},\"inLanguage\":\"es\",\"potentialAction\":[{\"@type\":\"ReadAction\",\"target\":[\"https:\\\/\\\/auren.com\\\/ar\\\/noticias\\\/prensa-impuesto-sobre-los-bienes-personales-afip-prorroga-el-vencimiento-para-las-pymes-iprofesional-21-8-2024\\\/\"]}]},{\"@type\":\"ImageObject\",\"inLanguage\":\"es\",\"@id\":\"https:\\\/\\\/auren.com\\\/ar\\\/noticias\\\/prensa-impuesto-sobre-los-bienes-personales-afip-prorroga-el-vencimiento-para-las-pymes-iprofesional-21-8-2024\\\/#primaryimage\",\"url\":\"https:\\\/\\\/auren.com\\\/ar\\\/wp-content\\\/uploads\\\/2024\\\/08\\\/IMAGEN-2-4.png\",\"contentUrl\":\"https:\\\/\\\/auren.com\\\/ar\\\/wp-content\\\/uploads\\\/2024\\\/08\\\/IMAGEN-2-4.png\",\"width\":537,\"height\":404},{\"@type\":\"BreadcrumbList\",\"@id\":\"https:\\\/\\\/auren.com\\\/ar\\\/noticias\\\/prensa-impuesto-sobre-los-bienes-personales-afip-prorroga-el-vencimiento-para-las-pymes-iprofesional-21-8-2024\\\/#breadcrumb\",\"itemListElement\":[{\"@type\":\"ListItem\",\"position\":1,\"name\":\"Portada\",\"item\":\"https:\\\/\\\/auren.com\\\/ar\\\/\"},{\"@type\":\"ListItem\",\"position\":2,\"name\":\"Prensa | Impuesto sobre los Bienes Personales: AFIP prorroga el vencimiento para las pymes (iProfesional 21.8.2024)\"}]},{\"@type\":\"WebSite\",\"@id\":\"https:\\\/\\\/auren.com\\\/ar\\\/#website\",\"url\":\"https:\\\/\\\/auren.com\\\/ar\\\/\",\"name\":\"Auren Argentina\",\"description\":\"\",\"publisher\":{\"@id\":\"https:\\\/\\\/auren.com\\\/ar\\\/#organization\"},\"potentialAction\":[{\"@type\":\"SearchAction\",\"target\":{\"@type\":\"EntryPoint\",\"urlTemplate\":\"https:\\\/\\\/auren.com\\\/ar\\\/?s={search_term_string}\"},\"query-input\":{\"@type\":\"PropertyValueSpecification\",\"valueRequired\":true,\"valueName\":\"search_term_string\"}}],\"inLanguage\":\"es\"},{\"@type\":\"Organization\",\"@id\":\"https:\\\/\\\/auren.com\\\/ar\\\/#organization\",\"name\":\"Auren Argentina\",\"url\":\"https:\\\/\\\/auren.com\\\/ar\\\/\",\"logo\":{\"@type\":\"ImageObject\",\"inLanguage\":\"es\",\"@id\":\"https:\\\/\\\/auren.com\\\/ar\\\/#\\\/schema\\\/logo\\\/image\\\/\",\"url\":\"https:\\\/\\\/auren.com\\\/ar\\\/wp-content\\\/uploads\\\/2025\\\/01\\\/cropped-cropped-favicon-Auren.png\",\"contentUrl\":\"https:\\\/\\\/auren.com\\\/ar\\\/wp-content\\\/uploads\\\/2025\\\/01\\\/cropped-cropped-favicon-Auren.png\",\"width\":512,\"height\":512,\"caption\":\"Auren Argentina\"},\"image\":{\"@id\":\"https:\\\/\\\/auren.com\\\/ar\\\/#\\\/schema\\\/logo\\\/image\\\/\"},\"sameAs\":[\"https:\\\/\\\/www.facebook.com\\\/AurenArg\\\/\",\"https:\\\/\\\/x.com\\\/AUREN_Argentina\",\"https:\\\/\\\/www.linkedin.com\\\/company\\\/aurenargentina\",\"https:\\\/\\\/www.youtube.com\\\/channel\\\/UCSCseiHMECB0uMBGF9wtjSw\",\"https:\\\/\\\/www.instagram.com\\\/aurenargentina\\\/\"]}]}<\/script>\n<!-- \/ Yoast SEO plugin. -->","yoast_head_json":{"title":"Prensa | Impuesto sobre los Bienes Personales: AFIP prorroga el vencimiento para las pymes (iProfesional 21.8.2024) - Auren Argentina","description":"Las pymes tendr\u00e1n dos semanas extras para la presentaci\u00f3n del Impuesto sobre los Bienes Personales con beneficio para cumplidores.","robots":{"index":"index","follow":"follow","max-snippet":"max-snippet:-1","max-image-preview":"max-image-preview:large","max-video-preview":"max-video-preview:-1"},"canonical":"https:\/\/auren.com\/ar\/noticias\/prensa-impuesto-sobre-los-bienes-personales-afip-prorroga-el-vencimiento-para-las-pymes-iprofesional-21-8-2024\/","og_locale":"es_ES","og_type":"article","og_title":"Prensa | Impuesto sobre los Bienes Personales: AFIP prorroga el vencimiento para las pymes (iProfesional 21.8.2024) - Auren Argentina","og_description":"Las pymes tendr\u00e1n dos semanas extras para la presentaci\u00f3n del Impuesto sobre los Bienes Personales con beneficio para cumplidores.","og_url":"https:\/\/auren.com\/ar\/noticias\/prensa-impuesto-sobre-los-bienes-personales-afip-prorroga-el-vencimiento-para-las-pymes-iprofesional-21-8-2024\/","og_site_name":"Auren Argentina","article_publisher":"https:\/\/www.facebook.com\/AurenArg\/","og_image":[{"width":537,"height":404,"url":"https:\/\/auren.com\/ar\/wp-content\/uploads\/2024\/08\/IMAGEN-2-4.png","type":"image\/png"}],"twitter_card":"summary_large_image","twitter_site":"@AUREN_Argentina","twitter_misc":{"Tiempo de lectura":"1 minuto"},"schema":{"@context":"https:\/\/schema.org","@graph":[{"@type":"WebPage","@id":"https:\/\/auren.com\/ar\/noticias\/prensa-impuesto-sobre-los-bienes-personales-afip-prorroga-el-vencimiento-para-las-pymes-iprofesional-21-8-2024\/","url":"https:\/\/auren.com\/ar\/noticias\/prensa-impuesto-sobre-los-bienes-personales-afip-prorroga-el-vencimiento-para-las-pymes-iprofesional-21-8-2024\/","name":"Prensa | Impuesto sobre los Bienes Personales: AFIP prorroga el vencimiento para las pymes (iProfesional 21.8.2024) - Auren Argentina","isPartOf":{"@id":"https:\/\/auren.com\/ar\/#website"},"primaryImageOfPage":{"@id":"https:\/\/auren.com\/ar\/noticias\/prensa-impuesto-sobre-los-bienes-personales-afip-prorroga-el-vencimiento-para-las-pymes-iprofesional-21-8-2024\/#primaryimage"},"image":{"@id":"https:\/\/auren.com\/ar\/noticias\/prensa-impuesto-sobre-los-bienes-personales-afip-prorroga-el-vencimiento-para-las-pymes-iprofesional-21-8-2024\/#primaryimage"},"thumbnailUrl":"https:\/\/auren.com\/ar\/wp-content\/uploads\/2024\/08\/IMAGEN-2-4.png","datePublished":"2024-08-21T11:42:37+00:00","description":"Las pymes tendr\u00e1n dos semanas extras para la presentaci\u00f3n del Impuesto sobre los Bienes Personales con beneficio para cumplidores.","breadcrumb":{"@id":"https:\/\/auren.com\/ar\/noticias\/prensa-impuesto-sobre-los-bienes-personales-afip-prorroga-el-vencimiento-para-las-pymes-iprofesional-21-8-2024\/#breadcrumb"},"inLanguage":"es","potentialAction":[{"@type":"ReadAction","target":["https:\/\/auren.com\/ar\/noticias\/prensa-impuesto-sobre-los-bienes-personales-afip-prorroga-el-vencimiento-para-las-pymes-iprofesional-21-8-2024\/"]}]},{"@type":"ImageObject","inLanguage":"es","@id":"https:\/\/auren.com\/ar\/noticias\/prensa-impuesto-sobre-los-bienes-personales-afip-prorroga-el-vencimiento-para-las-pymes-iprofesional-21-8-2024\/#primaryimage","url":"https:\/\/auren.com\/ar\/wp-content\/uploads\/2024\/08\/IMAGEN-2-4.png","contentUrl":"https:\/\/auren.com\/ar\/wp-content\/uploads\/2024\/08\/IMAGEN-2-4.png","width":537,"height":404},{"@type":"BreadcrumbList","@id":"https:\/\/auren.com\/ar\/noticias\/prensa-impuesto-sobre-los-bienes-personales-afip-prorroga-el-vencimiento-para-las-pymes-iprofesional-21-8-2024\/#breadcrumb","itemListElement":[{"@type":"ListItem","position":1,"name":"Portada","item":"https:\/\/auren.com\/ar\/"},{"@type":"ListItem","position":2,"name":"Prensa | Impuesto sobre los Bienes Personales: AFIP prorroga el vencimiento para las pymes (iProfesional 21.8.2024)"}]},{"@type":"WebSite","@id":"https:\/\/auren.com\/ar\/#website","url":"https:\/\/auren.com\/ar\/","name":"Auren Argentina","description":"","publisher":{"@id":"https:\/\/auren.com\/ar\/#organization"},"potentialAction":[{"@type":"SearchAction","target":{"@type":"EntryPoint","urlTemplate":"https:\/\/auren.com\/ar\/?s={search_term_string}"},"query-input":{"@type":"PropertyValueSpecification","valueRequired":true,"valueName":"search_term_string"}}],"inLanguage":"es"},{"@type":"Organization","@id":"https:\/\/auren.com\/ar\/#organization","name":"Auren Argentina","url":"https:\/\/auren.com\/ar\/","logo":{"@type":"ImageObject","inLanguage":"es","@id":"https:\/\/auren.com\/ar\/#\/schema\/logo\/image\/","url":"https:\/\/auren.com\/ar\/wp-content\/uploads\/2025\/01\/cropped-cropped-favicon-Auren.png","contentUrl":"https:\/\/auren.com\/ar\/wp-content\/uploads\/2025\/01\/cropped-cropped-favicon-Auren.png","width":512,"height":512,"caption":"Auren Argentina"},"image":{"@id":"https:\/\/auren.com\/ar\/#\/schema\/logo\/image\/"},"sameAs":["https:\/\/www.facebook.com\/AurenArg\/","https:\/\/x.com\/AUREN_Argentina","https:\/\/www.linkedin.com\/company\/aurenargentina","https:\/\/www.youtube.com\/channel\/UCSCseiHMECB0uMBGF9wtjSw","https:\/\/www.instagram.com\/aurenargentina\/"]}]}},"_links":{"self":[{"href":"https:\/\/auren.com\/ar\/wp-json\/wp\/v2\/new\/13086","targetHints":{"allow":["GET"]}}],"collection":[{"href":"https:\/\/auren.com\/ar\/wp-json\/wp\/v2\/new"}],"about":[{"href":"https:\/\/auren.com\/ar\/wp-json\/wp\/v2\/types\/new"}],"version-history":[{"count":0,"href":"https:\/\/auren.com\/ar\/wp-json\/wp\/v2\/new\/13086\/revisions"}],"wp:featuredmedia":[{"embeddable":true,"href":"https:\/\/auren.com\/ar\/wp-json\/wp\/v2\/media\/13087"}],"wp:attachment":[{"href":"https:\/\/auren.com\/ar\/wp-json\/wp\/v2\/media?parent=13086"}],"wp:term":[{"taxonomy":"new-category","embeddable":true,"href":"https:\/\/auren.com\/ar\/wp-json\/wp\/v2\/new-category?post=13086"}],"curies":[{"name":"wp","href":"https:\/\/api.w.org\/{rel}","templated":true}]}}