{"id":13105,"date":"2024-08-01T13:45:10","date_gmt":"2024-08-01T11:45:10","guid":{"rendered":"https:\/\/auren.com\/ar\/new\/prensa-blanqueo-crecen-las-consultas-por-cuentas-en-el-exterior-ambito-30-7-2024\/"},"modified":"2024-08-01T13:45:10","modified_gmt":"2024-08-01T11:45:10","slug":"prensa-blanqueo-crecen-las-consultas-por-cuentas-en-el-exterior-ambito-30-7-2024","status":"publish","type":"new","link":"https:\/\/auren.com\/ar\/noticias\/prensa-blanqueo-crecen-las-consultas-por-cuentas-en-el-exterior-ambito-30-7-2024\/","title":{"rendered":"Prensa | Blanqueo: crecen las consultas por cuentas en el exterior (\u00c1mbito 30.7.2024)"},"content":{"rendered":"<h2 class=\"wp-block-heading\">Para los especialistas tributarios, en una primera etapa ser\u00edan mayoritarias las definiciones para exteriorizar menos de u$s100.000 a costo cero.<\/h2>\n<p>Con el&nbsp;<strong><a href=\"https:\/\/www.ambito.com\/economia\/blanqueo-importante-aclaracion-afip-no-residentes-n6040990\" target=\"_blank\" rel=\"noreferrer noopener\">blanqueo<\/a>&nbsp;en marcha, comenzaron a aparecer las consultas de los contribuyentes a sus asesores tributarios<\/strong>. Los analistas coinciden en que&nbsp;<strong>hay dos clases de personas a las que les puede interesar m\u00e1s<\/strong>&nbsp;el plan dispuesto por el Gobierno:&nbsp;<strong>los que tienen cuentas<a href=\"https:\/\/www.ambito.com\/opiniones\/el-acuerdo-fatca-argentina-eeuu-consolida-la-transparencia-fiscal-como-politica-estado-n5977319\" target=\"_blank\" rel=\"noreferrer noopener\">&nbsp;no declaradas en Estados Unidos y<\/a>&nbsp;los freelancers<\/strong>&nbsp;que trabajan para el exterior y dejan d\u00f3lares fuera del pa\u00eds en cuentas que no hayan oficializado hasta el momento.<\/p>\n<p>En estos casos, si se trata de declarar dinero por montos de hasta\u00a0<strong>u$s100.000 con costo cero,\u00a0<\/strong>resulta alentador frente al riesgo de que en septiembre pr\u00f3ximo la AFIP ya cuente con la informaci\u00f3n de los argentinos con cuentas en EEUU.<\/p>\n<p>En poco m\u00e1s de un mes&nbsp;<strong>la IRS norteamericana comenzar\u00e1 a remitir a la AFIP los n\u00fameros de las cuentas bancarias<\/strong>&nbsp;de argentinos en ese pa\u00eds. Los que registraron cuentas en Europa se supone que aprovecharon el blanqueao durante el gobierno de Mauricio Macri. En ese momento s\u00f3lo reg\u00eda el acuerdo de intercambio de informaci\u00f3n en el marco de la OCDE.<\/p>\n<p><strong><a href=\"https:\/\/www.linkedin.com\/in\/gabrielhermida\/\">Gabriel Hermida<\/a>, socio <a href=\"https:\/\/www.auren.site\/impuestos\">impuestos<\/a> de <a href=\"https:\/\/auren.com\/ar\/\">Auren<\/a>,<\/strong>\u00a0se\u00f1ala que \u201cel Gobierno dice que va a juntar\u00a0<strong>u$s30.000 millones<\/strong>, pero creo que va a ser menos\u201d. El programa de exteriorizaci\u00f3n\u00a0<strong>\u201ces barato\u201d<\/strong>, opina el asesor tributario, en tanto la declaraci\u00f3n de fondos por menos de u$s100.000 es gratuita.<\/p>\n<p>El especialista considera que&nbsp;<strong>\u201cesto le puede servir a los que tienen una cuenta no declarada en Estados Unidos\u201d&nbsp;<\/strong>por un lado, y por otros, \u201c<strong>a los freelancer que trabajan para el exterior<\/strong>&nbsp;y dejan sus d\u00f3lares en una cuenta no declarada\u201d. Sostuvo que&nbsp;<strong>es conveniente blanquear hasta con el pago del impuesto del 5%&nbsp;<\/strong>(cuando se ingresan m\u00e1s de u$s100.000), \u201cpero si hay que pagar el 10% hay que analizarlo bien\u201d.<\/p>\n<p>Seg\u00fan indic\u00f3 el asesor tributario, por ahora\u00a0<strong>hay bastante movimiento de personas preguntando\u00a0<\/strong>sobre la operatoria. De igual modo,\u00a0<strong>Javier Fuentes, socio de PGK,\u00a0<\/strong>estim\u00f3 qu<strong>e \u201cal principio el blanqueo va a tener un \u00e9xito relativo,<\/strong>\u00a0que luego se podr\u00eda consolidar en la medida que el gobierno de Javier Milei pueda ir generando m\u00e1s confianza\u201d.<\/p>\n<p>Leer la nota completa en <a href=\"https:\/\/www.ambito.com\/economia\/blanqueo-crecen-las-consultas-cuentas-el-exterior-n6041447\">\u00c1mbito<\/a><\/p>\n<p><!-- AddThis Advanced Settings generic via filter on the_content --><!-- AddThis Share Buttons generic via filter on the_content --><\/p>\n","protected":false},"excerpt":{"rendered":"<p>Para los especialistas tributarios, en una primera etapa ser\u00edan mayoritarias las definiciones para exteriorizar menos de u$s100.000 a costo cero. Con el&nbsp;blanqueo&nbsp;en marcha, comenzaron a aparecer las consultas de los [&hellip;]<\/p>\n","protected":false},"featured_media":13106,"template":"","meta":{"_acf_changed":false,"footnotes":""},"new-category":[],"class_list":["post-13105","new","type-new","status-publish","has-post-thumbnail","hentry"],"acf":[],"yoast_head":"<!-- This site is optimized with the Yoast SEO plugin v27.5 - https:\/\/yoast.com\/product\/yoast-seo-wordpress\/ -->\n<title>Prensa | Blanqueo: crecen las consultas por cuentas en el exterior (\u00c1mbito 30.7.2024) - Auren Argentina<\/title>\n<meta name=\"description\" content=\"Blanqueo. Opinan los tributarios: ser\u00edan mayoritarias las definiciones para exteriorizar menos de u$s100.000 a costo cero.\" \/>\n<meta name=\"robots\" content=\"index, follow, max-snippet:-1, max-image-preview:large, max-video-preview:-1\" \/>\n<link rel=\"canonical\" href=\"https:\/\/auren.com\/ar\/noticias\/prensa-blanqueo-crecen-las-consultas-por-cuentas-en-el-exterior-ambito-30-7-2024\/\" \/>\n<meta property=\"og:locale\" content=\"es_ES\" \/>\n<meta property=\"og:type\" content=\"article\" \/>\n<meta property=\"og:title\" content=\"Prensa | Blanqueo: crecen las consultas por cuentas en el exterior (\u00c1mbito 30.7.2024) - Auren Argentina\" \/>\n<meta property=\"og:description\" content=\"Blanqueo. Opinan los tributarios: ser\u00edan mayoritarias las definiciones para exteriorizar menos de u$s100.000 a costo cero.\" \/>\n<meta property=\"og:url\" content=\"https:\/\/auren.com\/ar\/noticias\/prensa-blanqueo-crecen-las-consultas-por-cuentas-en-el-exterior-ambito-30-7-2024\/\" \/>\n<meta property=\"og:site_name\" content=\"Auren Argentina\" \/>\n<meta property=\"article:publisher\" content=\"https:\/\/www.facebook.com\/AurenArg\/\" \/>\n<meta property=\"og:image\" content=\"https:\/\/auren.com\/ar\/wp-content\/uploads\/2024\/08\/imagen-7.png\" \/>\n\t<meta property=\"og:image:width\" content=\"476\" \/>\n\t<meta property=\"og:image:height\" content=\"367\" \/>\n\t<meta property=\"og:image:type\" content=\"image\/png\" \/>\n<meta name=\"twitter:card\" content=\"summary_large_image\" \/>\n<meta name=\"twitter:site\" content=\"@AUREN_Argentina\" \/>\n<meta name=\"twitter:label1\" content=\"Tiempo de lectura\" \/>\n\t<meta name=\"twitter:data1\" content=\"2 minutos\" \/>\n<script type=\"application\/ld+json\" class=\"yoast-schema-graph\">{\"@context\":\"https:\\\/\\\/schema.org\",\"@graph\":[{\"@type\":\"WebPage\",\"@id\":\"https:\\\/\\\/auren.com\\\/ar\\\/noticias\\\/prensa-blanqueo-crecen-las-consultas-por-cuentas-en-el-exterior-ambito-30-7-2024\\\/\",\"url\":\"https:\\\/\\\/auren.com\\\/ar\\\/noticias\\\/prensa-blanqueo-crecen-las-consultas-por-cuentas-en-el-exterior-ambito-30-7-2024\\\/\",\"name\":\"Prensa | Blanqueo: crecen las consultas por cuentas en el exterior (\u00c1mbito 30.7.2024) - Auren Argentina\",\"isPartOf\":{\"@id\":\"https:\\\/\\\/auren.com\\\/ar\\\/#website\"},\"primaryImageOfPage\":{\"@id\":\"https:\\\/\\\/auren.com\\\/ar\\\/noticias\\\/prensa-blanqueo-crecen-las-consultas-por-cuentas-en-el-exterior-ambito-30-7-2024\\\/#primaryimage\"},\"image\":{\"@id\":\"https:\\\/\\\/auren.com\\\/ar\\\/noticias\\\/prensa-blanqueo-crecen-las-consultas-por-cuentas-en-el-exterior-ambito-30-7-2024\\\/#primaryimage\"},\"thumbnailUrl\":\"https:\\\/\\\/auren.com\\\/ar\\\/wp-content\\\/uploads\\\/2024\\\/08\\\/imagen-7.png\",\"datePublished\":\"2024-08-01T11:45:10+00:00\",\"description\":\"Blanqueo. Opinan los tributarios: ser\u00edan mayoritarias las definiciones para exteriorizar menos de u$s100.000 a costo cero.\",\"breadcrumb\":{\"@id\":\"https:\\\/\\\/auren.com\\\/ar\\\/noticias\\\/prensa-blanqueo-crecen-las-consultas-por-cuentas-en-el-exterior-ambito-30-7-2024\\\/#breadcrumb\"},\"inLanguage\":\"es\",\"potentialAction\":[{\"@type\":\"ReadAction\",\"target\":[\"https:\\\/\\\/auren.com\\\/ar\\\/noticias\\\/prensa-blanqueo-crecen-las-consultas-por-cuentas-en-el-exterior-ambito-30-7-2024\\\/\"]}]},{\"@type\":\"ImageObject\",\"inLanguage\":\"es\",\"@id\":\"https:\\\/\\\/auren.com\\\/ar\\\/noticias\\\/prensa-blanqueo-crecen-las-consultas-por-cuentas-en-el-exterior-ambito-30-7-2024\\\/#primaryimage\",\"url\":\"https:\\\/\\\/auren.com\\\/ar\\\/wp-content\\\/uploads\\\/2024\\\/08\\\/imagen-7.png\",\"contentUrl\":\"https:\\\/\\\/auren.com\\\/ar\\\/wp-content\\\/uploads\\\/2024\\\/08\\\/imagen-7.png\",\"width\":476,\"height\":367},{\"@type\":\"BreadcrumbList\",\"@id\":\"https:\\\/\\\/auren.com\\\/ar\\\/noticias\\\/prensa-blanqueo-crecen-las-consultas-por-cuentas-en-el-exterior-ambito-30-7-2024\\\/#breadcrumb\",\"itemListElement\":[{\"@type\":\"ListItem\",\"position\":1,\"name\":\"Portada\",\"item\":\"https:\\\/\\\/auren.com\\\/ar\\\/\"},{\"@type\":\"ListItem\",\"position\":2,\"name\":\"Prensa | Blanqueo: crecen las consultas por cuentas en el exterior (\u00c1mbito 30.7.2024)\"}]},{\"@type\":\"WebSite\",\"@id\":\"https:\\\/\\\/auren.com\\\/ar\\\/#website\",\"url\":\"https:\\\/\\\/auren.com\\\/ar\\\/\",\"name\":\"Auren Argentina\",\"description\":\"\",\"publisher\":{\"@id\":\"https:\\\/\\\/auren.com\\\/ar\\\/#organization\"},\"potentialAction\":[{\"@type\":\"SearchAction\",\"target\":{\"@type\":\"EntryPoint\",\"urlTemplate\":\"https:\\\/\\\/auren.com\\\/ar\\\/?s={search_term_string}\"},\"query-input\":{\"@type\":\"PropertyValueSpecification\",\"valueRequired\":true,\"valueName\":\"search_term_string\"}}],\"inLanguage\":\"es\"},{\"@type\":\"Organization\",\"@id\":\"https:\\\/\\\/auren.com\\\/ar\\\/#organization\",\"name\":\"Auren Argentina\",\"url\":\"https:\\\/\\\/auren.com\\\/ar\\\/\",\"logo\":{\"@type\":\"ImageObject\",\"inLanguage\":\"es\",\"@id\":\"https:\\\/\\\/auren.com\\\/ar\\\/#\\\/schema\\\/logo\\\/image\\\/\",\"url\":\"https:\\\/\\\/auren.com\\\/ar\\\/wp-content\\\/uploads\\\/2025\\\/01\\\/cropped-cropped-favicon-Auren.png\",\"contentUrl\":\"https:\\\/\\\/auren.com\\\/ar\\\/wp-content\\\/uploads\\\/2025\\\/01\\\/cropped-cropped-favicon-Auren.png\",\"width\":512,\"height\":512,\"caption\":\"Auren Argentina\"},\"image\":{\"@id\":\"https:\\\/\\\/auren.com\\\/ar\\\/#\\\/schema\\\/logo\\\/image\\\/\"},\"sameAs\":[\"https:\\\/\\\/www.facebook.com\\\/AurenArg\\\/\",\"https:\\\/\\\/x.com\\\/AUREN_Argentina\",\"https:\\\/\\\/www.linkedin.com\\\/company\\\/aurenargentina\",\"https:\\\/\\\/www.youtube.com\\\/channel\\\/UCSCseiHMECB0uMBGF9wtjSw\",\"https:\\\/\\\/www.instagram.com\\\/aurenargentina\\\/\"]}]}<\/script>\n<!-- \/ Yoast SEO plugin. -->","yoast_head_json":{"title":"Prensa | Blanqueo: crecen las consultas por cuentas en el exterior (\u00c1mbito 30.7.2024) - Auren Argentina","description":"Blanqueo. Opinan los tributarios: ser\u00edan mayoritarias las definiciones para exteriorizar menos de u$s100.000 a costo cero.","robots":{"index":"index","follow":"follow","max-snippet":"max-snippet:-1","max-image-preview":"max-image-preview:large","max-video-preview":"max-video-preview:-1"},"canonical":"https:\/\/auren.com\/ar\/noticias\/prensa-blanqueo-crecen-las-consultas-por-cuentas-en-el-exterior-ambito-30-7-2024\/","og_locale":"es_ES","og_type":"article","og_title":"Prensa | Blanqueo: crecen las consultas por cuentas en el exterior (\u00c1mbito 30.7.2024) - Auren Argentina","og_description":"Blanqueo. Opinan los tributarios: ser\u00edan mayoritarias las definiciones para exteriorizar menos de u$s100.000 a costo cero.","og_url":"https:\/\/auren.com\/ar\/noticias\/prensa-blanqueo-crecen-las-consultas-por-cuentas-en-el-exterior-ambito-30-7-2024\/","og_site_name":"Auren Argentina","article_publisher":"https:\/\/www.facebook.com\/AurenArg\/","og_image":[{"width":476,"height":367,"url":"https:\/\/auren.com\/ar\/wp-content\/uploads\/2024\/08\/imagen-7.png","type":"image\/png"}],"twitter_card":"summary_large_image","twitter_site":"@AUREN_Argentina","twitter_misc":{"Tiempo de lectura":"2 minutos"},"schema":{"@context":"https:\/\/schema.org","@graph":[{"@type":"WebPage","@id":"https:\/\/auren.com\/ar\/noticias\/prensa-blanqueo-crecen-las-consultas-por-cuentas-en-el-exterior-ambito-30-7-2024\/","url":"https:\/\/auren.com\/ar\/noticias\/prensa-blanqueo-crecen-las-consultas-por-cuentas-en-el-exterior-ambito-30-7-2024\/","name":"Prensa | Blanqueo: crecen las consultas por cuentas en el exterior (\u00c1mbito 30.7.2024) - Auren Argentina","isPartOf":{"@id":"https:\/\/auren.com\/ar\/#website"},"primaryImageOfPage":{"@id":"https:\/\/auren.com\/ar\/noticias\/prensa-blanqueo-crecen-las-consultas-por-cuentas-en-el-exterior-ambito-30-7-2024\/#primaryimage"},"image":{"@id":"https:\/\/auren.com\/ar\/noticias\/prensa-blanqueo-crecen-las-consultas-por-cuentas-en-el-exterior-ambito-30-7-2024\/#primaryimage"},"thumbnailUrl":"https:\/\/auren.com\/ar\/wp-content\/uploads\/2024\/08\/imagen-7.png","datePublished":"2024-08-01T11:45:10+00:00","description":"Blanqueo. Opinan los tributarios: ser\u00edan mayoritarias las definiciones para exteriorizar menos de u$s100.000 a costo cero.","breadcrumb":{"@id":"https:\/\/auren.com\/ar\/noticias\/prensa-blanqueo-crecen-las-consultas-por-cuentas-en-el-exterior-ambito-30-7-2024\/#breadcrumb"},"inLanguage":"es","potentialAction":[{"@type":"ReadAction","target":["https:\/\/auren.com\/ar\/noticias\/prensa-blanqueo-crecen-las-consultas-por-cuentas-en-el-exterior-ambito-30-7-2024\/"]}]},{"@type":"ImageObject","inLanguage":"es","@id":"https:\/\/auren.com\/ar\/noticias\/prensa-blanqueo-crecen-las-consultas-por-cuentas-en-el-exterior-ambito-30-7-2024\/#primaryimage","url":"https:\/\/auren.com\/ar\/wp-content\/uploads\/2024\/08\/imagen-7.png","contentUrl":"https:\/\/auren.com\/ar\/wp-content\/uploads\/2024\/08\/imagen-7.png","width":476,"height":367},{"@type":"BreadcrumbList","@id":"https:\/\/auren.com\/ar\/noticias\/prensa-blanqueo-crecen-las-consultas-por-cuentas-en-el-exterior-ambito-30-7-2024\/#breadcrumb","itemListElement":[{"@type":"ListItem","position":1,"name":"Portada","item":"https:\/\/auren.com\/ar\/"},{"@type":"ListItem","position":2,"name":"Prensa | Blanqueo: crecen las consultas por cuentas en el exterior (\u00c1mbito 30.7.2024)"}]},{"@type":"WebSite","@id":"https:\/\/auren.com\/ar\/#website","url":"https:\/\/auren.com\/ar\/","name":"Auren Argentina","description":"","publisher":{"@id":"https:\/\/auren.com\/ar\/#organization"},"potentialAction":[{"@type":"SearchAction","target":{"@type":"EntryPoint","urlTemplate":"https:\/\/auren.com\/ar\/?s={search_term_string}"},"query-input":{"@type":"PropertyValueSpecification","valueRequired":true,"valueName":"search_term_string"}}],"inLanguage":"es"},{"@type":"Organization","@id":"https:\/\/auren.com\/ar\/#organization","name":"Auren Argentina","url":"https:\/\/auren.com\/ar\/","logo":{"@type":"ImageObject","inLanguage":"es","@id":"https:\/\/auren.com\/ar\/#\/schema\/logo\/image\/","url":"https:\/\/auren.com\/ar\/wp-content\/uploads\/2025\/01\/cropped-cropped-favicon-Auren.png","contentUrl":"https:\/\/auren.com\/ar\/wp-content\/uploads\/2025\/01\/cropped-cropped-favicon-Auren.png","width":512,"height":512,"caption":"Auren Argentina"},"image":{"@id":"https:\/\/auren.com\/ar\/#\/schema\/logo\/image\/"},"sameAs":["https:\/\/www.facebook.com\/AurenArg\/","https:\/\/x.com\/AUREN_Argentina","https:\/\/www.linkedin.com\/company\/aurenargentina","https:\/\/www.youtube.com\/channel\/UCSCseiHMECB0uMBGF9wtjSw","https:\/\/www.instagram.com\/aurenargentina\/"]}]}},"_links":{"self":[{"href":"https:\/\/auren.com\/ar\/wp-json\/wp\/v2\/new\/13105","targetHints":{"allow":["GET"]}}],"collection":[{"href":"https:\/\/auren.com\/ar\/wp-json\/wp\/v2\/new"}],"about":[{"href":"https:\/\/auren.com\/ar\/wp-json\/wp\/v2\/types\/new"}],"version-history":[{"count":0,"href":"https:\/\/auren.com\/ar\/wp-json\/wp\/v2\/new\/13105\/revisions"}],"wp:featuredmedia":[{"embeddable":true,"href":"https:\/\/auren.com\/ar\/wp-json\/wp\/v2\/media\/13106"}],"wp:attachment":[{"href":"https:\/\/auren.com\/ar\/wp-json\/wp\/v2\/media?parent=13105"}],"wp:term":[{"taxonomy":"new-category","embeddable":true,"href":"https:\/\/auren.com\/ar\/wp-json\/wp\/v2\/new-category?post=13105"}],"curies":[{"name":"wp","href":"https:\/\/api.w.org\/{rel}","templated":true}]}}