{"id":13628,"date":"2023-09-18T11:07:24","date_gmt":"2023-09-18T09:07:24","guid":{"rendered":"https:\/\/auren.com\/ar\/new\/prensa-el-camino-hacia-la-gestion-sustentable\/"},"modified":"2023-09-18T11:07:24","modified_gmt":"2023-09-18T09:07:24","slug":"prensa-el-camino-hacia-la-gestion-sustentable","status":"publish","type":"new","link":"https:\/\/auren.com\/ar\/noticias\/prensa-el-camino-hacia-la-gestion-sustentable\/","title":{"rendered":"Prensa | El camino hacia la gesti\u00f3n sustentable"},"content":{"rendered":"<h2 class=\"wp-block-heading\">Una estrategia de arriba hacia abajo. \u00abLos miembros de la direcci\u00f3n son los responsables de alinear la estrategia de negocio con los objetivos de sustentabilidad. Es fundamental mostrar el compromiso de la Direcci\u00f3n, el valor de la marca, el trabajo en equipo, la cultura, procesos y metodolog\u00edas sostenibles de la empresa\u00bb<\/h2>\n<p>Entrevista realizada a <a href=\"https:\/\/www.linkedin.com\/in\/fernandotezanospinto\/\">Fernando Tezanos Pinto<\/a>, Presidente de <a href=\"https:\/\/auren.com\/ar\/\">Auren Argentina<\/a> para la <a href=\"https:\/\/mercado.com.ar\/\">Revista Mercado<\/a>. Dossier Sustentabilidad.<\/p>\n<ol type=\"1\">\n<li><strong>\u00bfDe qu\u00e9 manera las compa\u00f1\u00edas aseguran la alineaci\u00f3n de la estrategia de negocios con los objetivos ESG o de sustentabilidad -en sentido amplio- en todas las etapas del ciclo de vida de los productos o servicios?<\/strong><\/li>\n<\/ol>\n<p>En la visi\u00f3n de las organizaciones mundiales, p\u00fablicas y privadas, cada vez es m\u00e1s claro la necesidad de incluir dentro de su estrategia, al mismo nivel de importancia de los resultados econ\u00f3micos-Financieros, acciones para contribuir a mejorar los aspectos ambientales y sociales.&nbsp;<\/p>\n<p>Las compa\u00f1\u00edas aseguran la alineaci\u00f3n de la estrategia de negocios con los objetivos ESG desde los miembros de la Direcci\u00f3n, en el liderazgo y la toma de decisiones con buenas pr\u00e1cticas, para contar con una visi\u00f3n m\u00e1s amplia que incluya los aspectos medioambientales, sociales, de sustentabilidad,&nbsp; &nbsp;adem\u00e1s de los econ\u00f3micos financieros.<\/p>\n<p>La gesti\u00f3n de una empresa es el reflejo de las conductas y toma de decisiones. Empiezan a poner el valor en los aspectos y criterios sociales y econ\u00f3micos para medir el \u00e9xito y desarrollo de su organizaci\u00f3n y el eje en cuestiones ambientales, como uso eficiente de energ\u00eda, contribuci\u00f3n a la econ\u00f3mica circular bajo los conceptos de no descartar, reciclar y reutilizar.<\/p>\n<p>Hoy es fundamental alcanzar un desarrollo sostenible y equilibrado que contribuya con la sociedad, los recursos naturales, las personas y mejorar la calidad de vida. El desaf\u00edo y compromiso en t\u00e9rminos de RSE es cada vez mayor para una empresa, ya no es una acci\u00f3n o un slogan, no es un complemento opcional, es un compromiso de la Direcci\u00f3n, es un camino de gesti\u00f3n, interno y externo, una forma de ser y hacer empresa.<\/p>\n<p>2. <strong>\u00bfQu\u00e9 lecciones se han aprendido a lo largo de este proceso de alineaci\u00f3n y c\u00f3mo se han aplicado para abordar nuevas dificultades o desaf\u00edos emergentes?<\/strong><\/p>\n<p>La principal lecci\u00f3n de las compa\u00f1\u00edas es entender que la Direcci\u00f3n, enmarcada en un plan estrat\u00e9gico de negocios, son los responsables de comunicar, trasladar el compromiso, la \u00e9tica, la transparencia y pr\u00e1cticas responsables, tambi\u00e9n la convicci\u00f3n y el compromiso a los distintos stakeholders.<\/p>\n<p>Lograr un modelo de negocios integrador. Es imposible pensar en buenos resultados econ\u00f3micos sin tener en cuenta las necesidades de los distintos grupos de inter\u00e9s.<\/p>\n<p>Los miembros de la direcci\u00f3n son responsables de alinear la estrategia de negocios con los objetivos de sustentabilidad. Es fundamental hoy mostrar el compromiso de la Direcci\u00f3n, el valor de la marca, el trabajo el equipo, la cultura, procesos y metodolog\u00edas sostenibles de la empresa.&nbsp;&nbsp;<\/p>\n<p>Es fundamental para las empresas alcanzar un desarrollo sostenible y equilibrado que contribuya con la sociedad, la sustentabilidad, los recursos naturales, las personas y hasta la econom\u00eda. El desaf\u00edo y compromiso en t\u00e9rminos de RSE es cada vez mayor para una empresa, ya no es una acci\u00f3n o un slogan, no es un complemento opcional, es un compromiso de la Direcci\u00f3n, es un camino de gesti\u00f3n, interno y externo, una forma de ser y hacer empresa.<\/p>\n<p><strong>3. \u00bfCu\u00e1les son las principales barreras culturales y estructurales que debe enfrentar la compa\u00f1\u00eda al intentar integrar la sustentabilidad en todos los niveles y \u00e1reas de la organizaci\u00f3n? \u00bfC\u00f3mo se trabaja para superarlas?<\/strong><\/p>\n<p>Las principales dificultades es promover un cambio de mentalidad en los procesos productivos y en la estrategia de negocios de una organizaci\u00f3n. Es fundamental considerar que los factores sociales y ambientales a la hora de dise\u00f1ar nuestras actividades econ\u00f3micas, que como consecuencia adem\u00e1s de generar ingresos, produzcan un impacto positivo en la sociedad y el medio ambiente.<\/p>\n<p>Lograr un cambio de cultura, donde las acciones y los resultados est\u00e9n relacionados e integrados con la sustentabilidad.<\/p>\n<p>Las principales barreras tambi\u00e9n son la crisis econ\u00f3mica y ecol\u00f3gica actual y futura. Concientizar que necesitamos acciones alineadas e integrales para lograr los objetivos de desarrollo sostenible.<\/p>\n<p>Debemos lograr una mejor reconstrucci\u00f3n y empezar a conversar en esta direcci\u00f3n que pone en orden nuestras prioridades: la calidad de vida de las personas y ajustar la econom\u00eda en esa l\u00ednea.<\/p>\n<p>Leer la nota completa en la <a href=\"https:\/\/mercado.com.ar\/wp\/wp-content\/uploads\/2023\/09\/Mercado_LasMil.pdf\">Revista Mercado<\/a><\/p>\n<figure class=\"wp-block-image size-full is-resized\"><a href=\"https:\/\/mercado.com.ar\/wp\/wp-content\/uploads\/2023\/09\/Mercado_LasMil.pdf\"><img decoding=\"async\" data-src=\"https:\/\/auren.com\/ar\/wp-content\/uploads\/migration\/2023\/09\/Mercado-4.png\" alt=\"\" class=\"wp-image-16980 lazyload\" width=\"377\" height=\"499\" data-srcset=\"https:\/\/auren.com\/ar\/wp-content\/uploads\/migration\/2023\/09\/Mercado-4.png 377w, https:\/\/auren.com\/ar\/wp-content\/uploads\/migration\/2023\/09\/Mercado-4-227x300.png 227w\" data-sizes=\"auto, (max-width: 377px) 100vw, 377px\" src=\"data:image\/svg+xml;base64,PHN2ZyB3aWR0aD0iMSIgaGVpZ2h0PSIxIiB4bWxucz0iaHR0cDovL3d3dy53My5vcmcvMjAwMC9zdmciPjwvc3ZnPg==\" style=\"--smush-placeholder-width: 377px; --smush-placeholder-aspect-ratio: 377\/499;\" \/><\/a><\/figure>\n<p><!-- AddThis Advanced Settings generic via filter on the_content --><!-- AddThis Share Buttons generic via filter on the_content --><\/p>\n","protected":false},"excerpt":{"rendered":"<p>Una estrategia de arriba hacia abajo. \u00abLos miembros de la direcci\u00f3n son los responsables de alinear la estrategia de negocio con los objetivos de sustentabilidad. Es fundamental mostrar el compromiso [&hellip;]<\/p>\n","protected":false},"featured_media":13632,"template":"","meta":{"_acf_changed":false,"footnotes":""},"new-category":[],"class_list":["post-13628","new","type-new","status-publish","has-post-thumbnail","hentry"],"acf":[],"yoast_head":"<!-- This site is optimized with the Yoast SEO plugin v27.5 - https:\/\/yoast.com\/product\/yoast-seo-wordpress\/ -->\n<title>Prensa | El camino hacia la gesti\u00f3n sustentable - Auren Argentina<\/title>\n<meta name=\"description\" content=\"Cada vez m\u00e1s el camino sustentable se instala en las compa\u00f1\u00edas y atraviesa la gesti\u00f3n y los negocios de manera transversal.\" \/>\n<meta name=\"robots\" content=\"index, follow, max-snippet:-1, max-image-preview:large, max-video-preview:-1\" \/>\n<link rel=\"canonical\" href=\"https:\/\/auren.com\/ar\/noticias\/prensa-el-camino-hacia-la-gestion-sustentable\/\" \/>\n<meta property=\"og:locale\" content=\"es_ES\" \/>\n<meta property=\"og:type\" content=\"article\" \/>\n<meta property=\"og:title\" content=\"Prensa | El camino hacia la gesti\u00f3n sustentable - Auren Argentina\" \/>\n<meta property=\"og:description\" content=\"Cada vez m\u00e1s el camino sustentable se instala en las compa\u00f1\u00edas y atraviesa la gesti\u00f3n y los negocios de manera transversal.\" \/>\n<meta property=\"og:url\" content=\"https:\/\/auren.com\/ar\/noticias\/prensa-el-camino-hacia-la-gestion-sustentable\/\" \/>\n<meta property=\"og:site_name\" content=\"Auren Argentina\" \/>\n<meta property=\"article:publisher\" content=\"https:\/\/www.facebook.com\/AurenArg\/\" \/>\n<meta property=\"og:image\" content=\"https:\/\/auren.com\/ar\/wp-content\/uploads\/2023\/09\/IMAGEN-3-2.png\" \/>\n\t<meta property=\"og:image:width\" content=\"369\" \/>\n\t<meta property=\"og:image:height\" content=\"261\" \/>\n\t<meta property=\"og:image:type\" content=\"image\/png\" \/>\n<meta name=\"twitter:card\" content=\"summary_large_image\" \/>\n<meta name=\"twitter:site\" content=\"@AUREN_Argentina\" \/>\n<meta name=\"twitter:label1\" content=\"Tiempo de lectura\" \/>\n\t<meta name=\"twitter:data1\" content=\"4 minutos\" \/>\n<script type=\"application\/ld+json\" class=\"yoast-schema-graph\">{\"@context\":\"https:\\\/\\\/schema.org\",\"@graph\":[{\"@type\":\"WebPage\",\"@id\":\"https:\\\/\\\/auren.com\\\/ar\\\/noticias\\\/prensa-el-camino-hacia-la-gestion-sustentable\\\/\",\"url\":\"https:\\\/\\\/auren.com\\\/ar\\\/noticias\\\/prensa-el-camino-hacia-la-gestion-sustentable\\\/\",\"name\":\"Prensa | El camino hacia la gesti\u00f3n sustentable - Auren Argentina\",\"isPartOf\":{\"@id\":\"https:\\\/\\\/auren.com\\\/ar\\\/#website\"},\"primaryImageOfPage\":{\"@id\":\"https:\\\/\\\/auren.com\\\/ar\\\/noticias\\\/prensa-el-camino-hacia-la-gestion-sustentable\\\/#primaryimage\"},\"image\":{\"@id\":\"https:\\\/\\\/auren.com\\\/ar\\\/noticias\\\/prensa-el-camino-hacia-la-gestion-sustentable\\\/#primaryimage\"},\"thumbnailUrl\":\"https:\\\/\\\/auren.com\\\/ar\\\/wp-content\\\/uploads\\\/2023\\\/09\\\/IMAGEN-3-2.png\",\"datePublished\":\"2023-09-18T09:07:24+00:00\",\"description\":\"Cada vez m\u00e1s el camino sustentable se instala en las compa\u00f1\u00edas y atraviesa la gesti\u00f3n y los negocios de manera transversal.\",\"breadcrumb\":{\"@id\":\"https:\\\/\\\/auren.com\\\/ar\\\/noticias\\\/prensa-el-camino-hacia-la-gestion-sustentable\\\/#breadcrumb\"},\"inLanguage\":\"es\",\"potentialAction\":[{\"@type\":\"ReadAction\",\"target\":[\"https:\\\/\\\/auren.com\\\/ar\\\/noticias\\\/prensa-el-camino-hacia-la-gestion-sustentable\\\/\"]}]},{\"@type\":\"ImageObject\",\"inLanguage\":\"es\",\"@id\":\"https:\\\/\\\/auren.com\\\/ar\\\/noticias\\\/prensa-el-camino-hacia-la-gestion-sustentable\\\/#primaryimage\",\"url\":\"https:\\\/\\\/auren.com\\\/ar\\\/wp-content\\\/uploads\\\/2023\\\/09\\\/IMAGEN-3-2.png\",\"contentUrl\":\"https:\\\/\\\/auren.com\\\/ar\\\/wp-content\\\/uploads\\\/2023\\\/09\\\/IMAGEN-3-2.png\",\"width\":369,\"height\":261},{\"@type\":\"BreadcrumbList\",\"@id\":\"https:\\\/\\\/auren.com\\\/ar\\\/noticias\\\/prensa-el-camino-hacia-la-gestion-sustentable\\\/#breadcrumb\",\"itemListElement\":[{\"@type\":\"ListItem\",\"position\":1,\"name\":\"Portada\",\"item\":\"https:\\\/\\\/auren.com\\\/ar\\\/\"},{\"@type\":\"ListItem\",\"position\":2,\"name\":\"Prensa | El camino hacia la gesti\u00f3n sustentable\"}]},{\"@type\":\"WebSite\",\"@id\":\"https:\\\/\\\/auren.com\\\/ar\\\/#website\",\"url\":\"https:\\\/\\\/auren.com\\\/ar\\\/\",\"name\":\"Auren Argentina\",\"description\":\"\",\"publisher\":{\"@id\":\"https:\\\/\\\/auren.com\\\/ar\\\/#organization\"},\"potentialAction\":[{\"@type\":\"SearchAction\",\"target\":{\"@type\":\"EntryPoint\",\"urlTemplate\":\"https:\\\/\\\/auren.com\\\/ar\\\/?s={search_term_string}\"},\"query-input\":{\"@type\":\"PropertyValueSpecification\",\"valueRequired\":true,\"valueName\":\"search_term_string\"}}],\"inLanguage\":\"es\"},{\"@type\":\"Organization\",\"@id\":\"https:\\\/\\\/auren.com\\\/ar\\\/#organization\",\"name\":\"Auren Argentina\",\"url\":\"https:\\\/\\\/auren.com\\\/ar\\\/\",\"logo\":{\"@type\":\"ImageObject\",\"inLanguage\":\"es\",\"@id\":\"https:\\\/\\\/auren.com\\\/ar\\\/#\\\/schema\\\/logo\\\/image\\\/\",\"url\":\"https:\\\/\\\/auren.com\\\/ar\\\/wp-content\\\/uploads\\\/2025\\\/01\\\/cropped-cropped-favicon-Auren.png\",\"contentUrl\":\"https:\\\/\\\/auren.com\\\/ar\\\/wp-content\\\/uploads\\\/2025\\\/01\\\/cropped-cropped-favicon-Auren.png\",\"width\":512,\"height\":512,\"caption\":\"Auren Argentina\"},\"image\":{\"@id\":\"https:\\\/\\\/auren.com\\\/ar\\\/#\\\/schema\\\/logo\\\/image\\\/\"},\"sameAs\":[\"https:\\\/\\\/www.facebook.com\\\/AurenArg\\\/\",\"https:\\\/\\\/x.com\\\/AUREN_Argentina\",\"https:\\\/\\\/www.linkedin.com\\\/company\\\/aurenargentina\",\"https:\\\/\\\/www.youtube.com\\\/channel\\\/UCSCseiHMECB0uMBGF9wtjSw\",\"https:\\\/\\\/www.instagram.com\\\/aurenargentina\\\/\"]}]}<\/script>\n<!-- \/ Yoast SEO plugin. -->","yoast_head_json":{"title":"Prensa | El camino hacia la gesti\u00f3n sustentable - Auren Argentina","description":"Cada vez m\u00e1s el camino sustentable se instala en las compa\u00f1\u00edas y atraviesa la gesti\u00f3n y los negocios de manera transversal.","robots":{"index":"index","follow":"follow","max-snippet":"max-snippet:-1","max-image-preview":"max-image-preview:large","max-video-preview":"max-video-preview:-1"},"canonical":"https:\/\/auren.com\/ar\/noticias\/prensa-el-camino-hacia-la-gestion-sustentable\/","og_locale":"es_ES","og_type":"article","og_title":"Prensa | El camino hacia la gesti\u00f3n sustentable - Auren Argentina","og_description":"Cada vez m\u00e1s el camino sustentable se instala en las compa\u00f1\u00edas y atraviesa la gesti\u00f3n y los negocios de manera transversal.","og_url":"https:\/\/auren.com\/ar\/noticias\/prensa-el-camino-hacia-la-gestion-sustentable\/","og_site_name":"Auren Argentina","article_publisher":"https:\/\/www.facebook.com\/AurenArg\/","og_image":[{"width":369,"height":261,"url":"https:\/\/auren.com\/ar\/wp-content\/uploads\/2023\/09\/IMAGEN-3-2.png","type":"image\/png"}],"twitter_card":"summary_large_image","twitter_site":"@AUREN_Argentina","twitter_misc":{"Tiempo de lectura":"4 minutos"},"schema":{"@context":"https:\/\/schema.org","@graph":[{"@type":"WebPage","@id":"https:\/\/auren.com\/ar\/noticias\/prensa-el-camino-hacia-la-gestion-sustentable\/","url":"https:\/\/auren.com\/ar\/noticias\/prensa-el-camino-hacia-la-gestion-sustentable\/","name":"Prensa | El camino hacia la gesti\u00f3n sustentable - Auren Argentina","isPartOf":{"@id":"https:\/\/auren.com\/ar\/#website"},"primaryImageOfPage":{"@id":"https:\/\/auren.com\/ar\/noticias\/prensa-el-camino-hacia-la-gestion-sustentable\/#primaryimage"},"image":{"@id":"https:\/\/auren.com\/ar\/noticias\/prensa-el-camino-hacia-la-gestion-sustentable\/#primaryimage"},"thumbnailUrl":"https:\/\/auren.com\/ar\/wp-content\/uploads\/2023\/09\/IMAGEN-3-2.png","datePublished":"2023-09-18T09:07:24+00:00","description":"Cada vez m\u00e1s el camino sustentable se instala en las compa\u00f1\u00edas y atraviesa la gesti\u00f3n y los negocios de manera transversal.","breadcrumb":{"@id":"https:\/\/auren.com\/ar\/noticias\/prensa-el-camino-hacia-la-gestion-sustentable\/#breadcrumb"},"inLanguage":"es","potentialAction":[{"@type":"ReadAction","target":["https:\/\/auren.com\/ar\/noticias\/prensa-el-camino-hacia-la-gestion-sustentable\/"]}]},{"@type":"ImageObject","inLanguage":"es","@id":"https:\/\/auren.com\/ar\/noticias\/prensa-el-camino-hacia-la-gestion-sustentable\/#primaryimage","url":"https:\/\/auren.com\/ar\/wp-content\/uploads\/2023\/09\/IMAGEN-3-2.png","contentUrl":"https:\/\/auren.com\/ar\/wp-content\/uploads\/2023\/09\/IMAGEN-3-2.png","width":369,"height":261},{"@type":"BreadcrumbList","@id":"https:\/\/auren.com\/ar\/noticias\/prensa-el-camino-hacia-la-gestion-sustentable\/#breadcrumb","itemListElement":[{"@type":"ListItem","position":1,"name":"Portada","item":"https:\/\/auren.com\/ar\/"},{"@type":"ListItem","position":2,"name":"Prensa | El camino hacia la gesti\u00f3n sustentable"}]},{"@type":"WebSite","@id":"https:\/\/auren.com\/ar\/#website","url":"https:\/\/auren.com\/ar\/","name":"Auren Argentina","description":"","publisher":{"@id":"https:\/\/auren.com\/ar\/#organization"},"potentialAction":[{"@type":"SearchAction","target":{"@type":"EntryPoint","urlTemplate":"https:\/\/auren.com\/ar\/?s={search_term_string}"},"query-input":{"@type":"PropertyValueSpecification","valueRequired":true,"valueName":"search_term_string"}}],"inLanguage":"es"},{"@type":"Organization","@id":"https:\/\/auren.com\/ar\/#organization","name":"Auren Argentina","url":"https:\/\/auren.com\/ar\/","logo":{"@type":"ImageObject","inLanguage":"es","@id":"https:\/\/auren.com\/ar\/#\/schema\/logo\/image\/","url":"https:\/\/auren.com\/ar\/wp-content\/uploads\/2025\/01\/cropped-cropped-favicon-Auren.png","contentUrl":"https:\/\/auren.com\/ar\/wp-content\/uploads\/2025\/01\/cropped-cropped-favicon-Auren.png","width":512,"height":512,"caption":"Auren Argentina"},"image":{"@id":"https:\/\/auren.com\/ar\/#\/schema\/logo\/image\/"},"sameAs":["https:\/\/www.facebook.com\/AurenArg\/","https:\/\/x.com\/AUREN_Argentina","https:\/\/www.linkedin.com\/company\/aurenargentina","https:\/\/www.youtube.com\/channel\/UCSCseiHMECB0uMBGF9wtjSw","https:\/\/www.instagram.com\/aurenargentina\/"]}]}},"_links":{"self":[{"href":"https:\/\/auren.com\/ar\/wp-json\/wp\/v2\/new\/13628","targetHints":{"allow":["GET"]}}],"collection":[{"href":"https:\/\/auren.com\/ar\/wp-json\/wp\/v2\/new"}],"about":[{"href":"https:\/\/auren.com\/ar\/wp-json\/wp\/v2\/types\/new"}],"version-history":[{"count":0,"href":"https:\/\/auren.com\/ar\/wp-json\/wp\/v2\/new\/13628\/revisions"}],"wp:featuredmedia":[{"embeddable":true,"href":"https:\/\/auren.com\/ar\/wp-json\/wp\/v2\/media\/13632"}],"wp:attachment":[{"href":"https:\/\/auren.com\/ar\/wp-json\/wp\/v2\/media?parent=13628"}],"wp:term":[{"taxonomy":"new-category","embeddable":true,"href":"https:\/\/auren.com\/ar\/wp-json\/wp\/v2\/new-category?post=13628"}],"curies":[{"name":"wp","href":"https:\/\/api.w.org\/{rel}","templated":true}]}}