{"id":13646,"date":"2023-09-07T13:00:46","date_gmt":"2023-09-07T11:00:46","guid":{"rendered":"https:\/\/auren.com\/ar\/new\/evento-auren-en-las-jornadas-de-insercion-profesional-jip2023\/"},"modified":"2023-09-07T13:00:46","modified_gmt":"2023-09-07T11:00:46","slug":"evento-auren-en-las-jornadas-de-insercion-profesional-jip2023","status":"publish","type":"new","link":"https:\/\/auren.com\/ar\/noticias\/evento-auren-en-las-jornadas-de-insercion-profesional-jip2023\/","title":{"rendered":"Evento | Auren en las Jornadas de Inserci\u00f3n Profesional #JIP2023"},"content":{"rendered":"<p>Los pasados <strong>23 y 24 de agosto<\/strong>, con modalidad presencial, se desarrollar\u00e1n las <strong>Jornadas de Inserci\u00f3n Profesional #JIP2023<\/strong>, bajo el lema <strong>\u201cDesaroll\u00e1 tu valor en la era de la Inteligencia Artificial\u2019<\/strong>\u2019, organizada por Colegas en Red de la Secretar\u00eda de Extensi\u00f3n de la Facultad de Ciencias Econ\u00f3micas de la UNC y el Centro de Estudiantes de Ciencias Econ\u00f3micas (CECE).<\/p>\n<p>Las #JIP, <strong>destinadas a estudiantes y graduados de la UNC<\/strong>, tuvo por objetivo generar un espacio de encuentro de estudiantes y j\u00f3venes graduados\/as de distintas Facultades y carreras universitarias, con empresas y consultoras de Recursos Humanos, para que vivencien la experiencia de la b\u00fasqueda de empleo, conozcan los desaf\u00edos, competencias y habilidades que se requieren para el contexto actual en el marco de las nuevas tecnolog\u00edas.<\/p>\n<p>Durante la primera jornada, Auren estuvo presente con la exposici\u00f3n sobre \u00abDesarrollo de Marca Empleadora\u00bb a cargo de <strong>\u00a0<a href=\"https:\/\/www.linkedin.com\/in\/marco-antonio-liotta-183178117\/\">Marco Liotta<\/a>, Socio de Impuestos y Laboral, y\u00a0<a href=\"https:\/\/www.linkedin.com\/in\/nicol%C3%A1s-ninci-9311a938\/\">Nicol\u00e1s Ninci<\/a>, Socio de Auditor\u00eda y Consultor\u00eda de la oficina de Auren C\u00f3rdoba.<\/strong><\/p>\n<figure class=\"wp-block-image size-large\"><img decoding=\"async\" width=\"1024\" height=\"768\" data-src=\"https:\/\/auren.com\/ar\/wp-content\/uploads\/migration\/2023\/09\/WhatsApp-Image-2023-08-23-at-17.32.47-1024x768.jpeg\" alt=\"\" class=\"wp-image-16933 lazyload\" data-srcset=\"https:\/\/auren.com\/ar\/wp-content\/uploads\/migration\/2023\/09\/WhatsApp-Image-2023-08-23-at-17.32.47-1024x768.jpeg 1024w, https:\/\/auren.com\/ar\/wp-content\/uploads\/migration\/2023\/09\/WhatsApp-Image-2023-08-23-at-17.32.47-300x225.jpeg 300w, https:\/\/auren.com\/ar\/wp-content\/uploads\/migration\/2023\/09\/WhatsApp-Image-2023-08-23-at-17.32.47-768x576.jpeg 768w, https:\/\/auren.com\/ar\/wp-content\/uploads\/migration\/2023\/09\/WhatsApp-Image-2023-08-23-at-17.32.47-1536x1152.jpeg 1536w, https:\/\/auren.com\/ar\/wp-content\/uploads\/migration\/2023\/09\/WhatsApp-Image-2023-08-23-at-17.32.47.jpeg 1600w\" data-sizes=\"auto, (max-width: 1024px) 100vw, 1024px\" src=\"data:image\/svg+xml;base64,PHN2ZyB3aWR0aD0iMSIgaGVpZ2h0PSIxIiB4bWxucz0iaHR0cDovL3d3dy53My5vcmcvMjAwMC9zdmciPjwvc3ZnPg==\" style=\"--smush-placeholder-width: 1024px; --smush-placeholder-aspect-ratio: 1024\/768;\" \/><\/figure>\n<p><!-- AddThis Advanced Settings generic via filter on the_content --><!-- AddThis Share Buttons generic via filter on the_content --><\/p>\n","protected":false},"excerpt":{"rendered":"<p>Los pasados 23 y 24 de agosto, con modalidad presencial, se desarrollar\u00e1n las Jornadas de Inserci\u00f3n Profesional #JIP2023, bajo el lema \u201cDesaroll\u00e1 tu valor en la era de la Inteligencia [&hellip;]<\/p>\n","protected":false},"featured_media":13650,"template":"","meta":{"_acf_changed":false,"footnotes":""},"new-category":[],"class_list":["post-13646","new","type-new","status-publish","has-post-thumbnail","hentry"],"acf":[],"yoast_head":"<!-- This site is optimized with the Yoast SEO plugin v27.5 - https:\/\/yoast.com\/product\/yoast-seo-wordpress\/ -->\n<title>Evento | Auren en las Jornadas de Inserci\u00f3n Profesional #JIP2023 - Auren Argentina<\/title>\n<meta name=\"robots\" content=\"index, follow, max-snippet:-1, max-image-preview:large, max-video-preview:-1\" \/>\n<link rel=\"canonical\" href=\"https:\/\/auren.com\/ar\/noticias\/evento-auren-en-las-jornadas-de-insercion-profesional-jip2023\/\" \/>\n<meta property=\"og:locale\" content=\"es_ES\" \/>\n<meta property=\"og:type\" content=\"article\" \/>\n<meta property=\"og:title\" content=\"Evento | Auren en las Jornadas de Inserci\u00f3n Profesional #JIP2023 - Auren Argentina\" \/>\n<meta property=\"og:description\" content=\"Los pasados 23 y 24 de agosto, con modalidad presencial, se desarrollar\u00e1n las Jornadas de Inserci\u00f3n Profesional #JIP2023, bajo el lema \u201cDesaroll\u00e1 tu valor en la era de la Inteligencia [&hellip;]\" \/>\n<meta property=\"og:url\" content=\"https:\/\/auren.com\/ar\/noticias\/evento-auren-en-las-jornadas-de-insercion-profesional-jip2023\/\" \/>\n<meta property=\"og:site_name\" content=\"Auren Argentina\" \/>\n<meta property=\"article:publisher\" content=\"https:\/\/www.facebook.com\/AurenArg\/\" \/>\n<meta property=\"og:image\" content=\"https:\/\/auren.com\/ar\/wp-content\/uploads\/2023\/09\/WhatsApp-Image-2023-08-23-at-17.06.18-2.jpeg\" \/>\n\t<meta property=\"og:image:width\" content=\"1024\" \/>\n\t<meta property=\"og:image:height\" content=\"768\" \/>\n\t<meta property=\"og:image:type\" content=\"image\/jpeg\" \/>\n<meta name=\"twitter:card\" content=\"summary_large_image\" \/>\n<meta name=\"twitter:site\" content=\"@AUREN_Argentina\" \/>\n<meta name=\"twitter:label1\" content=\"Tiempo de lectura\" \/>\n\t<meta name=\"twitter:data1\" content=\"1 minuto\" \/>\n<script type=\"application\/ld+json\" class=\"yoast-schema-graph\">{\"@context\":\"https:\\\/\\\/schema.org\",\"@graph\":[{\"@type\":\"WebPage\",\"@id\":\"https:\\\/\\\/auren.com\\\/ar\\\/noticias\\\/evento-auren-en-las-jornadas-de-insercion-profesional-jip2023\\\/\",\"url\":\"https:\\\/\\\/auren.com\\\/ar\\\/noticias\\\/evento-auren-en-las-jornadas-de-insercion-profesional-jip2023\\\/\",\"name\":\"Evento | Auren en las Jornadas de Inserci\u00f3n Profesional #JIP2023 - Auren Argentina\",\"isPartOf\":{\"@id\":\"https:\\\/\\\/auren.com\\\/ar\\\/#website\"},\"primaryImageOfPage\":{\"@id\":\"https:\\\/\\\/auren.com\\\/ar\\\/noticias\\\/evento-auren-en-las-jornadas-de-insercion-profesional-jip2023\\\/#primaryimage\"},\"image\":{\"@id\":\"https:\\\/\\\/auren.com\\\/ar\\\/noticias\\\/evento-auren-en-las-jornadas-de-insercion-profesional-jip2023\\\/#primaryimage\"},\"thumbnailUrl\":\"https:\\\/\\\/auren.com\\\/ar\\\/wp-content\\\/uploads\\\/2023\\\/09\\\/WhatsApp-Image-2023-08-23-at-17.06.18-2.jpeg\",\"datePublished\":\"2023-09-07T11:00:46+00:00\",\"breadcrumb\":{\"@id\":\"https:\\\/\\\/auren.com\\\/ar\\\/noticias\\\/evento-auren-en-las-jornadas-de-insercion-profesional-jip2023\\\/#breadcrumb\"},\"inLanguage\":\"es\",\"potentialAction\":[{\"@type\":\"ReadAction\",\"target\":[\"https:\\\/\\\/auren.com\\\/ar\\\/noticias\\\/evento-auren-en-las-jornadas-de-insercion-profesional-jip2023\\\/\"]}]},{\"@type\":\"ImageObject\",\"inLanguage\":\"es\",\"@id\":\"https:\\\/\\\/auren.com\\\/ar\\\/noticias\\\/evento-auren-en-las-jornadas-de-insercion-profesional-jip2023\\\/#primaryimage\",\"url\":\"https:\\\/\\\/auren.com\\\/ar\\\/wp-content\\\/uploads\\\/2023\\\/09\\\/WhatsApp-Image-2023-08-23-at-17.06.18-2.jpeg\",\"contentUrl\":\"https:\\\/\\\/auren.com\\\/ar\\\/wp-content\\\/uploads\\\/2023\\\/09\\\/WhatsApp-Image-2023-08-23-at-17.06.18-2.jpeg\",\"width\":1024,\"height\":768},{\"@type\":\"BreadcrumbList\",\"@id\":\"https:\\\/\\\/auren.com\\\/ar\\\/noticias\\\/evento-auren-en-las-jornadas-de-insercion-profesional-jip2023\\\/#breadcrumb\",\"itemListElement\":[{\"@type\":\"ListItem\",\"position\":1,\"name\":\"Portada\",\"item\":\"https:\\\/\\\/auren.com\\\/ar\\\/\"},{\"@type\":\"ListItem\",\"position\":2,\"name\":\"Evento | Auren en las Jornadas de Inserci\u00f3n Profesional #JIP2023\"}]},{\"@type\":\"WebSite\",\"@id\":\"https:\\\/\\\/auren.com\\\/ar\\\/#website\",\"url\":\"https:\\\/\\\/auren.com\\\/ar\\\/\",\"name\":\"Auren Argentina\",\"description\":\"\",\"publisher\":{\"@id\":\"https:\\\/\\\/auren.com\\\/ar\\\/#organization\"},\"potentialAction\":[{\"@type\":\"SearchAction\",\"target\":{\"@type\":\"EntryPoint\",\"urlTemplate\":\"https:\\\/\\\/auren.com\\\/ar\\\/?s={search_term_string}\"},\"query-input\":{\"@type\":\"PropertyValueSpecification\",\"valueRequired\":true,\"valueName\":\"search_term_string\"}}],\"inLanguage\":\"es\"},{\"@type\":\"Organization\",\"@id\":\"https:\\\/\\\/auren.com\\\/ar\\\/#organization\",\"name\":\"Auren Argentina\",\"url\":\"https:\\\/\\\/auren.com\\\/ar\\\/\",\"logo\":{\"@type\":\"ImageObject\",\"inLanguage\":\"es\",\"@id\":\"https:\\\/\\\/auren.com\\\/ar\\\/#\\\/schema\\\/logo\\\/image\\\/\",\"url\":\"https:\\\/\\\/auren.com\\\/ar\\\/wp-content\\\/uploads\\\/2025\\\/01\\\/cropped-cropped-favicon-Auren.png\",\"contentUrl\":\"https:\\\/\\\/auren.com\\\/ar\\\/wp-content\\\/uploads\\\/2025\\\/01\\\/cropped-cropped-favicon-Auren.png\",\"width\":512,\"height\":512,\"caption\":\"Auren Argentina\"},\"image\":{\"@id\":\"https:\\\/\\\/auren.com\\\/ar\\\/#\\\/schema\\\/logo\\\/image\\\/\"},\"sameAs\":[\"https:\\\/\\\/www.facebook.com\\\/AurenArg\\\/\",\"https:\\\/\\\/x.com\\\/AUREN_Argentina\",\"https:\\\/\\\/www.linkedin.com\\\/company\\\/aurenargentina\",\"https:\\\/\\\/www.youtube.com\\\/channel\\\/UCSCseiHMECB0uMBGF9wtjSw\",\"https:\\\/\\\/www.instagram.com\\\/aurenargentina\\\/\"]}]}<\/script>\n<!-- \/ Yoast SEO plugin. -->","yoast_head_json":{"title":"Evento | Auren en las Jornadas de Inserci\u00f3n Profesional #JIP2023 - Auren Argentina","robots":{"index":"index","follow":"follow","max-snippet":"max-snippet:-1","max-image-preview":"max-image-preview:large","max-video-preview":"max-video-preview:-1"},"canonical":"https:\/\/auren.com\/ar\/noticias\/evento-auren-en-las-jornadas-de-insercion-profesional-jip2023\/","og_locale":"es_ES","og_type":"article","og_title":"Evento | Auren en las Jornadas de Inserci\u00f3n Profesional #JIP2023 - Auren Argentina","og_description":"Los pasados 23 y 24 de agosto, con modalidad presencial, se desarrollar\u00e1n las Jornadas de Inserci\u00f3n Profesional #JIP2023, bajo el lema \u201cDesaroll\u00e1 tu valor en la era de la Inteligencia [&hellip;]","og_url":"https:\/\/auren.com\/ar\/noticias\/evento-auren-en-las-jornadas-de-insercion-profesional-jip2023\/","og_site_name":"Auren Argentina","article_publisher":"https:\/\/www.facebook.com\/AurenArg\/","og_image":[{"width":1024,"height":768,"url":"https:\/\/auren.com\/ar\/wp-content\/uploads\/2023\/09\/WhatsApp-Image-2023-08-23-at-17.06.18-2.jpeg","type":"image\/jpeg"}],"twitter_card":"summary_large_image","twitter_site":"@AUREN_Argentina","twitter_misc":{"Tiempo de lectura":"1 minuto"},"schema":{"@context":"https:\/\/schema.org","@graph":[{"@type":"WebPage","@id":"https:\/\/auren.com\/ar\/noticias\/evento-auren-en-las-jornadas-de-insercion-profesional-jip2023\/","url":"https:\/\/auren.com\/ar\/noticias\/evento-auren-en-las-jornadas-de-insercion-profesional-jip2023\/","name":"Evento | Auren en las Jornadas de Inserci\u00f3n Profesional #JIP2023 - Auren Argentina","isPartOf":{"@id":"https:\/\/auren.com\/ar\/#website"},"primaryImageOfPage":{"@id":"https:\/\/auren.com\/ar\/noticias\/evento-auren-en-las-jornadas-de-insercion-profesional-jip2023\/#primaryimage"},"image":{"@id":"https:\/\/auren.com\/ar\/noticias\/evento-auren-en-las-jornadas-de-insercion-profesional-jip2023\/#primaryimage"},"thumbnailUrl":"https:\/\/auren.com\/ar\/wp-content\/uploads\/2023\/09\/WhatsApp-Image-2023-08-23-at-17.06.18-2.jpeg","datePublished":"2023-09-07T11:00:46+00:00","breadcrumb":{"@id":"https:\/\/auren.com\/ar\/noticias\/evento-auren-en-las-jornadas-de-insercion-profesional-jip2023\/#breadcrumb"},"inLanguage":"es","potentialAction":[{"@type":"ReadAction","target":["https:\/\/auren.com\/ar\/noticias\/evento-auren-en-las-jornadas-de-insercion-profesional-jip2023\/"]}]},{"@type":"ImageObject","inLanguage":"es","@id":"https:\/\/auren.com\/ar\/noticias\/evento-auren-en-las-jornadas-de-insercion-profesional-jip2023\/#primaryimage","url":"https:\/\/auren.com\/ar\/wp-content\/uploads\/2023\/09\/WhatsApp-Image-2023-08-23-at-17.06.18-2.jpeg","contentUrl":"https:\/\/auren.com\/ar\/wp-content\/uploads\/2023\/09\/WhatsApp-Image-2023-08-23-at-17.06.18-2.jpeg","width":1024,"height":768},{"@type":"BreadcrumbList","@id":"https:\/\/auren.com\/ar\/noticias\/evento-auren-en-las-jornadas-de-insercion-profesional-jip2023\/#breadcrumb","itemListElement":[{"@type":"ListItem","position":1,"name":"Portada","item":"https:\/\/auren.com\/ar\/"},{"@type":"ListItem","position":2,"name":"Evento | Auren en las Jornadas de Inserci\u00f3n Profesional #JIP2023"}]},{"@type":"WebSite","@id":"https:\/\/auren.com\/ar\/#website","url":"https:\/\/auren.com\/ar\/","name":"Auren Argentina","description":"","publisher":{"@id":"https:\/\/auren.com\/ar\/#organization"},"potentialAction":[{"@type":"SearchAction","target":{"@type":"EntryPoint","urlTemplate":"https:\/\/auren.com\/ar\/?s={search_term_string}"},"query-input":{"@type":"PropertyValueSpecification","valueRequired":true,"valueName":"search_term_string"}}],"inLanguage":"es"},{"@type":"Organization","@id":"https:\/\/auren.com\/ar\/#organization","name":"Auren Argentina","url":"https:\/\/auren.com\/ar\/","logo":{"@type":"ImageObject","inLanguage":"es","@id":"https:\/\/auren.com\/ar\/#\/schema\/logo\/image\/","url":"https:\/\/auren.com\/ar\/wp-content\/uploads\/2025\/01\/cropped-cropped-favicon-Auren.png","contentUrl":"https:\/\/auren.com\/ar\/wp-content\/uploads\/2025\/01\/cropped-cropped-favicon-Auren.png","width":512,"height":512,"caption":"Auren Argentina"},"image":{"@id":"https:\/\/auren.com\/ar\/#\/schema\/logo\/image\/"},"sameAs":["https:\/\/www.facebook.com\/AurenArg\/","https:\/\/x.com\/AUREN_Argentina","https:\/\/www.linkedin.com\/company\/aurenargentina","https:\/\/www.youtube.com\/channel\/UCSCseiHMECB0uMBGF9wtjSw","https:\/\/www.instagram.com\/aurenargentina\/"]}]}},"_links":{"self":[{"href":"https:\/\/auren.com\/ar\/wp-json\/wp\/v2\/new\/13646","targetHints":{"allow":["GET"]}}],"collection":[{"href":"https:\/\/auren.com\/ar\/wp-json\/wp\/v2\/new"}],"about":[{"href":"https:\/\/auren.com\/ar\/wp-json\/wp\/v2\/types\/new"}],"version-history":[{"count":0,"href":"https:\/\/auren.com\/ar\/wp-json\/wp\/v2\/new\/13646\/revisions"}],"wp:featuredmedia":[{"embeddable":true,"href":"https:\/\/auren.com\/ar\/wp-json\/wp\/v2\/media\/13650"}],"wp:attachment":[{"href":"https:\/\/auren.com\/ar\/wp-json\/wp\/v2\/media?parent=13646"}],"wp:term":[{"taxonomy":"new-category","embeddable":true,"href":"https:\/\/auren.com\/ar\/wp-json\/wp\/v2\/new-category?post=13646"}],"curies":[{"name":"wp","href":"https:\/\/api.w.org\/{rel}","templated":true}]}}