{"id":13653,"date":"2023-09-06T12:16:50","date_gmt":"2023-09-06T10:16:50","guid":{"rendered":"https:\/\/auren.com\/ar\/new\/prensa-encuentro-de-impuestos-idea-especialistas-analizaron-el-desafio-de-generar-un-sistema-tributario-mas-previsible-la-5-pata-31-8-2023\/"},"modified":"2023-09-06T12:16:50","modified_gmt":"2023-09-06T10:16:50","slug":"prensa-encuentro-de-impuestos-idea-especialistas-analizaron-el-desafio-de-generar-un-sistema-tributario-mas-previsible-la-5-pata-31-8-2023","status":"publish","type":"new","link":"https:\/\/auren.com\/ar\/noticias\/prensa-encuentro-de-impuestos-idea-especialistas-analizaron-el-desafio-de-generar-un-sistema-tributario-mas-previsible-la-5-pata-31-8-2023\/","title":{"rendered":"Prensa | Encuentro de Impuestos IDEA: especialistas analizaron el desaf\u00edo de generar un sistema tributario m\u00e1s previsible (La 5\u00b0 Pata 31.8.2023)"},"content":{"rendered":"<h2 class=\"wp-block-heading\"><em>Con m\u00e1s de 280 asistentes se realiz\u00f3 una nueva edici\u00f3n del tradicional evento. Tributaristas y referentes del sector evaluaron las tendencias locales e internacionales y aportaron ideas para construir un esquema que potencie oportunidades y contribuya al desarrollo del pa\u00eds<\/em>.<\/h2>\n<p>En un escenario atravesado por el a\u00f1o electoral, se realiz\u00f3 la edici\u00f3n n\u00famero 16 del Encuentro Anual de Impuestos de IDEA, donde se abordaron tanto los desaf\u00edos que se presentan d\u00eda a d\u00eda en materia impositiva como propuestas para sentar las bases de un esquema tributario que genere previsibilidad, potencie oportunidades y contribuya al desarrollo sostenible del pa\u00eds.<\/p>\n<p>Bajo el lema&nbsp;<em>\u201cAportes tributarios para construir un pa\u00eds con futuro\u201d<\/em>, m\u00e1s de 280 personas participaron el jueves 24 de agosto del tradicional encuentro que tuvo lugar en el Sheraton Buenos Aires Hotel &amp; Convention Center, organizado por la Red de Profesionales de Impuestos de IDEA con la presencia de referentes empresarios y especialistas en temas tributarios.<\/p>\n<p>\u201cFue una edici\u00f3n desafiante en medio de un a\u00f1o electoral. Con esa premisa, nos propusimos abordar los desaf\u00edos cotidianos pero con una visi\u00f3n de futuro. Es necesario tender puentes para que otros los crucen. Tenemos que hacer aportes para tener una continuidad y previsibilidad en materia econ\u00f3mica y tributaria\u201d, expres\u00f3\u00a0<strong>Mariela Compagnucci<\/strong>, l\u00edder de la Red de Impuestos de IDEA y Gerente de Impuestos en Ledesma.<\/p>\n<p>&#8230;.<\/p>\n<p>En el panel \u201cIA + RPA = El futuro del profesional tributarista\u201d,\u00a0<strong><a href=\"https:\/\/www.linkedin.com\/in\/gabrielhermida\/\">Gabriel Hermida<\/a><\/strong>, socio de <a href=\"https:\/\/www.auren.site\/impuestos\">Impuestos <\/a>de <a href=\"https:\/\/auren.com\/ar\/\">Auren Argentina<\/a> y co-l\u00edder de Impuestos <a href=\"https:\/\/www.aurenenlatinoamerica.com\/\">Latinoam\u00e9rica en Auren<\/a>, y\u00a0<strong>Christian Fuci\u00f1os<\/strong>, socio de Impuestos Internacionales en Deloitte, anticiparon el impacto de la inteligencia artificial en la actividad impositiva.<\/p>\n<p>Leer la nota completa en <a href=\"https:\/\/la5pata.com\/2023\/08\/29\/en-el-encuentro-de-impuestos-de-idea-especialistas-analizaron-el-desafio-de-generar-un-sistema-tributario-mas-previsible\/\">La Quinta Pata<\/a><\/p>\n<p><!-- AddThis Advanced Settings generic via filter on the_content --><!-- AddThis Share Buttons generic via filter on the_content --><\/p>\n","protected":false},"excerpt":{"rendered":"<p>Con m\u00e1s de 280 asistentes se realiz\u00f3 una nueva edici\u00f3n del tradicional evento. Tributaristas y referentes del sector evaluaron las tendencias locales e internacionales y aportaron ideas para construir un [&hellip;]<\/p>\n","protected":false},"featured_media":13654,"template":"","meta":{"_acf_changed":false,"footnotes":""},"new-category":[],"class_list":["post-13653","new","type-new","status-publish","has-post-thumbnail","hentry"],"acf":[],"yoast_head":"<!-- This site is optimized with the Yoast SEO plugin v27.5 - https:\/\/yoast.com\/product\/yoast-seo-wordpress\/ -->\n<title>Prensa | Encuentro de Impuestos IDEA: especialistas analizaron el desaf\u00edo de generar un sistema tributario m\u00e1s previsible (La 5\u00b0 Pata 31.8.2023) - Auren Argentina<\/title>\n<meta name=\"description\" content=\"En el Encuentro de Impuestos de IDEA especialistas analizaron el desaf\u00edo de generar un sistema tributario m\u00e1s previsible.\" \/>\n<meta name=\"robots\" content=\"index, follow, max-snippet:-1, max-image-preview:large, max-video-preview:-1\" \/>\n<link rel=\"canonical\" href=\"https:\/\/auren.com\/ar\/noticias\/prensa-encuentro-de-impuestos-idea-especialistas-analizaron-el-desafio-de-generar-un-sistema-tributario-mas-previsible-la-5-pata-31-8-2023\/\" \/>\n<meta property=\"og:locale\" content=\"es_ES\" \/>\n<meta property=\"og:type\" content=\"article\" \/>\n<meta property=\"og:title\" content=\"Prensa | Encuentro de Impuestos IDEA: especialistas analizaron el desaf\u00edo de generar un sistema tributario m\u00e1s previsible (La 5\u00b0 Pata 31.8.2023) - Auren Argentina\" \/>\n<meta property=\"og:description\" content=\"En el Encuentro de Impuestos de IDEA especialistas analizaron el desaf\u00edo de generar un sistema tributario m\u00e1s previsible.\" \/>\n<meta property=\"og:url\" content=\"https:\/\/auren.com\/ar\/noticias\/prensa-encuentro-de-impuestos-idea-especialistas-analizaron-el-desafio-de-generar-un-sistema-tributario-mas-previsible-la-5-pata-31-8-2023\/\" \/>\n<meta property=\"og:site_name\" content=\"Auren Argentina\" \/>\n<meta property=\"article:publisher\" content=\"https:\/\/www.facebook.com\/AurenArg\/\" \/>\n<meta property=\"og:image\" content=\"https:\/\/auren.com\/ar\/wp-content\/uploads\/2023\/09\/IMAGEN-1-2.png\" \/>\n\t<meta property=\"og:image:width\" content=\"561\" \/>\n\t<meta property=\"og:image:height\" content=\"388\" \/>\n\t<meta property=\"og:image:type\" content=\"image\/png\" \/>\n<meta name=\"twitter:card\" content=\"summary_large_image\" \/>\n<meta name=\"twitter:site\" content=\"@AUREN_Argentina\" \/>\n<meta name=\"twitter:label1\" content=\"Tiempo de lectura\" \/>\n\t<meta name=\"twitter:data1\" content=\"1 minuto\" \/>\n<script type=\"application\/ld+json\" class=\"yoast-schema-graph\">{\"@context\":\"https:\\\/\\\/schema.org\",\"@graph\":[{\"@type\":\"WebPage\",\"@id\":\"https:\\\/\\\/auren.com\\\/ar\\\/noticias\\\/prensa-encuentro-de-impuestos-idea-especialistas-analizaron-el-desafio-de-generar-un-sistema-tributario-mas-previsible-la-5-pata-31-8-2023\\\/\",\"url\":\"https:\\\/\\\/auren.com\\\/ar\\\/noticias\\\/prensa-encuentro-de-impuestos-idea-especialistas-analizaron-el-desafio-de-generar-un-sistema-tributario-mas-previsible-la-5-pata-31-8-2023\\\/\",\"name\":\"Prensa | Encuentro de Impuestos IDEA: especialistas analizaron el desaf\u00edo de generar un sistema tributario m\u00e1s previsible (La 5\u00b0 Pata 31.8.2023) - Auren Argentina\",\"isPartOf\":{\"@id\":\"https:\\\/\\\/auren.com\\\/ar\\\/#website\"},\"primaryImageOfPage\":{\"@id\":\"https:\\\/\\\/auren.com\\\/ar\\\/noticias\\\/prensa-encuentro-de-impuestos-idea-especialistas-analizaron-el-desafio-de-generar-un-sistema-tributario-mas-previsible-la-5-pata-31-8-2023\\\/#primaryimage\"},\"image\":{\"@id\":\"https:\\\/\\\/auren.com\\\/ar\\\/noticias\\\/prensa-encuentro-de-impuestos-idea-especialistas-analizaron-el-desafio-de-generar-un-sistema-tributario-mas-previsible-la-5-pata-31-8-2023\\\/#primaryimage\"},\"thumbnailUrl\":\"https:\\\/\\\/auren.com\\\/ar\\\/wp-content\\\/uploads\\\/2023\\\/09\\\/IMAGEN-1-2.png\",\"datePublished\":\"2023-09-06T10:16:50+00:00\",\"description\":\"En el Encuentro de Impuestos de IDEA especialistas analizaron el desaf\u00edo de generar un sistema tributario m\u00e1s previsible.\",\"breadcrumb\":{\"@id\":\"https:\\\/\\\/auren.com\\\/ar\\\/noticias\\\/prensa-encuentro-de-impuestos-idea-especialistas-analizaron-el-desafio-de-generar-un-sistema-tributario-mas-previsible-la-5-pata-31-8-2023\\\/#breadcrumb\"},\"inLanguage\":\"es\",\"potentialAction\":[{\"@type\":\"ReadAction\",\"target\":[\"https:\\\/\\\/auren.com\\\/ar\\\/noticias\\\/prensa-encuentro-de-impuestos-idea-especialistas-analizaron-el-desafio-de-generar-un-sistema-tributario-mas-previsible-la-5-pata-31-8-2023\\\/\"]}]},{\"@type\":\"ImageObject\",\"inLanguage\":\"es\",\"@id\":\"https:\\\/\\\/auren.com\\\/ar\\\/noticias\\\/prensa-encuentro-de-impuestos-idea-especialistas-analizaron-el-desafio-de-generar-un-sistema-tributario-mas-previsible-la-5-pata-31-8-2023\\\/#primaryimage\",\"url\":\"https:\\\/\\\/auren.com\\\/ar\\\/wp-content\\\/uploads\\\/2023\\\/09\\\/IMAGEN-1-2.png\",\"contentUrl\":\"https:\\\/\\\/auren.com\\\/ar\\\/wp-content\\\/uploads\\\/2023\\\/09\\\/IMAGEN-1-2.png\",\"width\":561,\"height\":388},{\"@type\":\"BreadcrumbList\",\"@id\":\"https:\\\/\\\/auren.com\\\/ar\\\/noticias\\\/prensa-encuentro-de-impuestos-idea-especialistas-analizaron-el-desafio-de-generar-un-sistema-tributario-mas-previsible-la-5-pata-31-8-2023\\\/#breadcrumb\",\"itemListElement\":[{\"@type\":\"ListItem\",\"position\":1,\"name\":\"Portada\",\"item\":\"https:\\\/\\\/auren.com\\\/ar\\\/\"},{\"@type\":\"ListItem\",\"position\":2,\"name\":\"Prensa | Encuentro de Impuestos IDEA: especialistas analizaron el desaf\u00edo de generar un sistema tributario m\u00e1s previsible (La 5\u00b0 Pata 31.8.2023)\"}]},{\"@type\":\"WebSite\",\"@id\":\"https:\\\/\\\/auren.com\\\/ar\\\/#website\",\"url\":\"https:\\\/\\\/auren.com\\\/ar\\\/\",\"name\":\"Auren Argentina\",\"description\":\"\",\"publisher\":{\"@id\":\"https:\\\/\\\/auren.com\\\/ar\\\/#organization\"},\"potentialAction\":[{\"@type\":\"SearchAction\",\"target\":{\"@type\":\"EntryPoint\",\"urlTemplate\":\"https:\\\/\\\/auren.com\\\/ar\\\/?s={search_term_string}\"},\"query-input\":{\"@type\":\"PropertyValueSpecification\",\"valueRequired\":true,\"valueName\":\"search_term_string\"}}],\"inLanguage\":\"es\"},{\"@type\":\"Organization\",\"@id\":\"https:\\\/\\\/auren.com\\\/ar\\\/#organization\",\"name\":\"Auren Argentina\",\"url\":\"https:\\\/\\\/auren.com\\\/ar\\\/\",\"logo\":{\"@type\":\"ImageObject\",\"inLanguage\":\"es\",\"@id\":\"https:\\\/\\\/auren.com\\\/ar\\\/#\\\/schema\\\/logo\\\/image\\\/\",\"url\":\"https:\\\/\\\/auren.com\\\/ar\\\/wp-content\\\/uploads\\\/2025\\\/01\\\/cropped-cropped-favicon-Auren.png\",\"contentUrl\":\"https:\\\/\\\/auren.com\\\/ar\\\/wp-content\\\/uploads\\\/2025\\\/01\\\/cropped-cropped-favicon-Auren.png\",\"width\":512,\"height\":512,\"caption\":\"Auren Argentina\"},\"image\":{\"@id\":\"https:\\\/\\\/auren.com\\\/ar\\\/#\\\/schema\\\/logo\\\/image\\\/\"},\"sameAs\":[\"https:\\\/\\\/www.facebook.com\\\/AurenArg\\\/\",\"https:\\\/\\\/x.com\\\/AUREN_Argentina\",\"https:\\\/\\\/www.linkedin.com\\\/company\\\/aurenargentina\",\"https:\\\/\\\/www.youtube.com\\\/channel\\\/UCSCseiHMECB0uMBGF9wtjSw\",\"https:\\\/\\\/www.instagram.com\\\/aurenargentina\\\/\"]}]}<\/script>\n<!-- \/ Yoast SEO plugin. -->","yoast_head_json":{"title":"Prensa | Encuentro de Impuestos IDEA: especialistas analizaron el desaf\u00edo de generar un sistema tributario m\u00e1s previsible (La 5\u00b0 Pata 31.8.2023) - Auren Argentina","description":"En el Encuentro de Impuestos de IDEA especialistas analizaron el desaf\u00edo de generar un sistema tributario m\u00e1s previsible.","robots":{"index":"index","follow":"follow","max-snippet":"max-snippet:-1","max-image-preview":"max-image-preview:large","max-video-preview":"max-video-preview:-1"},"canonical":"https:\/\/auren.com\/ar\/noticias\/prensa-encuentro-de-impuestos-idea-especialistas-analizaron-el-desafio-de-generar-un-sistema-tributario-mas-previsible-la-5-pata-31-8-2023\/","og_locale":"es_ES","og_type":"article","og_title":"Prensa | Encuentro de Impuestos IDEA: especialistas analizaron el desaf\u00edo de generar un sistema tributario m\u00e1s previsible (La 5\u00b0 Pata 31.8.2023) - Auren Argentina","og_description":"En el Encuentro de Impuestos de IDEA especialistas analizaron el desaf\u00edo de generar un sistema tributario m\u00e1s previsible.","og_url":"https:\/\/auren.com\/ar\/noticias\/prensa-encuentro-de-impuestos-idea-especialistas-analizaron-el-desafio-de-generar-un-sistema-tributario-mas-previsible-la-5-pata-31-8-2023\/","og_site_name":"Auren Argentina","article_publisher":"https:\/\/www.facebook.com\/AurenArg\/","og_image":[{"width":561,"height":388,"url":"https:\/\/auren.com\/ar\/wp-content\/uploads\/2023\/09\/IMAGEN-1-2.png","type":"image\/png"}],"twitter_card":"summary_large_image","twitter_site":"@AUREN_Argentina","twitter_misc":{"Tiempo de lectura":"1 minuto"},"schema":{"@context":"https:\/\/schema.org","@graph":[{"@type":"WebPage","@id":"https:\/\/auren.com\/ar\/noticias\/prensa-encuentro-de-impuestos-idea-especialistas-analizaron-el-desafio-de-generar-un-sistema-tributario-mas-previsible-la-5-pata-31-8-2023\/","url":"https:\/\/auren.com\/ar\/noticias\/prensa-encuentro-de-impuestos-idea-especialistas-analizaron-el-desafio-de-generar-un-sistema-tributario-mas-previsible-la-5-pata-31-8-2023\/","name":"Prensa | Encuentro de Impuestos IDEA: especialistas analizaron el desaf\u00edo de generar un sistema tributario m\u00e1s previsible (La 5\u00b0 Pata 31.8.2023) - Auren Argentina","isPartOf":{"@id":"https:\/\/auren.com\/ar\/#website"},"primaryImageOfPage":{"@id":"https:\/\/auren.com\/ar\/noticias\/prensa-encuentro-de-impuestos-idea-especialistas-analizaron-el-desafio-de-generar-un-sistema-tributario-mas-previsible-la-5-pata-31-8-2023\/#primaryimage"},"image":{"@id":"https:\/\/auren.com\/ar\/noticias\/prensa-encuentro-de-impuestos-idea-especialistas-analizaron-el-desafio-de-generar-un-sistema-tributario-mas-previsible-la-5-pata-31-8-2023\/#primaryimage"},"thumbnailUrl":"https:\/\/auren.com\/ar\/wp-content\/uploads\/2023\/09\/IMAGEN-1-2.png","datePublished":"2023-09-06T10:16:50+00:00","description":"En el Encuentro de Impuestos de IDEA especialistas analizaron el desaf\u00edo de generar un sistema tributario m\u00e1s previsible.","breadcrumb":{"@id":"https:\/\/auren.com\/ar\/noticias\/prensa-encuentro-de-impuestos-idea-especialistas-analizaron-el-desafio-de-generar-un-sistema-tributario-mas-previsible-la-5-pata-31-8-2023\/#breadcrumb"},"inLanguage":"es","potentialAction":[{"@type":"ReadAction","target":["https:\/\/auren.com\/ar\/noticias\/prensa-encuentro-de-impuestos-idea-especialistas-analizaron-el-desafio-de-generar-un-sistema-tributario-mas-previsible-la-5-pata-31-8-2023\/"]}]},{"@type":"ImageObject","inLanguage":"es","@id":"https:\/\/auren.com\/ar\/noticias\/prensa-encuentro-de-impuestos-idea-especialistas-analizaron-el-desafio-de-generar-un-sistema-tributario-mas-previsible-la-5-pata-31-8-2023\/#primaryimage","url":"https:\/\/auren.com\/ar\/wp-content\/uploads\/2023\/09\/IMAGEN-1-2.png","contentUrl":"https:\/\/auren.com\/ar\/wp-content\/uploads\/2023\/09\/IMAGEN-1-2.png","width":561,"height":388},{"@type":"BreadcrumbList","@id":"https:\/\/auren.com\/ar\/noticias\/prensa-encuentro-de-impuestos-idea-especialistas-analizaron-el-desafio-de-generar-un-sistema-tributario-mas-previsible-la-5-pata-31-8-2023\/#breadcrumb","itemListElement":[{"@type":"ListItem","position":1,"name":"Portada","item":"https:\/\/auren.com\/ar\/"},{"@type":"ListItem","position":2,"name":"Prensa | Encuentro de Impuestos IDEA: especialistas analizaron el desaf\u00edo de generar un sistema tributario m\u00e1s previsible (La 5\u00b0 Pata 31.8.2023)"}]},{"@type":"WebSite","@id":"https:\/\/auren.com\/ar\/#website","url":"https:\/\/auren.com\/ar\/","name":"Auren Argentina","description":"","publisher":{"@id":"https:\/\/auren.com\/ar\/#organization"},"potentialAction":[{"@type":"SearchAction","target":{"@type":"EntryPoint","urlTemplate":"https:\/\/auren.com\/ar\/?s={search_term_string}"},"query-input":{"@type":"PropertyValueSpecification","valueRequired":true,"valueName":"search_term_string"}}],"inLanguage":"es"},{"@type":"Organization","@id":"https:\/\/auren.com\/ar\/#organization","name":"Auren Argentina","url":"https:\/\/auren.com\/ar\/","logo":{"@type":"ImageObject","inLanguage":"es","@id":"https:\/\/auren.com\/ar\/#\/schema\/logo\/image\/","url":"https:\/\/auren.com\/ar\/wp-content\/uploads\/2025\/01\/cropped-cropped-favicon-Auren.png","contentUrl":"https:\/\/auren.com\/ar\/wp-content\/uploads\/2025\/01\/cropped-cropped-favicon-Auren.png","width":512,"height":512,"caption":"Auren Argentina"},"image":{"@id":"https:\/\/auren.com\/ar\/#\/schema\/logo\/image\/"},"sameAs":["https:\/\/www.facebook.com\/AurenArg\/","https:\/\/x.com\/AUREN_Argentina","https:\/\/www.linkedin.com\/company\/aurenargentina","https:\/\/www.youtube.com\/channel\/UCSCseiHMECB0uMBGF9wtjSw","https:\/\/www.instagram.com\/aurenargentina\/"]}]}},"_links":{"self":[{"href":"https:\/\/auren.com\/ar\/wp-json\/wp\/v2\/new\/13653","targetHints":{"allow":["GET"]}}],"collection":[{"href":"https:\/\/auren.com\/ar\/wp-json\/wp\/v2\/new"}],"about":[{"href":"https:\/\/auren.com\/ar\/wp-json\/wp\/v2\/types\/new"}],"version-history":[{"count":0,"href":"https:\/\/auren.com\/ar\/wp-json\/wp\/v2\/new\/13653\/revisions"}],"wp:featuredmedia":[{"embeddable":true,"href":"https:\/\/auren.com\/ar\/wp-json\/wp\/v2\/media\/13654"}],"wp:attachment":[{"href":"https:\/\/auren.com\/ar\/wp-json\/wp\/v2\/media?parent=13653"}],"wp:term":[{"taxonomy":"new-category","embeddable":true,"href":"https:\/\/auren.com\/ar\/wp-json\/wp\/v2\/new-category?post=13653"}],"curies":[{"name":"wp","href":"https:\/\/api.w.org\/{rel}","templated":true}]}}