{"id":13657,"date":"2023-09-05T08:58:13","date_gmt":"2023-09-05T06:58:13","guid":{"rendered":"https:\/\/auren.com\/ar\/new\/prensa-idea-tras-un-sistema-tributario-previsible-mercado-31-8-2023\/"},"modified":"2023-09-05T08:58:13","modified_gmt":"2023-09-05T06:58:13","slug":"prensa-idea-tras-un-sistema-tributario-previsible-mercado-31-8-2023","status":"publish","type":"new","link":"https:\/\/auren.com\/ar\/noticias\/prensa-idea-tras-un-sistema-tributario-previsible-mercado-31-8-2023\/","title":{"rendered":"Prensa| IDEA, tras un sistema tributario previsible (Mercado 31.8.2023)"},"content":{"rendered":"<p>Con m\u00e1s de 280 asistentes se realiz\u00f3 una nueva edici\u00f3n del tradicional evento. Tributaristas y referentes del sector evaluaron las tendencias locales e internacionales y aportaron ideas para construir un esquema que potencie oportunidades y contribuya al desarrollo del pa\u00eds.<\/p>\n<p>En un escenario atravesado por el a\u00f1o electoral, se realiz\u00f3 la edici\u00f3n n\u00famero 16 del Encuentro Anual de Impuestos de IDEA, donde se abordaron tanto los desaf\u00edos que se presentan d\u00eda a d\u00eda en materia impositiva como propuestas para sentar las bases de un esquema tributario que genere previsibilidad, potencie oportunidades y contribuya al desarrollo sostenible del pa\u00eds.<\/p>\n<p>Bajo el lema\u00a0<em>\u201cAportes tributarios para construir un pa\u00eds con futuro\u201d<\/em>, m\u00e1s de 280 personas participaron el jueves 24 de agosto del tradicional encuentro que tuvo lugar en el Sheraton Buenos Aires Hotel &amp; Convention Center, organizado por la Red de Profesionales de Impuestos de IDEA con la presencia de referentes empresarios y especialistas en temas tributarios.<\/p>\n<p>&#8230;<\/p>\n<p>En el panel \u201cIA + RPA = El futuro del profesional tributarista\u201d, <a href=\"https:\/\/www.linkedin.com\/in\/gabrielhermida\/\">Gabriel Hermida<\/a>, socio de <a href=\"https:\/\/www.auren.site\/impuestos\">Impuestos<\/a> Argentina y co-l\u00edder de Impuestos Latinoam\u00e9rica en <a href=\"https:\/\/auren.com\/ar\/\">Auren<\/a>, y Christian Fuci\u00f1os, socio de Impuestos Internacionales en Deloitte, anticiparon el impacto de la inteligencia artificial en la actividad impositiva.<\/p>\n<p>Leer la nota completa en <a href=\"https:\/\/mercado.com.ar\/economia-y-politica\/idea-tras-un-sistema-tributario-mas-previsible\/\">Revista Mercado<\/a><\/p>\n<p><!-- AddThis Advanced Settings generic via filter on the_content --><!-- AddThis Share Buttons generic via filter on the_content --><\/p>\n","protected":false},"excerpt":{"rendered":"<p>Con m\u00e1s de 280 asistentes se realiz\u00f3 una nueva edici\u00f3n del tradicional evento. Tributaristas y referentes del sector evaluaron las tendencias locales e internacionales y aportaron ideas para construir un [&hellip;]<\/p>\n","protected":false},"featured_media":13658,"template":"","meta":{"_acf_changed":false,"footnotes":""},"new-category":[],"class_list":["post-13657","new","type-new","status-publish","has-post-thumbnail","hentry"],"acf":[],"yoast_head":"<!-- This site is optimized with the Yoast SEO plugin v27.5 - https:\/\/yoast.com\/product\/yoast-seo-wordpress\/ -->\n<title>Prensa| IDEA, tras un sistema tributario previsible (Mercado 31.8.2023) - Auren Argentina<\/title>\n<meta name=\"description\" content=\"Un sistema tributario previsible. Auren Argentina en Encuentro de Impuestos de IDEA sobre &quot;IA+RPA= el futuro del profesional tributarista&quot;\" \/>\n<meta name=\"robots\" content=\"index, follow, max-snippet:-1, max-image-preview:large, max-video-preview:-1\" \/>\n<link rel=\"canonical\" href=\"https:\/\/auren.com\/ar\/noticias\/prensa-idea-tras-un-sistema-tributario-previsible-mercado-31-8-2023\/\" \/>\n<meta property=\"og:locale\" content=\"es_ES\" \/>\n<meta property=\"og:type\" content=\"article\" \/>\n<meta property=\"og:title\" content=\"Prensa| IDEA, tras un sistema tributario previsible (Mercado 31.8.2023) - Auren Argentina\" \/>\n<meta property=\"og:description\" content=\"Un sistema tributario previsible. Auren Argentina en Encuentro de Impuestos de IDEA sobre &quot;IA+RPA= el futuro del profesional tributarista&quot;\" \/>\n<meta property=\"og:url\" content=\"https:\/\/auren.com\/ar\/noticias\/prensa-idea-tras-un-sistema-tributario-previsible-mercado-31-8-2023\/\" \/>\n<meta property=\"og:site_name\" content=\"Auren Argentina\" \/>\n<meta property=\"article:publisher\" content=\"https:\/\/www.facebook.com\/AurenArg\/\" \/>\n<meta property=\"og:image\" content=\"https:\/\/auren.com\/ar\/wp-content\/uploads\/2023\/09\/IMAGEN-4.png\" \/>\n\t<meta property=\"og:image:width\" content=\"364\" \/>\n\t<meta property=\"og:image:height\" content=\"367\" \/>\n\t<meta property=\"og:image:type\" content=\"image\/png\" \/>\n<meta name=\"twitter:card\" content=\"summary_large_image\" \/>\n<meta name=\"twitter:site\" content=\"@AUREN_Argentina\" \/>\n<meta name=\"twitter:label1\" content=\"Tiempo de lectura\" \/>\n\t<meta name=\"twitter:data1\" content=\"1 minuto\" \/>\n<script type=\"application\/ld+json\" class=\"yoast-schema-graph\">{\"@context\":\"https:\\\/\\\/schema.org\",\"@graph\":[{\"@type\":\"WebPage\",\"@id\":\"https:\\\/\\\/auren.com\\\/ar\\\/noticias\\\/prensa-idea-tras-un-sistema-tributario-previsible-mercado-31-8-2023\\\/\",\"url\":\"https:\\\/\\\/auren.com\\\/ar\\\/noticias\\\/prensa-idea-tras-un-sistema-tributario-previsible-mercado-31-8-2023\\\/\",\"name\":\"Prensa| IDEA, tras un sistema tributario previsible (Mercado 31.8.2023) - Auren Argentina\",\"isPartOf\":{\"@id\":\"https:\\\/\\\/auren.com\\\/ar\\\/#website\"},\"primaryImageOfPage\":{\"@id\":\"https:\\\/\\\/auren.com\\\/ar\\\/noticias\\\/prensa-idea-tras-un-sistema-tributario-previsible-mercado-31-8-2023\\\/#primaryimage\"},\"image\":{\"@id\":\"https:\\\/\\\/auren.com\\\/ar\\\/noticias\\\/prensa-idea-tras-un-sistema-tributario-previsible-mercado-31-8-2023\\\/#primaryimage\"},\"thumbnailUrl\":\"https:\\\/\\\/auren.com\\\/ar\\\/wp-content\\\/uploads\\\/2023\\\/09\\\/IMAGEN-4.png\",\"datePublished\":\"2023-09-05T06:58:13+00:00\",\"description\":\"Un sistema tributario previsible. Auren Argentina en Encuentro de Impuestos de IDEA sobre \\\"IA+RPA= el futuro del profesional tributarista\\\"\",\"breadcrumb\":{\"@id\":\"https:\\\/\\\/auren.com\\\/ar\\\/noticias\\\/prensa-idea-tras-un-sistema-tributario-previsible-mercado-31-8-2023\\\/#breadcrumb\"},\"inLanguage\":\"es\",\"potentialAction\":[{\"@type\":\"ReadAction\",\"target\":[\"https:\\\/\\\/auren.com\\\/ar\\\/noticias\\\/prensa-idea-tras-un-sistema-tributario-previsible-mercado-31-8-2023\\\/\"]}]},{\"@type\":\"ImageObject\",\"inLanguage\":\"es\",\"@id\":\"https:\\\/\\\/auren.com\\\/ar\\\/noticias\\\/prensa-idea-tras-un-sistema-tributario-previsible-mercado-31-8-2023\\\/#primaryimage\",\"url\":\"https:\\\/\\\/auren.com\\\/ar\\\/wp-content\\\/uploads\\\/2023\\\/09\\\/IMAGEN-4.png\",\"contentUrl\":\"https:\\\/\\\/auren.com\\\/ar\\\/wp-content\\\/uploads\\\/2023\\\/09\\\/IMAGEN-4.png\",\"width\":364,\"height\":367},{\"@type\":\"BreadcrumbList\",\"@id\":\"https:\\\/\\\/auren.com\\\/ar\\\/noticias\\\/prensa-idea-tras-un-sistema-tributario-previsible-mercado-31-8-2023\\\/#breadcrumb\",\"itemListElement\":[{\"@type\":\"ListItem\",\"position\":1,\"name\":\"Portada\",\"item\":\"https:\\\/\\\/auren.com\\\/ar\\\/\"},{\"@type\":\"ListItem\",\"position\":2,\"name\":\"Prensa| IDEA, tras un sistema tributario previsible (Mercado 31.8.2023)\"}]},{\"@type\":\"WebSite\",\"@id\":\"https:\\\/\\\/auren.com\\\/ar\\\/#website\",\"url\":\"https:\\\/\\\/auren.com\\\/ar\\\/\",\"name\":\"Auren Argentina\",\"description\":\"\",\"publisher\":{\"@id\":\"https:\\\/\\\/auren.com\\\/ar\\\/#organization\"},\"potentialAction\":[{\"@type\":\"SearchAction\",\"target\":{\"@type\":\"EntryPoint\",\"urlTemplate\":\"https:\\\/\\\/auren.com\\\/ar\\\/?s={search_term_string}\"},\"query-input\":{\"@type\":\"PropertyValueSpecification\",\"valueRequired\":true,\"valueName\":\"search_term_string\"}}],\"inLanguage\":\"es\"},{\"@type\":\"Organization\",\"@id\":\"https:\\\/\\\/auren.com\\\/ar\\\/#organization\",\"name\":\"Auren Argentina\",\"url\":\"https:\\\/\\\/auren.com\\\/ar\\\/\",\"logo\":{\"@type\":\"ImageObject\",\"inLanguage\":\"es\",\"@id\":\"https:\\\/\\\/auren.com\\\/ar\\\/#\\\/schema\\\/logo\\\/image\\\/\",\"url\":\"https:\\\/\\\/auren.com\\\/ar\\\/wp-content\\\/uploads\\\/2025\\\/01\\\/cropped-cropped-favicon-Auren.png\",\"contentUrl\":\"https:\\\/\\\/auren.com\\\/ar\\\/wp-content\\\/uploads\\\/2025\\\/01\\\/cropped-cropped-favicon-Auren.png\",\"width\":512,\"height\":512,\"caption\":\"Auren Argentina\"},\"image\":{\"@id\":\"https:\\\/\\\/auren.com\\\/ar\\\/#\\\/schema\\\/logo\\\/image\\\/\"},\"sameAs\":[\"https:\\\/\\\/www.facebook.com\\\/AurenArg\\\/\",\"https:\\\/\\\/x.com\\\/AUREN_Argentina\",\"https:\\\/\\\/www.linkedin.com\\\/company\\\/aurenargentina\",\"https:\\\/\\\/www.youtube.com\\\/channel\\\/UCSCseiHMECB0uMBGF9wtjSw\",\"https:\\\/\\\/www.instagram.com\\\/aurenargentina\\\/\"]}]}<\/script>\n<!-- \/ Yoast SEO plugin. -->","yoast_head_json":{"title":"Prensa| IDEA, tras un sistema tributario previsible (Mercado 31.8.2023) - Auren Argentina","description":"Un sistema tributario previsible. Auren Argentina en Encuentro de Impuestos de IDEA sobre \"IA+RPA= el futuro del profesional tributarista\"","robots":{"index":"index","follow":"follow","max-snippet":"max-snippet:-1","max-image-preview":"max-image-preview:large","max-video-preview":"max-video-preview:-1"},"canonical":"https:\/\/auren.com\/ar\/noticias\/prensa-idea-tras-un-sistema-tributario-previsible-mercado-31-8-2023\/","og_locale":"es_ES","og_type":"article","og_title":"Prensa| IDEA, tras un sistema tributario previsible (Mercado 31.8.2023) - Auren Argentina","og_description":"Un sistema tributario previsible. Auren Argentina en Encuentro de Impuestos de IDEA sobre \"IA+RPA= el futuro del profesional tributarista\"","og_url":"https:\/\/auren.com\/ar\/noticias\/prensa-idea-tras-un-sistema-tributario-previsible-mercado-31-8-2023\/","og_site_name":"Auren Argentina","article_publisher":"https:\/\/www.facebook.com\/AurenArg\/","og_image":[{"width":364,"height":367,"url":"https:\/\/auren.com\/ar\/wp-content\/uploads\/2023\/09\/IMAGEN-4.png","type":"image\/png"}],"twitter_card":"summary_large_image","twitter_site":"@AUREN_Argentina","twitter_misc":{"Tiempo de lectura":"1 minuto"},"schema":{"@context":"https:\/\/schema.org","@graph":[{"@type":"WebPage","@id":"https:\/\/auren.com\/ar\/noticias\/prensa-idea-tras-un-sistema-tributario-previsible-mercado-31-8-2023\/","url":"https:\/\/auren.com\/ar\/noticias\/prensa-idea-tras-un-sistema-tributario-previsible-mercado-31-8-2023\/","name":"Prensa| IDEA, tras un sistema tributario previsible (Mercado 31.8.2023) - Auren Argentina","isPartOf":{"@id":"https:\/\/auren.com\/ar\/#website"},"primaryImageOfPage":{"@id":"https:\/\/auren.com\/ar\/noticias\/prensa-idea-tras-un-sistema-tributario-previsible-mercado-31-8-2023\/#primaryimage"},"image":{"@id":"https:\/\/auren.com\/ar\/noticias\/prensa-idea-tras-un-sistema-tributario-previsible-mercado-31-8-2023\/#primaryimage"},"thumbnailUrl":"https:\/\/auren.com\/ar\/wp-content\/uploads\/2023\/09\/IMAGEN-4.png","datePublished":"2023-09-05T06:58:13+00:00","description":"Un sistema tributario previsible. Auren Argentina en Encuentro de Impuestos de IDEA sobre \"IA+RPA= el futuro del profesional tributarista\"","breadcrumb":{"@id":"https:\/\/auren.com\/ar\/noticias\/prensa-idea-tras-un-sistema-tributario-previsible-mercado-31-8-2023\/#breadcrumb"},"inLanguage":"es","potentialAction":[{"@type":"ReadAction","target":["https:\/\/auren.com\/ar\/noticias\/prensa-idea-tras-un-sistema-tributario-previsible-mercado-31-8-2023\/"]}]},{"@type":"ImageObject","inLanguage":"es","@id":"https:\/\/auren.com\/ar\/noticias\/prensa-idea-tras-un-sistema-tributario-previsible-mercado-31-8-2023\/#primaryimage","url":"https:\/\/auren.com\/ar\/wp-content\/uploads\/2023\/09\/IMAGEN-4.png","contentUrl":"https:\/\/auren.com\/ar\/wp-content\/uploads\/2023\/09\/IMAGEN-4.png","width":364,"height":367},{"@type":"BreadcrumbList","@id":"https:\/\/auren.com\/ar\/noticias\/prensa-idea-tras-un-sistema-tributario-previsible-mercado-31-8-2023\/#breadcrumb","itemListElement":[{"@type":"ListItem","position":1,"name":"Portada","item":"https:\/\/auren.com\/ar\/"},{"@type":"ListItem","position":2,"name":"Prensa| IDEA, tras un sistema tributario previsible (Mercado 31.8.2023)"}]},{"@type":"WebSite","@id":"https:\/\/auren.com\/ar\/#website","url":"https:\/\/auren.com\/ar\/","name":"Auren Argentina","description":"","publisher":{"@id":"https:\/\/auren.com\/ar\/#organization"},"potentialAction":[{"@type":"SearchAction","target":{"@type":"EntryPoint","urlTemplate":"https:\/\/auren.com\/ar\/?s={search_term_string}"},"query-input":{"@type":"PropertyValueSpecification","valueRequired":true,"valueName":"search_term_string"}}],"inLanguage":"es"},{"@type":"Organization","@id":"https:\/\/auren.com\/ar\/#organization","name":"Auren Argentina","url":"https:\/\/auren.com\/ar\/","logo":{"@type":"ImageObject","inLanguage":"es","@id":"https:\/\/auren.com\/ar\/#\/schema\/logo\/image\/","url":"https:\/\/auren.com\/ar\/wp-content\/uploads\/2025\/01\/cropped-cropped-favicon-Auren.png","contentUrl":"https:\/\/auren.com\/ar\/wp-content\/uploads\/2025\/01\/cropped-cropped-favicon-Auren.png","width":512,"height":512,"caption":"Auren Argentina"},"image":{"@id":"https:\/\/auren.com\/ar\/#\/schema\/logo\/image\/"},"sameAs":["https:\/\/www.facebook.com\/AurenArg\/","https:\/\/x.com\/AUREN_Argentina","https:\/\/www.linkedin.com\/company\/aurenargentina","https:\/\/www.youtube.com\/channel\/UCSCseiHMECB0uMBGF9wtjSw","https:\/\/www.instagram.com\/aurenargentina\/"]}]}},"_links":{"self":[{"href":"https:\/\/auren.com\/ar\/wp-json\/wp\/v2\/new\/13657","targetHints":{"allow":["GET"]}}],"collection":[{"href":"https:\/\/auren.com\/ar\/wp-json\/wp\/v2\/new"}],"about":[{"href":"https:\/\/auren.com\/ar\/wp-json\/wp\/v2\/types\/new"}],"version-history":[{"count":0,"href":"https:\/\/auren.com\/ar\/wp-json\/wp\/v2\/new\/13657\/revisions"}],"wp:featuredmedia":[{"embeddable":true,"href":"https:\/\/auren.com\/ar\/wp-json\/wp\/v2\/media\/13658"}],"wp:attachment":[{"href":"https:\/\/auren.com\/ar\/wp-json\/wp\/v2\/media?parent=13657"}],"wp:term":[{"taxonomy":"new-category","embeddable":true,"href":"https:\/\/auren.com\/ar\/wp-json\/wp\/v2\/new-category?post=13657"}],"curies":[{"name":"wp","href":"https:\/\/api.w.org\/{rel}","templated":true}]}}