{"id":13661,"date":"2023-09-01T11:39:00","date_gmt":"2023-09-01T09:39:00","guid":{"rendered":"https:\/\/auren.com\/ar\/new\/rse-auren-presente-en-la-2-cena-recaudacion-de-fondos-ucema\/"},"modified":"2023-09-01T11:39:00","modified_gmt":"2023-09-01T09:39:00","slug":"rse-auren-presente-en-la-2-cena-recaudacion-de-fondos-ucema","status":"publish","type":"new","link":"https:\/\/auren.com\/ar\/noticias\/rse-auren-presente-en-la-2-cena-recaudacion-de-fondos-ucema\/","title":{"rendered":"RSE | Auren presente en la 2\u00b0 Cena Recaudaci\u00f3n de Fondos UCEMA"},"content":{"rendered":"<p>Por segundo a\u00f1o consecutivo, Auren acompa\u00f1\u00f3 a UCEMA en la campa\u00f1a de recaudaci\u00f3n de fondos para el fortalecimiento del programa de becas, que se realiz\u00f3 el pasado 29 de agosto en La Rural.<\/p>\n<p>El evento tuvo como prop\u00f3sito apoyar, a trav\u00e9s de las becas, a aquellos estudiantes que sue\u00f1an con alcanzar una educaci\u00f3n universitaria en un ambiente de innovaci\u00f3n y excelencia pero no cuentan con los recursos necesarios para hacerlo. <\/p>\n<p>Estuvieron presentes en la Cena <a href=\"https:\/\/www.linkedin.com\/in\/fernandotezanospinto\/\">Fernando Tezanos Pinto<\/a>, Presidente de <a href=\"https:\/\/auren.com\/ar\/\">Auren Argentina<\/a>, y Francisco Tezanos Pinto, con sus esposas.  <\/p>\n<p>La contribuci\u00f3n de Auren y el apoyo a la Universidad ayudar\u00e1 a que m\u00e1s j\u00f3venes tengan la oportunidad de obtener una educaci\u00f3n superior y forjar un futuro prometedor.<\/p>\n<figure class=\"wp-block-image size-large\"><img decoding=\"async\" width=\"768\" height=\"1024\" data-src=\"https:\/\/auren.com\/ar\/wp-content\/uploads\/migration\/2023\/09\/MicrosoftTeams-image-2-768x1024.jpg\" alt=\"\" class=\"wp-image-16896 lazyload\" data-srcset=\"https:\/\/auren.com\/ar\/wp-content\/uploads\/migration\/2023\/09\/MicrosoftTeams-image-2-768x1024.jpg 768w, https:\/\/auren.com\/ar\/wp-content\/uploads\/migration\/2023\/09\/MicrosoftTeams-image-2-225x300.jpg 225w, https:\/\/auren.com\/ar\/wp-content\/uploads\/migration\/2023\/09\/MicrosoftTeams-image-2-1152x1536.jpg 1152w, https:\/\/auren.com\/ar\/wp-content\/uploads\/migration\/2023\/09\/MicrosoftTeams-image-2.jpg 1200w\" data-sizes=\"auto, (max-width: 768px) 100vw, 768px\" src=\"data:image\/svg+xml;base64,PHN2ZyB3aWR0aD0iMSIgaGVpZ2h0PSIxIiB4bWxucz0iaHR0cDovL3d3dy53My5vcmcvMjAwMC9zdmciPjwvc3ZnPg==\" style=\"--smush-placeholder-width: 768px; --smush-placeholder-aspect-ratio: 768\/1024;\" \/><\/figure>\n<figure class=\"wp-block-image size-large\"><img decoding=\"async\" width=\"768\" height=\"1024\" data-src=\"https:\/\/auren.com\/ar\/wp-content\/uploads\/migration\/2023\/09\/MicrosoftTeams-image-4-768x1024.jpg\" alt=\"\" class=\"wp-image-16899 lazyload\" data-srcset=\"https:\/\/auren.com\/ar\/wp-content\/uploads\/migration\/2023\/09\/MicrosoftTeams-image-4-768x1024.jpg 768w, https:\/\/auren.com\/ar\/wp-content\/uploads\/migration\/2023\/09\/MicrosoftTeams-image-4-225x300.jpg 225w, https:\/\/auren.com\/ar\/wp-content\/uploads\/migration\/2023\/09\/MicrosoftTeams-image-4-1152x1536.jpg 1152w, https:\/\/auren.com\/ar\/wp-content\/uploads\/migration\/2023\/09\/MicrosoftTeams-image-4.jpg 1200w\" data-sizes=\"auto, (max-width: 768px) 100vw, 768px\" src=\"data:image\/svg+xml;base64,PHN2ZyB3aWR0aD0iMSIgaGVpZ2h0PSIxIiB4bWxucz0iaHR0cDovL3d3dy53My5vcmcvMjAwMC9zdmciPjwvc3ZnPg==\" style=\"--smush-placeholder-width: 768px; --smush-placeholder-aspect-ratio: 768\/1024;\" \/><\/figure>\n<p><!-- AddThis Advanced Settings generic via filter on the_content --><!-- AddThis Share Buttons generic via filter on the_content --><\/p>\n","protected":false},"excerpt":{"rendered":"<p>Por segundo a\u00f1o consecutivo, Auren acompa\u00f1\u00f3 a UCEMA en la campa\u00f1a de recaudaci\u00f3n de fondos para el fortalecimiento del programa de becas, que se realiz\u00f3 el pasado 29 de agosto [&hellip;]<\/p>\n","protected":false},"featured_media":13662,"template":"","meta":{"_acf_changed":false,"footnotes":""},"new-category":[],"class_list":["post-13661","new","type-new","status-publish","has-post-thumbnail","hentry"],"acf":[],"yoast_head":"<!-- This site is optimized with the Yoast SEO plugin v27.5 - https:\/\/yoast.com\/product\/yoast-seo-wordpress\/ -->\n<title>RSE | Auren presente en la 2\u00b0 Cena Recaudaci\u00f3n de Fondos UCEMA - Auren Argentina<\/title>\n<meta name=\"description\" content=\"RSE. Auren acompa\u00f1a la segunda cena de recaudaci\u00f3n de fondos de UCEMA para becas para jovenes estudiantes.\" \/>\n<meta name=\"robots\" content=\"index, follow, max-snippet:-1, max-image-preview:large, max-video-preview:-1\" \/>\n<link rel=\"canonical\" href=\"https:\/\/auren.com\/ar\/noticias\/rse-auren-presente-en-la-2-cena-recaudacion-de-fondos-ucema\/\" \/>\n<meta property=\"og:locale\" content=\"es_ES\" \/>\n<meta property=\"og:type\" content=\"article\" \/>\n<meta property=\"og:title\" content=\"RSE | Auren presente en la 2\u00b0 Cena Recaudaci\u00f3n de Fondos UCEMA - Auren Argentina\" \/>\n<meta property=\"og:description\" content=\"RSE. Auren acompa\u00f1a la segunda cena de recaudaci\u00f3n de fondos de UCEMA para becas para jovenes estudiantes.\" \/>\n<meta property=\"og:url\" content=\"https:\/\/auren.com\/ar\/noticias\/rse-auren-presente-en-la-2-cena-recaudacion-de-fondos-ucema\/\" \/>\n<meta property=\"og:site_name\" content=\"Auren Argentina\" \/>\n<meta property=\"article:publisher\" content=\"https:\/\/www.facebook.com\/AurenArg\/\" \/>\n<meta property=\"og:image\" content=\"https:\/\/auren.com\/ar\/wp-content\/uploads\/2023\/09\/FTP-UCEMA-2.jpg\" \/>\n\t<meta property=\"og:image:width\" content=\"1200\" \/>\n\t<meta property=\"og:image:height\" content=\"890\" \/>\n\t<meta property=\"og:image:type\" content=\"image\/jpeg\" \/>\n<meta name=\"twitter:card\" content=\"summary_large_image\" \/>\n<meta name=\"twitter:site\" content=\"@AUREN_Argentina\" \/>\n<meta name=\"twitter:label1\" content=\"Tiempo de lectura\" \/>\n\t<meta name=\"twitter:data1\" content=\"1 minuto\" \/>\n<script type=\"application\/ld+json\" class=\"yoast-schema-graph\">{\"@context\":\"https:\\\/\\\/schema.org\",\"@graph\":[{\"@type\":\"WebPage\",\"@id\":\"https:\\\/\\\/auren.com\\\/ar\\\/noticias\\\/rse-auren-presente-en-la-2-cena-recaudacion-de-fondos-ucema\\\/\",\"url\":\"https:\\\/\\\/auren.com\\\/ar\\\/noticias\\\/rse-auren-presente-en-la-2-cena-recaudacion-de-fondos-ucema\\\/\",\"name\":\"RSE | Auren presente en la 2\u00b0 Cena Recaudaci\u00f3n de Fondos UCEMA - Auren Argentina\",\"isPartOf\":{\"@id\":\"https:\\\/\\\/auren.com\\\/ar\\\/#website\"},\"primaryImageOfPage\":{\"@id\":\"https:\\\/\\\/auren.com\\\/ar\\\/noticias\\\/rse-auren-presente-en-la-2-cena-recaudacion-de-fondos-ucema\\\/#primaryimage\"},\"image\":{\"@id\":\"https:\\\/\\\/auren.com\\\/ar\\\/noticias\\\/rse-auren-presente-en-la-2-cena-recaudacion-de-fondos-ucema\\\/#primaryimage\"},\"thumbnailUrl\":\"https:\\\/\\\/auren.com\\\/ar\\\/wp-content\\\/uploads\\\/2023\\\/09\\\/FTP-UCEMA-2.jpg\",\"datePublished\":\"2023-09-01T09:39:00+00:00\",\"description\":\"RSE. Auren acompa\u00f1a la segunda cena de recaudaci\u00f3n de fondos de UCEMA para becas para jovenes estudiantes.\",\"breadcrumb\":{\"@id\":\"https:\\\/\\\/auren.com\\\/ar\\\/noticias\\\/rse-auren-presente-en-la-2-cena-recaudacion-de-fondos-ucema\\\/#breadcrumb\"},\"inLanguage\":\"es\",\"potentialAction\":[{\"@type\":\"ReadAction\",\"target\":[\"https:\\\/\\\/auren.com\\\/ar\\\/noticias\\\/rse-auren-presente-en-la-2-cena-recaudacion-de-fondos-ucema\\\/\"]}]},{\"@type\":\"ImageObject\",\"inLanguage\":\"es\",\"@id\":\"https:\\\/\\\/auren.com\\\/ar\\\/noticias\\\/rse-auren-presente-en-la-2-cena-recaudacion-de-fondos-ucema\\\/#primaryimage\",\"url\":\"https:\\\/\\\/auren.com\\\/ar\\\/wp-content\\\/uploads\\\/2023\\\/09\\\/FTP-UCEMA-2.jpg\",\"contentUrl\":\"https:\\\/\\\/auren.com\\\/ar\\\/wp-content\\\/uploads\\\/2023\\\/09\\\/FTP-UCEMA-2.jpg\",\"width\":1200,\"height\":890},{\"@type\":\"BreadcrumbList\",\"@id\":\"https:\\\/\\\/auren.com\\\/ar\\\/noticias\\\/rse-auren-presente-en-la-2-cena-recaudacion-de-fondos-ucema\\\/#breadcrumb\",\"itemListElement\":[{\"@type\":\"ListItem\",\"position\":1,\"name\":\"Portada\",\"item\":\"https:\\\/\\\/auren.com\\\/ar\\\/\"},{\"@type\":\"ListItem\",\"position\":2,\"name\":\"RSE | Auren presente en la 2\u00b0 Cena Recaudaci\u00f3n de Fondos UCEMA\"}]},{\"@type\":\"WebSite\",\"@id\":\"https:\\\/\\\/auren.com\\\/ar\\\/#website\",\"url\":\"https:\\\/\\\/auren.com\\\/ar\\\/\",\"name\":\"Auren Argentina\",\"description\":\"\",\"publisher\":{\"@id\":\"https:\\\/\\\/auren.com\\\/ar\\\/#organization\"},\"potentialAction\":[{\"@type\":\"SearchAction\",\"target\":{\"@type\":\"EntryPoint\",\"urlTemplate\":\"https:\\\/\\\/auren.com\\\/ar\\\/?s={search_term_string}\"},\"query-input\":{\"@type\":\"PropertyValueSpecification\",\"valueRequired\":true,\"valueName\":\"search_term_string\"}}],\"inLanguage\":\"es\"},{\"@type\":\"Organization\",\"@id\":\"https:\\\/\\\/auren.com\\\/ar\\\/#organization\",\"name\":\"Auren Argentina\",\"url\":\"https:\\\/\\\/auren.com\\\/ar\\\/\",\"logo\":{\"@type\":\"ImageObject\",\"inLanguage\":\"es\",\"@id\":\"https:\\\/\\\/auren.com\\\/ar\\\/#\\\/schema\\\/logo\\\/image\\\/\",\"url\":\"https:\\\/\\\/auren.com\\\/ar\\\/wp-content\\\/uploads\\\/2025\\\/01\\\/cropped-cropped-favicon-Auren.png\",\"contentUrl\":\"https:\\\/\\\/auren.com\\\/ar\\\/wp-content\\\/uploads\\\/2025\\\/01\\\/cropped-cropped-favicon-Auren.png\",\"width\":512,\"height\":512,\"caption\":\"Auren Argentina\"},\"image\":{\"@id\":\"https:\\\/\\\/auren.com\\\/ar\\\/#\\\/schema\\\/logo\\\/image\\\/\"},\"sameAs\":[\"https:\\\/\\\/www.facebook.com\\\/AurenArg\\\/\",\"https:\\\/\\\/x.com\\\/AUREN_Argentina\",\"https:\\\/\\\/www.linkedin.com\\\/company\\\/aurenargentina\",\"https:\\\/\\\/www.youtube.com\\\/channel\\\/UCSCseiHMECB0uMBGF9wtjSw\",\"https:\\\/\\\/www.instagram.com\\\/aurenargentina\\\/\"]}]}<\/script>\n<!-- \/ Yoast SEO plugin. -->","yoast_head_json":{"title":"RSE | Auren presente en la 2\u00b0 Cena Recaudaci\u00f3n de Fondos UCEMA - Auren Argentina","description":"RSE. Auren acompa\u00f1a la segunda cena de recaudaci\u00f3n de fondos de UCEMA para becas para jovenes estudiantes.","robots":{"index":"index","follow":"follow","max-snippet":"max-snippet:-1","max-image-preview":"max-image-preview:large","max-video-preview":"max-video-preview:-1"},"canonical":"https:\/\/auren.com\/ar\/noticias\/rse-auren-presente-en-la-2-cena-recaudacion-de-fondos-ucema\/","og_locale":"es_ES","og_type":"article","og_title":"RSE | Auren presente en la 2\u00b0 Cena Recaudaci\u00f3n de Fondos UCEMA - Auren Argentina","og_description":"RSE. Auren acompa\u00f1a la segunda cena de recaudaci\u00f3n de fondos de UCEMA para becas para jovenes estudiantes.","og_url":"https:\/\/auren.com\/ar\/noticias\/rse-auren-presente-en-la-2-cena-recaudacion-de-fondos-ucema\/","og_site_name":"Auren Argentina","article_publisher":"https:\/\/www.facebook.com\/AurenArg\/","og_image":[{"width":1200,"height":890,"url":"https:\/\/auren.com\/ar\/wp-content\/uploads\/2023\/09\/FTP-UCEMA-2.jpg","type":"image\/jpeg"}],"twitter_card":"summary_large_image","twitter_site":"@AUREN_Argentina","twitter_misc":{"Tiempo de lectura":"1 minuto"},"schema":{"@context":"https:\/\/schema.org","@graph":[{"@type":"WebPage","@id":"https:\/\/auren.com\/ar\/noticias\/rse-auren-presente-en-la-2-cena-recaudacion-de-fondos-ucema\/","url":"https:\/\/auren.com\/ar\/noticias\/rse-auren-presente-en-la-2-cena-recaudacion-de-fondos-ucema\/","name":"RSE | Auren presente en la 2\u00b0 Cena Recaudaci\u00f3n de Fondos UCEMA - Auren Argentina","isPartOf":{"@id":"https:\/\/auren.com\/ar\/#website"},"primaryImageOfPage":{"@id":"https:\/\/auren.com\/ar\/noticias\/rse-auren-presente-en-la-2-cena-recaudacion-de-fondos-ucema\/#primaryimage"},"image":{"@id":"https:\/\/auren.com\/ar\/noticias\/rse-auren-presente-en-la-2-cena-recaudacion-de-fondos-ucema\/#primaryimage"},"thumbnailUrl":"https:\/\/auren.com\/ar\/wp-content\/uploads\/2023\/09\/FTP-UCEMA-2.jpg","datePublished":"2023-09-01T09:39:00+00:00","description":"RSE. Auren acompa\u00f1a la segunda cena de recaudaci\u00f3n de fondos de UCEMA para becas para jovenes estudiantes.","breadcrumb":{"@id":"https:\/\/auren.com\/ar\/noticias\/rse-auren-presente-en-la-2-cena-recaudacion-de-fondos-ucema\/#breadcrumb"},"inLanguage":"es","potentialAction":[{"@type":"ReadAction","target":["https:\/\/auren.com\/ar\/noticias\/rse-auren-presente-en-la-2-cena-recaudacion-de-fondos-ucema\/"]}]},{"@type":"ImageObject","inLanguage":"es","@id":"https:\/\/auren.com\/ar\/noticias\/rse-auren-presente-en-la-2-cena-recaudacion-de-fondos-ucema\/#primaryimage","url":"https:\/\/auren.com\/ar\/wp-content\/uploads\/2023\/09\/FTP-UCEMA-2.jpg","contentUrl":"https:\/\/auren.com\/ar\/wp-content\/uploads\/2023\/09\/FTP-UCEMA-2.jpg","width":1200,"height":890},{"@type":"BreadcrumbList","@id":"https:\/\/auren.com\/ar\/noticias\/rse-auren-presente-en-la-2-cena-recaudacion-de-fondos-ucema\/#breadcrumb","itemListElement":[{"@type":"ListItem","position":1,"name":"Portada","item":"https:\/\/auren.com\/ar\/"},{"@type":"ListItem","position":2,"name":"RSE | Auren presente en la 2\u00b0 Cena Recaudaci\u00f3n de Fondos UCEMA"}]},{"@type":"WebSite","@id":"https:\/\/auren.com\/ar\/#website","url":"https:\/\/auren.com\/ar\/","name":"Auren Argentina","description":"","publisher":{"@id":"https:\/\/auren.com\/ar\/#organization"},"potentialAction":[{"@type":"SearchAction","target":{"@type":"EntryPoint","urlTemplate":"https:\/\/auren.com\/ar\/?s={search_term_string}"},"query-input":{"@type":"PropertyValueSpecification","valueRequired":true,"valueName":"search_term_string"}}],"inLanguage":"es"},{"@type":"Organization","@id":"https:\/\/auren.com\/ar\/#organization","name":"Auren Argentina","url":"https:\/\/auren.com\/ar\/","logo":{"@type":"ImageObject","inLanguage":"es","@id":"https:\/\/auren.com\/ar\/#\/schema\/logo\/image\/","url":"https:\/\/auren.com\/ar\/wp-content\/uploads\/2025\/01\/cropped-cropped-favicon-Auren.png","contentUrl":"https:\/\/auren.com\/ar\/wp-content\/uploads\/2025\/01\/cropped-cropped-favicon-Auren.png","width":512,"height":512,"caption":"Auren Argentina"},"image":{"@id":"https:\/\/auren.com\/ar\/#\/schema\/logo\/image\/"},"sameAs":["https:\/\/www.facebook.com\/AurenArg\/","https:\/\/x.com\/AUREN_Argentina","https:\/\/www.linkedin.com\/company\/aurenargentina","https:\/\/www.youtube.com\/channel\/UCSCseiHMECB0uMBGF9wtjSw","https:\/\/www.instagram.com\/aurenargentina\/"]}]}},"_links":{"self":[{"href":"https:\/\/auren.com\/ar\/wp-json\/wp\/v2\/new\/13661","targetHints":{"allow":["GET"]}}],"collection":[{"href":"https:\/\/auren.com\/ar\/wp-json\/wp\/v2\/new"}],"about":[{"href":"https:\/\/auren.com\/ar\/wp-json\/wp\/v2\/types\/new"}],"version-history":[{"count":0,"href":"https:\/\/auren.com\/ar\/wp-json\/wp\/v2\/new\/13661\/revisions"}],"wp:featuredmedia":[{"embeddable":true,"href":"https:\/\/auren.com\/ar\/wp-json\/wp\/v2\/media\/13662"}],"wp:attachment":[{"href":"https:\/\/auren.com\/ar\/wp-json\/wp\/v2\/media?parent=13661"}],"wp:term":[{"taxonomy":"new-category","embeddable":true,"href":"https:\/\/auren.com\/ar\/wp-json\/wp\/v2\/new-category?post=13661"}],"curies":[{"name":"wp","href":"https:\/\/api.w.org\/{rel}","templated":true}]}}