{"id":15924,"date":"2019-09-30T12:42:31","date_gmt":"2019-09-30T10:42:31","guid":{"rendered":"https:\/\/auren.com\/ar\/new\/prensa-auren-se-expande-en-latinoamerica-ahk-camara-20-09-2019\/"},"modified":"2019-09-30T12:42:31","modified_gmt":"2019-09-30T10:42:31","slug":"prensa-auren-se-expande-en-latinoamerica-ahk-camara-20-09-2019","status":"publish","type":"new","link":"https:\/\/auren.com\/ar\/noticias\/prensa-auren-se-expande-en-latinoamerica-ahk-camara-20-09-2019\/","title":{"rendered":"Prensa. Auren se expande en Latinoamerica (AHK C\u00e1mara. 20\/09\/2019)"},"content":{"rendered":"<p class=\"text-justify\">Auren Argentina, firma de servicios profesionales de Auditor\u00eda, Consultor\u00eda, Tax &#038; Legal, Finanzas Corporativas y outsourcing, contin\u00faa su expansi\u00f3n con la inauguraci\u00f3n de una nueva oficina en Paraguay. Esta operaci\u00f3n es el resultado de la integraci\u00f3n en Auren de la firma Logistik, empresa de servicios profesionales.&nbsp;<\/p>\n<ul>\n<li>\n<figure>\n<p><img decoding=\"async\" data-src=\"https:\/\/www.ahkargentina.com.ar\/fileadmin\/_processed_\/d\/a\/csm_Apertura_Paraguay_772b57f361.jpg\" width=\"511\" height=\"340\" style=\"--smush-placeholder-width: 511px; --smush-placeholder-aspect-ratio: 511\/340;border: 0px; max-width: 100%; height: auto; display: block; margin-top: 4px; width: auto;\" src=\"data:image\/svg+xml;base64,PHN2ZyB3aWR0aD0iMSIgaGVpZ2h0PSIxIiB4bWxucz0iaHR0cDovL3d3dy53My5vcmcvMjAwMC9zdmciPjwvc3ZnPg==\" class=\"lazyload\"> <\/p>\n<\/figure>\n<\/li>\n<\/ul>\n<ul>\n<li>\n<ul>\n<li><a href=\"https:\/\/twitter.com\/intent\/tweet?text=Auren%20contin%C3%BAa%20su%20expasi%C3%B3n%20en%20Latinoamerica%20%20y%20abre%20una%20oficina%20en%20Paraguay&#038;url=https%3A%2F%2Fwww.ahkargentina.com.ar%2Factualidad%2Fnews-details%2Fauren-continua-su-expasion-en-latinoamerica-y-abre-una-oficina-en-paraguay%2F\" data-rel=\"popup\" title=\"Compartir en Twitter\" role=\"button\" aria-label=\"Compartir en Twitter\"><\/a> <\/li>\n<li><a href=\"https:\/\/www.facebook.com\/sharer\/sharer.php?u=https%3A%2F%2Fwww.ahkargentina.com.ar%2Factualidad%2Fnews-details%2Fauren-continua-su-expasion-en-latinoamerica-y-abre-una-oficina-en-paraguay%2F\" data-rel=\"popup\" title=\"Compartir en Facebook\" role=\"button\" aria-label=\"Compartir en Facebook\"><\/a> <\/li>\n<li><a href=\"https:\/\/plus.google.com\/share?url=https%3A%2F%2Fwww.ahkargentina.com.ar%2Factualidad%2Fnews-details%2Fauren-continua-su-expasion-en-latinoamerica-y-abre-una-oficina-en-paraguay%2F\" data-rel=\"popup\" title=\"Compartir en Google+\" role=\"button\" aria-label=\"Compartir en Google+\"><\/a><\/li>\n<\/ul>\n<\/li>\n<\/ul>\n<p class=\"text-justify\">Gracias a la integraci\u00f3n con Logistik, Auren continuar\u00e1 brindando servicios de alta calidad en Paraguay sumando la potencialidad de los negocios globales, orientados a cubrir las necesidades exigentes del mercado local e internacional, actual y futuro. <\/p>\n<p class=\"text-justify\">La nueva oficina se encuentra ubicada estrat\u00e9gicamente en el World Trade Center, en la ciudad de Asunci\u00f3n y se suma a las 34 oficinas en 6 pa\u00edses que tiene Auren en Latinoam\u00e9rica, ubicadas en Argentina, Uruguay, Chile, Colombia y M\u00e9xico. Auren cuenta con un total de 60 oficinas en 12 pa\u00edses en el mundo con m\u00e1s de 2100 profesionales. <\/p>\n<p class=\"text-justify\">Paraguay es un pa\u00eds estrat\u00e9gico para Latinoam\u00e9rica y tambi\u00e9n a nivel mundial. Miembro del Mercosur, con una importante expansi\u00f3n econ\u00f3mica, crecimiento del PBI e inversi\u00f3n en la generaci\u00f3n de energ\u00eda el\u00e9ctrica. <\/p>\n<p class=\"text-justify\">\u201cCon la incorporaci\u00f3n de Paraguay, fortalecemos nuestra presencia en el Mercosur, continuando la estrategia de posicionamiento de marca en LATAM en empresas medianas y grande brindando servicios multidisciplinarios con alta calidad\u201d, expres\u00f3 Fernando Tezanos Pinto, presidente de Auren Argentina y Responsable de Latinoam\u00e9rica. <\/p>\n<p>Leer la nota publicada en&nbsp;<a href=\"https:\/\/www.ahkargentina.com.ar\/actualidad\/news-details\/auren-continua-su-expasion-en-latinoamerica-y-abre-una-oficina-en-paraguay\/\">https:\/\/www.ahkargentina.com.ar\/actualidad\/news-details\/auren-continua-su-expasion-en-latinoamerica-y-abre-una-oficina-en-paraguay\/<\/a><\/p>\n<p><!-- AddThis Advanced Settings generic via filter on the_content --><!-- AddThis Share Buttons generic via filter on the_content --><\/p>\n","protected":false},"excerpt":{"rendered":"<p>Auren Argentina contin\u00faa su expansi\u00f3n con la inauguraci\u00f3n de una nueva oficina en Paraguay. Esta operaci\u00f3n es el resultado de la integraci\u00f3n en Auren de la firma Logistik, empresa de servicios profesionales.<\/p>\n","protected":false},"featured_media":15925,"template":"","meta":{"_acf_changed":false,"footnotes":""},"new-category":[],"class_list":["post-15924","new","type-new","status-publish","has-post-thumbnail","hentry"],"acf":[],"yoast_head":"<!-- This site is optimized with the Yoast SEO plugin v27.4 - https:\/\/yoast.com\/product\/yoast-seo-wordpress\/ -->\n<title>Prensa. Auren se expande en Latinoamerica (AHK C\u00e1mara. 20\/09\/2019) - Auren Argentina<\/title>\n<meta name=\"robots\" content=\"index, follow, max-snippet:-1, max-image-preview:large, max-video-preview:-1\" \/>\n<link rel=\"canonical\" href=\"https:\/\/auren.com\/ar\/noticias\/prensa-auren-se-expande-en-latinoamerica-ahk-camara-20-09-2019\/\" \/>\n<meta property=\"og:locale\" content=\"es_ES\" \/>\n<meta property=\"og:type\" content=\"article\" \/>\n<meta property=\"og:title\" content=\"Prensa. Auren se expande en Latinoamerica (AHK C\u00e1mara. 20\/09\/2019) - Auren Argentina\" \/>\n<meta property=\"og:description\" content=\"Auren Argentina contin\u00faa su expansi\u00f3n con la inauguraci\u00f3n de una nueva oficina en Paraguay. Esta operaci\u00f3n es el resultado de la integraci\u00f3n en Auren de la firma Logistik, empresa de servicios profesionales.\" \/>\n<meta property=\"og:url\" content=\"https:\/\/auren.com\/ar\/noticias\/prensa-auren-se-expande-en-latinoamerica-ahk-camara-20-09-2019\/\" \/>\n<meta property=\"og:site_name\" content=\"Auren Argentina\" \/>\n<meta property=\"article:publisher\" content=\"https:\/\/www.facebook.com\/AurenArg\/\" \/>\n<meta property=\"og:image\" content=\"https:\/\/auren.com\/ar\/wp-content\/uploads\/2019\/09\/csm_Apertura_Paraguay_772b57f361-1.jpg\" \/>\n\t<meta property=\"og:image:width\" content=\"511\" \/>\n\t<meta property=\"og:image:height\" content=\"340\" \/>\n\t<meta property=\"og:image:type\" content=\"image\/jpeg\" \/>\n<meta name=\"twitter:card\" content=\"summary_large_image\" \/>\n<meta name=\"twitter:site\" content=\"@AUREN_Argentina\" \/>\n<meta name=\"twitter:label1\" content=\"Tiempo de lectura\" \/>\n\t<meta name=\"twitter:data1\" content=\"1 minuto\" \/>\n<script type=\"application\/ld+json\" class=\"yoast-schema-graph\">{\"@context\":\"https:\\\/\\\/schema.org\",\"@graph\":[{\"@type\":\"WebPage\",\"@id\":\"https:\\\/\\\/auren.com\\\/ar\\\/noticias\\\/prensa-auren-se-expande-en-latinoamerica-ahk-camara-20-09-2019\\\/\",\"url\":\"https:\\\/\\\/auren.com\\\/ar\\\/noticias\\\/prensa-auren-se-expande-en-latinoamerica-ahk-camara-20-09-2019\\\/\",\"name\":\"Prensa. Auren se expande en Latinoamerica (AHK C\u00e1mara. 20\\\/09\\\/2019) - Auren Argentina\",\"isPartOf\":{\"@id\":\"https:\\\/\\\/auren.com\\\/ar\\\/#website\"},\"primaryImageOfPage\":{\"@id\":\"https:\\\/\\\/auren.com\\\/ar\\\/noticias\\\/prensa-auren-se-expande-en-latinoamerica-ahk-camara-20-09-2019\\\/#primaryimage\"},\"image\":{\"@id\":\"https:\\\/\\\/auren.com\\\/ar\\\/noticias\\\/prensa-auren-se-expande-en-latinoamerica-ahk-camara-20-09-2019\\\/#primaryimage\"},\"thumbnailUrl\":\"https:\\\/\\\/auren.com\\\/ar\\\/wp-content\\\/uploads\\\/2019\\\/09\\\/csm_Apertura_Paraguay_772b57f361-1.jpg\",\"datePublished\":\"2019-09-30T10:42:31+00:00\",\"breadcrumb\":{\"@id\":\"https:\\\/\\\/auren.com\\\/ar\\\/noticias\\\/prensa-auren-se-expande-en-latinoamerica-ahk-camara-20-09-2019\\\/#breadcrumb\"},\"inLanguage\":\"es\",\"potentialAction\":[{\"@type\":\"ReadAction\",\"target\":[\"https:\\\/\\\/auren.com\\\/ar\\\/noticias\\\/prensa-auren-se-expande-en-latinoamerica-ahk-camara-20-09-2019\\\/\"]}]},{\"@type\":\"ImageObject\",\"inLanguage\":\"es\",\"@id\":\"https:\\\/\\\/auren.com\\\/ar\\\/noticias\\\/prensa-auren-se-expande-en-latinoamerica-ahk-camara-20-09-2019\\\/#primaryimage\",\"url\":\"https:\\\/\\\/auren.com\\\/ar\\\/wp-content\\\/uploads\\\/2019\\\/09\\\/csm_Apertura_Paraguay_772b57f361-1.jpg\",\"contentUrl\":\"https:\\\/\\\/auren.com\\\/ar\\\/wp-content\\\/uploads\\\/2019\\\/09\\\/csm_Apertura_Paraguay_772b57f361-1.jpg\",\"width\":511,\"height\":340},{\"@type\":\"BreadcrumbList\",\"@id\":\"https:\\\/\\\/auren.com\\\/ar\\\/noticias\\\/prensa-auren-se-expande-en-latinoamerica-ahk-camara-20-09-2019\\\/#breadcrumb\",\"itemListElement\":[{\"@type\":\"ListItem\",\"position\":1,\"name\":\"Portada\",\"item\":\"https:\\\/\\\/auren.com\\\/ar\\\/\"},{\"@type\":\"ListItem\",\"position\":2,\"name\":\"Prensa. Auren se expande en Latinoamerica (AHK C\u00e1mara. 20\\\/09\\\/2019)\"}]},{\"@type\":\"WebSite\",\"@id\":\"https:\\\/\\\/auren.com\\\/ar\\\/#website\",\"url\":\"https:\\\/\\\/auren.com\\\/ar\\\/\",\"name\":\"Auren Argentina\",\"description\":\"\",\"publisher\":{\"@id\":\"https:\\\/\\\/auren.com\\\/ar\\\/#organization\"},\"potentialAction\":[{\"@type\":\"SearchAction\",\"target\":{\"@type\":\"EntryPoint\",\"urlTemplate\":\"https:\\\/\\\/auren.com\\\/ar\\\/?s={search_term_string}\"},\"query-input\":{\"@type\":\"PropertyValueSpecification\",\"valueRequired\":true,\"valueName\":\"search_term_string\"}}],\"inLanguage\":\"es\"},{\"@type\":\"Organization\",\"@id\":\"https:\\\/\\\/auren.com\\\/ar\\\/#organization\",\"name\":\"Auren Argentina\",\"url\":\"https:\\\/\\\/auren.com\\\/ar\\\/\",\"logo\":{\"@type\":\"ImageObject\",\"inLanguage\":\"es\",\"@id\":\"https:\\\/\\\/auren.com\\\/ar\\\/#\\\/schema\\\/logo\\\/image\\\/\",\"url\":\"https:\\\/\\\/auren.com\\\/ar\\\/wp-content\\\/uploads\\\/2025\\\/01\\\/cropped-cropped-favicon-Auren.png\",\"contentUrl\":\"https:\\\/\\\/auren.com\\\/ar\\\/wp-content\\\/uploads\\\/2025\\\/01\\\/cropped-cropped-favicon-Auren.png\",\"width\":512,\"height\":512,\"caption\":\"Auren Argentina\"},\"image\":{\"@id\":\"https:\\\/\\\/auren.com\\\/ar\\\/#\\\/schema\\\/logo\\\/image\\\/\"},\"sameAs\":[\"https:\\\/\\\/www.facebook.com\\\/AurenArg\\\/\",\"https:\\\/\\\/x.com\\\/AUREN_Argentina\",\"https:\\\/\\\/www.linkedin.com\\\/company\\\/aurenargentina\",\"https:\\\/\\\/www.youtube.com\\\/channel\\\/UCSCseiHMECB0uMBGF9wtjSw\",\"https:\\\/\\\/www.instagram.com\\\/aurenargentina\\\/\"]}]}<\/script>\n<!-- \/ Yoast SEO plugin. -->","yoast_head_json":{"title":"Prensa. Auren se expande en Latinoamerica (AHK C\u00e1mara. 20\/09\/2019) - Auren Argentina","robots":{"index":"index","follow":"follow","max-snippet":"max-snippet:-1","max-image-preview":"max-image-preview:large","max-video-preview":"max-video-preview:-1"},"canonical":"https:\/\/auren.com\/ar\/noticias\/prensa-auren-se-expande-en-latinoamerica-ahk-camara-20-09-2019\/","og_locale":"es_ES","og_type":"article","og_title":"Prensa. Auren se expande en Latinoamerica (AHK C\u00e1mara. 20\/09\/2019) - Auren Argentina","og_description":"Auren Argentina contin\u00faa su expansi\u00f3n con la inauguraci\u00f3n de una nueva oficina en Paraguay. Esta operaci\u00f3n es el resultado de la integraci\u00f3n en Auren de la firma Logistik, empresa de servicios profesionales.","og_url":"https:\/\/auren.com\/ar\/noticias\/prensa-auren-se-expande-en-latinoamerica-ahk-camara-20-09-2019\/","og_site_name":"Auren Argentina","article_publisher":"https:\/\/www.facebook.com\/AurenArg\/","og_image":[{"width":511,"height":340,"url":"https:\/\/auren.com\/ar\/wp-content\/uploads\/2019\/09\/csm_Apertura_Paraguay_772b57f361-1.jpg","type":"image\/jpeg"}],"twitter_card":"summary_large_image","twitter_site":"@AUREN_Argentina","twitter_misc":{"Tiempo de lectura":"1 minuto"},"schema":{"@context":"https:\/\/schema.org","@graph":[{"@type":"WebPage","@id":"https:\/\/auren.com\/ar\/noticias\/prensa-auren-se-expande-en-latinoamerica-ahk-camara-20-09-2019\/","url":"https:\/\/auren.com\/ar\/noticias\/prensa-auren-se-expande-en-latinoamerica-ahk-camara-20-09-2019\/","name":"Prensa. Auren se expande en Latinoamerica (AHK C\u00e1mara. 20\/09\/2019) - Auren Argentina","isPartOf":{"@id":"https:\/\/auren.com\/ar\/#website"},"primaryImageOfPage":{"@id":"https:\/\/auren.com\/ar\/noticias\/prensa-auren-se-expande-en-latinoamerica-ahk-camara-20-09-2019\/#primaryimage"},"image":{"@id":"https:\/\/auren.com\/ar\/noticias\/prensa-auren-se-expande-en-latinoamerica-ahk-camara-20-09-2019\/#primaryimage"},"thumbnailUrl":"https:\/\/auren.com\/ar\/wp-content\/uploads\/2019\/09\/csm_Apertura_Paraguay_772b57f361-1.jpg","datePublished":"2019-09-30T10:42:31+00:00","breadcrumb":{"@id":"https:\/\/auren.com\/ar\/noticias\/prensa-auren-se-expande-en-latinoamerica-ahk-camara-20-09-2019\/#breadcrumb"},"inLanguage":"es","potentialAction":[{"@type":"ReadAction","target":["https:\/\/auren.com\/ar\/noticias\/prensa-auren-se-expande-en-latinoamerica-ahk-camara-20-09-2019\/"]}]},{"@type":"ImageObject","inLanguage":"es","@id":"https:\/\/auren.com\/ar\/noticias\/prensa-auren-se-expande-en-latinoamerica-ahk-camara-20-09-2019\/#primaryimage","url":"https:\/\/auren.com\/ar\/wp-content\/uploads\/2019\/09\/csm_Apertura_Paraguay_772b57f361-1.jpg","contentUrl":"https:\/\/auren.com\/ar\/wp-content\/uploads\/2019\/09\/csm_Apertura_Paraguay_772b57f361-1.jpg","width":511,"height":340},{"@type":"BreadcrumbList","@id":"https:\/\/auren.com\/ar\/noticias\/prensa-auren-se-expande-en-latinoamerica-ahk-camara-20-09-2019\/#breadcrumb","itemListElement":[{"@type":"ListItem","position":1,"name":"Portada","item":"https:\/\/auren.com\/ar\/"},{"@type":"ListItem","position":2,"name":"Prensa. Auren se expande en Latinoamerica (AHK C\u00e1mara. 20\/09\/2019)"}]},{"@type":"WebSite","@id":"https:\/\/auren.com\/ar\/#website","url":"https:\/\/auren.com\/ar\/","name":"Auren Argentina","description":"","publisher":{"@id":"https:\/\/auren.com\/ar\/#organization"},"potentialAction":[{"@type":"SearchAction","target":{"@type":"EntryPoint","urlTemplate":"https:\/\/auren.com\/ar\/?s={search_term_string}"},"query-input":{"@type":"PropertyValueSpecification","valueRequired":true,"valueName":"search_term_string"}}],"inLanguage":"es"},{"@type":"Organization","@id":"https:\/\/auren.com\/ar\/#organization","name":"Auren Argentina","url":"https:\/\/auren.com\/ar\/","logo":{"@type":"ImageObject","inLanguage":"es","@id":"https:\/\/auren.com\/ar\/#\/schema\/logo\/image\/","url":"https:\/\/auren.com\/ar\/wp-content\/uploads\/2025\/01\/cropped-cropped-favicon-Auren.png","contentUrl":"https:\/\/auren.com\/ar\/wp-content\/uploads\/2025\/01\/cropped-cropped-favicon-Auren.png","width":512,"height":512,"caption":"Auren Argentina"},"image":{"@id":"https:\/\/auren.com\/ar\/#\/schema\/logo\/image\/"},"sameAs":["https:\/\/www.facebook.com\/AurenArg\/","https:\/\/x.com\/AUREN_Argentina","https:\/\/www.linkedin.com\/company\/aurenargentina","https:\/\/www.youtube.com\/channel\/UCSCseiHMECB0uMBGF9wtjSw","https:\/\/www.instagram.com\/aurenargentina\/"]}]}},"_links":{"self":[{"href":"https:\/\/auren.com\/ar\/wp-json\/wp\/v2\/new\/15924","targetHints":{"allow":["GET"]}}],"collection":[{"href":"https:\/\/auren.com\/ar\/wp-json\/wp\/v2\/new"}],"about":[{"href":"https:\/\/auren.com\/ar\/wp-json\/wp\/v2\/types\/new"}],"version-history":[{"count":0,"href":"https:\/\/auren.com\/ar\/wp-json\/wp\/v2\/new\/15924\/revisions"}],"wp:featuredmedia":[{"embeddable":true,"href":"https:\/\/auren.com\/ar\/wp-json\/wp\/v2\/media\/15925"}],"wp:attachment":[{"href":"https:\/\/auren.com\/ar\/wp-json\/wp\/v2\/media?parent=15924"}],"wp:term":[{"taxonomy":"new-category","embeddable":true,"href":"https:\/\/auren.com\/ar\/wp-json\/wp\/v2\/new-category?post=15924"}],"curies":[{"name":"wp","href":"https:\/\/api.w.org\/{rel}","templated":true}]}}