{"id":15928,"date":"2019-09-30T12:39:18","date_gmt":"2019-09-30T10:39:18","guid":{"rendered":"https:\/\/auren.com\/ar\/new\/novedades-reunion-anual-de-la-comision-de-impuestos-de-auren-argentina\/"},"modified":"2019-09-30T12:39:18","modified_gmt":"2019-09-30T10:39:18","slug":"novedades-reunion-anual-de-la-comision-de-impuestos-de-auren-argentina","status":"publish","type":"new","link":"https:\/\/auren.com\/ar\/noticias\/novedades-reunion-anual-de-la-comision-de-impuestos-de-auren-argentina\/","title":{"rendered":"Novedades. Reuni\u00f3n anual de la Comisi\u00f3n de Impuestos de Auren Argentina"},"content":{"rendered":"<p>El pasado 27 de septiembre se realiz\u00f3 la reuni\u00f3n anual de la Comisi\u00f3n de Impuestos de Auren Argentina en la provincia de San Miguel de Tucum\u00e1n con la presencia de los socios de las distintas oficinas del pa\u00eds.&nbsp;<\/p>\n<p>El tema central de las ponencias fueron la problem\u00e1tica del ajuste por inflaci\u00f3n impositivo, la situaci\u00f3n actual, las inequidades que se generan y la necesidad de actualizaci\u00f3n de las normas legales. <\/p>\n<figure><img decoding=\"async\" data-src=\"https:\/\/d33c2a5xmvj7uh.cloudfront.net\/images\/originals\/reunion-anual-de-impuestos.jpg?v=1569847132\" data-image=\"9995445\" style=\"--smush-placeholder-width: 856px; --smush-placeholder-aspect-ratio: 856\/641;width: 856px; height: 641.813px;\" width=\"856\" height=\"641.813\" src=\"data:image\/svg+xml;base64,PHN2ZyB3aWR0aD0iMSIgaGVpZ2h0PSIxIiB4bWxucz0iaHR0cDovL3d3dy53My5vcmcvMjAwMC9zdmciPjwvc3ZnPg==\" class=\"lazyload\"><\/figure>\n<\/p>\n<\/p>\n<p><!-- AddThis Advanced Settings generic via filter on the_content --><!-- AddThis Share Buttons generic via filter on the_content --><\/p>\n","protected":false},"excerpt":{"rendered":"<p>Se realiz\u00f3 la \u00faltima semana de septiembre en la provincia de San Miguel de Tucum\u00e1n.<\/p>\n","protected":false},"featured_media":15929,"template":"","meta":{"_acf_changed":false,"footnotes":""},"new-category":[],"class_list":["post-15928","new","type-new","status-publish","has-post-thumbnail","hentry"],"acf":[],"yoast_head":"<!-- This site is optimized with the Yoast SEO plugin v27.4 - https:\/\/yoast.com\/product\/yoast-seo-wordpress\/ -->\n<title>Novedades. Reuni\u00f3n anual de la Comisi\u00f3n de Impuestos de Auren Argentina - Auren Argentina<\/title>\n<meta name=\"robots\" content=\"index, follow, max-snippet:-1, max-image-preview:large, max-video-preview:-1\" \/>\n<link rel=\"canonical\" href=\"https:\/\/auren.com\/ar\/noticias\/novedades-reunion-anual-de-la-comision-de-impuestos-de-auren-argentina\/\" \/>\n<meta property=\"og:locale\" content=\"es_ES\" \/>\n<meta property=\"og:type\" content=\"article\" \/>\n<meta property=\"og:title\" content=\"Novedades. Reuni\u00f3n anual de la Comisi\u00f3n de Impuestos de Auren Argentina - Auren Argentina\" \/>\n<meta property=\"og:description\" content=\"Se realiz\u00f3 la \u00faltima semana de septiembre en la provincia de San Miguel de Tucum\u00e1n.\" \/>\n<meta property=\"og:url\" content=\"https:\/\/auren.com\/ar\/noticias\/novedades-reunion-anual-de-la-comision-de-impuestos-de-auren-argentina\/\" \/>\n<meta property=\"og:site_name\" content=\"Auren Argentina\" \/>\n<meta property=\"article:publisher\" content=\"https:\/\/www.facebook.com\/AurenArg\/\" \/>\n<meta property=\"og:image\" content=\"https:\/\/auren.com\/ar\/wp-content\/uploads\/2019\/09\/reunion-anual-de-impuestos-scaled-2.jpg\" \/>\n\t<meta property=\"og:image:width\" content=\"2560\" \/>\n\t<meta property=\"og:image:height\" content=\"1920\" \/>\n\t<meta property=\"og:image:type\" content=\"image\/jpeg\" \/>\n<meta name=\"twitter:card\" content=\"summary_large_image\" \/>\n<meta name=\"twitter:site\" content=\"@AUREN_Argentina\" \/>\n<script type=\"application\/ld+json\" class=\"yoast-schema-graph\">{\"@context\":\"https:\\\/\\\/schema.org\",\"@graph\":[{\"@type\":\"WebPage\",\"@id\":\"https:\\\/\\\/auren.com\\\/ar\\\/noticias\\\/novedades-reunion-anual-de-la-comision-de-impuestos-de-auren-argentina\\\/\",\"url\":\"https:\\\/\\\/auren.com\\\/ar\\\/noticias\\\/novedades-reunion-anual-de-la-comision-de-impuestos-de-auren-argentina\\\/\",\"name\":\"Novedades. Reuni\u00f3n anual de la Comisi\u00f3n de Impuestos de Auren Argentina - Auren Argentina\",\"isPartOf\":{\"@id\":\"https:\\\/\\\/auren.com\\\/ar\\\/#website\"},\"primaryImageOfPage\":{\"@id\":\"https:\\\/\\\/auren.com\\\/ar\\\/noticias\\\/novedades-reunion-anual-de-la-comision-de-impuestos-de-auren-argentina\\\/#primaryimage\"},\"image\":{\"@id\":\"https:\\\/\\\/auren.com\\\/ar\\\/noticias\\\/novedades-reunion-anual-de-la-comision-de-impuestos-de-auren-argentina\\\/#primaryimage\"},\"thumbnailUrl\":\"https:\\\/\\\/auren.com\\\/ar\\\/wp-content\\\/uploads\\\/2019\\\/09\\\/reunion-anual-de-impuestos-scaled-2.jpg\",\"datePublished\":\"2019-09-30T10:39:18+00:00\",\"breadcrumb\":{\"@id\":\"https:\\\/\\\/auren.com\\\/ar\\\/noticias\\\/novedades-reunion-anual-de-la-comision-de-impuestos-de-auren-argentina\\\/#breadcrumb\"},\"inLanguage\":\"es\",\"potentialAction\":[{\"@type\":\"ReadAction\",\"target\":[\"https:\\\/\\\/auren.com\\\/ar\\\/noticias\\\/novedades-reunion-anual-de-la-comision-de-impuestos-de-auren-argentina\\\/\"]}]},{\"@type\":\"ImageObject\",\"inLanguage\":\"es\",\"@id\":\"https:\\\/\\\/auren.com\\\/ar\\\/noticias\\\/novedades-reunion-anual-de-la-comision-de-impuestos-de-auren-argentina\\\/#primaryimage\",\"url\":\"https:\\\/\\\/auren.com\\\/ar\\\/wp-content\\\/uploads\\\/2019\\\/09\\\/reunion-anual-de-impuestos-scaled-2.jpg\",\"contentUrl\":\"https:\\\/\\\/auren.com\\\/ar\\\/wp-content\\\/uploads\\\/2019\\\/09\\\/reunion-anual-de-impuestos-scaled-2.jpg\",\"width\":2560,\"height\":1920},{\"@type\":\"BreadcrumbList\",\"@id\":\"https:\\\/\\\/auren.com\\\/ar\\\/noticias\\\/novedades-reunion-anual-de-la-comision-de-impuestos-de-auren-argentina\\\/#breadcrumb\",\"itemListElement\":[{\"@type\":\"ListItem\",\"position\":1,\"name\":\"Portada\",\"item\":\"https:\\\/\\\/auren.com\\\/ar\\\/\"},{\"@type\":\"ListItem\",\"position\":2,\"name\":\"Novedades. Reuni\u00f3n anual de la Comisi\u00f3n de Impuestos de Auren Argentina\"}]},{\"@type\":\"WebSite\",\"@id\":\"https:\\\/\\\/auren.com\\\/ar\\\/#website\",\"url\":\"https:\\\/\\\/auren.com\\\/ar\\\/\",\"name\":\"Auren Argentina\",\"description\":\"\",\"publisher\":{\"@id\":\"https:\\\/\\\/auren.com\\\/ar\\\/#organization\"},\"potentialAction\":[{\"@type\":\"SearchAction\",\"target\":{\"@type\":\"EntryPoint\",\"urlTemplate\":\"https:\\\/\\\/auren.com\\\/ar\\\/?s={search_term_string}\"},\"query-input\":{\"@type\":\"PropertyValueSpecification\",\"valueRequired\":true,\"valueName\":\"search_term_string\"}}],\"inLanguage\":\"es\"},{\"@type\":\"Organization\",\"@id\":\"https:\\\/\\\/auren.com\\\/ar\\\/#organization\",\"name\":\"Auren Argentina\",\"url\":\"https:\\\/\\\/auren.com\\\/ar\\\/\",\"logo\":{\"@type\":\"ImageObject\",\"inLanguage\":\"es\",\"@id\":\"https:\\\/\\\/auren.com\\\/ar\\\/#\\\/schema\\\/logo\\\/image\\\/\",\"url\":\"https:\\\/\\\/auren.com\\\/ar\\\/wp-content\\\/uploads\\\/2025\\\/01\\\/cropped-cropped-favicon-Auren.png\",\"contentUrl\":\"https:\\\/\\\/auren.com\\\/ar\\\/wp-content\\\/uploads\\\/2025\\\/01\\\/cropped-cropped-favicon-Auren.png\",\"width\":512,\"height\":512,\"caption\":\"Auren Argentina\"},\"image\":{\"@id\":\"https:\\\/\\\/auren.com\\\/ar\\\/#\\\/schema\\\/logo\\\/image\\\/\"},\"sameAs\":[\"https:\\\/\\\/www.facebook.com\\\/AurenArg\\\/\",\"https:\\\/\\\/x.com\\\/AUREN_Argentina\",\"https:\\\/\\\/www.linkedin.com\\\/company\\\/aurenargentina\",\"https:\\\/\\\/www.youtube.com\\\/channel\\\/UCSCseiHMECB0uMBGF9wtjSw\",\"https:\\\/\\\/www.instagram.com\\\/aurenargentina\\\/\"]}]}<\/script>\n<!-- \/ Yoast SEO plugin. -->","yoast_head_json":{"title":"Novedades. Reuni\u00f3n anual de la Comisi\u00f3n de Impuestos de Auren Argentina - Auren Argentina","robots":{"index":"index","follow":"follow","max-snippet":"max-snippet:-1","max-image-preview":"max-image-preview:large","max-video-preview":"max-video-preview:-1"},"canonical":"https:\/\/auren.com\/ar\/noticias\/novedades-reunion-anual-de-la-comision-de-impuestos-de-auren-argentina\/","og_locale":"es_ES","og_type":"article","og_title":"Novedades. Reuni\u00f3n anual de la Comisi\u00f3n de Impuestos de Auren Argentina - Auren Argentina","og_description":"Se realiz\u00f3 la \u00faltima semana de septiembre en la provincia de San Miguel de Tucum\u00e1n.","og_url":"https:\/\/auren.com\/ar\/noticias\/novedades-reunion-anual-de-la-comision-de-impuestos-de-auren-argentina\/","og_site_name":"Auren Argentina","article_publisher":"https:\/\/www.facebook.com\/AurenArg\/","og_image":[{"width":2560,"height":1920,"url":"https:\/\/auren.com\/ar\/wp-content\/uploads\/2019\/09\/reunion-anual-de-impuestos-scaled-2.jpg","type":"image\/jpeg"}],"twitter_card":"summary_large_image","twitter_site":"@AUREN_Argentina","schema":{"@context":"https:\/\/schema.org","@graph":[{"@type":"WebPage","@id":"https:\/\/auren.com\/ar\/noticias\/novedades-reunion-anual-de-la-comision-de-impuestos-de-auren-argentina\/","url":"https:\/\/auren.com\/ar\/noticias\/novedades-reunion-anual-de-la-comision-de-impuestos-de-auren-argentina\/","name":"Novedades. Reuni\u00f3n anual de la Comisi\u00f3n de Impuestos de Auren Argentina - Auren Argentina","isPartOf":{"@id":"https:\/\/auren.com\/ar\/#website"},"primaryImageOfPage":{"@id":"https:\/\/auren.com\/ar\/noticias\/novedades-reunion-anual-de-la-comision-de-impuestos-de-auren-argentina\/#primaryimage"},"image":{"@id":"https:\/\/auren.com\/ar\/noticias\/novedades-reunion-anual-de-la-comision-de-impuestos-de-auren-argentina\/#primaryimage"},"thumbnailUrl":"https:\/\/auren.com\/ar\/wp-content\/uploads\/2019\/09\/reunion-anual-de-impuestos-scaled-2.jpg","datePublished":"2019-09-30T10:39:18+00:00","breadcrumb":{"@id":"https:\/\/auren.com\/ar\/noticias\/novedades-reunion-anual-de-la-comision-de-impuestos-de-auren-argentina\/#breadcrumb"},"inLanguage":"es","potentialAction":[{"@type":"ReadAction","target":["https:\/\/auren.com\/ar\/noticias\/novedades-reunion-anual-de-la-comision-de-impuestos-de-auren-argentina\/"]}]},{"@type":"ImageObject","inLanguage":"es","@id":"https:\/\/auren.com\/ar\/noticias\/novedades-reunion-anual-de-la-comision-de-impuestos-de-auren-argentina\/#primaryimage","url":"https:\/\/auren.com\/ar\/wp-content\/uploads\/2019\/09\/reunion-anual-de-impuestos-scaled-2.jpg","contentUrl":"https:\/\/auren.com\/ar\/wp-content\/uploads\/2019\/09\/reunion-anual-de-impuestos-scaled-2.jpg","width":2560,"height":1920},{"@type":"BreadcrumbList","@id":"https:\/\/auren.com\/ar\/noticias\/novedades-reunion-anual-de-la-comision-de-impuestos-de-auren-argentina\/#breadcrumb","itemListElement":[{"@type":"ListItem","position":1,"name":"Portada","item":"https:\/\/auren.com\/ar\/"},{"@type":"ListItem","position":2,"name":"Novedades. Reuni\u00f3n anual de la Comisi\u00f3n de Impuestos de Auren Argentina"}]},{"@type":"WebSite","@id":"https:\/\/auren.com\/ar\/#website","url":"https:\/\/auren.com\/ar\/","name":"Auren Argentina","description":"","publisher":{"@id":"https:\/\/auren.com\/ar\/#organization"},"potentialAction":[{"@type":"SearchAction","target":{"@type":"EntryPoint","urlTemplate":"https:\/\/auren.com\/ar\/?s={search_term_string}"},"query-input":{"@type":"PropertyValueSpecification","valueRequired":true,"valueName":"search_term_string"}}],"inLanguage":"es"},{"@type":"Organization","@id":"https:\/\/auren.com\/ar\/#organization","name":"Auren Argentina","url":"https:\/\/auren.com\/ar\/","logo":{"@type":"ImageObject","inLanguage":"es","@id":"https:\/\/auren.com\/ar\/#\/schema\/logo\/image\/","url":"https:\/\/auren.com\/ar\/wp-content\/uploads\/2025\/01\/cropped-cropped-favicon-Auren.png","contentUrl":"https:\/\/auren.com\/ar\/wp-content\/uploads\/2025\/01\/cropped-cropped-favicon-Auren.png","width":512,"height":512,"caption":"Auren Argentina"},"image":{"@id":"https:\/\/auren.com\/ar\/#\/schema\/logo\/image\/"},"sameAs":["https:\/\/www.facebook.com\/AurenArg\/","https:\/\/x.com\/AUREN_Argentina","https:\/\/www.linkedin.com\/company\/aurenargentina","https:\/\/www.youtube.com\/channel\/UCSCseiHMECB0uMBGF9wtjSw","https:\/\/www.instagram.com\/aurenargentina\/"]}]}},"_links":{"self":[{"href":"https:\/\/auren.com\/ar\/wp-json\/wp\/v2\/new\/15928","targetHints":{"allow":["GET"]}}],"collection":[{"href":"https:\/\/auren.com\/ar\/wp-json\/wp\/v2\/new"}],"about":[{"href":"https:\/\/auren.com\/ar\/wp-json\/wp\/v2\/types\/new"}],"version-history":[{"count":0,"href":"https:\/\/auren.com\/ar\/wp-json\/wp\/v2\/new\/15928\/revisions"}],"wp:featuredmedia":[{"embeddable":true,"href":"https:\/\/auren.com\/ar\/wp-json\/wp\/v2\/media\/15929"}],"wp:attachment":[{"href":"https:\/\/auren.com\/ar\/wp-json\/wp\/v2\/media?parent=15928"}],"wp:term":[{"taxonomy":"new-category","embeddable":true,"href":"https:\/\/auren.com\/ar\/wp-json\/wp\/v2\/new-category?post=15928"}],"curies":[{"name":"wp","href":"https:\/\/api.w.org\/{rel}","templated":true}]}}