{"id":15932,"date":"2019-09-26T16:28:20","date_gmt":"2019-09-26T14:28:20","guid":{"rendered":"https:\/\/auren.com\/ar\/new\/prensa-logico-rechazan-eventual-aumento-de-bienes-personales-diario-ambito-financiero-26-9-2019\/"},"modified":"2019-09-26T16:28:20","modified_gmt":"2019-09-26T14:28:20","slug":"prensa-logico-rechazan-eventual-aumento-de-bienes-personales-diario-ambito-financiero-26-9-2019","status":"publish","type":"new","link":"https:\/\/auren.com\/ar\/noticias\/prensa-logico-rechazan-eventual-aumento-de-bienes-personales-diario-ambito-financiero-26-9-2019\/","title":{"rendered":"Prensa. L\u00f3gico: Rechazan eventual aumento de bienes personales (Diario \u00c1mbito Financiero 26\/9\/2019)"},"content":{"rendered":"<p><strong>Tributaristas advirtieron que una medida en ese sentido en el pol\u00e9mico impuesto puede resultar inconstitucional y confiscatoria.<\/strong><\/p>\n<p class=\"text-justify\">Tributaristas rechazaron un posible incremento de la al\u00edcuota del impuesto a los Bienes Personales, un gravamen que en teor\u00eda, no podr\u00eda sufrir variaciones por tres a\u00f1os y que tendr\u00eda que derogarse a los tres a\u00f1os tal cual se prometi\u00f3 a los contribuyentes que entraron en el blanqueo de capitales del 2016.&nbsp;Aseguran que dependiendo del nivel en que se fije el gravamen puede ser \u201cconfiscatorio\u201d e \u201cinconstitucional\u201d.<\/p>\n<p class=\"text-justify\">La versi\u00f3n que surgi\u00f3 en las \u00faltimas horas es que en caso de ganar las elecciones el candidato del Frente de Todos, Alberto Fern\u00e1ndez, podr\u00eda proponer aumentar la al\u00edcuota de este impuesto. Actualmente,<strong>&nbsp;pagan el tributo las personas con bienes desde los $2.000.000. Los que declaran bienes entre 2.000.000 y $3.000.000 pagan una tasa de 0,25%; de $3.000.000 a $18.000.000 tributan 0,50%, y a partir de los $18.000.000, la tasa es de 0,75%.<\/strong>&nbsp;Las viviendas \u00fanicas por valor de $18 millones quedaron exentas. Lo pol\u00e9mico es que a las personas que ingresaron al blanqueo del 2016, que exteriorizaron unos u$s100.000 millones en conjunto, se les hab\u00eda comprometido mantener una al\u00edcuota de 0,25% por tres a\u00f1os hasta su eliminaci\u00f3n. El a\u00f1o pasado, para poder aprobar el Presupuesto vigente, en el contexto del acuerdo con el FMI que obligaba a lograr el d\u00e9ficit primario cero, se acordaron los cambios que ahora est\u00e1n en vigencia. Algunos tributaristas denunciaron una \u201cemboscada\u201d fiscal cuando se conoci\u00f3 la primera modificaci\u00f3n. La expectativa que se abre es si en un nuevo cambio se van a gravar los activos de una persona o el patrimonio. En el segundo caso ser\u00eda por diferencia entre activos y pasivos.<\/p>\n<p class=\"text-justify\">El tributarista&nbsp;<strong>C\u00e9sar Litvin,<\/strong>&nbsp;afirm\u00f3 que el impuesto a los Bienes Personales tiene \u201caspectos nocivos\u201d y que en los pa\u00edses que se aplica se gravan los patrimonios.&nbsp;\u201cEn Argentina el impuesto naci\u00f3 con un pecado original. Se toman en cuenta solo activos sin tomar en cuenta pasivos. Entonces, dos contribuyentes con similares activos, pero uno endeudado y otro no, pagan el mismo impuesto\u201d, afirm\u00f3.   <\/p>\n<p class=\"text-justify\"><strong>Federico Costantino<\/strong>, director de Impuestos de&nbsp;Auren, advirti\u00f3 que \u201cpodr\u00eda ser dif\u00edcil de implementar considerando la fungibilidad de los bienes, ya que es posible que muchos de los bienes que se blanquearon ya no est\u00e9n en el patrimonio de los contribuyentes\u201d. En ese sentido, opin\u00f3 que la medida<strong>&nbsp;\u201cpuede ser tildada de inconstitucional\u201d<\/strong>&nbsp;si se aplica una al\u00edcuota m\u00e1s alta al que tienen un bien en el exterior que al que lo mantiene declarado en el pa\u00eds.   <\/p>\n<p class=\"text-justify\"><strong>Guillermo Poch<\/strong>, del estudio BDO, dijo que&nbsp;\u201ces importante respetar las normas en pos de dar seguridad jur\u00eddica\u201d&nbsp;de modo que a su entender \u201ccualquier cambio en las disposiciones fiscales, que no respeten las pautas que generaron la norma que est\u00e1 siendo modificada, puede poner en riesgo la transparencia de los contribuyentes a futuro\u201d.   <\/p>\n<p class=\"text-justify\"><strong>Vicente Lourenzo<\/strong>, miembro del grupo de problem\u00e1tica pyme del Consejo Profesional de Ciencias Econ\u00f3micas, consider\u00f3 que \u201ces muy mal antecedente que a aquellos que blanquearon en el 2016 sufran un aumento del impuesto cuando la promesa oficial era que lo iban a pagar por tres a\u00f1os en una tasa decreciente quedando derogado en el 2019\u201d. Aclar\u00f3 que \u201ces probable que se necesite hacer otro blanqueo por la plata marginal que se gener\u00f3 desde ese \u00faltimo sinceramiento y la actualidad y por lo tanto ya nadie va a confiar en la promesa oficial provocando un fracaso en su adhesi\u00f3n\u201d.   <\/p>\n<p class=\"text-justify\">Por su lado, el tributarista&nbsp;<strong>Federico de Luca<\/strong>&nbsp;opin\u00f3 que \u201cen caso de que este rumor se termine concretando, no hace m\u00e1s que atentar con la tan manipulada y vapuleada seguridad jur\u00eddica que hay en el pa\u00eds\u201d   <\/p>\n<p class=\"text-justify\">\u201cLa principal garant\u00eda que necesita un inversor, luego de la rentabilidad, es la seguridad jur\u00eddica, si seguimos as\u00ed. olvidemos que lleguen inversiones extranjeras\u201d, agreg\u00f3.   <\/p>\n<p class=\"text-justify\">Mientras tanto,&nbsp;<strong>Iv\u00e1n Sasovsky<\/strong>&nbsp;sostuvo que \u201cla Argentina hoy ya est\u00e1 entre los pocos pa\u00edses que cobra este impuesto y es de los m\u00e1s altos\u201d. Tambi\u00e9n precis\u00f3 que \u201cla confiscatoriedad no permite gravar m\u00e1s all\u00e1 de la capacidad contributiva, por lo que cualquier aumento en la tasa impositiva ser\u00e1 judicializada, y no se recaudar\u00e1 lo buscado\u201d.   <\/p>\n<p class=\"text-justify\">&nbsp; <\/p>\n<p class=\"text-justify\">Leer la nota on line&nbsp;<a href=\"https:\/\/www.ambito.com\/rechazan-eventual-aumento-bienes-personales-n5056639\">https:\/\/www.ambito.com\/rechazan-eventual-aumento-bienes-personales-n5056639<\/a><\/p>\n<p><!-- AddThis Advanced Settings generic via filter on the_content --><!-- AddThis Share Buttons generic via filter on the_content --><\/p>\n","protected":false},"excerpt":{"rendered":"<p>Para Federico Costantino, Director de Impuestos de Auren podr\u00eda ser dif\u00edcil de implementar considerando la fungibilidad de los bienes, ya que es posible que muchos de los bienes que se blanquearon ya no est\u00e9n en el patrimonio de los contribuyentes.<\/p>\n","protected":false},"featured_media":15933,"template":"","meta":{"_acf_changed":false,"footnotes":""},"new-category":[],"class_list":["post-15932","new","type-new","status-publish","has-post-thumbnail","hentry"],"acf":[],"yoast_head":"<!-- This site is optimized with the Yoast SEO plugin v27.4 - https:\/\/yoast.com\/product\/yoast-seo-wordpress\/ -->\n<title>Prensa. L\u00f3gico: Rechazan eventual aumento de bienes personales (Diario \u00c1mbito Financiero 26\/9\/2019) - Auren Argentina<\/title>\n<meta name=\"robots\" content=\"index, follow, max-snippet:-1, max-image-preview:large, max-video-preview:-1\" \/>\n<link rel=\"canonical\" href=\"https:\/\/auren.com\/ar\/noticias\/prensa-logico-rechazan-eventual-aumento-de-bienes-personales-diario-ambito-financiero-26-9-2019\/\" \/>\n<meta property=\"og:locale\" content=\"es_ES\" \/>\n<meta property=\"og:type\" content=\"article\" \/>\n<meta property=\"og:title\" content=\"Prensa. L\u00f3gico: Rechazan eventual aumento de bienes personales (Diario \u00c1mbito Financiero 26\/9\/2019) - Auren Argentina\" \/>\n<meta property=\"og:description\" content=\"Para Federico Costantino, Director de Impuestos de Auren podr\u00eda ser dif\u00edcil de implementar considerando la fungibilidad de los bienes, ya que es posible que muchos de los bienes que se blanquearon ya no est\u00e9n en el patrimonio de los contribuyentes.\" \/>\n<meta property=\"og:url\" content=\"https:\/\/auren.com\/ar\/noticias\/prensa-logico-rechazan-eventual-aumento-de-bienes-personales-diario-ambito-financiero-26-9-2019\/\" \/>\n<meta property=\"og:site_name\" content=\"Auren Argentina\" \/>\n<meta property=\"article:publisher\" content=\"https:\/\/www.facebook.com\/AurenArg\/\" \/>\n<meta property=\"og:image\" content=\"https:\/\/auren.com\/ar\/wp-content\/uploads\/2019\/09\/900x520_29-1.jpg\" \/>\n\t<meta property=\"og:image:width\" content=\"900\" \/>\n\t<meta property=\"og:image:height\" content=\"520\" \/>\n\t<meta property=\"og:image:type\" content=\"image\/jpeg\" \/>\n<meta name=\"twitter:card\" content=\"summary_large_image\" \/>\n<meta name=\"twitter:site\" content=\"@AUREN_Argentina\" \/>\n<meta name=\"twitter:label1\" content=\"Tiempo de lectura\" \/>\n\t<meta name=\"twitter:data1\" content=\"4 minutos\" \/>\n<script type=\"application\/ld+json\" class=\"yoast-schema-graph\">{\"@context\":\"https:\\\/\\\/schema.org\",\"@graph\":[{\"@type\":\"WebPage\",\"@id\":\"https:\\\/\\\/auren.com\\\/ar\\\/noticias\\\/prensa-logico-rechazan-eventual-aumento-de-bienes-personales-diario-ambito-financiero-26-9-2019\\\/\",\"url\":\"https:\\\/\\\/auren.com\\\/ar\\\/noticias\\\/prensa-logico-rechazan-eventual-aumento-de-bienes-personales-diario-ambito-financiero-26-9-2019\\\/\",\"name\":\"Prensa. L\u00f3gico: Rechazan eventual aumento de bienes personales (Diario \u00c1mbito Financiero 26\\\/9\\\/2019) - Auren Argentina\",\"isPartOf\":{\"@id\":\"https:\\\/\\\/auren.com\\\/ar\\\/#website\"},\"primaryImageOfPage\":{\"@id\":\"https:\\\/\\\/auren.com\\\/ar\\\/noticias\\\/prensa-logico-rechazan-eventual-aumento-de-bienes-personales-diario-ambito-financiero-26-9-2019\\\/#primaryimage\"},\"image\":{\"@id\":\"https:\\\/\\\/auren.com\\\/ar\\\/noticias\\\/prensa-logico-rechazan-eventual-aumento-de-bienes-personales-diario-ambito-financiero-26-9-2019\\\/#primaryimage\"},\"thumbnailUrl\":\"https:\\\/\\\/auren.com\\\/ar\\\/wp-content\\\/uploads\\\/2019\\\/09\\\/900x520_29-1.jpg\",\"datePublished\":\"2019-09-26T14:28:20+00:00\",\"breadcrumb\":{\"@id\":\"https:\\\/\\\/auren.com\\\/ar\\\/noticias\\\/prensa-logico-rechazan-eventual-aumento-de-bienes-personales-diario-ambito-financiero-26-9-2019\\\/#breadcrumb\"},\"inLanguage\":\"es\",\"potentialAction\":[{\"@type\":\"ReadAction\",\"target\":[\"https:\\\/\\\/auren.com\\\/ar\\\/noticias\\\/prensa-logico-rechazan-eventual-aumento-de-bienes-personales-diario-ambito-financiero-26-9-2019\\\/\"]}]},{\"@type\":\"ImageObject\",\"inLanguage\":\"es\",\"@id\":\"https:\\\/\\\/auren.com\\\/ar\\\/noticias\\\/prensa-logico-rechazan-eventual-aumento-de-bienes-personales-diario-ambito-financiero-26-9-2019\\\/#primaryimage\",\"url\":\"https:\\\/\\\/auren.com\\\/ar\\\/wp-content\\\/uploads\\\/2019\\\/09\\\/900x520_29-1.jpg\",\"contentUrl\":\"https:\\\/\\\/auren.com\\\/ar\\\/wp-content\\\/uploads\\\/2019\\\/09\\\/900x520_29-1.jpg\",\"width\":900,\"height\":520},{\"@type\":\"BreadcrumbList\",\"@id\":\"https:\\\/\\\/auren.com\\\/ar\\\/noticias\\\/prensa-logico-rechazan-eventual-aumento-de-bienes-personales-diario-ambito-financiero-26-9-2019\\\/#breadcrumb\",\"itemListElement\":[{\"@type\":\"ListItem\",\"position\":1,\"name\":\"Portada\",\"item\":\"https:\\\/\\\/auren.com\\\/ar\\\/\"},{\"@type\":\"ListItem\",\"position\":2,\"name\":\"Prensa. L\u00f3gico: Rechazan eventual aumento de bienes personales (Diario \u00c1mbito Financiero 26\\\/9\\\/2019)\"}]},{\"@type\":\"WebSite\",\"@id\":\"https:\\\/\\\/auren.com\\\/ar\\\/#website\",\"url\":\"https:\\\/\\\/auren.com\\\/ar\\\/\",\"name\":\"Auren Argentina\",\"description\":\"\",\"publisher\":{\"@id\":\"https:\\\/\\\/auren.com\\\/ar\\\/#organization\"},\"potentialAction\":[{\"@type\":\"SearchAction\",\"target\":{\"@type\":\"EntryPoint\",\"urlTemplate\":\"https:\\\/\\\/auren.com\\\/ar\\\/?s={search_term_string}\"},\"query-input\":{\"@type\":\"PropertyValueSpecification\",\"valueRequired\":true,\"valueName\":\"search_term_string\"}}],\"inLanguage\":\"es\"},{\"@type\":\"Organization\",\"@id\":\"https:\\\/\\\/auren.com\\\/ar\\\/#organization\",\"name\":\"Auren Argentina\",\"url\":\"https:\\\/\\\/auren.com\\\/ar\\\/\",\"logo\":{\"@type\":\"ImageObject\",\"inLanguage\":\"es\",\"@id\":\"https:\\\/\\\/auren.com\\\/ar\\\/#\\\/schema\\\/logo\\\/image\\\/\",\"url\":\"https:\\\/\\\/auren.com\\\/ar\\\/wp-content\\\/uploads\\\/2025\\\/01\\\/cropped-cropped-favicon-Auren.png\",\"contentUrl\":\"https:\\\/\\\/auren.com\\\/ar\\\/wp-content\\\/uploads\\\/2025\\\/01\\\/cropped-cropped-favicon-Auren.png\",\"width\":512,\"height\":512,\"caption\":\"Auren Argentina\"},\"image\":{\"@id\":\"https:\\\/\\\/auren.com\\\/ar\\\/#\\\/schema\\\/logo\\\/image\\\/\"},\"sameAs\":[\"https:\\\/\\\/www.facebook.com\\\/AurenArg\\\/\",\"https:\\\/\\\/x.com\\\/AUREN_Argentina\",\"https:\\\/\\\/www.linkedin.com\\\/company\\\/aurenargentina\",\"https:\\\/\\\/www.youtube.com\\\/channel\\\/UCSCseiHMECB0uMBGF9wtjSw\",\"https:\\\/\\\/www.instagram.com\\\/aurenargentina\\\/\"]}]}<\/script>\n<!-- \/ Yoast SEO plugin. -->","yoast_head_json":{"title":"Prensa. L\u00f3gico: Rechazan eventual aumento de bienes personales (Diario \u00c1mbito Financiero 26\/9\/2019) - Auren Argentina","robots":{"index":"index","follow":"follow","max-snippet":"max-snippet:-1","max-image-preview":"max-image-preview:large","max-video-preview":"max-video-preview:-1"},"canonical":"https:\/\/auren.com\/ar\/noticias\/prensa-logico-rechazan-eventual-aumento-de-bienes-personales-diario-ambito-financiero-26-9-2019\/","og_locale":"es_ES","og_type":"article","og_title":"Prensa. L\u00f3gico: Rechazan eventual aumento de bienes personales (Diario \u00c1mbito Financiero 26\/9\/2019) - Auren Argentina","og_description":"Para Federico Costantino, Director de Impuestos de Auren podr\u00eda ser dif\u00edcil de implementar considerando la fungibilidad de los bienes, ya que es posible que muchos de los bienes que se blanquearon ya no est\u00e9n en el patrimonio de los contribuyentes.","og_url":"https:\/\/auren.com\/ar\/noticias\/prensa-logico-rechazan-eventual-aumento-de-bienes-personales-diario-ambito-financiero-26-9-2019\/","og_site_name":"Auren Argentina","article_publisher":"https:\/\/www.facebook.com\/AurenArg\/","og_image":[{"width":900,"height":520,"url":"https:\/\/auren.com\/ar\/wp-content\/uploads\/2019\/09\/900x520_29-1.jpg","type":"image\/jpeg"}],"twitter_card":"summary_large_image","twitter_site":"@AUREN_Argentina","twitter_misc":{"Tiempo de lectura":"4 minutos"},"schema":{"@context":"https:\/\/schema.org","@graph":[{"@type":"WebPage","@id":"https:\/\/auren.com\/ar\/noticias\/prensa-logico-rechazan-eventual-aumento-de-bienes-personales-diario-ambito-financiero-26-9-2019\/","url":"https:\/\/auren.com\/ar\/noticias\/prensa-logico-rechazan-eventual-aumento-de-bienes-personales-diario-ambito-financiero-26-9-2019\/","name":"Prensa. L\u00f3gico: Rechazan eventual aumento de bienes personales (Diario \u00c1mbito Financiero 26\/9\/2019) - Auren Argentina","isPartOf":{"@id":"https:\/\/auren.com\/ar\/#website"},"primaryImageOfPage":{"@id":"https:\/\/auren.com\/ar\/noticias\/prensa-logico-rechazan-eventual-aumento-de-bienes-personales-diario-ambito-financiero-26-9-2019\/#primaryimage"},"image":{"@id":"https:\/\/auren.com\/ar\/noticias\/prensa-logico-rechazan-eventual-aumento-de-bienes-personales-diario-ambito-financiero-26-9-2019\/#primaryimage"},"thumbnailUrl":"https:\/\/auren.com\/ar\/wp-content\/uploads\/2019\/09\/900x520_29-1.jpg","datePublished":"2019-09-26T14:28:20+00:00","breadcrumb":{"@id":"https:\/\/auren.com\/ar\/noticias\/prensa-logico-rechazan-eventual-aumento-de-bienes-personales-diario-ambito-financiero-26-9-2019\/#breadcrumb"},"inLanguage":"es","potentialAction":[{"@type":"ReadAction","target":["https:\/\/auren.com\/ar\/noticias\/prensa-logico-rechazan-eventual-aumento-de-bienes-personales-diario-ambito-financiero-26-9-2019\/"]}]},{"@type":"ImageObject","inLanguage":"es","@id":"https:\/\/auren.com\/ar\/noticias\/prensa-logico-rechazan-eventual-aumento-de-bienes-personales-diario-ambito-financiero-26-9-2019\/#primaryimage","url":"https:\/\/auren.com\/ar\/wp-content\/uploads\/2019\/09\/900x520_29-1.jpg","contentUrl":"https:\/\/auren.com\/ar\/wp-content\/uploads\/2019\/09\/900x520_29-1.jpg","width":900,"height":520},{"@type":"BreadcrumbList","@id":"https:\/\/auren.com\/ar\/noticias\/prensa-logico-rechazan-eventual-aumento-de-bienes-personales-diario-ambito-financiero-26-9-2019\/#breadcrumb","itemListElement":[{"@type":"ListItem","position":1,"name":"Portada","item":"https:\/\/auren.com\/ar\/"},{"@type":"ListItem","position":2,"name":"Prensa. L\u00f3gico: Rechazan eventual aumento de bienes personales (Diario \u00c1mbito Financiero 26\/9\/2019)"}]},{"@type":"WebSite","@id":"https:\/\/auren.com\/ar\/#website","url":"https:\/\/auren.com\/ar\/","name":"Auren Argentina","description":"","publisher":{"@id":"https:\/\/auren.com\/ar\/#organization"},"potentialAction":[{"@type":"SearchAction","target":{"@type":"EntryPoint","urlTemplate":"https:\/\/auren.com\/ar\/?s={search_term_string}"},"query-input":{"@type":"PropertyValueSpecification","valueRequired":true,"valueName":"search_term_string"}}],"inLanguage":"es"},{"@type":"Organization","@id":"https:\/\/auren.com\/ar\/#organization","name":"Auren Argentina","url":"https:\/\/auren.com\/ar\/","logo":{"@type":"ImageObject","inLanguage":"es","@id":"https:\/\/auren.com\/ar\/#\/schema\/logo\/image\/","url":"https:\/\/auren.com\/ar\/wp-content\/uploads\/2025\/01\/cropped-cropped-favicon-Auren.png","contentUrl":"https:\/\/auren.com\/ar\/wp-content\/uploads\/2025\/01\/cropped-cropped-favicon-Auren.png","width":512,"height":512,"caption":"Auren Argentina"},"image":{"@id":"https:\/\/auren.com\/ar\/#\/schema\/logo\/image\/"},"sameAs":["https:\/\/www.facebook.com\/AurenArg\/","https:\/\/x.com\/AUREN_Argentina","https:\/\/www.linkedin.com\/company\/aurenargentina","https:\/\/www.youtube.com\/channel\/UCSCseiHMECB0uMBGF9wtjSw","https:\/\/www.instagram.com\/aurenargentina\/"]}]}},"_links":{"self":[{"href":"https:\/\/auren.com\/ar\/wp-json\/wp\/v2\/new\/15932","targetHints":{"allow":["GET"]}}],"collection":[{"href":"https:\/\/auren.com\/ar\/wp-json\/wp\/v2\/new"}],"about":[{"href":"https:\/\/auren.com\/ar\/wp-json\/wp\/v2\/types\/new"}],"version-history":[{"count":0,"href":"https:\/\/auren.com\/ar\/wp-json\/wp\/v2\/new\/15932\/revisions"}],"wp:featuredmedia":[{"embeddable":true,"href":"https:\/\/auren.com\/ar\/wp-json\/wp\/v2\/media\/15933"}],"wp:attachment":[{"href":"https:\/\/auren.com\/ar\/wp-json\/wp\/v2\/media?parent=15932"}],"wp:term":[{"taxonomy":"new-category","embeddable":true,"href":"https:\/\/auren.com\/ar\/wp-json\/wp\/v2\/new-category?post=15932"}],"curies":[{"name":"wp","href":"https:\/\/api.w.org\/{rel}","templated":true}]}}