{"id":40967,"date":"2026-04-28T16:06:44","date_gmt":"2026-04-28T14:06:44","guid":{"rendered":"https:\/\/auren.com\/ar\/?post_type=new&#038;p=40967"},"modified":"2026-04-28T16:06:53","modified_gmt":"2026-04-28T14:06:53","slug":"evento-19-convencion-latinoamericana-de-auren-y-15-conferencia-latinoamericana-de-antea","status":"publish","type":"new","link":"https:\/\/auren.com\/ar\/noticias\/evento-19-convencion-latinoamericana-de-auren-y-15-conferencia-latinoamericana-de-antea\/","title":{"rendered":"Evento | 19\u00b0 Convenci\u00f3n Latinoamericana de Auren y 15\u00b0 Conferencia Latinoamericana de ANTEA"},"content":{"rendered":"\n<p>Del 22 al 25 de Abril vivimos en S\u00e3o Paulo la 19\u00b0 Convenci\u00f3n Latinoamericana de Auren y la 18\u00aa Conferencia Latinoamericana de Antea.<br><br>Participamos de este encuentro regional junto a las oficinas de Latinoam\u00e9rica de Auren y miembros de <a href=\"https:\/\/www.linkedin.com\/company\/antea-alliance-of-independent-firms\/\">ANTEA Alliance of Independent Firms<\/a>, un \u00e1mbito clave para fortalecer v\u00ednculos y seguir impulsando el crecimiento en la regi\u00f3n.<br><br>Un gran espacio de intercambio, experiencias y aprendizaje, donde se abordaron temas estrat\u00e9gicos como inteligencia artificial aplicada a servicios profesionales, novedades de cada pa\u00eds, nuevos modelos de desarrollo de negocio, geopol\u00edtica y oportunidades en LATAM.<br><br>Adem\u00e1s, destacamos la participaci\u00f3n de <a href=\"https:\/\/www.linkedin.com\/in\/marianoalvarado\/\">Mariano Alvarado<\/a>, Presidente <a href=\"https:\/\/www.linkedin.com\/search\/results\/all\/?keywords=%23aurenargentina&amp;origin=HASH_TAG_FROM_FEED\">de Auren Argentina<\/a>, <a href=\"https:\/\/www.linkedin.com\/in\/salernoluis\/\">Luis Salerno<\/a> y <a href=\"https:\/\/www.linkedin.com\/in\/diegoerben\/\">Diego Erben<\/a>, Socios de <a href=\"https:\/\/www.linkedin.com\/search\/results\/all\/?keywords=%23consultor%C3%ADa&amp;origin=HASH_TAG_FROM_FEED\">Consultor\u00eda<\/a> quienes expusieron sobre IA, la innovaci\u00f3n como motor de transformaci\u00f3n de los negocios, escenarios futuros para la regi\u00f3n y la visi\u00f3n de la firma hacia el 2030.<br><br>Reafirmamos el valor de construir relaciones, generar oportunidades y pensar el futuro \ud83d\ude80<br><br>Gracias a todos los que participaron y especialmente a los anfitriones en S\u00e3o Paulo <a href=\"https:\/\/www.linkedin.com\/company\/tmma-adv\/\">TMMA &#8211; Toste Marques Mouaouad Aguiar Advogados<\/a> <a href=\"https:\/\/www.linkedin.com\/company\/numericbrasil\/\">Numeric Brasil<\/a> <a href=\"https:\/\/www.linkedin.com\/company\/opiniaobr\/\">Opini\u00e3o<\/a> <a href=\"https:\/\/www.linkedin.com\/company\/vms-advogados\/\">VMS &#8211; Ver\u00edssimo, Moreira &amp; Simas Advogados<\/a> por recibirnos!<\/p>\n\n\n\n<figure class=\"wp-block-gallery has-nested-images columns-default is-cropped wp-block-gallery-1 is-layout-flex wp-block-gallery-is-layout-flex\">\n<figure class=\"wp-block-image size-full\"><img decoding=\"async\" width=\"480\" height=\"600\" data-id=\"40986\" data-src=\"https:\/\/auren.com\/ar\/wp-content\/uploads\/2026\/04\/Convencion-0-1.jpeg\" alt=\"\" class=\"wp-image-40986 lazyload\" data-srcset=\"https:\/\/auren.com\/ar\/wp-content\/uploads\/2026\/04\/Convencion-0-1.jpeg 480w, https:\/\/auren.com\/ar\/wp-content\/uploads\/2026\/04\/Convencion-0-1-240x300.jpeg 240w\" data-sizes=\"(max-width: 480px) 100vw, 480px\" src=\"data:image\/svg+xml;base64,PHN2ZyB3aWR0aD0iMSIgaGVpZ2h0PSIxIiB4bWxucz0iaHR0cDovL3d3dy53My5vcmcvMjAwMC9zdmciPjwvc3ZnPg==\" style=\"--smush-placeholder-width: 480px; --smush-placeholder-aspect-ratio: 480\/600;\" \/><\/figure>\n\n\n\n<figure class=\"wp-block-image size-full\"><img decoding=\"async\" width=\"480\" height=\"563\" data-id=\"40987\" data-src=\"https:\/\/auren.com\/ar\/wp-content\/uploads\/2026\/04\/Convencion-1-1.jpeg\" alt=\"\" class=\"wp-image-40987 lazyload\" data-srcset=\"https:\/\/auren.com\/ar\/wp-content\/uploads\/2026\/04\/Convencion-1-1.jpeg 480w, https:\/\/auren.com\/ar\/wp-content\/uploads\/2026\/04\/Convencion-1-1-256x300.jpeg 256w\" data-sizes=\"(max-width: 480px) 100vw, 480px\" src=\"data:image\/svg+xml;base64,PHN2ZyB3aWR0aD0iMSIgaGVpZ2h0PSIxIiB4bWxucz0iaHR0cDovL3d3dy53My5vcmcvMjAwMC9zdmciPjwvc3ZnPg==\" style=\"--smush-placeholder-width: 480px; --smush-placeholder-aspect-ratio: 480\/563;\" \/><\/figure>\n\n\n\n<figure class=\"wp-block-image size-large\"><img decoding=\"async\" width=\"480\" height=\"600\" data-id=\"40989\" data-src=\"https:\/\/auren.com\/ar\/wp-content\/uploads\/2026\/04\/Convencion-2-1.jpeg\" alt=\"\" class=\"wp-image-40989 lazyload\" data-srcset=\"https:\/\/auren.com\/ar\/wp-content\/uploads\/2026\/04\/Convencion-2-1.jpeg 480w, https:\/\/auren.com\/ar\/wp-content\/uploads\/2026\/04\/Convencion-2-1-240x300.jpeg 240w\" data-sizes=\"(max-width: 480px) 100vw, 480px\" src=\"data:image\/svg+xml;base64,PHN2ZyB3aWR0aD0iMSIgaGVpZ2h0PSIxIiB4bWxucz0iaHR0cDovL3d3dy53My5vcmcvMjAwMC9zdmciPjwvc3ZnPg==\" style=\"--smush-placeholder-width: 480px; --smush-placeholder-aspect-ratio: 480\/600;\" \/><\/figure>\n\n\n\n<figure class=\"wp-block-image size-full\"><img decoding=\"async\" width=\"480\" height=\"600\" data-id=\"40988\" data-src=\"https:\/\/auren.com\/ar\/wp-content\/uploads\/2026\/04\/Convencion-3-1.jpeg\" alt=\"\" class=\"wp-image-40988 lazyload\" data-srcset=\"https:\/\/auren.com\/ar\/wp-content\/uploads\/2026\/04\/Convencion-3-1.jpeg 480w, https:\/\/auren.com\/ar\/wp-content\/uploads\/2026\/04\/Convencion-3-1-240x300.jpeg 240w\" data-sizes=\"(max-width: 480px) 100vw, 480px\" src=\"data:image\/svg+xml;base64,PHN2ZyB3aWR0aD0iMSIgaGVpZ2h0PSIxIiB4bWxucz0iaHR0cDovL3d3dy53My5vcmcvMjAwMC9zdmciPjwvc3ZnPg==\" style=\"--smush-placeholder-width: 480px; --smush-placeholder-aspect-ratio: 480\/600;\" \/><\/figure>\n\n\n\n<figure class=\"wp-block-image size-large\"><img decoding=\"async\" width=\"681\" height=\"1003\" data-id=\"40992\" data-src=\"https:\/\/auren.com\/ar\/wp-content\/uploads\/2026\/04\/Convencion-4-1.jpeg\" alt=\"\" class=\"wp-image-40992 lazyload\" data-srcset=\"https:\/\/auren.com\/ar\/wp-content\/uploads\/2026\/04\/Convencion-4-1.jpeg 681w, https:\/\/auren.com\/ar\/wp-content\/uploads\/2026\/04\/Convencion-4-1-204x300.jpeg 204w\" data-sizes=\"(max-width: 681px) 100vw, 681px\" src=\"data:image\/svg+xml;base64,PHN2ZyB3aWR0aD0iMSIgaGVpZ2h0PSIxIiB4bWxucz0iaHR0cDovL3d3dy53My5vcmcvMjAwMC9zdmciPjwvc3ZnPg==\" style=\"--smush-placeholder-width: 681px; --smush-placeholder-aspect-ratio: 681\/1003;\" \/><\/figure>\n\n\n\n<figure class=\"wp-block-image size-large\"><img decoding=\"async\" width=\"1024\" height=\"768\" data-id=\"40995\" data-src=\"https:\/\/auren.com\/ar\/wp-content\/uploads\/2026\/04\/Convencion-5-1-1024x768.jpeg\" alt=\"\" class=\"wp-image-40995 lazyload\" data-srcset=\"https:\/\/auren.com\/ar\/wp-content\/uploads\/2026\/04\/Convencion-5-1-1024x768.jpeg 1024w, https:\/\/auren.com\/ar\/wp-content\/uploads\/2026\/04\/Convencion-5-1-300x225.jpeg 300w, https:\/\/auren.com\/ar\/wp-content\/uploads\/2026\/04\/Convencion-5-1-768x576.jpeg 768w, https:\/\/auren.com\/ar\/wp-content\/uploads\/2026\/04\/Convencion-5-1-1536x1152.jpeg 1536w, https:\/\/auren.com\/ar\/wp-content\/uploads\/2026\/04\/Convencion-5-1.jpeg 1600w\" data-sizes=\"(max-width: 1024px) 100vw, 1024px\" src=\"data:image\/svg+xml;base64,PHN2ZyB3aWR0aD0iMSIgaGVpZ2h0PSIxIiB4bWxucz0iaHR0cDovL3d3dy53My5vcmcvMjAwMC9zdmciPjwvc3ZnPg==\" style=\"--smush-placeholder-width: 1024px; --smush-placeholder-aspect-ratio: 1024\/768;\" \/><\/figure>\n<\/figure>\n","protected":false},"excerpt":{"rendered":"<p>Del 22 al 25 de Abril vivimos en S\u00e3o Paulo la 19\u00b0 Convenci\u00f3n Latinoamericana de Auren y la 18\u00aa Conferencia Latinoamericana de Antea. Participamos de este encuentro regional junto a las oficinas de Latinoam\u00e9rica de Auren y miembros de ANTEA Alliance of Independent Firms, un \u00e1mbito clave para fortalecer v\u00ednculos y seguir impulsando el crecimiento [&hellip;]<\/p>\n","protected":false},"featured_media":40968,"template":"","meta":{"_acf_changed":true,"footnotes":""},"new-category":[543,542,540,545],"class_list":["post-40967","new","type-new","status-publish","has-post-thumbnail","hentry","new-category-antea","new-category-auren-argentina","new-category-convencion","new-category-latam"],"acf":[],"yoast_head":"<!-- This site is optimized with the Yoast SEO plugin v27.4 - https:\/\/yoast.com\/product\/yoast-seo-wordpress\/ -->\n<title>Evento | 19\u00b0 Convenci\u00f3n Latinoamericana de Auren y 15\u00b0 Conferencia Latinoamericana de ANTEA - Auren Argentina<\/title>\n<meta name=\"description\" content=\"Auren Argentina particip\u00f3 en S\u00e3o Paulo de la 19\u00b0 Convenci\u00f3n Latinoamericana de Auren y la 18\u00aa Conferencia Latinoamericana de Antea.\" \/>\n<meta name=\"robots\" content=\"index, follow, max-snippet:-1, max-image-preview:large, max-video-preview:-1\" \/>\n<link rel=\"canonical\" href=\"https:\/\/auren.com\/ar\/noticias\/evento-19-convencion-latinoamericana-de-auren-y-15-conferencia-latinoamericana-de-antea\/\" \/>\n<meta property=\"og:locale\" content=\"es_ES\" \/>\n<meta property=\"og:type\" content=\"article\" \/>\n<meta property=\"og:title\" content=\"Evento | 19\u00b0 Convenci\u00f3n Latinoamericana de Auren y 15\u00b0 Conferencia Latinoamericana de ANTEA - Auren Argentina\" \/>\n<meta property=\"og:description\" content=\"Auren Argentina particip\u00f3 en S\u00e3o Paulo de la 19\u00b0 Convenci\u00f3n Latinoamericana de Auren y la 18\u00aa Conferencia Latinoamericana de Antea.\" \/>\n<meta property=\"og:url\" content=\"https:\/\/auren.com\/ar\/noticias\/evento-19-convencion-latinoamericana-de-auren-y-15-conferencia-latinoamericana-de-antea\/\" \/>\n<meta property=\"og:site_name\" content=\"Auren Argentina\" \/>\n<meta property=\"article:publisher\" content=\"https:\/\/www.facebook.com\/AurenArg\/\" \/>\n<meta property=\"article:modified_time\" content=\"2026-04-28T14:06:53+00:00\" \/>\n<meta property=\"og:image\" content=\"https:\/\/auren.com\/ar\/wp-content\/uploads\/2026\/04\/Convencion-0.jpeg\" \/>\n\t<meta property=\"og:image:width\" content=\"480\" \/>\n\t<meta property=\"og:image:height\" content=\"600\" \/>\n\t<meta property=\"og:image:type\" content=\"image\/jpeg\" \/>\n<meta name=\"twitter:card\" content=\"summary_large_image\" \/>\n<meta name=\"twitter:site\" content=\"@AUREN_Argentina\" \/>\n<meta name=\"twitter:label1\" content=\"Tiempo de lectura\" \/>\n\t<meta name=\"twitter:data1\" content=\"3 minutos\" \/>\n<script type=\"application\/ld+json\" class=\"yoast-schema-graph\">{\"@context\":\"https:\\\/\\\/schema.org\",\"@graph\":[{\"@type\":\"WebPage\",\"@id\":\"https:\\\/\\\/auren.com\\\/ar\\\/noticias\\\/evento-19-convencion-latinoamericana-de-auren-y-15-conferencia-latinoamericana-de-antea\\\/\",\"url\":\"https:\\\/\\\/auren.com\\\/ar\\\/noticias\\\/evento-19-convencion-latinoamericana-de-auren-y-15-conferencia-latinoamericana-de-antea\\\/\",\"name\":\"Evento | 19\u00b0 Convenci\u00f3n Latinoamericana de Auren y 15\u00b0 Conferencia Latinoamericana de ANTEA - Auren Argentina\",\"isPartOf\":{\"@id\":\"https:\\\/\\\/auren.com\\\/ar\\\/#website\"},\"primaryImageOfPage\":{\"@id\":\"https:\\\/\\\/auren.com\\\/ar\\\/noticias\\\/evento-19-convencion-latinoamericana-de-auren-y-15-conferencia-latinoamericana-de-antea\\\/#primaryimage\"},\"image\":{\"@id\":\"https:\\\/\\\/auren.com\\\/ar\\\/noticias\\\/evento-19-convencion-latinoamericana-de-auren-y-15-conferencia-latinoamericana-de-antea\\\/#primaryimage\"},\"thumbnailUrl\":\"https:\\\/\\\/auren.com\\\/ar\\\/wp-content\\\/uploads\\\/2026\\\/04\\\/Convencion-0.jpeg\",\"datePublished\":\"2026-04-28T14:06:44+00:00\",\"dateModified\":\"2026-04-28T14:06:53+00:00\",\"description\":\"Auren Argentina particip\u00f3 en S\u00e3o Paulo de la 19\u00b0 Convenci\u00f3n Latinoamericana de Auren y la 18\u00aa Conferencia Latinoamericana de Antea.\",\"breadcrumb\":{\"@id\":\"https:\\\/\\\/auren.com\\\/ar\\\/noticias\\\/evento-19-convencion-latinoamericana-de-auren-y-15-conferencia-latinoamericana-de-antea\\\/#breadcrumb\"},\"inLanguage\":\"es\",\"potentialAction\":[{\"@type\":\"ReadAction\",\"target\":[\"https:\\\/\\\/auren.com\\\/ar\\\/noticias\\\/evento-19-convencion-latinoamericana-de-auren-y-15-conferencia-latinoamericana-de-antea\\\/\"]}]},{\"@type\":\"ImageObject\",\"inLanguage\":\"es\",\"@id\":\"https:\\\/\\\/auren.com\\\/ar\\\/noticias\\\/evento-19-convencion-latinoamericana-de-auren-y-15-conferencia-latinoamericana-de-antea\\\/#primaryimage\",\"url\":\"https:\\\/\\\/auren.com\\\/ar\\\/wp-content\\\/uploads\\\/2026\\\/04\\\/Convencion-0.jpeg\",\"contentUrl\":\"https:\\\/\\\/auren.com\\\/ar\\\/wp-content\\\/uploads\\\/2026\\\/04\\\/Convencion-0.jpeg\",\"width\":480,\"height\":600},{\"@type\":\"BreadcrumbList\",\"@id\":\"https:\\\/\\\/auren.com\\\/ar\\\/noticias\\\/evento-19-convencion-latinoamericana-de-auren-y-15-conferencia-latinoamericana-de-antea\\\/#breadcrumb\",\"itemListElement\":[{\"@type\":\"ListItem\",\"position\":1,\"name\":\"Portada\",\"item\":\"https:\\\/\\\/auren.com\\\/ar\\\/\"},{\"@type\":\"ListItem\",\"position\":2,\"name\":\"Evento | 19\u00b0 Convenci\u00f3n Latinoamericana de Auren y 15\u00b0 Conferencia Latinoamericana de ANTEA\"}]},{\"@type\":\"WebSite\",\"@id\":\"https:\\\/\\\/auren.com\\\/ar\\\/#website\",\"url\":\"https:\\\/\\\/auren.com\\\/ar\\\/\",\"name\":\"Auren Argentina\",\"description\":\"\",\"publisher\":{\"@id\":\"https:\\\/\\\/auren.com\\\/ar\\\/#organization\"},\"potentialAction\":[{\"@type\":\"SearchAction\",\"target\":{\"@type\":\"EntryPoint\",\"urlTemplate\":\"https:\\\/\\\/auren.com\\\/ar\\\/?s={search_term_string}\"},\"query-input\":{\"@type\":\"PropertyValueSpecification\",\"valueRequired\":true,\"valueName\":\"search_term_string\"}}],\"inLanguage\":\"es\"},{\"@type\":\"Organization\",\"@id\":\"https:\\\/\\\/auren.com\\\/ar\\\/#organization\",\"name\":\"Auren Argentina\",\"url\":\"https:\\\/\\\/auren.com\\\/ar\\\/\",\"logo\":{\"@type\":\"ImageObject\",\"inLanguage\":\"es\",\"@id\":\"https:\\\/\\\/auren.com\\\/ar\\\/#\\\/schema\\\/logo\\\/image\\\/\",\"url\":\"https:\\\/\\\/auren.com\\\/ar\\\/wp-content\\\/uploads\\\/2025\\\/01\\\/cropped-cropped-favicon-Auren.png\",\"contentUrl\":\"https:\\\/\\\/auren.com\\\/ar\\\/wp-content\\\/uploads\\\/2025\\\/01\\\/cropped-cropped-favicon-Auren.png\",\"width\":512,\"height\":512,\"caption\":\"Auren Argentina\"},\"image\":{\"@id\":\"https:\\\/\\\/auren.com\\\/ar\\\/#\\\/schema\\\/logo\\\/image\\\/\"},\"sameAs\":[\"https:\\\/\\\/www.facebook.com\\\/AurenArg\\\/\",\"https:\\\/\\\/x.com\\\/AUREN_Argentina\",\"https:\\\/\\\/www.linkedin.com\\\/company\\\/aurenargentina\",\"https:\\\/\\\/www.youtube.com\\\/channel\\\/UCSCseiHMECB0uMBGF9wtjSw\",\"https:\\\/\\\/www.instagram.com\\\/aurenargentina\\\/\"]}]}<\/script>\n<!-- \/ Yoast SEO plugin. -->","yoast_head_json":{"title":"Evento | 19\u00b0 Convenci\u00f3n Latinoamericana de Auren y 15\u00b0 Conferencia Latinoamericana de ANTEA - Auren Argentina","description":"Auren Argentina particip\u00f3 en S\u00e3o Paulo de la 19\u00b0 Convenci\u00f3n Latinoamericana de Auren y la 18\u00aa Conferencia Latinoamericana de Antea.","robots":{"index":"index","follow":"follow","max-snippet":"max-snippet:-1","max-image-preview":"max-image-preview:large","max-video-preview":"max-video-preview:-1"},"canonical":"https:\/\/auren.com\/ar\/noticias\/evento-19-convencion-latinoamericana-de-auren-y-15-conferencia-latinoamericana-de-antea\/","og_locale":"es_ES","og_type":"article","og_title":"Evento | 19\u00b0 Convenci\u00f3n Latinoamericana de Auren y 15\u00b0 Conferencia Latinoamericana de ANTEA - Auren Argentina","og_description":"Auren Argentina particip\u00f3 en S\u00e3o Paulo de la 19\u00b0 Convenci\u00f3n Latinoamericana de Auren y la 18\u00aa Conferencia Latinoamericana de Antea.","og_url":"https:\/\/auren.com\/ar\/noticias\/evento-19-convencion-latinoamericana-de-auren-y-15-conferencia-latinoamericana-de-antea\/","og_site_name":"Auren Argentina","article_publisher":"https:\/\/www.facebook.com\/AurenArg\/","article_modified_time":"2026-04-28T14:06:53+00:00","og_image":[{"width":480,"height":600,"url":"https:\/\/auren.com\/ar\/wp-content\/uploads\/2026\/04\/Convencion-0.jpeg","type":"image\/jpeg"}],"twitter_card":"summary_large_image","twitter_site":"@AUREN_Argentina","twitter_misc":{"Tiempo de lectura":"3 minutos"},"schema":{"@context":"https:\/\/schema.org","@graph":[{"@type":"WebPage","@id":"https:\/\/auren.com\/ar\/noticias\/evento-19-convencion-latinoamericana-de-auren-y-15-conferencia-latinoamericana-de-antea\/","url":"https:\/\/auren.com\/ar\/noticias\/evento-19-convencion-latinoamericana-de-auren-y-15-conferencia-latinoamericana-de-antea\/","name":"Evento | 19\u00b0 Convenci\u00f3n Latinoamericana de Auren y 15\u00b0 Conferencia Latinoamericana de ANTEA - Auren Argentina","isPartOf":{"@id":"https:\/\/auren.com\/ar\/#website"},"primaryImageOfPage":{"@id":"https:\/\/auren.com\/ar\/noticias\/evento-19-convencion-latinoamericana-de-auren-y-15-conferencia-latinoamericana-de-antea\/#primaryimage"},"image":{"@id":"https:\/\/auren.com\/ar\/noticias\/evento-19-convencion-latinoamericana-de-auren-y-15-conferencia-latinoamericana-de-antea\/#primaryimage"},"thumbnailUrl":"https:\/\/auren.com\/ar\/wp-content\/uploads\/2026\/04\/Convencion-0.jpeg","datePublished":"2026-04-28T14:06:44+00:00","dateModified":"2026-04-28T14:06:53+00:00","description":"Auren Argentina particip\u00f3 en S\u00e3o Paulo de la 19\u00b0 Convenci\u00f3n Latinoamericana de Auren y la 18\u00aa Conferencia Latinoamericana de Antea.","breadcrumb":{"@id":"https:\/\/auren.com\/ar\/noticias\/evento-19-convencion-latinoamericana-de-auren-y-15-conferencia-latinoamericana-de-antea\/#breadcrumb"},"inLanguage":"es","potentialAction":[{"@type":"ReadAction","target":["https:\/\/auren.com\/ar\/noticias\/evento-19-convencion-latinoamericana-de-auren-y-15-conferencia-latinoamericana-de-antea\/"]}]},{"@type":"ImageObject","inLanguage":"es","@id":"https:\/\/auren.com\/ar\/noticias\/evento-19-convencion-latinoamericana-de-auren-y-15-conferencia-latinoamericana-de-antea\/#primaryimage","url":"https:\/\/auren.com\/ar\/wp-content\/uploads\/2026\/04\/Convencion-0.jpeg","contentUrl":"https:\/\/auren.com\/ar\/wp-content\/uploads\/2026\/04\/Convencion-0.jpeg","width":480,"height":600},{"@type":"BreadcrumbList","@id":"https:\/\/auren.com\/ar\/noticias\/evento-19-convencion-latinoamericana-de-auren-y-15-conferencia-latinoamericana-de-antea\/#breadcrumb","itemListElement":[{"@type":"ListItem","position":1,"name":"Portada","item":"https:\/\/auren.com\/ar\/"},{"@type":"ListItem","position":2,"name":"Evento | 19\u00b0 Convenci\u00f3n Latinoamericana de Auren y 15\u00b0 Conferencia Latinoamericana de ANTEA"}]},{"@type":"WebSite","@id":"https:\/\/auren.com\/ar\/#website","url":"https:\/\/auren.com\/ar\/","name":"Auren Argentina","description":"","publisher":{"@id":"https:\/\/auren.com\/ar\/#organization"},"potentialAction":[{"@type":"SearchAction","target":{"@type":"EntryPoint","urlTemplate":"https:\/\/auren.com\/ar\/?s={search_term_string}"},"query-input":{"@type":"PropertyValueSpecification","valueRequired":true,"valueName":"search_term_string"}}],"inLanguage":"es"},{"@type":"Organization","@id":"https:\/\/auren.com\/ar\/#organization","name":"Auren Argentina","url":"https:\/\/auren.com\/ar\/","logo":{"@type":"ImageObject","inLanguage":"es","@id":"https:\/\/auren.com\/ar\/#\/schema\/logo\/image\/","url":"https:\/\/auren.com\/ar\/wp-content\/uploads\/2025\/01\/cropped-cropped-favicon-Auren.png","contentUrl":"https:\/\/auren.com\/ar\/wp-content\/uploads\/2025\/01\/cropped-cropped-favicon-Auren.png","width":512,"height":512,"caption":"Auren Argentina"},"image":{"@id":"https:\/\/auren.com\/ar\/#\/schema\/logo\/image\/"},"sameAs":["https:\/\/www.facebook.com\/AurenArg\/","https:\/\/x.com\/AUREN_Argentina","https:\/\/www.linkedin.com\/company\/aurenargentina","https:\/\/www.youtube.com\/channel\/UCSCseiHMECB0uMBGF9wtjSw","https:\/\/www.instagram.com\/aurenargentina\/"]}]}},"_links":{"self":[{"href":"https:\/\/auren.com\/ar\/wp-json\/wp\/v2\/new\/40967","targetHints":{"allow":["GET"]}}],"collection":[{"href":"https:\/\/auren.com\/ar\/wp-json\/wp\/v2\/new"}],"about":[{"href":"https:\/\/auren.com\/ar\/wp-json\/wp\/v2\/types\/new"}],"version-history":[{"count":0,"href":"https:\/\/auren.com\/ar\/wp-json\/wp\/v2\/new\/40967\/revisions"}],"wp:featuredmedia":[{"embeddable":true,"href":"https:\/\/auren.com\/ar\/wp-json\/wp\/v2\/media\/40968"}],"wp:attachment":[{"href":"https:\/\/auren.com\/ar\/wp-json\/wp\/v2\/media?parent=40967"}],"wp:term":[{"taxonomy":"new-category","embeddable":true,"href":"https:\/\/auren.com\/ar\/wp-json\/wp\/v2\/new-category?post=40967"}],"curies":[{"name":"wp","href":"https:\/\/api.w.org\/{rel}","templated":true}]}}