{"id":41026,"date":"2026-04-30T22:34:52","date_gmt":"2026-04-30T20:34:52","guid":{"rendered":"https:\/\/auren.com\/ar\/?post_type=new&#038;p=41026"},"modified":"2026-04-30T22:35:19","modified_gmt":"2026-04-30T20:35:19","slug":"evento-auren-argentina-en-networking-breakfast-de-lide","status":"publish","type":"new","link":"https:\/\/auren.com\/ar\/noticias\/evento-auren-argentina-en-networking-breakfast-de-lide\/","title":{"rendered":"Evento | Auren Argentina en el Networking Breakfast de LIDE"},"content":{"rendered":"\n<p>Participamos de Networking Breakfast organizado por <a href=\"https:\/\/www.linkedin.com\/company\/lide-argentina\/\">LIDE Argentina<\/a> junto a <a href=\"https:\/\/www.linkedin.com\/search\/results\/all\/?keywords=%23federico_sturzenegger&amp;origin=HASH_TAG_FROM_FEED\">#Federico_Sturzenegger<\/a>, Ministro de Desregulaci\u00f3n y Transformaci\u00f3n del Estado de la Naci\u00f3n Argentina.<br><br>Esta semana, <a href=\"https:\/\/www.linkedin.com\/in\/diegocaridefitte\/\">Diego Caride Fitte<\/a>, Managing Partner de <a href=\"https:\/\/auren.com\/ar\/\" type=\"link\" id=\"https:\/\/auren.com\/ar\/\">Auren Argentina<\/a> form\u00f3 parte de este encuentro que reuni\u00f3 a m\u00e1s de 50 l\u00edderes empresariales.<br><br>Un espacio liderado por <a href=\"https:\/\/www.linkedin.com\/in\/rodolfo-de-felipe-0251468\/\">Rodolfo de Felipe<\/a>, Presidente de <a href=\"https:\/\/lideargentina.com\/\" type=\"link\" id=\"https:\/\/lideargentina.com\/\">LIDE Argentina<\/a> que impulsa el di\u00e1logo entre el sector p\u00fablico y privado, promueve el intercambio de perspectivas, la construcci\u00f3n de v\u00ednculos estrat\u00e9gicos y el an\u00e1lisis de los principales desaf\u00edos para el crecimiento econ\u00f3mico del pa\u00eds.<\/p>\n\n\n\n<figure class=\"wp-block-gallery has-nested-images columns-default is-cropped wp-block-gallery-1 is-layout-flex wp-block-gallery-is-layout-flex\">\n\n\n<figure class=\"wp-block-image size-large\"><img decoding=\"async\" width=\"1024\" height=\"594\" data-id=\"41036\" data-src=\"https:\/\/auren.com\/ar\/wp-content\/uploads\/2026\/04\/Networking-4-1024x594.png\" alt=\"\" class=\"wp-image-41036 lazyload\" data-srcset=\"https:\/\/auren.com\/ar\/wp-content\/uploads\/2026\/04\/Networking-4-1024x594.png 1024w, https:\/\/auren.com\/ar\/wp-content\/uploads\/2026\/04\/Networking-4-300x174.png 300w, https:\/\/auren.com\/ar\/wp-content\/uploads\/2026\/04\/Networking-4-768x446.png 768w, https:\/\/auren.com\/ar\/wp-content\/uploads\/2026\/04\/Networking-4-1536x891.png 1536w, https:\/\/auren.com\/ar\/wp-content\/uploads\/2026\/04\/Networking-4.png 1978w\" data-sizes=\"(max-width: 1024px) 100vw, 1024px\" src=\"data:image\/svg+xml;base64,PHN2ZyB3aWR0aD0iMSIgaGVpZ2h0PSIxIiB4bWxucz0iaHR0cDovL3d3dy53My5vcmcvMjAwMC9zdmciPjwvc3ZnPg==\" style=\"--smush-placeholder-width: 1024px; --smush-placeholder-aspect-ratio: 1024\/594;\" \/><\/figure>\n\n\n\n<figure class=\"wp-block-image size-large\"><img decoding=\"async\" width=\"1024\" height=\"779\" data-id=\"41033\" data-src=\"https:\/\/auren.com\/ar\/wp-content\/uploads\/2026\/04\/Networking-5-1024x779.png\" alt=\"\" class=\"wp-image-41033 lazyload\" data-srcset=\"https:\/\/auren.com\/ar\/wp-content\/uploads\/2026\/04\/Networking-5-1024x779.png 1024w, https:\/\/auren.com\/ar\/wp-content\/uploads\/2026\/04\/Networking-5-300x228.png 300w, https:\/\/auren.com\/ar\/wp-content\/uploads\/2026\/04\/Networking-5-768x584.png 768w, https:\/\/auren.com\/ar\/wp-content\/uploads\/2026\/04\/Networking-5.png 1400w\" data-sizes=\"(max-width: 1024px) 100vw, 1024px\" src=\"data:image\/svg+xml;base64,PHN2ZyB3aWR0aD0iMSIgaGVpZ2h0PSIxIiB4bWxucz0iaHR0cDovL3d3dy53My5vcmcvMjAwMC9zdmciPjwvc3ZnPg==\" style=\"--smush-placeholder-width: 1024px; --smush-placeholder-aspect-ratio: 1024\/779;\" \/><\/figure>\n<\/figure>\n","protected":false},"excerpt":{"rendered":"<p>Participamos de Networking Breakfast organizado por LIDE Argentina junto a #Federico_Sturzenegger, Ministro de Desregulaci\u00f3n y Transformaci\u00f3n del Estado de la Naci\u00f3n Argentina. Esta semana, Diego Caride Fitte, Managing Partner de Auren Argentina form\u00f3 parte de este encuentro que reuni\u00f3 a m\u00e1s de 50 l\u00edderes empresariales. Un espacio liderado por Rodolfo de Felipe, Presidente de LIDE [&hellip;]<\/p>\n","protected":false},"featured_media":41030,"template":"","meta":{"_acf_changed":true,"footnotes":""},"new-category":[],"class_list":["post-41026","new","type-new","status-publish","has-post-thumbnail","hentry"],"acf":[],"yoast_head":"<!-- This site is optimized with the Yoast SEO plugin v27.5 - https:\/\/yoast.com\/product\/yoast-seo-wordpress\/ -->\n<title>Evento | Auren Argentina en el Networking Breakfast de LIDE - Auren Argentina<\/title>\n<meta name=\"description\" content=\"Auren Argentina Particip\u00f3 de Networking Breakfast organizado por LIDE Argentina junto a Federico_Sturzenegger.\" \/>\n<meta name=\"robots\" content=\"index, follow, max-snippet:-1, max-image-preview:large, max-video-preview:-1\" \/>\n<link rel=\"canonical\" href=\"https:\/\/auren.com\/ar\/noticias\/evento-auren-argentina-en-networking-breakfast-de-lide\/\" \/>\n<meta property=\"og:locale\" content=\"es_ES\" \/>\n<meta property=\"og:type\" content=\"article\" \/>\n<meta property=\"og:title\" content=\"Evento | Auren Argentina en el Networking Breakfast de LIDE - Auren Argentina\" \/>\n<meta property=\"og:description\" content=\"Auren Argentina Particip\u00f3 de Networking Breakfast organizado por LIDE Argentina junto a Federico_Sturzenegger.\" \/>\n<meta property=\"og:url\" content=\"https:\/\/auren.com\/ar\/noticias\/evento-auren-argentina-en-networking-breakfast-de-lide\/\" \/>\n<meta property=\"og:site_name\" content=\"Auren Argentina\" \/>\n<meta property=\"article:publisher\" content=\"https:\/\/www.facebook.com\/AurenArg\/\" \/>\n<meta property=\"article:modified_time\" content=\"2026-04-30T20:35:19+00:00\" \/>\n<meta property=\"og:image\" content=\"https:\/\/auren.com\/ar\/wp-content\/uploads\/2026\/04\/Networking-3-1024x518.png\" \/>\n\t<meta property=\"og:image:width\" content=\"1024\" \/>\n\t<meta property=\"og:image:height\" content=\"518\" \/>\n\t<meta property=\"og:image:type\" content=\"image\/png\" \/>\n<meta name=\"twitter:card\" content=\"summary_large_image\" \/>\n<meta name=\"twitter:site\" content=\"@AUREN_Argentina\" \/>\n<meta name=\"twitter:label1\" content=\"Tiempo de lectura\" \/>\n\t<meta name=\"twitter:data1\" content=\"2 minutos\" \/>\n<script type=\"application\/ld+json\" class=\"yoast-schema-graph\">{\"@context\":\"https:\\\/\\\/schema.org\",\"@graph\":[{\"@type\":\"WebPage\",\"@id\":\"https:\\\/\\\/auren.com\\\/ar\\\/noticias\\\/evento-auren-argentina-en-networking-breakfast-de-lide\\\/\",\"url\":\"https:\\\/\\\/auren.com\\\/ar\\\/noticias\\\/evento-auren-argentina-en-networking-breakfast-de-lide\\\/\",\"name\":\"Evento | Auren Argentina en el Networking Breakfast de LIDE - Auren Argentina\",\"isPartOf\":{\"@id\":\"https:\\\/\\\/auren.com\\\/ar\\\/#website\"},\"primaryImageOfPage\":{\"@id\":\"https:\\\/\\\/auren.com\\\/ar\\\/noticias\\\/evento-auren-argentina-en-networking-breakfast-de-lide\\\/#primaryimage\"},\"image\":{\"@id\":\"https:\\\/\\\/auren.com\\\/ar\\\/noticias\\\/evento-auren-argentina-en-networking-breakfast-de-lide\\\/#primaryimage\"},\"thumbnailUrl\":\"https:\\\/\\\/auren.com\\\/ar\\\/wp-content\\\/uploads\\\/2026\\\/04\\\/Networking-3-scaled.png\",\"datePublished\":\"2026-04-30T20:34:52+00:00\",\"dateModified\":\"2026-04-30T20:35:19+00:00\",\"description\":\"Auren Argentina Particip\u00f3 de Networking Breakfast organizado por LIDE Argentina junto a Federico_Sturzenegger.\",\"breadcrumb\":{\"@id\":\"https:\\\/\\\/auren.com\\\/ar\\\/noticias\\\/evento-auren-argentina-en-networking-breakfast-de-lide\\\/#breadcrumb\"},\"inLanguage\":\"es\",\"potentialAction\":[{\"@type\":\"ReadAction\",\"target\":[\"https:\\\/\\\/auren.com\\\/ar\\\/noticias\\\/evento-auren-argentina-en-networking-breakfast-de-lide\\\/\"]}]},{\"@type\":\"ImageObject\",\"inLanguage\":\"es\",\"@id\":\"https:\\\/\\\/auren.com\\\/ar\\\/noticias\\\/evento-auren-argentina-en-networking-breakfast-de-lide\\\/#primaryimage\",\"url\":\"https:\\\/\\\/auren.com\\\/ar\\\/wp-content\\\/uploads\\\/2026\\\/04\\\/Networking-3-scaled.png\",\"contentUrl\":\"https:\\\/\\\/auren.com\\\/ar\\\/wp-content\\\/uploads\\\/2026\\\/04\\\/Networking-3-scaled.png\",\"width\":2560,\"height\":1295},{\"@type\":\"BreadcrumbList\",\"@id\":\"https:\\\/\\\/auren.com\\\/ar\\\/noticias\\\/evento-auren-argentina-en-networking-breakfast-de-lide\\\/#breadcrumb\",\"itemListElement\":[{\"@type\":\"ListItem\",\"position\":1,\"name\":\"Portada\",\"item\":\"https:\\\/\\\/auren.com\\\/ar\\\/\"},{\"@type\":\"ListItem\",\"position\":2,\"name\":\"Evento | Auren Argentina en el Networking Breakfast de LIDE\"}]},{\"@type\":\"WebSite\",\"@id\":\"https:\\\/\\\/auren.com\\\/ar\\\/#website\",\"url\":\"https:\\\/\\\/auren.com\\\/ar\\\/\",\"name\":\"Auren Argentina\",\"description\":\"\",\"publisher\":{\"@id\":\"https:\\\/\\\/auren.com\\\/ar\\\/#organization\"},\"potentialAction\":[{\"@type\":\"SearchAction\",\"target\":{\"@type\":\"EntryPoint\",\"urlTemplate\":\"https:\\\/\\\/auren.com\\\/ar\\\/?s={search_term_string}\"},\"query-input\":{\"@type\":\"PropertyValueSpecification\",\"valueRequired\":true,\"valueName\":\"search_term_string\"}}],\"inLanguage\":\"es\"},{\"@type\":\"Organization\",\"@id\":\"https:\\\/\\\/auren.com\\\/ar\\\/#organization\",\"name\":\"Auren Argentina\",\"url\":\"https:\\\/\\\/auren.com\\\/ar\\\/\",\"logo\":{\"@type\":\"ImageObject\",\"inLanguage\":\"es\",\"@id\":\"https:\\\/\\\/auren.com\\\/ar\\\/#\\\/schema\\\/logo\\\/image\\\/\",\"url\":\"https:\\\/\\\/auren.com\\\/ar\\\/wp-content\\\/uploads\\\/2025\\\/01\\\/cropped-cropped-favicon-Auren.png\",\"contentUrl\":\"https:\\\/\\\/auren.com\\\/ar\\\/wp-content\\\/uploads\\\/2025\\\/01\\\/cropped-cropped-favicon-Auren.png\",\"width\":512,\"height\":512,\"caption\":\"Auren Argentina\"},\"image\":{\"@id\":\"https:\\\/\\\/auren.com\\\/ar\\\/#\\\/schema\\\/logo\\\/image\\\/\"},\"sameAs\":[\"https:\\\/\\\/www.facebook.com\\\/AurenArg\\\/\",\"https:\\\/\\\/x.com\\\/AUREN_Argentina\",\"https:\\\/\\\/www.linkedin.com\\\/company\\\/aurenargentina\",\"https:\\\/\\\/www.youtube.com\\\/channel\\\/UCSCseiHMECB0uMBGF9wtjSw\",\"https:\\\/\\\/www.instagram.com\\\/aurenargentina\\\/\"]}]}<\/script>\n<!-- \/ Yoast SEO plugin. -->","yoast_head_json":{"title":"Evento | Auren Argentina en el Networking Breakfast de LIDE - Auren Argentina","description":"Auren Argentina Particip\u00f3 de Networking Breakfast organizado por LIDE Argentina junto a Federico_Sturzenegger.","robots":{"index":"index","follow":"follow","max-snippet":"max-snippet:-1","max-image-preview":"max-image-preview:large","max-video-preview":"max-video-preview:-1"},"canonical":"https:\/\/auren.com\/ar\/noticias\/evento-auren-argentina-en-networking-breakfast-de-lide\/","og_locale":"es_ES","og_type":"article","og_title":"Evento | Auren Argentina en el Networking Breakfast de LIDE - Auren Argentina","og_description":"Auren Argentina Particip\u00f3 de Networking Breakfast organizado por LIDE Argentina junto a Federico_Sturzenegger.","og_url":"https:\/\/auren.com\/ar\/noticias\/evento-auren-argentina-en-networking-breakfast-de-lide\/","og_site_name":"Auren Argentina","article_publisher":"https:\/\/www.facebook.com\/AurenArg\/","article_modified_time":"2026-04-30T20:35:19+00:00","og_image":[{"width":1024,"height":518,"url":"https:\/\/auren.com\/ar\/wp-content\/uploads\/2026\/04\/Networking-3-1024x518.png","type":"image\/png"}],"twitter_card":"summary_large_image","twitter_site":"@AUREN_Argentina","twitter_misc":{"Tiempo de lectura":"2 minutos"},"schema":{"@context":"https:\/\/schema.org","@graph":[{"@type":"WebPage","@id":"https:\/\/auren.com\/ar\/noticias\/evento-auren-argentina-en-networking-breakfast-de-lide\/","url":"https:\/\/auren.com\/ar\/noticias\/evento-auren-argentina-en-networking-breakfast-de-lide\/","name":"Evento | Auren Argentina en el Networking Breakfast de LIDE - Auren Argentina","isPartOf":{"@id":"https:\/\/auren.com\/ar\/#website"},"primaryImageOfPage":{"@id":"https:\/\/auren.com\/ar\/noticias\/evento-auren-argentina-en-networking-breakfast-de-lide\/#primaryimage"},"image":{"@id":"https:\/\/auren.com\/ar\/noticias\/evento-auren-argentina-en-networking-breakfast-de-lide\/#primaryimage"},"thumbnailUrl":"https:\/\/auren.com\/ar\/wp-content\/uploads\/2026\/04\/Networking-3-scaled.png","datePublished":"2026-04-30T20:34:52+00:00","dateModified":"2026-04-30T20:35:19+00:00","description":"Auren Argentina Particip\u00f3 de Networking Breakfast organizado por LIDE Argentina junto a Federico_Sturzenegger.","breadcrumb":{"@id":"https:\/\/auren.com\/ar\/noticias\/evento-auren-argentina-en-networking-breakfast-de-lide\/#breadcrumb"},"inLanguage":"es","potentialAction":[{"@type":"ReadAction","target":["https:\/\/auren.com\/ar\/noticias\/evento-auren-argentina-en-networking-breakfast-de-lide\/"]}]},{"@type":"ImageObject","inLanguage":"es","@id":"https:\/\/auren.com\/ar\/noticias\/evento-auren-argentina-en-networking-breakfast-de-lide\/#primaryimage","url":"https:\/\/auren.com\/ar\/wp-content\/uploads\/2026\/04\/Networking-3-scaled.png","contentUrl":"https:\/\/auren.com\/ar\/wp-content\/uploads\/2026\/04\/Networking-3-scaled.png","width":2560,"height":1295},{"@type":"BreadcrumbList","@id":"https:\/\/auren.com\/ar\/noticias\/evento-auren-argentina-en-networking-breakfast-de-lide\/#breadcrumb","itemListElement":[{"@type":"ListItem","position":1,"name":"Portada","item":"https:\/\/auren.com\/ar\/"},{"@type":"ListItem","position":2,"name":"Evento | Auren Argentina en el Networking Breakfast de LIDE"}]},{"@type":"WebSite","@id":"https:\/\/auren.com\/ar\/#website","url":"https:\/\/auren.com\/ar\/","name":"Auren Argentina","description":"","publisher":{"@id":"https:\/\/auren.com\/ar\/#organization"},"potentialAction":[{"@type":"SearchAction","target":{"@type":"EntryPoint","urlTemplate":"https:\/\/auren.com\/ar\/?s={search_term_string}"},"query-input":{"@type":"PropertyValueSpecification","valueRequired":true,"valueName":"search_term_string"}}],"inLanguage":"es"},{"@type":"Organization","@id":"https:\/\/auren.com\/ar\/#organization","name":"Auren Argentina","url":"https:\/\/auren.com\/ar\/","logo":{"@type":"ImageObject","inLanguage":"es","@id":"https:\/\/auren.com\/ar\/#\/schema\/logo\/image\/","url":"https:\/\/auren.com\/ar\/wp-content\/uploads\/2025\/01\/cropped-cropped-favicon-Auren.png","contentUrl":"https:\/\/auren.com\/ar\/wp-content\/uploads\/2025\/01\/cropped-cropped-favicon-Auren.png","width":512,"height":512,"caption":"Auren Argentina"},"image":{"@id":"https:\/\/auren.com\/ar\/#\/schema\/logo\/image\/"},"sameAs":["https:\/\/www.facebook.com\/AurenArg\/","https:\/\/x.com\/AUREN_Argentina","https:\/\/www.linkedin.com\/company\/aurenargentina","https:\/\/www.youtube.com\/channel\/UCSCseiHMECB0uMBGF9wtjSw","https:\/\/www.instagram.com\/aurenargentina\/"]}]}},"_links":{"self":[{"href":"https:\/\/auren.com\/ar\/wp-json\/wp\/v2\/new\/41026","targetHints":{"allow":["GET"]}}],"collection":[{"href":"https:\/\/auren.com\/ar\/wp-json\/wp\/v2\/new"}],"about":[{"href":"https:\/\/auren.com\/ar\/wp-json\/wp\/v2\/types\/new"}],"version-history":[{"count":0,"href":"https:\/\/auren.com\/ar\/wp-json\/wp\/v2\/new\/41026\/revisions"}],"wp:featuredmedia":[{"embeddable":true,"href":"https:\/\/auren.com\/ar\/wp-json\/wp\/v2\/media\/41030"}],"wp:attachment":[{"href":"https:\/\/auren.com\/ar\/wp-json\/wp\/v2\/media?parent=41026"}],"wp:term":[{"taxonomy":"new-category","embeddable":true,"href":"https:\/\/auren.com\/ar\/wp-json\/wp\/v2\/new-category?post=41026"}],"curies":[{"name":"wp","href":"https:\/\/api.w.org\/{rel}","templated":true}]}}