{"id":41049,"date":"2026-04-30T22:36:31","date_gmt":"2026-04-30T20:36:31","guid":{"rendered":"https:\/\/auren.com\/ar\/?post_type=new&#038;p=41049"},"modified":"2026-04-30T22:36:36","modified_gmt":"2026-04-30T20:36:36","slug":"novedades-auren-lanza-al-mercado-encuesta-de-gestion-de-personas-en-las-organizaciones","status":"publish","type":"new","link":"https:\/\/auren.com\/ar\/noticias\/novedades-auren-lanza-al-mercado-encuesta-de-gestion-de-personas-en-las-organizaciones\/","title":{"rendered":"Novedades | Auren lanza al mercado encuesta de Gesti\u00f3n de Personas en las organizaciones"},"content":{"rendered":"\n<p><a href=\"https:\/\/auren.com\/ar\/\">Auren Argentina<\/a>\u00a0lanza al mercado una nueva encuesta de su \u00abBr\u00fajula de Negocios\u00bb sobre <a href=\"https:\/\/es.surveymonkey.com\/r\/NM7R7Q3\" type=\"link\" id=\"https:\/\/es.surveymonkey.com\/r\/NM7R7Q3\">\u00abLa gesti\u00f3n de las Personas en las organizaciones\u00bb<\/a><\/p>\n\n\n\n<p>En la nueva era organizacional, los resultados dependen cada vez m\u00e1s de c\u00f3mo se gestionan las personas.<\/p>\n\n\n\n<p>Sin embargo, hay algo que se repite en muchas empresas:<br>\ud83d\udc49 problemas conocidos\u2026 que siguen sin resolverse (feedback, desempe\u00f1o, liderazgo, adopci\u00f3n de tecnolog\u00eda)<br><br>\u00bfD\u00f3nde est\u00e1n hoy los principales puntos de tensi\u00f3n?<br>\u00bfQu\u00e9 rol est\u00e1 jugando la tecnolog\u00eda y la IA en la gesti\u00f3n de personas?<br>\u00bfC\u00f3mo est\u00e1n evolucionando las pr\u00e1cticas de liderazgo?<br><br>\ud83d\udcca Esta encuesta busca relevar la realidad del mercado y construir insights concretos para la toma de decisiones. <\/p>\n\n\n\n<p>La encuesta es an\u00f3nima y confidencial.<br>\u2705 \u00a1Sum\u00e1 tu opini\u00f3n y s\u00e9 parte del an\u00e1lisis que marcar\u00e1 tendencia!<\/p>\n\n\n\n<p>Acced\u00e9 a la encuesta\u00a0<a href=\"https:\/\/es.surveymonkey.com\/r\/NM7R7Q3\" type=\"link\" id=\"https:\/\/es.surveymonkey.com\/r\/NM7R7Q3\">AC\u00c1<\/a><br><br><br><br><br><\/p>\n","protected":false},"excerpt":{"rendered":"<p>Auren Argentina\u00a0lanza al mercado una nueva encuesta de su \u00abBr\u00fajula de Negocios\u00bb sobre \u00abLa gesti\u00f3n de las Personas en las organizaciones\u00bb En la nueva era organizacional, los resultados dependen cada vez m\u00e1s de c\u00f3mo se gestionan las personas. Sin embargo, hay algo que se repite en muchas empresas:\ud83d\udc49 problemas conocidos\u2026 que siguen sin resolverse (feedback, [&hellip;]<\/p>\n","protected":false},"featured_media":41050,"template":"","meta":{"_acf_changed":true,"footnotes":""},"new-category":[],"class_list":["post-41049","new","type-new","status-publish","has-post-thumbnail","hentry"],"acf":[],"yoast_head":"<!-- This site is optimized with the Yoast SEO plugin v27.5 - https:\/\/yoast.com\/product\/yoast-seo-wordpress\/ -->\n<title>Novedades | Auren lanza al mercado encuesta de Gesti\u00f3n de Personas en las organizaciones - Auren Argentina<\/title>\n<meta name=\"description\" content=\"Auren Argentina\u00a0lanza al mercado una nueva encuesta de su \u00abBr\u00fajula de Negocios\u00bb sobre &quot;La gesti\u00f3n de las Personas en las organizaciones&quot;.\" \/>\n<meta name=\"robots\" content=\"index, follow, max-snippet:-1, max-image-preview:large, max-video-preview:-1\" \/>\n<link rel=\"canonical\" href=\"https:\/\/auren.com\/ar\/noticias\/novedades-auren-lanza-al-mercado-encuesta-de-gestion-de-personas-en-las-organizaciones\/\" \/>\n<meta property=\"og:locale\" content=\"es_ES\" \/>\n<meta property=\"og:type\" content=\"article\" \/>\n<meta property=\"og:title\" content=\"Novedades | Auren lanza al mercado encuesta de Gesti\u00f3n de Personas en las organizaciones - Auren Argentina\" \/>\n<meta property=\"og:description\" content=\"Auren Argentina\u00a0lanza al mercado una nueva encuesta de su \u00abBr\u00fajula de Negocios\u00bb sobre &quot;La gesti\u00f3n de las Personas en las organizaciones&quot;.\" \/>\n<meta property=\"og:url\" content=\"https:\/\/auren.com\/ar\/noticias\/novedades-auren-lanza-al-mercado-encuesta-de-gestion-de-personas-en-las-organizaciones\/\" \/>\n<meta property=\"og:site_name\" content=\"Auren Argentina\" \/>\n<meta property=\"article:publisher\" content=\"https:\/\/www.facebook.com\/AurenArg\/\" \/>\n<meta property=\"article:modified_time\" content=\"2026-04-30T20:36:36+00:00\" \/>\n<meta property=\"og:image\" content=\"https:\/\/auren.com\/ar\/wp-content\/uploads\/2026\/04\/Brujula_de_Gestion-de-Personas-en-las-Organizaciones-2026_Mailing.jpg\" \/>\n\t<meta property=\"og:image:width\" content=\"1250\" \/>\n\t<meta property=\"og:image:height\" content=\"937\" \/>\n\t<meta property=\"og:image:type\" content=\"image\/jpeg\" \/>\n<meta name=\"twitter:card\" content=\"summary_large_image\" \/>\n<meta name=\"twitter:site\" content=\"@AUREN_Argentina\" \/>\n<meta name=\"twitter:label1\" content=\"Tiempo de lectura\" \/>\n\t<meta name=\"twitter:data1\" content=\"1 minuto\" \/>\n<script type=\"application\/ld+json\" class=\"yoast-schema-graph\">{\"@context\":\"https:\\\/\\\/schema.org\",\"@graph\":[{\"@type\":\"WebPage\",\"@id\":\"https:\\\/\\\/auren.com\\\/ar\\\/noticias\\\/novedades-auren-lanza-al-mercado-encuesta-de-gestion-de-personas-en-las-organizaciones\\\/\",\"url\":\"https:\\\/\\\/auren.com\\\/ar\\\/noticias\\\/novedades-auren-lanza-al-mercado-encuesta-de-gestion-de-personas-en-las-organizaciones\\\/\",\"name\":\"Novedades | Auren lanza al mercado encuesta de Gesti\u00f3n de Personas en las organizaciones - Auren Argentina\",\"isPartOf\":{\"@id\":\"https:\\\/\\\/auren.com\\\/ar\\\/#website\"},\"primaryImageOfPage\":{\"@id\":\"https:\\\/\\\/auren.com\\\/ar\\\/noticias\\\/novedades-auren-lanza-al-mercado-encuesta-de-gestion-de-personas-en-las-organizaciones\\\/#primaryimage\"},\"image\":{\"@id\":\"https:\\\/\\\/auren.com\\\/ar\\\/noticias\\\/novedades-auren-lanza-al-mercado-encuesta-de-gestion-de-personas-en-las-organizaciones\\\/#primaryimage\"},\"thumbnailUrl\":\"https:\\\/\\\/auren.com\\\/ar\\\/wp-content\\\/uploads\\\/2026\\\/04\\\/Brujula_de_Gestion-de-Personas-en-las-Organizaciones-2026_Mailing.jpg\",\"datePublished\":\"2026-04-30T20:36:31+00:00\",\"dateModified\":\"2026-04-30T20:36:36+00:00\",\"description\":\"Auren Argentina\u00a0lanza al mercado una nueva encuesta de su \u00abBr\u00fajula de Negocios\u00bb sobre \\\"La gesti\u00f3n de las Personas en las organizaciones\\\".\",\"breadcrumb\":{\"@id\":\"https:\\\/\\\/auren.com\\\/ar\\\/noticias\\\/novedades-auren-lanza-al-mercado-encuesta-de-gestion-de-personas-en-las-organizaciones\\\/#breadcrumb\"},\"inLanguage\":\"es\",\"potentialAction\":[{\"@type\":\"ReadAction\",\"target\":[\"https:\\\/\\\/auren.com\\\/ar\\\/noticias\\\/novedades-auren-lanza-al-mercado-encuesta-de-gestion-de-personas-en-las-organizaciones\\\/\"]}]},{\"@type\":\"ImageObject\",\"inLanguage\":\"es\",\"@id\":\"https:\\\/\\\/auren.com\\\/ar\\\/noticias\\\/novedades-auren-lanza-al-mercado-encuesta-de-gestion-de-personas-en-las-organizaciones\\\/#primaryimage\",\"url\":\"https:\\\/\\\/auren.com\\\/ar\\\/wp-content\\\/uploads\\\/2026\\\/04\\\/Brujula_de_Gestion-de-Personas-en-las-Organizaciones-2026_Mailing.jpg\",\"contentUrl\":\"https:\\\/\\\/auren.com\\\/ar\\\/wp-content\\\/uploads\\\/2026\\\/04\\\/Brujula_de_Gestion-de-Personas-en-las-Organizaciones-2026_Mailing.jpg\",\"width\":1250,\"height\":937},{\"@type\":\"BreadcrumbList\",\"@id\":\"https:\\\/\\\/auren.com\\\/ar\\\/noticias\\\/novedades-auren-lanza-al-mercado-encuesta-de-gestion-de-personas-en-las-organizaciones\\\/#breadcrumb\",\"itemListElement\":[{\"@type\":\"ListItem\",\"position\":1,\"name\":\"Portada\",\"item\":\"https:\\\/\\\/auren.com\\\/ar\\\/\"},{\"@type\":\"ListItem\",\"position\":2,\"name\":\"Novedades | Auren lanza al mercado encuesta de Gesti\u00f3n de Personas en las organizaciones\"}]},{\"@type\":\"WebSite\",\"@id\":\"https:\\\/\\\/auren.com\\\/ar\\\/#website\",\"url\":\"https:\\\/\\\/auren.com\\\/ar\\\/\",\"name\":\"Auren Argentina\",\"description\":\"\",\"publisher\":{\"@id\":\"https:\\\/\\\/auren.com\\\/ar\\\/#organization\"},\"potentialAction\":[{\"@type\":\"SearchAction\",\"target\":{\"@type\":\"EntryPoint\",\"urlTemplate\":\"https:\\\/\\\/auren.com\\\/ar\\\/?s={search_term_string}\"},\"query-input\":{\"@type\":\"PropertyValueSpecification\",\"valueRequired\":true,\"valueName\":\"search_term_string\"}}],\"inLanguage\":\"es\"},{\"@type\":\"Organization\",\"@id\":\"https:\\\/\\\/auren.com\\\/ar\\\/#organization\",\"name\":\"Auren Argentina\",\"url\":\"https:\\\/\\\/auren.com\\\/ar\\\/\",\"logo\":{\"@type\":\"ImageObject\",\"inLanguage\":\"es\",\"@id\":\"https:\\\/\\\/auren.com\\\/ar\\\/#\\\/schema\\\/logo\\\/image\\\/\",\"url\":\"https:\\\/\\\/auren.com\\\/ar\\\/wp-content\\\/uploads\\\/2025\\\/01\\\/cropped-cropped-favicon-Auren.png\",\"contentUrl\":\"https:\\\/\\\/auren.com\\\/ar\\\/wp-content\\\/uploads\\\/2025\\\/01\\\/cropped-cropped-favicon-Auren.png\",\"width\":512,\"height\":512,\"caption\":\"Auren Argentina\"},\"image\":{\"@id\":\"https:\\\/\\\/auren.com\\\/ar\\\/#\\\/schema\\\/logo\\\/image\\\/\"},\"sameAs\":[\"https:\\\/\\\/www.facebook.com\\\/AurenArg\\\/\",\"https:\\\/\\\/x.com\\\/AUREN_Argentina\",\"https:\\\/\\\/www.linkedin.com\\\/company\\\/aurenargentina\",\"https:\\\/\\\/www.youtube.com\\\/channel\\\/UCSCseiHMECB0uMBGF9wtjSw\",\"https:\\\/\\\/www.instagram.com\\\/aurenargentina\\\/\"]}]}<\/script>\n<!-- \/ Yoast SEO plugin. -->","yoast_head_json":{"title":"Novedades | Auren lanza al mercado encuesta de Gesti\u00f3n de Personas en las organizaciones - Auren Argentina","description":"Auren Argentina\u00a0lanza al mercado una nueva encuesta de su \u00abBr\u00fajula de Negocios\u00bb sobre \"La gesti\u00f3n de las Personas en las organizaciones\".","robots":{"index":"index","follow":"follow","max-snippet":"max-snippet:-1","max-image-preview":"max-image-preview:large","max-video-preview":"max-video-preview:-1"},"canonical":"https:\/\/auren.com\/ar\/noticias\/novedades-auren-lanza-al-mercado-encuesta-de-gestion-de-personas-en-las-organizaciones\/","og_locale":"es_ES","og_type":"article","og_title":"Novedades | Auren lanza al mercado encuesta de Gesti\u00f3n de Personas en las organizaciones - Auren Argentina","og_description":"Auren Argentina\u00a0lanza al mercado una nueva encuesta de su \u00abBr\u00fajula de Negocios\u00bb sobre \"La gesti\u00f3n de las Personas en las organizaciones\".","og_url":"https:\/\/auren.com\/ar\/noticias\/novedades-auren-lanza-al-mercado-encuesta-de-gestion-de-personas-en-las-organizaciones\/","og_site_name":"Auren Argentina","article_publisher":"https:\/\/www.facebook.com\/AurenArg\/","article_modified_time":"2026-04-30T20:36:36+00:00","og_image":[{"width":1250,"height":937,"url":"https:\/\/auren.com\/ar\/wp-content\/uploads\/2026\/04\/Brujula_de_Gestion-de-Personas-en-las-Organizaciones-2026_Mailing.jpg","type":"image\/jpeg"}],"twitter_card":"summary_large_image","twitter_site":"@AUREN_Argentina","twitter_misc":{"Tiempo de lectura":"1 minuto"},"schema":{"@context":"https:\/\/schema.org","@graph":[{"@type":"WebPage","@id":"https:\/\/auren.com\/ar\/noticias\/novedades-auren-lanza-al-mercado-encuesta-de-gestion-de-personas-en-las-organizaciones\/","url":"https:\/\/auren.com\/ar\/noticias\/novedades-auren-lanza-al-mercado-encuesta-de-gestion-de-personas-en-las-organizaciones\/","name":"Novedades | Auren lanza al mercado encuesta de Gesti\u00f3n de Personas en las organizaciones - Auren Argentina","isPartOf":{"@id":"https:\/\/auren.com\/ar\/#website"},"primaryImageOfPage":{"@id":"https:\/\/auren.com\/ar\/noticias\/novedades-auren-lanza-al-mercado-encuesta-de-gestion-de-personas-en-las-organizaciones\/#primaryimage"},"image":{"@id":"https:\/\/auren.com\/ar\/noticias\/novedades-auren-lanza-al-mercado-encuesta-de-gestion-de-personas-en-las-organizaciones\/#primaryimage"},"thumbnailUrl":"https:\/\/auren.com\/ar\/wp-content\/uploads\/2026\/04\/Brujula_de_Gestion-de-Personas-en-las-Organizaciones-2026_Mailing.jpg","datePublished":"2026-04-30T20:36:31+00:00","dateModified":"2026-04-30T20:36:36+00:00","description":"Auren Argentina\u00a0lanza al mercado una nueva encuesta de su \u00abBr\u00fajula de Negocios\u00bb sobre \"La gesti\u00f3n de las Personas en las organizaciones\".","breadcrumb":{"@id":"https:\/\/auren.com\/ar\/noticias\/novedades-auren-lanza-al-mercado-encuesta-de-gestion-de-personas-en-las-organizaciones\/#breadcrumb"},"inLanguage":"es","potentialAction":[{"@type":"ReadAction","target":["https:\/\/auren.com\/ar\/noticias\/novedades-auren-lanza-al-mercado-encuesta-de-gestion-de-personas-en-las-organizaciones\/"]}]},{"@type":"ImageObject","inLanguage":"es","@id":"https:\/\/auren.com\/ar\/noticias\/novedades-auren-lanza-al-mercado-encuesta-de-gestion-de-personas-en-las-organizaciones\/#primaryimage","url":"https:\/\/auren.com\/ar\/wp-content\/uploads\/2026\/04\/Brujula_de_Gestion-de-Personas-en-las-Organizaciones-2026_Mailing.jpg","contentUrl":"https:\/\/auren.com\/ar\/wp-content\/uploads\/2026\/04\/Brujula_de_Gestion-de-Personas-en-las-Organizaciones-2026_Mailing.jpg","width":1250,"height":937},{"@type":"BreadcrumbList","@id":"https:\/\/auren.com\/ar\/noticias\/novedades-auren-lanza-al-mercado-encuesta-de-gestion-de-personas-en-las-organizaciones\/#breadcrumb","itemListElement":[{"@type":"ListItem","position":1,"name":"Portada","item":"https:\/\/auren.com\/ar\/"},{"@type":"ListItem","position":2,"name":"Novedades | Auren lanza al mercado encuesta de Gesti\u00f3n de Personas en las organizaciones"}]},{"@type":"WebSite","@id":"https:\/\/auren.com\/ar\/#website","url":"https:\/\/auren.com\/ar\/","name":"Auren Argentina","description":"","publisher":{"@id":"https:\/\/auren.com\/ar\/#organization"},"potentialAction":[{"@type":"SearchAction","target":{"@type":"EntryPoint","urlTemplate":"https:\/\/auren.com\/ar\/?s={search_term_string}"},"query-input":{"@type":"PropertyValueSpecification","valueRequired":true,"valueName":"search_term_string"}}],"inLanguage":"es"},{"@type":"Organization","@id":"https:\/\/auren.com\/ar\/#organization","name":"Auren Argentina","url":"https:\/\/auren.com\/ar\/","logo":{"@type":"ImageObject","inLanguage":"es","@id":"https:\/\/auren.com\/ar\/#\/schema\/logo\/image\/","url":"https:\/\/auren.com\/ar\/wp-content\/uploads\/2025\/01\/cropped-cropped-favicon-Auren.png","contentUrl":"https:\/\/auren.com\/ar\/wp-content\/uploads\/2025\/01\/cropped-cropped-favicon-Auren.png","width":512,"height":512,"caption":"Auren Argentina"},"image":{"@id":"https:\/\/auren.com\/ar\/#\/schema\/logo\/image\/"},"sameAs":["https:\/\/www.facebook.com\/AurenArg\/","https:\/\/x.com\/AUREN_Argentina","https:\/\/www.linkedin.com\/company\/aurenargentina","https:\/\/www.youtube.com\/channel\/UCSCseiHMECB0uMBGF9wtjSw","https:\/\/www.instagram.com\/aurenargentina\/"]}]}},"_links":{"self":[{"href":"https:\/\/auren.com\/ar\/wp-json\/wp\/v2\/new\/41049","targetHints":{"allow":["GET"]}}],"collection":[{"href":"https:\/\/auren.com\/ar\/wp-json\/wp\/v2\/new"}],"about":[{"href":"https:\/\/auren.com\/ar\/wp-json\/wp\/v2\/types\/new"}],"version-history":[{"count":0,"href":"https:\/\/auren.com\/ar\/wp-json\/wp\/v2\/new\/41049\/revisions"}],"wp:featuredmedia":[{"embeddable":true,"href":"https:\/\/auren.com\/ar\/wp-json\/wp\/v2\/media\/41050"}],"wp:attachment":[{"href":"https:\/\/auren.com\/ar\/wp-json\/wp\/v2\/media?parent=41049"}],"wp:term":[{"taxonomy":"new-category","embeddable":true,"href":"https:\/\/auren.com\/ar\/wp-json\/wp\/v2\/new-category?post=41049"}],"curies":[{"name":"wp","href":"https:\/\/api.w.org\/{rel}","templated":true}]}}