{"id":43220,"date":"2026-09-03T16:17:18","date_gmt":"2026-09-03T14:17:18","guid":{"rendered":"https:\/\/auren.com\/ar\/?post_type=new&#038;p=43220"},"modified":"2026-09-03T16:17:28","modified_gmt":"2026-09-03T14:17:28","slug":"novedades-zima-talent-se-integra-a-auren-argentina-para-potenciar-nuestra-propuesta-en-busqueda-y-seleccion-de-profesionales","status":"publish","type":"new","link":"https:\/\/auren.com\/ar\/noticias\/novedades-zima-talent-se-integra-a-auren-argentina-para-potenciar-nuestra-propuesta-en-busqueda-y-seleccion-de-profesionales\/","title":{"rendered":"Novedades | Zima Talent se integra a Auren Argentina para potenciar nuestra propuesta en b\u00fasqueda y selecci\u00f3n de profesionales"},"content":{"rendered":"\n<p class=\"wp-block-paragraph\"><strong>La integraci\u00f3n fortalece los servicios de Auren en b\u00fasqueda y selecci\u00f3n de profesionales, combinando el enfoque especializado de Zima Talent con el respaldo de una firma integral.<\/strong><strong><\/strong><\/p>\n\n\n\n<p class=\"wp-block-paragraph\">Auren Argentina anuncia la integraci\u00f3n de Zima Talent, firma especializada en b\u00fasqueda y selecci\u00f3n de talento, como parte de su estrategia de fortalecimiento y crecimiento en soluciones profesionales para acompa\u00f1ar a las organizaciones en sus principales desaf\u00edos de negocio y gesti\u00f3n de personas.<\/p>\n\n\n\n<p class=\"wp-block-paragraph\">La incorporaci\u00f3n permite fortalecer la propuesta de Auren en b\u00fasqueda, selecci\u00f3n y atracci\u00f3n de talento, sumando un equipo especializado que trabaja con empresas locales e internacionales y perfiles de distintas jerarqu\u00edas.<\/p>\n\n\n\n<p class=\"wp-block-paragraph\">Zima Talent desarrolla su propuesta a partir de comprender el negocio, la cultura y el momento de cada organizaci\u00f3n para lograr un ajuste real entre persona, rol y cultura.<\/p>\n\n\n\n<p class=\"wp-block-paragraph\">Luis Salerno, Socio de Consultor\u00eda de Auren Argentina expresa: \u201cEsta integraci\u00f3n es estrat\u00e9gica tanto para Auren como para nuestros clientes, porque nos permite acompa\u00f1arlos de manera integral en sus procesos de crecimiento. La diferencia la hacen las personas.\u201d<\/p>\n\n\n\n<p class=\"wp-block-paragraph\">Juan Paladini, Director de Zima Talent, destac\u00f3: \u201cEl objetivo es acompa\u00f1ar a las empresas no solo en la identificaci\u00f3n de candidatos, sino en uno de los desaf\u00edos m\u00e1s importantes para su crecimiento: incorporar a las personas adecuadas para cada etapa del negocio. Nuestro diferencial est\u00e1 en la personalizaci\u00f3n de cada b\u00fasqueda, combinando cercan\u00eda, criterio y un profundo conocimiento del negocio para encontrar el talento que realmente necesita cada organizaci\u00f3n.\u201d<\/p>\n\n\n\n<p class=\"wp-block-paragraph\">La especializaci\u00f3n y cercan\u00eda de Zima Talent se integran ahora al conocimiento, la estructura y el respaldo de Auren Argentina. La b\u00fasqueda de talento pasa a formar parte de una mirada integral sobre las necesidades de cada organizaci\u00f3n.<\/p>\n","protected":false},"excerpt":{"rendered":"<p>La integraci\u00f3n fortalece los servicios de Auren en b\u00fasqueda y selecci\u00f3n de profesionales, combinando el enfoque especializado de Zima Talent con el respaldo de una firma integral. Auren Argentina anuncia la integraci\u00f3n de Zima Talent, firma especializada en b\u00fasqueda y selecci\u00f3n de talento, como parte de su estrategia de fortalecimiento y crecimiento en soluciones profesionales [&hellip;]<\/p>\n","protected":false},"featured_media":43221,"template":"","meta":{"_acf_changed":true,"footnotes":""},"new-category":[],"class_list":["post-43220","new","type-new","status-publish","has-post-thumbnail","hentry"],"acf":[],"yoast_head":"<!-- This site is optimized with the Yoast SEO plugin v28.3 - https:\/\/yoast.com\/product\/yoast-seo-wordpress\/ -->\n<title>Novedades | Zima Talent se integra a Auren Argentina para potenciar nuestra propuesta en b\u00fasqueda y selecci\u00f3n de profesionales - Auren Argentina<\/title>\n<meta name=\"description\" content=\"La integraci\u00f3n fortalece los servicios de Auren en b\u00fasqueda y selecci\u00f3n de profesionales, combinando su enfoque con el respaldo de una firma integral.\" \/>\n<meta name=\"robots\" content=\"index, follow, max-snippet:-1, max-image-preview:large, max-video-preview:-1\" \/>\n<link rel=\"canonical\" href=\"https:\/\/auren.com\/ar\/noticias\/novedades-zima-talent-se-integra-a-auren-argentina-para-potenciar-nuestra-propuesta-en-busqueda-y-seleccion-de-profesionales\/\" \/>\n<meta property=\"og:locale\" content=\"es_ES\" \/>\n<meta property=\"og:type\" content=\"article\" \/>\n<meta property=\"og:title\" content=\"Novedades | Zima Talent se integra a Auren Argentina para potenciar nuestra propuesta en b\u00fasqueda y selecci\u00f3n de profesionales - Auren Argentina\" \/>\n<meta property=\"og:description\" content=\"La integraci\u00f3n fortalece los servicios de Auren en b\u00fasqueda y selecci\u00f3n de profesionales, combinando su enfoque con el respaldo de una firma integral.\" \/>\n<meta property=\"og:url\" content=\"https:\/\/auren.com\/ar\/noticias\/novedades-zima-talent-se-integra-a-auren-argentina-para-potenciar-nuestra-propuesta-en-busqueda-y-seleccion-de-profesionales\/\" \/>\n<meta property=\"og:site_name\" content=\"Auren Argentina\" \/>\n<meta property=\"article:publisher\" content=\"https:\/\/www.facebook.com\/AurenArg\/\" \/>\n<meta property=\"article:modified_time\" content=\"2026-09-03T14:17:28+00:00\" \/>\n<meta property=\"og:image\" content=\"https:\/\/auren.com\/ar\/wp-content\/uploads\/2026\/09\/imagen-placa.jpg\" \/>\n\t<meta property=\"og:image:width\" content=\"1532\" \/>\n\t<meta property=\"og:image:height\" content=\"760\" \/>\n\t<meta property=\"og:image:type\" content=\"image\/jpeg\" \/>\n<meta name=\"twitter:card\" content=\"summary_large_image\" \/>\n<meta name=\"twitter:site\" content=\"@AUREN_Argentina\" \/>\n<meta name=\"twitter:label1\" content=\"Tiempo de lectura\" \/>\n\t<meta name=\"twitter:data1\" content=\"2 minutos\" \/>\n<script type=\"application\/ld+json\" class=\"yoast-schema-graph\">{\"@context\":\"https:\\\/\\\/schema.org\",\"@graph\":[{\"@type\":\"WebPage\",\"@id\":\"https:\\\/\\\/auren.com\\\/ar\\\/noticias\\\/novedades-zima-talent-se-integra-a-auren-argentina-para-potenciar-nuestra-propuesta-en-busqueda-y-seleccion-de-profesionales\\\/\",\"url\":\"https:\\\/\\\/auren.com\\\/ar\\\/noticias\\\/novedades-zima-talent-se-integra-a-auren-argentina-para-potenciar-nuestra-propuesta-en-busqueda-y-seleccion-de-profesionales\\\/\",\"name\":\"Novedades | Zima Talent se integra a Auren Argentina para potenciar nuestra propuesta en b\u00fasqueda y selecci\u00f3n de profesionales - Auren Argentina\",\"isPartOf\":{\"@id\":\"https:\\\/\\\/auren.com\\\/ar\\\/#website\"},\"primaryImageOfPage\":{\"@id\":\"https:\\\/\\\/auren.com\\\/ar\\\/noticias\\\/novedades-zima-talent-se-integra-a-auren-argentina-para-potenciar-nuestra-propuesta-en-busqueda-y-seleccion-de-profesionales\\\/#primaryimage\"},\"image\":{\"@id\":\"https:\\\/\\\/auren.com\\\/ar\\\/noticias\\\/novedades-zima-talent-se-integra-a-auren-argentina-para-potenciar-nuestra-propuesta-en-busqueda-y-seleccion-de-profesionales\\\/#primaryimage\"},\"thumbnailUrl\":\"https:\\\/\\\/auren.com\\\/ar\\\/wp-content\\\/uploads\\\/2026\\\/09\\\/imagen-placa.jpg\",\"datePublished\":\"2026-09-03T14:17:18+00:00\",\"dateModified\":\"2026-09-03T14:17:28+00:00\",\"description\":\"La integraci\u00f3n fortalece los servicios de Auren en b\u00fasqueda y selecci\u00f3n de profesionales, combinando su enfoque con el respaldo de una firma integral.\",\"breadcrumb\":{\"@id\":\"https:\\\/\\\/auren.com\\\/ar\\\/noticias\\\/novedades-zima-talent-se-integra-a-auren-argentina-para-potenciar-nuestra-propuesta-en-busqueda-y-seleccion-de-profesionales\\\/#breadcrumb\"},\"inLanguage\":\"es\",\"potentialAction\":[{\"@type\":\"ReadAction\",\"target\":[\"https:\\\/\\\/auren.com\\\/ar\\\/noticias\\\/novedades-zima-talent-se-integra-a-auren-argentina-para-potenciar-nuestra-propuesta-en-busqueda-y-seleccion-de-profesionales\\\/\"]}]},{\"@type\":\"ImageObject\",\"inLanguage\":\"es\",\"@id\":\"https:\\\/\\\/auren.com\\\/ar\\\/noticias\\\/novedades-zima-talent-se-integra-a-auren-argentina-para-potenciar-nuestra-propuesta-en-busqueda-y-seleccion-de-profesionales\\\/#primaryimage\",\"url\":\"https:\\\/\\\/auren.com\\\/ar\\\/wp-content\\\/uploads\\\/2026\\\/09\\\/imagen-placa.jpg\",\"contentUrl\":\"https:\\\/\\\/auren.com\\\/ar\\\/wp-content\\\/uploads\\\/2026\\\/09\\\/imagen-placa.jpg\",\"width\":1532,\"height\":760,\"caption\":\"placa zima-auren\"},{\"@type\":\"BreadcrumbList\",\"@id\":\"https:\\\/\\\/auren.com\\\/ar\\\/noticias\\\/novedades-zima-talent-se-integra-a-auren-argentina-para-potenciar-nuestra-propuesta-en-busqueda-y-seleccion-de-profesionales\\\/#breadcrumb\",\"itemListElement\":[{\"@type\":\"ListItem\",\"position\":1,\"name\":\"Portada\",\"item\":\"https:\\\/\\\/auren.com\\\/ar\\\/\"},{\"@type\":\"ListItem\",\"position\":2,\"name\":\"Novedades | Zima Talent se integra a Auren Argentina para potenciar nuestra propuesta en b\u00fasqueda y selecci\u00f3n de profesionales\"}]},{\"@type\":\"WebSite\",\"@id\":\"https:\\\/\\\/auren.com\\\/ar\\\/#website\",\"url\":\"https:\\\/\\\/auren.com\\\/ar\\\/\",\"name\":\"Auren Argentina\",\"description\":\"\",\"publisher\":{\"@id\":\"https:\\\/\\\/auren.com\\\/ar\\\/#organization\"},\"potentialAction\":[{\"@type\":\"SearchAction\",\"target\":{\"@type\":\"EntryPoint\",\"urlTemplate\":\"https:\\\/\\\/auren.com\\\/ar\\\/?s={search_term_string}\"},\"query-input\":{\"@type\":\"PropertyValueSpecification\",\"valueRequired\":true,\"valueName\":\"search_term_string\"}}],\"inLanguage\":\"es\"},{\"@type\":\"Organization\",\"@id\":\"https:\\\/\\\/auren.com\\\/ar\\\/#organization\",\"name\":\"Auren Argentina\",\"url\":\"https:\\\/\\\/auren.com\\\/ar\\\/\",\"logo\":{\"@type\":\"ImageObject\",\"inLanguage\":\"es\",\"@id\":\"https:\\\/\\\/auren.com\\\/ar\\\/#\\\/schema\\\/logo\\\/image\\\/\",\"url\":\"https:\\\/\\\/auren.com\\\/ar\\\/wp-content\\\/uploads\\\/2025\\\/01\\\/cropped-cropped-favicon-Auren.png\",\"contentUrl\":\"https:\\\/\\\/auren.com\\\/ar\\\/wp-content\\\/uploads\\\/2025\\\/01\\\/cropped-cropped-favicon-Auren.png\",\"width\":512,\"height\":512,\"caption\":\"Auren Argentina\"},\"image\":{\"@id\":\"https:\\\/\\\/auren.com\\\/ar\\\/#\\\/schema\\\/logo\\\/image\\\/\"},\"sameAs\":[\"https:\\\/\\\/www.facebook.com\\\/AurenArg\\\/\",\"https:\\\/\\\/x.com\\\/AUREN_Argentina\",\"https:\\\/\\\/www.linkedin.com\\\/company\\\/aurenargentina\",\"https:\\\/\\\/www.youtube.com\\\/channel\\\/UCSCseiHMECB0uMBGF9wtjSw\",\"https:\\\/\\\/www.instagram.com\\\/aurenargentina\\\/\"]}]}<\/script>\n<!-- \/ Yoast SEO plugin. -->","yoast_head_json":{"title":"Novedades | Zima Talent se integra a Auren Argentina para potenciar nuestra propuesta en b\u00fasqueda y selecci\u00f3n de profesionales - Auren Argentina","description":"La integraci\u00f3n fortalece los servicios de Auren en b\u00fasqueda y selecci\u00f3n de profesionales, combinando su enfoque con el respaldo de una firma integral.","robots":{"index":"index","follow":"follow","max-snippet":"max-snippet:-1","max-image-preview":"max-image-preview:large","max-video-preview":"max-video-preview:-1"},"canonical":"https:\/\/auren.com\/ar\/noticias\/novedades-zima-talent-se-integra-a-auren-argentina-para-potenciar-nuestra-propuesta-en-busqueda-y-seleccion-de-profesionales\/","og_locale":"es_ES","og_type":"article","og_title":"Novedades | Zima Talent se integra a Auren Argentina para potenciar nuestra propuesta en b\u00fasqueda y selecci\u00f3n de profesionales - Auren Argentina","og_description":"La integraci\u00f3n fortalece los servicios de Auren en b\u00fasqueda y selecci\u00f3n de profesionales, combinando su enfoque con el respaldo de una firma integral.","og_url":"https:\/\/auren.com\/ar\/noticias\/novedades-zima-talent-se-integra-a-auren-argentina-para-potenciar-nuestra-propuesta-en-busqueda-y-seleccion-de-profesionales\/","og_site_name":"Auren Argentina","article_publisher":"https:\/\/www.facebook.com\/AurenArg\/","article_modified_time":"2026-09-03T14:17:28+00:00","og_image":[{"width":1532,"height":760,"url":"https:\/\/auren.com\/ar\/wp-content\/uploads\/2026\/09\/imagen-placa.jpg","type":"image\/jpeg"}],"twitter_card":"summary_large_image","twitter_site":"@AUREN_Argentina","twitter_misc":{"Tiempo de lectura":"2 minutos"},"schema":{"@context":"https:\/\/schema.org","@graph":[{"@type":"WebPage","@id":"https:\/\/auren.com\/ar\/noticias\/novedades-zima-talent-se-integra-a-auren-argentina-para-potenciar-nuestra-propuesta-en-busqueda-y-seleccion-de-profesionales\/","url":"https:\/\/auren.com\/ar\/noticias\/novedades-zima-talent-se-integra-a-auren-argentina-para-potenciar-nuestra-propuesta-en-busqueda-y-seleccion-de-profesionales\/","name":"Novedades | Zima Talent se integra a Auren Argentina para potenciar nuestra propuesta en b\u00fasqueda y selecci\u00f3n de profesionales - Auren Argentina","isPartOf":{"@id":"https:\/\/auren.com\/ar\/#website"},"primaryImageOfPage":{"@id":"https:\/\/auren.com\/ar\/noticias\/novedades-zima-talent-se-integra-a-auren-argentina-para-potenciar-nuestra-propuesta-en-busqueda-y-seleccion-de-profesionales\/#primaryimage"},"image":{"@id":"https:\/\/auren.com\/ar\/noticias\/novedades-zima-talent-se-integra-a-auren-argentina-para-potenciar-nuestra-propuesta-en-busqueda-y-seleccion-de-profesionales\/#primaryimage"},"thumbnailUrl":"https:\/\/auren.com\/ar\/wp-content\/uploads\/2026\/09\/imagen-placa.jpg","datePublished":"2026-09-03T14:17:18+00:00","dateModified":"2026-09-03T14:17:28+00:00","description":"La integraci\u00f3n fortalece los servicios de Auren en b\u00fasqueda y selecci\u00f3n de profesionales, combinando su enfoque con el respaldo de una firma integral.","breadcrumb":{"@id":"https:\/\/auren.com\/ar\/noticias\/novedades-zima-talent-se-integra-a-auren-argentina-para-potenciar-nuestra-propuesta-en-busqueda-y-seleccion-de-profesionales\/#breadcrumb"},"inLanguage":"es","potentialAction":[{"@type":"ReadAction","target":["https:\/\/auren.com\/ar\/noticias\/novedades-zima-talent-se-integra-a-auren-argentina-para-potenciar-nuestra-propuesta-en-busqueda-y-seleccion-de-profesionales\/"]}]},{"@type":"ImageObject","inLanguage":"es","@id":"https:\/\/auren.com\/ar\/noticias\/novedades-zima-talent-se-integra-a-auren-argentina-para-potenciar-nuestra-propuesta-en-busqueda-y-seleccion-de-profesionales\/#primaryimage","url":"https:\/\/auren.com\/ar\/wp-content\/uploads\/2026\/09\/imagen-placa.jpg","contentUrl":"https:\/\/auren.com\/ar\/wp-content\/uploads\/2026\/09\/imagen-placa.jpg","width":1532,"height":760,"caption":"placa zima-auren"},{"@type":"BreadcrumbList","@id":"https:\/\/auren.com\/ar\/noticias\/novedades-zima-talent-se-integra-a-auren-argentina-para-potenciar-nuestra-propuesta-en-busqueda-y-seleccion-de-profesionales\/#breadcrumb","itemListElement":[{"@type":"ListItem","position":1,"name":"Portada","item":"https:\/\/auren.com\/ar\/"},{"@type":"ListItem","position":2,"name":"Novedades | Zima Talent se integra a Auren Argentina para potenciar nuestra propuesta en b\u00fasqueda y selecci\u00f3n de profesionales"}]},{"@type":"WebSite","@id":"https:\/\/auren.com\/ar\/#website","url":"https:\/\/auren.com\/ar\/","name":"Auren Argentina","description":"","publisher":{"@id":"https:\/\/auren.com\/ar\/#organization"},"potentialAction":[{"@type":"SearchAction","target":{"@type":"EntryPoint","urlTemplate":"https:\/\/auren.com\/ar\/?s={search_term_string}"},"query-input":{"@type":"PropertyValueSpecification","valueRequired":true,"valueName":"search_term_string"}}],"inLanguage":"es"},{"@type":"Organization","@id":"https:\/\/auren.com\/ar\/#organization","name":"Auren Argentina","url":"https:\/\/auren.com\/ar\/","logo":{"@type":"ImageObject","inLanguage":"es","@id":"https:\/\/auren.com\/ar\/#\/schema\/logo\/image\/","url":"https:\/\/auren.com\/ar\/wp-content\/uploads\/2025\/01\/cropped-cropped-favicon-Auren.png","contentUrl":"https:\/\/auren.com\/ar\/wp-content\/uploads\/2025\/01\/cropped-cropped-favicon-Auren.png","width":512,"height":512,"caption":"Auren Argentina"},"image":{"@id":"https:\/\/auren.com\/ar\/#\/schema\/logo\/image\/"},"sameAs":["https:\/\/www.facebook.com\/AurenArg\/","https:\/\/x.com\/AUREN_Argentina","https:\/\/www.linkedin.com\/company\/aurenargentina","https:\/\/www.youtube.com\/channel\/UCSCseiHMECB0uMBGF9wtjSw","https:\/\/www.instagram.com\/aurenargentina\/"]}]}},"_links":{"self":[{"href":"https:\/\/auren.com\/ar\/wp-json\/wp\/v2\/new\/43220","targetHints":{"allow":["GET"]}}],"collection":[{"href":"https:\/\/auren.com\/ar\/wp-json\/wp\/v2\/new"}],"about":[{"href":"https:\/\/auren.com\/ar\/wp-json\/wp\/v2\/types\/new"}],"version-history":[{"count":0,"href":"https:\/\/auren.com\/ar\/wp-json\/wp\/v2\/new\/43220\/revisions"}],"wp:featuredmedia":[{"embeddable":true,"href":"https:\/\/auren.com\/ar\/wp-json\/wp\/v2\/media\/43221"}],"wp:attachment":[{"href":"https:\/\/auren.com\/ar\/wp-json\/wp\/v2\/media?parent=43220"}],"wp:term":[{"taxonomy":"new-category","embeddable":true,"href":"https:\/\/auren.com\/ar\/wp-json\/wp\/v2\/new-category?post=43220"}],"curies":[{"name":"wp","href":"https:\/\/api.w.org\/{rel}","templated":true}]}}