{"id":19077,"date":"2023-08-15T15:29:04","date_gmt":"2023-08-15T13:29:04","guid":{"rendered":"https:\/\/auren.com\/ar\/publication\/brujula-de-negocios-2023-la-mirada-de-los-empresarios-frente-a-las-elecciones\/"},"modified":"2023-08-15T15:29:04","modified_gmt":"2023-08-15T13:29:04","slug":"brujula-de-negocios-2023-la-mirada-de-los-empresarios-frente-a-las-elecciones","status":"publish","type":"publication","link":"https:\/\/auren.com\/ar\/publicaciones\/brujula-de-negocios-2023-la-mirada-de-los-empresarios-frente-a-las-elecciones\/","title":{"rendered":"Br\u00fajula de Negocios 2023. La mirada de los empresarios frente a las elecciones"},"content":{"rendered":"<p>A d\u00edas de las\u00a0<a href=\"https:\/\/www.linkedin.com\/feed\/hashtag\/?keywords=paso&amp;highlightedUpdateUrns=urn%3Ali%3Aactivity%3A7095844329016979456\">#Paso<\/a>\u00a0y frente a la realidad que atraviesa la Argentina, donde la incertidumbre gobierna la econom\u00eda, la situaci\u00f3n pol\u00edtica y social, en Auren realizamos una encuesta para conocer las opiniones y decisiones que tomar\u00e1n empresarios\/as frente a las elecciones 2023.<\/p>\n<p>&#x1f4c9; Los resultados expresan desconfianza y enojo en la pol\u00edtica con pocas expectativas de inversi\u00f3n y desarrollo, pero esperanza de un cambio y futuro mejor.<\/p>\n<p>Estas conclusiones surgen del relevamiento a m\u00e1s de 400 empresarios\/as de diversos rubros sobre su visi\u00f3n frente a las elecciones presidenciales. Opinan c\u00f3mo ven afectada la econom\u00eda, las inversiones y cu\u00e1les son las principales necesidades para el desarrollo de sus negocios.\u00a0<\/p>\n<p>Compartimos el Informe de datos.<\/p>\n<p><!-- AddThis Advanced Settings generic via filter on the_content --><!-- AddThis Share Buttons generic via filter on the_content --><\/p>\n","protected":false},"excerpt":{"rendered":"<p>A d\u00edas de las\u00a0#Paso\u00a0y frente a la realidad que atraviesa la Argentina, donde la incertidumbre gobierna la econom\u00eda, la situaci\u00f3n pol\u00edtica y social, en Auren realizamos una encuesta para conocer las opiniones y decisiones que tomar\u00e1n empresarios\/as frente a las elecciones 2023. &#x1f4c9; Los resultados expresan desconfianza y enojo en la pol\u00edtica con pocas expectativas [&hellip;]<\/p>\n","protected":false},"featured_media":19081,"template":"","meta":{"_acf_changed":false,"footnotes":""},"publication-category":[],"class_list":["post-19077","publication","type-publication","status-publish","has-post-thumbnail","hentry"],"acf":[],"yoast_head":"<!-- This site is optimized with the Yoast SEO plugin v27.4 - https:\/\/yoast.com\/product\/yoast-seo-wordpress\/ -->\n<title>Br\u00fajula de Negocios 2023. La mirada de los empresarios frente a las elecciones - Auren Argentina<\/title>\n<meta name=\"description\" content=\"Br\u00fajula de Negocios. La mirada frente a las elecciones 2023. Conoc\u00e9 los opiniones de m\u00e1s de 400 empresarios de diversos rubros.\" \/>\n<meta name=\"robots\" content=\"index, follow, max-snippet:-1, max-image-preview:large, max-video-preview:-1\" \/>\n<link rel=\"canonical\" href=\"https:\/\/auren.com\/ar\/publicaciones\/brujula-de-negocios-2023-la-mirada-de-los-empresarios-frente-a-las-elecciones\/\" \/>\n<meta property=\"og:locale\" content=\"es_ES\" \/>\n<meta property=\"og:type\" content=\"article\" \/>\n<meta property=\"og:title\" content=\"Br\u00fajula de Negocios 2023. La mirada de los empresarios frente a las elecciones - Auren Argentina\" \/>\n<meta property=\"og:description\" content=\"Br\u00fajula de Negocios. La mirada frente a las elecciones 2023. Conoc\u00e9 los opiniones de m\u00e1s de 400 empresarios de diversos rubros.\" \/>\n<meta property=\"og:url\" content=\"https:\/\/auren.com\/ar\/publicaciones\/brujula-de-negocios-2023-la-mirada-de-los-empresarios-frente-a-las-elecciones\/\" \/>\n<meta property=\"og:site_name\" content=\"Auren Argentina\" \/>\n<meta property=\"article:publisher\" content=\"https:\/\/www.facebook.com\/AurenArg\/\" \/>\n<meta property=\"og:image\" content=\"https:\/\/auren.com\/ar\/wp-content\/uploads\/2023\/08\/Brujula-de-negocios.-Resultados-1.jpg\" \/>\n\t<meta property=\"og:image:width\" content=\"800\" \/>\n\t<meta property=\"og:image:height\" content=\"600\" \/>\n\t<meta property=\"og:image:type\" content=\"image\/jpeg\" \/>\n<meta name=\"twitter:card\" content=\"summary_large_image\" \/>\n<meta name=\"twitter:site\" content=\"@AUREN_Argentina\" \/>\n<meta name=\"twitter:label1\" content=\"Tiempo de lectura\" \/>\n\t<meta name=\"twitter:data1\" content=\"1 minuto\" \/>\n<script type=\"application\/ld+json\" class=\"yoast-schema-graph\">{\"@context\":\"https:\\\/\\\/schema.org\",\"@graph\":[{\"@type\":\"WebPage\",\"@id\":\"https:\\\/\\\/auren.com\\\/ar\\\/publicaciones\\\/brujula-de-negocios-2023-la-mirada-de-los-empresarios-frente-a-las-elecciones\\\/\",\"url\":\"https:\\\/\\\/auren.com\\\/ar\\\/publicaciones\\\/brujula-de-negocios-2023-la-mirada-de-los-empresarios-frente-a-las-elecciones\\\/\",\"name\":\"Br\u00fajula de Negocios 2023. La mirada de los empresarios frente a las elecciones - Auren Argentina\",\"isPartOf\":{\"@id\":\"https:\\\/\\\/auren.com\\\/ar\\\/#website\"},\"primaryImageOfPage\":{\"@id\":\"https:\\\/\\\/auren.com\\\/ar\\\/publicaciones\\\/brujula-de-negocios-2023-la-mirada-de-los-empresarios-frente-a-las-elecciones\\\/#primaryimage\"},\"image\":{\"@id\":\"https:\\\/\\\/auren.com\\\/ar\\\/publicaciones\\\/brujula-de-negocios-2023-la-mirada-de-los-empresarios-frente-a-las-elecciones\\\/#primaryimage\"},\"thumbnailUrl\":\"https:\\\/\\\/auren.com\\\/ar\\\/wp-content\\\/uploads\\\/2023\\\/08\\\/Brujula-de-negocios.-Resultados-1.jpg\",\"datePublished\":\"2023-08-15T13:29:04+00:00\",\"description\":\"Br\u00fajula de Negocios. La mirada frente a las elecciones 2023. Conoc\u00e9 los opiniones de m\u00e1s de 400 empresarios de diversos rubros.\",\"breadcrumb\":{\"@id\":\"https:\\\/\\\/auren.com\\\/ar\\\/publicaciones\\\/brujula-de-negocios-2023-la-mirada-de-los-empresarios-frente-a-las-elecciones\\\/#breadcrumb\"},\"inLanguage\":\"es\",\"potentialAction\":[{\"@type\":\"ReadAction\",\"target\":[\"https:\\\/\\\/auren.com\\\/ar\\\/publicaciones\\\/brujula-de-negocios-2023-la-mirada-de-los-empresarios-frente-a-las-elecciones\\\/\"]}]},{\"@type\":\"ImageObject\",\"inLanguage\":\"es\",\"@id\":\"https:\\\/\\\/auren.com\\\/ar\\\/publicaciones\\\/brujula-de-negocios-2023-la-mirada-de-los-empresarios-frente-a-las-elecciones\\\/#primaryimage\",\"url\":\"https:\\\/\\\/auren.com\\\/ar\\\/wp-content\\\/uploads\\\/2023\\\/08\\\/Brujula-de-negocios.-Resultados-1.jpg\",\"contentUrl\":\"https:\\\/\\\/auren.com\\\/ar\\\/wp-content\\\/uploads\\\/2023\\\/08\\\/Brujula-de-negocios.-Resultados-1.jpg\",\"width\":800,\"height\":600},{\"@type\":\"BreadcrumbList\",\"@id\":\"https:\\\/\\\/auren.com\\\/ar\\\/publicaciones\\\/brujula-de-negocios-2023-la-mirada-de-los-empresarios-frente-a-las-elecciones\\\/#breadcrumb\",\"itemListElement\":[{\"@type\":\"ListItem\",\"position\":1,\"name\":\"Portada\",\"item\":\"https:\\\/\\\/auren.com\\\/ar\\\/\"},{\"@type\":\"ListItem\",\"position\":2,\"name\":\"Br\u00fajula de Negocios 2023. La mirada de los empresarios frente a las elecciones\"}]},{\"@type\":\"WebSite\",\"@id\":\"https:\\\/\\\/auren.com\\\/ar\\\/#website\",\"url\":\"https:\\\/\\\/auren.com\\\/ar\\\/\",\"name\":\"Auren Argentina\",\"description\":\"\",\"publisher\":{\"@id\":\"https:\\\/\\\/auren.com\\\/ar\\\/#organization\"},\"potentialAction\":[{\"@type\":\"SearchAction\",\"target\":{\"@type\":\"EntryPoint\",\"urlTemplate\":\"https:\\\/\\\/auren.com\\\/ar\\\/?s={search_term_string}\"},\"query-input\":{\"@type\":\"PropertyValueSpecification\",\"valueRequired\":true,\"valueName\":\"search_term_string\"}}],\"inLanguage\":\"es\"},{\"@type\":\"Organization\",\"@id\":\"https:\\\/\\\/auren.com\\\/ar\\\/#organization\",\"name\":\"Auren Argentina\",\"url\":\"https:\\\/\\\/auren.com\\\/ar\\\/\",\"logo\":{\"@type\":\"ImageObject\",\"inLanguage\":\"es\",\"@id\":\"https:\\\/\\\/auren.com\\\/ar\\\/#\\\/schema\\\/logo\\\/image\\\/\",\"url\":\"https:\\\/\\\/auren.com\\\/ar\\\/wp-content\\\/uploads\\\/2025\\\/01\\\/cropped-cropped-favicon-Auren.png\",\"contentUrl\":\"https:\\\/\\\/auren.com\\\/ar\\\/wp-content\\\/uploads\\\/2025\\\/01\\\/cropped-cropped-favicon-Auren.png\",\"width\":512,\"height\":512,\"caption\":\"Auren Argentina\"},\"image\":{\"@id\":\"https:\\\/\\\/auren.com\\\/ar\\\/#\\\/schema\\\/logo\\\/image\\\/\"},\"sameAs\":[\"https:\\\/\\\/www.facebook.com\\\/AurenArg\\\/\",\"https:\\\/\\\/x.com\\\/AUREN_Argentina\",\"https:\\\/\\\/www.linkedin.com\\\/company\\\/aurenargentina\",\"https:\\\/\\\/www.youtube.com\\\/channel\\\/UCSCseiHMECB0uMBGF9wtjSw\",\"https:\\\/\\\/www.instagram.com\\\/aurenargentina\\\/\"]}]}<\/script>\n<!-- \/ Yoast SEO plugin. -->","yoast_head_json":{"title":"Br\u00fajula de Negocios 2023. La mirada de los empresarios frente a las elecciones - Auren Argentina","description":"Br\u00fajula de Negocios. La mirada frente a las elecciones 2023. Conoc\u00e9 los opiniones de m\u00e1s de 400 empresarios de diversos rubros.","robots":{"index":"index","follow":"follow","max-snippet":"max-snippet:-1","max-image-preview":"max-image-preview:large","max-video-preview":"max-video-preview:-1"},"canonical":"https:\/\/auren.com\/ar\/publicaciones\/brujula-de-negocios-2023-la-mirada-de-los-empresarios-frente-a-las-elecciones\/","og_locale":"es_ES","og_type":"article","og_title":"Br\u00fajula de Negocios 2023. La mirada de los empresarios frente a las elecciones - Auren Argentina","og_description":"Br\u00fajula de Negocios. La mirada frente a las elecciones 2023. Conoc\u00e9 los opiniones de m\u00e1s de 400 empresarios de diversos rubros.","og_url":"https:\/\/auren.com\/ar\/publicaciones\/brujula-de-negocios-2023-la-mirada-de-los-empresarios-frente-a-las-elecciones\/","og_site_name":"Auren Argentina","article_publisher":"https:\/\/www.facebook.com\/AurenArg\/","og_image":[{"width":800,"height":600,"url":"https:\/\/auren.com\/ar\/wp-content\/uploads\/2023\/08\/Brujula-de-negocios.-Resultados-1.jpg","type":"image\/jpeg"}],"twitter_card":"summary_large_image","twitter_site":"@AUREN_Argentina","twitter_misc":{"Tiempo de lectura":"1 minuto"},"schema":{"@context":"https:\/\/schema.org","@graph":[{"@type":"WebPage","@id":"https:\/\/auren.com\/ar\/publicaciones\/brujula-de-negocios-2023-la-mirada-de-los-empresarios-frente-a-las-elecciones\/","url":"https:\/\/auren.com\/ar\/publicaciones\/brujula-de-negocios-2023-la-mirada-de-los-empresarios-frente-a-las-elecciones\/","name":"Br\u00fajula de Negocios 2023. La mirada de los empresarios frente a las elecciones - Auren Argentina","isPartOf":{"@id":"https:\/\/auren.com\/ar\/#website"},"primaryImageOfPage":{"@id":"https:\/\/auren.com\/ar\/publicaciones\/brujula-de-negocios-2023-la-mirada-de-los-empresarios-frente-a-las-elecciones\/#primaryimage"},"image":{"@id":"https:\/\/auren.com\/ar\/publicaciones\/brujula-de-negocios-2023-la-mirada-de-los-empresarios-frente-a-las-elecciones\/#primaryimage"},"thumbnailUrl":"https:\/\/auren.com\/ar\/wp-content\/uploads\/2023\/08\/Brujula-de-negocios.-Resultados-1.jpg","datePublished":"2023-08-15T13:29:04+00:00","description":"Br\u00fajula de Negocios. La mirada frente a las elecciones 2023. Conoc\u00e9 los opiniones de m\u00e1s de 400 empresarios de diversos rubros.","breadcrumb":{"@id":"https:\/\/auren.com\/ar\/publicaciones\/brujula-de-negocios-2023-la-mirada-de-los-empresarios-frente-a-las-elecciones\/#breadcrumb"},"inLanguage":"es","potentialAction":[{"@type":"ReadAction","target":["https:\/\/auren.com\/ar\/publicaciones\/brujula-de-negocios-2023-la-mirada-de-los-empresarios-frente-a-las-elecciones\/"]}]},{"@type":"ImageObject","inLanguage":"es","@id":"https:\/\/auren.com\/ar\/publicaciones\/brujula-de-negocios-2023-la-mirada-de-los-empresarios-frente-a-las-elecciones\/#primaryimage","url":"https:\/\/auren.com\/ar\/wp-content\/uploads\/2023\/08\/Brujula-de-negocios.-Resultados-1.jpg","contentUrl":"https:\/\/auren.com\/ar\/wp-content\/uploads\/2023\/08\/Brujula-de-negocios.-Resultados-1.jpg","width":800,"height":600},{"@type":"BreadcrumbList","@id":"https:\/\/auren.com\/ar\/publicaciones\/brujula-de-negocios-2023-la-mirada-de-los-empresarios-frente-a-las-elecciones\/#breadcrumb","itemListElement":[{"@type":"ListItem","position":1,"name":"Portada","item":"https:\/\/auren.com\/ar\/"},{"@type":"ListItem","position":2,"name":"Br\u00fajula de Negocios 2023. La mirada de los empresarios frente a las elecciones"}]},{"@type":"WebSite","@id":"https:\/\/auren.com\/ar\/#website","url":"https:\/\/auren.com\/ar\/","name":"Auren Argentina","description":"","publisher":{"@id":"https:\/\/auren.com\/ar\/#organization"},"potentialAction":[{"@type":"SearchAction","target":{"@type":"EntryPoint","urlTemplate":"https:\/\/auren.com\/ar\/?s={search_term_string}"},"query-input":{"@type":"PropertyValueSpecification","valueRequired":true,"valueName":"search_term_string"}}],"inLanguage":"es"},{"@type":"Organization","@id":"https:\/\/auren.com\/ar\/#organization","name":"Auren Argentina","url":"https:\/\/auren.com\/ar\/","logo":{"@type":"ImageObject","inLanguage":"es","@id":"https:\/\/auren.com\/ar\/#\/schema\/logo\/image\/","url":"https:\/\/auren.com\/ar\/wp-content\/uploads\/2025\/01\/cropped-cropped-favicon-Auren.png","contentUrl":"https:\/\/auren.com\/ar\/wp-content\/uploads\/2025\/01\/cropped-cropped-favicon-Auren.png","width":512,"height":512,"caption":"Auren Argentina"},"image":{"@id":"https:\/\/auren.com\/ar\/#\/schema\/logo\/image\/"},"sameAs":["https:\/\/www.facebook.com\/AurenArg\/","https:\/\/x.com\/AUREN_Argentina","https:\/\/www.linkedin.com\/company\/aurenargentina","https:\/\/www.youtube.com\/channel\/UCSCseiHMECB0uMBGF9wtjSw","https:\/\/www.instagram.com\/aurenargentina\/"]}]}},"_links":{"self":[{"href":"https:\/\/auren.com\/ar\/wp-json\/wp\/v2\/publication\/19077","targetHints":{"allow":["GET"]}}],"collection":[{"href":"https:\/\/auren.com\/ar\/wp-json\/wp\/v2\/publication"}],"about":[{"href":"https:\/\/auren.com\/ar\/wp-json\/wp\/v2\/types\/publication"}],"version-history":[{"count":0,"href":"https:\/\/auren.com\/ar\/wp-json\/wp\/v2\/publication\/19077\/revisions"}],"wp:featuredmedia":[{"embeddable":true,"href":"https:\/\/auren.com\/ar\/wp-json\/wp\/v2\/media\/19081"}],"wp:attachment":[{"href":"https:\/\/auren.com\/ar\/wp-json\/wp\/v2\/media?parent=19077"}],"wp:term":[{"taxonomy":"publication-category","embeddable":true,"href":"https:\/\/auren.com\/ar\/wp-json\/wp\/v2\/publication-category?post=19077"}],"curies":[{"name":"wp","href":"https:\/\/api.w.org\/{rel}","templated":true}]}}