{"id":17256,"date":"2023-09-12T11:12:57","date_gmt":"2023-09-12T09:12:57","guid":{"rendered":"https:\/\/auren.com\/ar\/video-podcast\/sabes-de-que-se-trata-el-gobierno-corporativo-fabio-fabri\/"},"modified":"2023-09-12T11:12:57","modified_gmt":"2023-09-12T09:12:57","slug":"sabes-de-que-se-trata-el-gobierno-corporativo-fabio-fabri","status":"publish","type":"video-podcast","link":"https:\/\/auren.com\/ar\/videos\/sabes-de-que-se-trata-el-gobierno-corporativo-fabio-fabri\/","title":{"rendered":"\u00bfSab\u00e9s de qu\u00e9 se trata el Gobierno Corporativo? &#8211; Fabio Fabri"},"content":{"rendered":"<p>El Gobierno Corporativo es una forma de gesti\u00f3n que permite que las empresas alineen sus decisiones a las estrategias de la organizaci\u00f3n. Este modelo propone gestionarla de manera eficiente y con buenas pr\u00e1cticas que te permita hacer un seguimiento profesional de todos los proyectos y los planes. <\/p>\n<p>Mir\u00e1 el video completo por <a href=\"https:\/\/www.linkedin.com\/in\/fabiofabri22\/\">Fabio Fabri<\/a>, Socio de <a href=\"https:\/\/auren.com\/ar\/servicios\/consultoria\/\">Consultor\u00eda<\/a> de <a href=\"https:\/\/auren.com\/ar\/\">Auren Argentina.<\/a><\/p>\n<figure class=\"wp-block-embed is-type-video is-provider-youtube wp-block-embed-youtube wp-embed-aspect-16-9 wp-has-aspect-ratio\">\n<div class=\"wp-block-embed__wrapper\">\n<div class=\"auren-youtube-cookie-gate\"><div class=\"auren-youtube-cookie-placeholder cookieconsent-optout-marketing\"><img class=\"auren-youtube-cookie-logo lazyload\" data-src=\"https:\/\/auren.com\/ar\/wp-content\/uploads\/2024\/10\/logo-auren.svg\" alt=\"Auren Argentina\" src=\"data:image\/svg+xml;base64,PHN2ZyB3aWR0aD0iMSIgaGVpZ2h0PSIxIiB4bWxucz0iaHR0cDovL3d3dy53My5vcmcvMjAwMC9zdmciPjwvc3ZnPg==\"><p class=\"auren-youtube-cookie-message\">Please accept the marketing cookies to view this video.<\/p><\/div><iframe class=\"cookieconsent-optin-marketing\" type=\"text\/plain\" data-cookieconsent=\"marketing\" data-src=\"https:\/\/www.youtube.com\/embed\/Bd6RhzeA1oM?feature=oembed&#038;rel=0\" loading=\"lazy\" title=\"Consultor\u00eda\" width=\"500\" height=\"281\"  frameborder=\"0\" allow=\"accelerometer; autoplay; clipboard-write; encrypted-media; gyroscope; picture-in-picture; web-share\" allowfullscreen><\/iframe><\/div>\n<\/div>\n<\/figure>\n<p><!-- AddThis Advanced Settings generic via filter on the_content --><!-- AddThis Share Buttons generic via filter on the_content --><\/p>\n","protected":false},"excerpt":{"rendered":"<p>El Gobierno Corporativo es una forma de gesti\u00f3n que permite que las empresas alineen sus decisiones a las estrategias de la organizaci\u00f3n. Este modelo propone gestionarla de manera eficiente y con buenas pr\u00e1cticas que te permita hacer un seguimiento profesional de todos los proyectos y los planes. Mir\u00e1 el video completo por Fabio Fabri, Socio [&hellip;]<\/p>\n","protected":false},"featured_media":17257,"template":"","meta":{"_acf_changed":false,"footnotes":""},"video-podcast-category":[],"class_list":["post-17256","video-podcast","type-video-podcast","status-publish","has-post-thumbnail","hentry"],"acf":[],"yoast_head":"<!-- This site is optimized with the Yoast SEO plugin v27.4 - https:\/\/yoast.com\/product\/yoast-seo-wordpress\/ -->\n<title>\u00bfSab\u00e9s de qu\u00e9 se trata el Gobierno Corporativo? - Fabio Fabri - Auren Argentina<\/title>\n<meta name=\"description\" content=\"El Gobierno Corporativo es una forma de gesti\u00f3n que permite que las empresas alineen sus decisiones a las estrategias de la organizaci\u00f3n.\" \/>\n<meta name=\"robots\" content=\"index, follow, max-snippet:-1, max-image-preview:large, max-video-preview:-1\" \/>\n<link rel=\"canonical\" href=\"https:\/\/auren.com\/ar\/videos\/sabes-de-que-se-trata-el-gobierno-corporativo-fabio-fabri\/\" \/>\n<meta property=\"og:locale\" content=\"es_ES\" \/>\n<meta property=\"og:type\" content=\"article\" \/>\n<meta property=\"og:title\" content=\"\u00bfSab\u00e9s de qu\u00e9 se trata el Gobierno Corporativo? - Fabio Fabri - Auren Argentina\" \/>\n<meta property=\"og:description\" content=\"El Gobierno Corporativo es una forma de gesti\u00f3n que permite que las empresas alineen sus decisiones a las estrategias de la organizaci\u00f3n.\" \/>\n<meta property=\"og:url\" content=\"https:\/\/auren.com\/ar\/videos\/sabes-de-que-se-trata-el-gobierno-corporativo-fabio-fabri\/\" \/>\n<meta property=\"og:site_name\" content=\"Auren Argentina\" \/>\n<meta property=\"article:publisher\" content=\"https:\/\/www.facebook.com\/AurenArg\/\" \/>\n<meta property=\"og:image\" content=\"https:\/\/auren.com\/ar\/wp-content\/uploads\/2023\/09\/IMAGEN-FABIO.png\" \/>\n\t<meta property=\"og:image:width\" content=\"790\" \/>\n\t<meta property=\"og:image:height\" content=\"440\" \/>\n\t<meta property=\"og:image:type\" content=\"image\/png\" \/>\n<meta name=\"twitter:card\" content=\"summary_large_image\" \/>\n<meta name=\"twitter:site\" content=\"@AUREN_Argentina\" \/>\n<script type=\"application\/ld+json\" class=\"yoast-schema-graph\">{\"@context\":\"https:\\\/\\\/schema.org\",\"@graph\":[{\"@type\":\"WebPage\",\"@id\":\"https:\\\/\\\/auren.com\\\/ar\\\/videos\\\/sabes-de-que-se-trata-el-gobierno-corporativo-fabio-fabri\\\/\",\"url\":\"https:\\\/\\\/auren.com\\\/ar\\\/videos\\\/sabes-de-que-se-trata-el-gobierno-corporativo-fabio-fabri\\\/\",\"name\":\"\u00bfSab\u00e9s de qu\u00e9 se trata el Gobierno Corporativo? - Fabio Fabri - Auren Argentina\",\"isPartOf\":{\"@id\":\"https:\\\/\\\/auren.com\\\/ar\\\/#website\"},\"primaryImageOfPage\":{\"@id\":\"https:\\\/\\\/auren.com\\\/ar\\\/videos\\\/sabes-de-que-se-trata-el-gobierno-corporativo-fabio-fabri\\\/#primaryimage\"},\"image\":{\"@id\":\"https:\\\/\\\/auren.com\\\/ar\\\/videos\\\/sabes-de-que-se-trata-el-gobierno-corporativo-fabio-fabri\\\/#primaryimage\"},\"thumbnailUrl\":\"https:\\\/\\\/auren.com\\\/ar\\\/wp-content\\\/uploads\\\/2023\\\/09\\\/IMAGEN-FABIO.png\",\"datePublished\":\"2023-09-12T09:12:57+00:00\",\"description\":\"El Gobierno Corporativo es una forma de gesti\u00f3n que permite que las empresas alineen sus decisiones a las estrategias de la organizaci\u00f3n.\",\"breadcrumb\":{\"@id\":\"https:\\\/\\\/auren.com\\\/ar\\\/videos\\\/sabes-de-que-se-trata-el-gobierno-corporativo-fabio-fabri\\\/#breadcrumb\"},\"inLanguage\":\"es\",\"potentialAction\":[{\"@type\":\"ReadAction\",\"target\":[\"https:\\\/\\\/auren.com\\\/ar\\\/videos\\\/sabes-de-que-se-trata-el-gobierno-corporativo-fabio-fabri\\\/\"]}]},{\"@type\":\"ImageObject\",\"inLanguage\":\"es\",\"@id\":\"https:\\\/\\\/auren.com\\\/ar\\\/videos\\\/sabes-de-que-se-trata-el-gobierno-corporativo-fabio-fabri\\\/#primaryimage\",\"url\":\"https:\\\/\\\/auren.com\\\/ar\\\/wp-content\\\/uploads\\\/2023\\\/09\\\/IMAGEN-FABIO.png\",\"contentUrl\":\"https:\\\/\\\/auren.com\\\/ar\\\/wp-content\\\/uploads\\\/2023\\\/09\\\/IMAGEN-FABIO.png\",\"width\":790,\"height\":440},{\"@type\":\"BreadcrumbList\",\"@id\":\"https:\\\/\\\/auren.com\\\/ar\\\/videos\\\/sabes-de-que-se-trata-el-gobierno-corporativo-fabio-fabri\\\/#breadcrumb\",\"itemListElement\":[{\"@type\":\"ListItem\",\"position\":1,\"name\":\"Portada\",\"item\":\"https:\\\/\\\/auren.com\\\/ar\\\/\"},{\"@type\":\"ListItem\",\"position\":2,\"name\":\"\u00bfSab\u00e9s de qu\u00e9 se trata el Gobierno Corporativo? &#8211; Fabio Fabri\"}]},{\"@type\":\"WebSite\",\"@id\":\"https:\\\/\\\/auren.com\\\/ar\\\/#website\",\"url\":\"https:\\\/\\\/auren.com\\\/ar\\\/\",\"name\":\"Auren Argentina\",\"description\":\"\",\"publisher\":{\"@id\":\"https:\\\/\\\/auren.com\\\/ar\\\/#organization\"},\"potentialAction\":[{\"@type\":\"SearchAction\",\"target\":{\"@type\":\"EntryPoint\",\"urlTemplate\":\"https:\\\/\\\/auren.com\\\/ar\\\/?s={search_term_string}\"},\"query-input\":{\"@type\":\"PropertyValueSpecification\",\"valueRequired\":true,\"valueName\":\"search_term_string\"}}],\"inLanguage\":\"es\"},{\"@type\":\"Organization\",\"@id\":\"https:\\\/\\\/auren.com\\\/ar\\\/#organization\",\"name\":\"Auren Argentina\",\"url\":\"https:\\\/\\\/auren.com\\\/ar\\\/\",\"logo\":{\"@type\":\"ImageObject\",\"inLanguage\":\"es\",\"@id\":\"https:\\\/\\\/auren.com\\\/ar\\\/#\\\/schema\\\/logo\\\/image\\\/\",\"url\":\"https:\\\/\\\/auren.com\\\/ar\\\/wp-content\\\/uploads\\\/2025\\\/01\\\/cropped-cropped-favicon-Auren.png\",\"contentUrl\":\"https:\\\/\\\/auren.com\\\/ar\\\/wp-content\\\/uploads\\\/2025\\\/01\\\/cropped-cropped-favicon-Auren.png\",\"width\":512,\"height\":512,\"caption\":\"Auren Argentina\"},\"image\":{\"@id\":\"https:\\\/\\\/auren.com\\\/ar\\\/#\\\/schema\\\/logo\\\/image\\\/\"},\"sameAs\":[\"https:\\\/\\\/www.facebook.com\\\/AurenArg\\\/\",\"https:\\\/\\\/x.com\\\/AUREN_Argentina\",\"https:\\\/\\\/www.linkedin.com\\\/company\\\/aurenargentina\",\"https:\\\/\\\/www.youtube.com\\\/channel\\\/UCSCseiHMECB0uMBGF9wtjSw\",\"https:\\\/\\\/www.instagram.com\\\/aurenargentina\\\/\"]}]}<\/script>\n<!-- \/ Yoast SEO plugin. -->","yoast_head_json":{"title":"\u00bfSab\u00e9s de qu\u00e9 se trata el Gobierno Corporativo? - Fabio Fabri - Auren Argentina","description":"El Gobierno Corporativo es una forma de gesti\u00f3n que permite que las empresas alineen sus decisiones a las estrategias de la organizaci\u00f3n.","robots":{"index":"index","follow":"follow","max-snippet":"max-snippet:-1","max-image-preview":"max-image-preview:large","max-video-preview":"max-video-preview:-1"},"canonical":"https:\/\/auren.com\/ar\/videos\/sabes-de-que-se-trata-el-gobierno-corporativo-fabio-fabri\/","og_locale":"es_ES","og_type":"article","og_title":"\u00bfSab\u00e9s de qu\u00e9 se trata el Gobierno Corporativo? - Fabio Fabri - Auren Argentina","og_description":"El Gobierno Corporativo es una forma de gesti\u00f3n que permite que las empresas alineen sus decisiones a las estrategias de la organizaci\u00f3n.","og_url":"https:\/\/auren.com\/ar\/videos\/sabes-de-que-se-trata-el-gobierno-corporativo-fabio-fabri\/","og_site_name":"Auren Argentina","article_publisher":"https:\/\/www.facebook.com\/AurenArg\/","og_image":[{"width":790,"height":440,"url":"https:\/\/auren.com\/ar\/wp-content\/uploads\/2023\/09\/IMAGEN-FABIO.png","type":"image\/png"}],"twitter_card":"summary_large_image","twitter_site":"@AUREN_Argentina","schema":{"@context":"https:\/\/schema.org","@graph":[{"@type":"WebPage","@id":"https:\/\/auren.com\/ar\/videos\/sabes-de-que-se-trata-el-gobierno-corporativo-fabio-fabri\/","url":"https:\/\/auren.com\/ar\/videos\/sabes-de-que-se-trata-el-gobierno-corporativo-fabio-fabri\/","name":"\u00bfSab\u00e9s de qu\u00e9 se trata el Gobierno Corporativo? - Fabio Fabri - Auren Argentina","isPartOf":{"@id":"https:\/\/auren.com\/ar\/#website"},"primaryImageOfPage":{"@id":"https:\/\/auren.com\/ar\/videos\/sabes-de-que-se-trata-el-gobierno-corporativo-fabio-fabri\/#primaryimage"},"image":{"@id":"https:\/\/auren.com\/ar\/videos\/sabes-de-que-se-trata-el-gobierno-corporativo-fabio-fabri\/#primaryimage"},"thumbnailUrl":"https:\/\/auren.com\/ar\/wp-content\/uploads\/2023\/09\/IMAGEN-FABIO.png","datePublished":"2023-09-12T09:12:57+00:00","description":"El Gobierno Corporativo es una forma de gesti\u00f3n que permite que las empresas alineen sus decisiones a las estrategias de la organizaci\u00f3n.","breadcrumb":{"@id":"https:\/\/auren.com\/ar\/videos\/sabes-de-que-se-trata-el-gobierno-corporativo-fabio-fabri\/#breadcrumb"},"inLanguage":"es","potentialAction":[{"@type":"ReadAction","target":["https:\/\/auren.com\/ar\/videos\/sabes-de-que-se-trata-el-gobierno-corporativo-fabio-fabri\/"]}]},{"@type":"ImageObject","inLanguage":"es","@id":"https:\/\/auren.com\/ar\/videos\/sabes-de-que-se-trata-el-gobierno-corporativo-fabio-fabri\/#primaryimage","url":"https:\/\/auren.com\/ar\/wp-content\/uploads\/2023\/09\/IMAGEN-FABIO.png","contentUrl":"https:\/\/auren.com\/ar\/wp-content\/uploads\/2023\/09\/IMAGEN-FABIO.png","width":790,"height":440},{"@type":"BreadcrumbList","@id":"https:\/\/auren.com\/ar\/videos\/sabes-de-que-se-trata-el-gobierno-corporativo-fabio-fabri\/#breadcrumb","itemListElement":[{"@type":"ListItem","position":1,"name":"Portada","item":"https:\/\/auren.com\/ar\/"},{"@type":"ListItem","position":2,"name":"\u00bfSab\u00e9s de qu\u00e9 se trata el Gobierno Corporativo? &#8211; Fabio Fabri"}]},{"@type":"WebSite","@id":"https:\/\/auren.com\/ar\/#website","url":"https:\/\/auren.com\/ar\/","name":"Auren Argentina","description":"","publisher":{"@id":"https:\/\/auren.com\/ar\/#organization"},"potentialAction":[{"@type":"SearchAction","target":{"@type":"EntryPoint","urlTemplate":"https:\/\/auren.com\/ar\/?s={search_term_string}"},"query-input":{"@type":"PropertyValueSpecification","valueRequired":true,"valueName":"search_term_string"}}],"inLanguage":"es"},{"@type":"Organization","@id":"https:\/\/auren.com\/ar\/#organization","name":"Auren Argentina","url":"https:\/\/auren.com\/ar\/","logo":{"@type":"ImageObject","inLanguage":"es","@id":"https:\/\/auren.com\/ar\/#\/schema\/logo\/image\/","url":"https:\/\/auren.com\/ar\/wp-content\/uploads\/2025\/01\/cropped-cropped-favicon-Auren.png","contentUrl":"https:\/\/auren.com\/ar\/wp-content\/uploads\/2025\/01\/cropped-cropped-favicon-Auren.png","width":512,"height":512,"caption":"Auren Argentina"},"image":{"@id":"https:\/\/auren.com\/ar\/#\/schema\/logo\/image\/"},"sameAs":["https:\/\/www.facebook.com\/AurenArg\/","https:\/\/x.com\/AUREN_Argentina","https:\/\/www.linkedin.com\/company\/aurenargentina","https:\/\/www.youtube.com\/channel\/UCSCseiHMECB0uMBGF9wtjSw","https:\/\/www.instagram.com\/aurenargentina\/"]}]}},"_links":{"self":[{"href":"https:\/\/auren.com\/ar\/wp-json\/wp\/v2\/video-podcast\/17256","targetHints":{"allow":["GET"]}}],"collection":[{"href":"https:\/\/auren.com\/ar\/wp-json\/wp\/v2\/video-podcast"}],"about":[{"href":"https:\/\/auren.com\/ar\/wp-json\/wp\/v2\/types\/video-podcast"}],"version-history":[{"count":0,"href":"https:\/\/auren.com\/ar\/wp-json\/wp\/v2\/video-podcast\/17256\/revisions"}],"wp:featuredmedia":[{"embeddable":true,"href":"https:\/\/auren.com\/ar\/wp-json\/wp\/v2\/media\/17257"}],"wp:attachment":[{"href":"https:\/\/auren.com\/ar\/wp-json\/wp\/v2\/media?parent=17256"}],"wp:term":[{"taxonomy":"video-podcast-category","embeddable":true,"href":"https:\/\/auren.com\/ar\/wp-json\/wp\/v2\/video-podcast-category?post=17256"}],"curies":[{"name":"wp","href":"https:\/\/api.w.org\/{rel}","templated":true}]}}