{"id":15534,"date":"2016-05-10T15:06:34","date_gmt":"2016-05-10T13:06:34","guid":{"rendered":"https:\/\/auren.com\/co\/global-new\/chile-acoge-la-ix-convencion-latinoamericana-de-auren\/"},"modified":"2016-05-10T15:06:34","modified_gmt":"2016-05-10T13:06:34","slug":"chile-acoge-la-ix-convencion-latinoamericana-de-auren","status":"publish","type":"global-new","link":"https:\/\/auren.com\/co\/global-new\/chile-acoge-la-ix-convencion-latinoamericana-de-auren\/","title":{"rendered":"Chile acoge la IX Convenci\u00f3n Latinoamericana de Auren"},"content":{"rendered":"<p>La capital de Chile acogi\u00f3 el pasado 5 de mayo la convenci\u00f3n latinoamericana de Auren, con la asistencia de m\u00e1s de 25 participantes procedentes de pa\u00edses latinoamericanos, en los que Auren tiene una fuerte presencia: Argentina, Uruguay, M\u00e9xico, Colombia y Chile.<\/p>\n<p>Durante el encuentro, presidido por el presidente de Auren Internacional, Antoni G\u00f3mez, los asistentes debatieron sobre el plan estrat\u00e9gico de Auren y compartieron casos pr\u00e1cticos de las diferentes oficinas de Auren.<\/p>\n<p>Al mismo tiempo tuvo lugar la VIII convenci\u00f3n latinoamericana de Antea el 6 de mayo, que reuni\u00f3 a m\u00e1s de 30 miembros latinoamericanos pertenecientes a la asociaci\u00f3n internacional de firmas independientes, entre las que se encuentra Auren.<\/p>\n<p>La convenci\u00f3n tuvo como ponente al senador Jos\u00e9 Gilberto Garc\u00eda Ruminot, contador p\u00fablico y auditor, quien ofreci\u00f3 una visi\u00f3n econ\u00f3mica y pol\u00edtica de Chile como pa\u00eds confiable para realizar inversiones.<\/p>\n<p><img decoding=\"async\" data-src=\"https:\/\/www.auren.com\/uploads\/images\/originals\/1808.jpg\" alt=\"\" style=\"width: 444px;height: 296.791px;float: left;margin: 0px 10px 10px 0px\" src=\"data:image\/svg+xml;base64,PHN2ZyB3aWR0aD0iMSIgaGVpZ2h0PSIxIiB4bWxucz0iaHR0cDovL3d3dy53My5vcmcvMjAwMC9zdmciPjwvc3ZnPg==\" class=\"lazyload\"><\/p>\n<p><img decoding=\"async\" data-src=\"https:\/\/www.auren.com\/uploads\/images\/originals\/1811.jpg\" style=\"width: 442px;height: 295.176px\" src=\"data:image\/svg+xml;base64,PHN2ZyB3aWR0aD0iMSIgaGVpZ2h0PSIxIiB4bWxucz0iaHR0cDovL3d3dy53My5vcmcvMjAwMC9zdmciPjwvc3ZnPg==\" class=\"lazyload\"><\/p>\n<p><!-- AddThis Advanced Settings generic via filter on the_content --><!-- AddThis Share Buttons generic via filter on the_content --><\/p>\n","protected":false},"excerpt":{"rendered":"<p>La cita re\u00fane a m\u00e1s de 25 participantes latinoamericanos.<\/p>\n","protected":false},"featured_media":12372,"template":"","meta":{"_acf_changed":false},"global-new-category":[],"class_list":["post-15534","global-new","type-global-new","status-publish","has-post-thumbnail","hentry"],"acf":[],"yoast_head":"<!-- This site is optimized with the Yoast SEO plugin v27.4 - https:\/\/yoast.com\/product\/yoast-seo-wordpress\/ -->\n<title>Chile acoge la IX Convenci\u00f3n Latinoamericana de Auren - Auren Colombia<\/title>\n<meta name=\"robots\" content=\"index, follow, max-snippet:-1, max-image-preview:large, max-video-preview:-1\" \/>\n<link rel=\"canonical\" href=\"https:\/\/auren.com\/co\/global-new\/chile-acoge-la-ix-convencion-latinoamericana-de-auren\/\" \/>\n<meta property=\"og:locale\" content=\"es_ES\" \/>\n<meta property=\"og:type\" content=\"article\" \/>\n<meta property=\"og:title\" content=\"Chile acoge la IX Convenci\u00f3n Latinoamericana de Auren - Auren Colombia\" \/>\n<meta property=\"og:description\" content=\"La cita re\u00fane a m\u00e1s de 25 participantes latinoamericanos.\" \/>\n<meta property=\"og:url\" content=\"https:\/\/auren.com\/co\/global-new\/chile-acoge-la-ix-convencion-latinoamericana-de-auren\/\" \/>\n<meta property=\"og:site_name\" content=\"Auren Colombia\" \/>\n<meta property=\"og:image\" content=\"https:\/\/www.auren.com\/uploads\/images\/originals\/1808.jpg\" \/>\n<meta name=\"twitter:card\" content=\"summary_large_image\" \/>\n<meta name=\"twitter:site\" content=\"@AurenColombia\" \/>\n<meta name=\"twitter:label1\" content=\"Tiempo de lectura\" \/>\n\t<meta name=\"twitter:data1\" content=\"1 minuto\" \/>\n<script type=\"application\/ld+json\" class=\"yoast-schema-graph\">{\"@context\":\"https:\\\/\\\/schema.org\",\"@graph\":[{\"@type\":\"WebPage\",\"@id\":\"https:\\\/\\\/auren.com\\\/co\\\/global-new\\\/chile-acoge-la-ix-convencion-latinoamericana-de-auren\\\/\",\"url\":\"https:\\\/\\\/auren.com\\\/co\\\/global-new\\\/chile-acoge-la-ix-convencion-latinoamericana-de-auren\\\/\",\"name\":\"Chile acoge la IX Convenci\u00f3n Latinoamericana de Auren - Auren Colombia\",\"isPartOf\":{\"@id\":\"https:\\\/\\\/auren.com\\\/co\\\/#website\"},\"primaryImageOfPage\":{\"@id\":\"https:\\\/\\\/auren.com\\\/co\\\/global-new\\\/chile-acoge-la-ix-convencion-latinoamericana-de-auren\\\/#primaryimage\"},\"image\":{\"@id\":\"https:\\\/\\\/auren.com\\\/co\\\/global-new\\\/chile-acoge-la-ix-convencion-latinoamericana-de-auren\\\/#primaryimage\"},\"thumbnailUrl\":\"https:\\\/\\\/auren.com\\\/co\\\/wp-content\\\/uploads\\\/global\\\/2016\\\/05\\\/1808-scaled-4.jpg\",\"datePublished\":\"2016-05-10T13:06:34+00:00\",\"breadcrumb\":{\"@id\":\"https:\\\/\\\/auren.com\\\/co\\\/global-new\\\/chile-acoge-la-ix-convencion-latinoamericana-de-auren\\\/#breadcrumb\"},\"inLanguage\":\"es\",\"potentialAction\":[{\"@type\":\"ReadAction\",\"target\":[\"https:\\\/\\\/auren.com\\\/co\\\/global-new\\\/chile-acoge-la-ix-convencion-latinoamericana-de-auren\\\/\"]}]},{\"@type\":\"ImageObject\",\"inLanguage\":\"es\",\"@id\":\"https:\\\/\\\/auren.com\\\/co\\\/global-new\\\/chile-acoge-la-ix-convencion-latinoamericana-de-auren\\\/#primaryimage\",\"url\":\"https:\\\/\\\/auren.com\\\/co\\\/wp-content\\\/uploads\\\/global\\\/2016\\\/05\\\/1808-scaled-4.jpg\",\"contentUrl\":\"https:\\\/\\\/auren.com\\\/co\\\/wp-content\\\/uploads\\\/global\\\/2016\\\/05\\\/1808-scaled-4.jpg\",\"width\":2560,\"height\":1709},{\"@type\":\"BreadcrumbList\",\"@id\":\"https:\\\/\\\/auren.com\\\/co\\\/global-new\\\/chile-acoge-la-ix-convencion-latinoamericana-de-auren\\\/#breadcrumb\",\"itemListElement\":[{\"@type\":\"ListItem\",\"position\":1,\"name\":\"Portada\",\"item\":\"https:\\\/\\\/auren.com\\\/co\\\/\"},{\"@type\":\"ListItem\",\"position\":2,\"name\":\"Chile acoge la IX Convenci\u00f3n Latinoamericana de Auren\"}]},{\"@type\":\"WebSite\",\"@id\":\"https:\\\/\\\/auren.com\\\/co\\\/#website\",\"url\":\"https:\\\/\\\/auren.com\\\/co\\\/\",\"name\":\"Auren Colombia\",\"description\":\"\",\"publisher\":{\"@id\":\"https:\\\/\\\/auren.com\\\/co\\\/#organization\"},\"potentialAction\":[{\"@type\":\"SearchAction\",\"target\":{\"@type\":\"EntryPoint\",\"urlTemplate\":\"https:\\\/\\\/auren.com\\\/co\\\/?s={search_term_string}\"},\"query-input\":{\"@type\":\"PropertyValueSpecification\",\"valueRequired\":true,\"valueName\":\"search_term_string\"}}],\"inLanguage\":\"es\"},{\"@type\":\"Organization\",\"@id\":\"https:\\\/\\\/auren.com\\\/co\\\/#organization\",\"name\":\"Auren Colombia\",\"url\":\"https:\\\/\\\/auren.com\\\/co\\\/\",\"logo\":{\"@type\":\"ImageObject\",\"inLanguage\":\"es\",\"@id\":\"https:\\\/\\\/auren.com\\\/co\\\/#\\\/schema\\\/logo\\\/image\\\/\",\"url\":\"https:\\\/\\\/auren.com\\\/co\\\/wp-content\\\/uploads\\\/2025\\\/01\\\/cropped-cropped-favicon-Auren.png\",\"contentUrl\":\"https:\\\/\\\/auren.com\\\/co\\\/wp-content\\\/uploads\\\/2025\\\/01\\\/cropped-cropped-favicon-Auren.png\",\"width\":512,\"height\":512,\"caption\":\"Auren Colombia\"},\"image\":{\"@id\":\"https:\\\/\\\/auren.com\\\/co\\\/#\\\/schema\\\/logo\\\/image\\\/\"},\"sameAs\":[\"https:\\\/\\\/x.com\\\/AurenColombia\",\"https:\\\/\\\/www.instagram.com\\\/aurencolombia\\\/\",\"https:\\\/\\\/www.youtube.com\\\/channel\\\/UCRYoGRMR_k4oVWesdErApmA\",\"https:\\\/\\\/www.linkedin.com\\\/company\\\/auren-colombia\"]}]}<\/script>\n<!-- \/ Yoast SEO plugin. -->","yoast_head_json":{"title":"Chile acoge la IX Convenci\u00f3n Latinoamericana de Auren - Auren Colombia","robots":{"index":"index","follow":"follow","max-snippet":"max-snippet:-1","max-image-preview":"max-image-preview:large","max-video-preview":"max-video-preview:-1"},"canonical":"https:\/\/auren.com\/co\/global-new\/chile-acoge-la-ix-convencion-latinoamericana-de-auren\/","og_locale":"es_ES","og_type":"article","og_title":"Chile acoge la IX Convenci\u00f3n Latinoamericana de Auren - Auren Colombia","og_description":"La cita re\u00fane a m\u00e1s de 25 participantes latinoamericanos.","og_url":"https:\/\/auren.com\/co\/global-new\/chile-acoge-la-ix-convencion-latinoamericana-de-auren\/","og_site_name":"Auren Colombia","og_image":[{"url":"https:\/\/www.auren.com\/uploads\/images\/originals\/1808.jpg","type":"","width":"","height":""}],"twitter_card":"summary_large_image","twitter_site":"@AurenColombia","twitter_misc":{"Tiempo de lectura":"1 minuto"},"schema":{"@context":"https:\/\/schema.org","@graph":[{"@type":"WebPage","@id":"https:\/\/auren.com\/co\/global-new\/chile-acoge-la-ix-convencion-latinoamericana-de-auren\/","url":"https:\/\/auren.com\/co\/global-new\/chile-acoge-la-ix-convencion-latinoamericana-de-auren\/","name":"Chile acoge la IX Convenci\u00f3n Latinoamericana de Auren - Auren Colombia","isPartOf":{"@id":"https:\/\/auren.com\/co\/#website"},"primaryImageOfPage":{"@id":"https:\/\/auren.com\/co\/global-new\/chile-acoge-la-ix-convencion-latinoamericana-de-auren\/#primaryimage"},"image":{"@id":"https:\/\/auren.com\/co\/global-new\/chile-acoge-la-ix-convencion-latinoamericana-de-auren\/#primaryimage"},"thumbnailUrl":"https:\/\/auren.com\/co\/wp-content\/uploads\/global\/2016\/05\/1808-scaled-4.jpg","datePublished":"2016-05-10T13:06:34+00:00","breadcrumb":{"@id":"https:\/\/auren.com\/co\/global-new\/chile-acoge-la-ix-convencion-latinoamericana-de-auren\/#breadcrumb"},"inLanguage":"es","potentialAction":[{"@type":"ReadAction","target":["https:\/\/auren.com\/co\/global-new\/chile-acoge-la-ix-convencion-latinoamericana-de-auren\/"]}]},{"@type":"ImageObject","inLanguage":"es","@id":"https:\/\/auren.com\/co\/global-new\/chile-acoge-la-ix-convencion-latinoamericana-de-auren\/#primaryimage","url":"https:\/\/auren.com\/co\/wp-content\/uploads\/global\/2016\/05\/1808-scaled-4.jpg","contentUrl":"https:\/\/auren.com\/co\/wp-content\/uploads\/global\/2016\/05\/1808-scaled-4.jpg","width":2560,"height":1709},{"@type":"BreadcrumbList","@id":"https:\/\/auren.com\/co\/global-new\/chile-acoge-la-ix-convencion-latinoamericana-de-auren\/#breadcrumb","itemListElement":[{"@type":"ListItem","position":1,"name":"Portada","item":"https:\/\/auren.com\/co\/"},{"@type":"ListItem","position":2,"name":"Chile acoge la IX Convenci\u00f3n Latinoamericana de Auren"}]},{"@type":"WebSite","@id":"https:\/\/auren.com\/co\/#website","url":"https:\/\/auren.com\/co\/","name":"Auren Colombia","description":"","publisher":{"@id":"https:\/\/auren.com\/co\/#organization"},"potentialAction":[{"@type":"SearchAction","target":{"@type":"EntryPoint","urlTemplate":"https:\/\/auren.com\/co\/?s={search_term_string}"},"query-input":{"@type":"PropertyValueSpecification","valueRequired":true,"valueName":"search_term_string"}}],"inLanguage":"es"},{"@type":"Organization","@id":"https:\/\/auren.com\/co\/#organization","name":"Auren Colombia","url":"https:\/\/auren.com\/co\/","logo":{"@type":"ImageObject","inLanguage":"es","@id":"https:\/\/auren.com\/co\/#\/schema\/logo\/image\/","url":"https:\/\/auren.com\/co\/wp-content\/uploads\/2025\/01\/cropped-cropped-favicon-Auren.png","contentUrl":"https:\/\/auren.com\/co\/wp-content\/uploads\/2025\/01\/cropped-cropped-favicon-Auren.png","width":512,"height":512,"caption":"Auren Colombia"},"image":{"@id":"https:\/\/auren.com\/co\/#\/schema\/logo\/image\/"},"sameAs":["https:\/\/x.com\/AurenColombia","https:\/\/www.instagram.com\/aurencolombia\/","https:\/\/www.youtube.com\/channel\/UCRYoGRMR_k4oVWesdErApmA","https:\/\/www.linkedin.com\/company\/auren-colombia"]}]}},"_links":{"self":[{"href":"https:\/\/auren.com\/co\/wp-json\/wp\/v2\/global-new\/15534","targetHints":{"allow":["GET"]}}],"collection":[{"href":"https:\/\/auren.com\/co\/wp-json\/wp\/v2\/global-new"}],"about":[{"href":"https:\/\/auren.com\/co\/wp-json\/wp\/v2\/types\/global-new"}],"wp:featuredmedia":[{"embeddable":true,"href":"https:\/\/auren.com\/co\/wp-json\/wp\/v2\/media\/12372"}],"wp:attachment":[{"href":"https:\/\/auren.com\/co\/wp-json\/wp\/v2\/media?parent=15534"}],"wp:term":[{"taxonomy":"global-new-category","embeddable":true,"href":"https:\/\/auren.com\/co\/wp-json\/wp\/v2\/global-new-category?post=15534"}],"curies":[{"name":"wp","href":"https:\/\/api.w.org\/{rel}","templated":true}]}}