{"id":2473,"date":"2024-12-19T12:53:43","date_gmt":"2024-12-19T11:53:43","guid":{"rendered":"https:\/\/auren.com\/de\/?page_id=2473"},"modified":"2026-06-07T22:00:21","modified_gmt":"2026-06-07T20:00:21","slug":"entdecken-sie-die-neuesten-trends","status":"publish","type":"page","link":"https:\/\/auren.com\/de\/trends\/entdecken-sie-die-neuesten-trends\/","title":{"rendered":"Entdecken Sie die neuesten Trends"},"content":{"rendered":"<section id=\"Header-block_550bb51b9f1f39f54cd22e64da55a6f8\" class=\"Header\">\r\n\r\n    <div class=\"hero\">\r\n                <div class=\"container\">\r\n            <div class=\"hero_header\">\r\n                                \r\n                <div class=\"hero_header_title\">\r\n                    <h1 class=''>Aktuelles<\/h1>\n                <\/div>\r\n\r\n                                                \r\n                <div class=\"hero_header_title\">\r\n                                    <\/div>\r\n\r\n                                                \r\n                <div class=\"hero_header_subtitle\">\r\n                    <p style=\"text-align: left;\">im \u00dcberblick<\/p>\n                <\/div>\r\n\r\n                                \r\n            <\/div>\r\n        <\/div>\r\n        \r\n                <picture>\r\n            <source data-srcset=\"https:\/\/auren.com\/de\/wp-content\/uploads\/2024\/11\/bg-hero-trends.webp\"\r\n                media=\"(min-width: 1200px)\" \/>\r\n            <img decoding=\"async\" class=\"hero_bg lazyload\"\r\n                <img decoding=\"async\" width=\"640\" height=\"383\" data-src=\"https:\/\/auren.com\/de\/wp-content\/uploads\/2024\/11\/bg-hero-trends-1024x612.webp\" class=\"hero_bg lazyload\" alt=\"\" data-srcset=\"https:\/\/auren.com\/de\/wp-content\/uploads\/2024\/11\/bg-hero-trends-1024x612.webp 1024w, https:\/\/auren.com\/de\/wp-content\/uploads\/2024\/11\/bg-hero-trends-300x179.webp 300w, https:\/\/auren.com\/de\/wp-content\/uploads\/2024\/11\/bg-hero-trends-768x459.webp 768w, https:\/\/auren.com\/de\/wp-content\/uploads\/2024\/11\/bg-hero-trends.webp 1200w\" data-sizes=\"(max-width: 640px) 100vw, 640px\" src=\"data:image\/svg+xml;base64,PHN2ZyB3aWR0aD0iMSIgaGVpZ2h0PSIxIiB4bWxucz0iaHR0cDovL3d3dy53My5vcmcvMjAwMC9zdmciPjwvc3ZnPg==\" style=\"--smush-placeholder-width: 640px; --smush-placeholder-aspect-ratio: 640\/383;\" \/>>\r\n        <\/picture>\r\n        \r\n                        <p class=\"hero_scroll\"><strong>Mehr erfahren<\/strong> Nach unten bl\u00e4ttern<\/p>\r\n                    <\/div>\r\n\r\n<\/section>\n\n\r\n<section id=\"Breadcrumbs-block_3b52fa2cf64063f23e969d76df85550b\" class=\"Breadcrumbs\">\r\n    \r\n        <nav class=\"breads\" aria-label=\"Breadcrumb\">\r\n            <ul class=\"container\">\r\n                <li><a href=\"https:\/\/auren.com\/de\">Home<\/a><\/li>\r\n                <li><span aria-current=\"page\">Entdecken Sie die neuesten Trends<\/span><\/li>            <\/ul>\r\n        <\/nav>\r\n\r\n                                                                                     \r\n    \r\n<\/section>\r\n\n\n<div id=\"TrendsDistributive-block_33eeb56fc7fbb7a888df5121e569881d\" class=\"TrendsDistributive\" data-per-page=\"9\" data-type=\"all\" data-tags=\"show\" data-fixed-ids=\"\">\n\n    \n    <div class=\"categories\">\n        <div class=\"container\">\n            <div class=\"categories_title\">\n                            <\/div>\n            <div class=\"categories_nav\">\n                <a class=\"categories_nav_button\" href=\"#\">Sort By Category<\/a>\n                <div class=\"categories_nav_content\">\n                    <div class=\"categories_nav_tags\">\n                        <span class=\"categories_nav_tags_item\">Blog<\/span>\n                    <\/div>\n                    <div class=\"categories_nav_list\">\n                        <label class=\"categories_nav_list_item\"><input class=\"categories_nav_list_check\" type=\"checkbox\" data-type=\"post\" data-value=\"all\" checked><span class=\"categories_nav_list_text\">Alle Kategorien<\/span><\/label>\n                                                <label class=\"categories_nav_list_item\"><input class=\"categories_nav_list_check\" type=\"checkbox\" data-type=\"post\" data-value=\"new\" ><span class=\"categories_nav_list_text\">News<\/span><\/label>\n                                                <label class=\"categories_nav_list_item\"><input class=\"categories_nav_list_check\" type=\"checkbox\" data-type=\"post\" data-value=\"blog\" ><span class=\"categories_nav_list_text\">Blog<\/span><\/label>\n                                                <label class=\"categories_nav_list_item\"><input class=\"categories_nav_list_check\" type=\"checkbox\" data-type=\"post\" data-value=\"publication\" ><span class=\"categories_nav_list_text\">Publikationen<\/span><\/label>\n                                                <label class=\"categories_nav_list_item\"><input class=\"categories_nav_list_check\" type=\"checkbox\" data-type=\"post\" data-value=\"video-podcast\" ><span class=\"categories_nav_list_text\">Videos<\/span><\/label>\n                                            <\/div>\n                <\/div>\n            <\/div>\n        <\/div>\n    <\/div>\n        <div class=\"articles\">\n\n        <div class=\"container\">\n            \n            <a class=\"article article-featured active\" data-value=\"all\" href=\"https:\/\/auren.com\/de\/blog\/fortfuehrung-der-geschaeftsfuehrertaetigkeit-nach-unternehmensverkauf\/\">\r\n    <span class=\"article_text\">\r\n        <span class=\"article_meta\">\r\n\r\n                            <span class=\"article_tags\">\r\n                                    <span class=\"article_tags_item\">Steuerberatung<\/span>\r\n                                <\/span>\r\n                        \r\n            <span class=\"article_date\">01.09.2026<\/span>\r\n        <\/span>\r\n        <span class=\"article_title\">BFH: Zur Fortf\u00fchrung der Gesch\u00e4ftsf\u00fchrert\u00e4tigkeit nach Unternehmensverkauf<\/span>\r\n        <span class=\"article_description\">Beim Unternehmensverkauf kann die steuerliche Einordnung von Zusatzverg\u00fctungen f\u00fcr Gesch\u00e4ftsf\u00fchrer entscheidend sein. Der BFH konkretisiert die Abgrenzung zwischen Arbeitslohn und Ver\u00e4u\u00dferungsgewinn.<\/span>\r\n                    <span class=\"article_button\">Artikel lesen<\/span>\r\n            <\/span>\r\n    <span class=\"article_media\">\r\n                <img fetchpriority=\"high\" decoding=\"async\" width=\"2560\" height=\"1440\" src=\"https:\/\/auren.com\/de\/wp-content\/uploads\/2026\/08\/Blog-Bilder-2026-_3_-scaled.webp\" class=\"article_media_image wp-post-image\" alt=\"Entdecken Sie die neuesten Trends\" title=\"Entdecken Sie die neuesten Trends\" loading=\"eager\" srcset=\"https:\/\/auren.com\/de\/wp-content\/uploads\/2026\/08\/Blog-Bilder-2026-_3_-scaled.webp 2560w, https:\/\/auren.com\/de\/wp-content\/uploads\/2026\/08\/Blog-Bilder-2026-_3_-300x169.webp 300w, https:\/\/auren.com\/de\/wp-content\/uploads\/2026\/08\/Blog-Bilder-2026-_3_-1024x576.webp 1024w, https:\/\/auren.com\/de\/wp-content\/uploads\/2026\/08\/Blog-Bilder-2026-_3_-768x432.webp 768w, https:\/\/auren.com\/de\/wp-content\/uploads\/2026\/08\/Blog-Bilder-2026-_3_-1536x864.webp 1536w, https:\/\/auren.com\/de\/wp-content\/uploads\/2026\/08\/Blog-Bilder-2026-_3_-2048x1152.webp 2048w\" sizes=\"(max-width: 2560px) 100vw, 2560px\" \/>    <\/span>\r\n<\/a>\r\n\n            <a class=\"article article-featured \" data-value=\"new\" href=\"https:\/\/auren.com\/de\/news\/auren-und-ehemaliger-mauer-standort-auftaktevent-zum-zusammenschluss-in-reutlingen\/\">\r\n    <span class=\"article_text\">\r\n        <span class=\"article_meta\">\r\n\r\n                            <span class=\"article_tags\">\r\n                                    <span class=\"article_tags_item\">Wirtschaftspr\u00fcfung<\/span>\r\n                                    <span class=\"article_tags_item\">Steuerberatung<\/span>\r\n                                    <span class=\"article_tags_item\">Consulting<\/span>\r\n                                <\/span>\r\n                        \r\n            <span class=\"article_date\">04.03.2026<\/span>\r\n        <\/span>\r\n        <span class=\"article_title\">Auftaktevent in Reutlingen: Auren und Mauer feiern partnerschaftlichen Zusammenschluss<\/span>\r\n        <span class=\"article_description\">Mit einem Auftaktevent in Reutlingen haben Auren und das Team des ehemaligen Mauer\u2011Standorts ihren partnerschaftlichen Zusammenschluss offiziell gefeiert. Mitarbeitende, Mandant:innen und Partner nutzten den Abend f\u00fcr offenen Austausch, fachliche Impulse und pers\u00f6nliches Kennenlernen.\n<\/span>\r\n                    <span class=\"article_button\">Artikel lesen<\/span>\r\n            <\/span>\r\n    <span class=\"article_media\">\r\n                <img decoding=\"async\" width=\"2048\" height=\"1365\" data-src=\"https:\/\/auren.com\/de\/wp-content\/uploads\/2026\/03\/StephanMauer.webp\" class=\"article_media_image wp-post-image lazyload\" alt=\"Entdecken Sie die neuesten Trends\" title=\"Entdecken Sie die neuesten Trends\" data-srcset=\"https:\/\/auren.com\/de\/wp-content\/uploads\/2026\/03\/StephanMauer.webp 2048w, https:\/\/auren.com\/de\/wp-content\/uploads\/2026\/03\/StephanMauer-300x200.webp 300w, https:\/\/auren.com\/de\/wp-content\/uploads\/2026\/03\/StephanMauer-1024x683.webp 1024w, https:\/\/auren.com\/de\/wp-content\/uploads\/2026\/03\/StephanMauer-768x512.webp 768w, https:\/\/auren.com\/de\/wp-content\/uploads\/2026\/03\/StephanMauer-1536x1024.webp 1536w\" data-sizes=\"(max-width: 2048px) 100vw, 2048px\" src=\"data:image\/svg+xml;base64,PHN2ZyB3aWR0aD0iMSIgaGVpZ2h0PSIxIiB4bWxucz0iaHR0cDovL3d3dy53My5vcmcvMjAwMC9zdmciPjwvc3ZnPg==\" style=\"--smush-placeholder-width: 2048px; --smush-placeholder-aspect-ratio: 2048\/1365;\" \/>    <\/span>\r\n<\/a>\r\n<a class=\"article article-featured \" data-value=\"blog\" href=\"https:\/\/auren.com\/de\/blog\/fortfuehrung-der-geschaeftsfuehrertaetigkeit-nach-unternehmensverkauf\/\">\r\n    <span class=\"article_text\">\r\n        <span class=\"article_meta\">\r\n\r\n                            <span class=\"article_tags\">\r\n                                    <span class=\"article_tags_item\">Steuerberatung<\/span>\r\n                                <\/span>\r\n                        \r\n            <span class=\"article_date\">01.09.2026<\/span>\r\n        <\/span>\r\n        <span class=\"article_title\">BFH: Zur Fortf\u00fchrung der Gesch\u00e4ftsf\u00fchrert\u00e4tigkeit nach Unternehmensverkauf<\/span>\r\n        <span class=\"article_description\">Beim Unternehmensverkauf kann die steuerliche Einordnung von Zusatzverg\u00fctungen f\u00fcr Gesch\u00e4ftsf\u00fchrer entscheidend sein. Der BFH konkretisiert die Abgrenzung zwischen Arbeitslohn und Ver\u00e4u\u00dferungsgewinn.<\/span>\r\n                    <span class=\"article_button\">Artikel lesen<\/span>\r\n            <\/span>\r\n    <span class=\"article_media\">\r\n                <img fetchpriority=\"high\" decoding=\"async\" width=\"2560\" height=\"1440\" src=\"https:\/\/auren.com\/de\/wp-content\/uploads\/2026\/08\/Blog-Bilder-2026-_3_-scaled.webp\" class=\"article_media_image wp-post-image\" alt=\"Entdecken Sie die neuesten Trends\" title=\"Entdecken Sie die neuesten Trends\" loading=\"eager\" srcset=\"https:\/\/auren.com\/de\/wp-content\/uploads\/2026\/08\/Blog-Bilder-2026-_3_-scaled.webp 2560w, https:\/\/auren.com\/de\/wp-content\/uploads\/2026\/08\/Blog-Bilder-2026-_3_-300x169.webp 300w, https:\/\/auren.com\/de\/wp-content\/uploads\/2026\/08\/Blog-Bilder-2026-_3_-1024x576.webp 1024w, https:\/\/auren.com\/de\/wp-content\/uploads\/2026\/08\/Blog-Bilder-2026-_3_-768x432.webp 768w, https:\/\/auren.com\/de\/wp-content\/uploads\/2026\/08\/Blog-Bilder-2026-_3_-1536x864.webp 1536w, https:\/\/auren.com\/de\/wp-content\/uploads\/2026\/08\/Blog-Bilder-2026-_3_-2048x1152.webp 2048w\" sizes=\"(max-width: 2560px) 100vw, 2560px\" \/>    <\/span>\r\n<\/a>\r\n<a class=\"article article-featured \" data-value=\"publication\" href=\"https:\/\/auren.com\/de\/publikationen\/geschaeftsbericht-2025\/\">\r\n    <span class=\"article_text\">\r\n        <span class=\"article_meta\">\r\n\r\n                            <span class=\"article_tags\">\r\n                                    <span class=\"article_tags_item\">Steuerberatung<\/span>\r\n                                    <span class=\"article_tags_item\">Wirtschaftspr\u00fcfung<\/span>\r\n                                    <span class=\"article_tags_item\">Rechtsberatung<\/span>\r\n                                    <span class=\"article_tags_item\">Consulting<\/span>\r\n                                    <span class=\"article_tags_item\">Corporate Finance<\/span>\r\n                                <\/span>\r\n                        \r\n            <span class=\"article_date\">27.05.2026<\/span>\r\n        <\/span>\r\n        <span class=\"article_title\">Gesch\u00e4ftsbericht 2025<\/span>\r\n        <span class=\"article_description\"><\/span>\r\n                    <span class=\"article_button\">Publikation ansehen<\/span>\r\n            <\/span>\r\n    <span class=\"article_media\">\r\n                    <\/span>\r\n<\/a>\r\n<a class=\"article article-featured \" data-value=\"video-podcast\" href=\"https:\/\/auren.com\/de\/videos\/drei-jubilaeen-ein-film\/\">\r\n    <span class=\"article_text\">\r\n        <span class=\"article_meta\">\r\n\r\n                            <span class=\"article_tags\">\r\n                                    <span class=\"article_tags_item\">Steuerberatung<\/span>\r\n                                    <span class=\"article_tags_item\">Wirtschaftspr\u00fcfung<\/span>\r\n                                    <span class=\"article_tags_item\">Rechtsberatung<\/span>\r\n                                    <span class=\"article_tags_item\">Consulting<\/span>\r\n                                    <span class=\"article_tags_item\">Corporate Finance<\/span>\r\n                                <\/span>\r\n                        \r\n            <span class=\"article_date\">25.05.2023<\/span>\r\n        <\/span>\r\n        <span class=\"article_title\">Drei Jubil\u00e4en &#8211; ein Film<\/span>\r\n        <span class=\"article_description\"><\/span>\r\n                    <span class=\"article_button\">Zum Video<\/span>\r\n            <\/span>\r\n    <span class=\"article_media\">\r\n        <img decoding=\"async\" class=\"article_media_image lazyload\" data-src=\"https:\/\/img.youtube.com\/vi\/uMVt9XypJ2Y\/hqdefault.jpg\" title=\"Drei Jubil\u00e4en &#8211; ein Film\" src=\"data:image\/svg+xml;base64,PHN2ZyB3aWR0aD0iMSIgaGVpZ2h0PSIxIiB4bWxucz0iaHR0cDovL3d3dy53My5vcmcvMjAwMC9zdmciPjwvc3ZnPg==\">            <\/span>\r\n<\/a>\r\n\n        <\/div>\n    <\/div>\n\n    <div class=\"filters\">\n\n        <div class=\"container\">\n            <div class=\"filters_title\">\n                <h4 class=\"active\">ALLE ARTIKEL<\/h4>\n                                <h4 class=\"\">News<\/h4>\n                                <h4 class=\"\">Blog<\/h4>\n                                <h4 class=\"\">Publikationen<\/h4>\n                                <h4 class=\"\">Videos<\/h4>\n                            <\/div>\n            <div class=\"filters_nav\">\n\n                <div id=\"filters-search-panel\" class=\"filters_search\" role=\"search\" hidden>\n                    <input\n                            type=\"text\"\n                            class=\"filters_search_input\"\n                            placeholder=\"Suchen...\"\n                            value=\"\"\n                            aria-label=\"Buscar\"\n                    \/>\n                    <button type=\"button\" class=\"filters_search_clear\" aria-label=\"Limpiar b\u00fasqueda\"><\/button>\n                <\/div>\n                <button type=\"button\"\n                        class=\"filters_search_toggle\"\n                        aria-expanded=\"false\"\n                        aria-controls=\"filters-search-panel\"\n                        aria-label=\"Abrir buscador\">\n                <\/button>\n                <a class=\"filters_nav_button\" href=\"#\">Sortieren nach<\/a>\n\n                <!-- Aqu\u00ed la lupa para buscar -->\n                <div class=\"filters_nav_content\">\n                    <div class=\"filters_nav_list\">\n                        <p class=\"filters_nav_list_title\">ALLE ARTIKEL<\/p>\n                        <label class=\"filters_nav_list_item\"><input class=\"filters_nav_list_check\" type=\"checkbox\" data-type=\"new\" checked><span class=\"filters_nav_list_text\">Neuester<\/span><\/label>\n                        <label class=\"filters_nav_list_item\"><input class=\"filters_nav_list_check\" type=\"checkbox\" data-type=\"old\"><span class=\"filters_nav_list_text\">\u00c4ltester<\/span><\/label>\n                        <label class=\"filters_nav_list_item\"><input class=\"filters_nav_list_check\" type=\"checkbox\" data-type=\"a-z\"><span class=\"filters_nav_list_text\">A-Z<\/span><\/label>\n                        <label class=\"filters_nav_list_item\"><input class=\"filters_nav_list_check\" type=\"checkbox\" data-type=\"z-a\"><span class=\"filters_nav_list_text\">Z-A<\/span><\/label>\n                    <\/div>\n                <\/div>\n            <\/div>\n        <\/div>\n    <\/div>\n\n    <div class=\"articles\">\n        <div class=\"cards_loading\" hidden aria-hidden=\"true\">\n            <span class=\"spinner\" aria-label=\"Cargando\"><\/span>\n        <\/div>\n        <div class=\"container list\">\n            <a href=\"https:\/\/auren.com\/de\/blog\/fortfuehrung-der-geschaeftsfuehrertaetigkeit-nach-unternehmensverkauf\/\" class=\"article\">\r\n    <div class=\"article_text\">\r\n        <div class=\"article_meta\">\r\n\r\n                            <span class=\"article_tags\">\r\n                                    <span class=\"article_tags_item\">Steuerberatung<\/span>\r\n                                <\/span>\r\n                                    <div class=\"article_date\">\r\n                <p>01.09.2026<\/p>\r\n            <\/div>\r\n        <\/div>\r\n        <div class=\"article_title\">\r\n            <h3>BFH: Zur Fortf\u00fchrung der Gesch\u00e4ftsf\u00fchrert\u00e4tigkeit nach Unternehmensverkauf<\/h3>\r\n        <\/div>\r\n        <div class=\"article_description\">\r\n            <p>Beim Unternehmensverkauf kann die steuerliche Einordnung von Zusatzverg\u00fctungen f\u00fcr Gesch\u00e4ftsf\u00fchrer entscheidend sein. Der BFH konkretisiert die Abgrenzung zwischen Arbeitslohn und Ver\u00e4u\u00dferungsgewinn.<\/p>\r\n        <\/div>\r\n                    <span class=\"article_button\">Artikel lesen<\/span>\r\n        \r\n    <\/div>\r\n    <figure class=\"article_media\">\r\n                <img decoding=\"async\" width=\"640\" height=\"360\" data-src=\"https:\/\/auren.com\/de\/wp-content\/uploads\/2026\/08\/Blog-Bilder-2026-_3_-1024x576.webp\" class=\"article_media_image wp-post-image lazyload\" alt=\"Entdecken Sie die neuesten Trends\" title=\"Entdecken Sie die neuesten Trends\" data-srcset=\"https:\/\/auren.com\/de\/wp-content\/uploads\/2026\/08\/Blog-Bilder-2026-_3_-1024x576.webp 1024w, https:\/\/auren.com\/de\/wp-content\/uploads\/2026\/08\/Blog-Bilder-2026-_3_-300x169.webp 300w, https:\/\/auren.com\/de\/wp-content\/uploads\/2026\/08\/Blog-Bilder-2026-_3_-768x432.webp 768w, https:\/\/auren.com\/de\/wp-content\/uploads\/2026\/08\/Blog-Bilder-2026-_3_-1536x864.webp 1536w, https:\/\/auren.com\/de\/wp-content\/uploads\/2026\/08\/Blog-Bilder-2026-_3_-2048x1152.webp 2048w\" data-sizes=\"(max-width: 640px) 100vw, 640px\" src=\"data:image\/svg+xml;base64,PHN2ZyB3aWR0aD0iMSIgaGVpZ2h0PSIxIiB4bWxucz0iaHR0cDovL3d3dy53My5vcmcvMjAwMC9zdmciPjwvc3ZnPg==\" style=\"--smush-placeholder-width: 640px; --smush-placeholder-aspect-ratio: 640\/360;\" \/>    <\/figure>\r\n    <\/a>\r\n<a href=\"https:\/\/auren.com\/de\/blog\/internationaler-austausch-der-finanzkontendaten-zum-30-9-2026\/\" class=\"article\">\r\n    <div class=\"article_text\">\r\n        <div class=\"article_meta\">\r\n\r\n                            <span class=\"article_tags\">\r\n                                    <span class=\"article_tags_item\">Steuerberatung<\/span>\r\n                                <\/span>\r\n                                    <div class=\"article_date\">\r\n                <p>27.08.2026<\/p>\r\n            <\/div>\r\n        <\/div>\r\n        <div class=\"article_title\">\r\n            <h3>Internationaler Austausch der Finanzkontendaten zum 30.9.2026<\/h3>\r\n        <\/div>\r\n        <div class=\"article_description\">\r\n            <p>Der automatische Austausch von Finanzkontendaten zwischen 118 Staaten erh\u00f6ht die Transparenz f\u00fcr Finanzbeh\u00f6rden. Welche Daten \u00fcbermittelt werden und was Steuerpflichtige beachten sollten.<\/p>\r\n        <\/div>\r\n                    <span class=\"article_button\">Artikel lesen<\/span>\r\n        \r\n    <\/div>\r\n    <figure class=\"article_media\">\r\n                <img decoding=\"async\" width=\"640\" height=\"360\" data-src=\"https:\/\/auren.com\/de\/wp-content\/uploads\/2026\/08\/Blog-Bilder-2026-_4_-1024x576.webp\" class=\"article_media_image wp-post-image lazyload\" alt=\"Entdecken Sie die neuesten Trends\" title=\"Entdecken Sie die neuesten Trends\" data-srcset=\"https:\/\/auren.com\/de\/wp-content\/uploads\/2026\/08\/Blog-Bilder-2026-_4_-1024x576.webp 1024w, https:\/\/auren.com\/de\/wp-content\/uploads\/2026\/08\/Blog-Bilder-2026-_4_-300x169.webp 300w, https:\/\/auren.com\/de\/wp-content\/uploads\/2026\/08\/Blog-Bilder-2026-_4_-768x432.webp 768w, https:\/\/auren.com\/de\/wp-content\/uploads\/2026\/08\/Blog-Bilder-2026-_4_-1536x864.webp 1536w, https:\/\/auren.com\/de\/wp-content\/uploads\/2026\/08\/Blog-Bilder-2026-_4_-2048x1152.webp 2048w\" data-sizes=\"(max-width: 640px) 100vw, 640px\" src=\"data:image\/svg+xml;base64,PHN2ZyB3aWR0aD0iMSIgaGVpZ2h0PSIxIiB4bWxucz0iaHR0cDovL3d3dy53My5vcmcvMjAwMC9zdmciPjwvc3ZnPg==\" style=\"--smush-placeholder-width: 640px; --smush-placeholder-aspect-ratio: 640\/360;\" \/>    <\/figure>\r\n    <\/a>\r\n<a href=\"https:\/\/auren.com\/de\/blog\/eau-2027-wichtige-anderungen\/\" class=\"article\">\r\n    <div class=\"article_text\">\r\n        <div class=\"article_meta\">\r\n\r\n                            <span class=\"article_tags\">\r\n                                    <span class=\"article_tags_item\">Consulting<\/span>\r\n                                <\/span>\r\n                                    <div class=\"article_date\">\r\n                <p>25.08.2026<\/p>\r\n            <\/div>\r\n        <\/div>\r\n        <div class=\"article_title\">\r\n            <h3>eAU 2027: wichtige \u00c4nderungen im \u00dcberblick<\/h3>\r\n        <\/div>\r\n        <div class=\"article_description\">\r\n            <p>Zum 01.01.2027 wird im eAU-Verfahren die Datensatzversion 3.0 eingef\u00fchrt. Die meisten Anpassungen betreffen die technische Umsetzung in den Entgeltabrechnungsprogrammen. Dennoch sollten Arbeitgeber die wichtigsten \u00c4nderungen kennen, insbesondere den neuen \u201eSonderfall 6\u201c und dessen Auswirkungen auf interne Prozesse.<\/p>\r\n        <\/div>\r\n                    <span class=\"article_button\">Artikel lesen<\/span>\r\n        \r\n    <\/div>\r\n    <figure class=\"article_media\">\r\n                <img decoding=\"async\" width=\"640\" height=\"360\" data-src=\"https:\/\/auren.com\/de\/wp-content\/uploads\/2026\/08\/Blog-Bilder-2026-1024x576.webp\" class=\"article_media_image wp-post-image lazyload\" alt=\"Entdecken Sie die neuesten Trends\" title=\"Entdecken Sie die neuesten Trends\" data-srcset=\"https:\/\/auren.com\/de\/wp-content\/uploads\/2026\/08\/Blog-Bilder-2026-1024x576.webp 1024w, https:\/\/auren.com\/de\/wp-content\/uploads\/2026\/08\/Blog-Bilder-2026-300x169.webp 300w, https:\/\/auren.com\/de\/wp-content\/uploads\/2026\/08\/Blog-Bilder-2026-768x432.webp 768w, https:\/\/auren.com\/de\/wp-content\/uploads\/2026\/08\/Blog-Bilder-2026-1536x864.webp 1536w, https:\/\/auren.com\/de\/wp-content\/uploads\/2026\/08\/Blog-Bilder-2026.webp 1920w\" data-sizes=\"(max-width: 640px) 100vw, 640px\" src=\"data:image\/svg+xml;base64,PHN2ZyB3aWR0aD0iMSIgaGVpZ2h0PSIxIiB4bWxucz0iaHR0cDovL3d3dy53My5vcmcvMjAwMC9zdmciPjwvc3ZnPg==\" style=\"--smush-placeholder-width: 640px; --smush-placeholder-aspect-ratio: 640\/360;\" \/>    <\/figure>\r\n    <\/a>\r\n<a href=\"https:\/\/auren.com\/de\/blog\/erbschaftsteuer-vor-dem-bundesverfassungsgericht\/\" class=\"article\">\r\n    <div class=\"article_text\">\r\n        <div class=\"article_meta\">\r\n\r\n                            <span class=\"article_tags\">\r\n                                    <span class=\"article_tags_item\">Rechtsberatung<\/span>\r\n                                <\/span>\r\n                                    <div class=\"article_date\">\r\n                <p>20.08.2026<\/p>\r\n            <\/div>\r\n        <\/div>\r\n        <div class=\"article_title\">\r\n            <h3>Erbschaftsteuer vor dem Bundesverfassungsgericht: Zwei Verfahren stehen im Oktober 2026 auf der Agenda<\/h3>\r\n        <\/div>\r\n        <div class=\"article_description\">\r\n            <p>Im Oktober 2026 stehen vor dem Bundesverfassungsgericht zwei wichtige Verfahren zur Erbschaftsteuer an. Verhandelt werden Fragen zu Freibetr\u00e4gen, Steuers\u00e4tzen, der Bewertung von Grundbesitz und der Beg\u00fcnstigung von Betriebsverm\u00f6gen.<\/p>\r\n        <\/div>\r\n                    <span class=\"article_button\">Artikel lesen<\/span>\r\n        \r\n    <\/div>\r\n    <figure class=\"article_media\">\r\n                <img decoding=\"async\" width=\"640\" height=\"360\" data-src=\"https:\/\/auren.com\/de\/wp-content\/uploads\/2026\/08\/Blog-Bilder-2026-_47_-1024x576.webp\" class=\"article_media_image wp-post-image lazyload\" alt=\"Entdecken Sie die neuesten Trends\" title=\"Entdecken Sie die neuesten Trends\" data-srcset=\"https:\/\/auren.com\/de\/wp-content\/uploads\/2026\/08\/Blog-Bilder-2026-_47_-1024x576.webp 1024w, https:\/\/auren.com\/de\/wp-content\/uploads\/2026\/08\/Blog-Bilder-2026-_47_-300x169.webp 300w, https:\/\/auren.com\/de\/wp-content\/uploads\/2026\/08\/Blog-Bilder-2026-_47_-768x432.webp 768w, https:\/\/auren.com\/de\/wp-content\/uploads\/2026\/08\/Blog-Bilder-2026-_47_-1536x864.webp 1536w, https:\/\/auren.com\/de\/wp-content\/uploads\/2026\/08\/Blog-Bilder-2026-_47_.webp 1920w\" data-sizes=\"(max-width: 640px) 100vw, 640px\" src=\"data:image\/svg+xml;base64,PHN2ZyB3aWR0aD0iMSIgaGVpZ2h0PSIxIiB4bWxucz0iaHR0cDovL3d3dy53My5vcmcvMjAwMC9zdmciPjwvc3ZnPg==\" style=\"--smush-placeholder-width: 640px; --smush-placeholder-aspect-ratio: 640\/360;\" \/>    <\/figure>\r\n    <\/a>\r\n<a href=\"https:\/\/auren.com\/de\/blog\/kurzfristige-beschaftigung-prufung-der-berufsmassigkeit\/\" class=\"article\">\r\n    <div class=\"article_text\">\r\n        <div class=\"article_meta\">\r\n\r\n                            <span class=\"article_tags\">\r\n                                    <span class=\"article_tags_item\">Consulting<\/span>\r\n                                <\/span>\r\n                                    <div class=\"article_date\">\r\n                <p>11.08.2026<\/p>\r\n            <\/div>\r\n        <\/div>\r\n        <div class=\"article_title\">\r\n            <h3>Praxis\u00adhilfe kurz\u00adfris\u00adtige Besch\u00e4f\u00adti\u00adgung: Pr\u00fcfung der Berufsm\u00e4\u00ad\u00dfig\u00adkeit<\/h3>\r\n        <\/div>\r\n        <div class=\"article_description\">\r\n            <p>Wann ist eine kurzfristige Besch\u00e4ftigung sozialversicherungsfrei? Entscheidend ist unter anderem die Frage der Berufsm\u00e4\u00dfigkeit. Erfahren Sie, wie Arbeitgeber die Besch\u00e4ftigung rechtssicher beurteilen k\u00f6nnen.<\/p>\r\n        <\/div>\r\n                    <span class=\"article_button\">Artikel lesen<\/span>\r\n        \r\n    <\/div>\r\n    <figure class=\"article_media\">\r\n                <img decoding=\"async\" width=\"640\" height=\"360\" data-src=\"https:\/\/auren.com\/de\/wp-content\/uploads\/2026\/08\/Blog-Bilder-2026-_45_-1024x576.webp\" class=\"article_media_image wp-post-image lazyload\" alt=\"Entdecken Sie die neuesten Trends\" title=\"Entdecken Sie die neuesten Trends\" data-srcset=\"https:\/\/auren.com\/de\/wp-content\/uploads\/2026\/08\/Blog-Bilder-2026-_45_-1024x576.webp 1024w, https:\/\/auren.com\/de\/wp-content\/uploads\/2026\/08\/Blog-Bilder-2026-_45_-300x169.webp 300w, https:\/\/auren.com\/de\/wp-content\/uploads\/2026\/08\/Blog-Bilder-2026-_45_-768x432.webp 768w, https:\/\/auren.com\/de\/wp-content\/uploads\/2026\/08\/Blog-Bilder-2026-_45_-1536x864.webp 1536w, https:\/\/auren.com\/de\/wp-content\/uploads\/2026\/08\/Blog-Bilder-2026-_45_.webp 1920w\" data-sizes=\"(max-width: 640px) 100vw, 640px\" src=\"data:image\/svg+xml;base64,PHN2ZyB3aWR0aD0iMSIgaGVpZ2h0PSIxIiB4bWxucz0iaHR0cDovL3d3dy53My5vcmcvMjAwMC9zdmciPjwvc3ZnPg==\" style=\"--smush-placeholder-width: 640px; --smush-placeholder-aspect-ratio: 640\/360;\" \/>    <\/figure>\r\n    <\/a>\r\n<a href=\"https:\/\/auren.com\/de\/blog\/grenzueberschreitendes-homeoffice\/\" class=\"article\">\r\n    <div class=\"article_text\">\r\n        <div class=\"article_meta\">\r\n\r\n                            <span class=\"article_tags\">\r\n                                    <span class=\"article_tags_item\">Consulting<\/span>\r\n                                <\/span>\r\n                                    <div class=\"article_date\">\r\n                <p>05.08.2026<\/p>\r\n            <\/div>\r\n        <\/div>\r\n        <div class=\"article_title\">\r\n            <h3>Grenz\u00fcberschreitendes Homeoffice: Kleine Ver\u00e4nderungen mit gro\u00dfen Auswirkungen auf die Sozialversicherung<\/h3>\r\n        <\/div>\r\n        <div class=\"article_description\">\r\n            <p>Bereits wenige Homeoffice-Tage im Ausland k\u00f6nnen das anwendbare Sozialversicherungsrecht ver\u00e4ndern. Worauf Unternehmen bei grenz\u00fcberschreitendem Homeoffice achten sollten, lesen Sie hier.<\/p>\r\n        <\/div>\r\n                    <span class=\"article_button\">Artikel lesen<\/span>\r\n        \r\n    <\/div>\r\n    <figure class=\"article_media\">\r\n                <img decoding=\"async\" width=\"640\" height=\"360\" data-src=\"https:\/\/auren.com\/de\/wp-content\/uploads\/2026\/08\/Blog-Bilder-2026-42-1024x576.png\" class=\"article_media_image wp-post-image lazyload\" alt=\"Entdecken Sie die neuesten Trends\" title=\"Entdecken Sie die neuesten Trends\" data-srcset=\"https:\/\/auren.com\/de\/wp-content\/uploads\/2026\/08\/Blog-Bilder-2026-42-1024x576.png 1024w, https:\/\/auren.com\/de\/wp-content\/uploads\/2026\/08\/Blog-Bilder-2026-42-300x169.png 300w, https:\/\/auren.com\/de\/wp-content\/uploads\/2026\/08\/Blog-Bilder-2026-42-768x432.png 768w, https:\/\/auren.com\/de\/wp-content\/uploads\/2026\/08\/Blog-Bilder-2026-42-1536x864.png 1536w, https:\/\/auren.com\/de\/wp-content\/uploads\/2026\/08\/Blog-Bilder-2026-42-2048x1152.png 2048w\" data-sizes=\"(max-width: 640px) 100vw, 640px\" src=\"data:image\/svg+xml;base64,PHN2ZyB3aWR0aD0iMSIgaGVpZ2h0PSIxIiB4bWxucz0iaHR0cDovL3d3dy53My5vcmcvMjAwMC9zdmciPjwvc3ZnPg==\" style=\"--smush-placeholder-width: 640px; --smush-placeholder-aspect-ratio: 640\/360;\" \/>    <\/figure>\r\n    <\/a>\r\n<a href=\"https:\/\/auren.com\/de\/blog\/krankenversicherung-2027\/\" class=\"article\">\r\n    <div class=\"article_text\">\r\n        <div class=\"article_meta\">\r\n\r\n                            <span class=\"article_tags\">\r\n                                    <span class=\"article_tags_item\">Consulting<\/span>\r\n                                <\/span>\r\n                                    <div class=\"article_date\">\r\n                <p>04.08.2026<\/p>\r\n            <\/div>\r\n        <\/div>\r\n        <div class=\"article_title\">\r\n            <h3>Krankenversicherung 2027: Das \u00e4ndert sich bei Beitr\u00e4gen, Minijobs und Familienversicherung<\/h3>\r\n        <\/div>\r\n        <div class=\"article_description\">\r\n            <p>Mit der Krankenversicherung 2027 treten wichtige \u00c4nderungen in Kraft: h\u00f6here Beitr\u00e4ge, angepasste Beitragsgrenzen, neue Regelungen f\u00fcr Minijobs und \u00c4nderungen bei Familienversicherung und Krankengeld. Erfahren Sie, was Arbeitgeber und Besch\u00e4ftigte beachten sollten.<\/p>\r\n        <\/div>\r\n                    <span class=\"article_button\">Artikel lesen<\/span>\r\n        \r\n    <\/div>\r\n    <figure class=\"article_media\">\r\n                <img decoding=\"async\" width=\"640\" height=\"360\" data-src=\"https:\/\/auren.com\/de\/wp-content\/uploads\/2026\/08\/Blog-Bilder-2026-_36_-1024x576.webp\" class=\"article_media_image wp-post-image lazyload\" alt=\"Entdecken Sie die neuesten Trends\" title=\"Entdecken Sie die neuesten Trends\" data-srcset=\"https:\/\/auren.com\/de\/wp-content\/uploads\/2026\/08\/Blog-Bilder-2026-_36_-1024x576.webp 1024w, https:\/\/auren.com\/de\/wp-content\/uploads\/2026\/08\/Blog-Bilder-2026-_36_-300x169.webp 300w, https:\/\/auren.com\/de\/wp-content\/uploads\/2026\/08\/Blog-Bilder-2026-_36_-768x432.webp 768w, https:\/\/auren.com\/de\/wp-content\/uploads\/2026\/08\/Blog-Bilder-2026-_36_-1536x864.webp 1536w, https:\/\/auren.com\/de\/wp-content\/uploads\/2026\/08\/Blog-Bilder-2026-_36_.webp 1920w\" data-sizes=\"(max-width: 640px) 100vw, 640px\" src=\"data:image\/svg+xml;base64,PHN2ZyB3aWR0aD0iMSIgaGVpZ2h0PSIxIiB4bWxucz0iaHR0cDovL3d3dy53My5vcmcvMjAwMC9zdmciPjwvc3ZnPg==\" style=\"--smush-placeholder-width: 640px; --smush-placeholder-aspect-ratio: 640\/360;\" \/>    <\/figure>\r\n    <\/a>\r\n<a href=\"https:\/\/auren.com\/de\/blog\/zinslose-ratenzahlung-im-privatvermoegen\/\" class=\"article\">\r\n    <div class=\"article_text\">\r\n        <div class=\"article_meta\">\r\n\r\n                            <span class=\"article_tags\">\r\n                                    <span class=\"article_tags_item\">Steuerberatung<\/span>\r\n                                <\/span>\r\n                                    <div class=\"article_date\">\r\n                <p>03.08.2026<\/p>\r\n            <\/div>\r\n        <\/div>\r\n        <div class=\"article_title\">\r\n            <h3>Zinslose Ratenzahlung im Privatverm\u00f6gen: Wann keine Kapitaleink\u00fcnfte entstehen<\/h3>\r\n        <\/div>\r\n        <div class=\"article_description\">\r\n            <p>Bei einer zinslosen Ratenzahlung im Privatverm\u00f6gen entstehen nach neuer BFH-Rechtsprechung nicht automatisch steuerpflichtige Kapitaleink\u00fcnfte. Entscheidend ist eine klare Vereinbarung der Vertragsparteien.<\/p>\r\n        <\/div>\r\n                    <span class=\"article_button\">Artikel lesen<\/span>\r\n        \r\n    <\/div>\r\n    <figure class=\"article_media\">\r\n                <img decoding=\"async\" width=\"640\" height=\"360\" data-src=\"https:\/\/auren.com\/de\/wp-content\/uploads\/2026\/07\/Blog-Bilder-2026-_27_-1024x576.webp\" class=\"article_media_image wp-post-image lazyload\" alt=\"Entdecken Sie die neuesten Trends\" title=\"Entdecken Sie die neuesten Trends\" data-srcset=\"https:\/\/auren.com\/de\/wp-content\/uploads\/2026\/07\/Blog-Bilder-2026-_27_-1024x576.webp 1024w, https:\/\/auren.com\/de\/wp-content\/uploads\/2026\/07\/Blog-Bilder-2026-_27_-300x169.webp 300w, https:\/\/auren.com\/de\/wp-content\/uploads\/2026\/07\/Blog-Bilder-2026-_27_-768x432.webp 768w, https:\/\/auren.com\/de\/wp-content\/uploads\/2026\/07\/Blog-Bilder-2026-_27_-1536x864.webp 1536w, https:\/\/auren.com\/de\/wp-content\/uploads\/2026\/07\/Blog-Bilder-2026-_27_-2048x1152.webp 2048w\" data-sizes=\"(max-width: 640px) 100vw, 640px\" src=\"data:image\/svg+xml;base64,PHN2ZyB3aWR0aD0iMSIgaGVpZ2h0PSIxIiB4bWxucz0iaHR0cDovL3d3dy53My5vcmcvMjAwMC9zdmciPjwvc3ZnPg==\" style=\"--smush-placeholder-width: 640px; --smush-placeholder-aspect-ratio: 640\/360;\" \/>    <\/figure>\r\n    <\/a>\r\n<a href=\"https:\/\/auren.com\/de\/blog\/einkommensteuerreform-2027\/\" class=\"article\">\r\n    <div class=\"article_text\">\r\n        <div class=\"article_meta\">\r\n\r\n                            <span class=\"article_tags\">\r\n                                    <span class=\"article_tags_item\">Consulting<\/span>\r\n                                <\/span>\r\n                                    <div class=\"article_date\">\r\n                <p>31.07.2026<\/p>\r\n            <\/div>\r\n        <\/div>\r\n        <div class=\"article_title\">\r\n            <h3>Einkommensteuerreform 2027: Das sind die Pl\u00e4ne der Bundesregierung<\/h3>\r\n        <\/div>\r\n        <div class=\"article_description\">\r\n            <p>Die Bundesregierung plant f\u00fcr 2027 eine umfassende Einkommensteuerreform mit Entlastungen f\u00fcr kleine und mittlere Einkommen. Vorgesehen sind unter anderem h\u00f6here Grundfreibetr\u00e4ge, mehr Kindergeld und ein erh\u00f6hter Arbeitnehmer-Pauschbetrag. Gleichzeitig sind Anpassungen bei der Reichensteuer, bei Minijobs und bei steuerlichen Verg\u00fcnstigungen geplant.<\/p>\r\n        <\/div>\r\n                    <span class=\"article_button\">Artikel lesen<\/span>\r\n        \r\n    <\/div>\r\n    <figure class=\"article_media\">\r\n                <img decoding=\"async\" width=\"640\" height=\"360\" data-src=\"https:\/\/auren.com\/de\/wp-content\/uploads\/2026\/07\/Blog-Bilder-2026-_22_-1024x576.webp\" class=\"article_media_image wp-post-image lazyload\" alt=\"Entdecken Sie die neuesten Trends\" title=\"Entdecken Sie die neuesten Trends\" data-srcset=\"https:\/\/auren.com\/de\/wp-content\/uploads\/2026\/07\/Blog-Bilder-2026-_22_-1024x576.webp 1024w, https:\/\/auren.com\/de\/wp-content\/uploads\/2026\/07\/Blog-Bilder-2026-_22_-300x169.webp 300w, https:\/\/auren.com\/de\/wp-content\/uploads\/2026\/07\/Blog-Bilder-2026-_22_-768x432.webp 768w, https:\/\/auren.com\/de\/wp-content\/uploads\/2026\/07\/Blog-Bilder-2026-_22_-1536x864.webp 1536w, https:\/\/auren.com\/de\/wp-content\/uploads\/2026\/07\/Blog-Bilder-2026-_22_.webp 1920w\" data-sizes=\"(max-width: 640px) 100vw, 640px\" src=\"data:image\/svg+xml;base64,PHN2ZyB3aWR0aD0iMSIgaGVpZ2h0PSIxIiB4bWxucz0iaHR0cDovL3d3dy53My5vcmcvMjAwMC9zdmciPjwvc3ZnPg==\" style=\"--smush-placeholder-width: 640px; --smush-placeholder-aspect-ratio: 640\/360;\" \/>    <\/figure>\r\n    <\/a>\r\n<div class=\"articles_pagination\"><a class=\"articles_pagination_prev disabled\" href=\"#\"><\/a><a class=\"articles_pagination_number current\" data-page=\"1\">1<\/a><a class=\"articles_pagination_number \" data-page=\"2\">2<\/a><a class=\"articles_pagination_number \" data-page=\"3\">3<\/a><a class=\"articles_pagination_number \" data-page=\"&hellip;\">&hellip;<\/a><a class=\"articles_pagination_number \" data-page=\"39\">39<\/a><a class=\"articles_pagination_next\" data-page=\"2\"><\/a><\/div>\n        <\/div>\n    <\/div>\n\n    <\/div>\n","protected":false},"excerpt":{"rendered":"","protected":false},"author":2,"featured_media":0,"parent":2457,"menu_order":76,"comment_status":"closed","ping_status":"closed","template":"","meta":{"_acf_changed":false,"footnotes":""},"class_list":["post-2473","page","type-page","status-publish","hentry"],"acf":[],"yoast_head":"<!-- This site is optimized with the Yoast SEO plugin v28.3 - https:\/\/yoast.com\/product\/yoast-seo-wordpress\/ -->\n<title>Alle Beitr\u00e4ge &amp; Trends | Auren Deutschland<\/title>\n<meta name=\"description\" content=\"Alle Artikel von Auren Deutschland auf einen Blick: News, Blogbeitr\u00e4ge, Publikationen und Videos zu Steuern, Recht, Wirtschaft und Consulting.\" \/>\n<meta name=\"robots\" content=\"index, follow, max-snippet:-1, max-image-preview:large, max-video-preview:-1\" \/>\n<link rel=\"canonical\" href=\"https:\/\/auren.com\/de\/trends\/entdecken-sie-die-neuesten-trends\/\" \/>\n<meta property=\"og:locale\" content=\"de_DE\" \/>\n<meta property=\"og:type\" content=\"article\" \/>\n<meta property=\"og:title\" content=\"Alle Beitr\u00e4ge &amp; Trends | Auren Deutschland\" \/>\n<meta property=\"og:description\" content=\"Alle Artikel von Auren Deutschland auf einen Blick: News, Blogbeitr\u00e4ge, Publikationen und Videos zu Steuern, Recht, Wirtschaft und Consulting.\" \/>\n<meta property=\"og:url\" content=\"https:\/\/auren.com\/de\/trends\/entdecken-sie-die-neuesten-trends\/\" \/>\n<meta property=\"og:site_name\" content=\"Auren Germany\" \/>\n<meta property=\"article:publisher\" content=\"https:\/\/www.facebook.com\/aurendeutschland\" \/>\n<meta property=\"article:modified_time\" content=\"2026-06-07T20:00:21+00:00\" \/>\n<meta name=\"twitter:card\" content=\"summary_large_image\" \/>\n<script type=\"application\/ld+json\" class=\"yoast-schema-graph\">{\"@context\":\"https:\\\/\\\/schema.org\",\"@graph\":[{\"@type\":\"WebPage\",\"@id\":\"https:\\\/\\\/auren.com\\\/de\\\/trends\\\/entdecken-sie-die-neuesten-trends\\\/\",\"url\":\"https:\\\/\\\/auren.com\\\/de\\\/trends\\\/entdecken-sie-die-neuesten-trends\\\/\",\"name\":\"Alle Beitr\u00e4ge & Trends | Auren Deutschland\",\"isPartOf\":{\"@id\":\"https:\\\/\\\/auren.com\\\/de\\\/#website\"},\"datePublished\":\"2024-12-19T11:53:43+00:00\",\"dateModified\":\"2026-06-07T20:00:21+00:00\",\"description\":\"Alle Artikel von Auren Deutschland auf einen Blick: News, Blogbeitr\u00e4ge, Publikationen und Videos zu Steuern, Recht, Wirtschaft und Consulting.\",\"breadcrumb\":{\"@id\":\"https:\\\/\\\/auren.com\\\/de\\\/trends\\\/entdecken-sie-die-neuesten-trends\\\/#breadcrumb\"},\"inLanguage\":\"de\",\"potentialAction\":[{\"@type\":\"ReadAction\",\"target\":[\"https:\\\/\\\/auren.com\\\/de\\\/trends\\\/entdecken-sie-die-neuesten-trends\\\/\"]}]},{\"@type\":\"BreadcrumbList\",\"@id\":\"https:\\\/\\\/auren.com\\\/de\\\/trends\\\/entdecken-sie-die-neuesten-trends\\\/#breadcrumb\",\"itemListElement\":[{\"@type\":\"ListItem\",\"position\":1,\"name\":\"Home\",\"item\":\"https:\\\/\\\/auren.com\\\/de\\\/\"},{\"@type\":\"ListItem\",\"position\":2,\"name\":\"Aktuelles\",\"item\":\"https:\\\/\\\/auren.com\\\/de\\\/trends\\\/\"},{\"@type\":\"ListItem\",\"position\":3,\"name\":\"Entdecken Sie die neuesten Trends\"}]},{\"@type\":\"WebSite\",\"@id\":\"https:\\\/\\\/auren.com\\\/de\\\/#website\",\"url\":\"https:\\\/\\\/auren.com\\\/de\\\/\",\"name\":\"Auren\",\"description\":\"\",\"publisher\":{\"@id\":\"https:\\\/\\\/auren.com\\\/de\\\/#organization\"},\"alternateName\":\"Auren\",\"potentialAction\":[{\"@type\":\"SearchAction\",\"target\":{\"@type\":\"EntryPoint\",\"urlTemplate\":\"https:\\\/\\\/auren.com\\\/de\\\/?s={search_term_string}\"},\"query-input\":{\"@type\":\"PropertyValueSpecification\",\"valueRequired\":true,\"valueName\":\"search_term_string\"}}],\"inLanguage\":\"de\"},{\"@type\":\"Organization\",\"@id\":\"https:\\\/\\\/auren.com\\\/de\\\/#organization\",\"name\":\"Auren Deutschland\",\"url\":\"https:\\\/\\\/auren.com\\\/de\\\/\",\"logo\":{\"@type\":\"ImageObject\",\"inLanguage\":\"de\",\"@id\":\"https:\\\/\\\/auren.com\\\/de\\\/#\\\/schema\\\/logo\\\/image\\\/\",\"url\":\"https:\\\/\\\/auren.com\\\/de\\\/wp-content\\\/uploads\\\/2025\\\/01\\\/cropped-cropped-favicon-Auren.png\",\"contentUrl\":\"https:\\\/\\\/auren.com\\\/de\\\/wp-content\\\/uploads\\\/2025\\\/01\\\/cropped-cropped-favicon-Auren.png\",\"width\":512,\"height\":512,\"caption\":\"Auren Deutschland\"},\"image\":{\"@id\":\"https:\\\/\\\/auren.com\\\/de\\\/#\\\/schema\\\/logo\\\/image\\\/\"},\"sameAs\":[\"https:\\\/\\\/www.facebook.com\\\/aurendeutschland\",\"https:\\\/\\\/de.linkedin.com\\\/organization-guest\\\/company\\\/auren-deutschland\",\"https:\\\/\\\/www.youtube.com\\\/@aurendeutschland\",\"https:\\\/\\\/www.instagram.com\\\/aurendeutschland\\\/\"]}]}<\/script>\n<!-- \/ Yoast SEO plugin. -->","yoast_head_json":{"title":"Alle Beitr\u00e4ge & Trends | Auren Deutschland","description":"Alle Artikel von Auren Deutschland auf einen Blick: News, Blogbeitr\u00e4ge, Publikationen und Videos zu Steuern, Recht, Wirtschaft und Consulting.","robots":{"index":"index","follow":"follow","max-snippet":"max-snippet:-1","max-image-preview":"max-image-preview:large","max-video-preview":"max-video-preview:-1"},"canonical":"https:\/\/auren.com\/de\/trends\/entdecken-sie-die-neuesten-trends\/","og_locale":"de_DE","og_type":"article","og_title":"Alle Beitr\u00e4ge & Trends | Auren Deutschland","og_description":"Alle Artikel von Auren Deutschland auf einen Blick: News, Blogbeitr\u00e4ge, Publikationen und Videos zu Steuern, Recht, Wirtschaft und Consulting.","og_url":"https:\/\/auren.com\/de\/trends\/entdecken-sie-die-neuesten-trends\/","og_site_name":"Auren Germany","article_publisher":"https:\/\/www.facebook.com\/aurendeutschland","article_modified_time":"2026-06-07T20:00:21+00:00","twitter_card":"summary_large_image","schema":{"@context":"https:\/\/schema.org","@graph":[{"@type":"WebPage","@id":"https:\/\/auren.com\/de\/trends\/entdecken-sie-die-neuesten-trends\/","url":"https:\/\/auren.com\/de\/trends\/entdecken-sie-die-neuesten-trends\/","name":"Alle Beitr\u00e4ge & Trends | Auren Deutschland","isPartOf":{"@id":"https:\/\/auren.com\/de\/#website"},"datePublished":"2024-12-19T11:53:43+00:00","dateModified":"2026-06-07T20:00:21+00:00","description":"Alle Artikel von Auren Deutschland auf einen Blick: News, Blogbeitr\u00e4ge, Publikationen und Videos zu Steuern, Recht, Wirtschaft und Consulting.","breadcrumb":{"@id":"https:\/\/auren.com\/de\/trends\/entdecken-sie-die-neuesten-trends\/#breadcrumb"},"inLanguage":"de","potentialAction":[{"@type":"ReadAction","target":["https:\/\/auren.com\/de\/trends\/entdecken-sie-die-neuesten-trends\/"]}]},{"@type":"BreadcrumbList","@id":"https:\/\/auren.com\/de\/trends\/entdecken-sie-die-neuesten-trends\/#breadcrumb","itemListElement":[{"@type":"ListItem","position":1,"name":"Home","item":"https:\/\/auren.com\/de\/"},{"@type":"ListItem","position":2,"name":"Aktuelles","item":"https:\/\/auren.com\/de\/trends\/"},{"@type":"ListItem","position":3,"name":"Entdecken Sie die neuesten Trends"}]},{"@type":"WebSite","@id":"https:\/\/auren.com\/de\/#website","url":"https:\/\/auren.com\/de\/","name":"Auren","description":"","publisher":{"@id":"https:\/\/auren.com\/de\/#organization"},"alternateName":"Auren","potentialAction":[{"@type":"SearchAction","target":{"@type":"EntryPoint","urlTemplate":"https:\/\/auren.com\/de\/?s={search_term_string}"},"query-input":{"@type":"PropertyValueSpecification","valueRequired":true,"valueName":"search_term_string"}}],"inLanguage":"de"},{"@type":"Organization","@id":"https:\/\/auren.com\/de\/#organization","name":"Auren Deutschland","url":"https:\/\/auren.com\/de\/","logo":{"@type":"ImageObject","inLanguage":"de","@id":"https:\/\/auren.com\/de\/#\/schema\/logo\/image\/","url":"https:\/\/auren.com\/de\/wp-content\/uploads\/2025\/01\/cropped-cropped-favicon-Auren.png","contentUrl":"https:\/\/auren.com\/de\/wp-content\/uploads\/2025\/01\/cropped-cropped-favicon-Auren.png","width":512,"height":512,"caption":"Auren Deutschland"},"image":{"@id":"https:\/\/auren.com\/de\/#\/schema\/logo\/image\/"},"sameAs":["https:\/\/www.facebook.com\/aurendeutschland","https:\/\/de.linkedin.com\/organization-guest\/company\/auren-deutschland","https:\/\/www.youtube.com\/@aurendeutschland","https:\/\/www.instagram.com\/aurendeutschland\/"]}]}},"_links":{"self":[{"href":"https:\/\/auren.com\/de\/wp-json\/wp\/v2\/pages\/2473","targetHints":{"allow":["GET"]}}],"collection":[{"href":"https:\/\/auren.com\/de\/wp-json\/wp\/v2\/pages"}],"about":[{"href":"https:\/\/auren.com\/de\/wp-json\/wp\/v2\/types\/page"}],"author":[{"embeddable":true,"href":"https:\/\/auren.com\/de\/wp-json\/wp\/v2\/users\/2"}],"replies":[{"embeddable":true,"href":"https:\/\/auren.com\/de\/wp-json\/wp\/v2\/comments?post=2473"}],"version-history":[{"count":3,"href":"https:\/\/auren.com\/de\/wp-json\/wp\/v2\/pages\/2473\/revisions"}],"predecessor-version":[{"id":8929,"href":"https:\/\/auren.com\/de\/wp-json\/wp\/v2\/pages\/2473\/revisions\/8929"}],"up":[{"embeddable":true,"href":"https:\/\/auren.com\/de\/wp-json\/wp\/v2\/pages\/2457"}],"wp:attachment":[{"href":"https:\/\/auren.com\/de\/wp-json\/wp\/v2\/media?parent=2473"}],"curies":[{"name":"wp","href":"https:\/\/api.w.org\/{rel}","templated":true}]}}