{"version":"1.0","provider_name":"Auren","provider_url":"https:\/\/auren.com\/es","author_name":"Auren Espa\u00f1a","author_url":"https:\/\/auren.com\/es\/author\/auren_es\/","title":"Efectos del arrendamiento temporal de la vivienda habitual - Auren Espa\u00f1a","type":"rich","width":600,"height":338,"html":"<blockquote class=\"wp-embedded-content\" data-secret=\"ikT9YV4jfR\"><a href=\"https:\/\/auren.com\/es\/blog\/efectos-del-arrendamiento-temporal-de-la-vivienda-habitual\/\">Efectos del arrendamiento temporal de la vivienda habitual<\/a><\/blockquote><iframe sandbox=\"allow-scripts\" security=\"restricted\" src=\"https:\/\/auren.com\/es\/blog\/efectos-del-arrendamiento-temporal-de-la-vivienda-habitual\/embed\/#?secret=ikT9YV4jfR\" width=\"600\" height=\"338\" title=\"\u00abEfectos del arrendamiento temporal de la vivienda habitual\u00bb \u2014 Auren\" data-secret=\"ikT9YV4jfR\" frameborder=\"0\" marginwidth=\"0\" marginheight=\"0\" scrolling=\"no\" class=\"wp-embedded-content\"><\/iframe><script>\n\/*! This file is auto-generated *\/\n!function(d,l){\"use strict\";l.querySelector&&d.addEventListener&&\"undefined\"!=typeof URL&&(d.wp=d.wp||{},d.wp.receiveEmbedMessage||(d.wp.receiveEmbedMessage=function(e){var t=e.data;if((t||t.secret||t.message||t.value)&&!\/[^a-zA-Z0-9]\/.test(t.secret)){for(var s,r,n,a=l.querySelectorAll('iframe[data-secret=\"'+t.secret+'\"]'),o=l.querySelectorAll('blockquote[data-secret=\"'+t.secret+'\"]'),c=new RegExp(\"^https?:$\",\"i\"),i=0;i<o.length;i++)o[i].style.display=\"none\";for(i=0;i<a.length;i++)s=a[i],e.source===s.contentWindow&&(s.removeAttribute(\"style\"),\"height\"===t.message?(1e3<(r=parseInt(t.value,10))?r=1e3:~~r<200&&(r=200),s.height=r):\"link\"===t.message&&(r=new URL(s.getAttribute(\"src\")),n=new URL(t.value),c.test(n.protocol))&&n.host===r.host&&l.activeElement===s&&(d.top.location.href=t.value))}},d.addEventListener(\"message\",d.wp.receiveEmbedMessage,!1),l.addEventListener(\"DOMContentLoaded\",function(){for(var e,t,s=l.querySelectorAll(\"iframe.wp-embedded-content\"),r=0;r<s.length;r++)(t=(e=s[r]).getAttribute(\"data-secret\"))||(t=Math.random().toString(36).substring(2,12),e.src+=\"#?secret=\"+t,e.setAttribute(\"data-secret\",t)),e.contentWindow.postMessage({message:\"ready\",secret:t},\"*\")},!1)))}(window,document);\n\/\/# sourceURL=https:\/\/auren.com\/es\/wp-includes\/js\/wp-embed.min.js\n<\/script>\n","thumbnail_url":"https:\/\/auren.com\/es\/wp-content\/uploads\/2018\/05\/arrendamiento-temporal-de-la-vivienda-habitual.jpg","thumbnail_width":1920,"thumbnail_height":655,"description":"Nos encontramos en pleno proceso de confecci\u00f3n y presentaci\u00f3n de las autoliquidaciones del Impuesto sobre la Renta de las Personas F\u00edsicas del ejercicio 2017 y estamos viendo que cada vez es m\u00e1s habitual que particulares alquilen de su vivienda habitual durante per\u00edodos en los que no hacen uso de la misma, bien sea por ausencias vacacionales, o porque se utilizan otras viviendas de su propiedad."}