{"id":37059,"date":"2026-04-30T15:17:49","date_gmt":"2026-04-30T13:17:49","guid":{"rendered":"https:\/\/auren.com\/es\/?post_type=new&#038;p=37059"},"modified":"2026-04-30T15:17:56","modified_gmt":"2026-04-30T13:17:56","slug":"cox-vs-sony-el-fallo-que-sacude-la-propiedad-intelectual","status":"publish","type":"new","link":"https:\/\/auren.com\/es\/noticias\/cox-vs-sony-el-fallo-que-sacude-la-propiedad-intelectual\/","title":{"rendered":"Cox vs. Sony: el fallo que sacude la propiedad intelectual"},"content":{"rendered":"\n<p>El reciente fallo del Tribunal Supremo de EE. UU. en el <strong>caso Cox vs. Sony<\/strong> ha reabierto el debate sobre la responsabilidad de los intermediarios en internet y marca un punto de inflexi\u00f3n en la protecci\u00f3n de los derechos de autor en el entorno digital.<\/p>\n\n\n\n<p>La <strong>sentencia <\/strong>introduce un cambio clave: el conocimiento de una infracci\u00f3n ya no es suficiente para generar responsabilidad. <a href=\"https:\/\/www.expansion.com\/juridico\/opinion\/2026\/04\/29\/69f1c82ae5fdea0b7f8b4578.html\" target=\"_blank\" rel=\"noreferrer noopener\">En este art\u00edculo publicado en Expansi\u00f3n<\/a>,<strong> Carlos Rivadulla<\/strong>, socio de <a href=\"\/?p=3769\" target=\"_blank\" rel=\"noreferrer noopener\">Auren Legal<\/a>, analiza el alcance de esta decisi\u00f3n y sus implicaciones.<\/p>\n\n\n\n<p>Como se\u00f1ala, este nuevo est\u00e1ndar eleva el umbral de responsabilidad en el modelo estadounidense y refuerza la posici\u00f3n de las grandes plataformas tecnol\u00f3gicas. Sin embargo, el contraste con <strong>Europa <\/strong>es claro: bajo el <strong>Reglamento de Servicios Digitales (DSA)<\/strong>, el foco no est\u00e1 en la intenci\u00f3n, sino en la diligencia. Una vez que el intermediario tiene conocimiento, est\u00e1 obligado a actuar con rapidez, y la inacci\u00f3n puede generar responsabilidad.<\/p>\n\n\n\n<p>En este contexto, Rivadulla advierte que \u201cel derecho de internet no es universal ni convergente. Las reglas cambian seg\u00fan el territorio, y operar globalmente exige saber exactamente en qu\u00e9 cancha se est\u00e1 jugando y con qu\u00e9 reglamento\u201d.<\/p>\n\n\n\n<p><a href=\"https:\/\/www.expansion.com\/juridico\/opinion\/2026\/04\/29\/69f1c82ae5fdea0b7f8b4578.html\" target=\"_blank\" rel=\"noreferrer noopener\">Aqu\u00ed puedes leer el art\u00edculo completo.<\/a><\/p>\n","protected":false},"excerpt":{"rendered":"<p>En este art\u00edculo publicado en Expansi\u00f3n, Carlos Rivadulla, socio de Auren Legal, analiza  el reciente fallo del Tribunal Supremo de EE. UU. en el caso Cox vs. Sony.<\/p>\n","protected":false},"featured_media":37060,"template":"","meta":{"_acf_changed":false,"footnotes":""},"new-category":[],"class_list":["post-37059","new","type-new","status-publish","has-post-thumbnail","hentry"],"acf":[],"yoast_head":"<!-- This site is optimized with the Yoast SEO plugin v27.5 - https:\/\/yoast.com\/product\/yoast-seo-wordpress\/ -->\n<title>Cox vs. Sony: el fallo que sacude la propiedad intelectual - Auren<\/title>\n<meta name=\"description\" content=\"Carlos Rivadulla, socio de Auren Legal, analiza el reciente fallo del Tribunal Supremo de EE. UU. en el caso Cox vs. Sony.\" \/>\n<meta name=\"robots\" content=\"index, follow, max-snippet:-1, max-image-preview:large, max-video-preview:-1\" \/>\n<link rel=\"canonical\" href=\"https:\/\/auren.com\/es\/noticias\/cox-vs-sony-el-fallo-que-sacude-la-propiedad-intelectual\/\" \/>\n<meta property=\"og:locale\" content=\"es_ES\" \/>\n<meta property=\"og:type\" content=\"article\" \/>\n<meta property=\"og:title\" content=\"Cox vs. Sony: el fallo que sacude la propiedad intelectual - Auren\" \/>\n<meta property=\"og:description\" content=\"Carlos Rivadulla, socio de Auren Legal, analiza el reciente fallo del Tribunal Supremo de EE. UU. en el caso Cox vs. Sony.\" \/>\n<meta property=\"og:url\" content=\"https:\/\/auren.com\/es\/noticias\/cox-vs-sony-el-fallo-que-sacude-la-propiedad-intelectual\/\" \/>\n<meta property=\"og:site_name\" content=\"Auren\" \/>\n<meta property=\"article:modified_time\" content=\"2026-04-30T13:17:56+00:00\" \/>\n<meta property=\"og:image\" content=\"https:\/\/auren.com\/es\/wp-content\/uploads\/2026\/04\/Cox-vs-Sony-el-fallo-que-sacude-la-propiedad-intelectual-1.png\" \/>\n\t<meta property=\"og:image:width\" content=\"1500\" \/>\n\t<meta property=\"og:image:height\" content=\"784\" \/>\n\t<meta property=\"og:image:type\" content=\"image\/png\" \/>\n<meta name=\"twitter:card\" content=\"summary_large_image\" \/>\n<meta name=\"twitter:site\" content=\"@auren_spain\" \/>\n<meta name=\"twitter:label1\" content=\"Tiempo de lectura\" \/>\n\t<meta name=\"twitter:data1\" content=\"2 minutos\" \/>\n<script type=\"application\/ld+json\" class=\"yoast-schema-graph\">{\"@context\":\"https:\\\/\\\/schema.org\",\"@graph\":[{\"@type\":\"WebPage\",\"@id\":\"https:\\\/\\\/auren.com\\\/es\\\/noticias\\\/cox-vs-sony-el-fallo-que-sacude-la-propiedad-intelectual\\\/\",\"url\":\"https:\\\/\\\/auren.com\\\/es\\\/noticias\\\/cox-vs-sony-el-fallo-que-sacude-la-propiedad-intelectual\\\/\",\"name\":\"Cox vs. Sony: el fallo que sacude la propiedad intelectual - Auren\",\"isPartOf\":{\"@id\":\"https:\\\/\\\/auren.com\\\/es\\\/#website\"},\"primaryImageOfPage\":{\"@id\":\"https:\\\/\\\/auren.com\\\/es\\\/noticias\\\/cox-vs-sony-el-fallo-que-sacude-la-propiedad-intelectual\\\/#primaryimage\"},\"image\":{\"@id\":\"https:\\\/\\\/auren.com\\\/es\\\/noticias\\\/cox-vs-sony-el-fallo-que-sacude-la-propiedad-intelectual\\\/#primaryimage\"},\"thumbnailUrl\":\"https:\\\/\\\/auren.com\\\/es\\\/wp-content\\\/uploads\\\/2026\\\/04\\\/Cox-vs-Sony-el-fallo-que-sacude-la-propiedad-intelectual-1.png\",\"datePublished\":\"2026-04-30T13:17:49+00:00\",\"dateModified\":\"2026-04-30T13:17:56+00:00\",\"description\":\"Carlos Rivadulla, socio de Auren Legal, analiza el reciente fallo del Tribunal Supremo de EE. UU. en el caso Cox vs. Sony.\",\"breadcrumb\":{\"@id\":\"https:\\\/\\\/auren.com\\\/es\\\/noticias\\\/cox-vs-sony-el-fallo-que-sacude-la-propiedad-intelectual\\\/#breadcrumb\"},\"inLanguage\":\"es\",\"potentialAction\":[{\"@type\":\"ReadAction\",\"target\":[\"https:\\\/\\\/auren.com\\\/es\\\/noticias\\\/cox-vs-sony-el-fallo-que-sacude-la-propiedad-intelectual\\\/\"]}]},{\"@type\":\"ImageObject\",\"inLanguage\":\"es\",\"@id\":\"https:\\\/\\\/auren.com\\\/es\\\/noticias\\\/cox-vs-sony-el-fallo-que-sacude-la-propiedad-intelectual\\\/#primaryimage\",\"url\":\"https:\\\/\\\/auren.com\\\/es\\\/wp-content\\\/uploads\\\/2026\\\/04\\\/Cox-vs-Sony-el-fallo-que-sacude-la-propiedad-intelectual-1.png\",\"contentUrl\":\"https:\\\/\\\/auren.com\\\/es\\\/wp-content\\\/uploads\\\/2026\\\/04\\\/Cox-vs-Sony-el-fallo-que-sacude-la-propiedad-intelectual-1.png\",\"width\":1500,\"height\":784},{\"@type\":\"BreadcrumbList\",\"@id\":\"https:\\\/\\\/auren.com\\\/es\\\/noticias\\\/cox-vs-sony-el-fallo-que-sacude-la-propiedad-intelectual\\\/#breadcrumb\",\"itemListElement\":[{\"@type\":\"ListItem\",\"position\":1,\"name\":\"Portada\",\"item\":\"https:\\\/\\\/auren.com\\\/es\\\/\"},{\"@type\":\"ListItem\",\"position\":2,\"name\":\"Cox vs. Sony: el fallo que sacude la propiedad intelectual\"}]},{\"@type\":\"WebSite\",\"@id\":\"https:\\\/\\\/auren.com\\\/es\\\/#website\",\"url\":\"https:\\\/\\\/auren.com\\\/es\\\/\",\"name\":\"Auren\",\"description\":\"\",\"publisher\":{\"@id\":\"https:\\\/\\\/auren.com\\\/es\\\/#organization\"},\"alternateName\":\"Auren\",\"potentialAction\":[{\"@type\":\"SearchAction\",\"target\":{\"@type\":\"EntryPoint\",\"urlTemplate\":\"https:\\\/\\\/auren.com\\\/es\\\/?s={search_term_string}\"},\"query-input\":{\"@type\":\"PropertyValueSpecification\",\"valueRequired\":true,\"valueName\":\"search_term_string\"}}],\"inLanguage\":\"es\"},{\"@type\":\"Organization\",\"@id\":\"https:\\\/\\\/auren.com\\\/es\\\/#organization\",\"name\":\"Auren\",\"alternateName\":\"Auren\",\"url\":\"https:\\\/\\\/auren.com\\\/es\\\/\",\"logo\":{\"@type\":\"ImageObject\",\"inLanguage\":\"es\",\"@id\":\"https:\\\/\\\/auren.com\\\/es\\\/#\\\/schema\\\/logo\\\/image\\\/\",\"url\":\"https:\\\/\\\/auren.com\\\/es\\\/wp-content\\\/uploads\\\/2025\\\/01\\\/cropped-cropped-favicon-Auren.png\",\"contentUrl\":\"https:\\\/\\\/auren.com\\\/es\\\/wp-content\\\/uploads\\\/2025\\\/01\\\/cropped-cropped-favicon-Auren.png\",\"width\":512,\"height\":512,\"caption\":\"Auren\"},\"image\":{\"@id\":\"https:\\\/\\\/auren.com\\\/es\\\/#\\\/schema\\\/logo\\\/image\\\/\"},\"sameAs\":[\"https:\\\/\\\/x.com\\\/auren_spain\",\"https:\\\/\\\/www.linkedin.com\\\/company\\\/aurenspainserviciosprofesionales\",\"https:\\\/\\\/www.youtube.com\\\/@AurenEsp\",\"https:\\\/\\\/www.instagram.com\\\/auren_spain\"]}]}<\/script>\n<!-- \/ Yoast SEO plugin. -->","yoast_head_json":{"title":"Cox vs. Sony: el fallo que sacude la propiedad intelectual - Auren","description":"Carlos Rivadulla, socio de Auren Legal, analiza el reciente fallo del Tribunal Supremo de EE. UU. en el caso Cox vs. Sony.","robots":{"index":"index","follow":"follow","max-snippet":"max-snippet:-1","max-image-preview":"max-image-preview:large","max-video-preview":"max-video-preview:-1"},"canonical":"https:\/\/auren.com\/es\/noticias\/cox-vs-sony-el-fallo-que-sacude-la-propiedad-intelectual\/","og_locale":"es_ES","og_type":"article","og_title":"Cox vs. Sony: el fallo que sacude la propiedad intelectual - Auren","og_description":"Carlos Rivadulla, socio de Auren Legal, analiza el reciente fallo del Tribunal Supremo de EE. UU. en el caso Cox vs. Sony.","og_url":"https:\/\/auren.com\/es\/noticias\/cox-vs-sony-el-fallo-que-sacude-la-propiedad-intelectual\/","og_site_name":"Auren","article_modified_time":"2026-04-30T13:17:56+00:00","og_image":[{"width":1500,"height":784,"url":"https:\/\/auren.com\/es\/wp-content\/uploads\/2026\/04\/Cox-vs-Sony-el-fallo-que-sacude-la-propiedad-intelectual-1.png","type":"image\/png"}],"twitter_card":"summary_large_image","twitter_site":"@auren_spain","twitter_misc":{"Tiempo de lectura":"2 minutos"},"schema":{"@context":"https:\/\/schema.org","@graph":[{"@type":"WebPage","@id":"https:\/\/auren.com\/es\/noticias\/cox-vs-sony-el-fallo-que-sacude-la-propiedad-intelectual\/","url":"https:\/\/auren.com\/es\/noticias\/cox-vs-sony-el-fallo-que-sacude-la-propiedad-intelectual\/","name":"Cox vs. Sony: el fallo que sacude la propiedad intelectual - Auren","isPartOf":{"@id":"https:\/\/auren.com\/es\/#website"},"primaryImageOfPage":{"@id":"https:\/\/auren.com\/es\/noticias\/cox-vs-sony-el-fallo-que-sacude-la-propiedad-intelectual\/#primaryimage"},"image":{"@id":"https:\/\/auren.com\/es\/noticias\/cox-vs-sony-el-fallo-que-sacude-la-propiedad-intelectual\/#primaryimage"},"thumbnailUrl":"https:\/\/auren.com\/es\/wp-content\/uploads\/2026\/04\/Cox-vs-Sony-el-fallo-que-sacude-la-propiedad-intelectual-1.png","datePublished":"2026-04-30T13:17:49+00:00","dateModified":"2026-04-30T13:17:56+00:00","description":"Carlos Rivadulla, socio de Auren Legal, analiza el reciente fallo del Tribunal Supremo de EE. UU. en el caso Cox vs. Sony.","breadcrumb":{"@id":"https:\/\/auren.com\/es\/noticias\/cox-vs-sony-el-fallo-que-sacude-la-propiedad-intelectual\/#breadcrumb"},"inLanguage":"es","potentialAction":[{"@type":"ReadAction","target":["https:\/\/auren.com\/es\/noticias\/cox-vs-sony-el-fallo-que-sacude-la-propiedad-intelectual\/"]}]},{"@type":"ImageObject","inLanguage":"es","@id":"https:\/\/auren.com\/es\/noticias\/cox-vs-sony-el-fallo-que-sacude-la-propiedad-intelectual\/#primaryimage","url":"https:\/\/auren.com\/es\/wp-content\/uploads\/2026\/04\/Cox-vs-Sony-el-fallo-que-sacude-la-propiedad-intelectual-1.png","contentUrl":"https:\/\/auren.com\/es\/wp-content\/uploads\/2026\/04\/Cox-vs-Sony-el-fallo-que-sacude-la-propiedad-intelectual-1.png","width":1500,"height":784},{"@type":"BreadcrumbList","@id":"https:\/\/auren.com\/es\/noticias\/cox-vs-sony-el-fallo-que-sacude-la-propiedad-intelectual\/#breadcrumb","itemListElement":[{"@type":"ListItem","position":1,"name":"Portada","item":"https:\/\/auren.com\/es\/"},{"@type":"ListItem","position":2,"name":"Cox vs. Sony: el fallo que sacude la propiedad intelectual"}]},{"@type":"WebSite","@id":"https:\/\/auren.com\/es\/#website","url":"https:\/\/auren.com\/es\/","name":"Auren","description":"","publisher":{"@id":"https:\/\/auren.com\/es\/#organization"},"alternateName":"Auren","potentialAction":[{"@type":"SearchAction","target":{"@type":"EntryPoint","urlTemplate":"https:\/\/auren.com\/es\/?s={search_term_string}"},"query-input":{"@type":"PropertyValueSpecification","valueRequired":true,"valueName":"search_term_string"}}],"inLanguage":"es"},{"@type":"Organization","@id":"https:\/\/auren.com\/es\/#organization","name":"Auren","alternateName":"Auren","url":"https:\/\/auren.com\/es\/","logo":{"@type":"ImageObject","inLanguage":"es","@id":"https:\/\/auren.com\/es\/#\/schema\/logo\/image\/","url":"https:\/\/auren.com\/es\/wp-content\/uploads\/2025\/01\/cropped-cropped-favicon-Auren.png","contentUrl":"https:\/\/auren.com\/es\/wp-content\/uploads\/2025\/01\/cropped-cropped-favicon-Auren.png","width":512,"height":512,"caption":"Auren"},"image":{"@id":"https:\/\/auren.com\/es\/#\/schema\/logo\/image\/"},"sameAs":["https:\/\/x.com\/auren_spain","https:\/\/www.linkedin.com\/company\/aurenspainserviciosprofesionales","https:\/\/www.youtube.com\/@AurenEsp","https:\/\/www.instagram.com\/auren_spain"]}]}},"_links":{"self":[{"href":"https:\/\/auren.com\/es\/wp-json\/wp\/v2\/new\/37059","targetHints":{"allow":["GET"]}}],"collection":[{"href":"https:\/\/auren.com\/es\/wp-json\/wp\/v2\/new"}],"about":[{"href":"https:\/\/auren.com\/es\/wp-json\/wp\/v2\/types\/new"}],"version-history":[{"count":0,"href":"https:\/\/auren.com\/es\/wp-json\/wp\/v2\/new\/37059\/revisions"}],"wp:featuredmedia":[{"embeddable":true,"href":"https:\/\/auren.com\/es\/wp-json\/wp\/v2\/media\/37060"}],"wp:attachment":[{"href":"https:\/\/auren.com\/es\/wp-json\/wp\/v2\/media?parent=37059"}],"wp:term":[{"taxonomy":"new-category","embeddable":true,"href":"https:\/\/auren.com\/es\/wp-json\/wp\/v2\/new-category?post=37059"}],"curies":[{"name":"wp","href":"https:\/\/api.w.org\/{rel}","templated":true}]}}