{"id":4516,"date":"2021-04-06T13:54:46","date_gmt":"2021-04-06T11:54:46","guid":{"rendered":"https:\/\/auren.com\/es\/new\/auren-nombra-a-antonio-alcaide-nuevo-director-de-la-division-de-auditoria-en-malaga\/"},"modified":"2021-04-06T13:54:46","modified_gmt":"2021-04-06T11:54:46","slug":"auren-nombra-a-antonio-alcaide-nuevo-director-de-la-division-de-auditoria-en-malaga","status":"publish","type":"new","link":"https:\/\/auren.com\/es\/noticias\/auren-nombra-a-antonio-alcaide-nuevo-director-de-la-division-de-auditoria-en-malaga\/","title":{"rendered":"Auren nombra a Antonio Alcaide nuevo director de la divisi\u00f3n de auditor\u00eda en M\u00e1laga"},"content":{"rendered":"<p><strong>Su nombramiento servir\u00e1 para potenciar los servicios de auditor\u00eda de Auren en el sector turismo y en sectores especializados como la automoci\u00f3n o el agroalimentario.<\/strong><\/p>\n<p>Auren ha nombrado a Antonio Alcaide nuevo director de la divisi\u00f3n de auditor\u00eda en la oficina de la firma en M\u00e1laga. Con esta designaci\u00f3n, la compa\u00f1\u00eda quiere reforzar los servicios de auditor\u00eda en Andaluc\u00eda y potenciarlos en sectores como el industrial, la automoci\u00f3n o el tur\u00edstico y agroalimentario, representativos del tejido econ\u00f3mico de la zona.<\/p>\n<p>Antonio es licenciado en Ciencias Econ\u00f3micas y Empresariales por la Universidad de M\u00e1laga y MBA por el IE en Madrid. La mayor parte de su actividad profesional la ha desarrollado en el departamento de auditor\u00eda de PwC, donde lleg\u00f3 a ser responsable de dicha divisi\u00f3n en la oficina de M\u00e1laga.<\/p>\n<p>\u201cQueremos consolidar un equipo de auditor\u00eda con una s\u00f3lida formaci\u00f3n para hacer frente al entorno de riesgo en el que se desenvuelve la profesi\u00f3n. El objetivo siempre es ofrecer unos servicios profesionales de la m\u00e1s alta calidad a los clientes en Andaluc\u00eda y en toda Espa\u00f1a\u201d, declar\u00f3 Antonio Alcaide.<\/p>\n<p>Auren est\u00e1 apostando firmemente por consolidar y potenciar sus servicios desde Andaluc\u00eda. El pasado mes de febrero se incorporaron dos nuevos socios para reforzar el \u00e1rea de consultor\u00eda en la oficina de la firma en Sevilla.<\/p>\n<p><!-- AddThis Advanced Settings generic via filter on the_content --><!-- AddThis Share Buttons generic via filter on the_content --><\/p>\n","protected":false},"excerpt":{"rendered":"<p>Su nombramiento servir\u00e1 para potenciar los servicios de auditor\u00eda de Auren en el sector turismo y en sectores especializados como la automoci\u00f3n o el agroalimentario. Auren ha nombrado a Antonio [&hellip;]<\/p>\n","protected":false},"featured_media":4517,"template":"","meta":{"_acf_changed":false,"footnotes":""},"new-category":[],"class_list":["post-4516","new","type-new","status-publish","has-post-thumbnail","hentry"],"acf":[],"yoast_head":"<!-- This site is optimized with the Yoast SEO plugin v27.5 - https:\/\/yoast.com\/product\/yoast-seo-wordpress\/ -->\n<title>Auren nombra a Antonio Alcaide nuevo director de la divisi\u00f3n de auditor\u00eda en M\u00e1laga - Auren Espa\u00f1a<\/title>\n<meta name=\"robots\" content=\"index, follow, max-snippet:-1, max-image-preview:large, max-video-preview:-1\" \/>\n<link rel=\"canonical\" href=\"https:\/\/auren.com\/es\/noticias\/auren-nombra-a-antonio-alcaide-nuevo-director-de-la-division-de-auditoria-en-malaga\/\" \/>\n<meta property=\"og:locale\" content=\"es_ES\" \/>\n<meta property=\"og:type\" content=\"article\" \/>\n<meta property=\"og:title\" content=\"Auren nombra a Antonio Alcaide nuevo director de la divisi\u00f3n de auditor\u00eda en M\u00e1laga - Auren Espa\u00f1a\" \/>\n<meta property=\"og:description\" content=\"Su nombramiento servir\u00e1 para potenciar los servicios de auditor\u00eda de Auren en el sector turismo y en sectores especializados como la automoci\u00f3n o el agroalimentario. Auren ha nombrado a Antonio [&hellip;]\" \/>\n<meta property=\"og:url\" content=\"https:\/\/auren.com\/es\/noticias\/auren-nombra-a-antonio-alcaide-nuevo-director-de-la-division-de-auditoria-en-malaga\/\" \/>\n<meta property=\"og:site_name\" content=\"Auren\" \/>\n<meta property=\"og:image\" content=\"https:\/\/auren.com\/es\/wp-content\/uploads\/2021\/04\/Foto_Antonio-Alcaide-2-DEF.jpg\" \/>\n\t<meta property=\"og:image:width\" content=\"612\" \/>\n\t<meta property=\"og:image:height\" content=\"856\" \/>\n\t<meta property=\"og:image:type\" content=\"image\/jpeg\" \/>\n<meta name=\"twitter:card\" content=\"summary_large_image\" \/>\n<meta name=\"twitter:site\" content=\"@auren_spain\" \/>\n<meta name=\"twitter:label1\" content=\"Tiempo de lectura\" \/>\n\t<meta name=\"twitter:data1\" content=\"1 minuto\" \/>\n<script type=\"application\/ld+json\" class=\"yoast-schema-graph\">{\"@context\":\"https:\\\/\\\/schema.org\",\"@graph\":[{\"@type\":\"WebPage\",\"@id\":\"https:\\\/\\\/auren.com\\\/es\\\/noticias\\\/auren-nombra-a-antonio-alcaide-nuevo-director-de-la-division-de-auditoria-en-malaga\\\/\",\"url\":\"https:\\\/\\\/auren.com\\\/es\\\/noticias\\\/auren-nombra-a-antonio-alcaide-nuevo-director-de-la-division-de-auditoria-en-malaga\\\/\",\"name\":\"Auren nombra a Antonio Alcaide nuevo director de la divisi\u00f3n de auditor\u00eda en M\u00e1laga - Auren Espa\u00f1a\",\"isPartOf\":{\"@id\":\"https:\\\/\\\/auren.com\\\/es\\\/#website\"},\"primaryImageOfPage\":{\"@id\":\"https:\\\/\\\/auren.com\\\/es\\\/noticias\\\/auren-nombra-a-antonio-alcaide-nuevo-director-de-la-division-de-auditoria-en-malaga\\\/#primaryimage\"},\"image\":{\"@id\":\"https:\\\/\\\/auren.com\\\/es\\\/noticias\\\/auren-nombra-a-antonio-alcaide-nuevo-director-de-la-division-de-auditoria-en-malaga\\\/#primaryimage\"},\"thumbnailUrl\":\"https:\\\/\\\/auren.com\\\/es\\\/wp-content\\\/uploads\\\/2021\\\/04\\\/Foto_Antonio-Alcaide-2-DEF.jpg\",\"datePublished\":\"2021-04-06T11:54:46+00:00\",\"breadcrumb\":{\"@id\":\"https:\\\/\\\/auren.com\\\/es\\\/noticias\\\/auren-nombra-a-antonio-alcaide-nuevo-director-de-la-division-de-auditoria-en-malaga\\\/#breadcrumb\"},\"inLanguage\":\"es\",\"potentialAction\":[{\"@type\":\"ReadAction\",\"target\":[\"https:\\\/\\\/auren.com\\\/es\\\/noticias\\\/auren-nombra-a-antonio-alcaide-nuevo-director-de-la-division-de-auditoria-en-malaga\\\/\"]}]},{\"@type\":\"ImageObject\",\"inLanguage\":\"es\",\"@id\":\"https:\\\/\\\/auren.com\\\/es\\\/noticias\\\/auren-nombra-a-antonio-alcaide-nuevo-director-de-la-division-de-auditoria-en-malaga\\\/#primaryimage\",\"url\":\"https:\\\/\\\/auren.com\\\/es\\\/wp-content\\\/uploads\\\/2021\\\/04\\\/Foto_Antonio-Alcaide-2-DEF.jpg\",\"contentUrl\":\"https:\\\/\\\/auren.com\\\/es\\\/wp-content\\\/uploads\\\/2021\\\/04\\\/Foto_Antonio-Alcaide-2-DEF.jpg\",\"width\":612,\"height\":856},{\"@type\":\"BreadcrumbList\",\"@id\":\"https:\\\/\\\/auren.com\\\/es\\\/noticias\\\/auren-nombra-a-antonio-alcaide-nuevo-director-de-la-division-de-auditoria-en-malaga\\\/#breadcrumb\",\"itemListElement\":[{\"@type\":\"ListItem\",\"position\":1,\"name\":\"Portada\",\"item\":\"https:\\\/\\\/auren.com\\\/es\\\/\"},{\"@type\":\"ListItem\",\"position\":2,\"name\":\"Auren nombra a Antonio Alcaide nuevo director de la divisi\u00f3n de auditor\u00eda en M\u00e1laga\"}]},{\"@type\":\"WebSite\",\"@id\":\"https:\\\/\\\/auren.com\\\/es\\\/#website\",\"url\":\"https:\\\/\\\/auren.com\\\/es\\\/\",\"name\":\"Auren\",\"description\":\"\",\"publisher\":{\"@id\":\"https:\\\/\\\/auren.com\\\/es\\\/#organization\"},\"alternateName\":\"Auren\",\"potentialAction\":[{\"@type\":\"SearchAction\",\"target\":{\"@type\":\"EntryPoint\",\"urlTemplate\":\"https:\\\/\\\/auren.com\\\/es\\\/?s={search_term_string}\"},\"query-input\":{\"@type\":\"PropertyValueSpecification\",\"valueRequired\":true,\"valueName\":\"search_term_string\"}}],\"inLanguage\":\"es\"},{\"@type\":\"Organization\",\"@id\":\"https:\\\/\\\/auren.com\\\/es\\\/#organization\",\"name\":\"Auren\",\"alternateName\":\"Auren\",\"url\":\"https:\\\/\\\/auren.com\\\/es\\\/\",\"logo\":{\"@type\":\"ImageObject\",\"inLanguage\":\"es\",\"@id\":\"https:\\\/\\\/auren.com\\\/es\\\/#\\\/schema\\\/logo\\\/image\\\/\",\"url\":\"https:\\\/\\\/auren.com\\\/es\\\/wp-content\\\/uploads\\\/2025\\\/01\\\/cropped-cropped-favicon-Auren.png\",\"contentUrl\":\"https:\\\/\\\/auren.com\\\/es\\\/wp-content\\\/uploads\\\/2025\\\/01\\\/cropped-cropped-favicon-Auren.png\",\"width\":512,\"height\":512,\"caption\":\"Auren\"},\"image\":{\"@id\":\"https:\\\/\\\/auren.com\\\/es\\\/#\\\/schema\\\/logo\\\/image\\\/\"},\"sameAs\":[\"https:\\\/\\\/x.com\\\/auren_spain\",\"https:\\\/\\\/www.linkedin.com\\\/company\\\/aurenspainserviciosprofesionales\",\"https:\\\/\\\/www.youtube.com\\\/@AurenEsp\",\"https:\\\/\\\/www.instagram.com\\\/auren_spain\"]}]}<\/script>\n<!-- \/ Yoast SEO plugin. -->","yoast_head_json":{"title":"Auren nombra a Antonio Alcaide nuevo director de la divisi\u00f3n de auditor\u00eda en M\u00e1laga - Auren Espa\u00f1a","robots":{"index":"index","follow":"follow","max-snippet":"max-snippet:-1","max-image-preview":"max-image-preview:large","max-video-preview":"max-video-preview:-1"},"canonical":"https:\/\/auren.com\/es\/noticias\/auren-nombra-a-antonio-alcaide-nuevo-director-de-la-division-de-auditoria-en-malaga\/","og_locale":"es_ES","og_type":"article","og_title":"Auren nombra a Antonio Alcaide nuevo director de la divisi\u00f3n de auditor\u00eda en M\u00e1laga - Auren Espa\u00f1a","og_description":"Su nombramiento servir\u00e1 para potenciar los servicios de auditor\u00eda de Auren en el sector turismo y en sectores especializados como la automoci\u00f3n o el agroalimentario. Auren ha nombrado a Antonio [&hellip;]","og_url":"https:\/\/auren.com\/es\/noticias\/auren-nombra-a-antonio-alcaide-nuevo-director-de-la-division-de-auditoria-en-malaga\/","og_site_name":"Auren","og_image":[{"width":612,"height":856,"url":"https:\/\/auren.com\/es\/wp-content\/uploads\/2021\/04\/Foto_Antonio-Alcaide-2-DEF.jpg","type":"image\/jpeg"}],"twitter_card":"summary_large_image","twitter_site":"@auren_spain","twitter_misc":{"Tiempo de lectura":"1 minuto"},"schema":{"@context":"https:\/\/schema.org","@graph":[{"@type":"WebPage","@id":"https:\/\/auren.com\/es\/noticias\/auren-nombra-a-antonio-alcaide-nuevo-director-de-la-division-de-auditoria-en-malaga\/","url":"https:\/\/auren.com\/es\/noticias\/auren-nombra-a-antonio-alcaide-nuevo-director-de-la-division-de-auditoria-en-malaga\/","name":"Auren nombra a Antonio Alcaide nuevo director de la divisi\u00f3n de auditor\u00eda en M\u00e1laga - Auren Espa\u00f1a","isPartOf":{"@id":"https:\/\/auren.com\/es\/#website"},"primaryImageOfPage":{"@id":"https:\/\/auren.com\/es\/noticias\/auren-nombra-a-antonio-alcaide-nuevo-director-de-la-division-de-auditoria-en-malaga\/#primaryimage"},"image":{"@id":"https:\/\/auren.com\/es\/noticias\/auren-nombra-a-antonio-alcaide-nuevo-director-de-la-division-de-auditoria-en-malaga\/#primaryimage"},"thumbnailUrl":"https:\/\/auren.com\/es\/wp-content\/uploads\/2021\/04\/Foto_Antonio-Alcaide-2-DEF.jpg","datePublished":"2021-04-06T11:54:46+00:00","breadcrumb":{"@id":"https:\/\/auren.com\/es\/noticias\/auren-nombra-a-antonio-alcaide-nuevo-director-de-la-division-de-auditoria-en-malaga\/#breadcrumb"},"inLanguage":"es","potentialAction":[{"@type":"ReadAction","target":["https:\/\/auren.com\/es\/noticias\/auren-nombra-a-antonio-alcaide-nuevo-director-de-la-division-de-auditoria-en-malaga\/"]}]},{"@type":"ImageObject","inLanguage":"es","@id":"https:\/\/auren.com\/es\/noticias\/auren-nombra-a-antonio-alcaide-nuevo-director-de-la-division-de-auditoria-en-malaga\/#primaryimage","url":"https:\/\/auren.com\/es\/wp-content\/uploads\/2021\/04\/Foto_Antonio-Alcaide-2-DEF.jpg","contentUrl":"https:\/\/auren.com\/es\/wp-content\/uploads\/2021\/04\/Foto_Antonio-Alcaide-2-DEF.jpg","width":612,"height":856},{"@type":"BreadcrumbList","@id":"https:\/\/auren.com\/es\/noticias\/auren-nombra-a-antonio-alcaide-nuevo-director-de-la-division-de-auditoria-en-malaga\/#breadcrumb","itemListElement":[{"@type":"ListItem","position":1,"name":"Portada","item":"https:\/\/auren.com\/es\/"},{"@type":"ListItem","position":2,"name":"Auren nombra a Antonio Alcaide nuevo director de la divisi\u00f3n de auditor\u00eda en M\u00e1laga"}]},{"@type":"WebSite","@id":"https:\/\/auren.com\/es\/#website","url":"https:\/\/auren.com\/es\/","name":"Auren","description":"","publisher":{"@id":"https:\/\/auren.com\/es\/#organization"},"alternateName":"Auren","potentialAction":[{"@type":"SearchAction","target":{"@type":"EntryPoint","urlTemplate":"https:\/\/auren.com\/es\/?s={search_term_string}"},"query-input":{"@type":"PropertyValueSpecification","valueRequired":true,"valueName":"search_term_string"}}],"inLanguage":"es"},{"@type":"Organization","@id":"https:\/\/auren.com\/es\/#organization","name":"Auren","alternateName":"Auren","url":"https:\/\/auren.com\/es\/","logo":{"@type":"ImageObject","inLanguage":"es","@id":"https:\/\/auren.com\/es\/#\/schema\/logo\/image\/","url":"https:\/\/auren.com\/es\/wp-content\/uploads\/2025\/01\/cropped-cropped-favicon-Auren.png","contentUrl":"https:\/\/auren.com\/es\/wp-content\/uploads\/2025\/01\/cropped-cropped-favicon-Auren.png","width":512,"height":512,"caption":"Auren"},"image":{"@id":"https:\/\/auren.com\/es\/#\/schema\/logo\/image\/"},"sameAs":["https:\/\/x.com\/auren_spain","https:\/\/www.linkedin.com\/company\/aurenspainserviciosprofesionales","https:\/\/www.youtube.com\/@AurenEsp","https:\/\/www.instagram.com\/auren_spain"]}]}},"_links":{"self":[{"href":"https:\/\/auren.com\/es\/wp-json\/wp\/v2\/new\/4516","targetHints":{"allow":["GET"]}}],"collection":[{"href":"https:\/\/auren.com\/es\/wp-json\/wp\/v2\/new"}],"about":[{"href":"https:\/\/auren.com\/es\/wp-json\/wp\/v2\/types\/new"}],"version-history":[{"count":0,"href":"https:\/\/auren.com\/es\/wp-json\/wp\/v2\/new\/4516\/revisions"}],"wp:featuredmedia":[{"embeddable":true,"href":"https:\/\/auren.com\/es\/wp-json\/wp\/v2\/media\/4517"}],"wp:attachment":[{"href":"https:\/\/auren.com\/es\/wp-json\/wp\/v2\/media?parent=4516"}],"wp:term":[{"taxonomy":"new-category","embeddable":true,"href":"https:\/\/auren.com\/es\/wp-json\/wp\/v2\/new-category?post=4516"}],"curies":[{"name":"wp","href":"https:\/\/api.w.org\/{rel}","templated":true}]}}