{"id":4586,"date":"2021-03-04T15:48:17","date_gmt":"2021-03-04T14:48:17","guid":{"rendered":"https:\/\/auren.com\/es\/new\/auren-nombra-a-elena-benavent-nueva-socia-de-la-division-de-auditoria\/"},"modified":"2021-03-04T15:48:17","modified_gmt":"2021-03-04T14:48:17","slug":"auren-nombra-a-elena-benavent-nueva-socia-de-la-division-de-auditoria","status":"publish","type":"new","link":"https:\/\/auren.com\/es\/noticias\/auren-nombra-a-elena-benavent-nueva-socia-de-la-division-de-auditoria\/","title":{"rendered":"Auren nombra a Elena Benavent nueva socia de la divisi\u00f3n de auditor\u00eda"},"content":{"rendered":"<ul>\n<li><strong>Hasta su promoci\u00f3n ha ocupado el puesto de gerente en la divisi\u00f3n de auditor\u00eda en la oficina de la firma en Valencia<\/strong><\/li>\n<li><strong>Su nombramiento servir\u00e1 para potenciar los servicios de auditor\u00eda de Auren en sectores especializados como la automoci\u00f3n o el agroalimentario.<\/strong><\/li>\n<\/ul>\n<p>Auren ha nombrado a Elena Benavent nueva socia de la divisi\u00f3n de auditor\u00eda. Con esta designaci\u00f3n, la firma quiere potenciar sus servicios de auditor\u00eda en sectores especializados como la automoci\u00f3n, el qu\u00edmico o el agroalimentario, entre otros.<\/p>\n<p>Elena es Licenciada en Econom\u00eda y en Direcci\u00f3n de Empresas y ha ocupado diferentes puestos de responsabilidad en departamentos vinculados al an\u00e1lisis financiero y a la gesti\u00f3n de proyectos de auditor\u00eda en diferentes sectores para empresas nacionales e internacionales. Trabaj\u00f3 en EY como gerente de auditor\u00eda y es miembro del Instituto Censores Jurados de Cuentas. Se incorpor\u00f3 a Auren en 2017 y, hasta su promoci\u00f3n, la nueva socia de Auren ha ocupado el puesto de gerente de la divisi\u00f3n de auditor\u00eda en la oficina de la firma en Valencia.<\/p>\n<p>Mario Alonso, presidente de Auren, declar\u00f3 que \u201ces una gran noticia para la firma que continuemos promocionando a profesionales de extraordinario talento y sigamos avanzando en nuestras pol\u00edticas de equilibrio de g\u00e9nero\u201d.<\/p>\n<p><!-- AddThis Advanced Settings generic via filter on the_content --><!-- AddThis Share Buttons generic via filter on the_content --><\/p>\n","protected":false},"excerpt":{"rendered":"<p>Hasta su promoci\u00f3n ha ocupado el puesto de gerente en la divisi\u00f3n de auditor\u00eda en la oficina de la firma en Valencia Su nombramiento servir\u00e1 para potenciar los servicios de [&hellip;]<\/p>\n","protected":false},"featured_media":4587,"template":"","meta":{"_acf_changed":false,"footnotes":""},"new-category":[],"class_list":["post-4586","new","type-new","status-publish","has-post-thumbnail","hentry"],"acf":[],"yoast_head":"<!-- This site is optimized with the Yoast SEO plugin v27.4 - https:\/\/yoast.com\/product\/yoast-seo-wordpress\/ -->\n<title>Auren nombra a Elena Benavent nueva socia de la divisi\u00f3n de auditor\u00eda - Auren Espa\u00f1a<\/title>\n<meta name=\"robots\" content=\"index, follow, max-snippet:-1, max-image-preview:large, max-video-preview:-1\" \/>\n<link rel=\"canonical\" href=\"https:\/\/auren.com\/es\/noticias\/auren-nombra-a-elena-benavent-nueva-socia-de-la-division-de-auditoria-2\/\" \/>\n<meta property=\"og:locale\" content=\"es_ES\" \/>\n<meta property=\"og:type\" content=\"article\" \/>\n<meta property=\"og:title\" content=\"Auren nombra a Elena Benavent nueva socia de la divisi\u00f3n de auditor\u00eda - Auren Espa\u00f1a\" \/>\n<meta property=\"og:description\" content=\"Hasta su promoci\u00f3n ha ocupado el puesto de gerente en la divisi\u00f3n de auditor\u00eda en la oficina de la firma en Valencia Su nombramiento servir\u00e1 para potenciar los servicios de [&hellip;]\" \/>\n<meta property=\"og:url\" content=\"https:\/\/auren.com\/es\/noticias\/auren-nombra-a-elena-benavent-nueva-socia-de-la-division-de-auditoria-2\/\" \/>\n<meta property=\"og:site_name\" content=\"Auren\" \/>\n<meta property=\"og:image\" content=\"https:\/\/auren.com\/es\/wp-content\/uploads\/2021\/03\/3.jpg\" \/>\n\t<meta property=\"og:image:width\" content=\"2097\" \/>\n\t<meta property=\"og:image:height\" content=\"1842\" \/>\n\t<meta property=\"og:image:type\" content=\"image\/jpeg\" \/>\n<meta name=\"twitter:card\" content=\"summary_large_image\" \/>\n<meta name=\"twitter:site\" content=\"@auren_spain\" \/>\n<meta name=\"twitter:label1\" content=\"Tiempo de lectura\" \/>\n\t<meta name=\"twitter:data1\" content=\"1 minuto\" \/>\n<script type=\"application\/ld+json\" class=\"yoast-schema-graph\">{\"@context\":\"https:\\\/\\\/schema.org\",\"@graph\":[{\"@type\":\"WebPage\",\"@id\":\"https:\\\/\\\/auren.com\\\/es\\\/noticias\\\/auren-nombra-a-elena-benavent-nueva-socia-de-la-division-de-auditoria\\\/\",\"url\":\"https:\\\/\\\/auren.com\\\/es\\\/noticias\\\/auren-nombra-a-elena-benavent-nueva-socia-de-la-division-de-auditoria-2\\\/\",\"name\":\"Auren nombra a Elena Benavent nueva socia de la divisi\u00f3n de auditor\u00eda - Auren Espa\u00f1a\",\"isPartOf\":{\"@id\":\"https:\\\/\\\/auren.com\\\/es\\\/#website\"},\"primaryImageOfPage\":{\"@id\":\"https:\\\/\\\/auren.com\\\/es\\\/noticias\\\/auren-nombra-a-elena-benavent-nueva-socia-de-la-division-de-auditoria-2\\\/#primaryimage\"},\"image\":{\"@id\":\"https:\\\/\\\/auren.com\\\/es\\\/noticias\\\/auren-nombra-a-elena-benavent-nueva-socia-de-la-division-de-auditoria-2\\\/#primaryimage\"},\"thumbnailUrl\":\"https:\\\/\\\/auren.com\\\/es\\\/wp-content\\\/uploads\\\/2021\\\/03\\\/3.jpg\",\"datePublished\":\"2021-03-04T14:48:17+00:00\",\"breadcrumb\":{\"@id\":\"https:\\\/\\\/auren.com\\\/es\\\/noticias\\\/auren-nombra-a-elena-benavent-nueva-socia-de-la-division-de-auditoria-2\\\/#breadcrumb\"},\"inLanguage\":\"es\",\"potentialAction\":[{\"@type\":\"ReadAction\",\"target\":[\"https:\\\/\\\/auren.com\\\/es\\\/noticias\\\/auren-nombra-a-elena-benavent-nueva-socia-de-la-division-de-auditoria-2\\\/\"]}]},{\"@type\":\"ImageObject\",\"inLanguage\":\"es\",\"@id\":\"https:\\\/\\\/auren.com\\\/es\\\/noticias\\\/auren-nombra-a-elena-benavent-nueva-socia-de-la-division-de-auditoria-2\\\/#primaryimage\",\"url\":\"https:\\\/\\\/auren.com\\\/es\\\/wp-content\\\/uploads\\\/2021\\\/03\\\/3.jpg\",\"contentUrl\":\"https:\\\/\\\/auren.com\\\/es\\\/wp-content\\\/uploads\\\/2021\\\/03\\\/3.jpg\",\"width\":2097,\"height\":1842},{\"@type\":\"BreadcrumbList\",\"@id\":\"https:\\\/\\\/auren.com\\\/es\\\/noticias\\\/auren-nombra-a-elena-benavent-nueva-socia-de-la-division-de-auditoria-2\\\/#breadcrumb\",\"itemListElement\":[{\"@type\":\"ListItem\",\"position\":1,\"name\":\"Portada\",\"item\":\"https:\\\/\\\/auren.com\\\/es\\\/\"},{\"@type\":\"ListItem\",\"position\":2,\"name\":\"Auren nombra a Elena Benavent nueva socia de la divisi\u00f3n de auditor\u00eda\"}]},{\"@type\":\"WebSite\",\"@id\":\"https:\\\/\\\/auren.com\\\/es\\\/#website\",\"url\":\"https:\\\/\\\/auren.com\\\/es\\\/\",\"name\":\"Auren\",\"description\":\"\",\"publisher\":{\"@id\":\"https:\\\/\\\/auren.com\\\/es\\\/#organization\"},\"alternateName\":\"Auren\",\"potentialAction\":[{\"@type\":\"SearchAction\",\"target\":{\"@type\":\"EntryPoint\",\"urlTemplate\":\"https:\\\/\\\/auren.com\\\/es\\\/?s={search_term_string}\"},\"query-input\":{\"@type\":\"PropertyValueSpecification\",\"valueRequired\":true,\"valueName\":\"search_term_string\"}}],\"inLanguage\":\"es\"},{\"@type\":\"Organization\",\"@id\":\"https:\\\/\\\/auren.com\\\/es\\\/#organization\",\"name\":\"Auren\",\"alternateName\":\"Auren\",\"url\":\"https:\\\/\\\/auren.com\\\/es\\\/\",\"logo\":{\"@type\":\"ImageObject\",\"inLanguage\":\"es\",\"@id\":\"https:\\\/\\\/auren.com\\\/es\\\/#\\\/schema\\\/logo\\\/image\\\/\",\"url\":\"https:\\\/\\\/auren.com\\\/es\\\/wp-content\\\/uploads\\\/2025\\\/01\\\/cropped-cropped-favicon-Auren.png\",\"contentUrl\":\"https:\\\/\\\/auren.com\\\/es\\\/wp-content\\\/uploads\\\/2025\\\/01\\\/cropped-cropped-favicon-Auren.png\",\"width\":512,\"height\":512,\"caption\":\"Auren\"},\"image\":{\"@id\":\"https:\\\/\\\/auren.com\\\/es\\\/#\\\/schema\\\/logo\\\/image\\\/\"},\"sameAs\":[\"https:\\\/\\\/x.com\\\/auren_spain\",\"https:\\\/\\\/www.linkedin.com\\\/company\\\/aurenspainserviciosprofesionales\",\"https:\\\/\\\/www.youtube.com\\\/@AurenEsp\",\"https:\\\/\\\/www.instagram.com\\\/auren_spain\"]}]}<\/script>\n<!-- \/ Yoast SEO plugin. -->","yoast_head_json":{"title":"Auren nombra a Elena Benavent nueva socia de la divisi\u00f3n de auditor\u00eda - Auren Espa\u00f1a","robots":{"index":"index","follow":"follow","max-snippet":"max-snippet:-1","max-image-preview":"max-image-preview:large","max-video-preview":"max-video-preview:-1"},"canonical":"https:\/\/auren.com\/es\/noticias\/auren-nombra-a-elena-benavent-nueva-socia-de-la-division-de-auditoria-2\/","og_locale":"es_ES","og_type":"article","og_title":"Auren nombra a Elena Benavent nueva socia de la divisi\u00f3n de auditor\u00eda - Auren Espa\u00f1a","og_description":"Hasta su promoci\u00f3n ha ocupado el puesto de gerente en la divisi\u00f3n de auditor\u00eda en la oficina de la firma en Valencia Su nombramiento servir\u00e1 para potenciar los servicios de [&hellip;]","og_url":"https:\/\/auren.com\/es\/noticias\/auren-nombra-a-elena-benavent-nueva-socia-de-la-division-de-auditoria-2\/","og_site_name":"Auren","og_image":[{"width":2097,"height":1842,"url":"https:\/\/auren.com\/es\/wp-content\/uploads\/2021\/03\/3.jpg","type":"image\/jpeg"}],"twitter_card":"summary_large_image","twitter_site":"@auren_spain","twitter_misc":{"Tiempo de lectura":"1 minuto"},"schema":{"@context":"https:\/\/schema.org","@graph":[{"@type":"WebPage","@id":"https:\/\/auren.com\/es\/noticias\/auren-nombra-a-elena-benavent-nueva-socia-de-la-division-de-auditoria\/","url":"https:\/\/auren.com\/es\/noticias\/auren-nombra-a-elena-benavent-nueva-socia-de-la-division-de-auditoria-2\/","name":"Auren nombra a Elena Benavent nueva socia de la divisi\u00f3n de auditor\u00eda - Auren Espa\u00f1a","isPartOf":{"@id":"https:\/\/auren.com\/es\/#website"},"primaryImageOfPage":{"@id":"https:\/\/auren.com\/es\/noticias\/auren-nombra-a-elena-benavent-nueva-socia-de-la-division-de-auditoria-2\/#primaryimage"},"image":{"@id":"https:\/\/auren.com\/es\/noticias\/auren-nombra-a-elena-benavent-nueva-socia-de-la-division-de-auditoria-2\/#primaryimage"},"thumbnailUrl":"https:\/\/auren.com\/es\/wp-content\/uploads\/2021\/03\/3.jpg","datePublished":"2021-03-04T14:48:17+00:00","breadcrumb":{"@id":"https:\/\/auren.com\/es\/noticias\/auren-nombra-a-elena-benavent-nueva-socia-de-la-division-de-auditoria-2\/#breadcrumb"},"inLanguage":"es","potentialAction":[{"@type":"ReadAction","target":["https:\/\/auren.com\/es\/noticias\/auren-nombra-a-elena-benavent-nueva-socia-de-la-division-de-auditoria-2\/"]}]},{"@type":"ImageObject","inLanguage":"es","@id":"https:\/\/auren.com\/es\/noticias\/auren-nombra-a-elena-benavent-nueva-socia-de-la-division-de-auditoria-2\/#primaryimage","url":"https:\/\/auren.com\/es\/wp-content\/uploads\/2021\/03\/3.jpg","contentUrl":"https:\/\/auren.com\/es\/wp-content\/uploads\/2021\/03\/3.jpg","width":2097,"height":1842},{"@type":"BreadcrumbList","@id":"https:\/\/auren.com\/es\/noticias\/auren-nombra-a-elena-benavent-nueva-socia-de-la-division-de-auditoria-2\/#breadcrumb","itemListElement":[{"@type":"ListItem","position":1,"name":"Portada","item":"https:\/\/auren.com\/es\/"},{"@type":"ListItem","position":2,"name":"Auren nombra a Elena Benavent nueva socia de la divisi\u00f3n de auditor\u00eda"}]},{"@type":"WebSite","@id":"https:\/\/auren.com\/es\/#website","url":"https:\/\/auren.com\/es\/","name":"Auren","description":"","publisher":{"@id":"https:\/\/auren.com\/es\/#organization"},"alternateName":"Auren","potentialAction":[{"@type":"SearchAction","target":{"@type":"EntryPoint","urlTemplate":"https:\/\/auren.com\/es\/?s={search_term_string}"},"query-input":{"@type":"PropertyValueSpecification","valueRequired":true,"valueName":"search_term_string"}}],"inLanguage":"es"},{"@type":"Organization","@id":"https:\/\/auren.com\/es\/#organization","name":"Auren","alternateName":"Auren","url":"https:\/\/auren.com\/es\/","logo":{"@type":"ImageObject","inLanguage":"es","@id":"https:\/\/auren.com\/es\/#\/schema\/logo\/image\/","url":"https:\/\/auren.com\/es\/wp-content\/uploads\/2025\/01\/cropped-cropped-favicon-Auren.png","contentUrl":"https:\/\/auren.com\/es\/wp-content\/uploads\/2025\/01\/cropped-cropped-favicon-Auren.png","width":512,"height":512,"caption":"Auren"},"image":{"@id":"https:\/\/auren.com\/es\/#\/schema\/logo\/image\/"},"sameAs":["https:\/\/x.com\/auren_spain","https:\/\/www.linkedin.com\/company\/aurenspainserviciosprofesionales","https:\/\/www.youtube.com\/@AurenEsp","https:\/\/www.instagram.com\/auren_spain"]}]}},"_links":{"self":[{"href":"https:\/\/auren.com\/es\/wp-json\/wp\/v2\/new\/4586","targetHints":{"allow":["GET"]}}],"collection":[{"href":"https:\/\/auren.com\/es\/wp-json\/wp\/v2\/new"}],"about":[{"href":"https:\/\/auren.com\/es\/wp-json\/wp\/v2\/types\/new"}],"version-history":[{"count":0,"href":"https:\/\/auren.com\/es\/wp-json\/wp\/v2\/new\/4586\/revisions"}],"wp:featuredmedia":[{"embeddable":true,"href":"https:\/\/auren.com\/es\/wp-json\/wp\/v2\/media\/4587"}],"wp:attachment":[{"href":"https:\/\/auren.com\/es\/wp-json\/wp\/v2\/media?parent=4586"}],"wp:term":[{"taxonomy":"new-category","embeddable":true,"href":"https:\/\/auren.com\/es\/wp-json\/wp\/v2\/new-category?post=4586"}],"curies":[{"name":"wp","href":"https:\/\/api.w.org\/{rel}","templated":true}]}}