{"id":4797,"date":"2021-06-02T10:59:57","date_gmt":"2021-06-02T08:59:57","guid":{"rendered":"https:\/\/auren.com\/es\/new\/auren-firma-asociada-de-eurofintech-el-nuevo-cluster-para-la-transformacion-digital-y-financiera-de-las-empresas-2\/"},"modified":"2021-06-02T10:59:57","modified_gmt":"2021-06-02T08:59:57","slug":"auren-firma-asociada-de-eurofintech-el-nuevo-cluster-para-la-transformacion-digital-y-financiera-de-las-empresas-2","status":"publish","type":"new","link":"https:\/\/auren.com\/es\/noticias\/auren-firma-asociada-de-eurofintech-el-nuevo-cluster-para-la-transformacion-digital-y-financiera-de-las-empresas-2\/","title":{"rendered":"Auren, firma asociada de EuroFintech, el nuevo cl\u00faster para la transformaci\u00f3n digital y financiera de las empresas"},"content":{"rendered":"<ul>\n<li>Javier Y\u00e1\u00f1ez, socio de consultor\u00eda de Auren, es nombrado vicepresidente del cl\u00faster<\/li>\n<\/ul>\n<p><strong>M\u00e1s de 70 empresas de sectores como el turismo, la energ\u00eda, las finanzas o la construcci\u00f3n han constituido el nuevo cl\u00faster EuroFintech, que tiene por objetivo comprometer a los actores del sector FinTech, para contribuir al fomento del desarrollo econ\u00f3mico, social y tecnol\u00f3gico de las empresas espa\u00f1olas dentro y fuera de Europa.<\/strong><strong><\/strong><\/p>\n<p><strong>EuroFintech, que se estructura en comisiones y grupos de trabajo, est\u00e1 formado como asociaci\u00f3n empresarial sin \u00e1nimo de lucro y liderada por profesionales de distintos sectores.<\/strong><\/p>\n<p><strong>Auren es una de las empresas asociadas del nuevo cl\u00faster y Javier Y\u00e1\u00f1ez, socio de consultor\u00eda de la firma, ha sido nombrado Vicepresidente de la nueva entidad.<\/strong> Adem\u00e1s, Y\u00e1\u00f1ez pasa a ser presidente de la Comisi\u00f3n de Energ\u00eda y Medio Ambiente.<\/p>\n<p>Auren tambi\u00e9n participar\u00e1 activamente en las actividades asociadas al cl\u00faster como son la de &nbsp;<strong>Didakt\u00f3s y &nbsp;Matchmakingday <\/strong>, una serie de ciclos de formaci\u00f3n en tecnolog\u00eda financiera e innovaci\u00f3n digital para empresas, adem\u00e1s de en otras mesas de trabajo y reuniones grupales de soluciones tecnol\u00f3gicas y las empresas susceptibles de integrar dichas soluciones. Tambi\u00e9n prestar\u00e1 asesoramiento en la gesti\u00f3n de proyectos y b\u00fasqueda de financiaci\u00f3n alternativa para empresas que quieran optar a los fondos Next Generation de la Uni\u00f3n Europea y otros tipos de subvenciones, como son el marco plurianual 2021-2027, de Fondos FEDER o FSE, entre otros.<\/p>\n<p>Suscribir acuerdos o convenios con otros cl\u00fasters, asociaciones e instituciones p\u00fablicas a fin de alentar la colaboraci\u00f3n p\u00fablico-privada o promocionar actividades para fortalecer la digitalizaci\u00f3n y sostenibilidad de las empresas asociadas, son otros de los objetivos de EuroFintech.<\/p>\n<p><!-- AddThis Advanced Settings generic via filter on the_content --><!-- AddThis Share Buttons generic via filter on the_content --><\/p>\n","protected":false},"excerpt":{"rendered":"<p>Javier Y\u00e1\u00f1ez, socio de consultor\u00eda de Auren, es nombrado vicepresidente del cl\u00faster M\u00e1s de 70 empresas de sectores como el turismo, la energ\u00eda, las finanzas o la construcci\u00f3n han constituido [&hellip;]<\/p>\n","protected":false},"featured_media":4798,"template":"","meta":{"_acf_changed":false,"footnotes":""},"new-category":[],"class_list":["post-4797","new","type-new","status-publish","has-post-thumbnail","hentry"],"acf":[],"yoast_head":"<!-- This site is optimized with the Yoast SEO plugin v27.5 - https:\/\/yoast.com\/product\/yoast-seo-wordpress\/ -->\n<title>Auren, firma asociada de EuroFintech, el nuevo cl\u00faster para la transformaci\u00f3n digital y financiera de las empresas - Auren Espa\u00f1a<\/title>\n<meta name=\"robots\" content=\"index, follow, max-snippet:-1, max-image-preview:large, max-video-preview:-1\" \/>\n<link rel=\"canonical\" href=\"https:\/\/auren.com\/es\/noticias\/auren-firma-asociada-de-eurofintech-el-nuevo-cluster-para-la-transformacion-digital-y-financiera-de-las-empresas\/\" \/>\n<meta property=\"og:locale\" content=\"es_ES\" \/>\n<meta property=\"og:type\" content=\"article\" \/>\n<meta property=\"og:title\" content=\"Auren, firma asociada de EuroFintech, el nuevo cl\u00faster para la transformaci\u00f3n digital y financiera de las empresas - Auren Espa\u00f1a\" \/>\n<meta property=\"og:description\" content=\"Javier Y\u00e1\u00f1ez, socio de consultor\u00eda de Auren, es nombrado vicepresidente del cl\u00faster M\u00e1s de 70 empresas de sectores como el turismo, la energ\u00eda, las finanzas o la construcci\u00f3n han constituido [&hellip;]\" \/>\n<meta property=\"og:url\" content=\"https:\/\/auren.com\/es\/noticias\/auren-firma-asociada-de-eurofintech-el-nuevo-cluster-para-la-transformacion-digital-y-financiera-de-las-empresas\/\" \/>\n<meta property=\"og:site_name\" content=\"Auren\" \/>\n<meta property=\"og:image\" content=\"https:\/\/auren.com\/es\/wp-content\/uploads\/2021\/06\/Foto_JuntadirectivaEuroFintech-1.jpeg\" \/>\n\t<meta property=\"og:image:width\" content=\"1280\" \/>\n\t<meta property=\"og:image:height\" content=\"960\" \/>\n\t<meta property=\"og:image:type\" content=\"image\/jpeg\" \/>\n<meta name=\"twitter:card\" content=\"summary_large_image\" \/>\n<meta name=\"twitter:site\" content=\"@auren_spain\" \/>\n<meta name=\"twitter:label1\" content=\"Tiempo de lectura\" \/>\n\t<meta name=\"twitter:data1\" content=\"2 minutos\" \/>\n<script type=\"application\/ld+json\" class=\"yoast-schema-graph\">{\"@context\":\"https:\\\/\\\/schema.org\",\"@graph\":[{\"@type\":\"WebPage\",\"@id\":\"https:\\\/\\\/auren.com\\\/es\\\/noticias\\\/auren-firma-asociada-de-eurofintech-el-nuevo-cluster-para-la-transformacion-digital-y-financiera-de-las-empresas-2\\\/\",\"url\":\"https:\\\/\\\/auren.com\\\/es\\\/noticias\\\/auren-firma-asociada-de-eurofintech-el-nuevo-cluster-para-la-transformacion-digital-y-financiera-de-las-empresas\\\/\",\"name\":\"Auren, firma asociada de EuroFintech, el nuevo cl\u00faster para la transformaci\u00f3n digital y financiera de las empresas - Auren Espa\u00f1a\",\"isPartOf\":{\"@id\":\"https:\\\/\\\/auren.com\\\/es\\\/#website\"},\"primaryImageOfPage\":{\"@id\":\"https:\\\/\\\/auren.com\\\/es\\\/noticias\\\/auren-firma-asociada-de-eurofintech-el-nuevo-cluster-para-la-transformacion-digital-y-financiera-de-las-empresas\\\/#primaryimage\"},\"image\":{\"@id\":\"https:\\\/\\\/auren.com\\\/es\\\/noticias\\\/auren-firma-asociada-de-eurofintech-el-nuevo-cluster-para-la-transformacion-digital-y-financiera-de-las-empresas\\\/#primaryimage\"},\"thumbnailUrl\":\"https:\\\/\\\/auren.com\\\/es\\\/wp-content\\\/uploads\\\/2021\\\/06\\\/Foto_JuntadirectivaEuroFintech-1.jpeg\",\"datePublished\":\"2021-06-02T08:59:57+00:00\",\"breadcrumb\":{\"@id\":\"https:\\\/\\\/auren.com\\\/es\\\/noticias\\\/auren-firma-asociada-de-eurofintech-el-nuevo-cluster-para-la-transformacion-digital-y-financiera-de-las-empresas\\\/#breadcrumb\"},\"inLanguage\":\"es\",\"potentialAction\":[{\"@type\":\"ReadAction\",\"target\":[\"https:\\\/\\\/auren.com\\\/es\\\/noticias\\\/auren-firma-asociada-de-eurofintech-el-nuevo-cluster-para-la-transformacion-digital-y-financiera-de-las-empresas\\\/\"]}]},{\"@type\":\"ImageObject\",\"inLanguage\":\"es\",\"@id\":\"https:\\\/\\\/auren.com\\\/es\\\/noticias\\\/auren-firma-asociada-de-eurofintech-el-nuevo-cluster-para-la-transformacion-digital-y-financiera-de-las-empresas\\\/#primaryimage\",\"url\":\"https:\\\/\\\/auren.com\\\/es\\\/wp-content\\\/uploads\\\/2021\\\/06\\\/Foto_JuntadirectivaEuroFintech-1.jpeg\",\"contentUrl\":\"https:\\\/\\\/auren.com\\\/es\\\/wp-content\\\/uploads\\\/2021\\\/06\\\/Foto_JuntadirectivaEuroFintech-1.jpeg\",\"width\":1280,\"height\":960},{\"@type\":\"BreadcrumbList\",\"@id\":\"https:\\\/\\\/auren.com\\\/es\\\/noticias\\\/auren-firma-asociada-de-eurofintech-el-nuevo-cluster-para-la-transformacion-digital-y-financiera-de-las-empresas\\\/#breadcrumb\",\"itemListElement\":[{\"@type\":\"ListItem\",\"position\":1,\"name\":\"Portada\",\"item\":\"https:\\\/\\\/auren.com\\\/es\\\/\"},{\"@type\":\"ListItem\",\"position\":2,\"name\":\"Auren, firma asociada de EuroFintech, el nuevo cl\u00faster para la transformaci\u00f3n digital y financiera de las empresas\"}]},{\"@type\":\"WebSite\",\"@id\":\"https:\\\/\\\/auren.com\\\/es\\\/#website\",\"url\":\"https:\\\/\\\/auren.com\\\/es\\\/\",\"name\":\"Auren\",\"description\":\"\",\"publisher\":{\"@id\":\"https:\\\/\\\/auren.com\\\/es\\\/#organization\"},\"alternateName\":\"Auren\",\"potentialAction\":[{\"@type\":\"SearchAction\",\"target\":{\"@type\":\"EntryPoint\",\"urlTemplate\":\"https:\\\/\\\/auren.com\\\/es\\\/?s={search_term_string}\"},\"query-input\":{\"@type\":\"PropertyValueSpecification\",\"valueRequired\":true,\"valueName\":\"search_term_string\"}}],\"inLanguage\":\"es\"},{\"@type\":\"Organization\",\"@id\":\"https:\\\/\\\/auren.com\\\/es\\\/#organization\",\"name\":\"Auren\",\"alternateName\":\"Auren\",\"url\":\"https:\\\/\\\/auren.com\\\/es\\\/\",\"logo\":{\"@type\":\"ImageObject\",\"inLanguage\":\"es\",\"@id\":\"https:\\\/\\\/auren.com\\\/es\\\/#\\\/schema\\\/logo\\\/image\\\/\",\"url\":\"https:\\\/\\\/auren.com\\\/es\\\/wp-content\\\/uploads\\\/2025\\\/01\\\/cropped-cropped-favicon-Auren.png\",\"contentUrl\":\"https:\\\/\\\/auren.com\\\/es\\\/wp-content\\\/uploads\\\/2025\\\/01\\\/cropped-cropped-favicon-Auren.png\",\"width\":512,\"height\":512,\"caption\":\"Auren\"},\"image\":{\"@id\":\"https:\\\/\\\/auren.com\\\/es\\\/#\\\/schema\\\/logo\\\/image\\\/\"},\"sameAs\":[\"https:\\\/\\\/x.com\\\/auren_spain\",\"https:\\\/\\\/www.linkedin.com\\\/company\\\/aurenspainserviciosprofesionales\",\"https:\\\/\\\/www.youtube.com\\\/@AurenEsp\",\"https:\\\/\\\/www.instagram.com\\\/auren_spain\"]}]}<\/script>\n<!-- \/ Yoast SEO plugin. -->","yoast_head_json":{"title":"Auren, firma asociada de EuroFintech, el nuevo cl\u00faster para la transformaci\u00f3n digital y financiera de las empresas - Auren Espa\u00f1a","robots":{"index":"index","follow":"follow","max-snippet":"max-snippet:-1","max-image-preview":"max-image-preview:large","max-video-preview":"max-video-preview:-1"},"canonical":"https:\/\/auren.com\/es\/noticias\/auren-firma-asociada-de-eurofintech-el-nuevo-cluster-para-la-transformacion-digital-y-financiera-de-las-empresas\/","og_locale":"es_ES","og_type":"article","og_title":"Auren, firma asociada de EuroFintech, el nuevo cl\u00faster para la transformaci\u00f3n digital y financiera de las empresas - Auren Espa\u00f1a","og_description":"Javier Y\u00e1\u00f1ez, socio de consultor\u00eda de Auren, es nombrado vicepresidente del cl\u00faster M\u00e1s de 70 empresas de sectores como el turismo, la energ\u00eda, las finanzas o la construcci\u00f3n han constituido [&hellip;]","og_url":"https:\/\/auren.com\/es\/noticias\/auren-firma-asociada-de-eurofintech-el-nuevo-cluster-para-la-transformacion-digital-y-financiera-de-las-empresas\/","og_site_name":"Auren","og_image":[{"width":1280,"height":960,"url":"https:\/\/auren.com\/es\/wp-content\/uploads\/2021\/06\/Foto_JuntadirectivaEuroFintech-1.jpeg","type":"image\/jpeg"}],"twitter_card":"summary_large_image","twitter_site":"@auren_spain","twitter_misc":{"Tiempo de lectura":"2 minutos"},"schema":{"@context":"https:\/\/schema.org","@graph":[{"@type":"WebPage","@id":"https:\/\/auren.com\/es\/noticias\/auren-firma-asociada-de-eurofintech-el-nuevo-cluster-para-la-transformacion-digital-y-financiera-de-las-empresas-2\/","url":"https:\/\/auren.com\/es\/noticias\/auren-firma-asociada-de-eurofintech-el-nuevo-cluster-para-la-transformacion-digital-y-financiera-de-las-empresas\/","name":"Auren, firma asociada de EuroFintech, el nuevo cl\u00faster para la transformaci\u00f3n digital y financiera de las empresas - Auren Espa\u00f1a","isPartOf":{"@id":"https:\/\/auren.com\/es\/#website"},"primaryImageOfPage":{"@id":"https:\/\/auren.com\/es\/noticias\/auren-firma-asociada-de-eurofintech-el-nuevo-cluster-para-la-transformacion-digital-y-financiera-de-las-empresas\/#primaryimage"},"image":{"@id":"https:\/\/auren.com\/es\/noticias\/auren-firma-asociada-de-eurofintech-el-nuevo-cluster-para-la-transformacion-digital-y-financiera-de-las-empresas\/#primaryimage"},"thumbnailUrl":"https:\/\/auren.com\/es\/wp-content\/uploads\/2021\/06\/Foto_JuntadirectivaEuroFintech-1.jpeg","datePublished":"2021-06-02T08:59:57+00:00","breadcrumb":{"@id":"https:\/\/auren.com\/es\/noticias\/auren-firma-asociada-de-eurofintech-el-nuevo-cluster-para-la-transformacion-digital-y-financiera-de-las-empresas\/#breadcrumb"},"inLanguage":"es","potentialAction":[{"@type":"ReadAction","target":["https:\/\/auren.com\/es\/noticias\/auren-firma-asociada-de-eurofintech-el-nuevo-cluster-para-la-transformacion-digital-y-financiera-de-las-empresas\/"]}]},{"@type":"ImageObject","inLanguage":"es","@id":"https:\/\/auren.com\/es\/noticias\/auren-firma-asociada-de-eurofintech-el-nuevo-cluster-para-la-transformacion-digital-y-financiera-de-las-empresas\/#primaryimage","url":"https:\/\/auren.com\/es\/wp-content\/uploads\/2021\/06\/Foto_JuntadirectivaEuroFintech-1.jpeg","contentUrl":"https:\/\/auren.com\/es\/wp-content\/uploads\/2021\/06\/Foto_JuntadirectivaEuroFintech-1.jpeg","width":1280,"height":960},{"@type":"BreadcrumbList","@id":"https:\/\/auren.com\/es\/noticias\/auren-firma-asociada-de-eurofintech-el-nuevo-cluster-para-la-transformacion-digital-y-financiera-de-las-empresas\/#breadcrumb","itemListElement":[{"@type":"ListItem","position":1,"name":"Portada","item":"https:\/\/auren.com\/es\/"},{"@type":"ListItem","position":2,"name":"Auren, firma asociada de EuroFintech, el nuevo cl\u00faster para la transformaci\u00f3n digital y financiera de las empresas"}]},{"@type":"WebSite","@id":"https:\/\/auren.com\/es\/#website","url":"https:\/\/auren.com\/es\/","name":"Auren","description":"","publisher":{"@id":"https:\/\/auren.com\/es\/#organization"},"alternateName":"Auren","potentialAction":[{"@type":"SearchAction","target":{"@type":"EntryPoint","urlTemplate":"https:\/\/auren.com\/es\/?s={search_term_string}"},"query-input":{"@type":"PropertyValueSpecification","valueRequired":true,"valueName":"search_term_string"}}],"inLanguage":"es"},{"@type":"Organization","@id":"https:\/\/auren.com\/es\/#organization","name":"Auren","alternateName":"Auren","url":"https:\/\/auren.com\/es\/","logo":{"@type":"ImageObject","inLanguage":"es","@id":"https:\/\/auren.com\/es\/#\/schema\/logo\/image\/","url":"https:\/\/auren.com\/es\/wp-content\/uploads\/2025\/01\/cropped-cropped-favicon-Auren.png","contentUrl":"https:\/\/auren.com\/es\/wp-content\/uploads\/2025\/01\/cropped-cropped-favicon-Auren.png","width":512,"height":512,"caption":"Auren"},"image":{"@id":"https:\/\/auren.com\/es\/#\/schema\/logo\/image\/"},"sameAs":["https:\/\/x.com\/auren_spain","https:\/\/www.linkedin.com\/company\/aurenspainserviciosprofesionales","https:\/\/www.youtube.com\/@AurenEsp","https:\/\/www.instagram.com\/auren_spain"]}]}},"_links":{"self":[{"href":"https:\/\/auren.com\/es\/wp-json\/wp\/v2\/new\/4797","targetHints":{"allow":["GET"]}}],"collection":[{"href":"https:\/\/auren.com\/es\/wp-json\/wp\/v2\/new"}],"about":[{"href":"https:\/\/auren.com\/es\/wp-json\/wp\/v2\/types\/new"}],"version-history":[{"count":0,"href":"https:\/\/auren.com\/es\/wp-json\/wp\/v2\/new\/4797\/revisions"}],"wp:featuredmedia":[{"embeddable":true,"href":"https:\/\/auren.com\/es\/wp-json\/wp\/v2\/media\/4798"}],"wp:attachment":[{"href":"https:\/\/auren.com\/es\/wp-json\/wp\/v2\/media?parent=4797"}],"wp:term":[{"taxonomy":"new-category","embeddable":true,"href":"https:\/\/auren.com\/es\/wp-json\/wp\/v2\/new-category?post=4797"}],"curies":[{"name":"wp","href":"https:\/\/api.w.org\/{rel}","templated":true}]}}