{"id":4824,"date":"2021-04-26T12:59:09","date_gmt":"2021-04-26T10:59:09","guid":{"rendered":"https:\/\/auren.com\/es\/new\/auren-patrocinador-y-ponente-en-la-semana-informatica-del-coiicv-2021-2\/"},"modified":"2021-04-26T12:59:09","modified_gmt":"2021-04-26T10:59:09","slug":"auren-patrocinador-y-ponente-en-la-semana-informatica-del-coiicv-2021-2","status":"publish","type":"new","link":"https:\/\/auren.com\/es\/noticias\/auren-patrocinador-y-ponente-en-la-semana-informatica-del-coiicv-2021-2\/","title":{"rendered":"Auren, Patrocinador y ponente en la semana inform\u00e1tica del COIICV 2021"},"content":{"rendered":"<p><strong>Auren<\/strong>, como en anteriores ocasiones y dada su importante presencia en el sector TIC de la Comunidad Valenciana, patrocinar\u00e1 y participar\u00e1 como ponente en el ciclo de conferencias organizadas por el Colegio Oficial de Ingenieros Inform\u00e1ticos de la Comunidad Valenciana con motivo del \u201cXVI Congreso de Ingenier\u00eda Inform\u00e1tica de la Comunitat Valenciana\u201d. El congreso, que se celebrar\u00e1 en modalidad on-line debido a la actual situaci\u00f3n de emergencia sanitaria COVID-19, tendr\u00e1 lugar entre hoy d\u00eda 26, hasta el pr\u00f3ximo 29 de abril.&nbsp;<\/p>\n<p><strong>Jos\u00e9 Miguel Cardona Pastor<\/strong>, socio de la Divisi\u00f3n de Seguridad de la Informaci\u00f3n de Auren, participar\u00e1, el pr\u00f3ximo 29 de abril a las 9:10h, en el coloquio \u201c<strong>El Responsable de Seguridad de la Informaci\u00f3n (RSI) en la empresa\u201d,<\/strong> junto con otras empresas tecnol\u00f3gicas de la Comunidad Valenciana. Las jornadas abordar\u00e1n tendencias relacionadas con la ciberseguridad, transformaci\u00f3n digital en diferentes sectores, situaci\u00f3n del sector TIC valenciano post-covid, futuro de la profesi\u00f3n o perspectivas tecnol\u00f3gicas para los pr\u00f3ximos a\u00f1os, entre otros temas de inter\u00e9s.<\/p>\n<p>Jos\u00e9 Miguel Cardona cuenta con m\u00e1s de 18 a\u00f1os de experiencia en el \u00e1mbito de la Seguridad de la Informaci\u00f3n, en auditor\u00eda y consultor\u00eda.&nbsp; Adem\u00e1s, es miembro de la Junta Directiva de la Asociaci\u00f3n de Auditor\u00eda y Control de Sistemas de Informaci\u00f3n, ISACA Madrid; vocal del Instituto de Continuidad de Negocio; miembro del Comit\u00e9 de Innovaci\u00f3n y Tecnolog\u00eda del Instituto de Censores Jurados de Espa\u00f1a, as\u00ed como vocal de la Comisi\u00f3n de Sociedad Digital de la CEOE<\/p>\n<p>La Semana Inform\u00e1tica del COIICV, dedicada a la informaci\u00f3n, divulgaci\u00f3n y conocimiento del sector TIC es, desde 2006, punto de encuentro de profesionales y organizaciones del sector en la Comunidad Valenciana, con una asistencia creciente, ya que en esta edici\u00f3n se esperan m\u00e1s de 800 inscritos a la sesiones y 200 asistentes a las sesiones en directo.<\/p>\n<p>En esta edici\u00f3n 2021 se abordar\u00e1 tambi\u00e9n la difusi\u00f3n, promoci\u00f3n y compartici\u00f3n de iniciativas, proyectos y tendencias en el sector TIC con diversos tipos de eventos y actividades tales como jornadas profesionales, seminarios, cursos de reciclaje, entre otras actividades.<\/p>\n<p><!-- AddThis Advanced Settings generic via filter on the_content --><!-- AddThis Share Buttons generic via filter on the_content --><\/p>\n","protected":false},"excerpt":{"rendered":"<p>Auren, como en anteriores ocasiones y dada su importante presencia en el sector TIC de la Comunidad Valenciana, patrocinar\u00e1 y participar\u00e1 como ponente en el ciclo de conferencias organizadas por [&hellip;]<\/p>\n","protected":false},"featured_media":4825,"template":"","meta":{"_acf_changed":false,"footnotes":""},"new-category":[],"class_list":["post-4824","new","type-new","status-publish","has-post-thumbnail","hentry"],"acf":[],"yoast_head":"<!-- This site is optimized with the Yoast SEO plugin v27.5 - https:\/\/yoast.com\/product\/yoast-seo-wordpress\/ -->\n<title>Auren, Patrocinador y ponente en la semana inform\u00e1tica del COIICV 2021 - Auren Espa\u00f1a<\/title>\n<meta name=\"robots\" content=\"index, follow, max-snippet:-1, max-image-preview:large, max-video-preview:-1\" \/>\n<link rel=\"canonical\" href=\"https:\/\/auren.com\/es\/noticias\/auren-patrocinador-y-ponente-en-la-semana-informatica-del-coiicv-2021-2\/\" \/>\n<meta property=\"og:locale\" content=\"es_ES\" \/>\n<meta property=\"og:type\" content=\"article\" \/>\n<meta property=\"og:title\" content=\"Auren, Patrocinador y ponente en la semana inform\u00e1tica del COIICV 2021 - Auren Espa\u00f1a\" \/>\n<meta property=\"og:description\" content=\"Auren, como en anteriores ocasiones y dada su importante presencia en el sector TIC de la Comunidad Valenciana, patrocinar\u00e1 y participar\u00e1 como ponente en el ciclo de conferencias organizadas por [&hellip;]\" \/>\n<meta property=\"og:url\" content=\"https:\/\/auren.com\/es\/noticias\/auren-patrocinador-y-ponente-en-la-semana-informatica-del-coiicv-2021-2\/\" \/>\n<meta property=\"og:site_name\" content=\"Auren\" \/>\n<meta property=\"og:image\" content=\"https:\/\/auren.com\/es\/wp-content\/uploads\/2021\/04\/shutterstock_159960011-scaled-2.jpg\" \/>\n\t<meta property=\"og:image:width\" content=\"2560\" \/>\n\t<meta property=\"og:image:height\" content=\"1707\" \/>\n\t<meta property=\"og:image:type\" content=\"image\/jpeg\" \/>\n<meta name=\"twitter:card\" content=\"summary_large_image\" \/>\n<meta name=\"twitter:site\" content=\"@auren_spain\" \/>\n<meta name=\"twitter:label1\" content=\"Tiempo de lectura\" \/>\n\t<meta name=\"twitter:data1\" content=\"2 minutos\" \/>\n<script type=\"application\/ld+json\" class=\"yoast-schema-graph\">{\"@context\":\"https:\\\/\\\/schema.org\",\"@graph\":[{\"@type\":\"WebPage\",\"@id\":\"https:\\\/\\\/auren.com\\\/es\\\/noticias\\\/auren-patrocinador-y-ponente-en-la-semana-informatica-del-coiicv-2021-2\\\/\",\"url\":\"https:\\\/\\\/auren.com\\\/es\\\/noticias\\\/auren-patrocinador-y-ponente-en-la-semana-informatica-del-coiicv-2021-2\\\/\",\"name\":\"Auren, Patrocinador y ponente en la semana inform\u00e1tica del COIICV 2021 - Auren Espa\u00f1a\",\"isPartOf\":{\"@id\":\"https:\\\/\\\/auren.com\\\/es\\\/#website\"},\"primaryImageOfPage\":{\"@id\":\"https:\\\/\\\/auren.com\\\/es\\\/noticias\\\/auren-patrocinador-y-ponente-en-la-semana-informatica-del-coiicv-2021-2\\\/#primaryimage\"},\"image\":{\"@id\":\"https:\\\/\\\/auren.com\\\/es\\\/noticias\\\/auren-patrocinador-y-ponente-en-la-semana-informatica-del-coiicv-2021-2\\\/#primaryimage\"},\"thumbnailUrl\":\"https:\\\/\\\/auren.com\\\/es\\\/wp-content\\\/uploads\\\/2021\\\/04\\\/shutterstock_159960011-scaled-2.jpg\",\"datePublished\":\"2021-04-26T10:59:09+00:00\",\"breadcrumb\":{\"@id\":\"https:\\\/\\\/auren.com\\\/es\\\/noticias\\\/auren-patrocinador-y-ponente-en-la-semana-informatica-del-coiicv-2021-2\\\/#breadcrumb\"},\"inLanguage\":\"es\",\"potentialAction\":[{\"@type\":\"ReadAction\",\"target\":[\"https:\\\/\\\/auren.com\\\/es\\\/noticias\\\/auren-patrocinador-y-ponente-en-la-semana-informatica-del-coiicv-2021-2\\\/\"]}]},{\"@type\":\"ImageObject\",\"inLanguage\":\"es\",\"@id\":\"https:\\\/\\\/auren.com\\\/es\\\/noticias\\\/auren-patrocinador-y-ponente-en-la-semana-informatica-del-coiicv-2021-2\\\/#primaryimage\",\"url\":\"https:\\\/\\\/auren.com\\\/es\\\/wp-content\\\/uploads\\\/2021\\\/04\\\/shutterstock_159960011-scaled-2.jpg\",\"contentUrl\":\"https:\\\/\\\/auren.com\\\/es\\\/wp-content\\\/uploads\\\/2021\\\/04\\\/shutterstock_159960011-scaled-2.jpg\",\"width\":2560,\"height\":1707},{\"@type\":\"BreadcrumbList\",\"@id\":\"https:\\\/\\\/auren.com\\\/es\\\/noticias\\\/auren-patrocinador-y-ponente-en-la-semana-informatica-del-coiicv-2021-2\\\/#breadcrumb\",\"itemListElement\":[{\"@type\":\"ListItem\",\"position\":1,\"name\":\"Portada\",\"item\":\"https:\\\/\\\/auren.com\\\/es\\\/\"},{\"@type\":\"ListItem\",\"position\":2,\"name\":\"Auren, Patrocinador y ponente en la semana inform\u00e1tica del COIICV 2021\"}]},{\"@type\":\"WebSite\",\"@id\":\"https:\\\/\\\/auren.com\\\/es\\\/#website\",\"url\":\"https:\\\/\\\/auren.com\\\/es\\\/\",\"name\":\"Auren\",\"description\":\"\",\"publisher\":{\"@id\":\"https:\\\/\\\/auren.com\\\/es\\\/#organization\"},\"alternateName\":\"Auren\",\"potentialAction\":[{\"@type\":\"SearchAction\",\"target\":{\"@type\":\"EntryPoint\",\"urlTemplate\":\"https:\\\/\\\/auren.com\\\/es\\\/?s={search_term_string}\"},\"query-input\":{\"@type\":\"PropertyValueSpecification\",\"valueRequired\":true,\"valueName\":\"search_term_string\"}}],\"inLanguage\":\"es\"},{\"@type\":\"Organization\",\"@id\":\"https:\\\/\\\/auren.com\\\/es\\\/#organization\",\"name\":\"Auren\",\"alternateName\":\"Auren\",\"url\":\"https:\\\/\\\/auren.com\\\/es\\\/\",\"logo\":{\"@type\":\"ImageObject\",\"inLanguage\":\"es\",\"@id\":\"https:\\\/\\\/auren.com\\\/es\\\/#\\\/schema\\\/logo\\\/image\\\/\",\"url\":\"https:\\\/\\\/auren.com\\\/es\\\/wp-content\\\/uploads\\\/2025\\\/01\\\/cropped-cropped-favicon-Auren.png\",\"contentUrl\":\"https:\\\/\\\/auren.com\\\/es\\\/wp-content\\\/uploads\\\/2025\\\/01\\\/cropped-cropped-favicon-Auren.png\",\"width\":512,\"height\":512,\"caption\":\"Auren\"},\"image\":{\"@id\":\"https:\\\/\\\/auren.com\\\/es\\\/#\\\/schema\\\/logo\\\/image\\\/\"},\"sameAs\":[\"https:\\\/\\\/x.com\\\/auren_spain\",\"https:\\\/\\\/www.linkedin.com\\\/company\\\/aurenspainserviciosprofesionales\",\"https:\\\/\\\/www.youtube.com\\\/@AurenEsp\",\"https:\\\/\\\/www.instagram.com\\\/auren_spain\"]}]}<\/script>\n<!-- \/ Yoast SEO plugin. -->","yoast_head_json":{"title":"Auren, Patrocinador y ponente en la semana inform\u00e1tica del COIICV 2021 - Auren Espa\u00f1a","robots":{"index":"index","follow":"follow","max-snippet":"max-snippet:-1","max-image-preview":"max-image-preview:large","max-video-preview":"max-video-preview:-1"},"canonical":"https:\/\/auren.com\/es\/noticias\/auren-patrocinador-y-ponente-en-la-semana-informatica-del-coiicv-2021-2\/","og_locale":"es_ES","og_type":"article","og_title":"Auren, Patrocinador y ponente en la semana inform\u00e1tica del COIICV 2021 - Auren Espa\u00f1a","og_description":"Auren, como en anteriores ocasiones y dada su importante presencia en el sector TIC de la Comunidad Valenciana, patrocinar\u00e1 y participar\u00e1 como ponente en el ciclo de conferencias organizadas por [&hellip;]","og_url":"https:\/\/auren.com\/es\/noticias\/auren-patrocinador-y-ponente-en-la-semana-informatica-del-coiicv-2021-2\/","og_site_name":"Auren","og_image":[{"width":2560,"height":1707,"url":"https:\/\/auren.com\/es\/wp-content\/uploads\/2021\/04\/shutterstock_159960011-scaled-2.jpg","type":"image\/jpeg"}],"twitter_card":"summary_large_image","twitter_site":"@auren_spain","twitter_misc":{"Tiempo de lectura":"2 minutos"},"schema":{"@context":"https:\/\/schema.org","@graph":[{"@type":"WebPage","@id":"https:\/\/auren.com\/es\/noticias\/auren-patrocinador-y-ponente-en-la-semana-informatica-del-coiicv-2021-2\/","url":"https:\/\/auren.com\/es\/noticias\/auren-patrocinador-y-ponente-en-la-semana-informatica-del-coiicv-2021-2\/","name":"Auren, Patrocinador y ponente en la semana inform\u00e1tica del COIICV 2021 - Auren Espa\u00f1a","isPartOf":{"@id":"https:\/\/auren.com\/es\/#website"},"primaryImageOfPage":{"@id":"https:\/\/auren.com\/es\/noticias\/auren-patrocinador-y-ponente-en-la-semana-informatica-del-coiicv-2021-2\/#primaryimage"},"image":{"@id":"https:\/\/auren.com\/es\/noticias\/auren-patrocinador-y-ponente-en-la-semana-informatica-del-coiicv-2021-2\/#primaryimage"},"thumbnailUrl":"https:\/\/auren.com\/es\/wp-content\/uploads\/2021\/04\/shutterstock_159960011-scaled-2.jpg","datePublished":"2021-04-26T10:59:09+00:00","breadcrumb":{"@id":"https:\/\/auren.com\/es\/noticias\/auren-patrocinador-y-ponente-en-la-semana-informatica-del-coiicv-2021-2\/#breadcrumb"},"inLanguage":"es","potentialAction":[{"@type":"ReadAction","target":["https:\/\/auren.com\/es\/noticias\/auren-patrocinador-y-ponente-en-la-semana-informatica-del-coiicv-2021-2\/"]}]},{"@type":"ImageObject","inLanguage":"es","@id":"https:\/\/auren.com\/es\/noticias\/auren-patrocinador-y-ponente-en-la-semana-informatica-del-coiicv-2021-2\/#primaryimage","url":"https:\/\/auren.com\/es\/wp-content\/uploads\/2021\/04\/shutterstock_159960011-scaled-2.jpg","contentUrl":"https:\/\/auren.com\/es\/wp-content\/uploads\/2021\/04\/shutterstock_159960011-scaled-2.jpg","width":2560,"height":1707},{"@type":"BreadcrumbList","@id":"https:\/\/auren.com\/es\/noticias\/auren-patrocinador-y-ponente-en-la-semana-informatica-del-coiicv-2021-2\/#breadcrumb","itemListElement":[{"@type":"ListItem","position":1,"name":"Portada","item":"https:\/\/auren.com\/es\/"},{"@type":"ListItem","position":2,"name":"Auren, Patrocinador y ponente en la semana inform\u00e1tica del COIICV 2021"}]},{"@type":"WebSite","@id":"https:\/\/auren.com\/es\/#website","url":"https:\/\/auren.com\/es\/","name":"Auren","description":"","publisher":{"@id":"https:\/\/auren.com\/es\/#organization"},"alternateName":"Auren","potentialAction":[{"@type":"SearchAction","target":{"@type":"EntryPoint","urlTemplate":"https:\/\/auren.com\/es\/?s={search_term_string}"},"query-input":{"@type":"PropertyValueSpecification","valueRequired":true,"valueName":"search_term_string"}}],"inLanguage":"es"},{"@type":"Organization","@id":"https:\/\/auren.com\/es\/#organization","name":"Auren","alternateName":"Auren","url":"https:\/\/auren.com\/es\/","logo":{"@type":"ImageObject","inLanguage":"es","@id":"https:\/\/auren.com\/es\/#\/schema\/logo\/image\/","url":"https:\/\/auren.com\/es\/wp-content\/uploads\/2025\/01\/cropped-cropped-favicon-Auren.png","contentUrl":"https:\/\/auren.com\/es\/wp-content\/uploads\/2025\/01\/cropped-cropped-favicon-Auren.png","width":512,"height":512,"caption":"Auren"},"image":{"@id":"https:\/\/auren.com\/es\/#\/schema\/logo\/image\/"},"sameAs":["https:\/\/x.com\/auren_spain","https:\/\/www.linkedin.com\/company\/aurenspainserviciosprofesionales","https:\/\/www.youtube.com\/@AurenEsp","https:\/\/www.instagram.com\/auren_spain"]}]}},"_links":{"self":[{"href":"https:\/\/auren.com\/es\/wp-json\/wp\/v2\/new\/4824","targetHints":{"allow":["GET"]}}],"collection":[{"href":"https:\/\/auren.com\/es\/wp-json\/wp\/v2\/new"}],"about":[{"href":"https:\/\/auren.com\/es\/wp-json\/wp\/v2\/types\/new"}],"version-history":[{"count":0,"href":"https:\/\/auren.com\/es\/wp-json\/wp\/v2\/new\/4824\/revisions"}],"wp:featuredmedia":[{"embeddable":true,"href":"https:\/\/auren.com\/es\/wp-json\/wp\/v2\/media\/4825"}],"wp:attachment":[{"href":"https:\/\/auren.com\/es\/wp-json\/wp\/v2\/media?parent=4824"}],"wp:term":[{"taxonomy":"new-category","embeddable":true,"href":"https:\/\/auren.com\/es\/wp-json\/wp\/v2\/new-category?post=4824"}],"curies":[{"name":"wp","href":"https:\/\/api.w.org\/{rel}","templated":true}]}}