{"id":4917,"date":"2021-03-02T11:21:50","date_gmt":"2021-03-02T10:21:50","guid":{"rendered":"https:\/\/auren.com\/es\/new\/auren-patrocinador-y-moderador-del-iv-congreso-auditoria-y-grc-de-isaca-madrid-2\/"},"modified":"2021-03-02T11:21:50","modified_gmt":"2021-03-02T10:21:50","slug":"auren-patrocinador-y-moderador-del-iv-congreso-auditoria-y-grc-de-isaca-madrid-2","status":"publish","type":"new","link":"https:\/\/auren.com\/es\/noticias\/auren-patrocinador-y-moderador-del-iv-congreso-auditoria-y-grc-de-isaca-madrid-2\/","title":{"rendered":"Auren patrocinador y moderador del IV Congreso Auditor\u00eda y GRC de ISACA Madrid."},"content":{"rendered":"<p>Auren, y en concreto la Divisi\u00f3n de Seguridad de la Informaci\u00f3n, participar\u00e1 como patrocinador por cuarto a\u00f1o consecutivo, en el prestigioso Congreso de ISACA Madrid, <strong>Auditor\u00eda y GRC<\/strong> <strong>\u201cGestionando en (ciber)riesgo sist\u00e9mico\u201d.<\/strong><\/p>\n<p>El evento &#8211; que se celebrar\u00e1 en modalidad online debido a la actual crisis sanitaria del COVID-19- est\u00e1 programado en varias sesiones los pr\u00f3ximos d\u00edas 4, 11, 18 de marzo. Como en anteriores ocasiones, Auren estar\u00e1 presente como patrocinador y participante, moderando <strong>Jos\u00e9 Miguel Cardona Pastor, socio de la Divisi\u00f3n de Seguridad de la Informaci\u00f3n de Auren,<\/strong> la mesa redonda \u00abLas grandes amenazas que nos acechan\u00bb.&nbsp; El debate que tendr\u00e1 lugar el pr\u00f3ximo 4 de marzo contar\u00e1 con la participaci\u00f3n de representantes de importantes empresas como BNP Paribas, Talgo, &nbsp;Berkeley Lab.<\/p>\n<p>Esta nueva sesi\u00f3n del Congreso se centrar\u00e1 en generar una visi\u00f3n global de los procesos, gesti\u00f3n de riesgos, fraude, control interno y cumplimiento normativo y legislativo, sin dejar de lado la metodolog\u00eda y ejecuci\u00f3n de revisiones y auditor\u00edas de estos. As\u00ed como, debatir sobre si estamos preparados para hacer frente a ca\u00eddas prolongadas de grandes proveedores tecnol\u00f3gicos, garant\u00edas de continuidad de los servicios, valoraci\u00f3n de los riesgos sist\u00e9micos, entre otras cuestiones de inter\u00e9s.<\/p>\n<p>El evento, que espera supere las m\u00e1s de 2.500 inscripciones de la pasada edici\u00f3n, llegar\u00e1 globalmente a un p\u00fablico de m\u00e1ximo nivel del sector de las TIC, siendo un punto de encuentro y referencia al que no pueden faltar los profesionales de auditor\u00eda de sistemas, seguridad de la informaci\u00f3n, gesti\u00f3n de riesgos tecnol\u00f3gicos y gobierno de las TIC.<\/p>\n<p>Entre los participantes destacan instituciones p\u00fablicas y gubernamentales nacionales y organizaciones privadas de primer nivel, como, BNP Paribas, World Economic Forum, Mutua Madrile\u00f1a, Cabify, Centro de Cooperaci\u00f3n Interbancaria (CCI) , entre otras.<strong><\/strong><\/p>\n<p>El cap\u00edtulo de ISACA Madrid es un referente a nivel nacional en materia de Auditor\u00eda Inform\u00e1tica, Ciberseguridad y Seguridad de la informaci\u00f3n, con m\u00e1s de mil asociados, y en el que Auren adem\u00e1s tiene representaci\u00f3n en la Junta Directiva, siendo D. Jos\u00e9 Miguel Cardona, socio del \u00c1rea de Consultor\u00eda \u2013 Divisi\u00f3n de Seguridad de la Informaci\u00f3n de Auren, secretario de la organizaci\u00f3n.<\/p>\n<p><strong><a href=\"https:\/\/engage.isaca.org\/madridchapter\/eventos\/audgrc\">Link del evento<\/a><\/strong><\/p>\n<p><strong><a href=\"https:\/\/us02web.zoom.us\/webinar\/register\/6416134158351\/WN_0ioCdm0-RROlfOyfnlMIuA\">Inscripciones<\/a><\/strong><\/p>\n<p><!-- AddThis Advanced Settings generic via filter on the_content --><!-- AddThis Share Buttons generic via filter on the_content --><\/p>\n","protected":false},"excerpt":{"rendered":"<p>Auren, y en concreto la Divisi\u00f3n de Seguridad de la Informaci\u00f3n, participar\u00e1 como patrocinador por cuarto a\u00f1o consecutivo, en el prestigioso Congreso de ISACA Madrid, Auditor\u00eda y GRC \u201cGestionando en [&hellip;]<\/p>\n","protected":false},"featured_media":4918,"template":"","meta":{"_acf_changed":false,"footnotes":""},"new-category":[],"class_list":["post-4917","new","type-new","status-publish","has-post-thumbnail","hentry"],"acf":[],"yoast_head":"<!-- This site is optimized with the Yoast SEO plugin v27.4 - https:\/\/yoast.com\/product\/yoast-seo-wordpress\/ -->\n<title>Auren patrocinador y moderador del IV Congreso Auditor\u00eda y GRC de ISACA Madrid. - Auren Espa\u00f1a<\/title>\n<meta name=\"robots\" content=\"index, follow, max-snippet:-1, max-image-preview:large, max-video-preview:-1\" \/>\n<link rel=\"canonical\" href=\"https:\/\/auren.com\/es\/noticias\/auren-patrocinador-y-moderador-del-iv-congreso-auditoria-y-grc-de-isaca-madrid\/\" \/>\n<meta property=\"og:locale\" content=\"es_ES\" \/>\n<meta property=\"og:type\" content=\"article\" \/>\n<meta property=\"og:title\" content=\"Auren patrocinador y moderador del IV Congreso Auditor\u00eda y GRC de ISACA Madrid. - Auren Espa\u00f1a\" \/>\n<meta property=\"og:description\" content=\"Auren, y en concreto la Divisi\u00f3n de Seguridad de la Informaci\u00f3n, participar\u00e1 como patrocinador por cuarto a\u00f1o consecutivo, en el prestigioso Congreso de ISACA Madrid, Auditor\u00eda y GRC \u201cGestionando en [&hellip;]\" \/>\n<meta property=\"og:url\" content=\"https:\/\/auren.com\/es\/noticias\/auren-patrocinador-y-moderador-del-iv-congreso-auditoria-y-grc-de-isaca-madrid\/\" \/>\n<meta property=\"og:site_name\" content=\"Auren\" \/>\n<meta property=\"og:image\" content=\"https:\/\/auren.com\/es\/wp-content\/uploads\/2021\/03\/shutterstock_1716525022-1.jpg\" \/>\n\t<meta property=\"og:image:width\" content=\"2000\" \/>\n\t<meta property=\"og:image:height\" content=\"1333\" \/>\n\t<meta property=\"og:image:type\" content=\"image\/jpeg\" \/>\n<meta name=\"twitter:card\" content=\"summary_large_image\" \/>\n<meta name=\"twitter:site\" content=\"@auren_spain\" \/>\n<meta name=\"twitter:label1\" content=\"Tiempo de lectura\" \/>\n\t<meta name=\"twitter:data1\" content=\"2 minutos\" \/>\n<script type=\"application\/ld+json\" class=\"yoast-schema-graph\">{\"@context\":\"https:\\\/\\\/schema.org\",\"@graph\":[{\"@type\":\"WebPage\",\"@id\":\"https:\\\/\\\/auren.com\\\/es\\\/noticias\\\/auren-patrocinador-y-moderador-del-iv-congreso-auditoria-y-grc-de-isaca-madrid-2\\\/\",\"url\":\"https:\\\/\\\/auren.com\\\/es\\\/noticias\\\/auren-patrocinador-y-moderador-del-iv-congreso-auditoria-y-grc-de-isaca-madrid\\\/\",\"name\":\"Auren patrocinador y moderador del IV Congreso Auditor\u00eda y GRC de ISACA Madrid. - Auren Espa\u00f1a\",\"isPartOf\":{\"@id\":\"https:\\\/\\\/auren.com\\\/es\\\/#website\"},\"primaryImageOfPage\":{\"@id\":\"https:\\\/\\\/auren.com\\\/es\\\/noticias\\\/auren-patrocinador-y-moderador-del-iv-congreso-auditoria-y-grc-de-isaca-madrid\\\/#primaryimage\"},\"image\":{\"@id\":\"https:\\\/\\\/auren.com\\\/es\\\/noticias\\\/auren-patrocinador-y-moderador-del-iv-congreso-auditoria-y-grc-de-isaca-madrid\\\/#primaryimage\"},\"thumbnailUrl\":\"https:\\\/\\\/auren.com\\\/es\\\/wp-content\\\/uploads\\\/2021\\\/03\\\/shutterstock_1716525022-1.jpg\",\"datePublished\":\"2021-03-02T10:21:50+00:00\",\"breadcrumb\":{\"@id\":\"https:\\\/\\\/auren.com\\\/es\\\/noticias\\\/auren-patrocinador-y-moderador-del-iv-congreso-auditoria-y-grc-de-isaca-madrid\\\/#breadcrumb\"},\"inLanguage\":\"es\",\"potentialAction\":[{\"@type\":\"ReadAction\",\"target\":[\"https:\\\/\\\/auren.com\\\/es\\\/noticias\\\/auren-patrocinador-y-moderador-del-iv-congreso-auditoria-y-grc-de-isaca-madrid\\\/\"]}]},{\"@type\":\"ImageObject\",\"inLanguage\":\"es\",\"@id\":\"https:\\\/\\\/auren.com\\\/es\\\/noticias\\\/auren-patrocinador-y-moderador-del-iv-congreso-auditoria-y-grc-de-isaca-madrid\\\/#primaryimage\",\"url\":\"https:\\\/\\\/auren.com\\\/es\\\/wp-content\\\/uploads\\\/2021\\\/03\\\/shutterstock_1716525022-1.jpg\",\"contentUrl\":\"https:\\\/\\\/auren.com\\\/es\\\/wp-content\\\/uploads\\\/2021\\\/03\\\/shutterstock_1716525022-1.jpg\",\"width\":2000,\"height\":1333},{\"@type\":\"BreadcrumbList\",\"@id\":\"https:\\\/\\\/auren.com\\\/es\\\/noticias\\\/auren-patrocinador-y-moderador-del-iv-congreso-auditoria-y-grc-de-isaca-madrid\\\/#breadcrumb\",\"itemListElement\":[{\"@type\":\"ListItem\",\"position\":1,\"name\":\"Portada\",\"item\":\"https:\\\/\\\/auren.com\\\/es\\\/\"},{\"@type\":\"ListItem\",\"position\":2,\"name\":\"Auren patrocinador y moderador del IV Congreso Auditor\u00eda y GRC de ISACA Madrid.\"}]},{\"@type\":\"WebSite\",\"@id\":\"https:\\\/\\\/auren.com\\\/es\\\/#website\",\"url\":\"https:\\\/\\\/auren.com\\\/es\\\/\",\"name\":\"Auren\",\"description\":\"\",\"publisher\":{\"@id\":\"https:\\\/\\\/auren.com\\\/es\\\/#organization\"},\"alternateName\":\"Auren\",\"potentialAction\":[{\"@type\":\"SearchAction\",\"target\":{\"@type\":\"EntryPoint\",\"urlTemplate\":\"https:\\\/\\\/auren.com\\\/es\\\/?s={search_term_string}\"},\"query-input\":{\"@type\":\"PropertyValueSpecification\",\"valueRequired\":true,\"valueName\":\"search_term_string\"}}],\"inLanguage\":\"es\"},{\"@type\":\"Organization\",\"@id\":\"https:\\\/\\\/auren.com\\\/es\\\/#organization\",\"name\":\"Auren\",\"alternateName\":\"Auren\",\"url\":\"https:\\\/\\\/auren.com\\\/es\\\/\",\"logo\":{\"@type\":\"ImageObject\",\"inLanguage\":\"es\",\"@id\":\"https:\\\/\\\/auren.com\\\/es\\\/#\\\/schema\\\/logo\\\/image\\\/\",\"url\":\"https:\\\/\\\/auren.com\\\/es\\\/wp-content\\\/uploads\\\/2025\\\/01\\\/cropped-cropped-favicon-Auren.png\",\"contentUrl\":\"https:\\\/\\\/auren.com\\\/es\\\/wp-content\\\/uploads\\\/2025\\\/01\\\/cropped-cropped-favicon-Auren.png\",\"width\":512,\"height\":512,\"caption\":\"Auren\"},\"image\":{\"@id\":\"https:\\\/\\\/auren.com\\\/es\\\/#\\\/schema\\\/logo\\\/image\\\/\"},\"sameAs\":[\"https:\\\/\\\/x.com\\\/auren_spain\",\"https:\\\/\\\/www.linkedin.com\\\/company\\\/aurenspainserviciosprofesionales\",\"https:\\\/\\\/www.youtube.com\\\/@AurenEsp\",\"https:\\\/\\\/www.instagram.com\\\/auren_spain\"]}]}<\/script>\n<!-- \/ Yoast SEO plugin. -->","yoast_head_json":{"title":"Auren patrocinador y moderador del IV Congreso Auditor\u00eda y GRC de ISACA Madrid. - Auren Espa\u00f1a","robots":{"index":"index","follow":"follow","max-snippet":"max-snippet:-1","max-image-preview":"max-image-preview:large","max-video-preview":"max-video-preview:-1"},"canonical":"https:\/\/auren.com\/es\/noticias\/auren-patrocinador-y-moderador-del-iv-congreso-auditoria-y-grc-de-isaca-madrid\/","og_locale":"es_ES","og_type":"article","og_title":"Auren patrocinador y moderador del IV Congreso Auditor\u00eda y GRC de ISACA Madrid. - Auren Espa\u00f1a","og_description":"Auren, y en concreto la Divisi\u00f3n de Seguridad de la Informaci\u00f3n, participar\u00e1 como patrocinador por cuarto a\u00f1o consecutivo, en el prestigioso Congreso de ISACA Madrid, Auditor\u00eda y GRC \u201cGestionando en [&hellip;]","og_url":"https:\/\/auren.com\/es\/noticias\/auren-patrocinador-y-moderador-del-iv-congreso-auditoria-y-grc-de-isaca-madrid\/","og_site_name":"Auren","og_image":[{"width":2000,"height":1333,"url":"https:\/\/auren.com\/es\/wp-content\/uploads\/2021\/03\/shutterstock_1716525022-1.jpg","type":"image\/jpeg"}],"twitter_card":"summary_large_image","twitter_site":"@auren_spain","twitter_misc":{"Tiempo de lectura":"2 minutos"},"schema":{"@context":"https:\/\/schema.org","@graph":[{"@type":"WebPage","@id":"https:\/\/auren.com\/es\/noticias\/auren-patrocinador-y-moderador-del-iv-congreso-auditoria-y-grc-de-isaca-madrid-2\/","url":"https:\/\/auren.com\/es\/noticias\/auren-patrocinador-y-moderador-del-iv-congreso-auditoria-y-grc-de-isaca-madrid\/","name":"Auren patrocinador y moderador del IV Congreso Auditor\u00eda y GRC de ISACA Madrid. - Auren Espa\u00f1a","isPartOf":{"@id":"https:\/\/auren.com\/es\/#website"},"primaryImageOfPage":{"@id":"https:\/\/auren.com\/es\/noticias\/auren-patrocinador-y-moderador-del-iv-congreso-auditoria-y-grc-de-isaca-madrid\/#primaryimage"},"image":{"@id":"https:\/\/auren.com\/es\/noticias\/auren-patrocinador-y-moderador-del-iv-congreso-auditoria-y-grc-de-isaca-madrid\/#primaryimage"},"thumbnailUrl":"https:\/\/auren.com\/es\/wp-content\/uploads\/2021\/03\/shutterstock_1716525022-1.jpg","datePublished":"2021-03-02T10:21:50+00:00","breadcrumb":{"@id":"https:\/\/auren.com\/es\/noticias\/auren-patrocinador-y-moderador-del-iv-congreso-auditoria-y-grc-de-isaca-madrid\/#breadcrumb"},"inLanguage":"es","potentialAction":[{"@type":"ReadAction","target":["https:\/\/auren.com\/es\/noticias\/auren-patrocinador-y-moderador-del-iv-congreso-auditoria-y-grc-de-isaca-madrid\/"]}]},{"@type":"ImageObject","inLanguage":"es","@id":"https:\/\/auren.com\/es\/noticias\/auren-patrocinador-y-moderador-del-iv-congreso-auditoria-y-grc-de-isaca-madrid\/#primaryimage","url":"https:\/\/auren.com\/es\/wp-content\/uploads\/2021\/03\/shutterstock_1716525022-1.jpg","contentUrl":"https:\/\/auren.com\/es\/wp-content\/uploads\/2021\/03\/shutterstock_1716525022-1.jpg","width":2000,"height":1333},{"@type":"BreadcrumbList","@id":"https:\/\/auren.com\/es\/noticias\/auren-patrocinador-y-moderador-del-iv-congreso-auditoria-y-grc-de-isaca-madrid\/#breadcrumb","itemListElement":[{"@type":"ListItem","position":1,"name":"Portada","item":"https:\/\/auren.com\/es\/"},{"@type":"ListItem","position":2,"name":"Auren patrocinador y moderador del IV Congreso Auditor\u00eda y GRC de ISACA Madrid."}]},{"@type":"WebSite","@id":"https:\/\/auren.com\/es\/#website","url":"https:\/\/auren.com\/es\/","name":"Auren","description":"","publisher":{"@id":"https:\/\/auren.com\/es\/#organization"},"alternateName":"Auren","potentialAction":[{"@type":"SearchAction","target":{"@type":"EntryPoint","urlTemplate":"https:\/\/auren.com\/es\/?s={search_term_string}"},"query-input":{"@type":"PropertyValueSpecification","valueRequired":true,"valueName":"search_term_string"}}],"inLanguage":"es"},{"@type":"Organization","@id":"https:\/\/auren.com\/es\/#organization","name":"Auren","alternateName":"Auren","url":"https:\/\/auren.com\/es\/","logo":{"@type":"ImageObject","inLanguage":"es","@id":"https:\/\/auren.com\/es\/#\/schema\/logo\/image\/","url":"https:\/\/auren.com\/es\/wp-content\/uploads\/2025\/01\/cropped-cropped-favicon-Auren.png","contentUrl":"https:\/\/auren.com\/es\/wp-content\/uploads\/2025\/01\/cropped-cropped-favicon-Auren.png","width":512,"height":512,"caption":"Auren"},"image":{"@id":"https:\/\/auren.com\/es\/#\/schema\/logo\/image\/"},"sameAs":["https:\/\/x.com\/auren_spain","https:\/\/www.linkedin.com\/company\/aurenspainserviciosprofesionales","https:\/\/www.youtube.com\/@AurenEsp","https:\/\/www.instagram.com\/auren_spain"]}]}},"_links":{"self":[{"href":"https:\/\/auren.com\/es\/wp-json\/wp\/v2\/new\/4917","targetHints":{"allow":["GET"]}}],"collection":[{"href":"https:\/\/auren.com\/es\/wp-json\/wp\/v2\/new"}],"about":[{"href":"https:\/\/auren.com\/es\/wp-json\/wp\/v2\/types\/new"}],"version-history":[{"count":0,"href":"https:\/\/auren.com\/es\/wp-json\/wp\/v2\/new\/4917\/revisions"}],"wp:featuredmedia":[{"embeddable":true,"href":"https:\/\/auren.com\/es\/wp-json\/wp\/v2\/media\/4918"}],"wp:attachment":[{"href":"https:\/\/auren.com\/es\/wp-json\/wp\/v2\/media?parent=4917"}],"wp:term":[{"taxonomy":"new-category","embeddable":true,"href":"https:\/\/auren.com\/es\/wp-json\/wp\/v2\/new-category?post=4917"}],"curies":[{"name":"wp","href":"https:\/\/api.w.org\/{rel}","templated":true}]}}