{"id":4932,"date":"2021-02-17T10:14:13","date_gmt":"2021-02-17T09:14:13","guid":{"rendered":"https:\/\/auren.com\/es\/new\/auren-refuerza-el-area-de-consultoria-con-la-integracion-de-dos-nuevos-socios-2\/"},"modified":"2021-02-17T10:14:13","modified_gmt":"2021-02-17T09:14:13","slug":"auren-refuerza-el-area-de-consultoria-con-la-integracion-de-dos-nuevos-socios-2","status":"publish","type":"new","link":"https:\/\/auren.com\/es\/noticias\/auren-refuerza-el-area-de-consultoria-con-la-integracion-de-dos-nuevos-socios-2\/","title":{"rendered":"Auren refuerza el \u00e1rea de consultor\u00eda con la integraci\u00f3n de dos nuevos socios"},"content":{"rendered":"<p>Auren, firme en su estrategia de reforzar su \u00e1rea de consultor\u00eda, ha incorporado en calidad de socios a Arancha Roca y \u00c1lvaro Jim\u00e9nez, que se unir\u00e1n a la oficina de Sevilla, desde donde dar\u00e1n apoyo a toda la firma de servicios profesionales.<\/p>\n<p>Arancha Roca es Licenciada en Psicolog\u00eda por la Universidad de Sevilla y Diplomada en Alta Direcci\u00f3n y M\u00e1ster Universitario en Gerontolog\u00eda Social. Con m\u00e1s de 23 a\u00f1os de carrera profesional, est\u00e1 especializada en nuevos modelos de gesti\u00f3n de personas, consultor\u00eda de organizaci\u00f3n, transformaci\u00f3n digital e innovaci\u00f3n. Colabora con diferentes Universidades impartiendo clases de aspectos relacionados con los Recursos Humanos. Ha ejercicio cargos directivos en empresas como Dopp Consultores y Gesti\u00f3nitas.<\/p>\n<p>Por su parte, \u00c1lvaro Jim\u00e9nez es Ingeniero Superior en Inform\u00e1tica por la Universidad de Granada y Programa de Desarrollo Directivo por IESE. Ha ocupado puestos ejecutivos, siempre ligados a la direcci\u00f3n y ejecuci\u00f3n de proyectos de estrategias de transformaci\u00f3n corporativa, innovaci\u00f3n, transformaci\u00f3n digital y desarrollo de negocio. Ha participado en multitud de proyectos de consultor\u00eda para pymes, gobiernos auton\u00f3micos y entidades locales, tanto en Espa\u00f1a, como en diversos pa\u00edses de Latinoam\u00e9rica. Fue gerente del sector p\u00fablico en multinacionales como Abengoa o Everis y compagina su labor profesional con la docente como profesor y mentor de emprendedores en la Escuela de Organizaci\u00f3n Industrial (EOI).<\/p>\n<p>Ambos provienen de la firma de consultor\u00eda Smy City, especializada en transformaci\u00f3n corporativa, desarrollo de personas, innovaci\u00f3n y tecnolog\u00eda.<\/p>\n<p>Las dos incorporaciones reforzar\u00e1n, especialmente, las \u00e1reas de consultor\u00eda en tecnolog\u00eda e innovaci\u00f3n y la de consultor\u00eda en RR.HH.<\/p>\n<p><!-- AddThis Advanced Settings generic via filter on the_content --><!-- AddThis Share Buttons generic via filter on the_content --><\/p>\n","protected":false},"excerpt":{"rendered":"<p>Auren, firme en su estrategia de reforzar su \u00e1rea de consultor\u00eda, ha incorporado en calidad de socios a Arancha Roca y \u00c1lvaro Jim\u00e9nez, que se unir\u00e1n a la oficina de [&hellip;]<\/p>\n","protected":false},"featured_media":4933,"template":"","meta":{"_acf_changed":false,"footnotes":""},"new-category":[],"class_list":["post-4932","new","type-new","status-publish","has-post-thumbnail","hentry"],"acf":[],"yoast_head":"<!-- This site is optimized with the Yoast SEO plugin v27.4 - https:\/\/yoast.com\/product\/yoast-seo-wordpress\/ -->\n<title>Auren refuerza el \u00e1rea de consultor\u00eda con la integraci\u00f3n de dos nuevos socios - Auren Espa\u00f1a<\/title>\n<meta name=\"robots\" content=\"index, follow, max-snippet:-1, max-image-preview:large, max-video-preview:-1\" \/>\n<link rel=\"canonical\" href=\"https:\/\/auren.com\/es\/noticias\/auren-refuerza-el-area-de-consultoria-con-la-integracion-de-dos-nuevos-socios\/\" \/>\n<meta property=\"og:locale\" content=\"es_ES\" \/>\n<meta property=\"og:type\" content=\"article\" \/>\n<meta property=\"og:title\" content=\"Auren refuerza el \u00e1rea de consultor\u00eda con la integraci\u00f3n de dos nuevos socios - Auren Espa\u00f1a\" \/>\n<meta property=\"og:description\" content=\"Auren, firme en su estrategia de reforzar su \u00e1rea de consultor\u00eda, ha incorporado en calidad de socios a Arancha Roca y \u00c1lvaro Jim\u00e9nez, que se unir\u00e1n a la oficina de [&hellip;]\" \/>\n<meta property=\"og:url\" content=\"https:\/\/auren.com\/es\/noticias\/auren-refuerza-el-area-de-consultoria-con-la-integracion-de-dos-nuevos-socios\/\" \/>\n<meta property=\"og:site_name\" content=\"Auren\" \/>\n<meta property=\"og:image\" content=\"https:\/\/auren.com\/es\/wp-content\/uploads\/2021\/02\/Alvaro-y-Arancha-2-scaled-2.jpg\" \/>\n\t<meta property=\"og:image:width\" content=\"2560\" \/>\n\t<meta property=\"og:image:height\" content=\"1714\" \/>\n\t<meta property=\"og:image:type\" content=\"image\/jpeg\" \/>\n<meta name=\"twitter:card\" content=\"summary_large_image\" \/>\n<meta name=\"twitter:site\" content=\"@auren_spain\" \/>\n<meta name=\"twitter:label1\" content=\"Tiempo de lectura\" \/>\n\t<meta name=\"twitter:data1\" content=\"1 minuto\" \/>\n<script type=\"application\/ld+json\" class=\"yoast-schema-graph\">{\"@context\":\"https:\\\/\\\/schema.org\",\"@graph\":[{\"@type\":\"WebPage\",\"@id\":\"https:\\\/\\\/auren.com\\\/es\\\/noticias\\\/auren-refuerza-el-area-de-consultoria-con-la-integracion-de-dos-nuevos-socios-2\\\/\",\"url\":\"https:\\\/\\\/auren.com\\\/es\\\/noticias\\\/auren-refuerza-el-area-de-consultoria-con-la-integracion-de-dos-nuevos-socios\\\/\",\"name\":\"Auren refuerza el \u00e1rea de consultor\u00eda con la integraci\u00f3n de dos nuevos socios - Auren Espa\u00f1a\",\"isPartOf\":{\"@id\":\"https:\\\/\\\/auren.com\\\/es\\\/#website\"},\"primaryImageOfPage\":{\"@id\":\"https:\\\/\\\/auren.com\\\/es\\\/noticias\\\/auren-refuerza-el-area-de-consultoria-con-la-integracion-de-dos-nuevos-socios\\\/#primaryimage\"},\"image\":{\"@id\":\"https:\\\/\\\/auren.com\\\/es\\\/noticias\\\/auren-refuerza-el-area-de-consultoria-con-la-integracion-de-dos-nuevos-socios\\\/#primaryimage\"},\"thumbnailUrl\":\"https:\\\/\\\/auren.com\\\/es\\\/wp-content\\\/uploads\\\/2021\\\/02\\\/Alvaro-y-Arancha-2-scaled-2.jpg\",\"datePublished\":\"2021-02-17T09:14:13+00:00\",\"breadcrumb\":{\"@id\":\"https:\\\/\\\/auren.com\\\/es\\\/noticias\\\/auren-refuerza-el-area-de-consultoria-con-la-integracion-de-dos-nuevos-socios\\\/#breadcrumb\"},\"inLanguage\":\"es\",\"potentialAction\":[{\"@type\":\"ReadAction\",\"target\":[\"https:\\\/\\\/auren.com\\\/es\\\/noticias\\\/auren-refuerza-el-area-de-consultoria-con-la-integracion-de-dos-nuevos-socios\\\/\"]}]},{\"@type\":\"ImageObject\",\"inLanguage\":\"es\",\"@id\":\"https:\\\/\\\/auren.com\\\/es\\\/noticias\\\/auren-refuerza-el-area-de-consultoria-con-la-integracion-de-dos-nuevos-socios\\\/#primaryimage\",\"url\":\"https:\\\/\\\/auren.com\\\/es\\\/wp-content\\\/uploads\\\/2021\\\/02\\\/Alvaro-y-Arancha-2-scaled-2.jpg\",\"contentUrl\":\"https:\\\/\\\/auren.com\\\/es\\\/wp-content\\\/uploads\\\/2021\\\/02\\\/Alvaro-y-Arancha-2-scaled-2.jpg\",\"width\":2560,\"height\":1714},{\"@type\":\"BreadcrumbList\",\"@id\":\"https:\\\/\\\/auren.com\\\/es\\\/noticias\\\/auren-refuerza-el-area-de-consultoria-con-la-integracion-de-dos-nuevos-socios\\\/#breadcrumb\",\"itemListElement\":[{\"@type\":\"ListItem\",\"position\":1,\"name\":\"Portada\",\"item\":\"https:\\\/\\\/auren.com\\\/es\\\/\"},{\"@type\":\"ListItem\",\"position\":2,\"name\":\"Auren refuerza el \u00e1rea de consultor\u00eda con la integraci\u00f3n de dos nuevos socios\"}]},{\"@type\":\"WebSite\",\"@id\":\"https:\\\/\\\/auren.com\\\/es\\\/#website\",\"url\":\"https:\\\/\\\/auren.com\\\/es\\\/\",\"name\":\"Auren\",\"description\":\"\",\"publisher\":{\"@id\":\"https:\\\/\\\/auren.com\\\/es\\\/#organization\"},\"alternateName\":\"Auren\",\"potentialAction\":[{\"@type\":\"SearchAction\",\"target\":{\"@type\":\"EntryPoint\",\"urlTemplate\":\"https:\\\/\\\/auren.com\\\/es\\\/?s={search_term_string}\"},\"query-input\":{\"@type\":\"PropertyValueSpecification\",\"valueRequired\":true,\"valueName\":\"search_term_string\"}}],\"inLanguage\":\"es\"},{\"@type\":\"Organization\",\"@id\":\"https:\\\/\\\/auren.com\\\/es\\\/#organization\",\"name\":\"Auren\",\"alternateName\":\"Auren\",\"url\":\"https:\\\/\\\/auren.com\\\/es\\\/\",\"logo\":{\"@type\":\"ImageObject\",\"inLanguage\":\"es\",\"@id\":\"https:\\\/\\\/auren.com\\\/es\\\/#\\\/schema\\\/logo\\\/image\\\/\",\"url\":\"https:\\\/\\\/auren.com\\\/es\\\/wp-content\\\/uploads\\\/2025\\\/01\\\/cropped-cropped-favicon-Auren.png\",\"contentUrl\":\"https:\\\/\\\/auren.com\\\/es\\\/wp-content\\\/uploads\\\/2025\\\/01\\\/cropped-cropped-favicon-Auren.png\",\"width\":512,\"height\":512,\"caption\":\"Auren\"},\"image\":{\"@id\":\"https:\\\/\\\/auren.com\\\/es\\\/#\\\/schema\\\/logo\\\/image\\\/\"},\"sameAs\":[\"https:\\\/\\\/x.com\\\/auren_spain\",\"https:\\\/\\\/www.linkedin.com\\\/company\\\/aurenspainserviciosprofesionales\",\"https:\\\/\\\/www.youtube.com\\\/@AurenEsp\",\"https:\\\/\\\/www.instagram.com\\\/auren_spain\"]}]}<\/script>\n<!-- \/ Yoast SEO plugin. -->","yoast_head_json":{"title":"Auren refuerza el \u00e1rea de consultor\u00eda con la integraci\u00f3n de dos nuevos socios - Auren Espa\u00f1a","robots":{"index":"index","follow":"follow","max-snippet":"max-snippet:-1","max-image-preview":"max-image-preview:large","max-video-preview":"max-video-preview:-1"},"canonical":"https:\/\/auren.com\/es\/noticias\/auren-refuerza-el-area-de-consultoria-con-la-integracion-de-dos-nuevos-socios\/","og_locale":"es_ES","og_type":"article","og_title":"Auren refuerza el \u00e1rea de consultor\u00eda con la integraci\u00f3n de dos nuevos socios - Auren Espa\u00f1a","og_description":"Auren, firme en su estrategia de reforzar su \u00e1rea de consultor\u00eda, ha incorporado en calidad de socios a Arancha Roca y \u00c1lvaro Jim\u00e9nez, que se unir\u00e1n a la oficina de [&hellip;]","og_url":"https:\/\/auren.com\/es\/noticias\/auren-refuerza-el-area-de-consultoria-con-la-integracion-de-dos-nuevos-socios\/","og_site_name":"Auren","og_image":[{"width":2560,"height":1714,"url":"https:\/\/auren.com\/es\/wp-content\/uploads\/2021\/02\/Alvaro-y-Arancha-2-scaled-2.jpg","type":"image\/jpeg"}],"twitter_card":"summary_large_image","twitter_site":"@auren_spain","twitter_misc":{"Tiempo de lectura":"1 minuto"},"schema":{"@context":"https:\/\/schema.org","@graph":[{"@type":"WebPage","@id":"https:\/\/auren.com\/es\/noticias\/auren-refuerza-el-area-de-consultoria-con-la-integracion-de-dos-nuevos-socios-2\/","url":"https:\/\/auren.com\/es\/noticias\/auren-refuerza-el-area-de-consultoria-con-la-integracion-de-dos-nuevos-socios\/","name":"Auren refuerza el \u00e1rea de consultor\u00eda con la integraci\u00f3n de dos nuevos socios - Auren Espa\u00f1a","isPartOf":{"@id":"https:\/\/auren.com\/es\/#website"},"primaryImageOfPage":{"@id":"https:\/\/auren.com\/es\/noticias\/auren-refuerza-el-area-de-consultoria-con-la-integracion-de-dos-nuevos-socios\/#primaryimage"},"image":{"@id":"https:\/\/auren.com\/es\/noticias\/auren-refuerza-el-area-de-consultoria-con-la-integracion-de-dos-nuevos-socios\/#primaryimage"},"thumbnailUrl":"https:\/\/auren.com\/es\/wp-content\/uploads\/2021\/02\/Alvaro-y-Arancha-2-scaled-2.jpg","datePublished":"2021-02-17T09:14:13+00:00","breadcrumb":{"@id":"https:\/\/auren.com\/es\/noticias\/auren-refuerza-el-area-de-consultoria-con-la-integracion-de-dos-nuevos-socios\/#breadcrumb"},"inLanguage":"es","potentialAction":[{"@type":"ReadAction","target":["https:\/\/auren.com\/es\/noticias\/auren-refuerza-el-area-de-consultoria-con-la-integracion-de-dos-nuevos-socios\/"]}]},{"@type":"ImageObject","inLanguage":"es","@id":"https:\/\/auren.com\/es\/noticias\/auren-refuerza-el-area-de-consultoria-con-la-integracion-de-dos-nuevos-socios\/#primaryimage","url":"https:\/\/auren.com\/es\/wp-content\/uploads\/2021\/02\/Alvaro-y-Arancha-2-scaled-2.jpg","contentUrl":"https:\/\/auren.com\/es\/wp-content\/uploads\/2021\/02\/Alvaro-y-Arancha-2-scaled-2.jpg","width":2560,"height":1714},{"@type":"BreadcrumbList","@id":"https:\/\/auren.com\/es\/noticias\/auren-refuerza-el-area-de-consultoria-con-la-integracion-de-dos-nuevos-socios\/#breadcrumb","itemListElement":[{"@type":"ListItem","position":1,"name":"Portada","item":"https:\/\/auren.com\/es\/"},{"@type":"ListItem","position":2,"name":"Auren refuerza el \u00e1rea de consultor\u00eda con la integraci\u00f3n de dos nuevos socios"}]},{"@type":"WebSite","@id":"https:\/\/auren.com\/es\/#website","url":"https:\/\/auren.com\/es\/","name":"Auren","description":"","publisher":{"@id":"https:\/\/auren.com\/es\/#organization"},"alternateName":"Auren","potentialAction":[{"@type":"SearchAction","target":{"@type":"EntryPoint","urlTemplate":"https:\/\/auren.com\/es\/?s={search_term_string}"},"query-input":{"@type":"PropertyValueSpecification","valueRequired":true,"valueName":"search_term_string"}}],"inLanguage":"es"},{"@type":"Organization","@id":"https:\/\/auren.com\/es\/#organization","name":"Auren","alternateName":"Auren","url":"https:\/\/auren.com\/es\/","logo":{"@type":"ImageObject","inLanguage":"es","@id":"https:\/\/auren.com\/es\/#\/schema\/logo\/image\/","url":"https:\/\/auren.com\/es\/wp-content\/uploads\/2025\/01\/cropped-cropped-favicon-Auren.png","contentUrl":"https:\/\/auren.com\/es\/wp-content\/uploads\/2025\/01\/cropped-cropped-favicon-Auren.png","width":512,"height":512,"caption":"Auren"},"image":{"@id":"https:\/\/auren.com\/es\/#\/schema\/logo\/image\/"},"sameAs":["https:\/\/x.com\/auren_spain","https:\/\/www.linkedin.com\/company\/aurenspainserviciosprofesionales","https:\/\/www.youtube.com\/@AurenEsp","https:\/\/www.instagram.com\/auren_spain"]}]}},"_links":{"self":[{"href":"https:\/\/auren.com\/es\/wp-json\/wp\/v2\/new\/4932","targetHints":{"allow":["GET"]}}],"collection":[{"href":"https:\/\/auren.com\/es\/wp-json\/wp\/v2\/new"}],"about":[{"href":"https:\/\/auren.com\/es\/wp-json\/wp\/v2\/types\/new"}],"version-history":[{"count":0,"href":"https:\/\/auren.com\/es\/wp-json\/wp\/v2\/new\/4932\/revisions"}],"wp:featuredmedia":[{"embeddable":true,"href":"https:\/\/auren.com\/es\/wp-json\/wp\/v2\/media\/4933"}],"wp:attachment":[{"href":"https:\/\/auren.com\/es\/wp-json\/wp\/v2\/media?parent=4932"}],"wp:term":[{"taxonomy":"new-category","embeddable":true,"href":"https:\/\/auren.com\/es\/wp-json\/wp\/v2\/new-category?post=4932"}],"curies":[{"name":"wp","href":"https:\/\/api.w.org\/{rel}","templated":true}]}}