{"id":5218,"date":"2020-02-14T08:56:52","date_gmt":"2020-02-14T07:56:52","guid":{"rendered":"https:\/\/auren.com\/es\/new\/auren-formara-a-los-directivos-de-hoteles-de-la-aedh-para-mejorar-la-gestion-del-sector\/"},"modified":"2020-02-14T08:56:52","modified_gmt":"2020-02-14T07:56:52","slug":"auren-formara-a-los-directivos-de-hoteles-de-la-aedh-para-mejorar-la-gestion-del-sector","status":"publish","type":"new","link":"https:\/\/auren.com\/es\/noticias\/auren-formara-a-los-directivos-de-hoteles-de-la-aedh-para-mejorar-la-gestion-del-sector\/","title":{"rendered":"Auren formar\u00e1 a los directivos de hoteles de la AEDH para mejorar la gesti\u00f3n del sector"},"content":{"rendered":"<p>Auren formar\u00e1 a los directivos de hoteles y asociados de la <a rel=\"noreferrer noopener\" aria-label=\"Asociaci\u00f3n Espa\u00f1ola de Directores de Hotel (se abre en una nueva pesta\u00f1a)\" href=\"https:\/\/www.aedh.es\/\" target=\"_blank\">Asociaci\u00f3n Espa\u00f1ola de Directores de Hotel<\/a> (AEDH) para ampliar conocimientos y mejorar la gesti\u00f3n hotelera del sector. De esta forma, la firma de servicios profesionales ofrecer\u00e1 a los asociados de AEDH formaci\u00f3n y asesoramiento en las diferentes \u00e1reas en las que Auren da servicio, como son las de <a rel=\"noreferrer noopener\" aria-label=\"consultor\u00eda (se abre en una nueva pesta\u00f1a)\" href=\"https:\/\/auren.com\/es\/servicios\/consultoria\/\" target=\"_blank\">consultor\u00eda<\/a>, <a href=\"https:\/\/auren.com\/es\/servicios\/abogados-y-asesores-fiscales\/\" target=\"_blank\" rel=\"noreferrer noopener\" aria-label=\"asesoramiento legal y financiero (se abre en una nueva pesta\u00f1a)\">asesoramiento legal y financiero<\/a>, <a rel=\"noreferrer noopener\" aria-label=\"auditor\u00eda (se abre en una nueva pesta\u00f1a)\" href=\"https:\/\/auren.com\/es\/servicios\/auditoria-y-assurance\/\" target=\"_blank\">auditor\u00eda<\/a> y <a href=\"https:\/\/auren.com\/es\/servicios\/corporate\/\" target=\"_blank\" rel=\"noreferrer noopener\" aria-label=\"corporate  (se abre en una nueva pesta\u00f1a)\"><em>corporate<\/em> <\/a>(operaciones corporativas). <\/p>\n<p>Uno de los puntos fuertes en los que Auren formar\u00e1 a los<br \/>\ndirectivos ser\u00e1 en el \u00e1rea de consultor\u00eda de Recursos Humanos. Selecci\u00f3n de<br \/>\npersonal, coaching y mentoring o la detecci\u00f3n del talento dentro de la propia<br \/>\nempresa, son algunos de los temas que se tratar\u00e1n.<\/p>\n<p>El <em>expertise <\/em>de Auren en el asesoramiento legal tambi\u00e9n<br \/>\nser\u00e1 clave para la actualizaci\u00f3n de novedades legislativas que sean de<br \/>\naplicaci\u00f3n para el sector hotelero, as\u00ed como para su colectivo profesional.<\/p>\n<p>El acuerdo entre ambas empresas establece tambi\u00e9n la colaboraci\u00f3n<br \/>\ny participaci\u00f3n en eventos y acciones conjuntas.<\/p>\n<p><!-- AddThis Advanced Settings generic via filter on the_content --><!-- AddThis Share Buttons generic via filter on the_content --><\/p>\n","protected":false},"excerpt":{"rendered":"<p>Auren formar\u00e1 a los directivos de hoteles y asociados de la Asociaci\u00f3n Espa\u00f1ola de Directores de Hotel (AEDH) para ampliar conocimientos y mejorar la gesti\u00f3n hotelera del sector. De esta forma, la firma de servicios profesionales ofrecer\u00e1 a los asociados de AEDH formaci\u00f3n y asesoramiento en las diferentes \u00e1reas en las que Auren da servicio, como son las de consultor\u00eda, asesoramiento legal y financiero, auditor\u00eda y corporate (operaciones corporativas). <\/p>\n","protected":false},"featured_media":5219,"template":"","meta":{"_acf_changed":false,"footnotes":""},"new-category":[],"class_list":["post-5218","new","type-new","status-publish","has-post-thumbnail","hentry"],"acf":[],"yoast_head":"<!-- This site is optimized with the Yoast SEO plugin v27.4 - https:\/\/yoast.com\/product\/yoast-seo-wordpress\/ -->\n<title>Auren formar\u00e1 a los directivos de hoteles de la AEDH para mejorar la gesti\u00f3n del sector - Auren Espa\u00f1a<\/title>\n<meta name=\"description\" content=\"Auren formar\u00e1 a los directivos de hoteles y asociados de la Asociaci\u00f3n Espa\u00f1ola de Directores de Hotel (AEDH) para ampliar conocimientos y mejorar la gesti\u00f3n hotelera del sector.\" \/>\n<meta name=\"robots\" content=\"index, follow, max-snippet:-1, max-image-preview:large, max-video-preview:-1\" \/>\n<link rel=\"canonical\" href=\"https:\/\/auren.com\/es\/noticias\/auren-formara-a-los-directivos-de-hoteles-de-la-aedh-para-mejorar-la-gestion-del-sector\/\" \/>\n<meta property=\"og:locale\" content=\"es_ES\" \/>\n<meta property=\"og:type\" content=\"article\" \/>\n<meta property=\"og:title\" content=\"Auren formar\u00e1 a los directivos de hoteles de la AEDH para mejorar la gesti\u00f3n del sector - Auren Espa\u00f1a\" \/>\n<meta property=\"og:description\" content=\"Auren formar\u00e1 a los directivos de hoteles y asociados de la Asociaci\u00f3n Espa\u00f1ola de Directores de Hotel (AEDH) para ampliar conocimientos y mejorar la gesti\u00f3n hotelera del sector.\" \/>\n<meta property=\"og:url\" content=\"https:\/\/auren.com\/es\/noticias\/auren-formara-a-los-directivos-de-hoteles-de-la-aedh-para-mejorar-la-gestion-del-sector\/\" \/>\n<meta property=\"og:site_name\" content=\"Auren\" \/>\n<meta property=\"og:image\" content=\"https:\/\/auren.com\/es\/wp-content\/uploads\/2020\/02\/subri-scaled-1.jpg\" \/>\n\t<meta property=\"og:image:width\" content=\"2560\" \/>\n\t<meta property=\"og:image:height\" content=\"1707\" \/>\n\t<meta property=\"og:image:type\" content=\"image\/jpeg\" \/>\n<meta name=\"twitter:card\" content=\"summary_large_image\" \/>\n<meta name=\"twitter:site\" content=\"@auren_spain\" \/>\n<meta name=\"twitter:label1\" content=\"Tiempo de lectura\" \/>\n\t<meta name=\"twitter:data1\" content=\"1 minuto\" \/>\n<script type=\"application\/ld+json\" class=\"yoast-schema-graph\">{\"@context\":\"https:\\\/\\\/schema.org\",\"@graph\":[{\"@type\":\"WebPage\",\"@id\":\"https:\\\/\\\/auren.com\\\/es\\\/noticias\\\/auren-formara-a-los-directivos-de-hoteles-de-la-aedh-para-mejorar-la-gestion-del-sector\\\/\",\"url\":\"https:\\\/\\\/auren.com\\\/es\\\/noticias\\\/auren-formara-a-los-directivos-de-hoteles-de-la-aedh-para-mejorar-la-gestion-del-sector\\\/\",\"name\":\"Auren formar\u00e1 a los directivos de hoteles de la AEDH para mejorar la gesti\u00f3n del sector - Auren Espa\u00f1a\",\"isPartOf\":{\"@id\":\"https:\\\/\\\/auren.com\\\/es\\\/#website\"},\"primaryImageOfPage\":{\"@id\":\"https:\\\/\\\/auren.com\\\/es\\\/noticias\\\/auren-formara-a-los-directivos-de-hoteles-de-la-aedh-para-mejorar-la-gestion-del-sector\\\/#primaryimage\"},\"image\":{\"@id\":\"https:\\\/\\\/auren.com\\\/es\\\/noticias\\\/auren-formara-a-los-directivos-de-hoteles-de-la-aedh-para-mejorar-la-gestion-del-sector\\\/#primaryimage\"},\"thumbnailUrl\":\"https:\\\/\\\/auren.com\\\/es\\\/wp-content\\\/uploads\\\/2020\\\/02\\\/subri-scaled-1.jpg\",\"datePublished\":\"2020-02-14T07:56:52+00:00\",\"description\":\"Auren formar\u00e1 a los directivos de hoteles y asociados de la Asociaci\u00f3n Espa\u00f1ola de Directores de Hotel (AEDH) para ampliar conocimientos y mejorar la gesti\u00f3n hotelera del sector.\",\"breadcrumb\":{\"@id\":\"https:\\\/\\\/auren.com\\\/es\\\/noticias\\\/auren-formara-a-los-directivos-de-hoteles-de-la-aedh-para-mejorar-la-gestion-del-sector\\\/#breadcrumb\"},\"inLanguage\":\"es\",\"potentialAction\":[{\"@type\":\"ReadAction\",\"target\":[\"https:\\\/\\\/auren.com\\\/es\\\/noticias\\\/auren-formara-a-los-directivos-de-hoteles-de-la-aedh-para-mejorar-la-gestion-del-sector\\\/\"]}]},{\"@type\":\"ImageObject\",\"inLanguage\":\"es\",\"@id\":\"https:\\\/\\\/auren.com\\\/es\\\/noticias\\\/auren-formara-a-los-directivos-de-hoteles-de-la-aedh-para-mejorar-la-gestion-del-sector\\\/#primaryimage\",\"url\":\"https:\\\/\\\/auren.com\\\/es\\\/wp-content\\\/uploads\\\/2020\\\/02\\\/subri-scaled-1.jpg\",\"contentUrl\":\"https:\\\/\\\/auren.com\\\/es\\\/wp-content\\\/uploads\\\/2020\\\/02\\\/subri-scaled-1.jpg\",\"width\":2560,\"height\":1707},{\"@type\":\"BreadcrumbList\",\"@id\":\"https:\\\/\\\/auren.com\\\/es\\\/noticias\\\/auren-formara-a-los-directivos-de-hoteles-de-la-aedh-para-mejorar-la-gestion-del-sector\\\/#breadcrumb\",\"itemListElement\":[{\"@type\":\"ListItem\",\"position\":1,\"name\":\"Portada\",\"item\":\"https:\\\/\\\/auren.com\\\/es\\\/\"},{\"@type\":\"ListItem\",\"position\":2,\"name\":\"Auren formar\u00e1 a los directivos de hoteles de la AEDH para mejorar la gesti\u00f3n del sector\"}]},{\"@type\":\"WebSite\",\"@id\":\"https:\\\/\\\/auren.com\\\/es\\\/#website\",\"url\":\"https:\\\/\\\/auren.com\\\/es\\\/\",\"name\":\"Auren\",\"description\":\"\",\"publisher\":{\"@id\":\"https:\\\/\\\/auren.com\\\/es\\\/#organization\"},\"alternateName\":\"Auren\",\"potentialAction\":[{\"@type\":\"SearchAction\",\"target\":{\"@type\":\"EntryPoint\",\"urlTemplate\":\"https:\\\/\\\/auren.com\\\/es\\\/?s={search_term_string}\"},\"query-input\":{\"@type\":\"PropertyValueSpecification\",\"valueRequired\":true,\"valueName\":\"search_term_string\"}}],\"inLanguage\":\"es\"},{\"@type\":\"Organization\",\"@id\":\"https:\\\/\\\/auren.com\\\/es\\\/#organization\",\"name\":\"Auren\",\"alternateName\":\"Auren\",\"url\":\"https:\\\/\\\/auren.com\\\/es\\\/\",\"logo\":{\"@type\":\"ImageObject\",\"inLanguage\":\"es\",\"@id\":\"https:\\\/\\\/auren.com\\\/es\\\/#\\\/schema\\\/logo\\\/image\\\/\",\"url\":\"https:\\\/\\\/auren.com\\\/es\\\/wp-content\\\/uploads\\\/2025\\\/01\\\/cropped-cropped-favicon-Auren.png\",\"contentUrl\":\"https:\\\/\\\/auren.com\\\/es\\\/wp-content\\\/uploads\\\/2025\\\/01\\\/cropped-cropped-favicon-Auren.png\",\"width\":512,\"height\":512,\"caption\":\"Auren\"},\"image\":{\"@id\":\"https:\\\/\\\/auren.com\\\/es\\\/#\\\/schema\\\/logo\\\/image\\\/\"},\"sameAs\":[\"https:\\\/\\\/x.com\\\/auren_spain\",\"https:\\\/\\\/www.linkedin.com\\\/company\\\/aurenspainserviciosprofesionales\",\"https:\\\/\\\/www.youtube.com\\\/@AurenEsp\",\"https:\\\/\\\/www.instagram.com\\\/auren_spain\"]}]}<\/script>\n<!-- \/ Yoast SEO plugin. -->","yoast_head_json":{"title":"Auren formar\u00e1 a los directivos de hoteles de la AEDH para mejorar la gesti\u00f3n del sector - Auren Espa\u00f1a","description":"Auren formar\u00e1 a los directivos de hoteles y asociados de la Asociaci\u00f3n Espa\u00f1ola de Directores de Hotel (AEDH) para ampliar conocimientos y mejorar la gesti\u00f3n hotelera del sector.","robots":{"index":"index","follow":"follow","max-snippet":"max-snippet:-1","max-image-preview":"max-image-preview:large","max-video-preview":"max-video-preview:-1"},"canonical":"https:\/\/auren.com\/es\/noticias\/auren-formara-a-los-directivos-de-hoteles-de-la-aedh-para-mejorar-la-gestion-del-sector\/","og_locale":"es_ES","og_type":"article","og_title":"Auren formar\u00e1 a los directivos de hoteles de la AEDH para mejorar la gesti\u00f3n del sector - Auren Espa\u00f1a","og_description":"Auren formar\u00e1 a los directivos de hoteles y asociados de la Asociaci\u00f3n Espa\u00f1ola de Directores de Hotel (AEDH) para ampliar conocimientos y mejorar la gesti\u00f3n hotelera del sector.","og_url":"https:\/\/auren.com\/es\/noticias\/auren-formara-a-los-directivos-de-hoteles-de-la-aedh-para-mejorar-la-gestion-del-sector\/","og_site_name":"Auren","og_image":[{"width":2560,"height":1707,"url":"https:\/\/auren.com\/es\/wp-content\/uploads\/2020\/02\/subri-scaled-1.jpg","type":"image\/jpeg"}],"twitter_card":"summary_large_image","twitter_site":"@auren_spain","twitter_misc":{"Tiempo de lectura":"1 minuto"},"schema":{"@context":"https:\/\/schema.org","@graph":[{"@type":"WebPage","@id":"https:\/\/auren.com\/es\/noticias\/auren-formara-a-los-directivos-de-hoteles-de-la-aedh-para-mejorar-la-gestion-del-sector\/","url":"https:\/\/auren.com\/es\/noticias\/auren-formara-a-los-directivos-de-hoteles-de-la-aedh-para-mejorar-la-gestion-del-sector\/","name":"Auren formar\u00e1 a los directivos de hoteles de la AEDH para mejorar la gesti\u00f3n del sector - Auren Espa\u00f1a","isPartOf":{"@id":"https:\/\/auren.com\/es\/#website"},"primaryImageOfPage":{"@id":"https:\/\/auren.com\/es\/noticias\/auren-formara-a-los-directivos-de-hoteles-de-la-aedh-para-mejorar-la-gestion-del-sector\/#primaryimage"},"image":{"@id":"https:\/\/auren.com\/es\/noticias\/auren-formara-a-los-directivos-de-hoteles-de-la-aedh-para-mejorar-la-gestion-del-sector\/#primaryimage"},"thumbnailUrl":"https:\/\/auren.com\/es\/wp-content\/uploads\/2020\/02\/subri-scaled-1.jpg","datePublished":"2020-02-14T07:56:52+00:00","description":"Auren formar\u00e1 a los directivos de hoteles y asociados de la Asociaci\u00f3n Espa\u00f1ola de Directores de Hotel (AEDH) para ampliar conocimientos y mejorar la gesti\u00f3n hotelera del sector.","breadcrumb":{"@id":"https:\/\/auren.com\/es\/noticias\/auren-formara-a-los-directivos-de-hoteles-de-la-aedh-para-mejorar-la-gestion-del-sector\/#breadcrumb"},"inLanguage":"es","potentialAction":[{"@type":"ReadAction","target":["https:\/\/auren.com\/es\/noticias\/auren-formara-a-los-directivos-de-hoteles-de-la-aedh-para-mejorar-la-gestion-del-sector\/"]}]},{"@type":"ImageObject","inLanguage":"es","@id":"https:\/\/auren.com\/es\/noticias\/auren-formara-a-los-directivos-de-hoteles-de-la-aedh-para-mejorar-la-gestion-del-sector\/#primaryimage","url":"https:\/\/auren.com\/es\/wp-content\/uploads\/2020\/02\/subri-scaled-1.jpg","contentUrl":"https:\/\/auren.com\/es\/wp-content\/uploads\/2020\/02\/subri-scaled-1.jpg","width":2560,"height":1707},{"@type":"BreadcrumbList","@id":"https:\/\/auren.com\/es\/noticias\/auren-formara-a-los-directivos-de-hoteles-de-la-aedh-para-mejorar-la-gestion-del-sector\/#breadcrumb","itemListElement":[{"@type":"ListItem","position":1,"name":"Portada","item":"https:\/\/auren.com\/es\/"},{"@type":"ListItem","position":2,"name":"Auren formar\u00e1 a los directivos de hoteles de la AEDH para mejorar la gesti\u00f3n del sector"}]},{"@type":"WebSite","@id":"https:\/\/auren.com\/es\/#website","url":"https:\/\/auren.com\/es\/","name":"Auren","description":"","publisher":{"@id":"https:\/\/auren.com\/es\/#organization"},"alternateName":"Auren","potentialAction":[{"@type":"SearchAction","target":{"@type":"EntryPoint","urlTemplate":"https:\/\/auren.com\/es\/?s={search_term_string}"},"query-input":{"@type":"PropertyValueSpecification","valueRequired":true,"valueName":"search_term_string"}}],"inLanguage":"es"},{"@type":"Organization","@id":"https:\/\/auren.com\/es\/#organization","name":"Auren","alternateName":"Auren","url":"https:\/\/auren.com\/es\/","logo":{"@type":"ImageObject","inLanguage":"es","@id":"https:\/\/auren.com\/es\/#\/schema\/logo\/image\/","url":"https:\/\/auren.com\/es\/wp-content\/uploads\/2025\/01\/cropped-cropped-favicon-Auren.png","contentUrl":"https:\/\/auren.com\/es\/wp-content\/uploads\/2025\/01\/cropped-cropped-favicon-Auren.png","width":512,"height":512,"caption":"Auren"},"image":{"@id":"https:\/\/auren.com\/es\/#\/schema\/logo\/image\/"},"sameAs":["https:\/\/x.com\/auren_spain","https:\/\/www.linkedin.com\/company\/aurenspainserviciosprofesionales","https:\/\/www.youtube.com\/@AurenEsp","https:\/\/www.instagram.com\/auren_spain"]}]}},"_links":{"self":[{"href":"https:\/\/auren.com\/es\/wp-json\/wp\/v2\/new\/5218","targetHints":{"allow":["GET"]}}],"collection":[{"href":"https:\/\/auren.com\/es\/wp-json\/wp\/v2\/new"}],"about":[{"href":"https:\/\/auren.com\/es\/wp-json\/wp\/v2\/types\/new"}],"version-history":[{"count":0,"href":"https:\/\/auren.com\/es\/wp-json\/wp\/v2\/new\/5218\/revisions"}],"wp:featuredmedia":[{"embeddable":true,"href":"https:\/\/auren.com\/es\/wp-json\/wp\/v2\/media\/5219"}],"wp:attachment":[{"href":"https:\/\/auren.com\/es\/wp-json\/wp\/v2\/media?parent=5218"}],"wp:term":[{"taxonomy":"new-category","embeddable":true,"href":"https:\/\/auren.com\/es\/wp-json\/wp\/v2\/new-category?post=5218"}],"curies":[{"name":"wp","href":"https:\/\/api.w.org\/{rel}","templated":true}]}}