{"id":5239,"date":"2020-01-10T10:34:21","date_gmt":"2020-01-10T09:34:21","guid":{"rendered":"https:\/\/auren.com\/es\/new\/javier-cantera-nominado-en-la-ix-edicion-de-los-premios-know-square-al-mejor-libro-de-empresa-2019\/"},"modified":"2020-01-10T10:34:21","modified_gmt":"2020-01-10T09:34:21","slug":"javier-cantera-nominado-en-la-ix-edicion-de-los-premios-know-square-al-mejor-libro-de-empresa-2019","status":"publish","type":"new","link":"https:\/\/auren.com\/es\/noticias\/javier-cantera-nominado-en-la-ix-edicion-de-los-premios-know-square-al-mejor-libro-de-empresa-2019\/","title":{"rendered":"Javier Cantera, nominado en la IX edici\u00f3n de los Premios Know Square al mejor libro de empresa 2019"},"content":{"rendered":"<figure><img decoding=\"async\" data-src=\"https:\/\/d33c2a5xmvj7uh.cloudfront.net\/images\/originals\/foto-javier-cantera.jpg?v=1578652360\" data-image=\"9995728\" style=\"--smush-placeholder-width: 522px; --smush-placeholder-aspect-ratio: 522\/461;width: 522px; height: 461.61px;\" width=\"522\" height=\"461.6099999999999\" src=\"data:image\/svg+xml;base64,PHN2ZyB3aWR0aD0iMSIgaGVpZ2h0PSIxIiB4bWxucz0iaHR0cDovL3d3dy53My5vcmcvMjAwMC9zdmciPjwvc3ZnPg==\" class=\"lazyload\"><\/figure>\n<p class=\"text-justify\">Javier Cantera, responsable de la divisi\u00f3n de consultor\u00eda de RRHH de Auren, ha sido nominado en la IX edici\u00f3n de los Premios Know Square al mejor libro de empresa 2019, por su \u00faltimo libro \u201cPragmata de RRHH: De anglicismos y dichos populares\u00bb. La publicaci\u00f3n, editada por la Editorial Universitaria Ramon Areces, utiliza refranes y expresiones populares para acercarnos conceptos que tienen que ver con la gesti\u00f3n de personas. De esto modo, Cantera explica conceptos tan importantes en la direcci\u00f3n estrat\u00e9gica de RRHH como son el mindfulness o el HR Analytics a trav\u00e9s del refranero espa\u00f1ol.<\/p>\n<p>As\u00ed, Cantera ha quedado entre los nominados de esta primera fase de selecci\u00f3n de los premios Know Square, que reconocen la mejor oferta editorial en materias vinculadas a la gesti\u00f3n empresarial en sus diferentes vertientes. Asimismo, distinguen a los autores especializados en estos \u00e1mbitos, valorando su trayectoria divulgativa y su aportaci\u00f3n profesional a lo largo de su carrera.<\/p>\n<p>Los candidatos a los Premios al Mejor Libro de Empresa son propuestos por los suscriptores, las editoriales y el Consejo Asesor de Know Square, y son evaluados por el Jurado de los Premios, un grupo de 28 profesionales y directivos que ocupan puestos de responsabilidad en compa\u00f1\u00edas de todos los segmentos de actividad econ\u00f3mica.&nbsp;<\/p>\n<p><!-- AddThis Advanced Settings generic via filter on the_content --><!-- AddThis Share Buttons generic via filter on the_content --><\/p>\n","protected":false},"excerpt":{"rendered":"<p>Javier Cantera, responsable de la divisi\u00f3n de consultor\u00eda de RRHH de Auren, ha sido nominado en la IX edici\u00f3n de los Premios Know Square al mejor libro de empresa 2019, por su \u00faltimo libro \u201cPragmata de RRHH: De anglicismos y dichos populares\u00bb. La publicaci\u00f3n, editada por la Editorial Universitaria Ramon Areces, utiliza refranes y expresiones populares para acercarnos conceptos que tienen que ver con la gesti\u00f3n de personas. De esto modo, Cantera explica conceptos tan importantes en la direcci\u00f3n estrat\u00e9gica de RRHH como son el mindfulness o el HR Analytics a trav\u00e9s del refranero espa\u00f1ol.<\/p>\n","protected":false},"featured_media":5240,"template":"","meta":{"_acf_changed":false,"footnotes":""},"new-category":[],"class_list":["post-5239","new","type-new","status-publish","has-post-thumbnail","hentry"],"acf":[],"yoast_head":"<!-- This site is optimized with the Yoast SEO plugin v27.4 - https:\/\/yoast.com\/product\/yoast-seo-wordpress\/ -->\n<title>Javier Cantera, nominado en la IX edici\u00f3n de los Premios Know Square al mejor libro de empresa 2019 - Auren Espa\u00f1a<\/title>\n<meta name=\"robots\" content=\"index, follow, max-snippet:-1, max-image-preview:large, max-video-preview:-1\" \/>\n<link rel=\"canonical\" href=\"https:\/\/auren.com\/es\/noticias\/javier-cantera-nominado-en-la-ix-edicion-de-los-premios-know-square-al-mejor-libro-de-empresa-2019\/\" \/>\n<meta property=\"og:locale\" content=\"es_ES\" \/>\n<meta property=\"og:type\" content=\"article\" \/>\n<meta property=\"og:title\" content=\"Javier Cantera, nominado en la IX edici\u00f3n de los Premios Know Square al mejor libro de empresa 2019 - Auren Espa\u00f1a\" \/>\n<meta property=\"og:description\" content=\"Javier Cantera, responsable de la divisi\u00f3n de consultor\u00eda de RRHH de Auren, ha sido nominado en la IX edici\u00f3n de los Premios Know Square al mejor libro de empresa 2019, por su \u00faltimo libro \u201cPragmata de RRHH: De anglicismos y dichos populares\u00bb. La publicaci\u00f3n, editada por la Editorial Universitaria Ramon Areces, utiliza refranes y expresiones populares para acercarnos conceptos que tienen que ver con la gesti\u00f3n de personas. De esto modo, Cantera explica conceptos tan importantes en la direcci\u00f3n estrat\u00e9gica de RRHH como son el mindfulness o el HR Analytics a trav\u00e9s del refranero espa\u00f1ol.\" \/>\n<meta property=\"og:url\" content=\"https:\/\/auren.com\/es\/noticias\/javier-cantera-nominado-en-la-ix-edicion-de-los-premios-know-square-al-mejor-libro-de-empresa-2019\/\" \/>\n<meta property=\"og:site_name\" content=\"Auren\" \/>\n<meta property=\"og:image\" content=\"https:\/\/auren.com\/es\/wp-content\/uploads\/2020\/01\/foto-javier-cantera.jpg\" \/>\n\t<meta property=\"og:image:width\" content=\"1592\" \/>\n\t<meta property=\"og:image:height\" content=\"1408\" \/>\n\t<meta property=\"og:image:type\" content=\"image\/jpeg\" \/>\n<meta name=\"twitter:card\" content=\"summary_large_image\" \/>\n<meta name=\"twitter:site\" content=\"@auren_spain\" \/>\n<meta name=\"twitter:label1\" content=\"Tiempo de lectura\" \/>\n\t<meta name=\"twitter:data1\" content=\"1 minuto\" \/>\n<script type=\"application\/ld+json\" class=\"yoast-schema-graph\">{\"@context\":\"https:\\\/\\\/schema.org\",\"@graph\":[{\"@type\":\"WebPage\",\"@id\":\"https:\\\/\\\/auren.com\\\/es\\\/noticias\\\/javier-cantera-nominado-en-la-ix-edicion-de-los-premios-know-square-al-mejor-libro-de-empresa-2019\\\/\",\"url\":\"https:\\\/\\\/auren.com\\\/es\\\/noticias\\\/javier-cantera-nominado-en-la-ix-edicion-de-los-premios-know-square-al-mejor-libro-de-empresa-2019\\\/\",\"name\":\"Javier Cantera, nominado en la IX edici\u00f3n de los Premios Know Square al mejor libro de empresa 2019 - Auren Espa\u00f1a\",\"isPartOf\":{\"@id\":\"https:\\\/\\\/auren.com\\\/es\\\/#website\"},\"primaryImageOfPage\":{\"@id\":\"https:\\\/\\\/auren.com\\\/es\\\/noticias\\\/javier-cantera-nominado-en-la-ix-edicion-de-los-premios-know-square-al-mejor-libro-de-empresa-2019\\\/#primaryimage\"},\"image\":{\"@id\":\"https:\\\/\\\/auren.com\\\/es\\\/noticias\\\/javier-cantera-nominado-en-la-ix-edicion-de-los-premios-know-square-al-mejor-libro-de-empresa-2019\\\/#primaryimage\"},\"thumbnailUrl\":\"https:\\\/\\\/auren.com\\\/es\\\/wp-content\\\/uploads\\\/2020\\\/01\\\/foto-javier-cantera.jpg\",\"datePublished\":\"2020-01-10T09:34:21+00:00\",\"breadcrumb\":{\"@id\":\"https:\\\/\\\/auren.com\\\/es\\\/noticias\\\/javier-cantera-nominado-en-la-ix-edicion-de-los-premios-know-square-al-mejor-libro-de-empresa-2019\\\/#breadcrumb\"},\"inLanguage\":\"es\",\"potentialAction\":[{\"@type\":\"ReadAction\",\"target\":[\"https:\\\/\\\/auren.com\\\/es\\\/noticias\\\/javier-cantera-nominado-en-la-ix-edicion-de-los-premios-know-square-al-mejor-libro-de-empresa-2019\\\/\"]}]},{\"@type\":\"ImageObject\",\"inLanguage\":\"es\",\"@id\":\"https:\\\/\\\/auren.com\\\/es\\\/noticias\\\/javier-cantera-nominado-en-la-ix-edicion-de-los-premios-know-square-al-mejor-libro-de-empresa-2019\\\/#primaryimage\",\"url\":\"https:\\\/\\\/auren.com\\\/es\\\/wp-content\\\/uploads\\\/2020\\\/01\\\/foto-javier-cantera.jpg\",\"contentUrl\":\"https:\\\/\\\/auren.com\\\/es\\\/wp-content\\\/uploads\\\/2020\\\/01\\\/foto-javier-cantera.jpg\",\"width\":1592,\"height\":1408},{\"@type\":\"BreadcrumbList\",\"@id\":\"https:\\\/\\\/auren.com\\\/es\\\/noticias\\\/javier-cantera-nominado-en-la-ix-edicion-de-los-premios-know-square-al-mejor-libro-de-empresa-2019\\\/#breadcrumb\",\"itemListElement\":[{\"@type\":\"ListItem\",\"position\":1,\"name\":\"Portada\",\"item\":\"https:\\\/\\\/auren.com\\\/es\\\/\"},{\"@type\":\"ListItem\",\"position\":2,\"name\":\"Javier Cantera, nominado en la IX edici\u00f3n de los Premios Know Square al mejor libro de empresa 2019\"}]},{\"@type\":\"WebSite\",\"@id\":\"https:\\\/\\\/auren.com\\\/es\\\/#website\",\"url\":\"https:\\\/\\\/auren.com\\\/es\\\/\",\"name\":\"Auren\",\"description\":\"\",\"publisher\":{\"@id\":\"https:\\\/\\\/auren.com\\\/es\\\/#organization\"},\"alternateName\":\"Auren\",\"potentialAction\":[{\"@type\":\"SearchAction\",\"target\":{\"@type\":\"EntryPoint\",\"urlTemplate\":\"https:\\\/\\\/auren.com\\\/es\\\/?s={search_term_string}\"},\"query-input\":{\"@type\":\"PropertyValueSpecification\",\"valueRequired\":true,\"valueName\":\"search_term_string\"}}],\"inLanguage\":\"es\"},{\"@type\":\"Organization\",\"@id\":\"https:\\\/\\\/auren.com\\\/es\\\/#organization\",\"name\":\"Auren\",\"alternateName\":\"Auren\",\"url\":\"https:\\\/\\\/auren.com\\\/es\\\/\",\"logo\":{\"@type\":\"ImageObject\",\"inLanguage\":\"es\",\"@id\":\"https:\\\/\\\/auren.com\\\/es\\\/#\\\/schema\\\/logo\\\/image\\\/\",\"url\":\"https:\\\/\\\/auren.com\\\/es\\\/wp-content\\\/uploads\\\/2025\\\/01\\\/cropped-cropped-favicon-Auren.png\",\"contentUrl\":\"https:\\\/\\\/auren.com\\\/es\\\/wp-content\\\/uploads\\\/2025\\\/01\\\/cropped-cropped-favicon-Auren.png\",\"width\":512,\"height\":512,\"caption\":\"Auren\"},\"image\":{\"@id\":\"https:\\\/\\\/auren.com\\\/es\\\/#\\\/schema\\\/logo\\\/image\\\/\"},\"sameAs\":[\"https:\\\/\\\/x.com\\\/auren_spain\",\"https:\\\/\\\/www.linkedin.com\\\/company\\\/aurenspainserviciosprofesionales\",\"https:\\\/\\\/www.youtube.com\\\/@AurenEsp\",\"https:\\\/\\\/www.instagram.com\\\/auren_spain\"]}]}<\/script>\n<!-- \/ Yoast SEO plugin. -->","yoast_head_json":{"title":"Javier Cantera, nominado en la IX edici\u00f3n de los Premios Know Square al mejor libro de empresa 2019 - Auren Espa\u00f1a","robots":{"index":"index","follow":"follow","max-snippet":"max-snippet:-1","max-image-preview":"max-image-preview:large","max-video-preview":"max-video-preview:-1"},"canonical":"https:\/\/auren.com\/es\/noticias\/javier-cantera-nominado-en-la-ix-edicion-de-los-premios-know-square-al-mejor-libro-de-empresa-2019\/","og_locale":"es_ES","og_type":"article","og_title":"Javier Cantera, nominado en la IX edici\u00f3n de los Premios Know Square al mejor libro de empresa 2019 - Auren Espa\u00f1a","og_description":"Javier Cantera, responsable de la divisi\u00f3n de consultor\u00eda de RRHH de Auren, ha sido nominado en la IX edici\u00f3n de los Premios Know Square al mejor libro de empresa 2019, por su \u00faltimo libro \u201cPragmata de RRHH: De anglicismos y dichos populares\u00bb. La publicaci\u00f3n, editada por la Editorial Universitaria Ramon Areces, utiliza refranes y expresiones populares para acercarnos conceptos que tienen que ver con la gesti\u00f3n de personas. De esto modo, Cantera explica conceptos tan importantes en la direcci\u00f3n estrat\u00e9gica de RRHH como son el mindfulness o el HR Analytics a trav\u00e9s del refranero espa\u00f1ol.","og_url":"https:\/\/auren.com\/es\/noticias\/javier-cantera-nominado-en-la-ix-edicion-de-los-premios-know-square-al-mejor-libro-de-empresa-2019\/","og_site_name":"Auren","og_image":[{"width":1592,"height":1408,"url":"https:\/\/auren.com\/es\/wp-content\/uploads\/2020\/01\/foto-javier-cantera.jpg","type":"image\/jpeg"}],"twitter_card":"summary_large_image","twitter_site":"@auren_spain","twitter_misc":{"Tiempo de lectura":"1 minuto"},"schema":{"@context":"https:\/\/schema.org","@graph":[{"@type":"WebPage","@id":"https:\/\/auren.com\/es\/noticias\/javier-cantera-nominado-en-la-ix-edicion-de-los-premios-know-square-al-mejor-libro-de-empresa-2019\/","url":"https:\/\/auren.com\/es\/noticias\/javier-cantera-nominado-en-la-ix-edicion-de-los-premios-know-square-al-mejor-libro-de-empresa-2019\/","name":"Javier Cantera, nominado en la IX edici\u00f3n de los Premios Know Square al mejor libro de empresa 2019 - Auren Espa\u00f1a","isPartOf":{"@id":"https:\/\/auren.com\/es\/#website"},"primaryImageOfPage":{"@id":"https:\/\/auren.com\/es\/noticias\/javier-cantera-nominado-en-la-ix-edicion-de-los-premios-know-square-al-mejor-libro-de-empresa-2019\/#primaryimage"},"image":{"@id":"https:\/\/auren.com\/es\/noticias\/javier-cantera-nominado-en-la-ix-edicion-de-los-premios-know-square-al-mejor-libro-de-empresa-2019\/#primaryimage"},"thumbnailUrl":"https:\/\/auren.com\/es\/wp-content\/uploads\/2020\/01\/foto-javier-cantera.jpg","datePublished":"2020-01-10T09:34:21+00:00","breadcrumb":{"@id":"https:\/\/auren.com\/es\/noticias\/javier-cantera-nominado-en-la-ix-edicion-de-los-premios-know-square-al-mejor-libro-de-empresa-2019\/#breadcrumb"},"inLanguage":"es","potentialAction":[{"@type":"ReadAction","target":["https:\/\/auren.com\/es\/noticias\/javier-cantera-nominado-en-la-ix-edicion-de-los-premios-know-square-al-mejor-libro-de-empresa-2019\/"]}]},{"@type":"ImageObject","inLanguage":"es","@id":"https:\/\/auren.com\/es\/noticias\/javier-cantera-nominado-en-la-ix-edicion-de-los-premios-know-square-al-mejor-libro-de-empresa-2019\/#primaryimage","url":"https:\/\/auren.com\/es\/wp-content\/uploads\/2020\/01\/foto-javier-cantera.jpg","contentUrl":"https:\/\/auren.com\/es\/wp-content\/uploads\/2020\/01\/foto-javier-cantera.jpg","width":1592,"height":1408},{"@type":"BreadcrumbList","@id":"https:\/\/auren.com\/es\/noticias\/javier-cantera-nominado-en-la-ix-edicion-de-los-premios-know-square-al-mejor-libro-de-empresa-2019\/#breadcrumb","itemListElement":[{"@type":"ListItem","position":1,"name":"Portada","item":"https:\/\/auren.com\/es\/"},{"@type":"ListItem","position":2,"name":"Javier Cantera, nominado en la IX edici\u00f3n de los Premios Know Square al mejor libro de empresa 2019"}]},{"@type":"WebSite","@id":"https:\/\/auren.com\/es\/#website","url":"https:\/\/auren.com\/es\/","name":"Auren","description":"","publisher":{"@id":"https:\/\/auren.com\/es\/#organization"},"alternateName":"Auren","potentialAction":[{"@type":"SearchAction","target":{"@type":"EntryPoint","urlTemplate":"https:\/\/auren.com\/es\/?s={search_term_string}"},"query-input":{"@type":"PropertyValueSpecification","valueRequired":true,"valueName":"search_term_string"}}],"inLanguage":"es"},{"@type":"Organization","@id":"https:\/\/auren.com\/es\/#organization","name":"Auren","alternateName":"Auren","url":"https:\/\/auren.com\/es\/","logo":{"@type":"ImageObject","inLanguage":"es","@id":"https:\/\/auren.com\/es\/#\/schema\/logo\/image\/","url":"https:\/\/auren.com\/es\/wp-content\/uploads\/2025\/01\/cropped-cropped-favicon-Auren.png","contentUrl":"https:\/\/auren.com\/es\/wp-content\/uploads\/2025\/01\/cropped-cropped-favicon-Auren.png","width":512,"height":512,"caption":"Auren"},"image":{"@id":"https:\/\/auren.com\/es\/#\/schema\/logo\/image\/"},"sameAs":["https:\/\/x.com\/auren_spain","https:\/\/www.linkedin.com\/company\/aurenspainserviciosprofesionales","https:\/\/www.youtube.com\/@AurenEsp","https:\/\/www.instagram.com\/auren_spain"]}]}},"_links":{"self":[{"href":"https:\/\/auren.com\/es\/wp-json\/wp\/v2\/new\/5239","targetHints":{"allow":["GET"]}}],"collection":[{"href":"https:\/\/auren.com\/es\/wp-json\/wp\/v2\/new"}],"about":[{"href":"https:\/\/auren.com\/es\/wp-json\/wp\/v2\/types\/new"}],"version-history":[{"count":0,"href":"https:\/\/auren.com\/es\/wp-json\/wp\/v2\/new\/5239\/revisions"}],"wp:featuredmedia":[{"embeddable":true,"href":"https:\/\/auren.com\/es\/wp-json\/wp\/v2\/media\/5240"}],"wp:attachment":[{"href":"https:\/\/auren.com\/es\/wp-json\/wp\/v2\/media?parent=5239"}],"wp:term":[{"taxonomy":"new-category","embeddable":true,"href":"https:\/\/auren.com\/es\/wp-json\/wp\/v2\/new-category?post=5239"}],"curies":[{"name":"wp","href":"https:\/\/api.w.org\/{rel}","templated":true}]}}