{"id":5245,"date":"2019-12-17T14:27:05","date_gmt":"2019-12-17T13:27:05","guid":{"rendered":"https:\/\/auren.com\/es\/new\/la-cop-25-obtiene-el-certificado-de-evento-sostenible-con-la-asistencia-tecnica-de-auren\/"},"modified":"2019-12-17T14:27:05","modified_gmt":"2019-12-17T13:27:05","slug":"la-cop-25-obtiene-el-certificado-de-evento-sostenible-con-la-asistencia-tecnica-de-auren","status":"publish","type":"new","link":"https:\/\/auren.com\/es\/noticias\/la-cop-25-obtiene-el-certificado-de-evento-sostenible-con-la-asistencia-tecnica-de-auren\/","title":{"rendered":"La COP 25 obtiene el certificado de evento sostenible con la asistencia t\u00e9cnica de Auren"},"content":{"rendered":"<figure rel=\"width: 547px; height: 307.625px;\" style=\"text-align: center;\"><img decoding=\"async\" data-src=\"https:\/\/d33c2a5xmvj7uh.cloudfront.net\/images\/originals\/foto-cop-25-1.jpg?v=1576592758\" data-image=\"9995659\" style=\"--smush-placeholder-width: 547px; --smush-placeholder-aspect-ratio: 547\/307;width: 547px; height: 307.625px;\" width=\"547\" height=\"307.625\" src=\"data:image\/svg+xml;base64,PHN2ZyB3aWR0aD0iMSIgaGVpZ2h0PSIxIiB4bWxucz0iaHR0cDovL3d3dy53My5vcmcvMjAwMC9zdmciPjwvc3ZnPg==\" class=\"lazyload\"><\/figure>\n<\/p>\n<p>La Cumbre del Clima de Madrid (COP 25) ha obtenido el certificado de evento sostenible con la asistencia t\u00e9cnica del \u00e1rea de sostenibilidad de Auren. Uno de los requisitos fijados por las Naciones Unidas para la celebraci\u00f3n de la Cumbre del Clima era que se garantizara la sostenibilidad del evento en todo el ciclo de vida de su gesti\u00f3n. Para este fin, Auren fue designada por el MITECO, Ministerio para la Transici\u00f3n Ecol\u00f3gica, para asistir t\u00e9cnicamente en la consecuci\u00f3n de este objetivo de pr\u00e1cticas sostenibles. Esto engloba acciones concretas como la gesti\u00f3n y uso eficiente del agua durante el evento; evitar las emisiones de gases de efecto invernadero; la promoci\u00f3n de una movilidad sostenible; la minimizaci\u00f3n y separaci\u00f3n de residuos o el ahorro y la eficiencia energ\u00e9tica. As\u00ed pues, Auren implement\u00f3 un sistema que estableci\u00f3 estos criterios de sostenibilidad durante toda la COP 25.<\/p>\n<p>Como resultado del trabajo del equipo de sostenibilidad de la firma, la organizaci\u00f3n y celebraci\u00f3n del evento ha seguido criterios de comportamiento responsable en las vertientes social, econ\u00f3mica y medioambiental, convirti\u00e9ndose en la segunda Cumbre del Clima en recibir este certificado, tras las COP22 celebrada en Marrakech. <\/p>\n<p><!-- AddThis Advanced Settings generic via filter on the_content --><!-- AddThis Share Buttons generic via filter on the_content --><\/p>\n","protected":false},"excerpt":{"rendered":"<p>La Cumbre del Clima de Madrid&nbsp;(COP 25) ha obtenido el certificado de evento sostenible con la asistencia t\u00e9cnica del \u00e1rea de sostenibilidad de Auren.<\/p>\n","protected":false},"featured_media":5246,"template":"","meta":{"_acf_changed":false,"footnotes":""},"new-category":[],"class_list":["post-5245","new","type-new","status-publish","has-post-thumbnail","hentry"],"acf":[],"yoast_head":"<!-- This site is optimized with the Yoast SEO plugin v27.4 - https:\/\/yoast.com\/product\/yoast-seo-wordpress\/ -->\n<title>La COP 25 obtiene el certificado de evento sostenible con la asistencia t\u00e9cnica de Auren - Auren Espa\u00f1a<\/title>\n<meta name=\"robots\" content=\"index, follow, max-snippet:-1, max-image-preview:large, max-video-preview:-1\" \/>\n<link rel=\"canonical\" href=\"https:\/\/auren.com\/es\/noticias\/la-cop-25-obtiene-el-certificado-de-evento-sostenible-con-la-asistencia-tecnica-de-auren\/\" \/>\n<meta property=\"og:locale\" content=\"es_ES\" \/>\n<meta property=\"og:type\" content=\"article\" \/>\n<meta property=\"og:title\" content=\"La COP 25 obtiene el certificado de evento sostenible con la asistencia t\u00e9cnica de Auren - Auren Espa\u00f1a\" \/>\n<meta property=\"og:description\" content=\"La Cumbre del Clima de Madrid&nbsp;(COP 25) ha obtenido el certificado de evento sostenible con la asistencia t\u00e9cnica del \u00e1rea de sostenibilidad de Auren.\" \/>\n<meta property=\"og:url\" content=\"https:\/\/auren.com\/es\/noticias\/la-cop-25-obtiene-el-certificado-de-evento-sostenible-con-la-asistencia-tecnica-de-auren\/\" \/>\n<meta property=\"og:site_name\" content=\"Auren\" \/>\n<meta property=\"og:image\" content=\"https:\/\/auren.com\/es\/wp-content\/uploads\/2019\/12\/foto-cop-25-1.jpg\" \/>\n\t<meta property=\"og:image:width\" content=\"1706\" \/>\n\t<meta property=\"og:image:height\" content=\"960\" \/>\n\t<meta property=\"og:image:type\" content=\"image\/jpeg\" \/>\n<meta name=\"twitter:card\" content=\"summary_large_image\" \/>\n<meta name=\"twitter:site\" content=\"@auren_spain\" \/>\n<meta name=\"twitter:label1\" content=\"Tiempo de lectura\" \/>\n\t<meta name=\"twitter:data1\" content=\"1 minuto\" \/>\n<script type=\"application\/ld+json\" class=\"yoast-schema-graph\">{\"@context\":\"https:\\\/\\\/schema.org\",\"@graph\":[{\"@type\":\"WebPage\",\"@id\":\"https:\\\/\\\/auren.com\\\/es\\\/noticias\\\/la-cop-25-obtiene-el-certificado-de-evento-sostenible-con-la-asistencia-tecnica-de-auren\\\/\",\"url\":\"https:\\\/\\\/auren.com\\\/es\\\/noticias\\\/la-cop-25-obtiene-el-certificado-de-evento-sostenible-con-la-asistencia-tecnica-de-auren\\\/\",\"name\":\"La COP 25 obtiene el certificado de evento sostenible con la asistencia t\u00e9cnica de Auren - Auren Espa\u00f1a\",\"isPartOf\":{\"@id\":\"https:\\\/\\\/auren.com\\\/es\\\/#website\"},\"primaryImageOfPage\":{\"@id\":\"https:\\\/\\\/auren.com\\\/es\\\/noticias\\\/la-cop-25-obtiene-el-certificado-de-evento-sostenible-con-la-asistencia-tecnica-de-auren\\\/#primaryimage\"},\"image\":{\"@id\":\"https:\\\/\\\/auren.com\\\/es\\\/noticias\\\/la-cop-25-obtiene-el-certificado-de-evento-sostenible-con-la-asistencia-tecnica-de-auren\\\/#primaryimage\"},\"thumbnailUrl\":\"https:\\\/\\\/auren.com\\\/es\\\/wp-content\\\/uploads\\\/2019\\\/12\\\/foto-cop-25-1.jpg\",\"datePublished\":\"2019-12-17T13:27:05+00:00\",\"breadcrumb\":{\"@id\":\"https:\\\/\\\/auren.com\\\/es\\\/noticias\\\/la-cop-25-obtiene-el-certificado-de-evento-sostenible-con-la-asistencia-tecnica-de-auren\\\/#breadcrumb\"},\"inLanguage\":\"es\",\"potentialAction\":[{\"@type\":\"ReadAction\",\"target\":[\"https:\\\/\\\/auren.com\\\/es\\\/noticias\\\/la-cop-25-obtiene-el-certificado-de-evento-sostenible-con-la-asistencia-tecnica-de-auren\\\/\"]}]},{\"@type\":\"ImageObject\",\"inLanguage\":\"es\",\"@id\":\"https:\\\/\\\/auren.com\\\/es\\\/noticias\\\/la-cop-25-obtiene-el-certificado-de-evento-sostenible-con-la-asistencia-tecnica-de-auren\\\/#primaryimage\",\"url\":\"https:\\\/\\\/auren.com\\\/es\\\/wp-content\\\/uploads\\\/2019\\\/12\\\/foto-cop-25-1.jpg\",\"contentUrl\":\"https:\\\/\\\/auren.com\\\/es\\\/wp-content\\\/uploads\\\/2019\\\/12\\\/foto-cop-25-1.jpg\",\"width\":1706,\"height\":960},{\"@type\":\"BreadcrumbList\",\"@id\":\"https:\\\/\\\/auren.com\\\/es\\\/noticias\\\/la-cop-25-obtiene-el-certificado-de-evento-sostenible-con-la-asistencia-tecnica-de-auren\\\/#breadcrumb\",\"itemListElement\":[{\"@type\":\"ListItem\",\"position\":1,\"name\":\"Portada\",\"item\":\"https:\\\/\\\/auren.com\\\/es\\\/\"},{\"@type\":\"ListItem\",\"position\":2,\"name\":\"La COP 25 obtiene el certificado de evento sostenible con la asistencia t\u00e9cnica de Auren\"}]},{\"@type\":\"WebSite\",\"@id\":\"https:\\\/\\\/auren.com\\\/es\\\/#website\",\"url\":\"https:\\\/\\\/auren.com\\\/es\\\/\",\"name\":\"Auren\",\"description\":\"\",\"publisher\":{\"@id\":\"https:\\\/\\\/auren.com\\\/es\\\/#organization\"},\"alternateName\":\"Auren\",\"potentialAction\":[{\"@type\":\"SearchAction\",\"target\":{\"@type\":\"EntryPoint\",\"urlTemplate\":\"https:\\\/\\\/auren.com\\\/es\\\/?s={search_term_string}\"},\"query-input\":{\"@type\":\"PropertyValueSpecification\",\"valueRequired\":true,\"valueName\":\"search_term_string\"}}],\"inLanguage\":\"es\"},{\"@type\":\"Organization\",\"@id\":\"https:\\\/\\\/auren.com\\\/es\\\/#organization\",\"name\":\"Auren\",\"alternateName\":\"Auren\",\"url\":\"https:\\\/\\\/auren.com\\\/es\\\/\",\"logo\":{\"@type\":\"ImageObject\",\"inLanguage\":\"es\",\"@id\":\"https:\\\/\\\/auren.com\\\/es\\\/#\\\/schema\\\/logo\\\/image\\\/\",\"url\":\"https:\\\/\\\/auren.com\\\/es\\\/wp-content\\\/uploads\\\/2025\\\/01\\\/cropped-cropped-favicon-Auren.png\",\"contentUrl\":\"https:\\\/\\\/auren.com\\\/es\\\/wp-content\\\/uploads\\\/2025\\\/01\\\/cropped-cropped-favicon-Auren.png\",\"width\":512,\"height\":512,\"caption\":\"Auren\"},\"image\":{\"@id\":\"https:\\\/\\\/auren.com\\\/es\\\/#\\\/schema\\\/logo\\\/image\\\/\"},\"sameAs\":[\"https:\\\/\\\/x.com\\\/auren_spain\",\"https:\\\/\\\/www.linkedin.com\\\/company\\\/aurenspainserviciosprofesionales\",\"https:\\\/\\\/www.youtube.com\\\/@AurenEsp\",\"https:\\\/\\\/www.instagram.com\\\/auren_spain\"]}]}<\/script>\n<!-- \/ Yoast SEO plugin. -->","yoast_head_json":{"title":"La COP 25 obtiene el certificado de evento sostenible con la asistencia t\u00e9cnica de Auren - Auren Espa\u00f1a","robots":{"index":"index","follow":"follow","max-snippet":"max-snippet:-1","max-image-preview":"max-image-preview:large","max-video-preview":"max-video-preview:-1"},"canonical":"https:\/\/auren.com\/es\/noticias\/la-cop-25-obtiene-el-certificado-de-evento-sostenible-con-la-asistencia-tecnica-de-auren\/","og_locale":"es_ES","og_type":"article","og_title":"La COP 25 obtiene el certificado de evento sostenible con la asistencia t\u00e9cnica de Auren - Auren Espa\u00f1a","og_description":"La Cumbre del Clima de Madrid&nbsp;(COP 25) ha obtenido el certificado de evento sostenible con la asistencia t\u00e9cnica del \u00e1rea de sostenibilidad de Auren.","og_url":"https:\/\/auren.com\/es\/noticias\/la-cop-25-obtiene-el-certificado-de-evento-sostenible-con-la-asistencia-tecnica-de-auren\/","og_site_name":"Auren","og_image":[{"width":1706,"height":960,"url":"https:\/\/auren.com\/es\/wp-content\/uploads\/2019\/12\/foto-cop-25-1.jpg","type":"image\/jpeg"}],"twitter_card":"summary_large_image","twitter_site":"@auren_spain","twitter_misc":{"Tiempo de lectura":"1 minuto"},"schema":{"@context":"https:\/\/schema.org","@graph":[{"@type":"WebPage","@id":"https:\/\/auren.com\/es\/noticias\/la-cop-25-obtiene-el-certificado-de-evento-sostenible-con-la-asistencia-tecnica-de-auren\/","url":"https:\/\/auren.com\/es\/noticias\/la-cop-25-obtiene-el-certificado-de-evento-sostenible-con-la-asistencia-tecnica-de-auren\/","name":"La COP 25 obtiene el certificado de evento sostenible con la asistencia t\u00e9cnica de Auren - Auren Espa\u00f1a","isPartOf":{"@id":"https:\/\/auren.com\/es\/#website"},"primaryImageOfPage":{"@id":"https:\/\/auren.com\/es\/noticias\/la-cop-25-obtiene-el-certificado-de-evento-sostenible-con-la-asistencia-tecnica-de-auren\/#primaryimage"},"image":{"@id":"https:\/\/auren.com\/es\/noticias\/la-cop-25-obtiene-el-certificado-de-evento-sostenible-con-la-asistencia-tecnica-de-auren\/#primaryimage"},"thumbnailUrl":"https:\/\/auren.com\/es\/wp-content\/uploads\/2019\/12\/foto-cop-25-1.jpg","datePublished":"2019-12-17T13:27:05+00:00","breadcrumb":{"@id":"https:\/\/auren.com\/es\/noticias\/la-cop-25-obtiene-el-certificado-de-evento-sostenible-con-la-asistencia-tecnica-de-auren\/#breadcrumb"},"inLanguage":"es","potentialAction":[{"@type":"ReadAction","target":["https:\/\/auren.com\/es\/noticias\/la-cop-25-obtiene-el-certificado-de-evento-sostenible-con-la-asistencia-tecnica-de-auren\/"]}]},{"@type":"ImageObject","inLanguage":"es","@id":"https:\/\/auren.com\/es\/noticias\/la-cop-25-obtiene-el-certificado-de-evento-sostenible-con-la-asistencia-tecnica-de-auren\/#primaryimage","url":"https:\/\/auren.com\/es\/wp-content\/uploads\/2019\/12\/foto-cop-25-1.jpg","contentUrl":"https:\/\/auren.com\/es\/wp-content\/uploads\/2019\/12\/foto-cop-25-1.jpg","width":1706,"height":960},{"@type":"BreadcrumbList","@id":"https:\/\/auren.com\/es\/noticias\/la-cop-25-obtiene-el-certificado-de-evento-sostenible-con-la-asistencia-tecnica-de-auren\/#breadcrumb","itemListElement":[{"@type":"ListItem","position":1,"name":"Portada","item":"https:\/\/auren.com\/es\/"},{"@type":"ListItem","position":2,"name":"La COP 25 obtiene el certificado de evento sostenible con la asistencia t\u00e9cnica de Auren"}]},{"@type":"WebSite","@id":"https:\/\/auren.com\/es\/#website","url":"https:\/\/auren.com\/es\/","name":"Auren","description":"","publisher":{"@id":"https:\/\/auren.com\/es\/#organization"},"alternateName":"Auren","potentialAction":[{"@type":"SearchAction","target":{"@type":"EntryPoint","urlTemplate":"https:\/\/auren.com\/es\/?s={search_term_string}"},"query-input":{"@type":"PropertyValueSpecification","valueRequired":true,"valueName":"search_term_string"}}],"inLanguage":"es"},{"@type":"Organization","@id":"https:\/\/auren.com\/es\/#organization","name":"Auren","alternateName":"Auren","url":"https:\/\/auren.com\/es\/","logo":{"@type":"ImageObject","inLanguage":"es","@id":"https:\/\/auren.com\/es\/#\/schema\/logo\/image\/","url":"https:\/\/auren.com\/es\/wp-content\/uploads\/2025\/01\/cropped-cropped-favicon-Auren.png","contentUrl":"https:\/\/auren.com\/es\/wp-content\/uploads\/2025\/01\/cropped-cropped-favicon-Auren.png","width":512,"height":512,"caption":"Auren"},"image":{"@id":"https:\/\/auren.com\/es\/#\/schema\/logo\/image\/"},"sameAs":["https:\/\/x.com\/auren_spain","https:\/\/www.linkedin.com\/company\/aurenspainserviciosprofesionales","https:\/\/www.youtube.com\/@AurenEsp","https:\/\/www.instagram.com\/auren_spain"]}]}},"_links":{"self":[{"href":"https:\/\/auren.com\/es\/wp-json\/wp\/v2\/new\/5245","targetHints":{"allow":["GET"]}}],"collection":[{"href":"https:\/\/auren.com\/es\/wp-json\/wp\/v2\/new"}],"about":[{"href":"https:\/\/auren.com\/es\/wp-json\/wp\/v2\/types\/new"}],"version-history":[{"count":0,"href":"https:\/\/auren.com\/es\/wp-json\/wp\/v2\/new\/5245\/revisions"}],"wp:featuredmedia":[{"embeddable":true,"href":"https:\/\/auren.com\/es\/wp-json\/wp\/v2\/media\/5246"}],"wp:attachment":[{"href":"https:\/\/auren.com\/es\/wp-json\/wp\/v2\/media?parent=5245"}],"wp:term":[{"taxonomy":"new-category","embeddable":true,"href":"https:\/\/auren.com\/es\/wp-json\/wp\/v2\/new-category?post=5245"}],"curies":[{"name":"wp","href":"https:\/\/api.w.org\/{rel}","templated":true}]}}