{"id":5248,"date":"2019-12-11T11:30:06","date_gmt":"2019-12-11T10:30:06","guid":{"rendered":"https:\/\/auren.com\/es\/new\/auren-factura-662-millones-de-euros-y-crece-un-16-en-2019\/"},"modified":"2019-12-11T11:30:06","modified_gmt":"2019-12-11T10:30:06","slug":"auren-factura-662-millones-de-euros-y-crece-un-16-en-2019","status":"publish","type":"new","link":"https:\/\/auren.com\/es\/noticias\/auren-factura-662-millones-de-euros-y-crece-un-16-en-2019\/","title":{"rendered":"Auren factura 66,2 millones de euros y crece un 16% en 2019"},"content":{"rendered":"<figure><img decoding=\"async\" data-src=\"https:\/\/d33c2a5xmvj7uh.cloudfront.net\/images\/originals\/foto-presidente-auren-espana3.jpg?v=1576063757\" data-image=\"9995644\" style=\"--smush-placeholder-width: 455px; --smush-placeholder-aspect-ratio: 455\/303;width: 455px; height: 303px;\" width=\"455\" height=\"303\" src=\"data:image\/svg+xml;base64,PHN2ZyB3aWR0aD0iMSIgaGVpZ2h0PSIxIiB4bWxucz0iaHR0cDovL3d3dy53My5vcmcvMjAwMC9zdmciPjwvc3ZnPg==\" class=\"lazyload\"><\/figure>\n<\/p>\n<p>La firma de servicios profesionales Auren ha facturado <b>66,2 millones de euros y ha crecido un 16% <\/b>en el a\u00f1o 2019 \u2013en 2018 factur\u00f3 57,1 millones de euros-.<\/p>\n<p class=\"text-justify\">Al cierre del ejercicio, <b>todas las l\u00edneas de negocio de Auren han crecido<\/b> en volumen, aportando la divisi\u00f3n de legal, 26,6 millones de euros en facturaci\u00f3n; la de auditor\u00eda, 17,9 millones de euros; consultor\u00eda, 18,4 millones de euros y el \u00e1rea de <i>corporate,<\/i> 3,3 millones de euros.<\/p>\n<p class=\"text-justify\">Las <b>integraciones y adquisiciones<\/b> han seguido formando parte de la filosof\u00eda de negocio de la firma durante el 2019, y han permitido ampliar la cartera de servicios y crecer en clientes y facturaci\u00f3n. Durante el inicio del ejercicio 2019, se culmin\u00f3 la integraci\u00f3n de la consultora de Recursos Humanos BLC y las auditoras TRF y Auditor\u00eda y Consulta. Adem\u00e1s, Auren ha integrado en 2019 a la consultora de transformaci\u00f3n digital <i>Smarty Hub<\/i>; a la consultora tecnol\u00f3gica <i>Advance Group<\/i>; a los despachos legales Bufete Bar\u00f3 Armengol y G\u00f3mez Tembleque Asesores; y a la consultora <i>Global Compliance<\/i>.   <\/p>\n<p class=\"text-justify\">Adem\u00e1s,<b> Auren ha creado este a\u00f1o una nueva \u00e1rea especializada en asesoramiento para &#8216;eSports&#8217;.<\/b>   <\/p>\n<p class=\"text-justify\">\u201cDurante el ejercicio 2019 la firma ha experimentado un crecimiento notable, tanto en facturaci\u00f3n, como en clientes y con la apertura de nuevos mercados. Adem\u00e1s, hemos complementado nuestra oferta de servicios integrales en \u00e1reas como RRHH, <i>compliance<\/i> o informes periciales\u201d, afirm\u00f3 el presidente de Auren, Mario Alonso.<\/p>\n<p class=\"text-justify\">Por otro lado, la compa\u00f1\u00eda ha mantenido este a\u00f1o sus planes de expansi\u00f3n internacional con la apertura de nuevas oficinas en Luxemburgo, y espera abrir en los pr\u00f3ximos meses oficinas en Italia.<\/p>\n<p class=\"text-justify\">&nbsp;\u201cDurante 2020 Auren continuar\u00e1 desarrollando su apuesta por el crecimiento inorg\u00e1nico a trav\u00e9s de integraciones y el org\u00e1nico aumentando la oferta de servicios y el n\u00famero de clientes\u201d, declar\u00f3 el presidente de la firma.<\/p>\n<p class=\"text-justify\">Auren cuenta actualmente con cerca de 900 empleados en sus 15 oficinas de Espa\u00f1a y m\u00e1s 2.300 en todo el mundo, adem\u00e1s de la cobertura global en m\u00e1s de 70 pa\u00edses que ofrece gracias a su pertenencia a Antea, la Alianza de Firmas Independientes que Auren impuls\u00f3 en 2008.<\/p>\n<p><!-- AddThis Advanced Settings generic via filter on the_content --><!-- AddThis Share Buttons generic via filter on the_content --><\/p>\n","protected":false},"excerpt":{"rendered":"<p>La firma de servicios profesionales Auren ha facturado 66,2 millones de euros y ha crecido un 16% en el a\u00f1o 2019 \u2013en 2018 factur\u00f3 57,1 millones de euros-.<br \/>\nAl cierre del ejercicio, todas las l\u00edneas de negocio de Auren han crecido en volumen, aportando la divisi\u00f3n de legal, 26,6 millones de euros en facturaci\u00f3n; la de auditor\u00eda, 17,9 millones de euros; consultor\u00eda, 18,4 millones de euros y el \u00e1rea de corporate, 3,3 millones de euros. <\/p>\n","protected":false},"featured_media":5249,"template":"","meta":{"_acf_changed":false,"footnotes":""},"new-category":[],"class_list":["post-5248","new","type-new","status-publish","has-post-thumbnail","hentry"],"acf":[],"yoast_head":"<!-- This site is optimized with the Yoast SEO plugin v27.4 - https:\/\/yoast.com\/product\/yoast-seo-wordpress\/ -->\n<title>Auren factura 66,2 millones de euros y crece un 16% en 2019 - Auren Espa\u00f1a<\/title>\n<meta name=\"robots\" content=\"index, follow, max-snippet:-1, max-image-preview:large, max-video-preview:-1\" \/>\n<link rel=\"canonical\" href=\"https:\/\/auren.com\/es\/noticias\/auren-factura-662-millones-de-euros-y-crece-un-16-en-2019\/\" \/>\n<meta property=\"og:locale\" content=\"es_ES\" \/>\n<meta property=\"og:type\" content=\"article\" \/>\n<meta property=\"og:title\" content=\"Auren factura 66,2 millones de euros y crece un 16% en 2019 - Auren Espa\u00f1a\" \/>\n<meta property=\"og:description\" content=\"La firma de servicios profesionales Auren ha facturado 66,2 millones de euros y ha crecido un 16% en el a\u00f1o 2019 \u2013en 2018 factur\u00f3 57,1 millones de euros-. Al cierre del ejercicio, todas las l\u00edneas de negocio de Auren han crecido en volumen, aportando la divisi\u00f3n de legal, 26,6 millones de euros en facturaci\u00f3n; la de auditor\u00eda, 17,9 millones de euros; consultor\u00eda, 18,4 millones de euros y el \u00e1rea de corporate, 3,3 millones de euros.\" \/>\n<meta property=\"og:url\" content=\"https:\/\/auren.com\/es\/noticias\/auren-factura-662-millones-de-euros-y-crece-un-16-en-2019\/\" \/>\n<meta property=\"og:site_name\" content=\"Auren\" \/>\n<meta property=\"og:image\" content=\"https:\/\/auren.com\/es\/wp-content\/uploads\/2019\/12\/foto-presidente-auren-espana3.jpg\" \/>\n\t<meta property=\"og:image:width\" content=\"900\" \/>\n\t<meta property=\"og:image:height\" content=\"599\" \/>\n\t<meta property=\"og:image:type\" content=\"image\/jpeg\" \/>\n<meta name=\"twitter:card\" content=\"summary_large_image\" \/>\n<meta name=\"twitter:site\" content=\"@auren_spain\" \/>\n<meta name=\"twitter:label1\" content=\"Tiempo de lectura\" \/>\n\t<meta name=\"twitter:data1\" content=\"2 minutos\" \/>\n<script type=\"application\/ld+json\" class=\"yoast-schema-graph\">{\"@context\":\"https:\\\/\\\/schema.org\",\"@graph\":[{\"@type\":\"WebPage\",\"@id\":\"https:\\\/\\\/auren.com\\\/es\\\/noticias\\\/auren-factura-662-millones-de-euros-y-crece-un-16-en-2019\\\/\",\"url\":\"https:\\\/\\\/auren.com\\\/es\\\/noticias\\\/auren-factura-662-millones-de-euros-y-crece-un-16-en-2019\\\/\",\"name\":\"Auren factura 66,2 millones de euros y crece un 16% en 2019 - Auren Espa\u00f1a\",\"isPartOf\":{\"@id\":\"https:\\\/\\\/auren.com\\\/es\\\/#website\"},\"primaryImageOfPage\":{\"@id\":\"https:\\\/\\\/auren.com\\\/es\\\/noticias\\\/auren-factura-662-millones-de-euros-y-crece-un-16-en-2019\\\/#primaryimage\"},\"image\":{\"@id\":\"https:\\\/\\\/auren.com\\\/es\\\/noticias\\\/auren-factura-662-millones-de-euros-y-crece-un-16-en-2019\\\/#primaryimage\"},\"thumbnailUrl\":\"https:\\\/\\\/auren.com\\\/es\\\/wp-content\\\/uploads\\\/2019\\\/12\\\/foto-presidente-auren-espana3.jpg\",\"datePublished\":\"2019-12-11T10:30:06+00:00\",\"breadcrumb\":{\"@id\":\"https:\\\/\\\/auren.com\\\/es\\\/noticias\\\/auren-factura-662-millones-de-euros-y-crece-un-16-en-2019\\\/#breadcrumb\"},\"inLanguage\":\"es\",\"potentialAction\":[{\"@type\":\"ReadAction\",\"target\":[\"https:\\\/\\\/auren.com\\\/es\\\/noticias\\\/auren-factura-662-millones-de-euros-y-crece-un-16-en-2019\\\/\"]}]},{\"@type\":\"ImageObject\",\"inLanguage\":\"es\",\"@id\":\"https:\\\/\\\/auren.com\\\/es\\\/noticias\\\/auren-factura-662-millones-de-euros-y-crece-un-16-en-2019\\\/#primaryimage\",\"url\":\"https:\\\/\\\/auren.com\\\/es\\\/wp-content\\\/uploads\\\/2019\\\/12\\\/foto-presidente-auren-espana3.jpg\",\"contentUrl\":\"https:\\\/\\\/auren.com\\\/es\\\/wp-content\\\/uploads\\\/2019\\\/12\\\/foto-presidente-auren-espana3.jpg\",\"width\":900,\"height\":599},{\"@type\":\"BreadcrumbList\",\"@id\":\"https:\\\/\\\/auren.com\\\/es\\\/noticias\\\/auren-factura-662-millones-de-euros-y-crece-un-16-en-2019\\\/#breadcrumb\",\"itemListElement\":[{\"@type\":\"ListItem\",\"position\":1,\"name\":\"Portada\",\"item\":\"https:\\\/\\\/auren.com\\\/es\\\/\"},{\"@type\":\"ListItem\",\"position\":2,\"name\":\"Auren factura 66,2 millones de euros y crece un 16% en 2019\"}]},{\"@type\":\"WebSite\",\"@id\":\"https:\\\/\\\/auren.com\\\/es\\\/#website\",\"url\":\"https:\\\/\\\/auren.com\\\/es\\\/\",\"name\":\"Auren\",\"description\":\"\",\"publisher\":{\"@id\":\"https:\\\/\\\/auren.com\\\/es\\\/#organization\"},\"alternateName\":\"Auren\",\"potentialAction\":[{\"@type\":\"SearchAction\",\"target\":{\"@type\":\"EntryPoint\",\"urlTemplate\":\"https:\\\/\\\/auren.com\\\/es\\\/?s={search_term_string}\"},\"query-input\":{\"@type\":\"PropertyValueSpecification\",\"valueRequired\":true,\"valueName\":\"search_term_string\"}}],\"inLanguage\":\"es\"},{\"@type\":\"Organization\",\"@id\":\"https:\\\/\\\/auren.com\\\/es\\\/#organization\",\"name\":\"Auren\",\"alternateName\":\"Auren\",\"url\":\"https:\\\/\\\/auren.com\\\/es\\\/\",\"logo\":{\"@type\":\"ImageObject\",\"inLanguage\":\"es\",\"@id\":\"https:\\\/\\\/auren.com\\\/es\\\/#\\\/schema\\\/logo\\\/image\\\/\",\"url\":\"https:\\\/\\\/auren.com\\\/es\\\/wp-content\\\/uploads\\\/2025\\\/01\\\/cropped-cropped-favicon-Auren.png\",\"contentUrl\":\"https:\\\/\\\/auren.com\\\/es\\\/wp-content\\\/uploads\\\/2025\\\/01\\\/cropped-cropped-favicon-Auren.png\",\"width\":512,\"height\":512,\"caption\":\"Auren\"},\"image\":{\"@id\":\"https:\\\/\\\/auren.com\\\/es\\\/#\\\/schema\\\/logo\\\/image\\\/\"},\"sameAs\":[\"https:\\\/\\\/x.com\\\/auren_spain\",\"https:\\\/\\\/www.linkedin.com\\\/company\\\/aurenspainserviciosprofesionales\",\"https:\\\/\\\/www.youtube.com\\\/@AurenEsp\",\"https:\\\/\\\/www.instagram.com\\\/auren_spain\"]}]}<\/script>\n<!-- \/ Yoast SEO plugin. -->","yoast_head_json":{"title":"Auren factura 66,2 millones de euros y crece un 16% en 2019 - Auren Espa\u00f1a","robots":{"index":"index","follow":"follow","max-snippet":"max-snippet:-1","max-image-preview":"max-image-preview:large","max-video-preview":"max-video-preview:-1"},"canonical":"https:\/\/auren.com\/es\/noticias\/auren-factura-662-millones-de-euros-y-crece-un-16-en-2019\/","og_locale":"es_ES","og_type":"article","og_title":"Auren factura 66,2 millones de euros y crece un 16% en 2019 - Auren Espa\u00f1a","og_description":"La firma de servicios profesionales Auren ha facturado 66,2 millones de euros y ha crecido un 16% en el a\u00f1o 2019 \u2013en 2018 factur\u00f3 57,1 millones de euros-. Al cierre del ejercicio, todas las l\u00edneas de negocio de Auren han crecido en volumen, aportando la divisi\u00f3n de legal, 26,6 millones de euros en facturaci\u00f3n; la de auditor\u00eda, 17,9 millones de euros; consultor\u00eda, 18,4 millones de euros y el \u00e1rea de corporate, 3,3 millones de euros.","og_url":"https:\/\/auren.com\/es\/noticias\/auren-factura-662-millones-de-euros-y-crece-un-16-en-2019\/","og_site_name":"Auren","og_image":[{"width":900,"height":599,"url":"https:\/\/auren.com\/es\/wp-content\/uploads\/2019\/12\/foto-presidente-auren-espana3.jpg","type":"image\/jpeg"}],"twitter_card":"summary_large_image","twitter_site":"@auren_spain","twitter_misc":{"Tiempo de lectura":"2 minutos"},"schema":{"@context":"https:\/\/schema.org","@graph":[{"@type":"WebPage","@id":"https:\/\/auren.com\/es\/noticias\/auren-factura-662-millones-de-euros-y-crece-un-16-en-2019\/","url":"https:\/\/auren.com\/es\/noticias\/auren-factura-662-millones-de-euros-y-crece-un-16-en-2019\/","name":"Auren factura 66,2 millones de euros y crece un 16% en 2019 - Auren Espa\u00f1a","isPartOf":{"@id":"https:\/\/auren.com\/es\/#website"},"primaryImageOfPage":{"@id":"https:\/\/auren.com\/es\/noticias\/auren-factura-662-millones-de-euros-y-crece-un-16-en-2019\/#primaryimage"},"image":{"@id":"https:\/\/auren.com\/es\/noticias\/auren-factura-662-millones-de-euros-y-crece-un-16-en-2019\/#primaryimage"},"thumbnailUrl":"https:\/\/auren.com\/es\/wp-content\/uploads\/2019\/12\/foto-presidente-auren-espana3.jpg","datePublished":"2019-12-11T10:30:06+00:00","breadcrumb":{"@id":"https:\/\/auren.com\/es\/noticias\/auren-factura-662-millones-de-euros-y-crece-un-16-en-2019\/#breadcrumb"},"inLanguage":"es","potentialAction":[{"@type":"ReadAction","target":["https:\/\/auren.com\/es\/noticias\/auren-factura-662-millones-de-euros-y-crece-un-16-en-2019\/"]}]},{"@type":"ImageObject","inLanguage":"es","@id":"https:\/\/auren.com\/es\/noticias\/auren-factura-662-millones-de-euros-y-crece-un-16-en-2019\/#primaryimage","url":"https:\/\/auren.com\/es\/wp-content\/uploads\/2019\/12\/foto-presidente-auren-espana3.jpg","contentUrl":"https:\/\/auren.com\/es\/wp-content\/uploads\/2019\/12\/foto-presidente-auren-espana3.jpg","width":900,"height":599},{"@type":"BreadcrumbList","@id":"https:\/\/auren.com\/es\/noticias\/auren-factura-662-millones-de-euros-y-crece-un-16-en-2019\/#breadcrumb","itemListElement":[{"@type":"ListItem","position":1,"name":"Portada","item":"https:\/\/auren.com\/es\/"},{"@type":"ListItem","position":2,"name":"Auren factura 66,2 millones de euros y crece un 16% en 2019"}]},{"@type":"WebSite","@id":"https:\/\/auren.com\/es\/#website","url":"https:\/\/auren.com\/es\/","name":"Auren","description":"","publisher":{"@id":"https:\/\/auren.com\/es\/#organization"},"alternateName":"Auren","potentialAction":[{"@type":"SearchAction","target":{"@type":"EntryPoint","urlTemplate":"https:\/\/auren.com\/es\/?s={search_term_string}"},"query-input":{"@type":"PropertyValueSpecification","valueRequired":true,"valueName":"search_term_string"}}],"inLanguage":"es"},{"@type":"Organization","@id":"https:\/\/auren.com\/es\/#organization","name":"Auren","alternateName":"Auren","url":"https:\/\/auren.com\/es\/","logo":{"@type":"ImageObject","inLanguage":"es","@id":"https:\/\/auren.com\/es\/#\/schema\/logo\/image\/","url":"https:\/\/auren.com\/es\/wp-content\/uploads\/2025\/01\/cropped-cropped-favicon-Auren.png","contentUrl":"https:\/\/auren.com\/es\/wp-content\/uploads\/2025\/01\/cropped-cropped-favicon-Auren.png","width":512,"height":512,"caption":"Auren"},"image":{"@id":"https:\/\/auren.com\/es\/#\/schema\/logo\/image\/"},"sameAs":["https:\/\/x.com\/auren_spain","https:\/\/www.linkedin.com\/company\/aurenspainserviciosprofesionales","https:\/\/www.youtube.com\/@AurenEsp","https:\/\/www.instagram.com\/auren_spain"]}]}},"_links":{"self":[{"href":"https:\/\/auren.com\/es\/wp-json\/wp\/v2\/new\/5248","targetHints":{"allow":["GET"]}}],"collection":[{"href":"https:\/\/auren.com\/es\/wp-json\/wp\/v2\/new"}],"about":[{"href":"https:\/\/auren.com\/es\/wp-json\/wp\/v2\/types\/new"}],"version-history":[{"count":0,"href":"https:\/\/auren.com\/es\/wp-json\/wp\/v2\/new\/5248\/revisions"}],"wp:featuredmedia":[{"embeddable":true,"href":"https:\/\/auren.com\/es\/wp-json\/wp\/v2\/media\/5249"}],"wp:attachment":[{"href":"https:\/\/auren.com\/es\/wp-json\/wp\/v2\/media?parent=5248"}],"wp:term":[{"taxonomy":"new-category","embeddable":true,"href":"https:\/\/auren.com\/es\/wp-json\/wp\/v2\/new-category?post=5248"}],"curies":[{"name":"wp","href":"https:\/\/api.w.org\/{rel}","templated":true}]}}