{"id":5251,"date":"2019-11-26T09:26:36","date_gmt":"2019-11-26T08:26:36","guid":{"rendered":"https:\/\/auren.com\/es\/new\/auren-incorpora-a-miguel-saiz-como-nuevo-socio-para-la-division-de-consultoria-de-rrhh\/"},"modified":"2019-11-26T09:26:36","modified_gmt":"2019-11-26T08:26:36","slug":"auren-incorpora-a-miguel-saiz-como-nuevo-socio-para-la-division-de-consultoria-de-rrhh","status":"publish","type":"new","link":"https:\/\/auren.com\/es\/noticias\/auren-incorpora-a-miguel-saiz-como-nuevo-socio-para-la-division-de-consultoria-de-rrhh\/","title":{"rendered":"Auren incorpora a Miguel Saiz como nuevo socio para la divisi\u00f3n de consultor\u00eda de RRHH"},"content":{"rendered":"<figure rel=\"width: 513px; height: 376.938px;\" style=\"text-align: center;\"><img decoding=\"async\" data-src=\"https:\/\/d33c2a5xmvj7uh.cloudfront.net\/images\/originals\/foto-miguel-saiz-ok.jpg?v=1574760172\" data-image=\"9995597\" style=\"--smush-placeholder-width: 513px; --smush-placeholder-aspect-ratio: 513\/376;width: 513px; height: 376.938px;\" width=\"513\" height=\"376.9375\" src=\"data:image\/svg+xml;base64,PHN2ZyB3aWR0aD0iMSIgaGVpZ2h0PSIxIiB4bWxucz0iaHR0cDovL3d3dy53My5vcmcvMjAwMC9zdmciPjwvc3ZnPg==\" class=\"lazyload\"><\/figure>\n<p class=\"text-justify\">Auren&nbsp;ha incorporado a Miguel Saiz como nuevo socio para reforzar la divisi\u00f3n de consultor\u00eda de Recursos Humanos.<\/p>\n<p class=\"text-justify\">Licenciado en Psicolog\u00eda por la Universidad de Deusto y M\u00e1ster en Recursos Humanos por ICADE, inici\u00f3 su carrera en el sector de los servicios profesionales como consultor en PwC. Posteriormente, ha ocupado diferentes puestos de responsabilidad dentro de los departamentos de Recursos Humanos en grandes compa\u00f1\u00edas como Grupo Telef\u00f3nica o Microsoft, donde fue Gerente Corporativo de Desarrollo de Recursos Humanos y Director de Operaciones de RRHH, respectivamente. En 2015 fund\u00f3 su propia empresa, Beneffics, dedicada al dise\u00f1o y a la gesti\u00f3n de beneficios sociales y a la externalizaci\u00f3n de las Operaciones de RRHH.   <\/p>\n<p class=\"text-justify\">La incorporaci\u00f3n de Miguel Saiz servir\u00e1 para completar la oferta de servicios de Auren Blc, la divisi\u00f3n de consultor\u00eda de RRHH de la firma, a\u00f1adiendo el servicio de Operaciones y Soporte de Procesos de Recursos Humanos, que se dedica a estandarizar y automatizar los procesos en esta \u00e1rea dentro las compa\u00f1\u00edas; a apoyar a los departamentos de gesti\u00f3n de personas de las empresas en lo referente a documentaci\u00f3n o tareas administrativas para restarles carga operativa, o al dise\u00f1o e implementaci\u00f3n de planes y programas de compensaci\u00f3n o de beneficios sociales, entre otros servicios.   <\/p>\n<p class=\"text-justify\">\u201cCon esta incorporaci\u00f3n nuestra divisi\u00f3n de consultor\u00eda de RRHH se convierte en el socio ideal para acompa\u00f1ar a las empresas en todo el ciclo de vida del empleado en sus organizaciones, desde la parte m\u00e1s estrat\u00e9gica a la parte m\u00e1s operativa, ofreciendo soluciones personalizadas y adaptadas a la realidad de cada compa\u00f1\u00eda\u201d, afirm\u00f3 Javier Cantera, socio responsable de consultor\u00eda de la firma. <\/p>\n<p><!-- AddThis Advanced Settings generic via filter on the_content --><!-- AddThis Share Buttons generic via filter on the_content --><\/p>\n","protected":false},"excerpt":{"rendered":"<p>Auren&nbsp;ha incorporado a Miguel Saiz como nuevo socio para reforzar la divisi\u00f3n de consultor\u00eda de Recursos Humanos.<\/p>\n","protected":false},"featured_media":5252,"template":"","meta":{"_acf_changed":false,"footnotes":""},"new-category":[],"class_list":["post-5251","new","type-new","status-publish","has-post-thumbnail","hentry"],"acf":[],"yoast_head":"<!-- This site is optimized with the Yoast SEO plugin v27.4 - https:\/\/yoast.com\/product\/yoast-seo-wordpress\/ -->\n<title>Auren incorpora a Miguel Saiz como nuevo socio para la divisi\u00f3n de consultor\u00eda de RRHH - Auren Espa\u00f1a<\/title>\n<meta name=\"robots\" content=\"index, follow, max-snippet:-1, max-image-preview:large, max-video-preview:-1\" \/>\n<link rel=\"canonical\" href=\"https:\/\/auren.com\/es\/noticias\/auren-incorpora-a-miguel-saiz-como-nuevo-socio-para-la-division-de-consultoria-de-rrhh\/\" \/>\n<meta property=\"og:locale\" content=\"es_ES\" \/>\n<meta property=\"og:type\" content=\"article\" \/>\n<meta property=\"og:title\" content=\"Auren incorpora a Miguel Saiz como nuevo socio para la divisi\u00f3n de consultor\u00eda de RRHH - Auren Espa\u00f1a\" \/>\n<meta property=\"og:description\" content=\"Auren&nbsp;ha incorporado a Miguel Saiz como nuevo socio para reforzar la divisi\u00f3n de consultor\u00eda de Recursos Humanos.\" \/>\n<meta property=\"og:url\" content=\"https:\/\/auren.com\/es\/noticias\/auren-incorpora-a-miguel-saiz-como-nuevo-socio-para-la-division-de-consultoria-de-rrhh\/\" \/>\n<meta property=\"og:site_name\" content=\"Auren\" \/>\n<meta property=\"og:image\" content=\"https:\/\/auren.com\/es\/wp-content\/uploads\/2019\/11\/foto-miguel-saiz-ok-scaled-1.jpg\" \/>\n\t<meta property=\"og:image:width\" content=\"2560\" \/>\n\t<meta property=\"og:image:height\" content=\"1883\" \/>\n\t<meta property=\"og:image:type\" content=\"image\/jpeg\" \/>\n<meta name=\"twitter:card\" content=\"summary_large_image\" \/>\n<meta name=\"twitter:site\" content=\"@auren_spain\" \/>\n<meta name=\"twitter:label1\" content=\"Tiempo de lectura\" \/>\n\t<meta name=\"twitter:data1\" content=\"1 minuto\" \/>\n<script type=\"application\/ld+json\" class=\"yoast-schema-graph\">{\"@context\":\"https:\\\/\\\/schema.org\",\"@graph\":[{\"@type\":\"WebPage\",\"@id\":\"https:\\\/\\\/auren.com\\\/es\\\/noticias\\\/auren-incorpora-a-miguel-saiz-como-nuevo-socio-para-la-division-de-consultoria-de-rrhh\\\/\",\"url\":\"https:\\\/\\\/auren.com\\\/es\\\/noticias\\\/auren-incorpora-a-miguel-saiz-como-nuevo-socio-para-la-division-de-consultoria-de-rrhh\\\/\",\"name\":\"Auren incorpora a Miguel Saiz como nuevo socio para la divisi\u00f3n de consultor\u00eda de RRHH - Auren Espa\u00f1a\",\"isPartOf\":{\"@id\":\"https:\\\/\\\/auren.com\\\/es\\\/#website\"},\"primaryImageOfPage\":{\"@id\":\"https:\\\/\\\/auren.com\\\/es\\\/noticias\\\/auren-incorpora-a-miguel-saiz-como-nuevo-socio-para-la-division-de-consultoria-de-rrhh\\\/#primaryimage\"},\"image\":{\"@id\":\"https:\\\/\\\/auren.com\\\/es\\\/noticias\\\/auren-incorpora-a-miguel-saiz-como-nuevo-socio-para-la-division-de-consultoria-de-rrhh\\\/#primaryimage\"},\"thumbnailUrl\":\"https:\\\/\\\/auren.com\\\/es\\\/wp-content\\\/uploads\\\/2019\\\/11\\\/foto-miguel-saiz-ok-scaled-1.jpg\",\"datePublished\":\"2019-11-26T08:26:36+00:00\",\"breadcrumb\":{\"@id\":\"https:\\\/\\\/auren.com\\\/es\\\/noticias\\\/auren-incorpora-a-miguel-saiz-como-nuevo-socio-para-la-division-de-consultoria-de-rrhh\\\/#breadcrumb\"},\"inLanguage\":\"es\",\"potentialAction\":[{\"@type\":\"ReadAction\",\"target\":[\"https:\\\/\\\/auren.com\\\/es\\\/noticias\\\/auren-incorpora-a-miguel-saiz-como-nuevo-socio-para-la-division-de-consultoria-de-rrhh\\\/\"]}]},{\"@type\":\"ImageObject\",\"inLanguage\":\"es\",\"@id\":\"https:\\\/\\\/auren.com\\\/es\\\/noticias\\\/auren-incorpora-a-miguel-saiz-como-nuevo-socio-para-la-division-de-consultoria-de-rrhh\\\/#primaryimage\",\"url\":\"https:\\\/\\\/auren.com\\\/es\\\/wp-content\\\/uploads\\\/2019\\\/11\\\/foto-miguel-saiz-ok-scaled-1.jpg\",\"contentUrl\":\"https:\\\/\\\/auren.com\\\/es\\\/wp-content\\\/uploads\\\/2019\\\/11\\\/foto-miguel-saiz-ok-scaled-1.jpg\",\"width\":2560,\"height\":1883},{\"@type\":\"BreadcrumbList\",\"@id\":\"https:\\\/\\\/auren.com\\\/es\\\/noticias\\\/auren-incorpora-a-miguel-saiz-como-nuevo-socio-para-la-division-de-consultoria-de-rrhh\\\/#breadcrumb\",\"itemListElement\":[{\"@type\":\"ListItem\",\"position\":1,\"name\":\"Portada\",\"item\":\"https:\\\/\\\/auren.com\\\/es\\\/\"},{\"@type\":\"ListItem\",\"position\":2,\"name\":\"Auren incorpora a Miguel Saiz como nuevo socio para la divisi\u00f3n de consultor\u00eda de RRHH\"}]},{\"@type\":\"WebSite\",\"@id\":\"https:\\\/\\\/auren.com\\\/es\\\/#website\",\"url\":\"https:\\\/\\\/auren.com\\\/es\\\/\",\"name\":\"Auren\",\"description\":\"\",\"publisher\":{\"@id\":\"https:\\\/\\\/auren.com\\\/es\\\/#organization\"},\"alternateName\":\"Auren\",\"potentialAction\":[{\"@type\":\"SearchAction\",\"target\":{\"@type\":\"EntryPoint\",\"urlTemplate\":\"https:\\\/\\\/auren.com\\\/es\\\/?s={search_term_string}\"},\"query-input\":{\"@type\":\"PropertyValueSpecification\",\"valueRequired\":true,\"valueName\":\"search_term_string\"}}],\"inLanguage\":\"es\"},{\"@type\":\"Organization\",\"@id\":\"https:\\\/\\\/auren.com\\\/es\\\/#organization\",\"name\":\"Auren\",\"alternateName\":\"Auren\",\"url\":\"https:\\\/\\\/auren.com\\\/es\\\/\",\"logo\":{\"@type\":\"ImageObject\",\"inLanguage\":\"es\",\"@id\":\"https:\\\/\\\/auren.com\\\/es\\\/#\\\/schema\\\/logo\\\/image\\\/\",\"url\":\"https:\\\/\\\/auren.com\\\/es\\\/wp-content\\\/uploads\\\/2025\\\/01\\\/cropped-cropped-favicon-Auren.png\",\"contentUrl\":\"https:\\\/\\\/auren.com\\\/es\\\/wp-content\\\/uploads\\\/2025\\\/01\\\/cropped-cropped-favicon-Auren.png\",\"width\":512,\"height\":512,\"caption\":\"Auren\"},\"image\":{\"@id\":\"https:\\\/\\\/auren.com\\\/es\\\/#\\\/schema\\\/logo\\\/image\\\/\"},\"sameAs\":[\"https:\\\/\\\/x.com\\\/auren_spain\",\"https:\\\/\\\/www.linkedin.com\\\/company\\\/aurenspainserviciosprofesionales\",\"https:\\\/\\\/www.youtube.com\\\/@AurenEsp\",\"https:\\\/\\\/www.instagram.com\\\/auren_spain\"]}]}<\/script>\n<!-- \/ Yoast SEO plugin. -->","yoast_head_json":{"title":"Auren incorpora a Miguel Saiz como nuevo socio para la divisi\u00f3n de consultor\u00eda de RRHH - Auren Espa\u00f1a","robots":{"index":"index","follow":"follow","max-snippet":"max-snippet:-1","max-image-preview":"max-image-preview:large","max-video-preview":"max-video-preview:-1"},"canonical":"https:\/\/auren.com\/es\/noticias\/auren-incorpora-a-miguel-saiz-como-nuevo-socio-para-la-division-de-consultoria-de-rrhh\/","og_locale":"es_ES","og_type":"article","og_title":"Auren incorpora a Miguel Saiz como nuevo socio para la divisi\u00f3n de consultor\u00eda de RRHH - Auren Espa\u00f1a","og_description":"Auren&nbsp;ha incorporado a Miguel Saiz como nuevo socio para reforzar la divisi\u00f3n de consultor\u00eda de Recursos Humanos.","og_url":"https:\/\/auren.com\/es\/noticias\/auren-incorpora-a-miguel-saiz-como-nuevo-socio-para-la-division-de-consultoria-de-rrhh\/","og_site_name":"Auren","og_image":[{"width":2560,"height":1883,"url":"https:\/\/auren.com\/es\/wp-content\/uploads\/2019\/11\/foto-miguel-saiz-ok-scaled-1.jpg","type":"image\/jpeg"}],"twitter_card":"summary_large_image","twitter_site":"@auren_spain","twitter_misc":{"Tiempo de lectura":"1 minuto"},"schema":{"@context":"https:\/\/schema.org","@graph":[{"@type":"WebPage","@id":"https:\/\/auren.com\/es\/noticias\/auren-incorpora-a-miguel-saiz-como-nuevo-socio-para-la-division-de-consultoria-de-rrhh\/","url":"https:\/\/auren.com\/es\/noticias\/auren-incorpora-a-miguel-saiz-como-nuevo-socio-para-la-division-de-consultoria-de-rrhh\/","name":"Auren incorpora a Miguel Saiz como nuevo socio para la divisi\u00f3n de consultor\u00eda de RRHH - Auren Espa\u00f1a","isPartOf":{"@id":"https:\/\/auren.com\/es\/#website"},"primaryImageOfPage":{"@id":"https:\/\/auren.com\/es\/noticias\/auren-incorpora-a-miguel-saiz-como-nuevo-socio-para-la-division-de-consultoria-de-rrhh\/#primaryimage"},"image":{"@id":"https:\/\/auren.com\/es\/noticias\/auren-incorpora-a-miguel-saiz-como-nuevo-socio-para-la-division-de-consultoria-de-rrhh\/#primaryimage"},"thumbnailUrl":"https:\/\/auren.com\/es\/wp-content\/uploads\/2019\/11\/foto-miguel-saiz-ok-scaled-1.jpg","datePublished":"2019-11-26T08:26:36+00:00","breadcrumb":{"@id":"https:\/\/auren.com\/es\/noticias\/auren-incorpora-a-miguel-saiz-como-nuevo-socio-para-la-division-de-consultoria-de-rrhh\/#breadcrumb"},"inLanguage":"es","potentialAction":[{"@type":"ReadAction","target":["https:\/\/auren.com\/es\/noticias\/auren-incorpora-a-miguel-saiz-como-nuevo-socio-para-la-division-de-consultoria-de-rrhh\/"]}]},{"@type":"ImageObject","inLanguage":"es","@id":"https:\/\/auren.com\/es\/noticias\/auren-incorpora-a-miguel-saiz-como-nuevo-socio-para-la-division-de-consultoria-de-rrhh\/#primaryimage","url":"https:\/\/auren.com\/es\/wp-content\/uploads\/2019\/11\/foto-miguel-saiz-ok-scaled-1.jpg","contentUrl":"https:\/\/auren.com\/es\/wp-content\/uploads\/2019\/11\/foto-miguel-saiz-ok-scaled-1.jpg","width":2560,"height":1883},{"@type":"BreadcrumbList","@id":"https:\/\/auren.com\/es\/noticias\/auren-incorpora-a-miguel-saiz-como-nuevo-socio-para-la-division-de-consultoria-de-rrhh\/#breadcrumb","itemListElement":[{"@type":"ListItem","position":1,"name":"Portada","item":"https:\/\/auren.com\/es\/"},{"@type":"ListItem","position":2,"name":"Auren incorpora a Miguel Saiz como nuevo socio para la divisi\u00f3n de consultor\u00eda de RRHH"}]},{"@type":"WebSite","@id":"https:\/\/auren.com\/es\/#website","url":"https:\/\/auren.com\/es\/","name":"Auren","description":"","publisher":{"@id":"https:\/\/auren.com\/es\/#organization"},"alternateName":"Auren","potentialAction":[{"@type":"SearchAction","target":{"@type":"EntryPoint","urlTemplate":"https:\/\/auren.com\/es\/?s={search_term_string}"},"query-input":{"@type":"PropertyValueSpecification","valueRequired":true,"valueName":"search_term_string"}}],"inLanguage":"es"},{"@type":"Organization","@id":"https:\/\/auren.com\/es\/#organization","name":"Auren","alternateName":"Auren","url":"https:\/\/auren.com\/es\/","logo":{"@type":"ImageObject","inLanguage":"es","@id":"https:\/\/auren.com\/es\/#\/schema\/logo\/image\/","url":"https:\/\/auren.com\/es\/wp-content\/uploads\/2025\/01\/cropped-cropped-favicon-Auren.png","contentUrl":"https:\/\/auren.com\/es\/wp-content\/uploads\/2025\/01\/cropped-cropped-favicon-Auren.png","width":512,"height":512,"caption":"Auren"},"image":{"@id":"https:\/\/auren.com\/es\/#\/schema\/logo\/image\/"},"sameAs":["https:\/\/x.com\/auren_spain","https:\/\/www.linkedin.com\/company\/aurenspainserviciosprofesionales","https:\/\/www.youtube.com\/@AurenEsp","https:\/\/www.instagram.com\/auren_spain"]}]}},"_links":{"self":[{"href":"https:\/\/auren.com\/es\/wp-json\/wp\/v2\/new\/5251","targetHints":{"allow":["GET"]}}],"collection":[{"href":"https:\/\/auren.com\/es\/wp-json\/wp\/v2\/new"}],"about":[{"href":"https:\/\/auren.com\/es\/wp-json\/wp\/v2\/types\/new"}],"version-history":[{"count":0,"href":"https:\/\/auren.com\/es\/wp-json\/wp\/v2\/new\/5251\/revisions"}],"wp:featuredmedia":[{"embeddable":true,"href":"https:\/\/auren.com\/es\/wp-json\/wp\/v2\/media\/5252"}],"wp:attachment":[{"href":"https:\/\/auren.com\/es\/wp-json\/wp\/v2\/media?parent=5251"}],"wp:term":[{"taxonomy":"new-category","embeddable":true,"href":"https:\/\/auren.com\/es\/wp-json\/wp\/v2\/new-category?post=5251"}],"curies":[{"name":"wp","href":"https:\/\/api.w.org\/{rel}","templated":true}]}}