{"id":5260,"date":"2019-11-15T12:49:15","date_gmt":"2019-11-15T11:49:15","guid":{"rendered":"https:\/\/auren.com\/es\/new\/auren-ecija-lean-ontier-y-uhy-suscriben-la-carta-de-negocios-saludables\/"},"modified":"2019-11-15T12:49:15","modified_gmt":"2019-11-15T11:49:15","slug":"auren-ecija-lean-ontier-y-uhy-suscriben-la-carta-de-negocios-saludables","status":"publish","type":"new","link":"https:\/\/auren.com\/es\/noticias\/auren-ecija-lean-ontier-y-uhy-suscriben-la-carta-de-negocios-saludables\/","title":{"rendered":"Auren, Ecija, Lean, Ontier y UHY suscriben la Carta de Negocios Saludables"},"content":{"rendered":"<p>Las firmas Auren, Ecija, Lean, Ontier y UHY Fay &#038; Co firman la Carta de Negocios Saludables. Adem\u00e1s de estas cinco incorporaciones, el documento impulsado por el Instituto de Salud Mental de la Abogac\u00eda (ISMA) ha sido suscrito por la Asociaci\u00f3n de J\u00f3venes Abogados de las Islas Baleares, A Definitivas (portal jur\u00eddico), el despacho \u00abT\u00e9rminos y Condiciones\u00bb y el Consejo General de la Abogac\u00eda Espa\u00f1ola (CGAE), que firm\u00f3 la Carta ayer por la ma\u00f1ana. En total, nueve organizaciones.<\/p>\n<p><a href=\"https:\/\/cincodias.elpais.com\/cincodias\/2019\/11\/14\/legal\/1573747356_169956.html\">Leer m\u00e1s&#8230;<\/a><\/p>\n<p><!-- AddThis Advanced Settings generic via filter on the_content --><!-- AddThis Share Buttons generic via filter on the_content --><\/p>\n","protected":false},"excerpt":{"rendered":"<p>Las firmas Auren, Ecija, Lean, Ontier y UHY Fay &#038; Co firman la Carta de Negocios Saludables. Adem\u00e1s de estas cinco incorporaciones, el documento impulsado por el Instituto de Salud [&hellip;]<\/p>\n","protected":false},"featured_media":5261,"template":"","meta":{"_acf_changed":false,"footnotes":""},"new-category":[],"class_list":["post-5260","new","type-new","status-publish","has-post-thumbnail","hentry"],"acf":[],"yoast_head":"<!-- This site is optimized with the Yoast SEO plugin v27.4 - https:\/\/yoast.com\/product\/yoast-seo-wordpress\/ -->\n<title>Auren, Ecija, Lean, Ontier y UHY suscriben la Carta de Negocios Saludables - Auren Espa\u00f1a<\/title>\n<meta name=\"robots\" content=\"index, follow, max-snippet:-1, max-image-preview:large, max-video-preview:-1\" \/>\n<link rel=\"canonical\" href=\"https:\/\/auren.com\/es\/noticias\/auren-ecija-lean-ontier-y-uhy-suscriben-la-carta-de-negocios-saludables\/\" \/>\n<meta property=\"og:locale\" content=\"es_ES\" \/>\n<meta property=\"og:type\" content=\"article\" \/>\n<meta property=\"og:title\" content=\"Auren, Ecija, Lean, Ontier y UHY suscriben la Carta de Negocios Saludables - Auren Espa\u00f1a\" \/>\n<meta property=\"og:description\" content=\"Las firmas Auren, Ecija, Lean, Ontier y UHY Fay &#038; Co firman la Carta de Negocios Saludables. Adem\u00e1s de estas cinco incorporaciones, el documento impulsado por el Instituto de Salud [&hellip;]\" \/>\n<meta property=\"og:url\" content=\"https:\/\/auren.com\/es\/noticias\/auren-ecija-lean-ontier-y-uhy-suscriben-la-carta-de-negocios-saludables\/\" \/>\n<meta property=\"og:site_name\" content=\"Auren\" \/>\n<meta property=\"og:image\" content=\"https:\/\/auren.com\/es\/wp-content\/uploads\/2019\/11\/900x520_34.jpg\" \/>\n\t<meta property=\"og:image:width\" content=\"900\" \/>\n\t<meta property=\"og:image:height\" content=\"520\" \/>\n\t<meta property=\"og:image:type\" content=\"image\/jpeg\" \/>\n<meta name=\"twitter:card\" content=\"summary_large_image\" \/>\n<meta name=\"twitter:site\" content=\"@auren_spain\" \/>\n<script type=\"application\/ld+json\" class=\"yoast-schema-graph\">{\"@context\":\"https:\\\/\\\/schema.org\",\"@graph\":[{\"@type\":\"WebPage\",\"@id\":\"https:\\\/\\\/auren.com\\\/es\\\/noticias\\\/auren-ecija-lean-ontier-y-uhy-suscriben-la-carta-de-negocios-saludables\\\/\",\"url\":\"https:\\\/\\\/auren.com\\\/es\\\/noticias\\\/auren-ecija-lean-ontier-y-uhy-suscriben-la-carta-de-negocios-saludables\\\/\",\"name\":\"Auren, Ecija, Lean, Ontier y UHY suscriben la Carta de Negocios Saludables - Auren Espa\u00f1a\",\"isPartOf\":{\"@id\":\"https:\\\/\\\/auren.com\\\/es\\\/#website\"},\"primaryImageOfPage\":{\"@id\":\"https:\\\/\\\/auren.com\\\/es\\\/noticias\\\/auren-ecija-lean-ontier-y-uhy-suscriben-la-carta-de-negocios-saludables\\\/#primaryimage\"},\"image\":{\"@id\":\"https:\\\/\\\/auren.com\\\/es\\\/noticias\\\/auren-ecija-lean-ontier-y-uhy-suscriben-la-carta-de-negocios-saludables\\\/#primaryimage\"},\"thumbnailUrl\":\"https:\\\/\\\/auren.com\\\/es\\\/wp-content\\\/uploads\\\/2019\\\/11\\\/900x520_34.jpg\",\"datePublished\":\"2019-11-15T11:49:15+00:00\",\"breadcrumb\":{\"@id\":\"https:\\\/\\\/auren.com\\\/es\\\/noticias\\\/auren-ecija-lean-ontier-y-uhy-suscriben-la-carta-de-negocios-saludables\\\/#breadcrumb\"},\"inLanguage\":\"es\",\"potentialAction\":[{\"@type\":\"ReadAction\",\"target\":[\"https:\\\/\\\/auren.com\\\/es\\\/noticias\\\/auren-ecija-lean-ontier-y-uhy-suscriben-la-carta-de-negocios-saludables\\\/\"]}]},{\"@type\":\"ImageObject\",\"inLanguage\":\"es\",\"@id\":\"https:\\\/\\\/auren.com\\\/es\\\/noticias\\\/auren-ecija-lean-ontier-y-uhy-suscriben-la-carta-de-negocios-saludables\\\/#primaryimage\",\"url\":\"https:\\\/\\\/auren.com\\\/es\\\/wp-content\\\/uploads\\\/2019\\\/11\\\/900x520_34.jpg\",\"contentUrl\":\"https:\\\/\\\/auren.com\\\/es\\\/wp-content\\\/uploads\\\/2019\\\/11\\\/900x520_34.jpg\",\"width\":900,\"height\":520},{\"@type\":\"BreadcrumbList\",\"@id\":\"https:\\\/\\\/auren.com\\\/es\\\/noticias\\\/auren-ecija-lean-ontier-y-uhy-suscriben-la-carta-de-negocios-saludables\\\/#breadcrumb\",\"itemListElement\":[{\"@type\":\"ListItem\",\"position\":1,\"name\":\"Portada\",\"item\":\"https:\\\/\\\/auren.com\\\/es\\\/\"},{\"@type\":\"ListItem\",\"position\":2,\"name\":\"Auren, Ecija, Lean, Ontier y UHY suscriben la Carta de Negocios Saludables\"}]},{\"@type\":\"WebSite\",\"@id\":\"https:\\\/\\\/auren.com\\\/es\\\/#website\",\"url\":\"https:\\\/\\\/auren.com\\\/es\\\/\",\"name\":\"Auren\",\"description\":\"\",\"publisher\":{\"@id\":\"https:\\\/\\\/auren.com\\\/es\\\/#organization\"},\"alternateName\":\"Auren\",\"potentialAction\":[{\"@type\":\"SearchAction\",\"target\":{\"@type\":\"EntryPoint\",\"urlTemplate\":\"https:\\\/\\\/auren.com\\\/es\\\/?s={search_term_string}\"},\"query-input\":{\"@type\":\"PropertyValueSpecification\",\"valueRequired\":true,\"valueName\":\"search_term_string\"}}],\"inLanguage\":\"es\"},{\"@type\":\"Organization\",\"@id\":\"https:\\\/\\\/auren.com\\\/es\\\/#organization\",\"name\":\"Auren\",\"alternateName\":\"Auren\",\"url\":\"https:\\\/\\\/auren.com\\\/es\\\/\",\"logo\":{\"@type\":\"ImageObject\",\"inLanguage\":\"es\",\"@id\":\"https:\\\/\\\/auren.com\\\/es\\\/#\\\/schema\\\/logo\\\/image\\\/\",\"url\":\"https:\\\/\\\/auren.com\\\/es\\\/wp-content\\\/uploads\\\/2025\\\/01\\\/cropped-cropped-favicon-Auren.png\",\"contentUrl\":\"https:\\\/\\\/auren.com\\\/es\\\/wp-content\\\/uploads\\\/2025\\\/01\\\/cropped-cropped-favicon-Auren.png\",\"width\":512,\"height\":512,\"caption\":\"Auren\"},\"image\":{\"@id\":\"https:\\\/\\\/auren.com\\\/es\\\/#\\\/schema\\\/logo\\\/image\\\/\"},\"sameAs\":[\"https:\\\/\\\/x.com\\\/auren_spain\",\"https:\\\/\\\/www.linkedin.com\\\/company\\\/aurenspainserviciosprofesionales\",\"https:\\\/\\\/www.youtube.com\\\/@AurenEsp\",\"https:\\\/\\\/www.instagram.com\\\/auren_spain\"]}]}<\/script>\n<!-- \/ Yoast SEO plugin. -->","yoast_head_json":{"title":"Auren, Ecija, Lean, Ontier y UHY suscriben la Carta de Negocios Saludables - Auren Espa\u00f1a","robots":{"index":"index","follow":"follow","max-snippet":"max-snippet:-1","max-image-preview":"max-image-preview:large","max-video-preview":"max-video-preview:-1"},"canonical":"https:\/\/auren.com\/es\/noticias\/auren-ecija-lean-ontier-y-uhy-suscriben-la-carta-de-negocios-saludables\/","og_locale":"es_ES","og_type":"article","og_title":"Auren, Ecija, Lean, Ontier y UHY suscriben la Carta de Negocios Saludables - Auren Espa\u00f1a","og_description":"Las firmas Auren, Ecija, Lean, Ontier y UHY Fay &#038; Co firman la Carta de Negocios Saludables. Adem\u00e1s de estas cinco incorporaciones, el documento impulsado por el Instituto de Salud [&hellip;]","og_url":"https:\/\/auren.com\/es\/noticias\/auren-ecija-lean-ontier-y-uhy-suscriben-la-carta-de-negocios-saludables\/","og_site_name":"Auren","og_image":[{"width":900,"height":520,"url":"https:\/\/auren.com\/es\/wp-content\/uploads\/2019\/11\/900x520_34.jpg","type":"image\/jpeg"}],"twitter_card":"summary_large_image","twitter_site":"@auren_spain","schema":{"@context":"https:\/\/schema.org","@graph":[{"@type":"WebPage","@id":"https:\/\/auren.com\/es\/noticias\/auren-ecija-lean-ontier-y-uhy-suscriben-la-carta-de-negocios-saludables\/","url":"https:\/\/auren.com\/es\/noticias\/auren-ecija-lean-ontier-y-uhy-suscriben-la-carta-de-negocios-saludables\/","name":"Auren, Ecija, Lean, Ontier y UHY suscriben la Carta de Negocios Saludables - Auren Espa\u00f1a","isPartOf":{"@id":"https:\/\/auren.com\/es\/#website"},"primaryImageOfPage":{"@id":"https:\/\/auren.com\/es\/noticias\/auren-ecija-lean-ontier-y-uhy-suscriben-la-carta-de-negocios-saludables\/#primaryimage"},"image":{"@id":"https:\/\/auren.com\/es\/noticias\/auren-ecija-lean-ontier-y-uhy-suscriben-la-carta-de-negocios-saludables\/#primaryimage"},"thumbnailUrl":"https:\/\/auren.com\/es\/wp-content\/uploads\/2019\/11\/900x520_34.jpg","datePublished":"2019-11-15T11:49:15+00:00","breadcrumb":{"@id":"https:\/\/auren.com\/es\/noticias\/auren-ecija-lean-ontier-y-uhy-suscriben-la-carta-de-negocios-saludables\/#breadcrumb"},"inLanguage":"es","potentialAction":[{"@type":"ReadAction","target":["https:\/\/auren.com\/es\/noticias\/auren-ecija-lean-ontier-y-uhy-suscriben-la-carta-de-negocios-saludables\/"]}]},{"@type":"ImageObject","inLanguage":"es","@id":"https:\/\/auren.com\/es\/noticias\/auren-ecija-lean-ontier-y-uhy-suscriben-la-carta-de-negocios-saludables\/#primaryimage","url":"https:\/\/auren.com\/es\/wp-content\/uploads\/2019\/11\/900x520_34.jpg","contentUrl":"https:\/\/auren.com\/es\/wp-content\/uploads\/2019\/11\/900x520_34.jpg","width":900,"height":520},{"@type":"BreadcrumbList","@id":"https:\/\/auren.com\/es\/noticias\/auren-ecija-lean-ontier-y-uhy-suscriben-la-carta-de-negocios-saludables\/#breadcrumb","itemListElement":[{"@type":"ListItem","position":1,"name":"Portada","item":"https:\/\/auren.com\/es\/"},{"@type":"ListItem","position":2,"name":"Auren, Ecija, Lean, Ontier y UHY suscriben la Carta de Negocios Saludables"}]},{"@type":"WebSite","@id":"https:\/\/auren.com\/es\/#website","url":"https:\/\/auren.com\/es\/","name":"Auren","description":"","publisher":{"@id":"https:\/\/auren.com\/es\/#organization"},"alternateName":"Auren","potentialAction":[{"@type":"SearchAction","target":{"@type":"EntryPoint","urlTemplate":"https:\/\/auren.com\/es\/?s={search_term_string}"},"query-input":{"@type":"PropertyValueSpecification","valueRequired":true,"valueName":"search_term_string"}}],"inLanguage":"es"},{"@type":"Organization","@id":"https:\/\/auren.com\/es\/#organization","name":"Auren","alternateName":"Auren","url":"https:\/\/auren.com\/es\/","logo":{"@type":"ImageObject","inLanguage":"es","@id":"https:\/\/auren.com\/es\/#\/schema\/logo\/image\/","url":"https:\/\/auren.com\/es\/wp-content\/uploads\/2025\/01\/cropped-cropped-favicon-Auren.png","contentUrl":"https:\/\/auren.com\/es\/wp-content\/uploads\/2025\/01\/cropped-cropped-favicon-Auren.png","width":512,"height":512,"caption":"Auren"},"image":{"@id":"https:\/\/auren.com\/es\/#\/schema\/logo\/image\/"},"sameAs":["https:\/\/x.com\/auren_spain","https:\/\/www.linkedin.com\/company\/aurenspainserviciosprofesionales","https:\/\/www.youtube.com\/@AurenEsp","https:\/\/www.instagram.com\/auren_spain"]}]}},"_links":{"self":[{"href":"https:\/\/auren.com\/es\/wp-json\/wp\/v2\/new\/5260","targetHints":{"allow":["GET"]}}],"collection":[{"href":"https:\/\/auren.com\/es\/wp-json\/wp\/v2\/new"}],"about":[{"href":"https:\/\/auren.com\/es\/wp-json\/wp\/v2\/types\/new"}],"version-history":[{"count":0,"href":"https:\/\/auren.com\/es\/wp-json\/wp\/v2\/new\/5260\/revisions"}],"wp:featuredmedia":[{"embeddable":true,"href":"https:\/\/auren.com\/es\/wp-json\/wp\/v2\/media\/5261"}],"wp:attachment":[{"href":"https:\/\/auren.com\/es\/wp-json\/wp\/v2\/media?parent=5260"}],"wp:term":[{"taxonomy":"new-category","embeddable":true,"href":"https:\/\/auren.com\/es\/wp-json\/wp\/v2\/new-category?post=5260"}],"curies":[{"name":"wp","href":"https:\/\/api.w.org\/{rel}","templated":true}]}}