{"id":5266,"date":"2019-10-30T07:49:35","date_gmt":"2019-10-30T06:49:35","guid":{"rendered":"https:\/\/auren.com\/es\/new\/jose-miguel-cardona-socio-director-de-la-division-de-seguridad-de-la-informacion-participa-en-el-debate-de-red-de-seguridad-2\/"},"modified":"2019-10-30T07:49:35","modified_gmt":"2019-10-30T06:49:35","slug":"jose-miguel-cardona-socio-director-de-la-division-de-seguridad-de-la-informacion-participa-en-el-debate-de-red-de-seguridad-2","status":"publish","type":"new","link":"https:\/\/auren.com\/es\/noticias\/jose-miguel-cardona-socio-director-de-la-division-de-seguridad-de-la-informacion-participa-en-el-debate-de-red-de-seguridad-2\/","title":{"rendered":"Jos\u00e9 Miguel Cardona, socio director de la divisi\u00f3n de seguridad de la informaci\u00f3n, participa en el debate de Red de Seguridad"},"content":{"rendered":"<p>Jos\u00e9 Miguel Cardona, socio de la Divisi\u00f3n de Seguridad de la Informaci\u00f3n de Auren estuvo presente, en calidad de experto en el sector de la Ciberseguridad y representante de ISACA Madrid, como miembro de la Junta Directiva de la asociaci\u00f3n, en el debate \u201cSobre la mesa: respuesta ante incidentes\u201d, organizado por la reconocida publicaci\u00f3n Red Seguridad.<\/p>\n<p>En la sesi\u00f3n en la que particip\u00f3 Jos\u00e9 Miguel Cardona Pastor, junto con otras empresas del sector, como Sareb, Fintonic o Aon entre otros, se contextualiz\u00f3 la relevancia del proceso de gesti\u00f3n de incidentes derivado del incremento de las ciberamenazas y requerimientos de la normativa y se hizo hincapi\u00e9 en la importancia de contar con un plan de prevenci\u00f3n frente a tales amenazas, la concienciaci\u00f3n y revisi\u00f3n peri\u00f3dica junto con pruebas de dichos planes, debido al constante incremento de ciberataques registrado en organizaciones p\u00fablicas y privadas en estos \u00faltimos a\u00f1os.<\/p>\n<p>Jos\u00e9 Miguel Cardona cuenta con m\u00e1s de 17 a\u00f1os de experiencia en el \u00e1mbito de la Seguridad de la Informaci\u00f3n.&nbsp; Es miembro de la Junta Directiva de ISACA Madrid y vocal del Instituto de Continuidad de Negocio, Continuam. Cuenta con reconocidas certificaciones del sector de la ciberseguridad entre ellas CISA, CISM, CISSP y CRISC entre otras.<\/p>\n<p>Adem\u00e1s de profesor de postgrado en distintas universidades, es ponente habitual en eventos especializados y est\u00e1 acreditado por distintas entidades internacionales en materias de seguridad de la informaci\u00f3n.<\/p>\n<p><a href=\"http:\/\/www.redseguridad.com\/revistas\/red\/086\/14\/index.html\" target=\"_blank\" rel=\"noopener noreferrer\">Reportaje del evento publicado en Red Seguridad<\/a><\/p>\n<p><!-- AddThis Advanced Settings generic via filter on the_content --><!-- AddThis Share Buttons generic via filter on the_content --><\/p>\n","protected":false},"excerpt":{"rendered":"<p>Jos\u00e9 Miguel Cardona, socio de la Divisi\u00f3n de Seguridad de la Informaci\u00f3n de Auren estuvo presente, en calidad de experto en el sector de la Ciberseguridad y representante de ISACA Madrid, como miembro de la Junta Directiva de la asociaci\u00f3n, en el debate \u201cSobre la mesa: respuesta ante incidentes\u201d, organizado por la reconocida publicaci\u00f3n Red [&hellip;]<\/p>\n","protected":false},"featured_media":5267,"template":"","meta":{"_acf_changed":false,"footnotes":""},"new-category":[],"class_list":["post-5266","new","type-new","status-publish","has-post-thumbnail","hentry"],"acf":[],"yoast_head":"<!-- This site is optimized with the Yoast SEO plugin v27.4 - https:\/\/yoast.com\/product\/yoast-seo-wordpress\/ -->\n<title>Jos\u00e9 Miguel Cardona, socio director de la divisi\u00f3n de seguridad de la informaci\u00f3n, participa en el debate de Red de Seguridad - Auren Espa\u00f1a<\/title>\n<meta name=\"robots\" content=\"index, follow, max-snippet:-1, max-image-preview:large, max-video-preview:-1\" \/>\n<link rel=\"canonical\" href=\"https:\/\/auren.com\/es\/noticias\/jose-miguel-cardona-socio-director-de-la-division-de-seguridad-de-la-informacion-participa-en-el-debate-de-red-de-seguridad\/\" \/>\n<meta property=\"og:locale\" content=\"es_ES\" \/>\n<meta property=\"og:type\" content=\"article\" \/>\n<meta property=\"og:title\" content=\"Jos\u00e9 Miguel Cardona, socio director de la divisi\u00f3n de seguridad de la informaci\u00f3n, participa en el debate de Red de Seguridad - Auren Espa\u00f1a\" \/>\n<meta property=\"og:description\" content=\"Jos\u00e9 Miguel Cardona, socio de la Divisi\u00f3n de Seguridad de la Informaci\u00f3n de Auren estuvo presente, en calidad de experto en el sector de la Ciberseguridad y representante de ISACA Madrid, como miembro de la Junta Directiva de la asociaci\u00f3n, en el debate \u201cSobre la mesa: respuesta ante incidentes\u201d, organizado por la reconocida publicaci\u00f3n Red [&hellip;]\" \/>\n<meta property=\"og:url\" content=\"https:\/\/auren.com\/es\/noticias\/jose-miguel-cardona-socio-director-de-la-division-de-seguridad-de-la-informacion-participa-en-el-debate-de-red-de-seguridad\/\" \/>\n<meta property=\"og:site_name\" content=\"Auren\" \/>\n<meta property=\"og:image\" content=\"https:\/\/auren.com\/es\/wp-content\/uploads\/2019\/10\/900x520_03-1.jpg\" \/>\n\t<meta property=\"og:image:width\" content=\"900\" \/>\n\t<meta property=\"og:image:height\" content=\"520\" \/>\n\t<meta property=\"og:image:type\" content=\"image\/jpeg\" \/>\n<meta name=\"twitter:card\" content=\"summary_large_image\" \/>\n<meta name=\"twitter:site\" content=\"@auren_spain\" \/>\n<meta name=\"twitter:label1\" content=\"Tiempo de lectura\" \/>\n\t<meta name=\"twitter:data1\" content=\"1 minuto\" \/>\n<script type=\"application\/ld+json\" class=\"yoast-schema-graph\">{\"@context\":\"https:\\\/\\\/schema.org\",\"@graph\":[{\"@type\":\"WebPage\",\"@id\":\"https:\\\/\\\/auren.com\\\/es\\\/noticias\\\/jose-miguel-cardona-socio-director-de-la-division-de-seguridad-de-la-informacion-participa-en-el-debate-de-red-de-seguridad-2\\\/\",\"url\":\"https:\\\/\\\/auren.com\\\/es\\\/noticias\\\/jose-miguel-cardona-socio-director-de-la-division-de-seguridad-de-la-informacion-participa-en-el-debate-de-red-de-seguridad\\\/\",\"name\":\"Jos\u00e9 Miguel Cardona, socio director de la divisi\u00f3n de seguridad de la informaci\u00f3n, participa en el debate de Red de Seguridad - Auren Espa\u00f1a\",\"isPartOf\":{\"@id\":\"https:\\\/\\\/auren.com\\\/es\\\/#website\"},\"primaryImageOfPage\":{\"@id\":\"https:\\\/\\\/auren.com\\\/es\\\/noticias\\\/jose-miguel-cardona-socio-director-de-la-division-de-seguridad-de-la-informacion-participa-en-el-debate-de-red-de-seguridad\\\/#primaryimage\"},\"image\":{\"@id\":\"https:\\\/\\\/auren.com\\\/es\\\/noticias\\\/jose-miguel-cardona-socio-director-de-la-division-de-seguridad-de-la-informacion-participa-en-el-debate-de-red-de-seguridad\\\/#primaryimage\"},\"thumbnailUrl\":\"https:\\\/\\\/auren.com\\\/es\\\/wp-content\\\/uploads\\\/2019\\\/10\\\/900x520_03-1.jpg\",\"datePublished\":\"2019-10-30T06:49:35+00:00\",\"breadcrumb\":{\"@id\":\"https:\\\/\\\/auren.com\\\/es\\\/noticias\\\/jose-miguel-cardona-socio-director-de-la-division-de-seguridad-de-la-informacion-participa-en-el-debate-de-red-de-seguridad\\\/#breadcrumb\"},\"inLanguage\":\"es\",\"potentialAction\":[{\"@type\":\"ReadAction\",\"target\":[\"https:\\\/\\\/auren.com\\\/es\\\/noticias\\\/jose-miguel-cardona-socio-director-de-la-division-de-seguridad-de-la-informacion-participa-en-el-debate-de-red-de-seguridad\\\/\"]}]},{\"@type\":\"ImageObject\",\"inLanguage\":\"es\",\"@id\":\"https:\\\/\\\/auren.com\\\/es\\\/noticias\\\/jose-miguel-cardona-socio-director-de-la-division-de-seguridad-de-la-informacion-participa-en-el-debate-de-red-de-seguridad\\\/#primaryimage\",\"url\":\"https:\\\/\\\/auren.com\\\/es\\\/wp-content\\\/uploads\\\/2019\\\/10\\\/900x520_03-1.jpg\",\"contentUrl\":\"https:\\\/\\\/auren.com\\\/es\\\/wp-content\\\/uploads\\\/2019\\\/10\\\/900x520_03-1.jpg\",\"width\":900,\"height\":520},{\"@type\":\"BreadcrumbList\",\"@id\":\"https:\\\/\\\/auren.com\\\/es\\\/noticias\\\/jose-miguel-cardona-socio-director-de-la-division-de-seguridad-de-la-informacion-participa-en-el-debate-de-red-de-seguridad\\\/#breadcrumb\",\"itemListElement\":[{\"@type\":\"ListItem\",\"position\":1,\"name\":\"Portada\",\"item\":\"https:\\\/\\\/auren.com\\\/es\\\/\"},{\"@type\":\"ListItem\",\"position\":2,\"name\":\"Jos\u00e9 Miguel Cardona, socio director de la divisi\u00f3n de seguridad de la informaci\u00f3n, participa en el debate de Red de Seguridad\"}]},{\"@type\":\"WebSite\",\"@id\":\"https:\\\/\\\/auren.com\\\/es\\\/#website\",\"url\":\"https:\\\/\\\/auren.com\\\/es\\\/\",\"name\":\"Auren\",\"description\":\"\",\"publisher\":{\"@id\":\"https:\\\/\\\/auren.com\\\/es\\\/#organization\"},\"alternateName\":\"Auren\",\"potentialAction\":[{\"@type\":\"SearchAction\",\"target\":{\"@type\":\"EntryPoint\",\"urlTemplate\":\"https:\\\/\\\/auren.com\\\/es\\\/?s={search_term_string}\"},\"query-input\":{\"@type\":\"PropertyValueSpecification\",\"valueRequired\":true,\"valueName\":\"search_term_string\"}}],\"inLanguage\":\"es\"},{\"@type\":\"Organization\",\"@id\":\"https:\\\/\\\/auren.com\\\/es\\\/#organization\",\"name\":\"Auren\",\"alternateName\":\"Auren\",\"url\":\"https:\\\/\\\/auren.com\\\/es\\\/\",\"logo\":{\"@type\":\"ImageObject\",\"inLanguage\":\"es\",\"@id\":\"https:\\\/\\\/auren.com\\\/es\\\/#\\\/schema\\\/logo\\\/image\\\/\",\"url\":\"https:\\\/\\\/auren.com\\\/es\\\/wp-content\\\/uploads\\\/2025\\\/01\\\/cropped-cropped-favicon-Auren.png\",\"contentUrl\":\"https:\\\/\\\/auren.com\\\/es\\\/wp-content\\\/uploads\\\/2025\\\/01\\\/cropped-cropped-favicon-Auren.png\",\"width\":512,\"height\":512,\"caption\":\"Auren\"},\"image\":{\"@id\":\"https:\\\/\\\/auren.com\\\/es\\\/#\\\/schema\\\/logo\\\/image\\\/\"},\"sameAs\":[\"https:\\\/\\\/x.com\\\/auren_spain\",\"https:\\\/\\\/www.linkedin.com\\\/company\\\/aurenspainserviciosprofesionales\",\"https:\\\/\\\/www.youtube.com\\\/@AurenEsp\",\"https:\\\/\\\/www.instagram.com\\\/auren_spain\"]}]}<\/script>\n<!-- \/ Yoast SEO plugin. -->","yoast_head_json":{"title":"Jos\u00e9 Miguel Cardona, socio director de la divisi\u00f3n de seguridad de la informaci\u00f3n, participa en el debate de Red de Seguridad - Auren Espa\u00f1a","robots":{"index":"index","follow":"follow","max-snippet":"max-snippet:-1","max-image-preview":"max-image-preview:large","max-video-preview":"max-video-preview:-1"},"canonical":"https:\/\/auren.com\/es\/noticias\/jose-miguel-cardona-socio-director-de-la-division-de-seguridad-de-la-informacion-participa-en-el-debate-de-red-de-seguridad\/","og_locale":"es_ES","og_type":"article","og_title":"Jos\u00e9 Miguel Cardona, socio director de la divisi\u00f3n de seguridad de la informaci\u00f3n, participa en el debate de Red de Seguridad - Auren Espa\u00f1a","og_description":"Jos\u00e9 Miguel Cardona, socio de la Divisi\u00f3n de Seguridad de la Informaci\u00f3n de Auren estuvo presente, en calidad de experto en el sector de la Ciberseguridad y representante de ISACA Madrid, como miembro de la Junta Directiva de la asociaci\u00f3n, en el debate \u201cSobre la mesa: respuesta ante incidentes\u201d, organizado por la reconocida publicaci\u00f3n Red [&hellip;]","og_url":"https:\/\/auren.com\/es\/noticias\/jose-miguel-cardona-socio-director-de-la-division-de-seguridad-de-la-informacion-participa-en-el-debate-de-red-de-seguridad\/","og_site_name":"Auren","og_image":[{"width":900,"height":520,"url":"https:\/\/auren.com\/es\/wp-content\/uploads\/2019\/10\/900x520_03-1.jpg","type":"image\/jpeg"}],"twitter_card":"summary_large_image","twitter_site":"@auren_spain","twitter_misc":{"Tiempo de lectura":"1 minuto"},"schema":{"@context":"https:\/\/schema.org","@graph":[{"@type":"WebPage","@id":"https:\/\/auren.com\/es\/noticias\/jose-miguel-cardona-socio-director-de-la-division-de-seguridad-de-la-informacion-participa-en-el-debate-de-red-de-seguridad-2\/","url":"https:\/\/auren.com\/es\/noticias\/jose-miguel-cardona-socio-director-de-la-division-de-seguridad-de-la-informacion-participa-en-el-debate-de-red-de-seguridad\/","name":"Jos\u00e9 Miguel Cardona, socio director de la divisi\u00f3n de seguridad de la informaci\u00f3n, participa en el debate de Red de Seguridad - Auren Espa\u00f1a","isPartOf":{"@id":"https:\/\/auren.com\/es\/#website"},"primaryImageOfPage":{"@id":"https:\/\/auren.com\/es\/noticias\/jose-miguel-cardona-socio-director-de-la-division-de-seguridad-de-la-informacion-participa-en-el-debate-de-red-de-seguridad\/#primaryimage"},"image":{"@id":"https:\/\/auren.com\/es\/noticias\/jose-miguel-cardona-socio-director-de-la-division-de-seguridad-de-la-informacion-participa-en-el-debate-de-red-de-seguridad\/#primaryimage"},"thumbnailUrl":"https:\/\/auren.com\/es\/wp-content\/uploads\/2019\/10\/900x520_03-1.jpg","datePublished":"2019-10-30T06:49:35+00:00","breadcrumb":{"@id":"https:\/\/auren.com\/es\/noticias\/jose-miguel-cardona-socio-director-de-la-division-de-seguridad-de-la-informacion-participa-en-el-debate-de-red-de-seguridad\/#breadcrumb"},"inLanguage":"es","potentialAction":[{"@type":"ReadAction","target":["https:\/\/auren.com\/es\/noticias\/jose-miguel-cardona-socio-director-de-la-division-de-seguridad-de-la-informacion-participa-en-el-debate-de-red-de-seguridad\/"]}]},{"@type":"ImageObject","inLanguage":"es","@id":"https:\/\/auren.com\/es\/noticias\/jose-miguel-cardona-socio-director-de-la-division-de-seguridad-de-la-informacion-participa-en-el-debate-de-red-de-seguridad\/#primaryimage","url":"https:\/\/auren.com\/es\/wp-content\/uploads\/2019\/10\/900x520_03-1.jpg","contentUrl":"https:\/\/auren.com\/es\/wp-content\/uploads\/2019\/10\/900x520_03-1.jpg","width":900,"height":520},{"@type":"BreadcrumbList","@id":"https:\/\/auren.com\/es\/noticias\/jose-miguel-cardona-socio-director-de-la-division-de-seguridad-de-la-informacion-participa-en-el-debate-de-red-de-seguridad\/#breadcrumb","itemListElement":[{"@type":"ListItem","position":1,"name":"Portada","item":"https:\/\/auren.com\/es\/"},{"@type":"ListItem","position":2,"name":"Jos\u00e9 Miguel Cardona, socio director de la divisi\u00f3n de seguridad de la informaci\u00f3n, participa en el debate de Red de Seguridad"}]},{"@type":"WebSite","@id":"https:\/\/auren.com\/es\/#website","url":"https:\/\/auren.com\/es\/","name":"Auren","description":"","publisher":{"@id":"https:\/\/auren.com\/es\/#organization"},"alternateName":"Auren","potentialAction":[{"@type":"SearchAction","target":{"@type":"EntryPoint","urlTemplate":"https:\/\/auren.com\/es\/?s={search_term_string}"},"query-input":{"@type":"PropertyValueSpecification","valueRequired":true,"valueName":"search_term_string"}}],"inLanguage":"es"},{"@type":"Organization","@id":"https:\/\/auren.com\/es\/#organization","name":"Auren","alternateName":"Auren","url":"https:\/\/auren.com\/es\/","logo":{"@type":"ImageObject","inLanguage":"es","@id":"https:\/\/auren.com\/es\/#\/schema\/logo\/image\/","url":"https:\/\/auren.com\/es\/wp-content\/uploads\/2025\/01\/cropped-cropped-favicon-Auren.png","contentUrl":"https:\/\/auren.com\/es\/wp-content\/uploads\/2025\/01\/cropped-cropped-favicon-Auren.png","width":512,"height":512,"caption":"Auren"},"image":{"@id":"https:\/\/auren.com\/es\/#\/schema\/logo\/image\/"},"sameAs":["https:\/\/x.com\/auren_spain","https:\/\/www.linkedin.com\/company\/aurenspainserviciosprofesionales","https:\/\/www.youtube.com\/@AurenEsp","https:\/\/www.instagram.com\/auren_spain"]}]}},"_links":{"self":[{"href":"https:\/\/auren.com\/es\/wp-json\/wp\/v2\/new\/5266","targetHints":{"allow":["GET"]}}],"collection":[{"href":"https:\/\/auren.com\/es\/wp-json\/wp\/v2\/new"}],"about":[{"href":"https:\/\/auren.com\/es\/wp-json\/wp\/v2\/types\/new"}],"version-history":[{"count":0,"href":"https:\/\/auren.com\/es\/wp-json\/wp\/v2\/new\/5266\/revisions"}],"wp:featuredmedia":[{"embeddable":true,"href":"https:\/\/auren.com\/es\/wp-json\/wp\/v2\/media\/5267"}],"wp:attachment":[{"href":"https:\/\/auren.com\/es\/wp-json\/wp\/v2\/media?parent=5266"}],"wp:term":[{"taxonomy":"new-category","embeddable":true,"href":"https:\/\/auren.com\/es\/wp-json\/wp\/v2\/new-category?post=5266"}],"curies":[{"name":"wp","href":"https:\/\/api.w.org\/{rel}","templated":true}]}}