{"id":5500,"date":"2018-09-14T07:49:43","date_gmt":"2018-09-14T05:49:43","guid":{"rendered":"https:\/\/auren.com\/es\/new\/auren-patrocina-la-semana-de-la-arquitectura-organizada-por-el-coam-tendra-lugar-del-28-de-septiembre-al-7-de-octubre-de-2018\/"},"modified":"2018-09-14T07:49:43","modified_gmt":"2018-09-14T05:49:43","slug":"auren-patrocina-la-semana-de-la-arquitectura-organizada-por-el-coam-tendra-lugar-del-28-de-septiembre-al-7-de-octubre-de-2018","status":"publish","type":"new","link":"https:\/\/auren.com\/es\/noticias\/auren-patrocina-la-semana-de-la-arquitectura-organizada-por-el-coam-tendra-lugar-del-28-de-septiembre-al-7-de-octubre-de-2018\/","title":{"rendered":"Auren patrocina la Semana de la Arquitectura organizada por el COAM. Tendr\u00e1 lugar del 28 de septiembre al 7 de octubre de 2018"},"content":{"rendered":"<p>El Colegio de Arquitectos de Madrid y la Fundaci\u00f3n Arquitectura COAM, en colaboraci\u00f3n con el Ayuntamiento de Madrid y la Embajada de Italia en Espa\u00f1a, celebra la XV edici\u00f3n de la Semana de la Arquitectura del 28 de septiembre al 7 de octubre. <\/p>\n<p>Con esta nueva edici\u00f3n de la Semana de la Arquitectura, el objetivo principal del COAM es seguir acercando la Arquitectura y el desarrollo de la ciudad del futuro a la sociedad en su conjunto y difundir el valioso patrimonio arquitect\u00f3nico, que hace de Madrid una de las capitales de referencia de esta disciplina en el mundo. <\/p>\n<p>En esta XV Edici\u00f3n, tendremos a Mil\u00e1n como ciudad invitada. Se tratar\u00e1n entre otros temas de dise\u00f1o: los nuevos desarrollos urban\u00edsticos con experiencias parecidas en ambas ciudades, la sostenibilidad de los retos 2020, pacto de Mil\u00e1n 2030 y los nuevos espacios de producci\u00f3n. <\/p>\n<p>M\u00e1s informaci\u00f3n pulsa <a href=\"http:\/\/www.semanaarquitecturamadrid.com\/\" target=\"_blank\" rel=\"noopener noreferrer\">AQU\u00cd<\/a><\/p>\n<p><!-- AddThis Advanced Settings generic via filter on the_content --><!-- AddThis Share Buttons generic via filter on the_content --><\/p>\n","protected":false},"excerpt":{"rendered":"<p>El Colegio de Arquitectos de Madrid y la Fundaci\u00f3n Arquitectura COAM, en colaboraci\u00f3n con el Ayuntamiento de Madrid y la Embajada de Italia en Espa\u00f1a, celebra la XV edici\u00f3n de [&hellip;]<\/p>\n","protected":false},"featured_media":5501,"template":"","meta":{"_acf_changed":false,"footnotes":""},"new-category":[],"class_list":["post-5500","new","type-new","status-publish","has-post-thumbnail","hentry"],"acf":[],"yoast_head":"<!-- This site is optimized with the Yoast SEO plugin v27.5 - https:\/\/yoast.com\/product\/yoast-seo-wordpress\/ -->\n<title>Auren patrocina la Semana de la Arquitectura organizada por el COAM. Tendr\u00e1 lugar del 28 de septiembre al 7 de octubre de 2018 - Auren Espa\u00f1a<\/title>\n<meta name=\"robots\" content=\"index, follow, max-snippet:-1, max-image-preview:large, max-video-preview:-1\" \/>\n<link rel=\"canonical\" href=\"https:\/\/auren.com\/es\/noticias\/auren-patrocina-la-semana-de-la-arquitectura-organizada-por-el-coam-tendra-lugar-del-28-de-septiembre-al-7-de-octubre-de-2018\/\" \/>\n<meta property=\"og:locale\" content=\"es_ES\" \/>\n<meta property=\"og:type\" content=\"article\" \/>\n<meta property=\"og:title\" content=\"Auren patrocina la Semana de la Arquitectura organizada por el COAM. Tendr\u00e1 lugar del 28 de septiembre al 7 de octubre de 2018 - Auren Espa\u00f1a\" \/>\n<meta property=\"og:description\" content=\"El Colegio de Arquitectos de Madrid y la Fundaci\u00f3n Arquitectura COAM, en colaboraci\u00f3n con el Ayuntamiento de Madrid y la Embajada de Italia en Espa\u00f1a, celebra la XV edici\u00f3n de [&hellip;]\" \/>\n<meta property=\"og:url\" content=\"https:\/\/auren.com\/es\/noticias\/auren-patrocina-la-semana-de-la-arquitectura-organizada-por-el-coam-tendra-lugar-del-28-de-septiembre-al-7-de-octubre-de-2018\/\" \/>\n<meta property=\"og:site_name\" content=\"Auren\" \/>\n<meta property=\"og:image\" content=\"https:\/\/auren.com\/es\/wp-content\/uploads\/2018\/09\/900x520_33.jpg\" \/>\n\t<meta property=\"og:image:width\" content=\"900\" \/>\n\t<meta property=\"og:image:height\" content=\"520\" \/>\n\t<meta property=\"og:image:type\" content=\"image\/jpeg\" \/>\n<meta name=\"twitter:card\" content=\"summary_large_image\" \/>\n<meta name=\"twitter:site\" content=\"@auren_spain\" \/>\n<meta name=\"twitter:label1\" content=\"Tiempo de lectura\" \/>\n\t<meta name=\"twitter:data1\" content=\"1 minuto\" \/>\n<script type=\"application\/ld+json\" class=\"yoast-schema-graph\">{\"@context\":\"https:\\\/\\\/schema.org\",\"@graph\":[{\"@type\":\"WebPage\",\"@id\":\"https:\\\/\\\/auren.com\\\/es\\\/noticias\\\/auren-patrocina-la-semana-de-la-arquitectura-organizada-por-el-coam-tendra-lugar-del-28-de-septiembre-al-7-de-octubre-de-2018\\\/\",\"url\":\"https:\\\/\\\/auren.com\\\/es\\\/noticias\\\/auren-patrocina-la-semana-de-la-arquitectura-organizada-por-el-coam-tendra-lugar-del-28-de-septiembre-al-7-de-octubre-de-2018\\\/\",\"name\":\"Auren patrocina la Semana de la Arquitectura organizada por el COAM. Tendr\u00e1 lugar del 28 de septiembre al 7 de octubre de 2018 - Auren Espa\u00f1a\",\"isPartOf\":{\"@id\":\"https:\\\/\\\/auren.com\\\/es\\\/#website\"},\"primaryImageOfPage\":{\"@id\":\"https:\\\/\\\/auren.com\\\/es\\\/noticias\\\/auren-patrocina-la-semana-de-la-arquitectura-organizada-por-el-coam-tendra-lugar-del-28-de-septiembre-al-7-de-octubre-de-2018\\\/#primaryimage\"},\"image\":{\"@id\":\"https:\\\/\\\/auren.com\\\/es\\\/noticias\\\/auren-patrocina-la-semana-de-la-arquitectura-organizada-por-el-coam-tendra-lugar-del-28-de-septiembre-al-7-de-octubre-de-2018\\\/#primaryimage\"},\"thumbnailUrl\":\"https:\\\/\\\/auren.com\\\/es\\\/wp-content\\\/uploads\\\/2018\\\/09\\\/900x520_33.jpg\",\"datePublished\":\"2018-09-14T05:49:43+00:00\",\"breadcrumb\":{\"@id\":\"https:\\\/\\\/auren.com\\\/es\\\/noticias\\\/auren-patrocina-la-semana-de-la-arquitectura-organizada-por-el-coam-tendra-lugar-del-28-de-septiembre-al-7-de-octubre-de-2018\\\/#breadcrumb\"},\"inLanguage\":\"es\",\"potentialAction\":[{\"@type\":\"ReadAction\",\"target\":[\"https:\\\/\\\/auren.com\\\/es\\\/noticias\\\/auren-patrocina-la-semana-de-la-arquitectura-organizada-por-el-coam-tendra-lugar-del-28-de-septiembre-al-7-de-octubre-de-2018\\\/\"]}]},{\"@type\":\"ImageObject\",\"inLanguage\":\"es\",\"@id\":\"https:\\\/\\\/auren.com\\\/es\\\/noticias\\\/auren-patrocina-la-semana-de-la-arquitectura-organizada-por-el-coam-tendra-lugar-del-28-de-septiembre-al-7-de-octubre-de-2018\\\/#primaryimage\",\"url\":\"https:\\\/\\\/auren.com\\\/es\\\/wp-content\\\/uploads\\\/2018\\\/09\\\/900x520_33.jpg\",\"contentUrl\":\"https:\\\/\\\/auren.com\\\/es\\\/wp-content\\\/uploads\\\/2018\\\/09\\\/900x520_33.jpg\",\"width\":900,\"height\":520},{\"@type\":\"BreadcrumbList\",\"@id\":\"https:\\\/\\\/auren.com\\\/es\\\/noticias\\\/auren-patrocina-la-semana-de-la-arquitectura-organizada-por-el-coam-tendra-lugar-del-28-de-septiembre-al-7-de-octubre-de-2018\\\/#breadcrumb\",\"itemListElement\":[{\"@type\":\"ListItem\",\"position\":1,\"name\":\"Portada\",\"item\":\"https:\\\/\\\/auren.com\\\/es\\\/\"},{\"@type\":\"ListItem\",\"position\":2,\"name\":\"Auren patrocina la Semana de la Arquitectura organizada por el COAM. Tendr\u00e1 lugar del 28 de septiembre al 7 de octubre de 2018\"}]},{\"@type\":\"WebSite\",\"@id\":\"https:\\\/\\\/auren.com\\\/es\\\/#website\",\"url\":\"https:\\\/\\\/auren.com\\\/es\\\/\",\"name\":\"Auren\",\"description\":\"\",\"publisher\":{\"@id\":\"https:\\\/\\\/auren.com\\\/es\\\/#organization\"},\"alternateName\":\"Auren\",\"potentialAction\":[{\"@type\":\"SearchAction\",\"target\":{\"@type\":\"EntryPoint\",\"urlTemplate\":\"https:\\\/\\\/auren.com\\\/es\\\/?s={search_term_string}\"},\"query-input\":{\"@type\":\"PropertyValueSpecification\",\"valueRequired\":true,\"valueName\":\"search_term_string\"}}],\"inLanguage\":\"es\"},{\"@type\":\"Organization\",\"@id\":\"https:\\\/\\\/auren.com\\\/es\\\/#organization\",\"name\":\"Auren\",\"alternateName\":\"Auren\",\"url\":\"https:\\\/\\\/auren.com\\\/es\\\/\",\"logo\":{\"@type\":\"ImageObject\",\"inLanguage\":\"es\",\"@id\":\"https:\\\/\\\/auren.com\\\/es\\\/#\\\/schema\\\/logo\\\/image\\\/\",\"url\":\"https:\\\/\\\/auren.com\\\/es\\\/wp-content\\\/uploads\\\/2025\\\/01\\\/cropped-cropped-favicon-Auren.png\",\"contentUrl\":\"https:\\\/\\\/auren.com\\\/es\\\/wp-content\\\/uploads\\\/2025\\\/01\\\/cropped-cropped-favicon-Auren.png\",\"width\":512,\"height\":512,\"caption\":\"Auren\"},\"image\":{\"@id\":\"https:\\\/\\\/auren.com\\\/es\\\/#\\\/schema\\\/logo\\\/image\\\/\"},\"sameAs\":[\"https:\\\/\\\/x.com\\\/auren_spain\",\"https:\\\/\\\/www.linkedin.com\\\/company\\\/aurenspainserviciosprofesionales\",\"https:\\\/\\\/www.youtube.com\\\/@AurenEsp\",\"https:\\\/\\\/www.instagram.com\\\/auren_spain\"]}]}<\/script>\n<!-- \/ Yoast SEO plugin. -->","yoast_head_json":{"title":"Auren patrocina la Semana de la Arquitectura organizada por el COAM. Tendr\u00e1 lugar del 28 de septiembre al 7 de octubre de 2018 - Auren Espa\u00f1a","robots":{"index":"index","follow":"follow","max-snippet":"max-snippet:-1","max-image-preview":"max-image-preview:large","max-video-preview":"max-video-preview:-1"},"canonical":"https:\/\/auren.com\/es\/noticias\/auren-patrocina-la-semana-de-la-arquitectura-organizada-por-el-coam-tendra-lugar-del-28-de-septiembre-al-7-de-octubre-de-2018\/","og_locale":"es_ES","og_type":"article","og_title":"Auren patrocina la Semana de la Arquitectura organizada por el COAM. Tendr\u00e1 lugar del 28 de septiembre al 7 de octubre de 2018 - Auren Espa\u00f1a","og_description":"El Colegio de Arquitectos de Madrid y la Fundaci\u00f3n Arquitectura COAM, en colaboraci\u00f3n con el Ayuntamiento de Madrid y la Embajada de Italia en Espa\u00f1a, celebra la XV edici\u00f3n de [&hellip;]","og_url":"https:\/\/auren.com\/es\/noticias\/auren-patrocina-la-semana-de-la-arquitectura-organizada-por-el-coam-tendra-lugar-del-28-de-septiembre-al-7-de-octubre-de-2018\/","og_site_name":"Auren","og_image":[{"width":900,"height":520,"url":"https:\/\/auren.com\/es\/wp-content\/uploads\/2018\/09\/900x520_33.jpg","type":"image\/jpeg"}],"twitter_card":"summary_large_image","twitter_site":"@auren_spain","twitter_misc":{"Tiempo de lectura":"1 minuto"},"schema":{"@context":"https:\/\/schema.org","@graph":[{"@type":"WebPage","@id":"https:\/\/auren.com\/es\/noticias\/auren-patrocina-la-semana-de-la-arquitectura-organizada-por-el-coam-tendra-lugar-del-28-de-septiembre-al-7-de-octubre-de-2018\/","url":"https:\/\/auren.com\/es\/noticias\/auren-patrocina-la-semana-de-la-arquitectura-organizada-por-el-coam-tendra-lugar-del-28-de-septiembre-al-7-de-octubre-de-2018\/","name":"Auren patrocina la Semana de la Arquitectura organizada por el COAM. Tendr\u00e1 lugar del 28 de septiembre al 7 de octubre de 2018 - Auren Espa\u00f1a","isPartOf":{"@id":"https:\/\/auren.com\/es\/#website"},"primaryImageOfPage":{"@id":"https:\/\/auren.com\/es\/noticias\/auren-patrocina-la-semana-de-la-arquitectura-organizada-por-el-coam-tendra-lugar-del-28-de-septiembre-al-7-de-octubre-de-2018\/#primaryimage"},"image":{"@id":"https:\/\/auren.com\/es\/noticias\/auren-patrocina-la-semana-de-la-arquitectura-organizada-por-el-coam-tendra-lugar-del-28-de-septiembre-al-7-de-octubre-de-2018\/#primaryimage"},"thumbnailUrl":"https:\/\/auren.com\/es\/wp-content\/uploads\/2018\/09\/900x520_33.jpg","datePublished":"2018-09-14T05:49:43+00:00","breadcrumb":{"@id":"https:\/\/auren.com\/es\/noticias\/auren-patrocina-la-semana-de-la-arquitectura-organizada-por-el-coam-tendra-lugar-del-28-de-septiembre-al-7-de-octubre-de-2018\/#breadcrumb"},"inLanguage":"es","potentialAction":[{"@type":"ReadAction","target":["https:\/\/auren.com\/es\/noticias\/auren-patrocina-la-semana-de-la-arquitectura-organizada-por-el-coam-tendra-lugar-del-28-de-septiembre-al-7-de-octubre-de-2018\/"]}]},{"@type":"ImageObject","inLanguage":"es","@id":"https:\/\/auren.com\/es\/noticias\/auren-patrocina-la-semana-de-la-arquitectura-organizada-por-el-coam-tendra-lugar-del-28-de-septiembre-al-7-de-octubre-de-2018\/#primaryimage","url":"https:\/\/auren.com\/es\/wp-content\/uploads\/2018\/09\/900x520_33.jpg","contentUrl":"https:\/\/auren.com\/es\/wp-content\/uploads\/2018\/09\/900x520_33.jpg","width":900,"height":520},{"@type":"BreadcrumbList","@id":"https:\/\/auren.com\/es\/noticias\/auren-patrocina-la-semana-de-la-arquitectura-organizada-por-el-coam-tendra-lugar-del-28-de-septiembre-al-7-de-octubre-de-2018\/#breadcrumb","itemListElement":[{"@type":"ListItem","position":1,"name":"Portada","item":"https:\/\/auren.com\/es\/"},{"@type":"ListItem","position":2,"name":"Auren patrocina la Semana de la Arquitectura organizada por el COAM. Tendr\u00e1 lugar del 28 de septiembre al 7 de octubre de 2018"}]},{"@type":"WebSite","@id":"https:\/\/auren.com\/es\/#website","url":"https:\/\/auren.com\/es\/","name":"Auren","description":"","publisher":{"@id":"https:\/\/auren.com\/es\/#organization"},"alternateName":"Auren","potentialAction":[{"@type":"SearchAction","target":{"@type":"EntryPoint","urlTemplate":"https:\/\/auren.com\/es\/?s={search_term_string}"},"query-input":{"@type":"PropertyValueSpecification","valueRequired":true,"valueName":"search_term_string"}}],"inLanguage":"es"},{"@type":"Organization","@id":"https:\/\/auren.com\/es\/#organization","name":"Auren","alternateName":"Auren","url":"https:\/\/auren.com\/es\/","logo":{"@type":"ImageObject","inLanguage":"es","@id":"https:\/\/auren.com\/es\/#\/schema\/logo\/image\/","url":"https:\/\/auren.com\/es\/wp-content\/uploads\/2025\/01\/cropped-cropped-favicon-Auren.png","contentUrl":"https:\/\/auren.com\/es\/wp-content\/uploads\/2025\/01\/cropped-cropped-favicon-Auren.png","width":512,"height":512,"caption":"Auren"},"image":{"@id":"https:\/\/auren.com\/es\/#\/schema\/logo\/image\/"},"sameAs":["https:\/\/x.com\/auren_spain","https:\/\/www.linkedin.com\/company\/aurenspainserviciosprofesionales","https:\/\/www.youtube.com\/@AurenEsp","https:\/\/www.instagram.com\/auren_spain"]}]}},"_links":{"self":[{"href":"https:\/\/auren.com\/es\/wp-json\/wp\/v2\/new\/5500","targetHints":{"allow":["GET"]}}],"collection":[{"href":"https:\/\/auren.com\/es\/wp-json\/wp\/v2\/new"}],"about":[{"href":"https:\/\/auren.com\/es\/wp-json\/wp\/v2\/types\/new"}],"version-history":[{"count":0,"href":"https:\/\/auren.com\/es\/wp-json\/wp\/v2\/new\/5500\/revisions"}],"wp:featuredmedia":[{"embeddable":true,"href":"https:\/\/auren.com\/es\/wp-json\/wp\/v2\/media\/5501"}],"wp:attachment":[{"href":"https:\/\/auren.com\/es\/wp-json\/wp\/v2\/media?parent=5500"}],"wp:term":[{"taxonomy":"new-category","embeddable":true,"href":"https:\/\/auren.com\/es\/wp-json\/wp\/v2\/new-category?post=5500"}],"curies":[{"name":"wp","href":"https:\/\/api.w.org\/{rel}","templated":true}]}}