{"id":5551,"date":"2018-06-19T14:16:48","date_gmt":"2018-06-19T12:16:48","guid":{"rendered":"https:\/\/auren.com\/es\/new\/auren-patrocinara-la-sexta-edicion-de-la-noche-de-la-eficiencia-energetica-del-ceec\/"},"modified":"2018-06-19T14:16:48","modified_gmt":"2018-06-19T12:16:48","slug":"auren-patrocinara-la-sexta-edicion-de-la-noche-de-la-eficiencia-energetica-del-ceec","status":"publish","type":"new","link":"https:\/\/auren.com\/es\/noticias\/auren-patrocinara-la-sexta-edicion-de-la-noche-de-la-eficiencia-energetica-del-ceec\/","title":{"rendered":"Auren patrocinar\u00e1 la sexta edici\u00f3n de la Noche de la Eficiencia Energ\u00e9tica del CEEC"},"content":{"rendered":"<p class=\"text-justify\">El pr\u00f3ximo jueves, 21 de junio de 2017, se celebrar\u00e1 en el CosmoCaixa de Barcelona la sexta edici\u00f3n de la Noche de la Eficiencia Energ\u00e9tica, evento organizado por el Cl\u00faster de Eficiencia Energ\u00e9tica de Catalunya (CEEC), que congregar\u00e1 a los principales agentes del sector. Auren ser\u00e1 patrocinador de este evento, que se ha consolidado ya como punto de encuentro de los principales agentes del \u00e1mbito de la eficiencia energ\u00e9tica y posiciona al Cl\u00faster de Eficiencia Energ\u00e9tica de Catalu\u00f1a como una plataforma de sinergias entre empresas del sector de la eficiencia energ\u00e9tica.<\/p>\n<p class=\"text-justify\">Entre las actividades de la jornada, que preceder\u00e1 a la Semana de la Energ\u00eda que se celebra del 19 al 25 de junio, destaca la entrega del Premio Periodismo en Eficiencia Energ\u00e9tica 2017. Tambi\u00e9n se otorgar\u00e1n los Premios a los Mejores Proyectos de Eficiencia Energ\u00e9tica desarrollados por estudiantes universitarios.<\/p>\n<p class=\"text-justify\">En Auren proporcionamos a nuestros clientes estrategias de gesti\u00f3n para aumentar la eficiencia energ\u00e9tica, facilitar su gesti\u00f3n y obtener importantes ahorros de consumo energ\u00e9tico. Adem\u00e1s, estamos en contacto continuo con el Instituto para la Diversidad y Ahorro de la Energ\u00eda (IDAE) y con el Fondo Nacional para la Eficiencia Energ\u00e9tica, con el objetivo de conseguir las mejores ayudas y subvenciones para nuestros clientes aprovechando las oportunidades ofrecidas para obtener los mejores resultados, a trav\u00e9s de los fondos adscritos a la CEE (Fondos FEDER y Fondos FSE).<\/p>\n<p><!-- AddThis Advanced Settings generic via filter on the_content --><!-- AddThis Share Buttons generic via filter on the_content --><\/p>\n","protected":false},"excerpt":{"rendered":"<p>El pr\u00f3ximo jueves, 21 de junio de 2017, se celebrar\u00e1 en el CosmoCaixa de Barcelona la sexta edici\u00f3n de la Noche de la Eficiencia Energ\u00e9tica, evento organizado por el Cl\u00faster [&hellip;]<\/p>\n","protected":false},"featured_media":5552,"template":"","meta":{"_acf_changed":false,"footnotes":""},"new-category":[],"class_list":["post-5551","new","type-new","status-publish","has-post-thumbnail","hentry"],"acf":[],"yoast_head":"<!-- This site is optimized with the Yoast SEO plugin v27.5 - https:\/\/yoast.com\/product\/yoast-seo-wordpress\/ -->\n<title>Auren patrocinar\u00e1 la sexta edici\u00f3n de la Noche de la Eficiencia Energ\u00e9tica del CEEC - Auren Espa\u00f1a<\/title>\n<meta name=\"robots\" content=\"index, follow, max-snippet:-1, max-image-preview:large, max-video-preview:-1\" \/>\n<link rel=\"canonical\" href=\"https:\/\/auren.com\/es\/noticias\/auren-patrocinara-la-sexta-edicion-de-la-noche-de-la-eficiencia-energetica-del-ceec\/\" \/>\n<meta property=\"og:locale\" content=\"es_ES\" \/>\n<meta property=\"og:type\" content=\"article\" \/>\n<meta property=\"og:title\" content=\"Auren patrocinar\u00e1 la sexta edici\u00f3n de la Noche de la Eficiencia Energ\u00e9tica del CEEC - Auren Espa\u00f1a\" \/>\n<meta property=\"og:description\" content=\"El pr\u00f3ximo jueves, 21 de junio de 2017, se celebrar\u00e1 en el CosmoCaixa de Barcelona la sexta edici\u00f3n de la Noche de la Eficiencia Energ\u00e9tica, evento organizado por el Cl\u00faster [&hellip;]\" \/>\n<meta property=\"og:url\" content=\"https:\/\/auren.com\/es\/noticias\/auren-patrocinara-la-sexta-edicion-de-la-noche-de-la-eficiencia-energetica-del-ceec\/\" \/>\n<meta property=\"og:site_name\" content=\"Auren\" \/>\n<meta property=\"og:image\" content=\"https:\/\/auren.com\/es\/wp-content\/uploads\/2018\/06\/900x520_13.jpg\" \/>\n\t<meta property=\"og:image:width\" content=\"900\" \/>\n\t<meta property=\"og:image:height\" content=\"520\" \/>\n\t<meta property=\"og:image:type\" content=\"image\/jpeg\" \/>\n<meta name=\"twitter:card\" content=\"summary_large_image\" \/>\n<meta name=\"twitter:site\" content=\"@auren_spain\" \/>\n<meta name=\"twitter:label1\" content=\"Tiempo de lectura\" \/>\n\t<meta name=\"twitter:data1\" content=\"1 minuto\" \/>\n<script type=\"application\/ld+json\" class=\"yoast-schema-graph\">{\"@context\":\"https:\\\/\\\/schema.org\",\"@graph\":[{\"@type\":\"WebPage\",\"@id\":\"https:\\\/\\\/auren.com\\\/es\\\/noticias\\\/auren-patrocinara-la-sexta-edicion-de-la-noche-de-la-eficiencia-energetica-del-ceec\\\/\",\"url\":\"https:\\\/\\\/auren.com\\\/es\\\/noticias\\\/auren-patrocinara-la-sexta-edicion-de-la-noche-de-la-eficiencia-energetica-del-ceec\\\/\",\"name\":\"Auren patrocinar\u00e1 la sexta edici\u00f3n de la Noche de la Eficiencia Energ\u00e9tica del CEEC - Auren Espa\u00f1a\",\"isPartOf\":{\"@id\":\"https:\\\/\\\/auren.com\\\/es\\\/#website\"},\"primaryImageOfPage\":{\"@id\":\"https:\\\/\\\/auren.com\\\/es\\\/noticias\\\/auren-patrocinara-la-sexta-edicion-de-la-noche-de-la-eficiencia-energetica-del-ceec\\\/#primaryimage\"},\"image\":{\"@id\":\"https:\\\/\\\/auren.com\\\/es\\\/noticias\\\/auren-patrocinara-la-sexta-edicion-de-la-noche-de-la-eficiencia-energetica-del-ceec\\\/#primaryimage\"},\"thumbnailUrl\":\"https:\\\/\\\/auren.com\\\/es\\\/wp-content\\\/uploads\\\/2018\\\/06\\\/900x520_13.jpg\",\"datePublished\":\"2018-06-19T12:16:48+00:00\",\"breadcrumb\":{\"@id\":\"https:\\\/\\\/auren.com\\\/es\\\/noticias\\\/auren-patrocinara-la-sexta-edicion-de-la-noche-de-la-eficiencia-energetica-del-ceec\\\/#breadcrumb\"},\"inLanguage\":\"es\",\"potentialAction\":[{\"@type\":\"ReadAction\",\"target\":[\"https:\\\/\\\/auren.com\\\/es\\\/noticias\\\/auren-patrocinara-la-sexta-edicion-de-la-noche-de-la-eficiencia-energetica-del-ceec\\\/\"]}]},{\"@type\":\"ImageObject\",\"inLanguage\":\"es\",\"@id\":\"https:\\\/\\\/auren.com\\\/es\\\/noticias\\\/auren-patrocinara-la-sexta-edicion-de-la-noche-de-la-eficiencia-energetica-del-ceec\\\/#primaryimage\",\"url\":\"https:\\\/\\\/auren.com\\\/es\\\/wp-content\\\/uploads\\\/2018\\\/06\\\/900x520_13.jpg\",\"contentUrl\":\"https:\\\/\\\/auren.com\\\/es\\\/wp-content\\\/uploads\\\/2018\\\/06\\\/900x520_13.jpg\",\"width\":900,\"height\":520},{\"@type\":\"BreadcrumbList\",\"@id\":\"https:\\\/\\\/auren.com\\\/es\\\/noticias\\\/auren-patrocinara-la-sexta-edicion-de-la-noche-de-la-eficiencia-energetica-del-ceec\\\/#breadcrumb\",\"itemListElement\":[{\"@type\":\"ListItem\",\"position\":1,\"name\":\"Portada\",\"item\":\"https:\\\/\\\/auren.com\\\/es\\\/\"},{\"@type\":\"ListItem\",\"position\":2,\"name\":\"Auren patrocinar\u00e1 la sexta edici\u00f3n de la Noche de la Eficiencia Energ\u00e9tica del CEEC\"}]},{\"@type\":\"WebSite\",\"@id\":\"https:\\\/\\\/auren.com\\\/es\\\/#website\",\"url\":\"https:\\\/\\\/auren.com\\\/es\\\/\",\"name\":\"Auren\",\"description\":\"\",\"publisher\":{\"@id\":\"https:\\\/\\\/auren.com\\\/es\\\/#organization\"},\"alternateName\":\"Auren\",\"potentialAction\":[{\"@type\":\"SearchAction\",\"target\":{\"@type\":\"EntryPoint\",\"urlTemplate\":\"https:\\\/\\\/auren.com\\\/es\\\/?s={search_term_string}\"},\"query-input\":{\"@type\":\"PropertyValueSpecification\",\"valueRequired\":true,\"valueName\":\"search_term_string\"}}],\"inLanguage\":\"es\"},{\"@type\":\"Organization\",\"@id\":\"https:\\\/\\\/auren.com\\\/es\\\/#organization\",\"name\":\"Auren\",\"alternateName\":\"Auren\",\"url\":\"https:\\\/\\\/auren.com\\\/es\\\/\",\"logo\":{\"@type\":\"ImageObject\",\"inLanguage\":\"es\",\"@id\":\"https:\\\/\\\/auren.com\\\/es\\\/#\\\/schema\\\/logo\\\/image\\\/\",\"url\":\"https:\\\/\\\/auren.com\\\/es\\\/wp-content\\\/uploads\\\/2025\\\/01\\\/cropped-cropped-favicon-Auren.png\",\"contentUrl\":\"https:\\\/\\\/auren.com\\\/es\\\/wp-content\\\/uploads\\\/2025\\\/01\\\/cropped-cropped-favicon-Auren.png\",\"width\":512,\"height\":512,\"caption\":\"Auren\"},\"image\":{\"@id\":\"https:\\\/\\\/auren.com\\\/es\\\/#\\\/schema\\\/logo\\\/image\\\/\"},\"sameAs\":[\"https:\\\/\\\/x.com\\\/auren_spain\",\"https:\\\/\\\/www.linkedin.com\\\/company\\\/aurenspainserviciosprofesionales\",\"https:\\\/\\\/www.youtube.com\\\/@AurenEsp\",\"https:\\\/\\\/www.instagram.com\\\/auren_spain\"]}]}<\/script>\n<!-- \/ Yoast SEO plugin. -->","yoast_head_json":{"title":"Auren patrocinar\u00e1 la sexta edici\u00f3n de la Noche de la Eficiencia Energ\u00e9tica del CEEC - Auren Espa\u00f1a","robots":{"index":"index","follow":"follow","max-snippet":"max-snippet:-1","max-image-preview":"max-image-preview:large","max-video-preview":"max-video-preview:-1"},"canonical":"https:\/\/auren.com\/es\/noticias\/auren-patrocinara-la-sexta-edicion-de-la-noche-de-la-eficiencia-energetica-del-ceec\/","og_locale":"es_ES","og_type":"article","og_title":"Auren patrocinar\u00e1 la sexta edici\u00f3n de la Noche de la Eficiencia Energ\u00e9tica del CEEC - Auren Espa\u00f1a","og_description":"El pr\u00f3ximo jueves, 21 de junio de 2017, se celebrar\u00e1 en el CosmoCaixa de Barcelona la sexta edici\u00f3n de la Noche de la Eficiencia Energ\u00e9tica, evento organizado por el Cl\u00faster [&hellip;]","og_url":"https:\/\/auren.com\/es\/noticias\/auren-patrocinara-la-sexta-edicion-de-la-noche-de-la-eficiencia-energetica-del-ceec\/","og_site_name":"Auren","og_image":[{"width":900,"height":520,"url":"https:\/\/auren.com\/es\/wp-content\/uploads\/2018\/06\/900x520_13.jpg","type":"image\/jpeg"}],"twitter_card":"summary_large_image","twitter_site":"@auren_spain","twitter_misc":{"Tiempo de lectura":"1 minuto"},"schema":{"@context":"https:\/\/schema.org","@graph":[{"@type":"WebPage","@id":"https:\/\/auren.com\/es\/noticias\/auren-patrocinara-la-sexta-edicion-de-la-noche-de-la-eficiencia-energetica-del-ceec\/","url":"https:\/\/auren.com\/es\/noticias\/auren-patrocinara-la-sexta-edicion-de-la-noche-de-la-eficiencia-energetica-del-ceec\/","name":"Auren patrocinar\u00e1 la sexta edici\u00f3n de la Noche de la Eficiencia Energ\u00e9tica del CEEC - Auren Espa\u00f1a","isPartOf":{"@id":"https:\/\/auren.com\/es\/#website"},"primaryImageOfPage":{"@id":"https:\/\/auren.com\/es\/noticias\/auren-patrocinara-la-sexta-edicion-de-la-noche-de-la-eficiencia-energetica-del-ceec\/#primaryimage"},"image":{"@id":"https:\/\/auren.com\/es\/noticias\/auren-patrocinara-la-sexta-edicion-de-la-noche-de-la-eficiencia-energetica-del-ceec\/#primaryimage"},"thumbnailUrl":"https:\/\/auren.com\/es\/wp-content\/uploads\/2018\/06\/900x520_13.jpg","datePublished":"2018-06-19T12:16:48+00:00","breadcrumb":{"@id":"https:\/\/auren.com\/es\/noticias\/auren-patrocinara-la-sexta-edicion-de-la-noche-de-la-eficiencia-energetica-del-ceec\/#breadcrumb"},"inLanguage":"es","potentialAction":[{"@type":"ReadAction","target":["https:\/\/auren.com\/es\/noticias\/auren-patrocinara-la-sexta-edicion-de-la-noche-de-la-eficiencia-energetica-del-ceec\/"]}]},{"@type":"ImageObject","inLanguage":"es","@id":"https:\/\/auren.com\/es\/noticias\/auren-patrocinara-la-sexta-edicion-de-la-noche-de-la-eficiencia-energetica-del-ceec\/#primaryimage","url":"https:\/\/auren.com\/es\/wp-content\/uploads\/2018\/06\/900x520_13.jpg","contentUrl":"https:\/\/auren.com\/es\/wp-content\/uploads\/2018\/06\/900x520_13.jpg","width":900,"height":520},{"@type":"BreadcrumbList","@id":"https:\/\/auren.com\/es\/noticias\/auren-patrocinara-la-sexta-edicion-de-la-noche-de-la-eficiencia-energetica-del-ceec\/#breadcrumb","itemListElement":[{"@type":"ListItem","position":1,"name":"Portada","item":"https:\/\/auren.com\/es\/"},{"@type":"ListItem","position":2,"name":"Auren patrocinar\u00e1 la sexta edici\u00f3n de la Noche de la Eficiencia Energ\u00e9tica del CEEC"}]},{"@type":"WebSite","@id":"https:\/\/auren.com\/es\/#website","url":"https:\/\/auren.com\/es\/","name":"Auren","description":"","publisher":{"@id":"https:\/\/auren.com\/es\/#organization"},"alternateName":"Auren","potentialAction":[{"@type":"SearchAction","target":{"@type":"EntryPoint","urlTemplate":"https:\/\/auren.com\/es\/?s={search_term_string}"},"query-input":{"@type":"PropertyValueSpecification","valueRequired":true,"valueName":"search_term_string"}}],"inLanguage":"es"},{"@type":"Organization","@id":"https:\/\/auren.com\/es\/#organization","name":"Auren","alternateName":"Auren","url":"https:\/\/auren.com\/es\/","logo":{"@type":"ImageObject","inLanguage":"es","@id":"https:\/\/auren.com\/es\/#\/schema\/logo\/image\/","url":"https:\/\/auren.com\/es\/wp-content\/uploads\/2025\/01\/cropped-cropped-favicon-Auren.png","contentUrl":"https:\/\/auren.com\/es\/wp-content\/uploads\/2025\/01\/cropped-cropped-favicon-Auren.png","width":512,"height":512,"caption":"Auren"},"image":{"@id":"https:\/\/auren.com\/es\/#\/schema\/logo\/image\/"},"sameAs":["https:\/\/x.com\/auren_spain","https:\/\/www.linkedin.com\/company\/aurenspainserviciosprofesionales","https:\/\/www.youtube.com\/@AurenEsp","https:\/\/www.instagram.com\/auren_spain"]}]}},"_links":{"self":[{"href":"https:\/\/auren.com\/es\/wp-json\/wp\/v2\/new\/5551","targetHints":{"allow":["GET"]}}],"collection":[{"href":"https:\/\/auren.com\/es\/wp-json\/wp\/v2\/new"}],"about":[{"href":"https:\/\/auren.com\/es\/wp-json\/wp\/v2\/types\/new"}],"version-history":[{"count":0,"href":"https:\/\/auren.com\/es\/wp-json\/wp\/v2\/new\/5551\/revisions"}],"wp:featuredmedia":[{"embeddable":true,"href":"https:\/\/auren.com\/es\/wp-json\/wp\/v2\/media\/5552"}],"wp:attachment":[{"href":"https:\/\/auren.com\/es\/wp-json\/wp\/v2\/media?parent=5551"}],"wp:term":[{"taxonomy":"new-category","embeddable":true,"href":"https:\/\/auren.com\/es\/wp-json\/wp\/v2\/new-category?post=5551"}],"curies":[{"name":"wp","href":"https:\/\/api.w.org\/{rel}","templated":true}]}}