{"id":5785,"date":"2017-12-01T13:17:31","date_gmt":"2017-12-01T12:17:31","guid":{"rendered":"https:\/\/auren.com\/es\/new\/mario-alonso-presidente-de-auren-galardonado-como-%c2%93auditor-distinguido-del-ano%c2%94\/"},"modified":"2017-12-01T13:17:31","modified_gmt":"2017-12-01T12:17:31","slug":"mario-alonso-presidente-de-auren-galardonado-como-%c2%93auditor-distinguido-del-ano%c2%94","status":"publish","type":"new","link":"https:\/\/auren.com\/es\/noticias\/mario-alonso-presidente-de-auren-galardonado-como-%c2%93auditor-distinguido-del-ano%c2%94\/","title":{"rendered":"Mario Alonso, presidente de Auren, galardonado como \u0093Auditor distinguido del a\u00f1o\u0094"},"content":{"rendered":"<p class=\"text-justify\">El Colegio de Censores Jurados de Cuentas de Catalunya (CCJCC) ha otorgado el galard\u00f3n \u0093Auditor distinguido del a\u00f1o\u0094 al presidente de Auren, Mario Alonso. El premio se entreg\u00f3 ayer viernes en el marco del \u0093D\u00eda del Auditor\u0094, que se celebr\u00f3 en el Recinto Hist\u00f3rico del Hospital de Sant Pau, y que cont\u00f3 con la asistencia de m\u00e1s de 400 profesionales del sector.<\/p>\n<p class=\"text-justify\">El presidente de los auditores catalanes, Daniel Faura, destac\u00f3 que \u0093el premio reconoce la trayectoria profesional de Mario Alonso y su compromiso con la auditor\u00eda y la defensa de la profesi\u00f3n\u0094. <\/p>\n<p class=\"text-justify\">Durante los \u00faltimos cuatro a\u00f1os, Mario Alonso ha ejercido la presidencia del Instituto de Censores Jurados de Cuentas de Espa\u00f1a (ICJCE), que dej\u00f3 el pasado mes de octubre. A lo largo de la su trayectoria profesional se ha implicado de forma activa en el mundo de la auditor\u00eda, como presidente de la Agrupaci\u00f3n Primera del ICJCE o como miembro del Comit\u00e9 de Auditor\u00eda del ICAC (Instituto de Contabilidad y Auditor\u00eda de Cuentas), durante m\u00e1s de nueve a\u00f1os. Tambi\u00e9n ha desarrollado actividades en la C\u00e1mara de Comercio e Industria de Madrid, la CEOE, y el Consejo Social de la Universidad Complutense de Madrid. Adem\u00e1s, ha tenido una intensa actividad acad\u00e9mica como profesor de la Escuela de Auditor\u00eda del ICJCE; de Contabilidad y Auditor\u00eda de Cuentas de la Universidad de Alcal\u00e1 de Henares, y como director del M\u00e1ster de Responsabilidad Corporativa de la Escuela de Organizaci\u00f3n Industrial (EOI), entre otras.<\/p>\n<p class=\"text-justify\">El Colegio de Censores Jurados de Cuentas de Catalunya (CCJCC) reconoce anualmente con este galard\u00f3n a los profesionales de la auditoria que han ejercido un papel destacado en el sector, a trav\u00e9s del impulso de las relaciones institucionales, la acci\u00f3n permanente de pedagog\u00eda y difusi\u00f3n de la labor del auditor, y la aportaci\u00f3n relevante en el \u00e1mbito acad\u00e9mico y profesional.<\/p>\n<p>Mas informaci\u00f3n pulsa&nbsp;<a href=\"http:\/\/www.economiadehoy.es\/noticia\/24944\/nombramientos\/mario-alonso-presidente-de-auren-galardonado-como-auditor-distinguido-del-ano.html\" target=\"_blank\" rel=\"noopener noreferrer\">AQU\u00cd<\/a><\/p>\n<p><!-- AddThis Advanced Settings generic via filter on the_content --><!-- AddThis Share Buttons generic via filter on the_content --><\/p>\n","protected":false},"excerpt":{"rendered":"<p>El Colegio de Censores Jurados de Cuentas de Catalunya (CCJCC) ha otorgado el premio al presidente de Auren por \u0093su compromiso con la auditor\u00eda y la defensa de la profesi\u00f3n\u0094.<\/p>\n<p>Publicada en Econom\u00edadehoy.es, el 4 de diciembre de 2017<\/p>\n","protected":false},"featured_media":5786,"template":"","meta":{"_acf_changed":false,"footnotes":""},"new-category":[],"class_list":["post-5785","new","type-new","status-publish","has-post-thumbnail","hentry"],"acf":[],"yoast_head":"<!-- This site is optimized with the Yoast SEO plugin v27.5 - https:\/\/yoast.com\/product\/yoast-seo-wordpress\/ -->\n<title>Mario Alonso, presidente de Auren, galardonado como \u0093Auditor distinguido del a\u00f1o\u0094 - Auren Espa\u00f1a<\/title>\n<meta name=\"robots\" content=\"index, follow, max-snippet:-1, max-image-preview:large, max-video-preview:-1\" \/>\n<link rel=\"canonical\" href=\"https:\/\/auren.com\/es\/noticias\/mario-alonso-presidente-de-auren-galardonado-como-%c2%93auditor-distinguido-del-ano%c2%94\/\" \/>\n<meta property=\"og:locale\" content=\"es_ES\" \/>\n<meta property=\"og:type\" content=\"article\" \/>\n<meta property=\"og:title\" content=\"Mario Alonso, presidente de Auren, galardonado como \u0093Auditor distinguido del a\u00f1o\u0094 - Auren Espa\u00f1a\" \/>\n<meta property=\"og:description\" content=\"El Colegio de Censores Jurados de Cuentas de Catalunya (CCJCC) ha otorgado el premio al presidente de Auren por \u0093su compromiso con la auditor\u00eda y la defensa de la profesi\u00f3n\u0094.  Publicada en Econom\u00edadehoy.es, el 4 de diciembre de 2017\" \/>\n<meta property=\"og:url\" content=\"https:\/\/auren.com\/es\/noticias\/mario-alonso-presidente-de-auren-galardonado-como-%c2%93auditor-distinguido-del-ano%c2%94\/\" \/>\n<meta property=\"og:site_name\" content=\"Auren\" \/>\n<meta property=\"og:image\" content=\"https:\/\/auren.com\/es\/wp-content\/uploads\/2017\/12\/foto-mario-alonso-1.jpg\" \/>\n\t<meta property=\"og:image:width\" content=\"700\" \/>\n\t<meta property=\"og:image:height\" content=\"1050\" \/>\n\t<meta property=\"og:image:type\" content=\"image\/jpeg\" \/>\n<meta name=\"twitter:card\" content=\"summary_large_image\" \/>\n<meta name=\"twitter:site\" content=\"@auren_spain\" \/>\n<meta name=\"twitter:label1\" content=\"Tiempo de lectura\" \/>\n\t<meta name=\"twitter:data1\" content=\"2 minutos\" \/>\n<script type=\"application\/ld+json\" class=\"yoast-schema-graph\">{\"@context\":\"https:\\\/\\\/schema.org\",\"@graph\":[{\"@type\":\"WebPage\",\"@id\":\"https:\\\/\\\/auren.com\\\/es\\\/noticias\\\/mario-alonso-presidente-de-auren-galardonado-como-%c2%93auditor-distinguido-del-ano%c2%94\\\/\",\"url\":\"https:\\\/\\\/auren.com\\\/es\\\/noticias\\\/mario-alonso-presidente-de-auren-galardonado-como-%c2%93auditor-distinguido-del-ano%c2%94\\\/\",\"name\":\"Mario Alonso, presidente de Auren, galardonado como \u0093Auditor distinguido del a\u00f1o\u0094 - Auren Espa\u00f1a\",\"isPartOf\":{\"@id\":\"https:\\\/\\\/auren.com\\\/es\\\/#website\"},\"primaryImageOfPage\":{\"@id\":\"https:\\\/\\\/auren.com\\\/es\\\/noticias\\\/mario-alonso-presidente-de-auren-galardonado-como-%c2%93auditor-distinguido-del-ano%c2%94\\\/#primaryimage\"},\"image\":{\"@id\":\"https:\\\/\\\/auren.com\\\/es\\\/noticias\\\/mario-alonso-presidente-de-auren-galardonado-como-%c2%93auditor-distinguido-del-ano%c2%94\\\/#primaryimage\"},\"thumbnailUrl\":\"https:\\\/\\\/auren.com\\\/es\\\/wp-content\\\/uploads\\\/2017\\\/12\\\/foto-mario-alonso-1.jpg\",\"datePublished\":\"2017-12-01T12:17:31+00:00\",\"breadcrumb\":{\"@id\":\"https:\\\/\\\/auren.com\\\/es\\\/noticias\\\/mario-alonso-presidente-de-auren-galardonado-como-%c2%93auditor-distinguido-del-ano%c2%94\\\/#breadcrumb\"},\"inLanguage\":\"es\",\"potentialAction\":[{\"@type\":\"ReadAction\",\"target\":[\"https:\\\/\\\/auren.com\\\/es\\\/noticias\\\/mario-alonso-presidente-de-auren-galardonado-como-%c2%93auditor-distinguido-del-ano%c2%94\\\/\"]}]},{\"@type\":\"ImageObject\",\"inLanguage\":\"es\",\"@id\":\"https:\\\/\\\/auren.com\\\/es\\\/noticias\\\/mario-alonso-presidente-de-auren-galardonado-como-%c2%93auditor-distinguido-del-ano%c2%94\\\/#primaryimage\",\"url\":\"https:\\\/\\\/auren.com\\\/es\\\/wp-content\\\/uploads\\\/2017\\\/12\\\/foto-mario-alonso-1.jpg\",\"contentUrl\":\"https:\\\/\\\/auren.com\\\/es\\\/wp-content\\\/uploads\\\/2017\\\/12\\\/foto-mario-alonso-1.jpg\",\"width\":700,\"height\":1050},{\"@type\":\"BreadcrumbList\",\"@id\":\"https:\\\/\\\/auren.com\\\/es\\\/noticias\\\/mario-alonso-presidente-de-auren-galardonado-como-%c2%93auditor-distinguido-del-ano%c2%94\\\/#breadcrumb\",\"itemListElement\":[{\"@type\":\"ListItem\",\"position\":1,\"name\":\"Portada\",\"item\":\"https:\\\/\\\/auren.com\\\/es\\\/\"},{\"@type\":\"ListItem\",\"position\":2,\"name\":\"Mario Alonso, presidente de Auren, galardonado como \u0093Auditor distinguido del a\u00f1o\u0094\"}]},{\"@type\":\"WebSite\",\"@id\":\"https:\\\/\\\/auren.com\\\/es\\\/#website\",\"url\":\"https:\\\/\\\/auren.com\\\/es\\\/\",\"name\":\"Auren\",\"description\":\"\",\"publisher\":{\"@id\":\"https:\\\/\\\/auren.com\\\/es\\\/#organization\"},\"alternateName\":\"Auren\",\"potentialAction\":[{\"@type\":\"SearchAction\",\"target\":{\"@type\":\"EntryPoint\",\"urlTemplate\":\"https:\\\/\\\/auren.com\\\/es\\\/?s={search_term_string}\"},\"query-input\":{\"@type\":\"PropertyValueSpecification\",\"valueRequired\":true,\"valueName\":\"search_term_string\"}}],\"inLanguage\":\"es\"},{\"@type\":\"Organization\",\"@id\":\"https:\\\/\\\/auren.com\\\/es\\\/#organization\",\"name\":\"Auren\",\"alternateName\":\"Auren\",\"url\":\"https:\\\/\\\/auren.com\\\/es\\\/\",\"logo\":{\"@type\":\"ImageObject\",\"inLanguage\":\"es\",\"@id\":\"https:\\\/\\\/auren.com\\\/es\\\/#\\\/schema\\\/logo\\\/image\\\/\",\"url\":\"https:\\\/\\\/auren.com\\\/es\\\/wp-content\\\/uploads\\\/2025\\\/01\\\/cropped-cropped-favicon-Auren.png\",\"contentUrl\":\"https:\\\/\\\/auren.com\\\/es\\\/wp-content\\\/uploads\\\/2025\\\/01\\\/cropped-cropped-favicon-Auren.png\",\"width\":512,\"height\":512,\"caption\":\"Auren\"},\"image\":{\"@id\":\"https:\\\/\\\/auren.com\\\/es\\\/#\\\/schema\\\/logo\\\/image\\\/\"},\"sameAs\":[\"https:\\\/\\\/x.com\\\/auren_spain\",\"https:\\\/\\\/www.linkedin.com\\\/company\\\/aurenspainserviciosprofesionales\",\"https:\\\/\\\/www.youtube.com\\\/@AurenEsp\",\"https:\\\/\\\/www.instagram.com\\\/auren_spain\"]}]}<\/script>\n<!-- \/ Yoast SEO plugin. -->","yoast_head_json":{"title":"Mario Alonso, presidente de Auren, galardonado como \u0093Auditor distinguido del a\u00f1o\u0094 - Auren Espa\u00f1a","robots":{"index":"index","follow":"follow","max-snippet":"max-snippet:-1","max-image-preview":"max-image-preview:large","max-video-preview":"max-video-preview:-1"},"canonical":"https:\/\/auren.com\/es\/noticias\/mario-alonso-presidente-de-auren-galardonado-como-%c2%93auditor-distinguido-del-ano%c2%94\/","og_locale":"es_ES","og_type":"article","og_title":"Mario Alonso, presidente de Auren, galardonado como \u0093Auditor distinguido del a\u00f1o\u0094 - Auren Espa\u00f1a","og_description":"El Colegio de Censores Jurados de Cuentas de Catalunya (CCJCC) ha otorgado el premio al presidente de Auren por \u0093su compromiso con la auditor\u00eda y la defensa de la profesi\u00f3n\u0094.  Publicada en Econom\u00edadehoy.es, el 4 de diciembre de 2017","og_url":"https:\/\/auren.com\/es\/noticias\/mario-alonso-presidente-de-auren-galardonado-como-%c2%93auditor-distinguido-del-ano%c2%94\/","og_site_name":"Auren","og_image":[{"width":700,"height":1050,"url":"https:\/\/auren.com\/es\/wp-content\/uploads\/2017\/12\/foto-mario-alonso-1.jpg","type":"image\/jpeg"}],"twitter_card":"summary_large_image","twitter_site":"@auren_spain","twitter_misc":{"Tiempo de lectura":"2 minutos"},"schema":{"@context":"https:\/\/schema.org","@graph":[{"@type":"WebPage","@id":"https:\/\/auren.com\/es\/noticias\/mario-alonso-presidente-de-auren-galardonado-como-%c2%93auditor-distinguido-del-ano%c2%94\/","url":"https:\/\/auren.com\/es\/noticias\/mario-alonso-presidente-de-auren-galardonado-como-%c2%93auditor-distinguido-del-ano%c2%94\/","name":"Mario Alonso, presidente de Auren, galardonado como \u0093Auditor distinguido del a\u00f1o\u0094 - Auren Espa\u00f1a","isPartOf":{"@id":"https:\/\/auren.com\/es\/#website"},"primaryImageOfPage":{"@id":"https:\/\/auren.com\/es\/noticias\/mario-alonso-presidente-de-auren-galardonado-como-%c2%93auditor-distinguido-del-ano%c2%94\/#primaryimage"},"image":{"@id":"https:\/\/auren.com\/es\/noticias\/mario-alonso-presidente-de-auren-galardonado-como-%c2%93auditor-distinguido-del-ano%c2%94\/#primaryimage"},"thumbnailUrl":"https:\/\/auren.com\/es\/wp-content\/uploads\/2017\/12\/foto-mario-alonso-1.jpg","datePublished":"2017-12-01T12:17:31+00:00","breadcrumb":{"@id":"https:\/\/auren.com\/es\/noticias\/mario-alonso-presidente-de-auren-galardonado-como-%c2%93auditor-distinguido-del-ano%c2%94\/#breadcrumb"},"inLanguage":"es","potentialAction":[{"@type":"ReadAction","target":["https:\/\/auren.com\/es\/noticias\/mario-alonso-presidente-de-auren-galardonado-como-%c2%93auditor-distinguido-del-ano%c2%94\/"]}]},{"@type":"ImageObject","inLanguage":"es","@id":"https:\/\/auren.com\/es\/noticias\/mario-alonso-presidente-de-auren-galardonado-como-%c2%93auditor-distinguido-del-ano%c2%94\/#primaryimage","url":"https:\/\/auren.com\/es\/wp-content\/uploads\/2017\/12\/foto-mario-alonso-1.jpg","contentUrl":"https:\/\/auren.com\/es\/wp-content\/uploads\/2017\/12\/foto-mario-alonso-1.jpg","width":700,"height":1050},{"@type":"BreadcrumbList","@id":"https:\/\/auren.com\/es\/noticias\/mario-alonso-presidente-de-auren-galardonado-como-%c2%93auditor-distinguido-del-ano%c2%94\/#breadcrumb","itemListElement":[{"@type":"ListItem","position":1,"name":"Portada","item":"https:\/\/auren.com\/es\/"},{"@type":"ListItem","position":2,"name":"Mario Alonso, presidente de Auren, galardonado como \u0093Auditor distinguido del a\u00f1o\u0094"}]},{"@type":"WebSite","@id":"https:\/\/auren.com\/es\/#website","url":"https:\/\/auren.com\/es\/","name":"Auren","description":"","publisher":{"@id":"https:\/\/auren.com\/es\/#organization"},"alternateName":"Auren","potentialAction":[{"@type":"SearchAction","target":{"@type":"EntryPoint","urlTemplate":"https:\/\/auren.com\/es\/?s={search_term_string}"},"query-input":{"@type":"PropertyValueSpecification","valueRequired":true,"valueName":"search_term_string"}}],"inLanguage":"es"},{"@type":"Organization","@id":"https:\/\/auren.com\/es\/#organization","name":"Auren","alternateName":"Auren","url":"https:\/\/auren.com\/es\/","logo":{"@type":"ImageObject","inLanguage":"es","@id":"https:\/\/auren.com\/es\/#\/schema\/logo\/image\/","url":"https:\/\/auren.com\/es\/wp-content\/uploads\/2025\/01\/cropped-cropped-favicon-Auren.png","contentUrl":"https:\/\/auren.com\/es\/wp-content\/uploads\/2025\/01\/cropped-cropped-favicon-Auren.png","width":512,"height":512,"caption":"Auren"},"image":{"@id":"https:\/\/auren.com\/es\/#\/schema\/logo\/image\/"},"sameAs":["https:\/\/x.com\/auren_spain","https:\/\/www.linkedin.com\/company\/aurenspainserviciosprofesionales","https:\/\/www.youtube.com\/@AurenEsp","https:\/\/www.instagram.com\/auren_spain"]}]}},"_links":{"self":[{"href":"https:\/\/auren.com\/es\/wp-json\/wp\/v2\/new\/5785","targetHints":{"allow":["GET"]}}],"collection":[{"href":"https:\/\/auren.com\/es\/wp-json\/wp\/v2\/new"}],"about":[{"href":"https:\/\/auren.com\/es\/wp-json\/wp\/v2\/types\/new"}],"version-history":[{"count":0,"href":"https:\/\/auren.com\/es\/wp-json\/wp\/v2\/new\/5785\/revisions"}],"wp:featuredmedia":[{"embeddable":true,"href":"https:\/\/auren.com\/es\/wp-json\/wp\/v2\/media\/5786"}],"wp:attachment":[{"href":"https:\/\/auren.com\/es\/wp-json\/wp\/v2\/media?parent=5785"}],"wp:term":[{"taxonomy":"new-category","embeddable":true,"href":"https:\/\/auren.com\/es\/wp-json\/wp\/v2\/new-category?post=5785"}],"curies":[{"name":"wp","href":"https:\/\/api.w.org\/{rel}","templated":true}]}}