{"id":5794,"date":"2017-11-24T08:09:15","date_gmt":"2017-11-24T07:09:15","guid":{"rendered":"https:\/\/auren.com\/es\/new\/auren-ponente-en-las-vii-jornadas-de-informatica-de-la-administracion-local-de-la-provincia-de-alicante-el-dia-24-de-noviembre-de-2017-infocldero-xvii\/"},"modified":"2017-11-24T08:09:15","modified_gmt":"2017-11-24T07:09:15","slug":"auren-ponente-en-las-vii-jornadas-de-informatica-de-la-administracion-local-de-la-provincia-de-alicante-el-dia-24-de-noviembre-de-2017-infocldero-xvii","status":"publish","type":"new","link":"https:\/\/auren.com\/es\/noticias\/auren-ponente-en-las-vii-jornadas-de-informatica-de-la-administracion-local-de-la-provincia-de-alicante-el-dia-24-de-noviembre-de-2017-infocldero-xvii\/","title":{"rendered":"Auren ponente en las VII Jornadas de Inform\u00e1tica de la administraci\u00f3n Local de la provincia de Alicante el d\u00eda 24 de noviembre de 2017. INFOC@LDERO XVII."},"content":{"rendered":"<\/p>\n<p class=\"text-justify\">El \u00c1rea de Consultor\u00eda &#8211; Seguridad de la Informaci\u00f3n de Auren, participar\u00e1 como ponente en el evento de las VII Jornadas de Inform\u00e1tica de la Administraci\u00f3n Local de la Provincia de Alicante (INFOC@LDERO XVII). Las Jornadas tienen lugar el 24 de noviembre de 2017 en la sala \u00abEnric Valor\u00bb de la Casa de Cultura de la localidad El Campello en la provincia de Alicante. Este evento \u00fanico, que comenz\u00f3 siendo un punto de reuni\u00f3n de los T\u00e9cnicos Inform\u00e1ticos de la Provincia ha seguido creciendo a\u00f1o a a\u00f1o y en la actualidad participan y asisten Responsables de Inform\u00e1tica de la Provincias de Alicante, Murcia, Valencia y Castell\u00f3n siendo un referente de la inform\u00e1tica en la Administraci\u00f3n P\u00fablica Local en toda la Comunidad Valencia y Regi\u00f3n de Murcia. En el marco de esta Jornada, el \u00e1rea de Seguridad de la Informaci\u00f3n de Auren como expertos en cumplimiento de normativas y regulaciones en Administraciones P\u00fablicas, como LOPD\/RDLOPD, el reglamento General de Protecci\u00f3n de Datos (RGPD) y el Esquema Nacional de Seguridad (ENS) de acuerdo al &nbsp;Real Decreto 04\/2010. D. Renato Aquilino, Consultor Senior de la citada \u00e1rea, participar\u00e1 junto con otros profesionales de primer nivel como ponente hablando de \u201cCumplimiento del RGPD en la Administraci\u00f3n P\u00fablica mediante el ENS\u201d. Este es un foro donde compartir todas las incidencias, comunes a todos, en un entorno l\u00fadico. A su vez \u00e9sta es la decimos\u00e9ptima edici\u00f3n de INFOC@LDERO, esper\u00e1ndose un alto \u00edndice de participaci\u00f3n.<\/p>\n<p>M\u00e1s informaci\u00f3n pulsa <a href=\"http:\/\/www.elcampello.es\/index.php?s=noticias&#038;id=1689\" target=\"_blank\" rel=\"noopener noreferrer\">AQU\u00cd<\/a><\/p>\n<\/p>\n<p><!-- AddThis Advanced Settings generic via filter on the_content --><!-- AddThis Share Buttons generic via filter on the_content --><\/p>\n","protected":false},"excerpt":{"rendered":"<p>Informaci\u00f3n de Elcampello.es, el 23 de noviembre de 2017 <\/p>\n","protected":false},"featured_media":5795,"template":"","meta":{"_acf_changed":false,"footnotes":""},"new-category":[],"class_list":["post-5794","new","type-new","status-publish","has-post-thumbnail","hentry"],"acf":[],"yoast_head":"<!-- This site is optimized with the Yoast SEO plugin v27.5 - https:\/\/yoast.com\/product\/yoast-seo-wordpress\/ -->\n<title>Auren ponente en las VII Jornadas de Inform\u00e1tica de la administraci\u00f3n Local de la provincia de Alicante el d\u00eda 24 de noviembre de 2017. INFOC@LDERO XVII. - Auren Espa\u00f1a<\/title>\n<meta name=\"robots\" content=\"index, follow, max-snippet:-1, max-image-preview:large, max-video-preview:-1\" \/>\n<link rel=\"canonical\" href=\"https:\/\/auren.com\/es\/noticias\/auren-ponente-en-las-vii-jornadas-de-informatica-de-la-administracion-local-de-la-provincia-de-alicante-el-dia-24-de-noviembre-de-2017-infocldero-xvii\/\" \/>\n<meta property=\"og:locale\" content=\"es_ES\" \/>\n<meta property=\"og:type\" content=\"article\" \/>\n<meta property=\"og:title\" content=\"Auren ponente en las VII Jornadas de Inform\u00e1tica de la administraci\u00f3n Local de la provincia de Alicante el d\u00eda 24 de noviembre de 2017. INFOC@LDERO XVII. - Auren Espa\u00f1a\" \/>\n<meta property=\"og:description\" content=\"Informaci\u00f3n de Elcampello.es, el 23 de noviembre de 2017\" \/>\n<meta property=\"og:url\" content=\"https:\/\/auren.com\/es\/noticias\/auren-ponente-en-las-vii-jornadas-de-informatica-de-la-administracion-local-de-la-provincia-de-alicante-el-dia-24-de-noviembre-de-2017-infocldero-xvii\/\" \/>\n<meta property=\"og:site_name\" content=\"Auren\" \/>\n<meta property=\"og:image\" content=\"https:\/\/auren.com\/es\/wp-content\/uploads\/2017\/11\/900x520_31.jpg\" \/>\n\t<meta property=\"og:image:width\" content=\"900\" \/>\n\t<meta property=\"og:image:height\" content=\"520\" \/>\n\t<meta property=\"og:image:type\" content=\"image\/jpeg\" \/>\n<meta name=\"twitter:card\" content=\"summary_large_image\" \/>\n<meta name=\"twitter:site\" content=\"@auren_spain\" \/>\n<meta name=\"twitter:label1\" content=\"Tiempo de lectura\" \/>\n\t<meta name=\"twitter:data1\" content=\"1 minuto\" \/>\n<script type=\"application\/ld+json\" class=\"yoast-schema-graph\">{\"@context\":\"https:\\\/\\\/schema.org\",\"@graph\":[{\"@type\":\"WebPage\",\"@id\":\"https:\\\/\\\/auren.com\\\/es\\\/noticias\\\/auren-ponente-en-las-vii-jornadas-de-informatica-de-la-administracion-local-de-la-provincia-de-alicante-el-dia-24-de-noviembre-de-2017-infocldero-xvii\\\/\",\"url\":\"https:\\\/\\\/auren.com\\\/es\\\/noticias\\\/auren-ponente-en-las-vii-jornadas-de-informatica-de-la-administracion-local-de-la-provincia-de-alicante-el-dia-24-de-noviembre-de-2017-infocldero-xvii\\\/\",\"name\":\"Auren ponente en las VII Jornadas de Inform\u00e1tica de la administraci\u00f3n Local de la provincia de Alicante el d\u00eda 24 de noviembre de 2017. INFOC@LDERO XVII. - Auren Espa\u00f1a\",\"isPartOf\":{\"@id\":\"https:\\\/\\\/auren.com\\\/es\\\/#website\"},\"primaryImageOfPage\":{\"@id\":\"https:\\\/\\\/auren.com\\\/es\\\/noticias\\\/auren-ponente-en-las-vii-jornadas-de-informatica-de-la-administracion-local-de-la-provincia-de-alicante-el-dia-24-de-noviembre-de-2017-infocldero-xvii\\\/#primaryimage\"},\"image\":{\"@id\":\"https:\\\/\\\/auren.com\\\/es\\\/noticias\\\/auren-ponente-en-las-vii-jornadas-de-informatica-de-la-administracion-local-de-la-provincia-de-alicante-el-dia-24-de-noviembre-de-2017-infocldero-xvii\\\/#primaryimage\"},\"thumbnailUrl\":\"https:\\\/\\\/auren.com\\\/es\\\/wp-content\\\/uploads\\\/2017\\\/11\\\/900x520_31.jpg\",\"datePublished\":\"2017-11-24T07:09:15+00:00\",\"breadcrumb\":{\"@id\":\"https:\\\/\\\/auren.com\\\/es\\\/noticias\\\/auren-ponente-en-las-vii-jornadas-de-informatica-de-la-administracion-local-de-la-provincia-de-alicante-el-dia-24-de-noviembre-de-2017-infocldero-xvii\\\/#breadcrumb\"},\"inLanguage\":\"es\",\"potentialAction\":[{\"@type\":\"ReadAction\",\"target\":[\"https:\\\/\\\/auren.com\\\/es\\\/noticias\\\/auren-ponente-en-las-vii-jornadas-de-informatica-de-la-administracion-local-de-la-provincia-de-alicante-el-dia-24-de-noviembre-de-2017-infocldero-xvii\\\/\"]}]},{\"@type\":\"ImageObject\",\"inLanguage\":\"es\",\"@id\":\"https:\\\/\\\/auren.com\\\/es\\\/noticias\\\/auren-ponente-en-las-vii-jornadas-de-informatica-de-la-administracion-local-de-la-provincia-de-alicante-el-dia-24-de-noviembre-de-2017-infocldero-xvii\\\/#primaryimage\",\"url\":\"https:\\\/\\\/auren.com\\\/es\\\/wp-content\\\/uploads\\\/2017\\\/11\\\/900x520_31.jpg\",\"contentUrl\":\"https:\\\/\\\/auren.com\\\/es\\\/wp-content\\\/uploads\\\/2017\\\/11\\\/900x520_31.jpg\",\"width\":900,\"height\":520},{\"@type\":\"BreadcrumbList\",\"@id\":\"https:\\\/\\\/auren.com\\\/es\\\/noticias\\\/auren-ponente-en-las-vii-jornadas-de-informatica-de-la-administracion-local-de-la-provincia-de-alicante-el-dia-24-de-noviembre-de-2017-infocldero-xvii\\\/#breadcrumb\",\"itemListElement\":[{\"@type\":\"ListItem\",\"position\":1,\"name\":\"Portada\",\"item\":\"https:\\\/\\\/auren.com\\\/es\\\/\"},{\"@type\":\"ListItem\",\"position\":2,\"name\":\"Auren ponente en las VII Jornadas de Inform\u00e1tica de la administraci\u00f3n Local de la provincia de Alicante el d\u00eda 24 de noviembre de 2017. INFOC@LDERO XVII.\"}]},{\"@type\":\"WebSite\",\"@id\":\"https:\\\/\\\/auren.com\\\/es\\\/#website\",\"url\":\"https:\\\/\\\/auren.com\\\/es\\\/\",\"name\":\"Auren\",\"description\":\"\",\"publisher\":{\"@id\":\"https:\\\/\\\/auren.com\\\/es\\\/#organization\"},\"alternateName\":\"Auren\",\"potentialAction\":[{\"@type\":\"SearchAction\",\"target\":{\"@type\":\"EntryPoint\",\"urlTemplate\":\"https:\\\/\\\/auren.com\\\/es\\\/?s={search_term_string}\"},\"query-input\":{\"@type\":\"PropertyValueSpecification\",\"valueRequired\":true,\"valueName\":\"search_term_string\"}}],\"inLanguage\":\"es\"},{\"@type\":\"Organization\",\"@id\":\"https:\\\/\\\/auren.com\\\/es\\\/#organization\",\"name\":\"Auren\",\"alternateName\":\"Auren\",\"url\":\"https:\\\/\\\/auren.com\\\/es\\\/\",\"logo\":{\"@type\":\"ImageObject\",\"inLanguage\":\"es\",\"@id\":\"https:\\\/\\\/auren.com\\\/es\\\/#\\\/schema\\\/logo\\\/image\\\/\",\"url\":\"https:\\\/\\\/auren.com\\\/es\\\/wp-content\\\/uploads\\\/2025\\\/01\\\/cropped-cropped-favicon-Auren.png\",\"contentUrl\":\"https:\\\/\\\/auren.com\\\/es\\\/wp-content\\\/uploads\\\/2025\\\/01\\\/cropped-cropped-favicon-Auren.png\",\"width\":512,\"height\":512,\"caption\":\"Auren\"},\"image\":{\"@id\":\"https:\\\/\\\/auren.com\\\/es\\\/#\\\/schema\\\/logo\\\/image\\\/\"},\"sameAs\":[\"https:\\\/\\\/x.com\\\/auren_spain\",\"https:\\\/\\\/www.linkedin.com\\\/company\\\/aurenspainserviciosprofesionales\",\"https:\\\/\\\/www.youtube.com\\\/@AurenEsp\",\"https:\\\/\\\/www.instagram.com\\\/auren_spain\"]}]}<\/script>\n<!-- \/ Yoast SEO plugin. -->","yoast_head_json":{"title":"Auren ponente en las VII Jornadas de Inform\u00e1tica de la administraci\u00f3n Local de la provincia de Alicante el d\u00eda 24 de noviembre de 2017. INFOC@LDERO XVII. - Auren Espa\u00f1a","robots":{"index":"index","follow":"follow","max-snippet":"max-snippet:-1","max-image-preview":"max-image-preview:large","max-video-preview":"max-video-preview:-1"},"canonical":"https:\/\/auren.com\/es\/noticias\/auren-ponente-en-las-vii-jornadas-de-informatica-de-la-administracion-local-de-la-provincia-de-alicante-el-dia-24-de-noviembre-de-2017-infocldero-xvii\/","og_locale":"es_ES","og_type":"article","og_title":"Auren ponente en las VII Jornadas de Inform\u00e1tica de la administraci\u00f3n Local de la provincia de Alicante el d\u00eda 24 de noviembre de 2017. INFOC@LDERO XVII. - Auren Espa\u00f1a","og_description":"Informaci\u00f3n de Elcampello.es, el 23 de noviembre de 2017","og_url":"https:\/\/auren.com\/es\/noticias\/auren-ponente-en-las-vii-jornadas-de-informatica-de-la-administracion-local-de-la-provincia-de-alicante-el-dia-24-de-noviembre-de-2017-infocldero-xvii\/","og_site_name":"Auren","og_image":[{"width":900,"height":520,"url":"https:\/\/auren.com\/es\/wp-content\/uploads\/2017\/11\/900x520_31.jpg","type":"image\/jpeg"}],"twitter_card":"summary_large_image","twitter_site":"@auren_spain","twitter_misc":{"Tiempo de lectura":"1 minuto"},"schema":{"@context":"https:\/\/schema.org","@graph":[{"@type":"WebPage","@id":"https:\/\/auren.com\/es\/noticias\/auren-ponente-en-las-vii-jornadas-de-informatica-de-la-administracion-local-de-la-provincia-de-alicante-el-dia-24-de-noviembre-de-2017-infocldero-xvii\/","url":"https:\/\/auren.com\/es\/noticias\/auren-ponente-en-las-vii-jornadas-de-informatica-de-la-administracion-local-de-la-provincia-de-alicante-el-dia-24-de-noviembre-de-2017-infocldero-xvii\/","name":"Auren ponente en las VII Jornadas de Inform\u00e1tica de la administraci\u00f3n Local de la provincia de Alicante el d\u00eda 24 de noviembre de 2017. INFOC@LDERO XVII. - Auren Espa\u00f1a","isPartOf":{"@id":"https:\/\/auren.com\/es\/#website"},"primaryImageOfPage":{"@id":"https:\/\/auren.com\/es\/noticias\/auren-ponente-en-las-vii-jornadas-de-informatica-de-la-administracion-local-de-la-provincia-de-alicante-el-dia-24-de-noviembre-de-2017-infocldero-xvii\/#primaryimage"},"image":{"@id":"https:\/\/auren.com\/es\/noticias\/auren-ponente-en-las-vii-jornadas-de-informatica-de-la-administracion-local-de-la-provincia-de-alicante-el-dia-24-de-noviembre-de-2017-infocldero-xvii\/#primaryimage"},"thumbnailUrl":"https:\/\/auren.com\/es\/wp-content\/uploads\/2017\/11\/900x520_31.jpg","datePublished":"2017-11-24T07:09:15+00:00","breadcrumb":{"@id":"https:\/\/auren.com\/es\/noticias\/auren-ponente-en-las-vii-jornadas-de-informatica-de-la-administracion-local-de-la-provincia-de-alicante-el-dia-24-de-noviembre-de-2017-infocldero-xvii\/#breadcrumb"},"inLanguage":"es","potentialAction":[{"@type":"ReadAction","target":["https:\/\/auren.com\/es\/noticias\/auren-ponente-en-las-vii-jornadas-de-informatica-de-la-administracion-local-de-la-provincia-de-alicante-el-dia-24-de-noviembre-de-2017-infocldero-xvii\/"]}]},{"@type":"ImageObject","inLanguage":"es","@id":"https:\/\/auren.com\/es\/noticias\/auren-ponente-en-las-vii-jornadas-de-informatica-de-la-administracion-local-de-la-provincia-de-alicante-el-dia-24-de-noviembre-de-2017-infocldero-xvii\/#primaryimage","url":"https:\/\/auren.com\/es\/wp-content\/uploads\/2017\/11\/900x520_31.jpg","contentUrl":"https:\/\/auren.com\/es\/wp-content\/uploads\/2017\/11\/900x520_31.jpg","width":900,"height":520},{"@type":"BreadcrumbList","@id":"https:\/\/auren.com\/es\/noticias\/auren-ponente-en-las-vii-jornadas-de-informatica-de-la-administracion-local-de-la-provincia-de-alicante-el-dia-24-de-noviembre-de-2017-infocldero-xvii\/#breadcrumb","itemListElement":[{"@type":"ListItem","position":1,"name":"Portada","item":"https:\/\/auren.com\/es\/"},{"@type":"ListItem","position":2,"name":"Auren ponente en las VII Jornadas de Inform\u00e1tica de la administraci\u00f3n Local de la provincia de Alicante el d\u00eda 24 de noviembre de 2017. INFOC@LDERO XVII."}]},{"@type":"WebSite","@id":"https:\/\/auren.com\/es\/#website","url":"https:\/\/auren.com\/es\/","name":"Auren","description":"","publisher":{"@id":"https:\/\/auren.com\/es\/#organization"},"alternateName":"Auren","potentialAction":[{"@type":"SearchAction","target":{"@type":"EntryPoint","urlTemplate":"https:\/\/auren.com\/es\/?s={search_term_string}"},"query-input":{"@type":"PropertyValueSpecification","valueRequired":true,"valueName":"search_term_string"}}],"inLanguage":"es"},{"@type":"Organization","@id":"https:\/\/auren.com\/es\/#organization","name":"Auren","alternateName":"Auren","url":"https:\/\/auren.com\/es\/","logo":{"@type":"ImageObject","inLanguage":"es","@id":"https:\/\/auren.com\/es\/#\/schema\/logo\/image\/","url":"https:\/\/auren.com\/es\/wp-content\/uploads\/2025\/01\/cropped-cropped-favicon-Auren.png","contentUrl":"https:\/\/auren.com\/es\/wp-content\/uploads\/2025\/01\/cropped-cropped-favicon-Auren.png","width":512,"height":512,"caption":"Auren"},"image":{"@id":"https:\/\/auren.com\/es\/#\/schema\/logo\/image\/"},"sameAs":["https:\/\/x.com\/auren_spain","https:\/\/www.linkedin.com\/company\/aurenspainserviciosprofesionales","https:\/\/www.youtube.com\/@AurenEsp","https:\/\/www.instagram.com\/auren_spain"]}]}},"_links":{"self":[{"href":"https:\/\/auren.com\/es\/wp-json\/wp\/v2\/new\/5794","targetHints":{"allow":["GET"]}}],"collection":[{"href":"https:\/\/auren.com\/es\/wp-json\/wp\/v2\/new"}],"about":[{"href":"https:\/\/auren.com\/es\/wp-json\/wp\/v2\/types\/new"}],"version-history":[{"count":0,"href":"https:\/\/auren.com\/es\/wp-json\/wp\/v2\/new\/5794\/revisions"}],"wp:featuredmedia":[{"embeddable":true,"href":"https:\/\/auren.com\/es\/wp-json\/wp\/v2\/media\/5795"}],"wp:attachment":[{"href":"https:\/\/auren.com\/es\/wp-json\/wp\/v2\/media?parent=5794"}],"wp:term":[{"taxonomy":"new-category","embeddable":true,"href":"https:\/\/auren.com\/es\/wp-json\/wp\/v2\/new-category?post=5794"}],"curies":[{"name":"wp","href":"https:\/\/api.w.org\/{rel}","templated":true}]}}