{"id":5848,"date":"2017-10-03T09:01:59","date_gmt":"2017-10-03T07:01:59","guid":{"rendered":"https:\/\/auren.com\/es\/new\/antoni-gomez-presidente-de-auren-internacional-reelegido-miembro-del-comite-de-pequenas-y-medianas-firmas-de-ifac\/"},"modified":"2017-10-03T09:01:59","modified_gmt":"2017-10-03T07:01:59","slug":"antoni-gomez-presidente-de-auren-internacional-reelegido-miembro-del-comite-de-pequenas-y-medianas-firmas-de-ifac","status":"publish","type":"new","link":"https:\/\/auren.com\/es\/noticias\/antoni-gomez-presidente-de-auren-internacional-reelegido-miembro-del-comite-de-pequenas-y-medianas-firmas-de-ifac\/","title":{"rendered":"Antoni G\u00f3mez, presidente de Auren internacional, reelegido miembro del comit\u00e9 de peque\u00f1as y medianas firmas de IFAC"},"content":{"rendered":"<p class=\"text-justify\">Antoni G\u00f3mez Valverde, presidente de Auren internacional y de ANTEA (la Alianza de Firmas Independientes que impuls\u00f3 Auren), ha sido reelegido como miembro del comit\u00e9 de peque\u00f1as y medianas Firmas (SMP- Small and Medium Practices) del International Federation of Accountants (IFAC) para el periodo 2018-2020. El comit\u00e9, integrado por 17 miembros, representa los intereses de las Peque\u00f1as y Medianas firmas profesionales. IFAC es la organizaci\u00f3n mundial m\u00e1s importante de los auditores de cuentas, y el asesoramiento de las empresas, y uno de los organismos m\u00e1s decisivos en el desarrollo de las econom\u00edas internacionales, estableciendo y promoviendo altos est\u00e1ndares profesionales de calidad, as\u00ed como fomentando el cumplimiento y la convergencia internacional de los mismos.&nbsp;<\/p>\n<p class=\"text-justify\">De esta forma, Antoni G\u00f3mez formar\u00e1 de nuevo parte de este Comit\u00e9 de IFAC, en el que es miembro desde 2015. IFAC est\u00e1 compuesta por 179 colegios y corporaciones profesionales de 130 pa\u00edses y jurisdicciones. G\u00f3mez fue designado a propuesta del Instituto de Censores Jurados de Cuentas de Espa\u00f1a.<\/p>\n<p>&nbsp; <\/p>\n<p><!-- AddThis Advanced Settings generic via filter on the_content --><!-- AddThis Share Buttons generic via filter on the_content --><\/p>\n","protected":false},"excerpt":{"rendered":"<p>Antoni G\u00f3mez Valverde, presidente de Auren internacional y de ANTEA (la Alianza de Firmas Independientes que impuls\u00f3 Auren), ha sido reelegido como miembro del comit\u00e9 de peque\u00f1as y medianas Firmas (SMP- Small and Medium Practices) del International Federation of Accountants (IFAC) para el periodo 2018-2020. El comit\u00e9, integrado por 17 miembros, representa los intereses de [&hellip;]<\/p>\n","protected":false},"featured_media":5849,"template":"","meta":{"_acf_changed":false,"footnotes":""},"new-category":[],"class_list":["post-5848","new","type-new","status-publish","has-post-thumbnail","hentry"],"acf":[],"yoast_head":"<!-- This site is optimized with the Yoast SEO plugin v27.5 - https:\/\/yoast.com\/product\/yoast-seo-wordpress\/ -->\n<title>Antoni G\u00f3mez, presidente de Auren internacional, reelegido miembro del comit\u00e9 de peque\u00f1as y medianas firmas de IFAC - Auren Espa\u00f1a<\/title>\n<meta name=\"robots\" content=\"index, follow, max-snippet:-1, max-image-preview:large, max-video-preview:-1\" \/>\n<link rel=\"canonical\" href=\"https:\/\/auren.com\/es\/noticias\/antoni-gomez-presidente-de-auren-internacional-reelegido-miembro-del-comite-de-pequenas-y-medianas-firmas-de-ifac\/\" \/>\n<meta property=\"og:locale\" content=\"es_ES\" \/>\n<meta property=\"og:type\" content=\"article\" \/>\n<meta property=\"og:title\" content=\"Antoni G\u00f3mez, presidente de Auren internacional, reelegido miembro del comit\u00e9 de peque\u00f1as y medianas firmas de IFAC - Auren Espa\u00f1a\" \/>\n<meta property=\"og:description\" content=\"Antoni G\u00f3mez Valverde, presidente de Auren internacional y de ANTEA (la Alianza de Firmas Independientes que impuls\u00f3 Auren), ha sido reelegido como miembro del comit\u00e9 de peque\u00f1as y medianas Firmas (SMP- Small and Medium Practices) del International Federation of Accountants (IFAC) para el periodo 2018-2020. El comit\u00e9, integrado por 17 miembros, representa los intereses de [&hellip;]\" \/>\n<meta property=\"og:url\" content=\"https:\/\/auren.com\/es\/noticias\/antoni-gomez-presidente-de-auren-internacional-reelegido-miembro-del-comite-de-pequenas-y-medianas-firmas-de-ifac\/\" \/>\n<meta property=\"og:site_name\" content=\"Auren\" \/>\n<meta property=\"og:image\" content=\"https:\/\/auren.com\/es\/wp-content\/uploads\/2017\/10\/antoni-gomez.png\" \/>\n\t<meta property=\"og:image:width\" content=\"501\" \/>\n\t<meta property=\"og:image:height\" content=\"507\" \/>\n\t<meta property=\"og:image:type\" content=\"image\/png\" \/>\n<meta name=\"twitter:card\" content=\"summary_large_image\" \/>\n<meta name=\"twitter:site\" content=\"@auren_spain\" \/>\n<meta name=\"twitter:label1\" content=\"Tiempo de lectura\" \/>\n\t<meta name=\"twitter:data1\" content=\"1 minuto\" \/>\n<script type=\"application\/ld+json\" class=\"yoast-schema-graph\">{\"@context\":\"https:\\\/\\\/schema.org\",\"@graph\":[{\"@type\":\"WebPage\",\"@id\":\"https:\\\/\\\/auren.com\\\/es\\\/noticias\\\/antoni-gomez-presidente-de-auren-internacional-reelegido-miembro-del-comite-de-pequenas-y-medianas-firmas-de-ifac\\\/\",\"url\":\"https:\\\/\\\/auren.com\\\/es\\\/noticias\\\/antoni-gomez-presidente-de-auren-internacional-reelegido-miembro-del-comite-de-pequenas-y-medianas-firmas-de-ifac\\\/\",\"name\":\"Antoni G\u00f3mez, presidente de Auren internacional, reelegido miembro del comit\u00e9 de peque\u00f1as y medianas firmas de IFAC - Auren Espa\u00f1a\",\"isPartOf\":{\"@id\":\"https:\\\/\\\/auren.com\\\/es\\\/#website\"},\"primaryImageOfPage\":{\"@id\":\"https:\\\/\\\/auren.com\\\/es\\\/noticias\\\/antoni-gomez-presidente-de-auren-internacional-reelegido-miembro-del-comite-de-pequenas-y-medianas-firmas-de-ifac\\\/#primaryimage\"},\"image\":{\"@id\":\"https:\\\/\\\/auren.com\\\/es\\\/noticias\\\/antoni-gomez-presidente-de-auren-internacional-reelegido-miembro-del-comite-de-pequenas-y-medianas-firmas-de-ifac\\\/#primaryimage\"},\"thumbnailUrl\":\"https:\\\/\\\/auren.com\\\/es\\\/wp-content\\\/uploads\\\/2017\\\/10\\\/antoni-gomez.png\",\"datePublished\":\"2017-10-03T07:01:59+00:00\",\"breadcrumb\":{\"@id\":\"https:\\\/\\\/auren.com\\\/es\\\/noticias\\\/antoni-gomez-presidente-de-auren-internacional-reelegido-miembro-del-comite-de-pequenas-y-medianas-firmas-de-ifac\\\/#breadcrumb\"},\"inLanguage\":\"es\",\"potentialAction\":[{\"@type\":\"ReadAction\",\"target\":[\"https:\\\/\\\/auren.com\\\/es\\\/noticias\\\/antoni-gomez-presidente-de-auren-internacional-reelegido-miembro-del-comite-de-pequenas-y-medianas-firmas-de-ifac\\\/\"]}]},{\"@type\":\"ImageObject\",\"inLanguage\":\"es\",\"@id\":\"https:\\\/\\\/auren.com\\\/es\\\/noticias\\\/antoni-gomez-presidente-de-auren-internacional-reelegido-miembro-del-comite-de-pequenas-y-medianas-firmas-de-ifac\\\/#primaryimage\",\"url\":\"https:\\\/\\\/auren.com\\\/es\\\/wp-content\\\/uploads\\\/2017\\\/10\\\/antoni-gomez.png\",\"contentUrl\":\"https:\\\/\\\/auren.com\\\/es\\\/wp-content\\\/uploads\\\/2017\\\/10\\\/antoni-gomez.png\",\"width\":501,\"height\":507},{\"@type\":\"BreadcrumbList\",\"@id\":\"https:\\\/\\\/auren.com\\\/es\\\/noticias\\\/antoni-gomez-presidente-de-auren-internacional-reelegido-miembro-del-comite-de-pequenas-y-medianas-firmas-de-ifac\\\/#breadcrumb\",\"itemListElement\":[{\"@type\":\"ListItem\",\"position\":1,\"name\":\"Portada\",\"item\":\"https:\\\/\\\/auren.com\\\/es\\\/\"},{\"@type\":\"ListItem\",\"position\":2,\"name\":\"Antoni G\u00f3mez, presidente de Auren internacional, reelegido miembro del comit\u00e9 de peque\u00f1as y medianas firmas de IFAC\"}]},{\"@type\":\"WebSite\",\"@id\":\"https:\\\/\\\/auren.com\\\/es\\\/#website\",\"url\":\"https:\\\/\\\/auren.com\\\/es\\\/\",\"name\":\"Auren\",\"description\":\"\",\"publisher\":{\"@id\":\"https:\\\/\\\/auren.com\\\/es\\\/#organization\"},\"alternateName\":\"Auren\",\"potentialAction\":[{\"@type\":\"SearchAction\",\"target\":{\"@type\":\"EntryPoint\",\"urlTemplate\":\"https:\\\/\\\/auren.com\\\/es\\\/?s={search_term_string}\"},\"query-input\":{\"@type\":\"PropertyValueSpecification\",\"valueRequired\":true,\"valueName\":\"search_term_string\"}}],\"inLanguage\":\"es\"},{\"@type\":\"Organization\",\"@id\":\"https:\\\/\\\/auren.com\\\/es\\\/#organization\",\"name\":\"Auren\",\"alternateName\":\"Auren\",\"url\":\"https:\\\/\\\/auren.com\\\/es\\\/\",\"logo\":{\"@type\":\"ImageObject\",\"inLanguage\":\"es\",\"@id\":\"https:\\\/\\\/auren.com\\\/es\\\/#\\\/schema\\\/logo\\\/image\\\/\",\"url\":\"https:\\\/\\\/auren.com\\\/es\\\/wp-content\\\/uploads\\\/2025\\\/01\\\/cropped-cropped-favicon-Auren.png\",\"contentUrl\":\"https:\\\/\\\/auren.com\\\/es\\\/wp-content\\\/uploads\\\/2025\\\/01\\\/cropped-cropped-favicon-Auren.png\",\"width\":512,\"height\":512,\"caption\":\"Auren\"},\"image\":{\"@id\":\"https:\\\/\\\/auren.com\\\/es\\\/#\\\/schema\\\/logo\\\/image\\\/\"},\"sameAs\":[\"https:\\\/\\\/x.com\\\/auren_spain\",\"https:\\\/\\\/www.linkedin.com\\\/company\\\/aurenspainserviciosprofesionales\",\"https:\\\/\\\/www.youtube.com\\\/@AurenEsp\",\"https:\\\/\\\/www.instagram.com\\\/auren_spain\"]}]}<\/script>\n<!-- \/ Yoast SEO plugin. -->","yoast_head_json":{"title":"Antoni G\u00f3mez, presidente de Auren internacional, reelegido miembro del comit\u00e9 de peque\u00f1as y medianas firmas de IFAC - Auren Espa\u00f1a","robots":{"index":"index","follow":"follow","max-snippet":"max-snippet:-1","max-image-preview":"max-image-preview:large","max-video-preview":"max-video-preview:-1"},"canonical":"https:\/\/auren.com\/es\/noticias\/antoni-gomez-presidente-de-auren-internacional-reelegido-miembro-del-comite-de-pequenas-y-medianas-firmas-de-ifac\/","og_locale":"es_ES","og_type":"article","og_title":"Antoni G\u00f3mez, presidente de Auren internacional, reelegido miembro del comit\u00e9 de peque\u00f1as y medianas firmas de IFAC - Auren Espa\u00f1a","og_description":"Antoni G\u00f3mez Valverde, presidente de Auren internacional y de ANTEA (la Alianza de Firmas Independientes que impuls\u00f3 Auren), ha sido reelegido como miembro del comit\u00e9 de peque\u00f1as y medianas Firmas (SMP- Small and Medium Practices) del International Federation of Accountants (IFAC) para el periodo 2018-2020. El comit\u00e9, integrado por 17 miembros, representa los intereses de [&hellip;]","og_url":"https:\/\/auren.com\/es\/noticias\/antoni-gomez-presidente-de-auren-internacional-reelegido-miembro-del-comite-de-pequenas-y-medianas-firmas-de-ifac\/","og_site_name":"Auren","og_image":[{"width":501,"height":507,"url":"https:\/\/auren.com\/es\/wp-content\/uploads\/2017\/10\/antoni-gomez.png","type":"image\/png"}],"twitter_card":"summary_large_image","twitter_site":"@auren_spain","twitter_misc":{"Tiempo de lectura":"1 minuto"},"schema":{"@context":"https:\/\/schema.org","@graph":[{"@type":"WebPage","@id":"https:\/\/auren.com\/es\/noticias\/antoni-gomez-presidente-de-auren-internacional-reelegido-miembro-del-comite-de-pequenas-y-medianas-firmas-de-ifac\/","url":"https:\/\/auren.com\/es\/noticias\/antoni-gomez-presidente-de-auren-internacional-reelegido-miembro-del-comite-de-pequenas-y-medianas-firmas-de-ifac\/","name":"Antoni G\u00f3mez, presidente de Auren internacional, reelegido miembro del comit\u00e9 de peque\u00f1as y medianas firmas de IFAC - Auren Espa\u00f1a","isPartOf":{"@id":"https:\/\/auren.com\/es\/#website"},"primaryImageOfPage":{"@id":"https:\/\/auren.com\/es\/noticias\/antoni-gomez-presidente-de-auren-internacional-reelegido-miembro-del-comite-de-pequenas-y-medianas-firmas-de-ifac\/#primaryimage"},"image":{"@id":"https:\/\/auren.com\/es\/noticias\/antoni-gomez-presidente-de-auren-internacional-reelegido-miembro-del-comite-de-pequenas-y-medianas-firmas-de-ifac\/#primaryimage"},"thumbnailUrl":"https:\/\/auren.com\/es\/wp-content\/uploads\/2017\/10\/antoni-gomez.png","datePublished":"2017-10-03T07:01:59+00:00","breadcrumb":{"@id":"https:\/\/auren.com\/es\/noticias\/antoni-gomez-presidente-de-auren-internacional-reelegido-miembro-del-comite-de-pequenas-y-medianas-firmas-de-ifac\/#breadcrumb"},"inLanguage":"es","potentialAction":[{"@type":"ReadAction","target":["https:\/\/auren.com\/es\/noticias\/antoni-gomez-presidente-de-auren-internacional-reelegido-miembro-del-comite-de-pequenas-y-medianas-firmas-de-ifac\/"]}]},{"@type":"ImageObject","inLanguage":"es","@id":"https:\/\/auren.com\/es\/noticias\/antoni-gomez-presidente-de-auren-internacional-reelegido-miembro-del-comite-de-pequenas-y-medianas-firmas-de-ifac\/#primaryimage","url":"https:\/\/auren.com\/es\/wp-content\/uploads\/2017\/10\/antoni-gomez.png","contentUrl":"https:\/\/auren.com\/es\/wp-content\/uploads\/2017\/10\/antoni-gomez.png","width":501,"height":507},{"@type":"BreadcrumbList","@id":"https:\/\/auren.com\/es\/noticias\/antoni-gomez-presidente-de-auren-internacional-reelegido-miembro-del-comite-de-pequenas-y-medianas-firmas-de-ifac\/#breadcrumb","itemListElement":[{"@type":"ListItem","position":1,"name":"Portada","item":"https:\/\/auren.com\/es\/"},{"@type":"ListItem","position":2,"name":"Antoni G\u00f3mez, presidente de Auren internacional, reelegido miembro del comit\u00e9 de peque\u00f1as y medianas firmas de IFAC"}]},{"@type":"WebSite","@id":"https:\/\/auren.com\/es\/#website","url":"https:\/\/auren.com\/es\/","name":"Auren","description":"","publisher":{"@id":"https:\/\/auren.com\/es\/#organization"},"alternateName":"Auren","potentialAction":[{"@type":"SearchAction","target":{"@type":"EntryPoint","urlTemplate":"https:\/\/auren.com\/es\/?s={search_term_string}"},"query-input":{"@type":"PropertyValueSpecification","valueRequired":true,"valueName":"search_term_string"}}],"inLanguage":"es"},{"@type":"Organization","@id":"https:\/\/auren.com\/es\/#organization","name":"Auren","alternateName":"Auren","url":"https:\/\/auren.com\/es\/","logo":{"@type":"ImageObject","inLanguage":"es","@id":"https:\/\/auren.com\/es\/#\/schema\/logo\/image\/","url":"https:\/\/auren.com\/es\/wp-content\/uploads\/2025\/01\/cropped-cropped-favicon-Auren.png","contentUrl":"https:\/\/auren.com\/es\/wp-content\/uploads\/2025\/01\/cropped-cropped-favicon-Auren.png","width":512,"height":512,"caption":"Auren"},"image":{"@id":"https:\/\/auren.com\/es\/#\/schema\/logo\/image\/"},"sameAs":["https:\/\/x.com\/auren_spain","https:\/\/www.linkedin.com\/company\/aurenspainserviciosprofesionales","https:\/\/www.youtube.com\/@AurenEsp","https:\/\/www.instagram.com\/auren_spain"]}]}},"_links":{"self":[{"href":"https:\/\/auren.com\/es\/wp-json\/wp\/v2\/new\/5848","targetHints":{"allow":["GET"]}}],"collection":[{"href":"https:\/\/auren.com\/es\/wp-json\/wp\/v2\/new"}],"about":[{"href":"https:\/\/auren.com\/es\/wp-json\/wp\/v2\/types\/new"}],"version-history":[{"count":0,"href":"https:\/\/auren.com\/es\/wp-json\/wp\/v2\/new\/5848\/revisions"}],"wp:featuredmedia":[{"embeddable":true,"href":"https:\/\/auren.com\/es\/wp-json\/wp\/v2\/media\/5849"}],"wp:attachment":[{"href":"https:\/\/auren.com\/es\/wp-json\/wp\/v2\/media?parent=5848"}],"wp:term":[{"taxonomy":"new-category","embeddable":true,"href":"https:\/\/auren.com\/es\/wp-json\/wp\/v2\/new-category?post=5848"}],"curies":[{"name":"wp","href":"https:\/\/api.w.org\/{rel}","templated":true}]}}