{"id":5863,"date":"2017-09-15T09:06:04","date_gmt":"2017-09-15T07:06:04","guid":{"rendered":"https:\/\/auren.com\/es\/new\/auren-colabora-en-la-semana-de-la-arquitectura-organizada-por-el-coam-tendra-lugar-del-29-de-septiembre-al-8-de-octubre\/"},"modified":"2017-09-15T09:06:04","modified_gmt":"2017-09-15T07:06:04","slug":"auren-colabora-en-la-semana-de-la-arquitectura-organizada-por-el-coam-tendra-lugar-del-29-de-septiembre-al-8-de-octubre","status":"publish","type":"new","link":"https:\/\/auren.com\/es\/noticias\/auren-colabora-en-la-semana-de-la-arquitectura-organizada-por-el-coam-tendra-lugar-del-29-de-septiembre-al-8-de-octubre\/","title":{"rendered":"Auren colabora en la Semana de la arquitectura organizada por el COAM. Tendr\u00e1 lugar del 29 de septiembre al 8 de octubre."},"content":{"rendered":"<p class=\"text-justify\">El COAM en colaboraci\u00f3n con el Ayuntamiento de Madrid y la Comunidad de Madrid, &nbsp;es el organizador de la Semana de la Arquitectura que esta edici\u00f3n propone como ciudad invitada a Par\u00eds, por lo que participar\u00e1n en su organizaci\u00f3n tambi\u00e9n la Embajada de Francia en Espa\u00f1a, El Institut Fran\u00e7ais y L\u2019Alliance fran\u00e7aise.<\/p>\n<p class=\"text-justify\">M\u00e1s de 200.000 personas participar\u00e1n en las actividades que tendr\u00e1n lugar durante esta semana.<\/p>\n<p class=\"text-justify\">M\u00e1s informaci\u00f3n pulsa <a href=\"http:\/\/www.esmadrid.com\/semanaarquitectura\/es\/pagina\/6\/patrocinadores\" target=\"_blank\" rel=\"noopener noreferrer\">AQU\u00cd<\/a><\/p>\n<p><!-- AddThis Advanced Settings generic via filter on the_content --><!-- AddThis Share Buttons generic via filter on the_content --><\/p>\n","protected":false},"excerpt":{"rendered":"<p>El COAM en colaboraci\u00f3n con el Ayuntamiento de Madrid y la Comunidad de Madrid, &nbsp;es el organizador de la Semana de la Arquitectura que esta edici\u00f3n propone como ciudad invitada a Par\u00eds, por lo que participar\u00e1n en su organizaci\u00f3n tambi\u00e9n la Embajada de Francia en Espa\u00f1a, El Institut Fran\u00e7ais y L\u2019Alliance fran\u00e7aise. M\u00e1s de 200.000 [&hellip;]<\/p>\n","protected":false},"featured_media":5864,"template":"","meta":{"_acf_changed":false,"footnotes":""},"new-category":[],"class_list":["post-5863","new","type-new","status-publish","has-post-thumbnail","hentry"],"acf":[],"yoast_head":"<!-- This site is optimized with the Yoast SEO plugin v27.5 - https:\/\/yoast.com\/product\/yoast-seo-wordpress\/ -->\n<title>Auren colabora en la Semana de la arquitectura organizada por el COAM. Tendr\u00e1 lugar del 29 de septiembre al 8 de octubre. - Auren Espa\u00f1a<\/title>\n<meta name=\"robots\" content=\"index, follow, max-snippet:-1, max-image-preview:large, max-video-preview:-1\" \/>\n<link rel=\"canonical\" href=\"https:\/\/auren.com\/es\/noticias\/auren-colabora-en-la-semana-de-la-arquitectura-organizada-por-el-coam-tendra-lugar-del-29-de-septiembre-al-8-de-octubre\/\" \/>\n<meta property=\"og:locale\" content=\"es_ES\" \/>\n<meta property=\"og:type\" content=\"article\" \/>\n<meta property=\"og:title\" content=\"Auren colabora en la Semana de la arquitectura organizada por el COAM. Tendr\u00e1 lugar del 29 de septiembre al 8 de octubre. - Auren Espa\u00f1a\" \/>\n<meta property=\"og:description\" content=\"El COAM en colaboraci\u00f3n con el Ayuntamiento de Madrid y la Comunidad de Madrid, &nbsp;es el organizador de la Semana de la Arquitectura que esta edici\u00f3n propone como ciudad invitada a Par\u00eds, por lo que participar\u00e1n en su organizaci\u00f3n tambi\u00e9n la Embajada de Francia en Espa\u00f1a, El Institut Fran\u00e7ais y L\u2019Alliance fran\u00e7aise. M\u00e1s de 200.000 [&hellip;]\" \/>\n<meta property=\"og:url\" content=\"https:\/\/auren.com\/es\/noticias\/auren-colabora-en-la-semana-de-la-arquitectura-organizada-por-el-coam-tendra-lugar-del-29-de-septiembre-al-8-de-octubre\/\" \/>\n<meta property=\"og:site_name\" content=\"Auren\" \/>\n<meta property=\"og:image\" content=\"https:\/\/auren.com\/es\/wp-content\/uploads\/2017\/09\/coam.jpg\" \/>\n\t<meta property=\"og:image:width\" content=\"350\" \/>\n\t<meta property=\"og:image:height\" content=\"174\" \/>\n\t<meta property=\"og:image:type\" content=\"image\/jpeg\" \/>\n<meta name=\"twitter:card\" content=\"summary_large_image\" \/>\n<meta name=\"twitter:site\" content=\"@auren_spain\" \/>\n<script type=\"application\/ld+json\" class=\"yoast-schema-graph\">{\"@context\":\"https:\\\/\\\/schema.org\",\"@graph\":[{\"@type\":\"WebPage\",\"@id\":\"https:\\\/\\\/auren.com\\\/es\\\/noticias\\\/auren-colabora-en-la-semana-de-la-arquitectura-organizada-por-el-coam-tendra-lugar-del-29-de-septiembre-al-8-de-octubre\\\/\",\"url\":\"https:\\\/\\\/auren.com\\\/es\\\/noticias\\\/auren-colabora-en-la-semana-de-la-arquitectura-organizada-por-el-coam-tendra-lugar-del-29-de-septiembre-al-8-de-octubre\\\/\",\"name\":\"Auren colabora en la Semana de la arquitectura organizada por el COAM. Tendr\u00e1 lugar del 29 de septiembre al 8 de octubre. - Auren Espa\u00f1a\",\"isPartOf\":{\"@id\":\"https:\\\/\\\/auren.com\\\/es\\\/#website\"},\"primaryImageOfPage\":{\"@id\":\"https:\\\/\\\/auren.com\\\/es\\\/noticias\\\/auren-colabora-en-la-semana-de-la-arquitectura-organizada-por-el-coam-tendra-lugar-del-29-de-septiembre-al-8-de-octubre\\\/#primaryimage\"},\"image\":{\"@id\":\"https:\\\/\\\/auren.com\\\/es\\\/noticias\\\/auren-colabora-en-la-semana-de-la-arquitectura-organizada-por-el-coam-tendra-lugar-del-29-de-septiembre-al-8-de-octubre\\\/#primaryimage\"},\"thumbnailUrl\":\"https:\\\/\\\/auren.com\\\/es\\\/wp-content\\\/uploads\\\/2017\\\/09\\\/coam.jpg\",\"datePublished\":\"2017-09-15T07:06:04+00:00\",\"breadcrumb\":{\"@id\":\"https:\\\/\\\/auren.com\\\/es\\\/noticias\\\/auren-colabora-en-la-semana-de-la-arquitectura-organizada-por-el-coam-tendra-lugar-del-29-de-septiembre-al-8-de-octubre\\\/#breadcrumb\"},\"inLanguage\":\"es\",\"potentialAction\":[{\"@type\":\"ReadAction\",\"target\":[\"https:\\\/\\\/auren.com\\\/es\\\/noticias\\\/auren-colabora-en-la-semana-de-la-arquitectura-organizada-por-el-coam-tendra-lugar-del-29-de-septiembre-al-8-de-octubre\\\/\"]}]},{\"@type\":\"ImageObject\",\"inLanguage\":\"es\",\"@id\":\"https:\\\/\\\/auren.com\\\/es\\\/noticias\\\/auren-colabora-en-la-semana-de-la-arquitectura-organizada-por-el-coam-tendra-lugar-del-29-de-septiembre-al-8-de-octubre\\\/#primaryimage\",\"url\":\"https:\\\/\\\/auren.com\\\/es\\\/wp-content\\\/uploads\\\/2017\\\/09\\\/coam.jpg\",\"contentUrl\":\"https:\\\/\\\/auren.com\\\/es\\\/wp-content\\\/uploads\\\/2017\\\/09\\\/coam.jpg\",\"width\":350,\"height\":174},{\"@type\":\"BreadcrumbList\",\"@id\":\"https:\\\/\\\/auren.com\\\/es\\\/noticias\\\/auren-colabora-en-la-semana-de-la-arquitectura-organizada-por-el-coam-tendra-lugar-del-29-de-septiembre-al-8-de-octubre\\\/#breadcrumb\",\"itemListElement\":[{\"@type\":\"ListItem\",\"position\":1,\"name\":\"Portada\",\"item\":\"https:\\\/\\\/auren.com\\\/es\\\/\"},{\"@type\":\"ListItem\",\"position\":2,\"name\":\"Auren colabora en la Semana de la arquitectura organizada por el COAM. Tendr\u00e1 lugar del 29 de septiembre al 8 de octubre.\"}]},{\"@type\":\"WebSite\",\"@id\":\"https:\\\/\\\/auren.com\\\/es\\\/#website\",\"url\":\"https:\\\/\\\/auren.com\\\/es\\\/\",\"name\":\"Auren\",\"description\":\"\",\"publisher\":{\"@id\":\"https:\\\/\\\/auren.com\\\/es\\\/#organization\"},\"alternateName\":\"Auren\",\"potentialAction\":[{\"@type\":\"SearchAction\",\"target\":{\"@type\":\"EntryPoint\",\"urlTemplate\":\"https:\\\/\\\/auren.com\\\/es\\\/?s={search_term_string}\"},\"query-input\":{\"@type\":\"PropertyValueSpecification\",\"valueRequired\":true,\"valueName\":\"search_term_string\"}}],\"inLanguage\":\"es\"},{\"@type\":\"Organization\",\"@id\":\"https:\\\/\\\/auren.com\\\/es\\\/#organization\",\"name\":\"Auren\",\"alternateName\":\"Auren\",\"url\":\"https:\\\/\\\/auren.com\\\/es\\\/\",\"logo\":{\"@type\":\"ImageObject\",\"inLanguage\":\"es\",\"@id\":\"https:\\\/\\\/auren.com\\\/es\\\/#\\\/schema\\\/logo\\\/image\\\/\",\"url\":\"https:\\\/\\\/auren.com\\\/es\\\/wp-content\\\/uploads\\\/2025\\\/01\\\/cropped-cropped-favicon-Auren.png\",\"contentUrl\":\"https:\\\/\\\/auren.com\\\/es\\\/wp-content\\\/uploads\\\/2025\\\/01\\\/cropped-cropped-favicon-Auren.png\",\"width\":512,\"height\":512,\"caption\":\"Auren\"},\"image\":{\"@id\":\"https:\\\/\\\/auren.com\\\/es\\\/#\\\/schema\\\/logo\\\/image\\\/\"},\"sameAs\":[\"https:\\\/\\\/x.com\\\/auren_spain\",\"https:\\\/\\\/www.linkedin.com\\\/company\\\/aurenspainserviciosprofesionales\",\"https:\\\/\\\/www.youtube.com\\\/@AurenEsp\",\"https:\\\/\\\/www.instagram.com\\\/auren_spain\"]}]}<\/script>\n<!-- \/ Yoast SEO plugin. -->","yoast_head_json":{"title":"Auren colabora en la Semana de la arquitectura organizada por el COAM. Tendr\u00e1 lugar del 29 de septiembre al 8 de octubre. - Auren Espa\u00f1a","robots":{"index":"index","follow":"follow","max-snippet":"max-snippet:-1","max-image-preview":"max-image-preview:large","max-video-preview":"max-video-preview:-1"},"canonical":"https:\/\/auren.com\/es\/noticias\/auren-colabora-en-la-semana-de-la-arquitectura-organizada-por-el-coam-tendra-lugar-del-29-de-septiembre-al-8-de-octubre\/","og_locale":"es_ES","og_type":"article","og_title":"Auren colabora en la Semana de la arquitectura organizada por el COAM. Tendr\u00e1 lugar del 29 de septiembre al 8 de octubre. - Auren Espa\u00f1a","og_description":"El COAM en colaboraci\u00f3n con el Ayuntamiento de Madrid y la Comunidad de Madrid, &nbsp;es el organizador de la Semana de la Arquitectura que esta edici\u00f3n propone como ciudad invitada a Par\u00eds, por lo que participar\u00e1n en su organizaci\u00f3n tambi\u00e9n la Embajada de Francia en Espa\u00f1a, El Institut Fran\u00e7ais y L\u2019Alliance fran\u00e7aise. M\u00e1s de 200.000 [&hellip;]","og_url":"https:\/\/auren.com\/es\/noticias\/auren-colabora-en-la-semana-de-la-arquitectura-organizada-por-el-coam-tendra-lugar-del-29-de-septiembre-al-8-de-octubre\/","og_site_name":"Auren","og_image":[{"width":350,"height":174,"url":"https:\/\/auren.com\/es\/wp-content\/uploads\/2017\/09\/coam.jpg","type":"image\/jpeg"}],"twitter_card":"summary_large_image","twitter_site":"@auren_spain","schema":{"@context":"https:\/\/schema.org","@graph":[{"@type":"WebPage","@id":"https:\/\/auren.com\/es\/noticias\/auren-colabora-en-la-semana-de-la-arquitectura-organizada-por-el-coam-tendra-lugar-del-29-de-septiembre-al-8-de-octubre\/","url":"https:\/\/auren.com\/es\/noticias\/auren-colabora-en-la-semana-de-la-arquitectura-organizada-por-el-coam-tendra-lugar-del-29-de-septiembre-al-8-de-octubre\/","name":"Auren colabora en la Semana de la arquitectura organizada por el COAM. Tendr\u00e1 lugar del 29 de septiembre al 8 de octubre. - Auren Espa\u00f1a","isPartOf":{"@id":"https:\/\/auren.com\/es\/#website"},"primaryImageOfPage":{"@id":"https:\/\/auren.com\/es\/noticias\/auren-colabora-en-la-semana-de-la-arquitectura-organizada-por-el-coam-tendra-lugar-del-29-de-septiembre-al-8-de-octubre\/#primaryimage"},"image":{"@id":"https:\/\/auren.com\/es\/noticias\/auren-colabora-en-la-semana-de-la-arquitectura-organizada-por-el-coam-tendra-lugar-del-29-de-septiembre-al-8-de-octubre\/#primaryimage"},"thumbnailUrl":"https:\/\/auren.com\/es\/wp-content\/uploads\/2017\/09\/coam.jpg","datePublished":"2017-09-15T07:06:04+00:00","breadcrumb":{"@id":"https:\/\/auren.com\/es\/noticias\/auren-colabora-en-la-semana-de-la-arquitectura-organizada-por-el-coam-tendra-lugar-del-29-de-septiembre-al-8-de-octubre\/#breadcrumb"},"inLanguage":"es","potentialAction":[{"@type":"ReadAction","target":["https:\/\/auren.com\/es\/noticias\/auren-colabora-en-la-semana-de-la-arquitectura-organizada-por-el-coam-tendra-lugar-del-29-de-septiembre-al-8-de-octubre\/"]}]},{"@type":"ImageObject","inLanguage":"es","@id":"https:\/\/auren.com\/es\/noticias\/auren-colabora-en-la-semana-de-la-arquitectura-organizada-por-el-coam-tendra-lugar-del-29-de-septiembre-al-8-de-octubre\/#primaryimage","url":"https:\/\/auren.com\/es\/wp-content\/uploads\/2017\/09\/coam.jpg","contentUrl":"https:\/\/auren.com\/es\/wp-content\/uploads\/2017\/09\/coam.jpg","width":350,"height":174},{"@type":"BreadcrumbList","@id":"https:\/\/auren.com\/es\/noticias\/auren-colabora-en-la-semana-de-la-arquitectura-organizada-por-el-coam-tendra-lugar-del-29-de-septiembre-al-8-de-octubre\/#breadcrumb","itemListElement":[{"@type":"ListItem","position":1,"name":"Portada","item":"https:\/\/auren.com\/es\/"},{"@type":"ListItem","position":2,"name":"Auren colabora en la Semana de la arquitectura organizada por el COAM. Tendr\u00e1 lugar del 29 de septiembre al 8 de octubre."}]},{"@type":"WebSite","@id":"https:\/\/auren.com\/es\/#website","url":"https:\/\/auren.com\/es\/","name":"Auren","description":"","publisher":{"@id":"https:\/\/auren.com\/es\/#organization"},"alternateName":"Auren","potentialAction":[{"@type":"SearchAction","target":{"@type":"EntryPoint","urlTemplate":"https:\/\/auren.com\/es\/?s={search_term_string}"},"query-input":{"@type":"PropertyValueSpecification","valueRequired":true,"valueName":"search_term_string"}}],"inLanguage":"es"},{"@type":"Organization","@id":"https:\/\/auren.com\/es\/#organization","name":"Auren","alternateName":"Auren","url":"https:\/\/auren.com\/es\/","logo":{"@type":"ImageObject","inLanguage":"es","@id":"https:\/\/auren.com\/es\/#\/schema\/logo\/image\/","url":"https:\/\/auren.com\/es\/wp-content\/uploads\/2025\/01\/cropped-cropped-favicon-Auren.png","contentUrl":"https:\/\/auren.com\/es\/wp-content\/uploads\/2025\/01\/cropped-cropped-favicon-Auren.png","width":512,"height":512,"caption":"Auren"},"image":{"@id":"https:\/\/auren.com\/es\/#\/schema\/logo\/image\/"},"sameAs":["https:\/\/x.com\/auren_spain","https:\/\/www.linkedin.com\/company\/aurenspainserviciosprofesionales","https:\/\/www.youtube.com\/@AurenEsp","https:\/\/www.instagram.com\/auren_spain"]}]}},"_links":{"self":[{"href":"https:\/\/auren.com\/es\/wp-json\/wp\/v2\/new\/5863","targetHints":{"allow":["GET"]}}],"collection":[{"href":"https:\/\/auren.com\/es\/wp-json\/wp\/v2\/new"}],"about":[{"href":"https:\/\/auren.com\/es\/wp-json\/wp\/v2\/types\/new"}],"version-history":[{"count":0,"href":"https:\/\/auren.com\/es\/wp-json\/wp\/v2\/new\/5863\/revisions"}],"wp:featuredmedia":[{"embeddable":true,"href":"https:\/\/auren.com\/es\/wp-json\/wp\/v2\/media\/5864"}],"wp:attachment":[{"href":"https:\/\/auren.com\/es\/wp-json\/wp\/v2\/media?parent=5863"}],"wp:term":[{"taxonomy":"new-category","embeddable":true,"href":"https:\/\/auren.com\/es\/wp-json\/wp\/v2\/new-category?post=5863"}],"curies":[{"name":"wp","href":"https:\/\/api.w.org\/{rel}","templated":true}]}}